{"id":9568,"date":"2025-01-08T13:31:00","date_gmt":"2025-01-08T12:31:00","guid":{"rendered":"https:\/\/www.bearnmadiran-tourisme.fr\/practice\/getting-here-around\/"},"modified":"2026-04-30T10:20:09","modified_gmt":"2026-04-30T08:20:09","slug":"getting-here-around","status":"publish","type":"page","link":"https:\/\/www.bearnmadiran-tourisme.fr\/en\/practice\/getting-here-around\/","title":{"rendered":"Getting here &amp; around"},"content":{"rendered":"\n<div class=\"wp-block-columns is-layout-flex wp-container-core-columns-is-layout-9d6595d7 wp-block-columns-is-layout-flex\">\n<div class=\"wp-block-column is-layout-flow wp-block-column-is-layout-flow\" style=\"flex-basis:40%\"><div class=\"highlight-bloc-container \" id=\"ts-block-67a0ed26bed34\"  >\n\t<div class=\"highlight-bloc-content\">\n\t\t<div class=\"acf-innerblocks-container\">\n\n<h2 class=\"wp-block-heading suptitle\">We&#8217;re waiting for you!<\/h2>\n\n<\/div>\t<\/div>\n<\/div>\n<\/div>\n\n\n\n<div class=\"wp-block-column is-layout-flow wp-block-column-is-layout-flow\" style=\"flex-basis:60%\">\n<p>Visiting us couldn&#8217;t be easier!<\/p>\n\n\n\n<p>By train, bus, bike, car, plane or on foot, all modes of transport bring you to Coteaux B\u00e9arn Madiran.<\/p>\n<\/div>\n<\/div>\n\n<section class=\"wp-block-group alignfull animated fadeIn slow is-style-map\"><div class=\"wp-block-group__inner-container is-layout-constrained wp-block-group-is-layout-constrained\">\n<h2 class=\"wp-block-heading has-text-align-center\">By car<\/h2>\n\n\n\n<p class=\"has-text-align-center is-style-center has-mauve-color has-text-color has-link-color has-medium-font-size wp-elements-043581a7450874924cfa00940c985e2f\">If you come by car, you&#8217;ll have a certain amount of autonomy to explore the area and its surroundings.  <\/p>\n\n\n\n<div class=\"wp-block-media-text is-stacked-on-mobile is-image-fill-element is-style-copyright\" style=\"grid-template-columns:40% auto\"><figure class=\"wp-block-media-text__media\"><img decoding=\"async\" width=\"1024\" height=\"823\" src=\"https:\/\/www.bearnmadiran-tourisme.fr\/wp-content\/uploads\/2025\/02\/2-voiture-copypixabay-1024x823.jpg\" alt=\"Itineraries for Madiran car tours\" class=\"wp-image-1456 size-full\" style=\"object-position:50% 50%\" srcset=\"https:\/\/www.bearnmadiran-tourisme.fr\/wp-content\/uploads\/2025\/02\/2-voiture-copypixabay-1024x823.jpg 1024w, https:\/\/www.bearnmadiran-tourisme.fr\/wp-content\/uploads\/2025\/02\/2-voiture-copypixabay-746x600.jpg 746w, https:\/\/www.bearnmadiran-tourisme.fr\/wp-content\/uploads\/2025\/02\/2-voiture-copypixabay-300x241.jpg 300w, https:\/\/www.bearnmadiran-tourisme.fr\/wp-content\/uploads\/2025\/02\/2-voiture-copypixabay-768x617.jpg 768w, https:\/\/www.bearnmadiran-tourisme.fr\/wp-content\/uploads\/2025\/02\/2-voiture-copypixabay-1536x1235.jpg 1536w, https:\/\/www.bearnmadiran-tourisme.fr\/wp-content\/uploads\/2025\/02\/2-voiture-copypixabay.jpg 2000w\" sizes=\"(max-width: 1024px) 100vw, 1024px\" \/><span class=\"image-credit\"><span class=\"copy-sign\">\u00a9<\/span><span class=\"copy-content\">Pixabay<\/span><\/span><\/figure><div class=\"wp-block-media-text__content\">\n<p>The region is served by 2 freeways:<\/p>\n\n\n\n<ul class=\"wp-block-list\">\n<li>A65 freeway, from Bordeaux: exit 8 Garlin Pyr\u00e9n\u00e9es, exit 9 Th\u00e8ze\/Morla\u00e0s.<\/li>\n\n\n\n<li>A64 freeway, Toulouse &#8211; Pau &#8211; Biarritz: exit 11 Soumoulou, exit 10 Pau center, exit 9.1 Lescar\/Pau ouest.<\/li>\n<\/ul>\n\n\n\n<p><strong><em>Carpooling is economical and friendly!  <\/em><\/strong><\/p>\n\n\n\n<p>Several car-sharing areas are available: Miossens-Lanusse, Morla\u00e0s, Nousty and Pontacq. These parking lots have been specially designed to make your journey easier, thanks to their ideal location close to all major traffic junctions. <\/p>\n\n\n\n<p>To carpool, go to :  <a href=\"https:\/\/www.blablacar.fr\/\" target=\"_blank\" rel=\"noreferrer noopener\"><strong><em>Blablacar<\/em><\/strong><\/a><strong><em>,  <\/em><\/strong><a href=\"https:\/\/www.klaxit.com\/\" target=\"_blank\" rel=\"noreferrer noopener\"><strong><em>Klaxit<\/em><\/strong><\/a><strong><em>,  <\/em><\/strong><a href=\"https:\/\/www.karos.fr\/\" target=\"_blank\" rel=\"noreferrer noopener\"><strong><em>Karos  <\/em><\/strong><\/a><strong><em>and  <\/em><\/strong><a href=\"https:\/\/www.mobicoop.fr\/\" target=\"_blank\" rel=\"noreferrer noopener\"><strong><em>Mobicoop<\/em><\/strong><\/a><strong><em>.<\/em><\/strong><\/p>\n\n\n\n<div class=\"wp-block-buttons is-layout-flex wp-block-buttons-is-layout-flex\">\n<div class=\"wp-block-button\"><a class=\"wp-block-button__link wp-element-button\" href=\"https:\/\/le64.fr\/covoiturer-pour-partager-plus-quun-trajet\" target=\"_blank\" rel=\"noreferrer noopener\">Discover carpooling areas in 64<\/a><\/div>\n<\/div>\n<\/div><\/div>\n\n\n\n<div style=\"height:50px\" aria-hidden=\"true\" class=\"wp-block-spacer\"><\/div>\n\n\n\n<div class=\"wp-block-media-text has-media-on-the-right is-stacked-on-mobile is-image-fill-element is-style-copyright has-mauve-light-background-color has-background\" style=\"grid-template-columns:auto 30%\"><div class=\"wp-block-media-text__content\">\n<h3 class=\"wp-block-heading has-mauve-color has-text-color has-link-color has-medium-font-size wp-elements-8d22189ca41133cb7856d2b75e532243\">Electric vehicle charging stations<\/h3>\n\n\n\n<div class=\"wp-block-columns is-layout-flex wp-container-core-columns-is-layout-9d6595d7 wp-block-columns-is-layout-flex\">\n<div class=\"wp-block-column is-layout-flow wp-block-column-is-layout-flow\">\n<ul class=\"wp-block-list\">\n<li><strong>Arzacq <\/strong>: place du Marcadieu<\/li>\n\n\n\n<li><strong>Crouseilles <\/strong>: Ch\u00e2teau de Crouseilles<\/li>\n\n\n\n<li><strong>Espoey <\/strong>: Route de Lourdes (tennis)<\/li>\n\n\n\n<li><strong>Garlin <\/strong>: Place du Marcadieu<\/li>\n\n\n\n<li><strong>Ger <\/strong>: Multi-purpose hall parking lot<\/li>\n\n\n\n<li><strong>Lembeye <\/strong>: Place du Marcadieu<\/li>\n\n\n\n<li><strong>Mazerolles <\/strong>: Route d&#8217;Arzacq<\/li>\n\n\n\n<li><strong>Montardon <\/strong>: Chemin Lanots<\/li>\n<\/ul>\n<\/div>\n\n\n\n<div class=\"wp-block-column is-layout-flow wp-block-column-is-layout-flow\">\n<ul class=\"wp-block-list\">\n<li><strong>Morla\u00e0s <\/strong>: Place de la Tour<\/li>\n\n\n\n<li><strong>Morla\u00e0s <\/strong>: Rue Saint-Exup\u00e9ry<\/li>\n\n\n\n<li><strong>Navailles-Angos<\/strong>: Rue du Bourg<\/li>\n\n\n\n<li><strong>Pontacq <\/strong>: Rue du stade<\/li>\n\n\n\n<li><strong>Saint-Castin<\/strong>: Route de Maucor<\/li>\n\n\n\n<li><strong>Sauvagnon <\/strong>: Place du champ de Foire<\/li>\n\n\n\n<li><strong>Serres-Castet <\/strong>: Chemin de Liben<\/li>\n\n\n\n<li><strong>Soumoulou <\/strong>: RD817 Place de la mairie<\/li>\n<\/ul>\n<\/div>\n<\/div>\n\n\n\n<p><a href=\"https:\/\/fr.chargemap.com\/map\" target=\"_blank\" rel=\"noreferrer noopener\">https:\/\/fr.chargemap.com\/map<\/a><\/p>\n<\/div><figure class=\"wp-block-media-text__media\"><img decoding=\"async\" width=\"1024\" height=\"682\" src=\"https:\/\/www.bearnmadiran-tourisme.fr\/wp-content\/uploads\/2025\/02\/3-borne-de-recharge-voiture-elec-copypixabay-1024x682.jpg\" alt=\"electric car charging\" class=\"wp-image-1458 size-full\" style=\"object-position:50% 50%\" srcset=\"https:\/\/www.bearnmadiran-tourisme.fr\/wp-content\/uploads\/2025\/02\/3-borne-de-recharge-voiture-elec-copypixabay-1024x682.jpg 1024w, https:\/\/www.bearnmadiran-tourisme.fr\/wp-content\/uploads\/2025\/02\/3-borne-de-recharge-voiture-elec-copypixabay-800x533.jpg 800w, https:\/\/www.bearnmadiran-tourisme.fr\/wp-content\/uploads\/2025\/02\/3-borne-de-recharge-voiture-elec-copypixabay-300x200.jpg 300w, https:\/\/www.bearnmadiran-tourisme.fr\/wp-content\/uploads\/2025\/02\/3-borne-de-recharge-voiture-elec-copypixabay-768x512.jpg 768w, https:\/\/www.bearnmadiran-tourisme.fr\/wp-content\/uploads\/2025\/02\/3-borne-de-recharge-voiture-elec-copypixabay-1536x1024.jpg 1536w, https:\/\/www.bearnmadiran-tourisme.fr\/wp-content\/uploads\/2025\/02\/3-borne-de-recharge-voiture-elec-copypixabay.jpg 2000w\" sizes=\"(max-width: 1024px) 100vw, 1024px\" \/><span class=\"image-credit\"><span class=\"copy-sign\">\u00a9<\/span><span class=\"copy-content\">Pixabay<\/span><\/span><\/figure><\/div>\n<\/div><\/section>\n\n<section class=\"wp-block-group alignfull animated fadeIn slow has-white-color has-mauve-background-color has-text-color has-background has-link-color wp-elements-d92b804a88a7c4423ff385f37e48bd1a\"><div class=\"wp-block-group__inner-container is-layout-constrained wp-block-group-is-layout-constrained\">\n<div class=\"wp-block-media-text is-stacked-on-mobile is-image-fill-element is-style-copyright\" style=\"grid-template-columns:40% auto\"><figure class=\"wp-block-media-text__media\"><img decoding=\"async\" width=\"1024\" height=\"779\" src=\"https:\/\/www.bearnmadiran-tourisme.fr\/wp-content\/uploads\/2025\/02\/4-train-copypixabay-1024x779.jpg\" alt=\"come and go Madiran tourism train station\" class=\"wp-image-1471 size-full\" style=\"object-position:50% 50%\" srcset=\"https:\/\/www.bearnmadiran-tourisme.fr\/wp-content\/uploads\/2025\/02\/4-train-copypixabay-1024x779.jpg 1024w, https:\/\/www.bearnmadiran-tourisme.fr\/wp-content\/uploads\/2025\/02\/4-train-copypixabay-789x600.jpg 789w, https:\/\/www.bearnmadiran-tourisme.fr\/wp-content\/uploads\/2025\/02\/4-train-copypixabay-300x228.jpg 300w, https:\/\/www.bearnmadiran-tourisme.fr\/wp-content\/uploads\/2025\/02\/4-train-copypixabay-768x584.jpg 768w, https:\/\/www.bearnmadiran-tourisme.fr\/wp-content\/uploads\/2025\/02\/4-train-copypixabay-1536x1168.jpg 1536w, https:\/\/www.bearnmadiran-tourisme.fr\/wp-content\/uploads\/2025\/02\/4-train-copypixabay.jpg 2000w\" sizes=\"(max-width: 1024px) 100vw, 1024px\" \/><span class=\"image-credit\"><span class=\"copy-sign\">\u00a9<\/span><span class=\"copy-content\">Pixabay<\/span><\/span><\/figure><div class=\"wp-block-media-text__content\">\n<h2 class=\"wp-block-heading has-white-color has-text-color has-link-color wp-elements-819e56ceeb7eab3b18fa41d383040269\">By train<\/h2>\n\n\n\n<p class=\"has-text-align-left is-style-default has-white-color has-text-color has-link-color has-medium-font-size wp-elements-8a69bc38c6f38a098ac55d5682b52bcf\">The train is the most environmentally-friendly solution for responsible travel.<\/p>\n\n\n\n<div style=\"height:25px\" aria-hidden=\"true\" class=\"wp-block-spacer\"><\/div>\n\n\n\n<div class=\"wp-block-columns is-layout-flex wp-container-core-columns-is-layout-9d6595d7 wp-block-columns-is-layout-flex\">\n<div class=\"wp-block-column is-layout-flow wp-block-column-is-layout-flow\">\n<h3 class=\"wp-block-heading has-white-color has-text-color has-link-color has-medium-font-size wp-elements-ada9b68f04a539f8d142b204e7a34b5c\">Pau station<\/h3>\n\n\n\n<p>Avenue Jean Biray<br\/>64000 PAU<\/p>\n<\/div>\n\n\n\n<div class=\"wp-block-column is-layout-flow wp-block-column-is-layout-flow\">\n<h3 class=\"wp-block-heading has-white-color has-text-color has-link-color has-medium-font-size wp-elements-9d66580e4b3e3daab8fcef688128073f\">Tarbes station<\/h3>\n\n\n\n<p>25 avenue du Mar\u00e9chal Joffre<br\/>65000 TARBES<\/p>\n<\/div>\n<\/div>\n\n\n\n<p><strong>More info: <\/strong>the Pau\/Morla\u00e0s bus (line 9) stops at the station. Other buses serving the region are accessible from the town center. <\/p>\n\n\n\n<div style=\"height:25px\" aria-hidden=\"true\" class=\"wp-block-spacer\"><\/div>\n\n\n\n<div class=\"wp-block-group is-content-justification-space-between is-layout-flex wp-container-core-group-is-layout-e3bc7287 wp-block-group-is-layout-flex\">\n<p>Tel: 36 35<\/p>\n\n\n\n<div class=\"wp-block-buttons mt-0 is-content-justification-right is-layout-flex wp-container-core-buttons-is-layout-765c4724 wp-block-buttons-is-layout-flex\">\n<div class=\"wp-block-button\"><a class=\"wp-block-button__link has-mauve-color has-white-background-color has-text-color has-background has-link-color wp-element-button\" href=\"https:\/\/www.sncf-connect.com\" target=\"_blank\" rel=\"noreferrer noopener\">Book your train ticket<\/a><\/div>\n<\/div>\n<\/div>\n<\/div><\/div>\n<\/div><\/section>\n\n<section class=\"wp-block-group animated fadeIn slow\"><div class=\"wp-block-group__inner-container is-layout-constrained wp-block-group-is-layout-constrained\">\n<h2 class=\"wp-block-heading has-text-align-center is-style-separator has-mauve-color has-text-color has-link-color wp-elements-57213a3b0372ff40bd08789e83443429\">By plane<\/h2>\n\n\n\n<div class=\"wp-block-media-text has-media-on-the-right is-stacked-on-mobile is-image-fill-element is-style-copyright has-mauve-light-background-color has-background\" style=\"grid-template-columns:auto 55%\"><div class=\"wp-block-media-text__content\">\n<h3 class=\"wp-block-heading has-medium-font-size\">Pau-Pyrenees Airport<\/h3>\n\n\n\n<p>64230 UZEIN<br\/>Tel: +33 (0)5 59 33 33 00<br\/>@: contact@pau.aeroport.fr<br\/>Website: <a href=\"http:\/\/www.pau.aeroport.fr\/\" target=\"_blank\" rel=\"noreferrer noopener\">www.pau.aeroport.fr<\/a><\/p>\n\n\n\n<p><strong>More info : <\/strong>Idelis bus line 17 links the airport to downtown Pau.  <\/p>\n\n\n\n<div style=\"height:25px\" aria-hidden=\"true\" class=\"wp-block-spacer\"><\/div>\n\n\n\n<h3 class=\"wp-block-heading has-medium-font-size\">Tarbes-Lourdes-Pyr\u00e9n\u00e9es airport  <\/h3>\n\n\n\n<p>BP 3 &#8211; 65290 JUILLAN<br\/>Tel: +33 (0)5 62 32 92 22<br\/>@: contact@tlp.aeroport.fr<br\/>Website <em>: <\/em><a href=\"http:\/\/www.tlp.aeroport.fr\/\" target=\"_blank\" rel=\"noreferrer noopener\">www.tlp.aeroport.fr<\/a><\/p>\n<\/div><figure class=\"wp-block-media-text__media\"><img decoding=\"async\" width=\"1024\" height=\"720\" src=\"https:\/\/www.bearnmadiran-tourisme.fr\/wp-content\/uploads\/2025\/02\/5-avion-copypixabay-1024x720.jpg\" alt=\"come and go Madiran tourism plane airport\" class=\"wp-image-1479 size-full\" style=\"object-position:50% 50%\" srcset=\"https:\/\/www.bearnmadiran-tourisme.fr\/wp-content\/uploads\/2025\/02\/5-avion-copypixabay-1024x720.jpg 1024w, https:\/\/www.bearnmadiran-tourisme.fr\/wp-content\/uploads\/2025\/02\/5-avion-copypixabay-800x562.jpg 800w, https:\/\/www.bearnmadiran-tourisme.fr\/wp-content\/uploads\/2025\/02\/5-avion-copypixabay-300x211.jpg 300w, https:\/\/www.bearnmadiran-tourisme.fr\/wp-content\/uploads\/2025\/02\/5-avion-copypixabay-768x540.jpg 768w, https:\/\/www.bearnmadiran-tourisme.fr\/wp-content\/uploads\/2025\/02\/5-avion-copypixabay-1536x1080.jpg 1536w, https:\/\/www.bearnmadiran-tourisme.fr\/wp-content\/uploads\/2025\/02\/5-avion-copypixabay.jpg 2000w\" sizes=\"(max-width: 1024px) 100vw, 1024px\" \/><span class=\"image-credit\"><span class=\"copy-sign\">\u00a9<\/span><span class=\"copy-content\">Pixabay<\/span><\/span><\/figure><\/div>\n<\/div><\/section>\n\n<section class=\"wp-block-group\"><div class=\"wp-block-group__inner-container is-layout-constrained wp-block-group-is-layout-constrained\">\n<h2 class=\"wp-block-heading has-text-align-center is-style-separator has-mauve-color has-text-color has-link-color wp-elements-eccb784046f481d0dfd4ae9fa56ec83d\">By bus<\/h2>\n\n\n\n<p class=\"has-text-align-center is-style-center has-mauve-color has-text-color has-link-color has-medium-font-size wp-elements-610ab8a7fedc2af3040d172734c77c94\">The bus is also a practical and economical option.<\/p>\n\n\n\n<p class=\"has-text-align-center is-style-center\">Several lines serve the area and downtown Pau.<\/p>\n\n\n\n<div class=\"wp-block-media-text is-stacked-on-mobile is-image-fill-element is-style-copyright\" style=\"grid-template-columns:55% auto\"><figure class=\"wp-block-media-text__media\"><img decoding=\"async\" width=\"1024\" height=\"682\" src=\"https:\/\/www.bearnmadiran-tourisme.fr\/wp-content\/uploads\/2025\/02\/6-bus-copypixabay-1024x682.jpg\" alt=\"come and go Madiran tourism bus route\" class=\"wp-image-1496 size-full\" style=\"object-position:50% 50%\" srcset=\"https:\/\/www.bearnmadiran-tourisme.fr\/wp-content\/uploads\/2025\/02\/6-bus-copypixabay-1024x682.jpg 1024w, https:\/\/www.bearnmadiran-tourisme.fr\/wp-content\/uploads\/2025\/02\/6-bus-copypixabay-800x533.jpg 800w, https:\/\/www.bearnmadiran-tourisme.fr\/wp-content\/uploads\/2025\/02\/6-bus-copypixabay-300x200.jpg 300w, https:\/\/www.bearnmadiran-tourisme.fr\/wp-content\/uploads\/2025\/02\/6-bus-copypixabay-768x512.jpg 768w, https:\/\/www.bearnmadiran-tourisme.fr\/wp-content\/uploads\/2025\/02\/6-bus-copypixabay-1536x1024.jpg 1536w, https:\/\/www.bearnmadiran-tourisme.fr\/wp-content\/uploads\/2025\/02\/6-bus-copypixabay.jpg 2000w\" sizes=\"(max-width: 1024px) 100vw, 1024px\" \/><span class=\"image-credit\"><span class=\"copy-sign\">\u00a9<\/span><span class=\"copy-content\">Pixabay<\/span><\/span><\/figure><div class=\"wp-block-media-text__content\">\n<ul class=\"wp-block-list\">\n<li class=\"is-style-list-pdf\"><a href=\"https:\/\/www.bearnmadiran-tourisme.fr\/wp-content\/uploads\/2026\/01\/ligne-532-pau-crouseilles-du-1er-septembre-2025-au-31-aout-2026.pdf\" data-type=\"link\" data-id=\"https:\/\/www.bearnmadiran-tourisme.fr\/wp-content\/uploads\/2026\/01\/ligne-532-pau-crouseilles-du-1er-septembre-2025-au-31-aout-2026.pdf\" target=\"_blank\" rel=\"noreferrer noopener\">Pau \/ Lembeye \/ Crouseilles &#8211; Route 532<\/a><\/li>\n\n\n\n<li class=\"is-style-list-pdf\"><a href=\"https:\/\/www.bearnmadiran-tourisme.fr\/wp-content\/uploads\/2025\/09\/ligne-531-fiche-horaire-cars-regionaux-pau-garlin-aire-sur-ladour-du-1er-septembre-2025-au-31-aout-2026.pdf\" data-type=\"link\" data-id=\"https:\/\/www.bearnmadiran-tourisme.fr\/wp-content\/uploads\/2025\/09\/ligne-531-fiche-horaire-cars-regionaux-pau-garlin-aire-sur-ladour-du-1er-septembre-2025-au-31-aout-2026.pdf\" target=\"_blank\" rel=\"noreferrer noopener\">Pau \/ Garlin \/Agen &#8211; Route 531<\/a><\/li>\n\n\n\n<li class=\"is-style-list-pdf\"><a href=\"https:\/\/www.bearnmadiran-tourisme.fr\/wp-content\/uploads\/2025\/09\/ligne-530-fiche-horaire-cars-regionauxmont-de-marsan-garlin-pau-du-1er-septembre-2025-au-31-aout-2026.pdf\" data-type=\"link\" data-id=\"https:\/\/www.bearnmadiran-tourisme.fr\/wp-content\/uploads\/2025\/09\/ligne-530-fiche-horaire-cars-regionauxmont-de-marsan-garlin-pau-du-1er-septembre-2025-au-31-aout-2026.pdf\" target=\"_blank\" rel=\"noreferrer noopener\">Pau \/ Garlin \/ Mont-de-Marsan &#8211; Route 530<\/a><\/li>\n\n\n\n<li class=\"is-style-list-pdf\"><a href=\"https:\/\/www.bearnmadiran-tourisme.fr\/wp-content\/uploads\/2025\/09\/ligne-533-fiche-horaire-cars-regionaux-pau-pontacq-du-1er-septembre-2025-au-31-aout-2026.pdf\" data-type=\"link\" data-id=\"https:\/\/www.bearnmadiran-tourisme.fr\/wp-content\/uploads\/2025\/09\/ligne-533-fiche-horaire-cars-regionaux-pau-pontacq-du-1er-septembre-2025-au-31-aout-2026.pdf\" target=\"_blank\" rel=\"noreferrer noopener\">Pau \/ Pontacq &#8211; Route 533  <\/a><\/li>\n\n\n\n<li class=\"is-style-list-pdf\"><a href=\"https:\/\/www.bearnmadiran-tourisme.fr\/wp-content\/uploads\/2025\/09\/ligne-6-pau-serres-castet-du-1er-septembre-2025-au-4-juillet-2026.pdf\" data-type=\"link\" data-id=\"https:\/\/www.bearnmadiran-tourisme.fr\/wp-content\/uploads\/2025\/09\/ligne-6-pau-serres-castet-du-1er-septembre-2025-au-4-juillet-2026.pdf\" target=\"_blank\" rel=\"noreferrer noopener\">Pau \/ Serres-Castet &#8211; Line 6<\/a><\/li>\n\n\n\n<li class=\"is-style-list-pdf\"><a href=\"https:\/\/www.bearnmadiran-tourisme.fr\/wp-content\/uploads\/2025\/09\/ligne-9-pau-morlaas-du-1er-septembre-2025-au-4-juillet-2026.pdf\" data-type=\"link\" data-id=\"https:\/\/www.bearnmadiran-tourisme.fr\/wp-content\/uploads\/2025\/09\/ligne-9-pau-morlaas-du-1er-septembre-2025-au-4-juillet-2026.pdf\" target=\"_blank\" rel=\"noreferrer noopener\">Pau \/ Morla\u00e0s &#8211; Line 9<\/a><br\/><strong>Infos + :<\/strong> stop at Pau station and pass in front of the carpooling area.<\/li>\n\n\n\n<li class=\"is-style-list-pdf\"><a href=\"https:\/\/www.bearnmadiran-tourisme.fr\/wp-content\/uploads\/2025\/09\/ligne-10-pau-sauvagnon-du-1er-septembre-2025-au-4-juillet-2026.pdf\" data-type=\"link\" data-id=\"https:\/\/www.bearnmadiran-tourisme.fr\/wp-content\/uploads\/2025\/09\/ligne-10-pau-sauvagnon-du-1er-septembre-2025-au-4-juillet-2026.pdf\" target=\"_blank\" rel=\"noreferrer noopener\">Pau \/ Sauvagnon &#8211; Line 10<\/a><\/li>\n<\/ul>\n<\/div><\/div>\n<\/div><\/section>\n\n<section class=\"wp-block-group animated fadeIn slow\"><div class=\"wp-block-group__inner-container is-layout-constrained wp-block-group-is-layout-constrained\">\n<h2 class=\"wp-block-heading has-text-align-center is-style-separator\">By cab<\/h2>\n\n\n\n<div class=\"wp-block-media-text has-media-on-the-right is-stacked-on-mobile is-image-fill-element is-style-copyright has-mauve-light-background-color has-background\" style=\"grid-template-columns:auto 40%\"><div class=\"wp-block-media-text__content\">\n<ul class=\"wp-block-list\">\n<li><strong>Arzacq-Arraziguet<\/strong> &#8211; Taxi Estanguet : +33 (0)5 59 04 51 45<\/li>\n\n\n\n<li><strong>Corb\u00e8re-Ab\u00e8res<\/strong> &#8211; Taxi Taxi o&#8217; : +33 (0)6 07 16 86 26<\/li>\n\n\n\n<li><strong>Garlin <\/strong>&#8211; Taxi Garlin : +33 (0)6 98 31 81 56<\/li>\n\n\n\n<li><strong>Gayon <\/strong>&#8211; AAA Taxi Franck Lambelin : +33 (0)6 41 04 38 14<\/li>\n\n\n\n<li><strong>Ger <\/strong>&#8211; Taxi Victor Betbeder: +33 (0)5 62 31 52 11<\/li>\n\n\n\n<li><strong>M\u00e9racq <\/strong>&#8211; TAXI Jim : +33 (0)7 82 28 25 63<\/li>\n\n\n\n<li><strong>Monassut-Audiracq<\/strong> &#8211; Taxi Tisne : +33 (0)6 63 99 03 83<\/li>\n\n\n\n<li><strong>Morla\u00e0s <\/strong>&#8211; Darthous Taxi: +33 (0)6 07 22 92 33  <\/li>\n\n\n\n<li><strong>Pontacq <\/strong>&#8211; Taxis Pontacq : Taxi Betty Deconinck : +33 (0)6 80 20 68 10<\/li>\n\n\n\n<li><strong>Ribarrouy <\/strong>&#8211; Taxi MONDEILH : +33 (0)5 59 33 23 70 \/ +33 (0)6 08 51 12 21<\/li>\n\n\n\n<li><strong>Saint-Castin<\/strong> &#8211; Froute Serge Taxi: +33 (0)6 08 94 66 15<\/li>\n\n\n\n<li><strong>Saint-Jean-Poudge<\/strong> &#8211; Taxi du Vic-Bilh: +33 (0)6 12 69 43 31<\/li>\n\n\n\n<li><strong>Sauvagnon <\/strong>&#8211; Taxi Lafontaine : +33 (0)6 05 42 24 22<\/li>\n\n\n\n<li><strong>Sauvagnon <\/strong>&#8211; Taxi Philippe : +33 (0)6 85 13 89 44  <\/li>\n\n\n\n<li><strong>Sendets <\/strong>&#8211; Taxis de L&#8217;Oussere : +33 (0)6 67 21 33 33<\/li>\n<\/ul>\n<\/div><figure class=\"wp-block-media-text__media\"><img decoding=\"async\" width=\"1024\" height=\"682\" src=\"https:\/\/www.bearnmadiran-tourisme.fr\/wp-content\/uploads\/2025\/02\/7-taxi-copypixabay-1024x682.jpg\" alt=\"come and go tourism Madiran road cab\" class=\"wp-image-1529 size-full\" style=\"object-position:50% 50%\" srcset=\"https:\/\/www.bearnmadiran-tourisme.fr\/wp-content\/uploads\/2025\/02\/7-taxi-copypixabay-1024x682.jpg 1024w, https:\/\/www.bearnmadiran-tourisme.fr\/wp-content\/uploads\/2025\/02\/7-taxi-copypixabay-800x533.jpg 800w, https:\/\/www.bearnmadiran-tourisme.fr\/wp-content\/uploads\/2025\/02\/7-taxi-copypixabay-300x200.jpg 300w, https:\/\/www.bearnmadiran-tourisme.fr\/wp-content\/uploads\/2025\/02\/7-taxi-copypixabay-768x512.jpg 768w, https:\/\/www.bearnmadiran-tourisme.fr\/wp-content\/uploads\/2025\/02\/7-taxi-copypixabay-1536x1024.jpg 1536w, https:\/\/www.bearnmadiran-tourisme.fr\/wp-content\/uploads\/2025\/02\/7-taxi-copypixabay.jpg 2000w\" sizes=\"(max-width: 1024px) 100vw, 1024px\" \/><span class=\"image-credit\"><span class=\"copy-sign\">\u00a9<\/span><span class=\"copy-content\">Pixabay<\/span><\/span><\/figure><\/div>\n<\/div><\/section>\n\n<section class=\"wp-block-group alignfull animated fadeIn slow\"><div class=\"wp-block-group__inner-container is-layout-constrained wp-block-group-is-layout-constrained\">\n<h2 class=\"wp-block-heading has-text-align-center is-style-separator\">On foot<\/h2>\n\n\n\n<div class=\"wp-block-media-text is-stacked-on-mobile is-vertically-aligned-top is-image-fill-element is-style-copyright has-white-color has-mauve-background-color has-text-color has-background has-link-color wp-elements-aa164fd82accefb0f5aad035dd1e2b5d\" style=\"grid-template-columns:55% auto\"><figure class=\"wp-block-media-text__media\"><img decoding=\"async\" width=\"1024\" height=\"769\" src=\"https:\/\/www.bearnmadiran-tourisme.fr\/wp-content\/uploads\/2025\/02\/8-arzacq-credit-pascal-le-doare-studio-764-1024x769.jpg\" alt=\"Chemin Compostelle pedestrian come go tourism Madiran\" class=\"wp-image-1536 size-full\" style=\"object-position:50% 50%\" srcset=\"https:\/\/www.bearnmadiran-tourisme.fr\/wp-content\/uploads\/2025\/02\/8-arzacq-credit-pascal-le-doare-studio-764-1024x769.jpg 1024w, https:\/\/www.bearnmadiran-tourisme.fr\/wp-content\/uploads\/2025\/02\/8-arzacq-credit-pascal-le-doare-studio-764-800x600.jpg 800w, https:\/\/www.bearnmadiran-tourisme.fr\/wp-content\/uploads\/2025\/02\/8-arzacq-credit-pascal-le-doare-studio-764-300x225.jpg 300w, https:\/\/www.bearnmadiran-tourisme.fr\/wp-content\/uploads\/2025\/02\/8-arzacq-credit-pascal-le-doare-studio-764-768x577.jpg 768w, https:\/\/www.bearnmadiran-tourisme.fr\/wp-content\/uploads\/2025\/02\/8-arzacq-credit-pascal-le-doare-studio-764-1536x1154.jpg 1536w, https:\/\/www.bearnmadiran-tourisme.fr\/wp-content\/uploads\/2025\/02\/8-arzacq-credit-pascal-le-doare-studio-764.jpg 2000w\" sizes=\"(max-width: 1024px) 100vw, 1024px\" \/><span class=\"image-credit\"><span class=\"copy-sign\">\u00a9<\/span><span class=\"copy-content\">Studio 764 \u2013 P. Le Doar\u00e9<\/span><\/span><\/figure><div class=\"wp-block-media-text__content\">\n<p class=\"has-text-align-left is-style-default has-white-color has-text-color has-link-color has-medium-font-size wp-elements-e88ed2e10373b6b68907bd98fd121826\">This mode of transport is economical, environmentally friendly and good for your health.<\/p>\n\n\n\n<p>The region is crossed by 2 <a href=\"https:\/\/www.bearnmadiran-tourisme.fr\/en\/discover\/playground-recreation-area\/on-the-roads-to-santiago-de-compostela\/\">routes to Santiago de Compostela<\/a>: the Route d&#8217;Arles and the Route du Puy-en-Velay.<\/p>\n\n\n\n<p>Walking is a different, more respectful way of discovering the diversity of our landscapes and the richness of our heritage.  <\/p>\n<\/div><\/div>\n<\/div><\/section>\n\n<section class=\"wp-block-group animated fadeIn slow\"><div class=\"wp-block-group__inner-container is-layout-constrained wp-block-group-is-layout-constrained\">\n<h2 class=\"wp-block-heading has-text-align-center is-style-separator\">Car rental companies<\/h2>\n\n\n\n<div class=\"wp-block-media-text has-media-on-the-right is-stacked-on-mobile is-image-fill-element is-style-copyright has-mauve-light-background-color has-background\" style=\"grid-template-columns:auto 55%\"><div class=\"wp-block-media-text__content\">\n<ul class=\"wp-block-list\">\n<li><strong>Arzacq-Arraziguet &gt; Carrefour<\/strong><br\/>Tel: +33 0(5) 59 04 54 69<br\/><a href=\"https:\/\/location.carrefour.fr\/agence\/1478-arzacq-arraziguet\" target=\"_blank\" rel=\"noreferrer noopener\">See website<\/a><\/li>\n\n\n\n<li><strong>Monassut-Audiracq &gt; Garage Renault CAZENAVE<\/strong><br\/>Tel : +33 (0)5 59 77 41 49<br\/><a href=\"http:\/\/www.garagecazenavemonassut.fr\/nos-services\/location-de-vehicules-monassut-audiracq.html\" target=\"_blank\" rel=\"noreferrer noopener\">View website<\/a><\/li>\n\n\n\n<li><strong>Saint-Jammes &gt; ADA<\/strong><br\/>Tel: +33 (0)5 24 36 03 86 <br\/><a href=\"http:\/\/www.ada.fr\/location-voiture-saint-jammes-1.html\" target=\"_blank\" rel=\"noreferrer noopener\">See website<\/a><\/li>\n\n\n\n<li><strong>Pau Airport<\/strong> <br\/><a href=\"http:\/\/www.pau.aeroport.fr\" target=\"_blank\" rel=\"noreferrer noopener\">www.pau.aeroport.fr<\/a><\/li>\n<\/ul>\n<\/div><figure class=\"wp-block-media-text__media\"><img decoding=\"async\" width=\"1024\" height=\"682\" src=\"https:\/\/www.bearnmadiran-tourisme.fr\/wp-content\/uploads\/2025\/02\/9-loueur-de-voiture-copypixabay-1024x682.jpg\" alt=\"come and go Madiran tourism car rental\" class=\"wp-image-1550 size-full\" style=\"object-position:50% 50%\" srcset=\"https:\/\/www.bearnmadiran-tourisme.fr\/wp-content\/uploads\/2025\/02\/9-loueur-de-voiture-copypixabay-1024x682.jpg 1024w, https:\/\/www.bearnmadiran-tourisme.fr\/wp-content\/uploads\/2025\/02\/9-loueur-de-voiture-copypixabay-800x533.jpg 800w, https:\/\/www.bearnmadiran-tourisme.fr\/wp-content\/uploads\/2025\/02\/9-loueur-de-voiture-copypixabay-300x200.jpg 300w, https:\/\/www.bearnmadiran-tourisme.fr\/wp-content\/uploads\/2025\/02\/9-loueur-de-voiture-copypixabay-768x512.jpg 768w, https:\/\/www.bearnmadiran-tourisme.fr\/wp-content\/uploads\/2025\/02\/9-loueur-de-voiture-copypixabay-1536x1024.jpg 1536w, https:\/\/www.bearnmadiran-tourisme.fr\/wp-content\/uploads\/2025\/02\/9-loueur-de-voiture-copypixabay.jpg 2000w\" sizes=\"(max-width: 1024px) 100vw, 1024px\" \/><span class=\"image-credit\"><span class=\"copy-sign\">\u00a9<\/span><span class=\"copy-content\">Pixabay<\/span><\/span><\/figure><\/div>\n<\/div><\/section>\n\n<section class=\"wp-block-group alignfull is-style-loupe animated fadeIn slow has-white-color has-mauve-to-transparent-gradient-background has-text-color has-background has-link-color wp-elements-832a5fe7eb44449f85df8ed4f52c9190\"><div class=\"wp-block-group__inner-container is-layout-constrained wp-block-group-is-layout-constrained\">\n<h2 class=\"wp-block-heading has-text-align-center has-white-color has-text-color has-link-color wp-elements-a89ed672e4371903c93c8ee718a75449\">Focus on &#8230;<\/h2>\n\n\n\n<p class=\"has-text-align-center has-medium-font-size\">The carbon impact of your journey<\/p>\n\n\n\n<p class=\"has-text-align-center is-style-center\">Before you leave, calculate the carbon impact of your means of transport to come and visit us! This will help you make the right choice, to minimize the impact of your journey to Coteaux B\u00e9arn Madiran. <\/p>\n\n\n\n<script name=\"impact-co2\" src=\"https:\/\/impactco2.fr\/iframe.js\" data-type=\"transport\/itineraire\" data-search=\"?theme=default&#038;language=fr&#038;tabs=itineraire&#038;defaultMode=list&#038;modes=avion,tgv,voiturethermique+1,voiturethermique,voitureelectrique+1,voitureelectrique,autocar,velo,ter\"><\/script>\n<\/div><\/section>\n\n<section class=\"wp-block-group animated fadeIn slow\"><div class=\"wp-block-group__inner-container is-layout-constrained wp-block-group-is-layout-constrained\">\n<div class=\"wp-block-media-text is-stacked-on-mobile\" style=\"grid-template-columns:15% auto\"><figure class=\"wp-block-media-text__media\"><img decoding=\"async\" width=\"771\" height=\"1024\" src=\"https:\/\/www.bearnmadiran-tourisme.fr\/wp-content\/uploads\/2025\/02\/logo_centrale_noir-771x1024.png\" alt=\"The 64 gesture\" class=\"wp-image-1563 size-full\" srcset=\"https:\/\/www.bearnmadiran-tourisme.fr\/wp-content\/uploads\/2025\/02\/logo_centrale_noir-771x1024.png 771w, https:\/\/www.bearnmadiran-tourisme.fr\/wp-content\/uploads\/2025\/02\/logo_centrale_noir-451x600.png 451w, https:\/\/www.bearnmadiran-tourisme.fr\/wp-content\/uploads\/2025\/02\/logo_centrale_noir-226x300.png 226w, https:\/\/www.bearnmadiran-tourisme.fr\/wp-content\/uploads\/2025\/02\/logo_centrale_noir-768x1021.png 768w, https:\/\/www.bearnmadiran-tourisme.fr\/wp-content\/uploads\/2025\/02\/logo_centrale_noir.png 1000w\" sizes=\"(max-width: 771px) 100vw, 771px\" \/><\/figure><div class=\"wp-block-media-text__content\">\n<p><strong>Le Geste 64,<\/strong> to enjoy your stay while minimizing your carbon footprint  <\/p>\n\n\n\n<p>By supporting local farmers in their low-carbon transition, don&#8217;t hesitate to make a gesture to give back to the B\u00e9arn Pays Basque region what it offers us.<\/p>\n\n\n\n<div class=\"wp-block-buttons is-layout-flex wp-block-buttons-is-layout-flex\">\n<div class=\"wp-block-button\"><a class=\"wp-block-button__link wp-element-button\" href=\"https:\/\/legeste64.com\/\" target=\"_blank\" rel=\"noreferrer noopener\">The 64 gesture<\/a><\/div>\n<\/div>\n\n\n\n<p><\/p>\n<\/div><\/div>\n<\/div><\/section>\n","protected":false},"excerpt":{"rendered":"<p>Visiting us couldn&#8217;t be easier! By train, bus, bike, car, plane or on foot, all modes of transport bring you to Coteaux B\u00e9arn Madiran. By car If you come by car, you&#8217;ll have a certain amount of autonomy to explore the area and its surroundings. The region is served by [&hellip;]<\/p>\n","protected":false},"author":1,"featured_media":1454,"parent":9550,"menu_order":0,"comment_status":"closed","ping_status":"closed","template":"","meta":{"_acf_changed":false,"_seopress_robots_primary_cat":"","_seopress_titles_title":"Getting here and around - Tourisme loisirs Coteaux B\u00e9arn Madiran","_seopress_titles_desc":"Getting to and around Coteaux B\u00e9arn Madiran: by train, bus, car, bike, plane or on foot to discover the region.","_seopress_robots_index":"","pgc_sgb_lightbox_settings":"","footnotes":""},"class_list":["post-9568","page","type-page","status-publish","has-post-thumbnail","hentry"],"acf":[],"_links":{"self":[{"href":"https:\/\/www.bearnmadiran-tourisme.fr\/en\/wp-json\/wp\/v2\/pages\/9568","targetHints":{"allow":["GET"]}}],"collection":[{"href":"https:\/\/www.bearnmadiran-tourisme.fr\/en\/wp-json\/wp\/v2\/pages"}],"about":[{"href":"https:\/\/www.bearnmadiran-tourisme.fr\/en\/wp-json\/wp\/v2\/types\/page"}],"author":[{"embeddable":true,"href":"https:\/\/www.bearnmadiran-tourisme.fr\/en\/wp-json\/wp\/v2\/users\/1"}],"replies":[{"embeddable":true,"href":"https:\/\/www.bearnmadiran-tourisme.fr\/en\/wp-json\/wp\/v2\/comments?post=9568"}],"version-history":[{"count":1,"href":"https:\/\/www.bearnmadiran-tourisme.fr\/en\/wp-json\/wp\/v2\/pages\/9568\/revisions"}],"predecessor-version":[{"id":9569,"href":"https:\/\/www.bearnmadiran-tourisme.fr\/en\/wp-json\/wp\/v2\/pages\/9568\/revisions\/9569"}],"up":[{"embeddable":true,"href":"https:\/\/www.bearnmadiran-tourisme.fr\/en\/wp-json\/wp\/v2\/pages\/9550"}],"wp:featuredmedia":[{"embeddable":true,"href":"https:\/\/www.bearnmadiran-tourisme.fr\/en\/wp-json\/wp\/v2\/media\/1454"}],"wp:attachment":[{"href":"https:\/\/www.bearnmadiran-tourisme.fr\/en\/wp-json\/wp\/v2\/media?parent=9568"}],"curies":[{"name":"wp","href":"https:\/\/api.w.org\/{rel}","templated":true}]}}