{"id":10494,"date":"2025-01-07T14:26:02","date_gmt":"2025-01-07T13:26:02","guid":{"rendered":"https:\/\/www.bearnmadiran-tourisme.fr\/gestos-y-actividades-respetuosas-con-el-medio-ambiente\/"},"modified":"2026-08-12T16:09:18","modified_gmt":"2026-08-12T14:09:18","slug":"gestos-y-actividades-respetuosas-con-el-medio-ambiente","status":"publish","type":"page","link":"https:\/\/www.bearnmadiran-tourisme.fr\/es\/descubrir\/gestos-y-actividades-respetuosas-con-el-medio-ambiente\/","title":{"rendered":"Gestos y actividades respetuosas con el medio ambiente"},"content":{"rendered":"\n<div class=\"wp-block-columns is-layout-flex wp-container-core-columns-is-layout-8f761849 wp-block-columns-is-layout-flex\">\n<div class=\"wp-block-column is-layout-flow wp-block-column-is-layout-flow\" style=\"flex-basis:40%\"><div class=\"highlight-bloc-container \" id=\"ts-block-67a0ed26bed34\"  >\n\t<div class=\"highlight-bloc-content\">\n\t\t<div class=\"acf-innerblocks-container\">\n\n<h2 class=\"wp-block-heading suptitle\">Peque\u00f1os gestos por la Madre Naturaleza<\/h2>\n\n<\/div>\t<\/div>\n<\/div>\n<\/div>\n\n\n\n<div class=\"wp-block-column is-layout-flow wp-block-column-is-layout-flow\" style=\"flex-basis:60%\">\n<p class=\"wp-block-paragraph\">En Coteaux B\u00e9arn Madiran, cada escapada se convierte en un recuerdo inolvidable.<\/p>\n\n\n\n<p class=\"wp-block-paragraph\">\u00bfY si t\u00fa tambi\u00e9n hicieras una promesa a este territorio que te acoge? Con unos sencillos gestos, puedes ayudar a conservar la belleza, la autenticidad y la riqueza de nuestros paisajes. <\/p>\n\n\n\n<p class=\"wp-block-paragraph\">Aqu\u00ed tienes algunos compromisos f\u00e1ciles de cumplir para viajar de otra manera, con plena conciencia.<\/p>\n\n\n\n<p class=\"wp-block-paragraph\">Opta por actividades que tengan un impacto m\u00ednimo en el medio ambiente: senderismo, bicicleta, deportes acu\u00e1ticos tranquilos o visitas culturales.<\/p>\n\n\n\n<p class=\"wp-block-paragraph\">Ya ver\u00e1s, \u00a1es muy f\u00e1cil!<\/p>\n<\/div>\n<\/div>\n<div class=\"wp-block-image\">\n<figure class=\"aligncenter size-large is-resized\"><img decoding=\"async\" width=\"1024\" height=\"628\" src=\"https:\/\/www.bearnmadiran-tourisme.fr\/wp-content\/uploads\/2025\/05\/petites-gestes-dames-nature-ok-1024x628.jpg\" alt=\"gestos ecol\u00f3gicos y medioambientales en B\u00e9arn y Madiran\" class=\"wp-image-6214\" style=\"width:691px;height:auto\" srcset=\"https:\/\/www.bearnmadiran-tourisme.fr\/wp-content\/uploads\/2025\/05\/petites-gestes-dames-nature-ok-1024x628.jpg 1024w, https:\/\/www.bearnmadiran-tourisme.fr\/wp-content\/uploads\/2025\/05\/petites-gestes-dames-nature-ok-800x491.jpg 800w, https:\/\/www.bearnmadiran-tourisme.fr\/wp-content\/uploads\/2025\/05\/petites-gestes-dames-nature-ok-300x184.jpg 300w, https:\/\/www.bearnmadiran-tourisme.fr\/wp-content\/uploads\/2025\/05\/petites-gestes-dames-nature-ok-768x471.jpg 768w, https:\/\/www.bearnmadiran-tourisme.fr\/wp-content\/uploads\/2025\/05\/petites-gestes-dames-nature-ok-1536x943.jpg 1536w, https:\/\/www.bearnmadiran-tourisme.fr\/wp-content\/uploads\/2025\/05\/petites-gestes-dames-nature-ok.jpg 1781w\" sizes=\"(max-width: 1024px) 100vw, 1024px\" \/><\/figure>\n<\/div>\n<section class=\"wp-block-group alignfull is-style-map\"><div class=\"wp-block-group__inner-container is-layout-constrained wp-block-group-is-layout-constrained\">\n<h2 class=\"wp-block-heading has-text-align-center has-mauve-color has-text-color has-link-color has-large-font-size wp-elements-1\"># 1 &#8211; Mu\u00e9vete con cuidado<\/h2>\n\n\n\n<div class=\"wp-block-media-text is-stacked-on-mobile is-image-fill-element is-style-copyright has-white-color has-mauve-background-color has-text-color has-background has-link-color wp-elements-2\" style=\"grid-template-columns:55% auto\"><figure class=\"wp-block-media-text__media\"><a href=\"https:\/\/www.bearnmadiran-tourisme.fr\/wp-content\/uploads\/2025\/02\/8-arzacq-credit-pascal-le-doare-studio-764.jpg\"><img decoding=\"async\" width=\"1024\" height=\"769\" src=\"https:\/\/www.bearnmadiran-tourisme.fr\/wp-content\/uploads\/2025\/02\/8-arzacq-credit-pascal-le-doare-studio-764-1024x769.jpg\" alt=\"balade marche \u00e0 pied d\u00e9placements doux\" class=\"wp-image-1536 size-full\" style=\"object-position:50% 50%\" srcset=\"https:\/\/www.bearnmadiran-tourisme.fr\/wp-content\/uploads\/2025\/02\/8-arzacq-credit-pascal-le-doare-studio-764-1024x769.jpg 1024w, https:\/\/www.bearnmadiran-tourisme.fr\/wp-content\/uploads\/2025\/02\/8-arzacq-credit-pascal-le-doare-studio-764-800x600.jpg 800w, https:\/\/www.bearnmadiran-tourisme.fr\/wp-content\/uploads\/2025\/02\/8-arzacq-credit-pascal-le-doare-studio-764-300x225.jpg 300w, https:\/\/www.bearnmadiran-tourisme.fr\/wp-content\/uploads\/2025\/02\/8-arzacq-credit-pascal-le-doare-studio-764-768x577.jpg 768w, https:\/\/www.bearnmadiran-tourisme.fr\/wp-content\/uploads\/2025\/02\/8-arzacq-credit-pascal-le-doare-studio-764-1536x1154.jpg 1536w, https:\/\/www.bearnmadiran-tourisme.fr\/wp-content\/uploads\/2025\/02\/8-arzacq-credit-pascal-le-doare-studio-764.jpg 2000w\" sizes=\"(max-width: 1024px) 100vw, 1024px\" \/><\/a><span class=\"image-credit\"><span class=\"copy-sign\">\u00a9<\/span><span class=\"copy-content\">Studio 764 \u2013 P. Le Doar\u00e9<\/span><\/span><\/figure><div class=\"wp-block-media-text__content\">\n<ul class=\"wp-block-list\">\n<li class=\"is-style-list-leaf\">Me olvido un poco del coche<\/li>\n\n\n\n<li class=\"is-style-list-leaf\">Prefiero el <a href=\"https:\/\/www.bearnmadiran-tourisme.fr\/es\/practico\/como-llegar-y-como-moverte\/\" data-type=\"page\" data-id=\"483\">transporte p\u00fablico<\/a> y compartir coche<\/li>\n\n\n\n<li class=\"is-style-list-leaf\">Me tomo mi tiempo para dar un paseo <a href=\"https:\/\/www.bearnmadiran-tourisme.fr\/es\/parque-de-juegos-y-de-ocios\/paseos-y-excursiones\/todos-los-paseos-y-rutas-de-senderismo\/\" data-type=\"page\" data-id=\"277\">a pie, en bici o a caballo<\/a><\/li>\n<\/ul>\n<\/div><\/div>\n<\/div><\/section>\n\n<section class=\"wp-block-group alignfull is-style-map\"><div class=\"wp-block-group__inner-container is-layout-constrained wp-block-group-is-layout-constrained\">\n<h2 class=\"wp-block-heading has-text-align-center has-mauve-color has-text-color has-link-color has-large-font-size wp-elements-3\"># 2 &#8211; Respeto a los dem\u00e1s, es algo natural<\/h2>\n<\/div><\/section>\n\n<section class=\"wp-block-group\"><div class=\"wp-block-group__inner-container is-layout-constrained wp-block-group-is-layout-constrained\">\n<div class=\"wp-block-media-text is-stacked-on-mobile is-vertically-aligned-top is-image-fill-element is-style-copyright has-mauve-light-background-color has-background\" style=\"grid-template-columns:48% auto\"><figure class=\"wp-block-media-text__media\"><a href=\"https:\/\/www.bearnmadiran-tourisme.fr\/wp-content\/uploads\/2025\/02\/3-ger-vallon-manas-gaillard-munsch_dsc2265-edited.jpg\"><img decoding=\"async\" width=\"1024\" height=\"1024\" src=\"https:\/\/www.bearnmadiran-tourisme.fr\/wp-content\/uploads\/2025\/02\/3-ger-vallon-manas-gaillard-munsch_dsc2265-edited-1024x1024.jpg\" alt=\"nature respect \u00e9cologie tourisme B\u00e9arn Madiran\" class=\"wp-image-2149 size-full\" style=\"object-position:50% 50%\" srcset=\"https:\/\/www.bearnmadiran-tourisme.fr\/wp-content\/uploads\/2025\/02\/3-ger-vallon-manas-gaillard-munsch_dsc2265-edited-1024x1024.jpg 1024w, https:\/\/www.bearnmadiran-tourisme.fr\/wp-content\/uploads\/2025\/02\/3-ger-vallon-manas-gaillard-munsch_dsc2265-edited-600x600.jpg 600w, https:\/\/www.bearnmadiran-tourisme.fr\/wp-content\/uploads\/2025\/02\/3-ger-vallon-manas-gaillard-munsch_dsc2265-edited-300x300.jpg 300w, https:\/\/www.bearnmadiran-tourisme.fr\/wp-content\/uploads\/2025\/02\/3-ger-vallon-manas-gaillard-munsch_dsc2265-edited-768x768.jpg 768w, https:\/\/www.bearnmadiran-tourisme.fr\/wp-content\/uploads\/2025\/02\/3-ger-vallon-manas-gaillard-munsch_dsc2265-edited.jpg 1333w\" sizes=\"(max-width: 1024px) 100vw, 1024px\" \/><\/a><span class=\"image-credit\"><span class=\"copy-sign\">\u00a9<\/span><span class=\"copy-content\">P. Gaillard &#8211; C. Munsch<\/span><\/span><\/figure><div class=\"wp-block-media-text__content\">\n<ul class=\"wp-block-list\">\n<li class=\"is-style-list-leaf\">Respeto los espacios naturales<\/li>\n\n\n\n<li class=\"is-style-list-leaf\">Sigo los senderos se\u00f1alizados para no da\u00f1ar los parajes de los alrededores<\/li>\n\n\n\n<li class=\"is-style-list-leaf\">No recojo flores<\/li>\n\n\n\n<li class=\"is-style-list-leaf\">Recojo mis residuos<\/li>\n\n\n\n<li class=\"is-style-list-leaf\">No tiro mis residuos ni colillas al suelo, me los guardo hasta encontrar la siguiente papelera.<\/li>\n\n\n\n<li class=\"is-style-list-leaf\">Ya sea de picnic o de paseo, prefiero las cantimploras a las botellas y las latas, y me decanto por los envases reutilizables.<\/li>\n<\/ul>\n<\/div><\/div>\n<\/div><\/section>\n\n<section class=\"wp-block-group alignfull is-style-loupe\"><div class=\"wp-block-group__inner-container is-layout-constrained wp-block-group-is-layout-constrained\">\n<h2 class=\"wp-block-heading has-text-align-center has-mauve-color has-text-color has-link-color has-large-font-size wp-elements-4\"># 3 &#8211; Agua, energ\u00eda, residuos: justo lo necesario<\/h2>\n<\/div><\/section>\n\n<section class=\"wp-block-group alignfull animated fadeIn slow\"><div class=\"wp-block-group__inner-container is-layout-constrained wp-block-group-is-layout-constrained\">\n<div class=\"wp-block-media-text has-media-on-the-right is-stacked-on-mobile is-image-fill-element is-style-copyright\" style=\"grid-template-columns:auto 52%\"><div class=\"wp-block-media-text__content\">\n<ul class=\"wp-block-list\">\n<li class=\"is-style-list-leaf\"><strong>Me fijo en lo que consumo de energ\u00eda.  <\/strong>\u00a1Esto no es Versalles! Apago las luces y los aparatos el\u00e9ctricos que no se est\u00e9n usando\u2026 <\/li>\n\n\n\n<li class=\"is-style-list-leaf\"><strong>Intento beber menos agua.<\/strong>  Cada gota es valiosa. Prefiero las duchas a los ba\u00f1os, y me aseguro de cerrar bien los grifos\u2026 <\/li>\n\n\n\n<li class=\"is-style-list-leaf\"><strong>Recojo y clasifico mis residuos.<\/strong>  No me olvido de mis buenos h\u00e1bitos.<\/li>\n<\/ul>\n<\/div><figure class=\"wp-block-media-text__media\"><img decoding=\"async\" width=\"1024\" height=\"683\" src=\"https:\/\/www.bearnmadiran-tourisme.fr\/wp-content\/uploads\/2025\/05\/eau-578897_1920-pixabay-ronymicha-1024x683.jpg\" alt=\"naturaleza, respeto, ecolog\u00eda, turismo, B\u00e9arn, Madiran\" class=\"wp-image-6238 size-full\" style=\"object-position:50% 50%\" srcset=\"https:\/\/www.bearnmadiran-tourisme.fr\/wp-content\/uploads\/2025\/05\/eau-578897_1920-pixabay-ronymicha-1024x683.jpg 1024w, https:\/\/www.bearnmadiran-tourisme.fr\/wp-content\/uploads\/2025\/05\/eau-578897_1920-pixabay-ronymicha-800x533.jpg 800w, https:\/\/www.bearnmadiran-tourisme.fr\/wp-content\/uploads\/2025\/05\/eau-578897_1920-pixabay-ronymicha-300x200.jpg 300w, https:\/\/www.bearnmadiran-tourisme.fr\/wp-content\/uploads\/2025\/05\/eau-578897_1920-pixabay-ronymicha-768x512.jpg 768w, https:\/\/www.bearnmadiran-tourisme.fr\/wp-content\/uploads\/2025\/05\/eau-578897_1920-pixabay-ronymicha-1536x1024.jpg 1536w, https:\/\/www.bearnmadiran-tourisme.fr\/wp-content\/uploads\/2025\/05\/eau-578897_1920-pixabay-ronymicha.jpg 1920w\" sizes=\"(max-width: 1024px) 100vw, 1024px\" \/><span class=\"image-credit\"><span class=\"copy-sign\">\u00a9<\/span><span class=\"copy-content\">Pixabay<\/span><\/span><\/figure><\/div>\n<\/div><\/section>\n\n<section class=\"wp-block-group alignfull is-style-stars\"><div class=\"wp-block-group__inner-container is-layout-constrained wp-block-group-is-layout-constrained\">\n<h2 class=\"wp-block-heading has-text-align-center has-mauve-color has-text-color has-link-color has-large-font-size wp-elements-5\"># 4 &#8211; \u00bfLas pantallas? \u00a1No siempre! <\/h2>\n<\/div><\/section>\n\n<section class=\"wp-block-group alignfull animated fadeIn slow has-white-color has-mauve-to-transparent-gradient-background has-text-color has-background has-link-color wp-elements-6\"><div class=\"wp-block-group__inner-container is-layout-constrained wp-block-group-is-layout-constrained\">\n<div class=\"wp-block-media-text has-media-on-the-right is-stacked-on-mobile is-vertically-aligned-top is-image-fill-element is-style-copyright\" style=\"grid-template-columns:auto 55%\"><div class=\"wp-block-media-text__content\">\n<ul class=\"wp-block-list\">\n<li class=\"is-style-list-leaf\">Me desconecto de las pantallas<\/li>\n\n\n\n<li class=\"is-style-list-leaf\">El m\u00f3vil me sirve sobre todo para orientarme, hacer fotos chulas de mis escapadas y compartirlas con mis amigos  <\/li>\n<\/ul>\n<\/div><figure class=\"wp-block-media-text__media\"><a href=\"https:\/\/www.bearnmadiran-tourisme.fr\/wp-content\/uploads\/2025\/05\/girl-4232262_1920-pixabay-nickype.jpg\"><img decoding=\"async\" width=\"1024\" height=\"683\" src=\"https:\/\/www.bearnmadiran-tourisme.fr\/wp-content\/uploads\/2025\/05\/girl-4232262_1920-pixabay-nickype-1024x683.jpg\" alt=\"nature respect \u00e9cologie tourisme B\u00e9arn Madiran\" class=\"wp-image-6260 size-full\" style=\"object-position:50% 50%\" srcset=\"https:\/\/www.bearnmadiran-tourisme.fr\/wp-content\/uploads\/2025\/05\/girl-4232262_1920-pixabay-nickype-1024x683.jpg 1024w, https:\/\/www.bearnmadiran-tourisme.fr\/wp-content\/uploads\/2025\/05\/girl-4232262_1920-pixabay-nickype-800x533.jpg 800w, https:\/\/www.bearnmadiran-tourisme.fr\/wp-content\/uploads\/2025\/05\/girl-4232262_1920-pixabay-nickype-300x200.jpg 300w, https:\/\/www.bearnmadiran-tourisme.fr\/wp-content\/uploads\/2025\/05\/girl-4232262_1920-pixabay-nickype-768x512.jpg 768w, https:\/\/www.bearnmadiran-tourisme.fr\/wp-content\/uploads\/2025\/05\/girl-4232262_1920-pixabay-nickype-1536x1024.jpg 1536w, https:\/\/www.bearnmadiran-tourisme.fr\/wp-content\/uploads\/2025\/05\/girl-4232262_1920-pixabay-nickype.jpg 1920w\" sizes=\"(max-width: 1024px) 100vw, 1024px\" \/><\/a><span class=\"image-credit\"><span class=\"copy-sign\">\u00a9<\/span><span class=\"copy-content\">Pixabay<\/span><\/span><\/figure><\/div>\n<\/div><\/section>\n\n<section class=\"wp-block-group alignfull is-style-wine\"><div class=\"wp-block-group__inner-container is-layout-constrained wp-block-group-is-layout-constrained\">\n<h2 class=\"wp-block-heading has-text-align-center has-mauve-color has-text-color has-link-color has-large-font-size wp-elements-7\"># 5 &#8211; Aqu\u00ed se cultiva, aqu\u00ed se hace, aqu\u00ed compro<\/h2>\n<\/div><\/section>\n\n<p class=\"has-text-align-center wp-block-paragraph\">Consumo productos de la agricultura y la artesan\u00eda locales. Compro fruta y verdura local de temporada en las tiendas de barrio. <\/p>\n\n<section class=\"wp-block-group alignfull\"><div class=\"wp-block-group__inner-container is-layout-constrained wp-block-group-is-layout-constrained\">\n<div class=\"wp-block-columns is-layout-flex wp-container-core-columns-is-layout-8f761849 wp-block-columns-is-layout-flex\">\n<div class=\"wp-block-column is-layout-flow wp-block-column-is-layout-flow\"><div class=\"banner-container  text-shadow with-overlay btn-hover img-zoom\" id=\"ts-block-67ac760b1227c\"  >\r\n\t\t<a href=\"https:\/\/www.bearnmadiran-tourisme.fr\/es\/tierra-de-vinedos\/bodegas\/\" target=\"\">\r\n\t\t\t<div class=\"banner-content\">\n\n<div class=\"wp-block-cover has-custom-content-position is-position-top-left is-style-copyright\" style=\"min-height:300px;aspect-ratio:unset;\"><img decoding=\"async\" width=\"1024\" height=\"1024\" class=\"wp-block-cover__image-background wp-image-848 size-large\" alt=\"vins vignobles produits locaux gastronomie\" src=\"https:\/\/www.bearnmadiran-tourisme.fr\/wp-content\/uploads\/2025\/02\/4-terre-de-vignes-cph-tourisme-nord-bearn-6-1024x1024.jpg\" data-object-fit=\"cover\" srcset=\"https:\/\/www.bearnmadiran-tourisme.fr\/wp-content\/uploads\/2025\/02\/4-terre-de-vignes-cph-tourisme-nord-bearn-6-1024x1024.jpg 1024w, https:\/\/www.bearnmadiran-tourisme.fr\/wp-content\/uploads\/2025\/02\/4-terre-de-vignes-cph-tourisme-nord-bearn-6-600x600.jpg 600w, https:\/\/www.bearnmadiran-tourisme.fr\/wp-content\/uploads\/2025\/02\/4-terre-de-vignes-cph-tourisme-nord-bearn-6-300x300.jpg 300w, https:\/\/www.bearnmadiran-tourisme.fr\/wp-content\/uploads\/2025\/02\/4-terre-de-vignes-cph-tourisme-nord-bearn-6-768x768.jpg 768w, https:\/\/www.bearnmadiran-tourisme.fr\/wp-content\/uploads\/2025\/02\/4-terre-de-vignes-cph-tourisme-nord-bearn-6-1536x1536.jpg 1536w, https:\/\/www.bearnmadiran-tourisme.fr\/wp-content\/uploads\/2025\/02\/4-terre-de-vignes-cph-tourisme-nord-bearn-6.jpg 2000w\" sizes=\"(max-width: 1024px) 100vw, 1024px\" \/><span aria-hidden=\"true\" class=\"wp-block-cover__background has-background-dim\"><\/span><div class=\"wp-block-cover__inner-container is-layout-flow wp-block-cover-is-layout-flow\">\n<h3 class=\"wp-block-heading\">Bodegas<\/h3>\n\n\n\n<p class=\"wp-block-paragraph\"><\/p>\n\n\n\n<div class=\"wp-block-buttons is-layout-flex wp-block-buttons-is-layout-flex\"><\/div>\n<\/div><span class=\"image-credit\"><span class=\"copy-sign\">\u00a9<\/span><span class=\"copy-content\">Tourisme Coteaux B\u00e9arn Madiran<\/span><\/span><\/div>\n\n<\/div>\t\t\t\t\t<div class=\"wp-block-button\">\r\n\t\t\t<button class=\"wp-block-button__link\">Descubrir<\/button>\r\n\t\t<\/div>\r\n\t\t\t<\/a>\r\n\t\t<\/div>\r\n<\/div>\n\n\n\n<div class=\"wp-block-column is-layout-flow wp-block-column-is-layout-flow\"><div class=\"banner-container  text-shadow with-overlay btn-hover img-zoom\" id=\"ts-block-67ac760b123b7\"  >\r\n\t\t<a href=\"https:\/\/www.bearnmadiran-tourisme.fr\/es\/un-terruno-unos-sabores\/productores-y-tiendas-gourmet\/\" target=\"\">\r\n\t\t\t<div class=\"banner-content\">\n\n<div class=\"wp-block-cover has-custom-content-position is-position-top-left is-style-copyright\" style=\"min-height:300px;aspect-ratio:unset;\"><img decoding=\"async\" width=\"1024\" height=\"683\" class=\"wp-block-cover__image-background wp-image-1761 size-large\" alt=\"producteurs boutiques produits locaux gastronomie\" src=\"https:\/\/www.bearnmadiran-tourisme.fr\/wp-content\/uploads\/2025\/02\/9-arzacq-cph-maison-jambon-bayonne-chiffonnade_jambon-1024x683.jpg\" data-object-fit=\"cover\" srcset=\"https:\/\/www.bearnmadiran-tourisme.fr\/wp-content\/uploads\/2025\/02\/9-arzacq-cph-maison-jambon-bayonne-chiffonnade_jambon-1024x683.jpg 1024w, https:\/\/www.bearnmadiran-tourisme.fr\/wp-content\/uploads\/2025\/02\/9-arzacq-cph-maison-jambon-bayonne-chiffonnade_jambon-800x533.jpg 800w, https:\/\/www.bearnmadiran-tourisme.fr\/wp-content\/uploads\/2025\/02\/9-arzacq-cph-maison-jambon-bayonne-chiffonnade_jambon-300x200.jpg 300w, https:\/\/www.bearnmadiran-tourisme.fr\/wp-content\/uploads\/2025\/02\/9-arzacq-cph-maison-jambon-bayonne-chiffonnade_jambon-768x512.jpg 768w, https:\/\/www.bearnmadiran-tourisme.fr\/wp-content\/uploads\/2025\/02\/9-arzacq-cph-maison-jambon-bayonne-chiffonnade_jambon-1536x1024.jpg 1536w, https:\/\/www.bearnmadiran-tourisme.fr\/wp-content\/uploads\/2025\/02\/9-arzacq-cph-maison-jambon-bayonne-chiffonnade_jambon-scaled.jpg 2048w\" sizes=\"(max-width: 1024px) 100vw, 1024px\" \/><span aria-hidden=\"true\" class=\"wp-block-cover__background has-background-dim\"><\/span><div class=\"wp-block-cover__inner-container is-layout-flow wp-block-cover-is-layout-flow\">\n<h3 class=\"wp-block-heading\">Productores y tiendas<\/h3>\n\n\n\n<p class=\"wp-block-paragraph\"><\/p>\n\n\n\n<div class=\"wp-block-buttons is-layout-flex wp-block-buttons-is-layout-flex\"><\/div>\n<\/div><span class=\"image-credit\"><span class=\"copy-sign\">\u00a9<\/span><span class=\"copy-content\">Maison du jambon de Bayonne<\/span><\/span><\/div>\n\n<\/div>\t\t\t\t\t<div class=\"wp-block-button\">\r\n\t\t\t<button class=\"wp-block-button__link\">Descubrir<\/button>\r\n\t\t<\/div>\r\n\t\t\t<\/a>\r\n\t\t<\/div>\r\n<\/div>\n\n\n\n<div class=\"wp-block-column is-layout-flow wp-block-column-is-layout-flow\"><div class=\"banner-container  text-shadow with-overlay btn-hover img-zoom\" id=\"ts-block-67ac760b1227c\"  >\r\n\t\t<a href=\"https:\/\/www.bearnmadiran-tourisme.fr\/es\/descubrir\/artesania\/\" target=\"\">\r\n\t\t\t<div class=\"banner-content\">\n\n<div class=\"wp-block-cover has-custom-content-position is-position-top-left is-style-copyright\" style=\"min-height:300px;aspect-ratio:unset;\"><img decoding=\"async\" width=\"1024\" height=\"932\" class=\"wp-block-cover__image-background wp-image-4052 size-large\" alt=\"artisanat cr\u00e9ateurs produits locaux \" src=\"https:\/\/www.bearnmadiran-tourisme.fr\/wp-content\/uploads\/2025\/04\/garlin-plumi-valea-credit-plumi-et-valea-5-1-1-1024x932.jpg\" data-object-fit=\"cover\" srcset=\"https:\/\/www.bearnmadiran-tourisme.fr\/wp-content\/uploads\/2025\/04\/garlin-plumi-valea-credit-plumi-et-valea-5-1-1-1024x932.jpg 1024w, https:\/\/www.bearnmadiran-tourisme.fr\/wp-content\/uploads\/2025\/04\/garlin-plumi-valea-credit-plumi-et-valea-5-1-1-659x600.jpg 659w, https:\/\/www.bearnmadiran-tourisme.fr\/wp-content\/uploads\/2025\/04\/garlin-plumi-valea-credit-plumi-et-valea-5-1-1-300x273.jpg 300w, https:\/\/www.bearnmadiran-tourisme.fr\/wp-content\/uploads\/2025\/04\/garlin-plumi-valea-credit-plumi-et-valea-5-1-1-768x699.jpg 768w, https:\/\/www.bearnmadiran-tourisme.fr\/wp-content\/uploads\/2025\/04\/garlin-plumi-valea-credit-plumi-et-valea-5-1-1-1536x1399.jpg 1536w, https:\/\/www.bearnmadiran-tourisme.fr\/wp-content\/uploads\/2025\/04\/garlin-plumi-valea-credit-plumi-et-valea-5-1-1.jpg 2000w\" sizes=\"(max-width: 1024px) 100vw, 1024px\" \/><span aria-hidden=\"true\" class=\"wp-block-cover__background has-background-dim\"><\/span><div class=\"wp-block-cover__inner-container is-layout-flow wp-block-cover-is-layout-flow\">\n<h3 class=\"wp-block-heading\">Artesan\u00eda<\/h3>\n\n\n\n<p class=\"wp-block-paragraph\"><\/p>\n\n\n\n<div class=\"wp-block-buttons is-layout-flex wp-block-buttons-is-layout-flex\"><\/div>\n<\/div><span class=\"image-credit\"><span class=\"copy-sign\">\u00a9<\/span><span class=\"copy-content\">Plumi &#038; Val\u00e9a<\/span><\/span><\/div>\n\n<\/div>\t\t\t\t\t<div class=\"wp-block-button\">\r\n\t\t\t<button class=\"wp-block-button__link\">Descubrir<\/button>\r\n\t\t<\/div>\r\n\t\t\t<\/a>\r\n\t\t<\/div>\r\n<\/div>\n\n\n\n<div class=\"wp-block-column is-layout-flow wp-block-column-is-layout-flow\"><div class=\"banner-container  text-shadow with-overlay btn-hover img-zoom\" id=\"ts-block-67ac760b1227c\"  >\r\n\t\t<a href=\"https:\/\/www.bearnmadiran-tourisme.fr\/es\/un-terruno-unos-sabores\/un-paseo-por-los-mercados\/\" target=\"\">\r\n\t\t\t<div class=\"banner-content\">\n\n<div class=\"wp-block-cover has-custom-content-position is-position-top-left is-style-copyright\" style=\"min-height:300px;aspect-ratio:unset;\"><img decoding=\"async\" width=\"1024\" height=\"768\" class=\"wp-block-cover__image-background wp-image-8439 size-large\" alt=\"march\u00e9s produits locaux gastronomie\" src=\"https:\/\/www.bearnmadiran-tourisme.fr\/wp-content\/uploads\/2026\/02\/serres-castet-marche-tourisme-bearn-madiran-copy-courte-echelle-2025-m29a0646-1024x768.jpg\" data-object-fit=\"cover\" srcset=\"https:\/\/www.bearnmadiran-tourisme.fr\/wp-content\/uploads\/2026\/02\/serres-castet-marche-tourisme-bearn-madiran-copy-courte-echelle-2025-m29a0646-1024x768.jpg 1024w, https:\/\/www.bearnmadiran-tourisme.fr\/wp-content\/uploads\/2026\/02\/serres-castet-marche-tourisme-bearn-madiran-copy-courte-echelle-2025-m29a0646-800x600.jpg 800w, https:\/\/www.bearnmadiran-tourisme.fr\/wp-content\/uploads\/2026\/02\/serres-castet-marche-tourisme-bearn-madiran-copy-courte-echelle-2025-m29a0646-300x225.jpg 300w, https:\/\/www.bearnmadiran-tourisme.fr\/wp-content\/uploads\/2026\/02\/serres-castet-marche-tourisme-bearn-madiran-copy-courte-echelle-2025-m29a0646-768x576.jpg 768w, https:\/\/www.bearnmadiran-tourisme.fr\/wp-content\/uploads\/2026\/02\/serres-castet-marche-tourisme-bearn-madiran-copy-courte-echelle-2025-m29a0646-1536x1152.jpg 1536w, https:\/\/www.bearnmadiran-tourisme.fr\/wp-content\/uploads\/2026\/02\/serres-castet-marche-tourisme-bearn-madiran-copy-courte-echelle-2025-m29a0646.jpg 2000w\" sizes=\"(max-width: 1024px) 100vw, 1024px\" \/><span aria-hidden=\"true\" class=\"wp-block-cover__background has-background-dim\"><\/span><div class=\"wp-block-cover__inner-container is-layout-flow wp-block-cover-is-layout-flow\">\n<h3 class=\"wp-block-heading\">Mercados<\/h3>\n\n\n\n<p class=\"wp-block-paragraph\"><\/p>\n\n\n\n<div class=\"wp-block-buttons is-layout-flex wp-block-buttons-is-layout-flex\"><\/div>\n<\/div><span class=\"image-credit\"><span class=\"copy-sign\">\u00a9<\/span><span class=\"copy-content\">Courte \u00c9chelle 2025 \u2013 G. Portenart<\/span><\/span><\/div>\n\n<\/div>\t\t\t\t\t<div class=\"wp-block-button\">\r\n\t\t\t<button class=\"wp-block-button__link\">Descubrir<\/button>\r\n\t\t<\/div>\r\n\t\t\t<\/a>\r\n\t\t<\/div>\r\n<\/div>\n<\/div>\n<\/div><\/section>\n\n<section class=\"wp-block-group alignfull is-style-stars\"><div class=\"wp-block-group__inner-container is-layout-constrained wp-block-group-is-layout-constrained\">\n<h2 class=\"wp-block-heading has-text-align-center has-mauve-color has-text-color has-link-color has-large-font-size wp-elements-8\"># 6 &#8211; Actividades ecol\u00f3gicas<\/h2>\n<\/div><\/section>\n\n<section class=\"wp-block-group alignfull is-style-bg-stars has-mauve-to-transparent-gradient-background has-background\"><div class=\"wp-block-group__inner-container is-layout-constrained wp-block-group-is-layout-constrained\">\n<p class=\"has-text-align-center has-white-color has-text-color has-link-color wp-elements-9 wp-block-paragraph\">Opta por actividades que tengan un impacto m\u00ednimo en el medio ambiente. Paseos, senderismo, bicicleta, actividades acu\u00e1ticas, pesca, visitas culturales&#8230;   <\/p>\n\n\n\n<p class=\"has-text-align-center has-white-color has-text-color has-link-color wp-elements-10 wp-block-paragraph\">\u00a1Hay para todos los gustos!<br \/><\/p>\n\n\n\n<div style=\"height:28px\" aria-hidden=\"true\" class=\"wp-block-spacer\"><\/div>\n\n\n\n<div class=\"wp-block-columns is-layout-flex wp-container-core-columns-is-layout-8f761849 wp-block-columns-is-layout-flex\">\n<div class=\"wp-block-column is-layout-flow wp-block-column-is-layout-flow\"><div class=\"banner-container  has-text-color has-white-color text-shadow with-overlay btn-hover img-zoom\" id=\"ts-block-651529de6e2ac\"  >\r\n\t\t<a href=\"https:\/\/www.bearnmadiran-tourisme.fr\/es\/parque-de-juegos-y-de-ocios\/paseos-y-excursiones\/\" target=\"\">\r\n\t\t\t<div class=\"banner-content\">\n\n<div class=\"wp-block-cover has-custom-content-position is-position-top-left is-style-copyright\" style=\"min-height:300px;aspect-ratio:unset;\"><img decoding=\"async\" width=\"1024\" height=\"707\" class=\"wp-block-cover__image-background wp-image-2691 size-large\" alt=\"balades randonn\u00e9es tourisme Coteaux B\u00e9arn Madiran\" src=\"https:\/\/www.bearnmadiran-tourisme.fr\/wp-content\/uploads\/2025\/03\/1-balades-rando-1024x707.jpg\" data-object-fit=\"cover\" srcset=\"https:\/\/www.bearnmadiran-tourisme.fr\/wp-content\/uploads\/2025\/03\/1-balades-rando-1024x707.jpg 1024w, https:\/\/www.bearnmadiran-tourisme.fr\/wp-content\/uploads\/2025\/03\/1-balades-rando-800x552.jpg 800w, https:\/\/www.bearnmadiran-tourisme.fr\/wp-content\/uploads\/2025\/03\/1-balades-rando-300x207.jpg 300w, https:\/\/www.bearnmadiran-tourisme.fr\/wp-content\/uploads\/2025\/03\/1-balades-rando-768x530.jpg 768w, https:\/\/www.bearnmadiran-tourisme.fr\/wp-content\/uploads\/2025\/03\/1-balades-rando-1536x1061.jpg 1536w, https:\/\/www.bearnmadiran-tourisme.fr\/wp-content\/uploads\/2025\/03\/1-balades-rando.jpg 2000w\" sizes=\"(max-width: 1024px) 100vw, 1024px\" \/><span aria-hidden=\"true\" class=\"wp-block-cover__background has-background-dim\"><\/span><div class=\"wp-block-cover__inner-container is-layout-flow wp-block-cover-is-layout-flow\">\n<h3 class=\"wp-block-heading has-white-color has-text-color has-medium-font-size\"><strong>Paseos y excursiones<\/strong><\/h3>\n\n\n\n<p class=\"wp-block-paragraph\"><\/p>\n\n\n<\/div><span class=\"image-credit\"><span class=\"copy-sign\">\u00a9<\/span><span class=\"copy-content\">Tourisme Coteaux B\u00e9arn Madiran<\/span><\/span><\/div>\n\n<\/div>\t\t\t\t\t<div class=\"wp-block-button\">\r\n\t\t\t<button class=\"wp-block-button__link\">Descubrir<\/button>\r\n\t\t<\/div>\r\n\t\t\t<\/a>\r\n\t\t<\/div>\r\n<\/div>\n\n\n\n<div class=\"wp-block-column is-layout-flow wp-block-column-is-layout-flow\">\n<div class=\"wp-block-columns mb-0 is-layout-flex wp-container-core-columns-is-layout-8f761849 wp-block-columns-is-layout-flex\">\n<div class=\"wp-block-column is-layout-flow wp-block-column-is-layout-flow\"><div class=\"banner-container  text-shadow with-overlay btn-hover img-zoom\" id=\"ts-block-651529de6e30e\"  >\r\n\t\t<a href=\"https:\/\/www.bearnmadiran-tourisme.fr\/es\/parque-de-juegos-y-de-ocios\/por-los-caminos-de-santiago-de-compostela\/\" target=\"\">\r\n\t\t\t<div class=\"banner-content\">\n\n<div class=\"wp-block-cover has-custom-content-position is-position-top-left is-style-copyright\" style=\"min-height:300px;aspect-ratio:unset;\"><img decoding=\"async\" width=\"1024\" height=\"683\" class=\"wp-block-cover__image-background wp-image-2693 size-large\" alt=\"chemins Compostelle tourisme Coteaux B\u00e9arn Madiran\" src=\"https:\/\/www.bearnmadiran-tourisme.fr\/wp-content\/uploads\/2025\/03\/2-arzacq-copy-pascal-le-doare-studio-764-0016-2-1024x683.jpg\" data-object-fit=\"cover\" srcset=\"https:\/\/www.bearnmadiran-tourisme.fr\/wp-content\/uploads\/2025\/03\/2-arzacq-copy-pascal-le-doare-studio-764-0016-2-1024x683.jpg 1024w, https:\/\/www.bearnmadiran-tourisme.fr\/wp-content\/uploads\/2025\/03\/2-arzacq-copy-pascal-le-doare-studio-764-0016-2-800x534.jpg 800w, https:\/\/www.bearnmadiran-tourisme.fr\/wp-content\/uploads\/2025\/03\/2-arzacq-copy-pascal-le-doare-studio-764-0016-2-300x200.jpg 300w, https:\/\/www.bearnmadiran-tourisme.fr\/wp-content\/uploads\/2025\/03\/2-arzacq-copy-pascal-le-doare-studio-764-0016-2-768x512.jpg 768w, https:\/\/www.bearnmadiran-tourisme.fr\/wp-content\/uploads\/2025\/03\/2-arzacq-copy-pascal-le-doare-studio-764-0016-2-1536x1025.jpg 1536w, https:\/\/www.bearnmadiran-tourisme.fr\/wp-content\/uploads\/2025\/03\/2-arzacq-copy-pascal-le-doare-studio-764-0016-2.jpg 2000w\" sizes=\"(max-width: 1024px) 100vw, 1024px\" \/><span aria-hidden=\"true\" class=\"wp-block-cover__background has-background-dim\"><\/span><div class=\"wp-block-cover__inner-container is-layout-flow wp-block-cover-is-layout-flow\">\n<h3 class=\"wp-block-heading is-style-default has-white-color has-text-color has-medium-font-size\"><strong>Caminos de Santiago<\/strong><\/h3>\n\n\n\n<p class=\"wp-block-paragraph\"><\/p>\n\n\n<\/div><span class=\"image-credit\"><span class=\"copy-sign\">\u00a9<\/span><span class=\"copy-content\">Studio 764 \u2013 P. Le Doar\u00e9<\/span><\/span><\/div>\n\n<\/div>\t\t\t\t\t<div class=\"wp-block-button\">\r\n\t\t\t<button class=\"wp-block-button__link\">Descubrir<\/button>\r\n\t\t<\/div>\r\n\t\t\t<\/a>\r\n\t\t<\/div>\r\n<\/div>\n\n\n\n<div class=\"wp-block-column is-layout-flow wp-block-column-is-layout-flow\"><div class=\"banner-container  has-text-color has-white-color text-shadow with-overlay btn-hover img-zoom\" id=\"ts-block-651529de6e397\"  >\r\n\t\t<a href=\"https:\/\/www.bearnmadiran-tourisme.fr\/es\/parque-de-juegos-y-de-ocios\/paseos-y-excursiones\/senderos-de-descubrimiento-e-interpretacion\/\" target=\"\">\r\n\t\t\t<div class=\"banner-content\">\n\n<div class=\"wp-block-cover has-custom-content-position is-position-top-left is-style-copyright\" style=\"min-height:300px;aspect-ratio:unset;\"><img decoding=\"async\" width=\"1024\" height=\"768\" class=\"wp-block-cover__image-background wp-image-5378 size-large\" alt=\"sentiers d\u00e9couverte tourisme Coteaux B\u00e9arn Madiran\" src=\"https:\/\/www.bearnmadiran-tourisme.fr\/wp-content\/uploads\/2025\/05\/2-aydie-joseph-peyre-credit-smt-1024x768.jpg\" data-object-fit=\"cover\" srcset=\"https:\/\/www.bearnmadiran-tourisme.fr\/wp-content\/uploads\/2025\/05\/2-aydie-joseph-peyre-credit-smt-1024x768.jpg 1024w, https:\/\/www.bearnmadiran-tourisme.fr\/wp-content\/uploads\/2025\/05\/2-aydie-joseph-peyre-credit-smt-800x600.jpg 800w, https:\/\/www.bearnmadiran-tourisme.fr\/wp-content\/uploads\/2025\/05\/2-aydie-joseph-peyre-credit-smt-300x225.jpg 300w, https:\/\/www.bearnmadiran-tourisme.fr\/wp-content\/uploads\/2025\/05\/2-aydie-joseph-peyre-credit-smt-768x576.jpg 768w, https:\/\/www.bearnmadiran-tourisme.fr\/wp-content\/uploads\/2025\/05\/2-aydie-joseph-peyre-credit-smt-1536x1152.jpg 1536w, https:\/\/www.bearnmadiran-tourisme.fr\/wp-content\/uploads\/2025\/05\/2-aydie-joseph-peyre-credit-smt.jpg 2000w\" sizes=\"(max-width: 1024px) 100vw, 1024px\" \/><span aria-hidden=\"true\" class=\"wp-block-cover__background has-background-dim\"><\/span><div class=\"wp-block-cover__inner-container is-layout-flow wp-block-cover-is-layout-flow\">\n<h3 class=\"wp-block-heading has-white-color has-text-color has-medium-font-size\"><strong>Senderos de descubrimiento e interpretaci\u00f3n<\/strong><\/h3>\n\n\n\n<p class=\"wp-block-paragraph\"><\/p>\n\n\n<\/div><span class=\"image-credit\"><span class=\"copy-sign\">\u00a9<\/span><span class=\"copy-content\">Tourisme Coteaux B\u00e9arn Madiran<\/span><\/span><\/div>\n\n<\/div>\t\t\t\t\t<div class=\"wp-block-button\">\r\n\t\t\t<button class=\"wp-block-button__link\">Descubrir<\/button>\r\n\t\t<\/div>\r\n\t\t\t<\/a>\r\n\t\t<\/div>\r\n<\/div>\n<\/div>\n<\/div>\n<\/div>\n\n\n\n<div class=\"wp-block-columns is-layout-flex wp-container-core-columns-is-layout-8f761849 wp-block-columns-is-layout-flex\">\n<div class=\"wp-block-column is-layout-flow wp-block-column-is-layout-flow\">\n<div class=\"wp-block-columns mb-0 is-layout-flex wp-container-core-columns-is-layout-8f761849 wp-block-columns-is-layout-flex\">\n<div class=\"wp-block-column is-layout-flow wp-block-column-is-layout-flow\"><div class=\"banner-container  text-shadow with-overlay btn-hover img-zoom\" id=\"ts-block-651529de6e30e\"  >\r\n\t\t<a href=\"https:\/\/www.bearnmadiran-tourisme.fr\/es\/descubrir\/un-respiro-en-la-naturaleza\/\" target=\"\">\r\n\t\t\t<div class=\"banner-content\">\n\n<div class=\"wp-block-cover has-custom-content-position is-position-top-left is-style-copyright\" style=\"min-height:300px;aspect-ratio:unset;\"><img decoding=\"async\" width=\"1024\" height=\"627\" class=\"wp-block-cover__image-background wp-image-5342 size-large\" alt=\"nature jardins for\u00eats balades B\u00e9arn Madiran\" src=\"https:\/\/www.bearnmadiran-tourisme.fr\/wp-content\/uploads\/2025\/05\/ger-tourbiere-du-manas-copycecile-munsch-peio-gaillard-6-2-1024x627.jpg\" data-object-fit=\"cover\" srcset=\"https:\/\/www.bearnmadiran-tourisme.fr\/wp-content\/uploads\/2025\/05\/ger-tourbiere-du-manas-copycecile-munsch-peio-gaillard-6-2-1024x627.jpg 1024w, https:\/\/www.bearnmadiran-tourisme.fr\/wp-content\/uploads\/2025\/05\/ger-tourbiere-du-manas-copycecile-munsch-peio-gaillard-6-2-800x490.jpg 800w, https:\/\/www.bearnmadiran-tourisme.fr\/wp-content\/uploads\/2025\/05\/ger-tourbiere-du-manas-copycecile-munsch-peio-gaillard-6-2-300x184.jpg 300w, https:\/\/www.bearnmadiran-tourisme.fr\/wp-content\/uploads\/2025\/05\/ger-tourbiere-du-manas-copycecile-munsch-peio-gaillard-6-2-768x470.jpg 768w, https:\/\/www.bearnmadiran-tourisme.fr\/wp-content\/uploads\/2025\/05\/ger-tourbiere-du-manas-copycecile-munsch-peio-gaillard-6-2-1536x940.jpg 1536w, https:\/\/www.bearnmadiran-tourisme.fr\/wp-content\/uploads\/2025\/05\/ger-tourbiere-du-manas-copycecile-munsch-peio-gaillard-6-2.jpg 2000w\" sizes=\"(max-width: 1024px) 100vw, 1024px\" \/><span aria-hidden=\"true\" class=\"wp-block-cover__background has-background-dim\"><\/span><div class=\"wp-block-cover__inner-container is-layout-flow wp-block-cover-is-layout-flow\">\n<h3 class=\"wp-block-heading is-style-default has-white-color has-text-color has-medium-font-size\"><strong>Un respiro en la naturaleza<\/strong><\/h3>\n\n\n\n<p class=\"wp-block-paragraph\"><\/p>\n\n\n<\/div><span class=\"image-credit\"><span class=\"copy-sign\">\u00a9<\/span><span class=\"copy-content\">P. Gaillard &#8211; C. Munsch<\/span><\/span><\/div>\n\n<\/div>\t\t\t\t\t<div class=\"wp-block-button\">\r\n\t\t\t<button class=\"wp-block-button__link\">Descubrir<\/button>\r\n\t\t<\/div>\r\n\t\t\t<\/a>\r\n\t\t<\/div>\r\n<\/div>\n\n\n\n<div class=\"wp-block-column is-layout-flow wp-block-column-is-layout-flow\"><div class=\"banner-container  has-text-color has-white-color text-shadow with-overlay btn-hover img-zoom\" id=\"ts-block-651529de6e397\"  >\r\n\t\t<a href=\"https:\/\/www.bearnmadiran-tourisme.fr\/es\/parque-de-juegos-y-de-ocios\/busquedas-del-tesoro-de-terra-aventura\/\" target=\"\">\r\n\t\t\t<div class=\"banner-content\">\n\n<div class=\"wp-block-cover has-custom-content-position is-position-top-left is-style-copyright\" style=\"min-height:427px;aspect-ratio:unset;\"><img decoding=\"async\" width=\"1024\" height=\"682\" class=\"wp-block-cover__image-background wp-image-4553 size-large\" alt=\"T\u00e8rra Aventura chasse tr\u00e9sors Coteaux B\u00e9arn Madiran\" src=\"https:\/\/www.bearnmadiran-tourisme.fr\/wp-content\/uploads\/2025\/04\/pontacq-terra-aventura-cph-laurencon-crtna-1024x682.jpg\" data-object-fit=\"cover\" srcset=\"https:\/\/www.bearnmadiran-tourisme.fr\/wp-content\/uploads\/2025\/04\/pontacq-terra-aventura-cph-laurencon-crtna-1024x682.jpg 1024w, https:\/\/www.bearnmadiran-tourisme.fr\/wp-content\/uploads\/2025\/04\/pontacq-terra-aventura-cph-laurencon-crtna-800x533.jpg 800w, https:\/\/www.bearnmadiran-tourisme.fr\/wp-content\/uploads\/2025\/04\/pontacq-terra-aventura-cph-laurencon-crtna-300x200.jpg 300w, https:\/\/www.bearnmadiran-tourisme.fr\/wp-content\/uploads\/2025\/04\/pontacq-terra-aventura-cph-laurencon-crtna-768x512.jpg 768w, https:\/\/www.bearnmadiran-tourisme.fr\/wp-content\/uploads\/2025\/04\/pontacq-terra-aventura-cph-laurencon-crtna-1536x1024.jpg 1536w, https:\/\/www.bearnmadiran-tourisme.fr\/wp-content\/uploads\/2025\/04\/pontacq-terra-aventura-cph-laurencon-crtna.jpg 2000w\" sizes=\"(max-width: 1024px) 100vw, 1024px\" \/><span aria-hidden=\"true\" class=\"wp-block-cover__background has-background-dim\"><\/span><div class=\"wp-block-cover__inner-container is-layout-flow wp-block-cover-is-layout-flow\">\n<h3 class=\"wp-block-heading has-white-color has-text-color has-medium-font-size\"><strong>B\u00fasquedas del tesoro de T\u00e8rra Aventura<\/strong><\/h3>\n\n\n\n<p class=\"wp-block-paragraph\"><\/p>\n\n\n<\/div><span class=\"image-credit\"><span class=\"copy-sign\">\u00a9<\/span><span class=\"copy-content\">P. Laurencon &#8211; CRTNA<\/span><\/span><\/div>\n\n<\/div>\t\t\t\t\t<div class=\"wp-block-button\">\r\n\t\t\t<button class=\"wp-block-button__link\">Descubrir<\/button>\r\n\t\t<\/div>\r\n\t\t\t<\/a>\r\n\t\t<\/div>\r\n<\/div>\n<\/div>\n<\/div>\n<\/div>\n<\/div><\/section>\n\n<h3 class=\"wp-block-heading has-text-align-center\">Actividades de ocio<\/h3>\n<div id=\"ts-block-682daa66573a2\"  class=\"is-style-map\">\n\t\t<script type=\"text\/javascript\">\n\t\tvar tsObjects = {\"type\":\"FeatureCollection\",\"features\":[{\"geometry\":{\"type\":\"Point\",\"coordinates\":[-0.315013,43.3756]},\"type\":\"Feature\",\"id\":\"ASCAQU064FS0000W\",\"properties\":{\"objectTypeCode\":\"ASC\",\"name\":\"EARL du Brana\",\"marker_id\":\"ASCAQU064FS0000W\",\"commune\":\"SAINT-CASTIN\",\"display_city\":\"1\",\"cp\":\"64160\",\"ad1\":\"16 route de Serres-Castet\",\"gmapLongitude\":-0.315013,\"gmapLatitude\":43.3756,\"zone1\":null,\"telephone\":\"+33 5 59 33 27 00\",\"detail_url\":\"https:\\\/\\\/www.bearnmadiran-tourisme.fr\\\/es\\\/descubrir\\\/actividades\\\/saint-castin\\\/ASCAQU064FS0000W-earl-du-brana\\\/\",\"excerpt\":\"\\u00c0 seulement 10 minutes au nord-est de Pau, l\\u2019Earl du Brana domine les hauteurs d\\u2019une colline avec, en toile de fond, la cha\\u00eene des Pyr\\u00e9n\\u00e9es. Dans ce cadre naturel, le&hellip;\",\"display_excerpt\":\"1\",\"photo\":\"https:\\\/\\\/www.bearnmadiran-tourisme.fr\\\/wp-content\\\/uploads\\\/tis\\\/St-Castin-elevage-du-brana-cph-OT--27-.jpg\",\"clas\":null,\"btn_label\":\"Ver m\\u00e1s\",\"btn_class\":null,\"durable\":false,\"charte\":\"\",\"durable_label\":\"Desarrollo sostenible\",\"online_bookable\":false,\"price_from\":false,\"tags\":[{\"object_tag_id\":\"132011\",\"syndicObjectID\":\"ASCAQU064FS0000W\",\"tag_id\":\"3\",\"subtag_id\":\"1\",\"field\":\"Equitation\"}],\"type\":\"Place\"}},{\"geometry\":{\"type\":\"Point\",\"coordinates\":[-0.495454,43.5207]},\"type\":\"Feature\",\"id\":\"ASCAQU064V58BXNA\",\"properties\":{\"objectTypeCode\":\"ASC\",\"name\":\"Ranch Tagada\",\"marker_id\":\"ASCAQU064V58BXNA\",\"commune\":\"PIETS-PLASENCE-MOUSTROU\",\"display_city\":\"1\",\"cp\":\"64410\",\"ad1\":\"Chemin Th\\u00e9odore\",\"gmapLongitude\":-0.495454,\"gmapLatitude\":43.5207,\"zone1\":null,\"telephone\":\"\",\"detail_url\":\"https:\\\/\\\/www.bearnmadiran-tourisme.fr\\\/es\\\/descubrir\\\/actividades\\\/piets-plasence-moustrou\\\/ASCAQU064V58BXNA-ranch-tagada\\\/\",\"excerpt\":\"Un remanso de paz en el coraz\\u00f3n de la campi\\u00f1a bearnesa, cerca del pueblo medieval de Morlanne, el rancho Tagada le da la bienvenida para compartir su pasi\\u00f3n por los&hellip;\",\"display_excerpt\":\"1\",\"photo\":\"https:\\\/\\\/www.bearnmadiran-tourisme.fr\\\/wp-content\\\/uploads\\\/tis\\\/Ranch-Tagada-2.jpg\",\"clas\":null,\"btn_label\":\"Ver m\\u00e1s\",\"btn_class\":null,\"durable\":false,\"charte\":\"\",\"durable_label\":\"Desarrollo sostenible\",\"online_bookable\":false,\"price_from\":false,\"tags\":[{\"object_tag_id\":\"132048\",\"syndicObjectID\":\"ASCAQU064V58BXNA\",\"tag_id\":\"3\",\"subtag_id\":\"1\",\"field\":\"Equitation\"}],\"type\":\"Place\"}},{\"geometry\":{\"type\":\"Point\",\"coordinates\":[-0.475726,43.5677]},\"type\":\"Feature\",\"id\":\"ASCAQU064FS000CI\",\"properties\":{\"objectTypeCode\":\"ASC\",\"name\":\"Le Carrousel Aquitain\",\"marker_id\":\"ASCAQU064FS000CI\",\"commune\":\"MALAUSSANNE\",\"display_city\":\"1\",\"cp\":\"64410\",\"ad1\":\"278 impasse Carrousel\",\"gmapLongitude\":-0.475726,\"gmapLatitude\":43.5677,\"zone1\":null,\"telephone\":\"+33 5 59 04 83 86\",\"detail_url\":\"https:\\\/\\\/www.bearnmadiran-tourisme.fr\\\/es\\\/descubrir\\\/actividades\\\/malaussanne\\\/ASCAQU064FS000CI-le-carrousel-aquitain\\\/\",\"excerpt\":\"El Carroussel Aquitain est\\u00e1 situado en el coraz\\u00f3n de la campi\\u00f1a bearnesa, a pocos kil\\u00f3metros de los vi\\u00f1edos de Cabidos, y no lejos de la Bastide d'Arzacq. Carole le ofrece&hellip;\",\"display_excerpt\":\"1\",\"photo\":\"https:\\\/\\\/www.bearnmadiran-tourisme.fr\\\/wp-content\\\/uploads\\\/tis\\\/girl-gd94e9191c-1920-credit-KarinaCarvalho-1440x1080.jpg\",\"clas\":null,\"btn_label\":\"Ver m\\u00e1s\",\"btn_class\":null,\"durable\":false,\"charte\":\"\",\"durable_label\":\"Desarrollo sostenible\",\"online_bookable\":false,\"price_from\":false,\"tags\":[{\"object_tag_id\":\"132032\",\"syndicObjectID\":\"ASCAQU064FS000CI\",\"tag_id\":\"3\",\"subtag_id\":\"1\",\"field\":\"Equitation\"},{\"object_tag_id\":\"132033\",\"syndicObjectID\":\"ASCAQU064FS000CI\",\"tag_id\":\"3\",\"subtag_id\":\"1\",\"field\":\"Randonn\\u00e9e \\u00e9questre\"}],\"type\":\"Place\"}},{\"geometry\":{\"type\":\"Point\",\"coordinates\":[-0.208644,43.5397]},\"type\":\"Feature\",\"id\":\"ASCAQU064V50BEQV\",\"properties\":{\"objectTypeCode\":\"ASC\",\"name\":\"Centre \\u00c9questre Les Crins de la Boulise\",\"marker_id\":\"ASCAQU064V50BEQV\",\"commune\":\"MASCARAAS-HARON\",\"display_city\":\"1\",\"cp\":\"64330\",\"ad1\":\"Chemin de Marty\",\"gmapLongitude\":-0.208644,\"gmapLatitude\":43.5397,\"zone1\":null,\"telephone\":\"\",\"detail_url\":\"https:\\\/\\\/www.bearnmadiran-tourisme.fr\\\/es\\\/descubrir\\\/actividades\\\/mascaraas-haron\\\/ASCAQU064V50BEQV-centre-equestre-les-crins-de-la-boulise\\\/\",\"excerpt\":\"Au nord-est de Pau, dans les paysages vallonn\\u00e9s de la campagne b\\u00e9arnaise, le centre \\u00e9questre Les Crins de la Boulise \\u00e0 Mascara\\u00e0s vous invite \\u00e0 une immersion \\u00e9questre au c\\u0153ur&hellip;\",\"display_excerpt\":\"1\",\"photo\":\"https:\\\/\\\/www.bearnmadiran-tourisme.fr\\\/wp-content\\\/uploads\\\/tis\\\/Mascaraas-Les-crins-de-la-boulise-cph-Marlene-2-.jpg\",\"clas\":null,\"btn_label\":\"Ver m\\u00e1s\",\"btn_class\":null,\"durable\":false,\"charte\":\"\",\"durable_label\":\"Desarrollo sostenible\",\"online_bookable\":false,\"price_from\":false,\"tags\":[{\"object_tag_id\":\"132043\",\"syndicObjectID\":\"ASCAQU064V50BEQV\",\"tag_id\":\"3\",\"subtag_id\":\"1\",\"field\":\"Equitation\"},{\"object_tag_id\":\"132044\",\"syndicObjectID\":\"ASCAQU064V50BEQV\",\"tag_id\":\"3\",\"subtag_id\":\"1\",\"field\":\"Randonn\\u00e9e \\u00e9questre\"}],\"type\":\"Place\"}},{\"geometry\":{\"type\":\"Point\",\"coordinates\":[-0.100467,43.4499]},\"type\":\"Feature\",\"id\":\"ASCAQU064V5BRNQ4\",\"properties\":{\"objectTypeCode\":\"ASC\",\"name\":\"La Folie des Grandeurs \\u00e0 cheval\",\"marker_id\":\"ASCAQU064V5BRNQ4\",\"commune\":\"LEMBEYE\",\"display_city\":\"1\",\"cp\":\"64350\",\"ad1\":\"10 Rue Juliaa\",\"gmapLongitude\":-0.100467,\"gmapLatitude\":43.4499,\"zone1\":null,\"telephone\":\"\",\"detail_url\":\"https:\\\/\\\/www.bearnmadiran-tourisme.fr\\\/es\\\/descubrir\\\/actividades\\\/lembeye\\\/ASCAQU064V5BRNQ4-la-folie-des-grandeurs-a-cheval\\\/\",\"excerpt\":\"Au c\\u0153ur du B\\u00e9arn et du vignoble de Madiran, \\u00e0 Lembeye, \\u00ab La Folie des grandeurs \\u00e0 cheval \\u00bb vous plonge dans une v\\u00e9ritable parenth\\u00e8se \\u00e9questre avec vue sur le&hellip;\",\"display_excerpt\":\"1\",\"photo\":\"https:\\\/\\\/www.bearnmadiran-tourisme.fr\\\/wp-content\\\/uploads\\\/tis\\\/Lembeye-La-Folie-des-Grandeurs-a-cheval--1-.jpg\",\"clas\":null,\"btn_label\":\"Ver m\\u00e1s\",\"btn_class\":null,\"durable\":false,\"charte\":\"\",\"durable_label\":\"Desarrollo sostenible\",\"online_bookable\":false,\"price_from\":false,\"tags\":[{\"object_tag_id\":\"132079\",\"syndicObjectID\":\"ASCAQU064V5BRNQ4\",\"tag_id\":\"3\",\"subtag_id\":\"1\",\"field\":\"Equitation\"}],\"type\":\"Place\"}},{\"geometry\":{\"type\":\"Point\",\"coordinates\":[-0.140328,43.2812]},\"type\":\"Feature\",\"id\":\"ASCAQU064V5770A3\",\"properties\":{\"objectTypeCode\":\"ASC\",\"name\":\"Club Nautique Pyr\\u00e9n\\u00e9en - Voile, kayak et paddle\",\"marker_id\":\"ASCAQU064V5770A3\",\"commune\":\"LOURENTIES\",\"display_city\":\"1\",\"cp\":\"64420\",\"ad1\":\"Route de Claret\",\"gmapLongitude\":-0.140328,\"gmapLatitude\":43.2812,\"zone1\":null,\"telephone\":\"+33 5 59 21 96 50\",\"detail_url\":\"https:\\\/\\\/www.bearnmadiran-tourisme.fr\\\/es\\\/descubrir\\\/actividades\\\/lourenties\\\/ASCAQU064V5770A3-club-nautique-pyreneen-voile-kayak-et-paddle\\\/\",\"excerpt\":\"Des voiles blanches et color\\u00e9es qui glissent au c\\u0153ur de la campagne b\\u00e9arnaise\\u2026 bienvenue au lac du Gabas ! Plus grand plan d\\u2019eau int\\u00e9rieur navigable \\u00e0 la crois\\u00e9e des Pyr\\u00e9n\\u00e9es-Atlantiques&hellip;\",\"display_excerpt\":\"1\",\"photo\":\"https:\\\/\\\/www.bearnmadiran-tourisme.fr\\\/wp-content\\\/uploads\\\/tis\\\/lac-Gabas-activites-nautiques-juillet-2026---SMT--23-.jpg\",\"clas\":null,\"btn_label\":\"Ver m\\u00e1s\",\"btn_class\":null,\"durable\":false,\"charte\":\"\",\"durable_label\":\"Desarrollo sostenible\",\"online_bookable\":false,\"price_from\":false,\"tags\":[{\"object_tag_id\":\"138985\",\"syndicObjectID\":\"ASCAQU064V5770A3\",\"tag_id\":\"5\",\"subtag_id\":\"7\",\"field\":\"Voile\"}],\"type\":\"Place\"}},{\"geometry\":{\"type\":\"Point\",\"coordinates\":[-0.346549,43.4147]},\"type\":\"Feature\",\"id\":\"ASCAQU064V5BPNSN\",\"properties\":{\"objectTypeCode\":\"ASC\",\"name\":\"Pyr\\u00e9n\\u00e9es Eaux Vives\",\"marker_id\":\"ASCAQU064V5BPNSN\",\"commune\":\"NAVAILLES-ANGOS\",\"display_city\":\"1\",\"cp\":\"64450\",\"ad1\":\"8 chemin des Elfes\",\"gmapLongitude\":-0.346549,\"gmapLatitude\":43.4147,\"zone1\":null,\"telephone\":\"\",\"detail_url\":\"https:\\\/\\\/www.bearnmadiran-tourisme.fr\\\/es\\\/descubrir\\\/actividades\\\/navailles-angos\\\/ASCAQU064V5BPNSN-pyrenees-eaux-vives\\\/\",\"excerpt\":\"\\u00c0 Navailles-Angos, en B\\u00e9arn, Pyr\\u00e9n\\u00e9es Eaux Vives vous invite \\u00e0 vivre une aventure aquatique intense au fil des plus belles rivi\\u00e8res des Pyr\\u00e9n\\u00e9es.Kayak, rafting ou stand up paddle : ici,&hellip;\",\"display_excerpt\":\"1\",\"photo\":\"https:\\\/\\\/www.bearnmadiran-tourisme.fr\\\/wp-content\\\/uploads\\\/tis\\\/Navailles-Angos-Pyrenees-Eaux-Vives-credit-PEV--7-.jpg\",\"clas\":null,\"btn_label\":\"Ver m\\u00e1s\",\"btn_class\":null,\"durable\":false,\"charte\":\"\",\"durable_label\":\"Desarrollo sostenible\",\"online_bookable\":false,\"price_from\":false,\"tags\":[{\"object_tag_id\":\"132077\",\"syndicObjectID\":\"ASCAQU064V5BPNSN\",\"tag_id\":\"5\",\"subtag_id\":\"7\",\"field\":\"Rafting\"},{\"object_tag_id\":\"132078\",\"syndicObjectID\":\"ASCAQU064V5BPNSN\",\"tag_id\":\"3\",\"subtag_id\":\"30\",\"field\":\"Cano\\u00e9 kayak\"}],\"type\":\"Place\"}},{\"geometry\":{\"type\":\"Point\",\"coordinates\":[-0.472815,43.4372]},\"type\":\"Feature\",\"id\":\"ASCAQU064V5BC2VC\",\"properties\":{\"objectTypeCode\":\"ASC\",\"name\":\"Julien Micro Aventures\",\"marker_id\":\"ASCAQU064V5BC2VC\",\"commune\":\"MAZEROLLES\",\"display_city\":\"1\",\"cp\":\"64230\",\"ad1\":\"31 route de Labielle\",\"gmapLongitude\":-0.472815,\"gmapLatitude\":43.4372,\"zone1\":null,\"telephone\":\"\",\"detail_url\":\"https:\\\/\\\/www.bearnmadiran-tourisme.fr\\\/es\\\/descubrir\\\/actividades\\\/mazerolles\\\/ASCAQU064V5BC2VC-julien-micro-aventures\\\/\",\"excerpt\":\"Aventurero de coraz\\u00f3n y apasionado de los viajes itinerantes en solitario y aut\\u00f3nomos, Julien siempre busca nuevos espacios salvajes que descubrir y nuevas formas de combinar la aventura con la&hellip;\",\"display_excerpt\":\"1\",\"photo\":\"https:\\\/\\\/www.bearnmadiran-tourisme.fr\\\/wp-content\\\/uploads\\\/tis\\\/Mazerolles-Julien-Micro-Aventures-credit-Julien-Cachau--9----Copie.jpg\",\"clas\":null,\"btn_label\":\"Ver m\\u00e1s\",\"btn_class\":null,\"durable\":false,\"charte\":\"\",\"durable_label\":\"Desarrollo sostenible\",\"online_bookable\":false,\"price_from\":false,\"tags\":[{\"object_tag_id\":\"132072\",\"syndicObjectID\":\"ASCAQU064V5BC2VC\",\"tag_id\":\"3\",\"subtag_id\":\"3\",\"field\":\"Trekking\"}],\"type\":\"Place\"}},{\"geometry\":{\"type\":\"Point\",\"coordinates\":[-0.27113,43.562]},\"type\":\"Feature\",\"id\":\"ASCAQU064V5AYT0V\",\"properties\":{\"objectTypeCode\":\"ASC\",\"name\":\"Dans le Chapeau d'Olivier \",\"marker_id\":\"ASCAQU064V5AYT0V\",\"commune\":\"GARLIN\",\"display_city\":\"1\",\"cp\":\"64330\",\"ad1\":\"\",\"gmapLongitude\":-0.27113,\"gmapLatitude\":43.562,\"zone1\":null,\"telephone\":\"\",\"detail_url\":\"https:\\\/\\\/www.bearnmadiran-tourisme.fr\\\/es\\\/descubrir\\\/actividades\\\/garlin\\\/ASCAQU064V5AYT0V-dans-le-chapeau-dolivier\\\/\",\"excerpt\":\"En B\\u00e9arn, dans les Pyr\\u00e9n\\u00e9es-Atlantiques, Olivier invite petits et grands \\u00e0 vivre des exp\\u00e9riences nature au contact des espaces naturels.Avec Olivier, animateur nature passionn\\u00e9, chaque sortie devient une aventure sensorielle&hellip;\",\"display_excerpt\":\"1\",\"photo\":\"https:\\\/\\\/www.bearnmadiran-tourisme.fr\\\/wp-content\\\/uploads\\\/tis\\\/Dans-le-Chapeau-d-Olivier---Bearn---cph-Olivier-Breton.JPG\",\"clas\":null,\"btn_label\":\"Ver m\\u00e1s\",\"btn_class\":null,\"durable\":false,\"charte\":\"\",\"durable_label\":\"Desarrollo sostenible\",\"online_bookable\":false,\"price_from\":false,\"tags\":[{\"object_tag_id\":\"132063\",\"syndicObjectID\":\"ASCAQU064V5AYT0V\",\"tag_id\":\"3\",\"subtag_id\":\"3\",\"field\":\"Randonn\\u00e9e p\\u00e9destre\"},{\"object_tag_id\":\"132062\",\"syndicObjectID\":\"ASCAQU064V5AYT0V\",\"tag_id\":\"10\",\"subtag_id\":\"5\",\"field\":\"Faune - flore\"}],\"type\":\"Place\"}},{\"geometry\":{\"type\":\"Point\",\"coordinates\":[-0.295488,43.3983]},\"type\":\"Feature\",\"id\":\"LOIAQU064V5AYK28\",\"properties\":{\"objectTypeCode\":\"LOI\",\"name\":\"Lac d'Anos ou Lac de Saint-Arnou\",\"marker_id\":\"LOIAQU064V5AYK28\",\"commune\":\"ANOS\",\"display_city\":\"1\",\"cp\":\"64160\",\"ad1\":\"Route du Lac\",\"gmapLongitude\":-0.295488,\"gmapLatitude\":43.3983,\"zone1\":null,\"telephone\":\"\",\"detail_url\":\"https:\\\/\\\/www.bearnmadiran-tourisme.fr\\\/es\\\/descubrir\\\/actividades\\\/anos\\\/LOIAQU064V5AYK28-lac-danos-ou-lac-de-saint-arnou\\\/\",\"excerpt\":\"Lago de riego de 14 ha en el coraz\\u00f3n de la campi\\u00f1a bearnesa, donde se cr\\u00edan carpas, lucios y cucarachas El lago est\\u00e1 cerrado a la pesca nocturna de carpas&hellip;\",\"display_excerpt\":\"1\",\"photo\":\"https:\\\/\\\/www.bearnmadiran-tourisme.fr\\\/wp-content\\\/uploads\\\/tis\\\/anos-la-guinguette-cph-la-guinguette-du-lac-r.png\",\"clas\":null,\"btn_label\":\"Ver m\\u00e1s\",\"btn_class\":null,\"durable\":false,\"charte\":\"\",\"durable_label\":\"Desarrollo sostenible\",\"online_bookable\":false,\"price_from\":false,\"tags\":[{\"object_tag_id\":\"132444\",\"syndicObjectID\":\"LOIAQU064V5AYK28\",\"tag_id\":\"3\",\"subtag_id\":\"63\",\"field\":\"Lac \\\/ site et parcours de p\\u00eache\"}],\"type\":\"Place\"}},{\"geometry\":{\"type\":\"Point\",\"coordinates\":[-0.425268,43.5349]},\"type\":\"Feature\",\"id\":\"LOIAQU064FS000FL\",\"properties\":{\"objectTypeCode\":\"LOI\",\"name\":\"Lac\",\"marker_id\":\"LOIAQU064FS000FL\",\"commune\":\"ARZACQ-ARRAZIGUET\",\"display_city\":\"1\",\"cp\":\"64410\",\"ad1\":\"D946\",\"gmapLongitude\":-0.425268,\"gmapLatitude\":43.5349,\"zone1\":null,\"telephone\":\"+33 6 82 79 36 26\",\"detail_url\":\"https:\\\/\\\/www.bearnmadiran-tourisme.fr\\\/es\\\/descubrir\\\/actividades\\\/arzacq-arraziguet\\\/LOIAQU064FS000FL-lac\\\/\",\"excerpt\":\"Siguiendo el GR65, en el camino de Santiago de Compostela (ruta del Puy en Velay), el recorrido del lago, sin dificultad, le permitir\\u00e1 apreciar la fauna y la flora durante&hellip;\",\"display_excerpt\":\"1\",\"photo\":\"https:\\\/\\\/www.bearnmadiran-tourisme.fr\\\/wp-content\\\/uploads\\\/tis\\\/Lac-Arzacq-1440x987-3.jpg\",\"clas\":null,\"btn_label\":\"Ver m\\u00e1s\",\"btn_class\":null,\"durable\":false,\"charte\":\"\",\"durable_label\":\"Desarrollo sostenible\",\"online_bookable\":false,\"price_from\":false,\"tags\":[{\"object_tag_id\":\"142029\",\"syndicObjectID\":\"LOIAQU064FS000FL\",\"tag_id\":\"3\",\"subtag_id\":\"63\",\"field\":\"Lac \\\/ site et parcours de p\\u00eache\"}],\"type\":\"Place\"}},{\"geometry\":{\"type\":\"Point\",\"coordinates\":[-0.116934,43.5749]},\"type\":\"Feature\",\"id\":\"LOIAQU064V505K5Y\",\"properties\":{\"objectTypeCode\":\"LOI\",\"name\":\"Lac\",\"marker_id\":\"LOIAQU064V505K5Y\",\"commune\":\"AYDIE\",\"display_city\":\"1\",\"cp\":\"64330\",\"ad1\":\"\",\"gmapLongitude\":-0.116934,\"gmapLatitude\":43.5749,\"zone1\":null,\"telephone\":\"+33 6 82 79 36 26\",\"detail_url\":\"https:\\\/\\\/www.bearnmadiran-tourisme.fr\\\/es\\\/descubrir\\\/actividades\\\/aydie\\\/LOIAQU064V505K5Y-lac\\\/\",\"excerpt\":\"Rodeado de vi\\u00f1edos de las denominaciones de origen Madiran y Pacherenc du Vic-Bilh, el lago Aydie se utiliza para el riego. Con una superficie de 6 ha, este lago est\\u00e1&hellip;\",\"display_excerpt\":\"1\",\"photo\":\"https:\\\/\\\/www.bearnmadiran-tourisme.fr\\\/wp-content\\\/uploads\\\/tis\\\/lac-Aydie-vic-bilh-madiran-2.jpg\",\"clas\":null,\"btn_label\":\"Ver m\\u00e1s\",\"btn_class\":null,\"durable\":false,\"charte\":\"\",\"durable_label\":\"Desarrollo sostenible\",\"online_bookable\":false,\"price_from\":false,\"tags\":[{\"object_tag_id\":\"142039\",\"syndicObjectID\":\"LOIAQU064V505K5Y\",\"tag_id\":\"3\",\"subtag_id\":\"63\",\"field\":\"Lac \\\/ site et parcours de p\\u00eache\"}],\"type\":\"Place\"}},{\"geometry\":{\"type\":\"Point\",\"coordinates\":[-0.467516,43.4325]},\"type\":\"Feature\",\"id\":\"LOIAQU064V5C46P5\",\"properties\":{\"objectTypeCode\":\"LOI\",\"name\":\"Lac de l'Ayguelongue\",\"marker_id\":\"LOIAQU064V5C46P5\",\"commune\":\"MAZEROLLES\",\"display_city\":\"1\",\"cp\":\"64230\",\"ad1\":\"Route du lac\",\"gmapLongitude\":-0.467516,\"gmapLatitude\":43.4325,\"zone1\":null,\"telephone\":\"+33 5 58 46 63 17\",\"detail_url\":\"https:\\\/\\\/www.bearnmadiran-tourisme.fr\\\/es\\\/descubrir\\\/actividades\\\/mazerolles\\\/LOIAQU064V5C46P5-lac-de-layguelongue\\\/\",\"excerpt\":\"\",\"display_excerpt\":\"1\",\"photo\":\"https:\\\/\\\/www.bearnmadiran-tourisme.fr\\\/wp-content\\\/uploads\\\/tis\\\/MAE028-1.JPG\",\"clas\":null,\"btn_label\":\"Ver m\\u00e1s\",\"btn_class\":null,\"durable\":false,\"charte\":\"\",\"durable_label\":\"Desarrollo sostenible\",\"online_bookable\":false,\"price_from\":false,\"tags\":[{\"object_tag_id\":\"132482\",\"syndicObjectID\":\"LOIAQU064V5C46P5\",\"tag_id\":\"3\",\"subtag_id\":\"63\",\"field\":\"Lac \\\/ site et parcours de p\\u00eache\"}],\"type\":\"Place\"}},{\"geometry\":{\"type\":\"Point\",\"coordinates\":[-0.071939,43.4636]},\"type\":\"Feature\",\"id\":\"LOIAQU064V505K6B\",\"properties\":{\"objectTypeCode\":\"LOI\",\"name\":\"Lac\",\"marker_id\":\"LOIAQU064V505K6B\",\"commune\":\"BASSILLON-VAUZE\",\"display_city\":\"1\",\"cp\":\"64350\",\"ad1\":\"Route du Lac\",\"gmapLongitude\":-0.071939,\"gmapLatitude\":43.4636,\"zone1\":null,\"telephone\":\"\",\"detail_url\":\"https:\\\/\\\/www.bearnmadiran-tourisme.fr\\\/es\\\/descubrir\\\/actividades\\\/bassillon-vauze\\\/LOIAQU064V505K6B-lac\\\/\",\"excerpt\":\"En los vi\\u00f1edos de Madiran y Pacherenc du Vic-Bilh, el lago de 40 ha de Bassillon-Vauz\\u00e9 est\\u00e1 situado en un rinc\\u00f3n tranquilo del campo. A la entrada del lago hay&hellip;\",\"display_excerpt\":\"1\",\"photo\":\"https:\\\/\\\/www.bearnmadiran-tourisme.fr\\\/wp-content\\\/uploads\\\/tis\\\/Lac-de-Bassillon---Bassillon-Vauze---cph-SMT-NB--29--2.jpg\",\"clas\":null,\"btn_label\":\"Ver m\\u00e1s\",\"btn_class\":null,\"durable\":false,\"charte\":\"\",\"durable_label\":\"Desarrollo sostenible\",\"online_bookable\":false,\"price_from\":false,\"tags\":[{\"object_tag_id\":\"142040\",\"syndicObjectID\":\"LOIAQU064V505K6B\",\"tag_id\":\"3\",\"subtag_id\":\"63\",\"field\":\"Lac \\\/ site et parcours de p\\u00eache\"}],\"type\":\"Place\"}},{\"geometry\":{\"type\":\"Point\",\"coordinates\":[-0.321639,43.5489]},\"type\":\"Feature\",\"id\":\"LOIAQU064V505KRB\",\"properties\":{\"objectTypeCode\":\"LOI\",\"name\":\"Lac\",\"marker_id\":\"LOIAQU064V505KRB\",\"commune\":\"BOUEILH-BOUEILHO-LASQUE\",\"display_city\":\"1\",\"cp\":\"64330\",\"ad1\":\"D946\",\"gmapLongitude\":-0.321639,\"gmapLatitude\":43.5489,\"zone1\":null,\"telephone\":\"\",\"detail_url\":\"https:\\\/\\\/www.bearnmadiran-tourisme.fr\\\/es\\\/descubrir\\\/actividades\\\/boueilh-boueilho-lasque\\\/LOIAQU064V505KRB-lac\\\/\",\"excerpt\":\"Situado en Vic-Bilh, este lago de 16 hect\\u00e1reas alberga peces blancos y depredadores. Se permite la pesca en barco y la pesca nocturna de carpas. Black Bass debe ser devuelto&hellip;\",\"display_excerpt\":\"1\",\"photo\":\"https:\\\/\\\/www.bearnmadiran-tourisme.fr\\\/wp-content\\\/uploads\\\/tis\\\/lac-boueilh-4.jpg\",\"clas\":null,\"btn_label\":\"Ver m\\u00e1s\",\"btn_class\":null,\"durable\":false,\"charte\":\"\",\"durable_label\":\"Desarrollo sostenible\",\"online_bookable\":false,\"price_from\":false,\"tags\":[{\"object_tag_id\":\"142041\",\"syndicObjectID\":\"LOIAQU064V505KRB\",\"tag_id\":\"3\",\"subtag_id\":\"63\",\"field\":\"Lac \\\/ site et parcours de p\\u00eache\"}],\"type\":\"Place\"}},{\"geometry\":{\"type\":\"Point\",\"coordinates\":[-0.150038,43.516]},\"type\":\"Feature\",\"id\":\"LOIAQU064V505KRV\",\"properties\":{\"objectTypeCode\":\"LOI\",\"name\":\"Lac \",\"marker_id\":\"LOIAQU064V505KRV\",\"commune\":\"CADILLON\",\"display_city\":\"1\",\"cp\":\"64330\",\"ad1\":\"D13\",\"gmapLongitude\":-0.150038,\"gmapLatitude\":43.516,\"zone1\":null,\"telephone\":\"\",\"detail_url\":\"https:\\\/\\\/www.bearnmadiran-tourisme.fr\\\/es\\\/descubrir\\\/actividades\\\/cadillon\\\/LOIAQU064V505KRV-lac\\\/\",\"excerpt\":\"En los vi\\u00f1edos de Madiran y Pacherenc du Vic-Bilh, el lago Cadillon tiene una superficie de 17 ha. Es el hogar de muchos depredadores como el lucioperca, la perca y&hellip;\",\"display_excerpt\":\"1\",\"photo\":\"https:\\\/\\\/www.bearnmadiran-tourisme.fr\\\/wp-content\\\/uploads\\\/tis\\\/Cadillon---Lac-de-Cadillon-SMT-9-juil-2025--32-.JPG\",\"clas\":null,\"btn_label\":\"Ver m\\u00e1s\",\"btn_class\":null,\"durable\":false,\"charte\":\"\",\"durable_label\":\"Desarrollo sostenible\",\"online_bookable\":false,\"price_from\":false,\"tags\":[{\"object_tag_id\":\"132421\",\"syndicObjectID\":\"LOIAQU064V505KRV\",\"tag_id\":\"3\",\"subtag_id\":\"63\",\"field\":\"Lac \\\/ site et parcours de p\\u00eache\"}],\"type\":\"Place\"}},{\"geometry\":{\"type\":\"Point\",\"coordinates\":[-0.099886,43.4618]},\"type\":\"Feature\",\"id\":\"LOIAQU064V505KSU\",\"properties\":{\"objectTypeCode\":\"LOI\",\"name\":\"Lac\",\"marker_id\":\"LOIAQU064V505KSU\",\"commune\":\"CASTILLON (CANTON DE LEMBEYE)\",\"display_city\":\"1\",\"cp\":\"64350\",\"ad1\":\"Chemin du Lac \",\"gmapLongitude\":-0.099886,\"gmapLatitude\":43.4618,\"zone1\":null,\"telephone\":\"\",\"detail_url\":\"https:\\\/\\\/www.bearnmadiran-tourisme.fr\\\/es\\\/descubrir\\\/actividades\\\/castillon-canton-de-lembeye\\\/LOIAQU064V505KSU-lac\\\/\",\"excerpt\":\"Situado en los vi\\u00f1edos de Madiran y Pacherenc du Vic-Bilh, el lago Castillon-de-Lembeye tiene una superficie de 7 ha. Esta masa de agua est\\u00e1 muy poblada de cipr\\u00ednidos (carpa, cucaracha&hellip;\",\"display_excerpt\":\"1\",\"photo\":\"https:\\\/\\\/www.bearnmadiran-tourisme.fr\\\/wp-content\\\/uploads\\\/tis\\\/Lac-de-Castillon-2-2.jpg\",\"clas\":null,\"btn_label\":\"Ver m\\u00e1s\",\"btn_class\":null,\"durable\":false,\"charte\":\"\",\"durable_label\":\"Desarrollo sostenible\",\"online_bookable\":false,\"price_from\":false,\"tags\":[{\"object_tag_id\":\"142042\",\"syndicObjectID\":\"LOIAQU064V505KSU\",\"tag_id\":\"3\",\"subtag_id\":\"63\",\"field\":\"Lac \\\/ site et parcours de p\\u00eache\"}],\"type\":\"Place\"}},{\"geometry\":{\"type\":\"Point\",\"coordinates\":[-0.087476,43.4632]},\"type\":\"Feature\",\"id\":\"LOIAQU064V505KTA\",\"properties\":{\"objectTypeCode\":\"LOI\",\"name\":\"Lac de Corb\\u00e8re-Ab\\u00e8res\\\/Lembeye\",\"marker_id\":\"LOIAQU064V505KTA\",\"commune\":\"CORBERE-ABERES\",\"display_city\":\"1\",\"cp\":\"64350\",\"ad1\":\"4 chemin rural d'Arnaud\",\"gmapLongitude\":-0.087476,\"gmapLatitude\":43.4632,\"zone1\":null,\"telephone\":\"\",\"detail_url\":\"https:\\\/\\\/www.bearnmadiran-tourisme.fr\\\/es\\\/descubrir\\\/actividades\\\/corbere-aberes\\\/LOIAQU064V505KTA-lac-de-corbere-aberes-lembeye\\\/\",\"excerpt\":\"En los vi\\u00f1edos de Madiran y Pacherenc du Vic-Bilh, el lago Corb\\u00e8re-Ab\\u00e8res tiene una superficie de 22 ha. Es el hogar de muchas carpas de 4 a 6 kg. Autoriza&hellip;\",\"display_excerpt\":\"1\",\"photo\":\"https:\\\/\\\/www.bearnmadiran-tourisme.fr\\\/wp-content\\\/uploads\\\/tis\\\/Lac-de-Corbere-Aberes-1.JPG\",\"clas\":null,\"btn_label\":\"Ver m\\u00e1s\",\"btn_class\":null,\"durable\":false,\"charte\":\"\",\"durable_label\":\"Desarrollo sostenible\",\"online_bookable\":false,\"price_from\":false,\"tags\":[{\"object_tag_id\":\"142043\",\"syndicObjectID\":\"LOIAQU064V505KTA\",\"tag_id\":\"3\",\"subtag_id\":\"63\",\"field\":\"Lac \\\/ site et parcours de p\\u00eache\"}],\"type\":\"Place\"}},{\"geometry\":{\"type\":\"Point\",\"coordinates\":[-0.140469,43.2919]},\"type\":\"Feature\",\"id\":\"LOIAQU064V5C2XEJ\",\"properties\":{\"objectTypeCode\":\"LOI\",\"name\":\"Lac du Gabas\",\"marker_id\":\"LOIAQU064V5C2XEJ\",\"commune\":\"ESLOURENTIES-DABAN\",\"display_city\":\"1\",\"cp\":\"64420\",\"ad1\":\"Chemin du lac\",\"gmapLongitude\":-0.140469,\"gmapLatitude\":43.2919,\"zone1\":null,\"telephone\":\"+33 5 59 04 15 84\",\"detail_url\":\"https:\\\/\\\/www.bearnmadiran-tourisme.fr\\\/es\\\/descubrir\\\/actividades\\\/eslourenties-daban\\\/LOIAQU064V5C2XEJ-lac-du-gabas\\\/\",\"excerpt\":\"\",\"display_excerpt\":\"1\",\"photo\":\"https:\\\/\\\/www.bearnmadiran-tourisme.fr\\\/wp-content\\\/uploads\\\/tis\\\/Eslourenties-lac-Gabas-credit-Manu-Ferreira.jpg\",\"clas\":null,\"btn_label\":\"Ver m\\u00e1s\",\"btn_class\":null,\"durable\":false,\"charte\":\"\",\"durable_label\":\"Desarrollo sostenible\",\"online_bookable\":false,\"price_from\":false,\"tags\":[{\"object_tag_id\":\"132478\",\"syndicObjectID\":\"LOIAQU064V5C2XEJ\",\"tag_id\":\"3\",\"subtag_id\":\"63\",\"field\":\"Lac \\\/ site et parcours de p\\u00eache\"}],\"type\":\"Place\"}},{\"geometry\":{\"type\":\"Point\",\"coordinates\":[-0.27168,43.5459]},\"type\":\"Feature\",\"id\":\"LOIAQU064V505KTL\",\"properties\":{\"objectTypeCode\":\"LOI\",\"name\":\"Lac du Gabassot\",\"marker_id\":\"LOIAQU064V505KTL\",\"commune\":\"GARLIN\",\"display_city\":\"1\",\"cp\":\"64330\",\"ad1\":\"Chemin Bouyaguet \",\"gmapLongitude\":-0.27168,\"gmapLatitude\":43.5459,\"zone1\":null,\"telephone\":\"\",\"detail_url\":\"https:\\\/\\\/www.bearnmadiran-tourisme.fr\\\/es\\\/descubrir\\\/actividades\\\/garlin\\\/LOIAQU064V505KTL-lac-du-gabassot\\\/\",\"excerpt\":\"Situado en Garlin, Lac du Gabassot tiene una superficie de 45 ha. Tiene una poblaci\\u00f3n muy grande de lucioperca y perca. Tambi\\u00e9n alberga muchas carpas. Se permite la pesca en&hellip;\",\"display_excerpt\":\"1\",\"photo\":\"https:\\\/\\\/www.bearnmadiran-tourisme.fr\\\/wp-content\\\/uploads\\\/tis\\\/lac-garlin-gabassot-vic-bilh-credit-photo-guide-bearn-pyrenees---Copie.jpg\",\"clas\":null,\"btn_label\":\"Ver m\\u00e1s\",\"btn_class\":null,\"durable\":false,\"charte\":\"\",\"durable_label\":\"Desarrollo sostenible\",\"online_bookable\":false,\"price_from\":false,\"tags\":[{\"object_tag_id\":\"142044\",\"syndicObjectID\":\"LOIAQU064V505KTL\",\"tag_id\":\"3\",\"subtag_id\":\"63\",\"field\":\"Lac \\\/ site et parcours de p\\u00eache\"}],\"type\":\"Place\"}},{\"geometry\":{\"type\":\"Point\",\"coordinates\":[-0.356283,43.4444]},\"type\":\"Feature\",\"id\":\"LOIAQU064FS000FH\",\"properties\":{\"objectTypeCode\":\"LOI\",\"name\":\" Lac du Balaing\",\"marker_id\":\"LOIAQU064FS000FH\",\"commune\":\"NAVAILLES-ANGOS\",\"display_city\":\"1\",\"cp\":\"64450\",\"ad1\":\"Chemin de Haut\",\"gmapLongitude\":-0.356283,\"gmapLatitude\":43.4444,\"zone1\":null,\"telephone\":\"+33 5 59 33 83 85\",\"detail_url\":\"https:\\\/\\\/www.bearnmadiran-tourisme.fr\\\/es\\\/descubrir\\\/actividades\\\/navailles-angos\\\/LOIAQU064FS000FH-lac-du-balaing\\\/\",\"excerpt\":\"Curso de pesca para ni\\u00f1os, sendero para caminar. Curso de deportes.\",\"display_excerpt\":\"1\",\"photo\":\"https:\\\/\\\/www.bearnmadiran-tourisme.fr\\\/wp-content\\\/uploads\\\/tis\\\/lac-balaing-navailles-angos-tourisme-nord-bearn.JPG\",\"clas\":null,\"btn_label\":\"Ver m\\u00e1s\",\"btn_class\":null,\"durable\":false,\"charte\":\"\",\"durable_label\":\"Desarrollo sostenible\",\"online_bookable\":false,\"price_from\":false,\"tags\":[{\"object_tag_id\":\"142027\",\"syndicObjectID\":\"LOIAQU064FS000FH\",\"tag_id\":\"3\",\"subtag_id\":\"63\",\"field\":\"Lac \\\/ site et parcours de p\\u00eache\"},{\"object_tag_id\":\"142028\",\"syndicObjectID\":\"LOIAQU064FS000FH\",\"tag_id\":\"3\",\"subtag_id\":\"63\",\"field\":\"Pontons handi-p\\u00eache\"}],\"type\":\"Place\"}},{\"geometry\":{\"type\":\"Point\",\"coordinates\":[-0.112909,43.4954]},\"type\":\"Feature\",\"id\":\"LOIAQU064V505KU8\",\"properties\":{\"objectTypeCode\":\"LOI\",\"name\":\"Lac\",\"marker_id\":\"LOIAQU064V505KU8\",\"commune\":\"SEMEACQ-BLACHON\",\"display_city\":\"1\",\"cp\":\"64350\",\"ad1\":\"\",\"gmapLongitude\":-0.112909,\"gmapLatitude\":43.4954,\"zone1\":null,\"telephone\":\"+33 5 59 04 59 36\",\"detail_url\":\"https:\\\/\\\/www.bearnmadiran-tourisme.fr\\\/es\\\/descubrir\\\/actividades\\\/semeacq-blachon\\\/LOIAQU064V505KU8-lac\\\/\",\"excerpt\":\"En los vi\\u00f1edos de Madiran y Pacherenc du Vic-Bilh, el lago S\\u00e9m\\u00e9acq-Blachon tiene una superficie de 8 ha. Esta masa de agua est\\u00e1 muy poblada de lucioperca, carpa y perca.&hellip;\",\"display_excerpt\":\"1\",\"photo\":\"https:\\\/\\\/www.bearnmadiran-tourisme.fr\\\/wp-content\\\/uploads\\\/tis\\\/lac-Semeacq-blachon-1.JPG\",\"clas\":null,\"btn_label\":\"Ver m\\u00e1s\",\"btn_class\":null,\"durable\":false,\"charte\":\"\",\"durable_label\":\"Desarrollo sostenible\",\"online_bookable\":false,\"price_from\":false,\"tags\":[{\"object_tag_id\":\"142045\",\"syndicObjectID\":\"LOIAQU064V505KU8\",\"tag_id\":\"3\",\"subtag_id\":\"63\",\"field\":\"Lac \\\/ site et parcours de p\\u00eache\"}],\"type\":\"Place\"}},{\"geometry\":{\"type\":\"Point\",\"coordinates\":[-0.33504,43.387]},\"type\":\"Feature\",\"id\":\"LOIAQU064V5AYK21\",\"properties\":{\"objectTypeCode\":\"LOI\",\"name\":\"Lac\",\"marker_id\":\"LOIAQU064V5AYK21\",\"commune\":\"SERRES-CASTET\",\"display_city\":\"1\",\"cp\":\"64121\",\"ad1\":\"6 Chemin de la Carr\\u00e8re\",\"gmapLongitude\":-0.33504,\"gmapLatitude\":43.387,\"zone1\":null,\"telephone\":\"+33 5 59 04 59 36\",\"detail_url\":\"https:\\\/\\\/www.bearnmadiran-tourisme.fr\\\/es\\\/descubrir\\\/actividades\\\/serres-castet\\\/LOIAQU064V5AYK21-lac\\\/\",\"excerpt\":\"Lago de regad\\u00edo de 30 ha, que alberga principalmente carpas, luciopercas, percas y cucarachas. La pesca de carpas est\\u00e1 permitida por la noche y la pesca en barco no est\\u00e1&hellip;\",\"display_excerpt\":\"1\",\"photo\":\"https:\\\/\\\/www.bearnmadiran-tourisme.fr\\\/wp-content\\\/uploads\\\/tis\\\/lac-Serres-Castet-tourisme-nord-bearn-madiran-2.JPG\",\"clas\":null,\"btn_label\":\"Ver m\\u00e1s\",\"btn_class\":null,\"durable\":false,\"charte\":\"\",\"durable_label\":\"Desarrollo sostenible\",\"online_bookable\":false,\"price_from\":false,\"tags\":[{\"object_tag_id\":\"142050\",\"syndicObjectID\":\"LOIAQU064V5AYK21\",\"tag_id\":\"3\",\"subtag_id\":\"63\",\"field\":\"Lac \\\/ site et parcours de p\\u00eache\"}],\"type\":\"Place\"}},{\"geometry\":{\"type\":\"Point\",\"coordinates\":[-0.357223,43.4723]},\"type\":\"Feature\",\"id\":\"LOIAQU064V5ATFQZ\",\"properties\":{\"objectTypeCode\":\"LOI\",\"name\":\"Lac\",\"marker_id\":\"LOIAQU064V5ATFQZ\",\"commune\":\"THEZE\",\"display_city\":\"1\",\"cp\":\"64450\",\"ad1\":\"Chemin de Tuquet\",\"gmapLongitude\":-0.357223,\"gmapLatitude\":43.4723,\"zone1\":null,\"telephone\":\"+33 5 59 04 59 36\",\"detail_url\":\"https:\\\/\\\/www.bearnmadiran-tourisme.fr\\\/es\\\/descubrir\\\/actividades\\\/theze\\\/LOIAQU064V5ATFQZ-lac\\\/\",\"excerpt\":\"En B\\u00e9arn, a pocos minutos de la bastida de Arzacq, descubra este lago de riego. Este lago de 2 hect\\u00e1reas alberga principalmente percas, cucarachas, black bass y carpas. El lago&hellip;\",\"display_excerpt\":\"1\",\"photo\":\"https:\\\/\\\/www.bearnmadiran-tourisme.fr\\\/wp-content\\\/uploads\\\/tis\\\/lac-Theze-tourisme-Nord-Bearn.JPG\",\"clas\":null,\"btn_label\":\"Ver m\\u00e1s\",\"btn_class\":null,\"durable\":false,\"charte\":\"\",\"durable_label\":\"Desarrollo sostenible\",\"online_bookable\":false,\"price_from\":false,\"tags\":[{\"object_tag_id\":\"132436\",\"syndicObjectID\":\"LOIAQU064V5ATFQZ\",\"tag_id\":\"3\",\"subtag_id\":\"63\",\"field\":\"Lac \\\/ site et parcours de p\\u00eache\"}],\"type\":\"Place\"}},{\"geometry\":{\"type\":\"Point\",\"coordinates\":[-0.112442,43.4495]},\"type\":\"Feature\",\"id\":\"ASCAQU064V5AR6AU\",\"properties\":{\"objectTypeCode\":\"ASC\",\"name\":\"Chasse au tr\\u00e9sor T\\u00e8rra Aventura : Viens donc faire un tour \\u00e0 Lembeye\",\"marker_id\":\"ASCAQU064V5AR6AU\",\"commune\":\"LEMBEYE\",\"display_city\":\"1\",\"cp\":\"64350\",\"ad1\":\"37 place du Marcadieu\",\"gmapLongitude\":-0.112442,\"gmapLatitude\":43.4495,\"zone1\":null,\"telephone\":\"+33 5 59 68 28 78\",\"detail_url\":\"https:\\\/\\\/www.bearnmadiran-tourisme.fr\\\/es\\\/descubrir\\\/actividades\\\/lembeye\\\/ASCAQU064V5AR6AU-chasse-au-tresor-terra-aventura-viens-donc-faire-un-tour-a-lembeye\\\/\",\"excerpt\":\"\\u00c0 Lembeye, aux portes des vignobles de Madiran et Pacherenc du Vic-Bilh, au c\\u0153ur du B\\u00e9arn nord, T\\u00e8rra Aventura vous embarque dans une aventure insolite entre jeu de piste et&hellip;\",\"display_excerpt\":\"1\",\"photo\":\"https:\\\/\\\/www.bearnmadiran-tourisme.fr\\\/wp-content\\\/uploads\\\/tis\\\/Copyright-P-Laurencon-CRTNA-Terra-Aventura-12869.jpg\",\"clas\":null,\"btn_label\":\"Ver m\\u00e1s\",\"btn_class\":null,\"durable\":false,\"charte\":\"\",\"durable_label\":\"Desarrollo sostenible\",\"online_bookable\":false,\"price_from\":false,\"tags\":[{\"object_tag_id\":\"132060\",\"syndicObjectID\":\"ASCAQU064V5AR6AU\",\"tag_id\":\"2\",\"subtag_id\":\"31\",\"field\":\"Geocaching\"}],\"type\":\"Place\"}},{\"geometry\":{\"type\":\"Point\",\"coordinates\":[-0.263148,43.3428]},\"type\":\"Feature\",\"id\":\"ASCAQU064V5C1BEE\",\"properties\":{\"objectTypeCode\":\"ASC\",\"name\":\"Chasse au tr\\u00e9sor T\\u00e8rra Aventura : Saint-Jacques, \\u00e0 tous les coups on gagne\",\"marker_id\":\"ASCAQU064V5C1BEE\",\"commune\":\"MORLAAS\",\"display_city\":\"1\",\"cp\":\"64160\",\"ad1\":\"Place de la Hourquie\",\"gmapLongitude\":-0.263148,\"gmapLatitude\":43.3428,\"zone1\":null,\"telephone\":\"+33 5 59 33 62 25\",\"detail_url\":\"https:\\\/\\\/www.bearnmadiran-tourisme.fr\\\/es\\\/descubrir\\\/actividades\\\/morlaas\\\/ASCAQU064V5C1BEE-chasse-au-tresor-terra-aventura-saint-jacques-a-tous-les-coups-on-gagne\\\/\",\"excerpt\":\"\\u00c0 Morla\\u00e0s, ancienne capitale du B\\u00e9arn, vivez l\\u2019aventure T\\u00e8rra Aventura au c\\u0153ur d\\u2019une cit\\u00e9 charg\\u00e9e d\\u2019histoire !Smartphone en main, partez \\u00e0 la recherche des indices diss\\u00e9min\\u00e9s dans la ville. R\\u00e9solvez&hellip;\",\"display_excerpt\":\"1\",\"photo\":\"https:\\\/\\\/www.bearnmadiran-tourisme.fr\\\/wp-content\\\/uploads\\\/tis\\\/Morlaas-eglise-sainte-foy-Tourisme-Bearn-Madiran---Courte-Echelle-2025---M29A6261-3.jpg\",\"clas\":null,\"btn_label\":\"Ver m\\u00e1s\",\"btn_class\":null,\"durable\":false,\"charte\":\"\",\"durable_label\":\"Desarrollo sostenible\",\"online_bookable\":false,\"price_from\":false,\"tags\":[{\"object_tag_id\":\"132084\",\"syndicObjectID\":\"ASCAQU064V5C1BEE\",\"tag_id\":\"2\",\"subtag_id\":\"31\",\"field\":\"Geocaching\"}],\"type\":\"Place\"}},{\"geometry\":{\"type\":\"Point\",\"coordinates\":[-0.533805,43.513]},\"type\":\"Feature\",\"id\":\"ASCAQU064V5B4CWU\",\"properties\":{\"objectTypeCode\":\"ASC\",\"name\":\"Chasse au tr\\u00e9sor T\\u00e8rra Aventura : F\\u00e9bus, vivement la quille...\",\"marker_id\":\"ASCAQU064V5B4CWU\",\"commune\":\"MORLANNE\",\"display_city\":\"1\",\"cp\":\"64370\",\"ad1\":\"Parking du Ch\\u00e2teau de Morlanne\",\"gmapLongitude\":-0.533805,\"gmapLatitude\":43.513,\"zone1\":null,\"telephone\":\"+33 5 59 04 59 24\",\"detail_url\":\"https:\\\/\\\/www.bearnmadiran-tourisme.fr\\\/es\\\/descubrir\\\/actividades\\\/morlanne\\\/ASCAQU064V5B4CWU-chasse-au-tresor-terra-aventura-febus-vivement-la-quille\\\/\",\"excerpt\":\"\\u00a1Una b\\u00fasqueda del tesoro para todos! \\u00a1Sum\\u00e9rgete en un universo cautivador! Con enigmas que resolver y Po\\u00ef'z que coleccionar, grandes y peque\\u00f1os podr\\u00e1n compartir la diversi\\u00f3n. Con la aplicaci\\u00f3n para&hellip;\",\"display_excerpt\":\"1\",\"photo\":\"https:\\\/\\\/www.bearnmadiran-tourisme.fr\\\/wp-content\\\/uploads\\\/tis\\\/Copyright-M-Turin-CRTNA-Terraave.jpg\",\"clas\":null,\"btn_label\":\"Ver m\\u00e1s\",\"btn_class\":null,\"durable\":false,\"charte\":\"\",\"durable_label\":\"Desarrollo sostenible\",\"online_bookable\":false,\"price_from\":false,\"tags\":[{\"object_tag_id\":\"134880\",\"syndicObjectID\":\"ASCAQU064V5B4CWU\",\"tag_id\":\"2\",\"subtag_id\":\"31\",\"field\":\"Geocaching\"}],\"type\":\"Place\"}},{\"geometry\":{\"type\":\"Point\",\"coordinates\":[-0.114902,43.1854]},\"type\":\"Feature\",\"id\":\"ASCAQU064V5BDYIP\",\"properties\":{\"objectTypeCode\":\"ASC\",\"name\":\"Chasse au tr\\u00e9sor T\\u00e8rra Aventura : mieux vaut veiller que dormir...\",\"marker_id\":\"ASCAQU064V5BDYIP\",\"commune\":\"PONTACQ\",\"display_city\":\"1\",\"cp\":\"64530\",\"ad1\":\"Place Huningue\",\"gmapLongitude\":-0.114902,\"gmapLatitude\":43.1854,\"zone1\":null,\"telephone\":\"+33 5 59 33 62 25\",\"detail_url\":\"https:\\\/\\\/www.bearnmadiran-tourisme.fr\\\/es\\\/descubrir\\\/actividades\\\/pontacq\\\/ASCAQU064V5BDYIP-chasse-au-tresor-terra-aventura-mieux-vaut-veiller-que-dormir\\\/\",\"excerpt\":\"Pontacq, petite cit\\u00e9 b\\u00e9arnaise devient votre terrain de jeu avec T\\u00e8rra Aventura, la c\\u00e9l\\u00e8bre chasse aux tr\\u00e9sors de Nouvelle Aquitaine ! Smartphone en main, lancez-vous dans une qu\\u00eate pleine de&hellip;\",\"display_excerpt\":\"1\",\"photo\":\"https:\\\/\\\/www.bearnmadiran-tourisme.fr\\\/wp-content\\\/uploads\\\/tis\\\/Copyright-P-Laurencon-CRTNA-Terra-Aventura-12848---Copie-2.jpg\",\"clas\":null,\"btn_label\":\"Ver m\\u00e1s\",\"btn_class\":null,\"durable\":false,\"charte\":\"\",\"durable_label\":\"Desarrollo sostenible\",\"online_bookable\":false,\"price_from\":false,\"tags\":[{\"object_tag_id\":\"132073\",\"syndicObjectID\":\"ASCAQU064V5BDYIP\",\"tag_id\":\"2\",\"subtag_id\":\"31\",\"field\":\"Geocaching\"}],\"type\":\"Place\"}},{\"geometry\":{\"type\":\"Point\",\"coordinates\":[-0.27395,43.5588]},\"type\":\"Feature\",\"id\":\"PCUAQU064V5B5OKB\",\"properties\":{\"objectTypeCode\":\"PCU\",\"name\":\"Randoland - Visite ludique de Garlin en famille\",\"marker_id\":\"PCUAQU064V5B5OKB\",\"commune\":\"GARLIN\",\"display_city\":\"1\",\"cp\":\"64330\",\"ad1\":\"Place Marcadieu\",\"gmapLongitude\":-0.27395,\"gmapLatitude\":43.5588,\"zone1\":null,\"telephone\":\"+33 5 59 68 28 78\",\"detail_url\":\"https:\\\/\\\/www.bearnmadiran-tourisme.fr\\\/es\\\/descubrir\\\/actividades\\\/garlin\\\/PCUAQU064V5B5OKB-randoland-visite-ludique-de-garlin-en-famille\\\/\",\"excerpt\":\"Au c\\u0153ur de la bastide de Garlin, partez en famille pour une d\\u00e9couverte originale du patrimoine local gr\\u00e2ce \\u00e0 un parcours Randoland sp\\u00e9cialement con\\u00e7u pour les jeunes explorateurs.Munis de votre&hellip;\",\"display_excerpt\":\"1\",\"photo\":\"https:\\\/\\\/www.bearnmadiran-tourisme.fr\\\/wp-content\\\/uploads\\\/tis\\\/Randoland-balade-ludique---Arzacq-Arraziguet-credit-tourisme-Nord-Bearn-26-aout-2021--16----Copie.JPG\",\"clas\":null,\"btn_label\":\"Ver m\\u00e1s\",\"btn_class\":null,\"durable\":false,\"charte\":\"\",\"durable_label\":\"Desarrollo sostenible\",\"online_bookable\":false,\"price_from\":false,\"tags\":[{\"object_tag_id\":\"132561\",\"syndicObjectID\":\"PCUAQU064V5B5OKB\",\"tag_id\":\"10\",\"subtag_id\":\"96\",\"field\":\"Visite guid\\u00e9e de ville, village\"}],\"type\":\"Place\"}},{\"geometry\":{\"type\":\"Point\",\"coordinates\":[-0.41312,43.5361]},\"type\":\"Feature\",\"id\":\"PCUAQU064V5B5OU8\",\"properties\":{\"objectTypeCode\":\"PCU\",\"name\":\"Randoland - Visite ludique d'Arzacq-Arraziguet en famille\",\"marker_id\":\"PCUAQU064V5B5OU8\",\"commune\":\"ARZACQ-ARRAZIGUET\",\"display_city\":\"1\",\"cp\":\"64410\",\"ad1\":\"Place de la R\\u00e9publique\",\"gmapLongitude\":-0.41312,\"gmapLatitude\":43.5361,\"zone1\":null,\"telephone\":\"+33 5 59 04 59 24\",\"detail_url\":\"https:\\\/\\\/www.bearnmadiran-tourisme.fr\\\/es\\\/descubrir\\\/actividades\\\/arzacq-arraziguet\\\/PCUAQU064V5B5OU8-randoland-visite-ludique-darzacq-arraziguet-en-famille\\\/\",\"excerpt\":\"Aux portes des Landes, au nord du B\\u00e9arn, la bastide d\\u2019Arzacq-Arraziguet se d\\u00e9couvre autrement gr\\u00e2ce au jeu de piste Randoland. Une balade ludique qui invite les familles \\u00e0 parcourir le&hellip;\",\"display_excerpt\":\"1\",\"photo\":\"https:\\\/\\\/www.bearnmadiran-tourisme.fr\\\/wp-content\\\/uploads\\\/tis\\\/Randoland-balade-ludique-Arzacq-Arraziguet-credit-tourisme-Nord-Bearn-26----Copie-2.JPG\",\"clas\":null,\"btn_label\":\"Ver m\\u00e1s\",\"btn_class\":null,\"durable\":false,\"charte\":\"\",\"durable_label\":\"Desarrollo sostenible\",\"online_bookable\":false,\"price_from\":false,\"tags\":[{\"object_tag_id\":\"132562\",\"syndicObjectID\":\"PCUAQU064V5B5OU8\",\"tag_id\":\"10\",\"subtag_id\":\"96\",\"field\":\"Visite guid\\u00e9e de ville, village\"}],\"type\":\"Place\"}},{\"geometry\":{\"type\":\"Point\",\"coordinates\":[-0.26362,43.345]},\"type\":\"Feature\",\"id\":\"PCUAQU064V5BWCR8\",\"properties\":{\"objectTypeCode\":\"PCU\",\"name\":\"Je d\\u00e9couvre avec \\\"Zo\\u00e9 la curieuse\\\" l'\\u00e9glise Sainte-Foy de Morla\\u00e0s\",\"marker_id\":\"PCUAQU064V5BWCR8\",\"commune\":\"MORLAAS\",\"display_city\":\"1\",\"cp\":\"64160\",\"ad1\":\"Place Sainte-Foy\",\"gmapLongitude\":-0.26362,\"gmapLatitude\":43.345,\"zone1\":null,\"telephone\":\"+33 5 59 33 62 25\",\"detail_url\":\"https:\\\/\\\/www.bearnmadiran-tourisme.fr\\\/es\\\/descubrir\\\/actividades\\\/morlaas\\\/PCUAQU064V5BWCR8-je-decouvre-avec-zoe-la-curieuse-leglise-sainte-foy-de-morlaas\\\/\",\"excerpt\":\"Au coeur de Morla\\u00e0s, ancienne capitale du B\\u00e9arn, l\\u2019\\u00e9glise Sainte-Foy, joyau de l\\u2019art roman, veille sur la ville depuis des si\\u00e8cles. Aujourd\\u2019hui, elle devient aussi un formidable terrain d\\u2019exploration pour&hellip;\",\"display_excerpt\":\"1\",\"photo\":\"https:\\\/\\\/cdt64.media.tourinsoft.eu\\\/upload\\\/Zoe-la-curieuse-Morlaas-Sainte-Foy-couv-tourinsoft.jpg?width=450\",\"clas\":null,\"btn_label\":\"Ver m\\u00e1s\",\"btn_class\":null,\"durable\":false,\"charte\":\"\",\"durable_label\":\"Desarrollo sostenible\",\"online_bookable\":false,\"price_from\":false,\"tags\":[{\"object_tag_id\":\"141184\",\"syndicObjectID\":\"PCUAQU064V5BWCR8\",\"tag_id\":\"10\",\"subtag_id\":\"81\",\"field\":\"Site \\\/ monument\"}],\"type\":\"Place\"}},{\"geometry\":{\"type\":\"Point\",\"coordinates\":[-0.37732,43.4071]},\"type\":\"Feature\",\"id\":\"ASCAQU064V5BFBKY\",\"properties\":{\"objectTypeCode\":\"ASC\",\"name\":\"Parcours d'orientation\",\"marker_id\":\"ASCAQU064V5BFBKY\",\"commune\":\"SAUVAGNON\",\"display_city\":\"1\",\"cp\":\"64230\",\"ad1\":\"Chemin de l'Or\\u00e9e du Bois\",\"gmapLongitude\":-0.37732,\"gmapLatitude\":43.4071,\"zone1\":null,\"telephone\":\"+33 5 59 33 11 91\",\"detail_url\":\"https:\\\/\\\/www.bearnmadiran-tourisme.fr\\\/es\\\/descubrir\\\/actividades\\\/sauvagnon\\\/ASCAQU064V5BFBKY-parcours-dorientation\\\/\",\"excerpt\":\"\\u00c0 Sauvagnon, \\u00e0 quelques minutes de Pau, le bois communal invite \\u00e0 une exp\\u00e9rience nature ludique et immersive au c\\u0153ur d\\u2019un vaste espace forestier pr\\u00e9serv\\u00e9.Ici, la course d\\u2019orientation devient un&hellip;\",\"display_excerpt\":\"1\",\"photo\":\"https:\\\/\\\/www.bearnmadiran-tourisme.fr\\\/wp-content\\\/uploads\\\/tis\\\/Bois-de-Sauvagnon---Tourisme-Nord-Bearn.jpg\",\"clas\":null,\"btn_label\":\"Ver m\\u00e1s\",\"btn_class\":null,\"durable\":false,\"charte\":\"\",\"durable_label\":\"Desarrollo sostenible\",\"online_bookable\":false,\"price_from\":false,\"tags\":[{\"object_tag_id\":\"132075\",\"syndicObjectID\":\"ASCAQU064V5BFBKY\",\"tag_id\":\"3\",\"subtag_id\":\"3\",\"field\":\"Orientation\"}],\"type\":\"Place\"}},{\"geometry\":{\"type\":\"Point\",\"coordinates\":[-0.37042,43.3829]},\"type\":\"Feature\",\"id\":\"ASCAQU064V5BEY0J\",\"properties\":{\"objectTypeCode\":\"ASC\",\"name\":\"Parcours d'orientation\",\"marker_id\":\"ASCAQU064V5BEY0J\",\"commune\":\"SERRES-CASTET\",\"display_city\":\"1\",\"cp\":\"64121\",\"ad1\":\"Chemin de Liben\",\"gmapLongitude\":-0.37042,\"gmapLatitude\":43.3829,\"zone1\":null,\"telephone\":\"+33 5 59 33 90 08\",\"detail_url\":\"https:\\\/\\\/www.bearnmadiran-tourisme.fr\\\/es\\\/descubrir\\\/actividades\\\/serres-castet\\\/ASCAQU064V5BEY0J-parcours-dorientation\\\/\",\"excerpt\":\"\\u00c0 Serres-Castet, entre espaces de loisirs et nature pr\\u00e9serv\\u00e9e, la Plaine des Sports des Luys et le Parc Liben deviennent un v\\u00e9ritable terrain d\\u2019aventure pour les amateurs de d\\u00e9fis en&hellip;\",\"display_excerpt\":\"1\",\"photo\":\"https:\\\/\\\/www.bearnmadiran-tourisme.fr\\\/wp-content\\\/uploads\\\/tis\\\/Serres-Castet-Parc-Liben--1-.jpg\",\"clas\":null,\"btn_label\":\"Ver m\\u00e1s\",\"btn_class\":null,\"durable\":false,\"charte\":\"\",\"durable_label\":\"Desarrollo sostenible\",\"online_bookable\":false,\"price_from\":false,\"tags\":[{\"object_tag_id\":\"132074\",\"syndicObjectID\":\"ASCAQU064V5BEY0J\",\"tag_id\":\"3\",\"subtag_id\":\"3\",\"field\":\"Orientation\"}],\"type\":\"Place\"}},{\"geometry\":{\"type\":\"Point\",\"coordinates\":[-0.206557,43.2724]},\"type\":\"Feature\",\"id\":\"LOIAQU064V5B259Y\",\"properties\":{\"objectTypeCode\":\"LOI\",\"name\":\"Corn Lanta\",\"marker_id\":\"LOIAQU064V5B259Y\",\"commune\":\"NOUSTY\",\"display_city\":\"1\",\"cp\":\"64420\",\"ad1\":\"2 chemin de Limendous\",\"gmapLongitude\":-0.206557,\"gmapLatitude\":43.2724,\"zone1\":null,\"telephone\":\"+33 5 54 54 31 68\",\"detail_url\":\"https:\\\/\\\/www.bearnmadiran-tourisme.fr\\\/es\\\/descubrir\\\/actividades\\\/nousty\\\/LOIAQU064V5B259Y-corn-lanta\\\/\",\"excerpt\":\"A las afueras de Pau y Tarbes, descubra el Laberinto M\\u00e1gico del ma\\u00edz en Nousty. Prepara tus escobas y grimorios, te esperan en la Acad\\u00e9mie des Sorciers para un segundo&hellip;\",\"display_excerpt\":\"1\",\"photo\":\"https:\\\/\\\/www.bearnmadiran-tourisme.fr\\\/wp-content\\\/uploads\\\/tis\\\/aventuriere-web.jpg\",\"clas\":null,\"btn_label\":\"Ver m\\u00e1s\",\"btn_class\":null,\"durable\":false,\"charte\":\"\",\"durable_label\":\"Desarrollo sostenible\",\"online_bookable\":false,\"price_from\":false,\"tags\":[{\"object_tag_id\":\"136423\",\"syndicObjectID\":\"LOIAQU064V5B259Y\",\"tag_id\":\"2\",\"subtag_id\":\"61\",\"field\":\"Parc \\u00e0 th\\u00e8mes\"}],\"type\":\"Place\"}}]};\n\t<\/script>\n\n\t\t\n\n<div id=\"tourinsoft-loader\">\n\t<div class=\"outer\">\n\t\t<div class=\"inner\">\n\t\t\t<div class=\"small\"><\/div>\n\t\t\t<div class=\"small\"><\/div>\n\t\t\t<div class=\"small\"><\/div>\n\t\t\t<div class=\"small\"><\/div>\n\t\t<\/div>\n\t\t<div class=\"big\">\n\t\t\t<div class=\"small\"><\/div>\n\t\t<\/div>\n\t\t<div class=\"big\">\n\t\t\t<div class=\"small\"><\/div>\n\t\t<\/div>\n\t<\/div>\n<\/div>\n\n\n<div style=\"height:50px\" aria-hidden=\"true\" class=\"wp-block-spacer\" id=\"form-results\"><\/div>\n\n\t<div class=\"py wp-block-group alignfull has-white-color has-dark-background-color has-text-color has-background\" id=\"tourisoft-search-form-container\">\n\t\t<div class=\"wp-block-group__inner-container aligncenter\">\n\t\t\t<div id=\"tourisoft-search-form\" data-elloha=\"0\">\n\t<div class=\"h3 has-white-color\" id=\"tourinsoft-nb-results\"><span id=\"nb_results\">34<\/span> <span id=\"type_results\">resultado(s)<\/span> coinciden con esta b\u00fasqueda<\/div>\n\t<form id=\"list-searchform\" action=\"\" method=\"get\" data-action=\"https:\/\/www.bearnmadiran-tourisme.fr\/es\/descubrir\/gestos-y-actividades-respetuosas-con-el-medio-ambiente\/\">\n\t\t<div id=\"visible-form-fields\">\n\t\t\t<input type=\"hidden\" id=\"bor_code\" value=\"ASC|DEG|LOI|PCU|PNA\" \/>\n\t\t\t<input type=\"hidden\" id=\"page_id\" value=\"10494\" \/>\n\t\t\t<input type=\"hidden\" name=\"search\" value=\"1\" \/>\n\t\t\t\n\t\t\t\t\t\t\t\n\t\t\t \n\t\t\t\t<div class=\"form-input\">\n\t\t\t\t\t\t\t\t\t\t\t\t\t\t\t\t\t\t<select id=\"tis_tag\" name=\"activity_tag\" data-tag=\"\" data-default_page=\"0\">\n\t\t\t\t\t\t\t\t\t\t\t\t\t\t\t\t\n\t\t\t\t\t\t\t\t\t\t\t\t\t<option value=\"\">Tipo de actividades<\/option>\n\t\t\t\t\t\t\t\t\t\t\t\t\n\t\t\t\t\t\t\t\t\t\t\t\t\t\t\t\t\t\t\t\t\t\t<option value=\"1\"  data-tag_id=\"1\">Gastronom\u00eda<\/option>\n\t\t\t\t\t\t\t\t\t\t\t\t\t\t\t<option value=\"2\"  data-tag_id=\"2\">Actividades de ocio<\/option>\n\t\t\t\t\t\t\t\t\t\t\t\t\t\t\t<option value=\"3\"  data-tag_id=\"3\">Actividades al aire libre<\/option>\n\t\t\t\t\t\t\t\t\t\t\t\t\t\t\t<option value=\"5\"  data-tag_id=\"5\">Playas y actividades acu\u00e1ticas<\/option>\n\t\t\t\t\t\t\t\t\t\t\t\t\t\t\t<option value=\"6\"  data-tag_id=\"6\">Puesta en forma<\/option>\n\t\t\t\t\t\t\t\t\t\t\t\t\t\t\t<option value=\"7\"  data-tag_id=\"7\">Espacios naturales<\/option>\n\t\t\t\t\t\t\t\t\t\t\t\t\t\t\t<option value=\"9\"  data-tag_id=\"9\">Turismo de negocios<\/option>\n\t\t\t\t\t\t\t\t\t\t\t\t\t\t\t<option value=\"10\"  data-tag_id=\"10\">Visitas, cultura y patrimonio<\/option>\n\t\t\t\t\t\t\t\t\t\t\t\t\t\t\t<option value=\"22\"  data-tag_id=\"22\">Salidas<\/option>\n\t\t\t\t\t\t\t\n\t\t\t\t\t\t\t\t\t\t\t<\/select>\n\t\t\t\t<\/div>\n\t\t\t\t<div class=\"form-input\">\n\t\t\t\t\t\t\t\t\t\t\t<script type=\"text\/javascript\">\n\t\t\t\t\t\t\tvar form_subtags = {\"3\":{\"1\":{\"url\":\"a-cheval\",\"title\":\"Equitaci\\u00f3n\"},\"3\":{\"url\":\"a-pied\",\"title\":\"Senderismo\"},\"30\":{\"url\":\"eaux-vive\",\"title\":\"Aguas bravas\"},\"63\":{\"url\":\"peche\",\"title\":\"Pesca\"},\"80\":{\"url\":\"se-poser\",\"title\":\"Descanso \\\/ miradores\"}},\"10\":{\"5\":{\"url\":\"activites-culturelles-et-stages\",\"title\":\"Actividades culturales y talleres\"},\"10\":{\"url\":\"artisan-d-art\",\"title\":\"Artesan\\u00eda\"},\"22\":{\"url\":\"centre-d-interpretation\",\"title\":\"Centro de interpretaci\\u00f3n\"},\"54\":{\"url\":\"musee\",\"title\":\"Museo\"},\"60\":{\"url\":\"parc-jardin\",\"title\":\"Parques y jardines\"},\"64\":{\"url\":\"petit-patrimoine-rural\",\"title\":\"Patrimonio rural\"},\"81\":{\"url\":\"site-monument\",\"title\":\"Sitios y monumentos\"},\"96\":{\"url\":\"visites\",\"title\":\"Visitas\"}},\"5\":{\"7\":{\"url\":\"activites-nautiques\",\"title\":\"Actividades acu\\u00e1ticas\"},\"149\":{\"url\":\"piscines\",\"title\":\"Piscinas\"}},\"1\":{\"9\":{\"url\":\"algues\",\"title\":\"Algas\"},\"17\":{\"url\":\"bieres\",\"title\":\"Cervezas\"},\"19\":{\"url\":\"blonde-d-aquitaine\",\"title\":\"Blonde de Aquitania\"},\"25\":{\"url\":\"confiserie-chocolat\",\"title\":\"Dulces \\\/ Chocolate\"},\"26\":{\"url\":\"confitures\",\"title\":\"Mermeladas\"},\"27\":{\"url\":\"conserverie\",\"title\":\"Conservas\"},\"33\":{\"url\":\"escargots\",\"title\":\"Caracoles\"},\"37\":{\"url\":\"foie-gras\",\"title\":\"Foie gras\"},\"40\":{\"url\":\"fromage\",\"title\":\"Queso\"},\"41\":{\"url\":\"fruits-legumes\",\"title\":\"Frutas y verduras\"},\"48\":{\"url\":\"jus-de-fruits\",\"title\":\"Zumos de frutas\"},\"146\":{\"url\":\"oeufs\",\"title\":\"Huevos\"},\"58\":{\"url\":\"pain\",\"title\":\"Pan\"},\"62\":{\"url\":\"patisserie\",\"title\":\"Pasteler\\u00eda\"},\"171\":{\"url\":\"patisserie-biscuiterie\",\"title\":\"Pasteler\\u00eda \\\/ Galleter\\u00eda\"},\"72\":{\"url\":\"produit-apicole\",\"title\":\"Productos ap\\u00edcolas\"},\"73\":{\"url\":\"produits-cerealiers\",\"title\":\"Productos de cereales\"},\"75\":{\"url\":\"produits-d-oies-grasses\",\"title\":\"Productos de oca\"},\"74\":{\"url\":\"produits-de-canards-gras\",\"title\":\"Productos de pato\"},\"76\":{\"url\":\"produits-laitiers\",\"title\":\"Productos l\\u00e1cteos\"},\"78\":{\"url\":\"salaisons\",\"title\":\"Embutidos\"},\"85\":{\"url\":\"spiritueux\",\"title\":\"Bebidas espirituosas\"},\"94\":{\"url\":\"viandes\",\"title\":\"Carnes\"},\"95\":{\"url\":\"vins\",\"title\":\"Vinos\"},\"97\":{\"url\":\"volailles\",\"title\":\"Aves\"}},\"7\":{\"12\":{\"url\":\"autres\",\"title\":\"Otros\"},\"38\":{\"url\":\"forets\",\"title\":\"Bosques\"},\"51\":{\"url\":\"lacs-plans-d-eau\",\"title\":\"Lagos y masas de agua\"}},\"2\":{\"165\":{\"url\":\"autres-sports\",\"title\":\"Otros deportes\"},\"164\":{\"url\":\"dans-les-airs\",\"title\":\"Deportes a\\u00e9reos\"},\"31\":{\"url\":\"enfants\",\"title\":\"Ni\\u00f1os\"},\"59\":{\"url\":\"paintball-lasergame\",\"title\":\"Paintball y l\\u00e1ser tag\"},\"61\":{\"url\":\"parcs-a-theme-escape-game\",\"title\":\"Parques tem\\u00e1ticos y escape games\"},\"82\":{\"url\":\"sports-mecaniques\",\"title\":\"Deportes de motor\"}},\"6\":{\"16\":{\"url\":\"bien-etre\",\"title\":\"Bienestar\"}},\"9\":{\"79\":{\"url\":\"espace-de-reunions\",\"title\":\"Salas de reuniones\"},\"160\":{\"url\":\"salle-a-louer\",\"title\":\"Sala para alquilar\"},\"162\":{\"url\":\"salle-de-seminaire\",\"title\":\"Sala de seminario\"}},\"22\":{\"157\":{\"url\":\"salle-de-spectacle\",\"title\":\"Sala de espect\\u00e1culos\"},\"158\":{\"url\":\"salles-de-cinema\",\"title\":\"Sala(s) de cine\"}}};\n\t\t\t\t\t\t<\/script>\n\t\t\t\t\t\t\t\t\t\t\t\t\t\t\t\t\t\t\t\t\t\t<select id=\"tis_subtag\" name=\"activity_subtag\" data-subtag=\"\" data-default_page=\"0\">\n\t\t\t\t\t\t\t\t\t\t\t\t\t\t\t\t\t\t\t\t\t\t\t\t<option value=\"\">Especifique &#8230;<\/option>\n\t\t\t\t\t\t\t\t\t\t\t\t\t\t\t\t\t<\/select>\n\t\t\t\t\t<input type=\"hidden\" name=\"tis_field\" id=\"tis_field\" value=\"\" \/>\n\t\t\t\t<\/div>\n\t\t\t\t\t\t\n\t\t\t\t\t\t\t\t\t<input type=\"hidden\" id=\"tis_tagqualification\" name=\"tag_qualification\" value=\"\" \/>\n\t\t\t\t\t\t\t\t\t\t\t\t\t\t\t\t\n\t\t\t\t\t\t\n\t\t\t\t\t\t\n\t\t\t\n\t\t\t\t\t\t\t\t\t\t\t\t\t\t<input type=\"hidden\" name=\"commune\" value=\"\" id=\"city_name\" \/>\n\t\t\t\t\t\t\t\t\t\t\n\t\t\t\t\t<!-- City -- begin -->\n\t\t\t\t\t<div class=\"form-input autocomplete sc6-position-relative select-auto js-select-auto js-autocomplete\" data-autocomplete-dropdown-visible-class=\"autocomplete--results-visible\">\n\t\t\t\t\t\t<input type=\"hidden\" class=\"user_geoloc\" \/>\n\t\t\t\t\t\t<!-- select -->\n\t\t\t\t\t\t<select id=\"tis_city\" class=\"js-select-auto__select hide\" data-current_city=\"\" data-default_page=\"0\">\n\t\t\t\t\t\t\t<optgroup label=\"Ciudad\">\n\t\t\t\t\t\t\t\t<option value=\"\">Ciudad<\/option>\n\t\t\t\t\t\t\t\t<option value=\"aast\">AAST<\/option><option value=\"abere\">ABERE<\/option><option value=\"andoins\">ANDOINS<\/option><option value=\"anos\">ANOS<\/option><option value=\"anoye\">ANOYE<\/option><option value=\"argelos\">ARGELOS<\/option><option value=\"arget\">ARGET<\/option><option value=\"arricau-bordes\">ARRICAU-BORDES<\/option><option value=\"arrien\">ARRIEN<\/option><option value=\"arroses\">ARROSES<\/option><option value=\"arzacq-arraziguet\">ARZACQ-ARRAZIGUET<\/option><option value=\"astis\">ASTIS<\/option><option value=\"aubin\">AUBIN<\/option><option value=\"aubous\">AUBOUS<\/option><option value=\"auga\">AUGA<\/option><option value=\"auriac\">AURIAC<\/option><option value=\"aurions-idernes\">AURIONS-IDERNES<\/option><option value=\"aydie\">AYDIE<\/option><option value=\"baleix\">BALEIX<\/option><option value=\"baliracq-maumusson\">BALIRACQ-MAUMUSSON<\/option><option value=\"barinque\">BARINQUE<\/option><option value=\"barzun\">BARZUN<\/option><option value=\"bassillon-vauze\">BASSILLON-VAUZE<\/option><option value=\"bedeille\">BEDEILLE<\/option><option value=\"bernadets\">BERNADETS<\/option><option value=\"betracq\">BETRACQ<\/option><option value=\"boueilh-boueilho-lasque\">BOUEILH-BOUEILHO-LASQUE<\/option><option value=\"bouillon\">BOUILLON<\/option><option value=\"bournos\">BOURNOS<\/option><option value=\"buros\">BUROS<\/option><option value=\"burosse-mendousse\">BUROSSE-MENDOUSSE<\/option><option value=\"cabidos\">CABIDOS<\/option><option value=\"cadillon\">CADILLON<\/option><option value=\"carrere\">CARRERE<\/option><option value=\"castetpugon\">CASTETPUGON<\/option><option value=\"castillon-de-lembeye\">CASTILLON-DE-LEMBEYE<\/option><option value=\"caubios-loos\">CAUBIOS-LOOS<\/option><option value=\"claracq\">CLARACQ<\/option><option value=\"conchez-de-bearn\">CONCHEZ-DE-BEARN<\/option><option value=\"corbere-aberes\">CORBERE-ABERES<\/option><option value=\"cosledaa-lube-boast\">COSLEDAA-LUBE-BOAST<\/option><option value=\"coublucq\">COUBLUCQ<\/option><option value=\"crouseilles\">CROUSEILLES<\/option><option value=\"diusse\">DIUSSE<\/option><option value=\"doumy\">DOUMY<\/option><option value=\"escoubes\">ESCOUBES<\/option><option value=\"escures\">ESCURES<\/option><option value=\"eslourenties-daban\">ESLOURENTIES-DABAN<\/option><option value=\"espechede\">ESPECHEDE<\/option><option value=\"espoey\">ESPOEY<\/option><option value=\"fichous-riumayon\">FICHOUS-RIUMAYOU<\/option><option value=\"gabaston\">GABASTON<\/option><option value=\"garlede-mondebat\">GARLEDE-MONDEBAT<\/option><option value=\"garlin\">GARLIN<\/option><option value=\"garos\">GAROS<\/option><option value=\"gayon\">GAYON<\/option><option value=\"ger\">GER<\/option><option value=\"gerderest\">GERDEREST<\/option><option value=\"geus-d-arzacq\">GEUS-D&#039;ARZACQ<\/option><option value=\"gomer\">GOMER<\/option><option value=\"higueres-souye\">HIGUERES-SOUYE<\/option><option value=\"hours\">HOURS<\/option><option value=\"lalongue\">LALONGUE<\/option><option value=\"lalonquette\">LALONQUETTE<\/option><option value=\"lannecaube\">LANNECAUBE<\/option><option value=\"larreule\">LARREULE<\/option><option value=\"lascazeres\">LASCAZERES<\/option><option value=\"lasclaveries\">LASCLAVERIES<\/option><option value=\"lasserre\">LASSERRE<\/option><option value=\"lembeye\">LEMBEYE<\/option><option value=\"leme\">LEME<\/option><option value=\"lespielle\">LESPIELLE<\/option><option value=\"lespourcy\">LESPOURCY<\/option><option value=\"limendous\">LIMENDOUS<\/option><option value=\"livron\">LIVRON<\/option><option value=\"lombia\">LOMBIA<\/option><option value=\"loncon\">LONCON<\/option><option value=\"lourenties\">LOURENTIES<\/option><option value=\"louvigny\">LOUVIGNY<\/option><option value=\"luc-armau\">LUC-ARMAU<\/option><option value=\"lucarre\">LUCARRE<\/option><option value=\"lucgarier\">LUCGARIER<\/option><option value=\"lussagnet-lusson\">LUSSAGNET-LUSSON<\/option><option value=\"malaussanne\">MALAUSSANNE<\/option><option value=\"mascaraas-haron\">MASCARAAS-HARON<\/option><option value=\"maspie-lalouquere-juillacq\">MASPIE-LALONQUERE-JUILLACQ<\/option><option value=\"maucor\">MAUCOR<\/option><option value=\"mazerolles\">MAZEROLLES<\/option><option value=\"meracq\">MERACQ<\/option><option value=\"mialos\">MIALOS<\/option><option value=\"miossens-lanusse\">MIOSSENS-LANUSSE<\/option><option value=\"momas\">MOMAS<\/option><option value=\"momy\">MOMY<\/option><option value=\"monassut-audiracq\">MONASSUT-AUDIRACQ<\/option><option value=\"moncaup\">MONCAUP<\/option><option value=\"moncla\">MONCLA<\/option><option value=\"monpezat\">MONPEZAT<\/option><option value=\"mont-disse\">MONT-DISSE<\/option><option value=\"montagut\">MONTAGUT<\/option><option value=\"montardon\">MONTARDON<\/option><option value=\"morlaas\">MORLAAS<\/option><option value=\"morlanne\">MORLANNE<\/option><option value=\"mouhous\">MOUHOUS<\/option><option value=\"navailles-angos\">NAVAILLES-ANGOS<\/option><option value=\"nousty\">NOUSTY<\/option><option value=\"ouillon\">OUILLON<\/option><option value=\"peyrelongue-abos\">PEYRELONGUE-ABOS<\/option><option value=\"piets-plasence-moustrou\">PIETS-PLASENCE-MOUSTROU<\/option><option value=\"pomps\">POMPS<\/option><option value=\"ponson-dessus\">PONSON-DESSUS<\/option><option value=\"pontacq\">PONTACQ<\/option><option value=\"portet\">PORTET<\/option><option value=\"pouliacq\">POULIACQ<\/option><option value=\"poursiugues-boucoue\">POURSIUGUES-BOUCOUE<\/option><option value=\"ribarrouy\">RIBARROUY<\/option><option value=\"riupeyrous\">RIUPEYROUS<\/option><option value=\"saint-armou\">SAINT-ARMOU<\/option><option value=\"saint-castin\">SAINT-CASTIN<\/option><option value=\"saint-jammes\">SAINT-JAMMES<\/option><option value=\"saint-jean-poudge\">SAINT-JEAN-POUDGE<\/option><option value=\"saint-laurent-bretagne\">SAINT-LAURENT-BRETAGNE<\/option><option value=\"samsons-lion\">SAMSONS-LION<\/option><option value=\"saubole\">SAUBOLE<\/option><option value=\"sauvagnon\">SAUVAGNON<\/option><option value=\"seby\">SEBY<\/option><option value=\"sedze-maubecq\">SEDZE-MAUBECQ<\/option><option value=\"sedzere\">SEDZERE<\/option><option value=\"semeacq-blachon\">SEMEACQ-BLACHON<\/option><option value=\"serres-castet\">SERRES-CASTET<\/option><option value=\"serres-morlaas\">SERRES-MORLAAS<\/option><option value=\"sevignacq\">SEVIGNACQ<\/option><option value=\"simacourbe\">SIMACOURBE<\/option><option value=\"soumoulou\">SOUMOULOU<\/option><option value=\"tadousse-ussau\">TADOUSSE-USSAU<\/option><option value=\"taron-sadirac-viellenave\">TARON-SADIRAC-VIELLENAVE<\/option><option value=\"theze\">THEZE<\/option><option value=\"urost\">UROST<\/option><option value=\"uzan\">UZAN<\/option><option value=\"vialer\">VIALER<\/option><option value=\"vignes\">VIGNES<\/option><option value=\"viven\">VIVEN<\/option>\t\t\t\t\t\t\t<\/optgroup>\n\t\t\t\t\t\t\t\t\t\t\t\t\t<\/select>\n\n\t\t\t\t\t  <!-- input -->\n\t\t\t\t\t  <div class=\"select-auto__input-wrapper\">\n\t\t\t\t\t\t<input class=\"sc6-form-control js-autocomplete__input js-select-auto__input\" type=\"text\" id=\"autocomplete-input-id\" placeholder=\"Destino\" autocomplete=\"off\">\n\n\t\t\t\t\t\t<div class=\"select-auto__input-icon-wrapper\">\n\t\t\t\t\t\t  <!-- arrow sc6-icon -->\n\t\t\t\t\t\t  <svg class=\"sc6-icon\" viewBox=\"0 0 16 16\">\n\t\t\t\t\t\t\t<title>Open selection<\/title>\n\t\t\t\t\t\t\t<polyline points=\"1 5 8 12 15 5\" fill=\"none\" stroke=\"currentColor\" stroke-linecap=\"round\" stroke-linejoin=\"round\" stroke-width=\"2\" \/>\n\t\t\t\t\t\t  <\/svg>\n\n\t\t\t\t\t\t  <!-- close X sc6-icon -->\n\t\t\t\t\t\t  <button class=\"select-auto__input-btn js-select-auto__input-btn js-tab-focus\">\n\t\t\t\t\t\t\t<svg class=\"sc6-icon\" viewBox=\"0 0 16 16\">\n\t\t\t\t\t\t\t  <title>Reset selection<\/title>\n\t\t\t\t\t\t\t  <path d=\"M8,0a8,8,0,1,0,8,8A8,8,0,0,0,8,0Zm3.707,10.293a1,1,0,1,1-1.414,1.414L8,9.414,5.707,11.707a1,1,0,0,1-1.414-1.414L6.586,8,4.293,5.707A1,1,0,0,1,5.707,4.293L8,6.586l2.293-2.293a1,1,0,1,1,1.414,1.414L9.414,8Z\" \/>\n\t\t\t\t\t\t\t<\/svg>\n\t\t\t\t\t\t  <\/button>\n\t\t\t\t\t\t<\/div>\n\t\t\t\t\t  <\/div>\n\n\t\t\t\t\t  <!-- dropdown -->\n\t\t\t\t\t  <div class=\"autocomplete__results select-auto__results js-autocomplete__results\">\n\t\t\t\t\t\t<ul id=\"autocomplete1\" class=\"autocomplete__list js-autocomplete__list\">\n\t\t\t\t\t\t  <li class=\"select-auto__group-title sc6-padding-y-xs sc6-padding-x-sm sc6-color-contrast-medium autocomplete__item--is-hidden js-autocomplete__result\" data-autocomplete-template=\"optgroup\" role=\"presentation\">\n\t\t\t\t\t\t\t<span class=\"sc6-text-truncate\" data-autocomplete-label><\/span>\n\t\t\t\t\t\t  <\/li>\n\n\t\t\t\t\t\t  <li class=\"select-auto__option sc6-padding-y-xs sc6-padding-x-sm autocomplete__item--is-hidden js-autocomplete__result\" data-autocomplete-template=\"option\">\n\t\t\t\t\t\t\t<span class=\"sc6-hide\" data-autocomplete-value><\/span>\n\t\t\t\t\t\t\t<div class=\"sc6-text-truncate\" data-autocomplete-label><\/div>\n\t\t\t\t\t\t  <\/li>\n\n\t\t\t\t\t\t  <li class=\"select-auto__no-results-msg sc6-padding-y-xs sc6-padding-x-sm sc6-text-truncate autocomplete__item--is-hidden js-autocomplete__result\" data-autocomplete-template=\"no-results\" role=\"presentation\"><\/li>\n\t\t\t\t\t\t<\/ul>\n\t\t\t\t\t  <\/div>\n\t\t\t\t\t<\/div>\n\t\t\t\t\t\n\t\t\t\t\t<span class=\"userGeo\" data-form=\"list-searchform\"><\/span>\n\t\t\t\t\t\n\t\t\t\t\t<!-- City -- end -->\n\t\t\t\t\t\n\t\t\t\t\t\n\t\t\t\t\t\t\t\t\t\t\n\t\t\t\n\t\t\t\n\t\t\t<input type=\"hidden\" id=\"tis_date_from\" name=\"date_from\" value=\"\" \/>\n\t\t\t<input type=\"hidden\" id=\"tis_date_to\" name=\"date_to\" value=\"\" \/>\n\t\t\t\n\t\t\t\t\n\t\t\t\n\t\t\t\n\t\t\t\t\t\n\t\t\t\n\t\t\t\n\t\t\t<button role=\"button\" aria-pressed=\"false\" type=\"sumbit\" class=\"wp-block-button__link\" id=\"validate_form\">Buscar en<\/button>\n\t\t\t<!--<a href=\"#\" id=\"display-filters\" onclick=\"gtag('event','clic_filtre_listing',{'event_category':'Prospect','event_label':''});\">Filtros<\/a>-->\n\t\t\t\n\t\t\t\t\t\t\t<a href=\"#\" id=\"display-map\">Ver en el mapa<\/a>\n\t\t\t\t\t\t\n\t\t<\/div>\n\t\t\n\t\t<div id=\"form-filters\">\n\t\t\t<div id=\"form-filters-overlay\"><\/div>\n\t\t\t<div id=\"hidden-form-filters\">\n\t\t\t\t<div class=\"form-filters-content has-text-align-left\">\n\t\t\t\t\t<span class=\"dashicons dashicons-no-alt\" id=\"close-form-filters\"><\/span>\n\t\t\t\t\t<div class=\"h3 aligncenter\">Filtros<\/div>\n\t\t\t\t\t<hr \/>\n\t\t\t\t\t\n\t\t\t\t\t<!--<div class=\"h4\">Buscar por nombre<\/div>\n\t\t\t\t\t<div class=\"form-group\">\n\t\t\t\t\t\t<div class=\"form-input\">\n\t\t\t\t\t\t\t<input type=\"text\" name=\"tis_title\" value=\"\" placeholder=\"Nom de l'\u00e9tablissement\" \/>\n\t\t\t\t\t\t<\/div>\n\t\t\t\t\t\t<div class=\"form-input\">\n\t\t\t\t\t\t\t<button class=\"btn update_search\">Buscar en<\/button>\n\t\t\t\t\t\t<\/div>\n\t\t\t\t\t<\/div>-->\n\t\t\t\t\t\n\t\t\t\t\t\t\t\t\t\t\n\t\t\t\t\t\n\t\t\t\t\t\t\t\t\t\t<div id=\"tourisme-handicap\">\n\t\t\t\t\t\t<img decoding=\"async\" src=\"https:\/\/www.bearnmadiran-tourisme.fr\/wp-content\/plugins\/tourinsoft-syndication\/assets\/images\/logo-tourisme-handicap.png\" alt=\"Label Tourisme et Handicap\" title=\"Label Tourisme et Handicap\" \/>\n\t\t\t\t\t\t<div>\n\t\t\t\t\t\t\t<div class=\"h4\">Turismo accesible<\/div>\n\t\t\t\t\t\t\t<div class=\"form-group\">\n\t\t\t\t\t\t\t\t<div class=\"form-input\">\n\t\t\t\t\t\t\t\t\t<label class=\"checkbox-container\">Discapacidad auditiva\t\t\t\t\t\t\t\t\t\t<input type=\"checkbox\" class=\"update_search\" name=\"tis_handicap[]\" value=\"Discapacidad auditiva\"  \/> \n\t\t\t\t\t\t\t\t\t\t<span class=\"checkmark\"><\/span>\n\t\t\t\t\t\t\t\t\t<\/label>\n\t\t\t\t\t\t\t\t<\/div>\n\t\t\t\t\t\t\t\t<div class=\"form-input\">\n\t\t\t\t\t\t\t\t\t<label class=\"checkbox-container\">Discapacidad mental\t\t\t\t\t\t\t\t\t\t<input type=\"checkbox\" class=\"update_search\" name=\"tis_handicap[]\" value=\"Discapacidad mental\"  \/>\n\t\t\t\t\t\t\t\t\t\t<span class=\"checkmark\"><\/span>\n\t\t\t\t\t\t\t\t\t<\/label>\n\t\t\t\t\t\t\t\t<\/div>\n\t\t\t\t\t\t\t\t<div class=\"form-input\">\n\t\t\t\t\t\t\t\t\t<label class=\"checkbox-container\">Minusval\u00eda motriz\t\t\t\t\t\t\t\t\t\t<input type=\"checkbox\" class=\"update_search\" name=\"tis_handicap[]\" value=\"Minusval\u00eda motriz\"  \/>\n\t\t\t\t\t\t\t\t\t\t<span class=\"checkmark\"><\/span>\n\t\t\t\t\t\t\t\t\t<\/label>\n\t\t\t\t\t\t\t\t<\/div>\n\t\t\t\t\t\t\t\t<div class=\"form-input\">\n\t\t\t\t\t\t\t\t\t<label class=\"checkbox-container\">Discapacidad visual\t\t\t\t\t\t\t\t\t\t<input type=\"checkbox\" class=\"update_search\" name=\"tis_handicap[]\" value=\"Discapacidad visual\"  \/>\n\t\t\t\t\t\t\t\t\t\t<span class=\"checkmark\"><\/span>\n\t\t\t\t\t\t\t\t\t<\/label>\n\t\t\t\t\t\t\t\t<\/div>\n\t\t\t\t\t\t\t<\/div>\n\t\t\t\t\t\t<\/div>\n\t\t\t\t\t<\/div>\n\t\t\t\t\t\t\t\t\t\t\n\t\t\t\t\t\t\t\t\t\t\n\t\t\t\t\t\t\t\t\t\t\t\t\t<div class=\"h4\">Labels<\/div>\n\t\t\t\t\t\t\t<div class=\"form-group\">\n\t\t\t\t\t\t\t\t\t\t\t\t\t\t\t\t\t\t\t\t\t\t\t\t\t<div class=\"form-input \">\n\t\t\t\t\t\t\t\t\t\t<label class=\"checkbox-container\">\n\t\t\t\t\t\t\t\t\t\t\tQualit\u00e9 Tourisme\t\t\t\t\t\t\t\t\t\t\t<input type=\"checkbox\" class=\"update_search\" name=\"tis_label[]\" value=\"Qualit\u00e9 Tourisme\"  \/> \n\t\t\t\t\t\t\t\t\t\t\t<span class=\"checkmark\"><\/span>\n\t\t\t\t\t\t\t\t\t\t<\/label>\n\t\t\t\t\t\t\t\t\t<\/div>\n\t\t\t\t\t\t\t\t\t\t\t\t\t\t\t\t\t\t\t\t\t\t\t\t\t\t\t\t\t\t\t\t\t\t\t<div class=\"form-input \">\n\t\t\t\t\t\t\t\t\t\t<label class=\"checkbox-container\">\n\t\t\t\t\t\t\t\t\t\t\tTerra Aventura\t\t\t\t\t\t\t\t\t\t\t<input type=\"checkbox\" class=\"update_search\" name=\"tis_label[]\" value=\"Terra Aventura\"  \/> \n\t\t\t\t\t\t\t\t\t\t\t<span class=\"checkmark\"><\/span>\n\t\t\t\t\t\t\t\t\t\t<\/label>\n\t\t\t\t\t\t\t\t\t<\/div>\n\t\t\t\t\t\t\t\t\t\t\t\t\t\t\t\t\t\t\t\t\t\t\t\t\t\t\t\t\t\t\t\t\t\t\t<div class=\"form-input \">\n\t\t\t\t\t\t\t\t\t\t<label class=\"checkbox-container\">\n\t\t\t\t\t\t\t\t\t\t\tBienvenue \u00e0 la Ferme\t\t\t\t\t\t\t\t\t\t\t<input type=\"checkbox\" class=\"update_search\" name=\"tis_label[]\" value=\"Bienvenue \u00e0 la Ferme\"  \/> \n\t\t\t\t\t\t\t\t\t\t\t<span class=\"checkmark\"><\/span>\n\t\t\t\t\t\t\t\t\t\t<\/label>\n\t\t\t\t\t\t\t\t\t<\/div>\n\t\t\t\t\t\t\t\t\t\t\t\t\t\t\t\t\t\t\t\t\t\t\t\t\t\t\t\t\t\t\t\t\t\t\t<div class=\"form-input \">\n\t\t\t\t\t\t\t\t\t\t<label class=\"checkbox-container\">\n\t\t\t\t\t\t\t\t\t\t\tVignobles et d\u00e9couvertes\t\t\t\t\t\t\t\t\t\t\t<input type=\"checkbox\" class=\"update_search\" name=\"tis_label[]\" value=\"Vignobles et d\u00e9couvertes\"  \/> \n\t\t\t\t\t\t\t\t\t\t\t<span class=\"checkmark\"><\/span>\n\t\t\t\t\t\t\t\t\t\t<\/label>\n\t\t\t\t\t\t\t\t\t<\/div>\n\t\t\t\t\t\t\t\t\t\t\t\t\t\t\t\t\t\t\t\t\t\t\t\t\t\t\t\t\t\t\t\t\t\t\t<div class=\"form-input hide\">\n\t\t\t\t\t\t\t\t\t\t<label class=\"checkbox-container\">\n\t\t\t\t\t\t\t\t\t\t\tAB &#8211; Agriculture Biologique\t\t\t\t\t\t\t\t\t\t\t<input type=\"checkbox\" class=\"update_search\" name=\"tis_label[]\" value=\"AB - Agriculture Biologique\"  \/> \n\t\t\t\t\t\t\t\t\t\t\t<span class=\"checkmark\"><\/span>\n\t\t\t\t\t\t\t\t\t\t<\/label>\n\t\t\t\t\t\t\t\t\t<\/div>\n\t\t\t\t\t\t\t\t\t\t\t\t\t\t\t\t\t\t\t\t\t\t\t\t\t\t\t\t\t\t\t\t\t\t\t<div class=\"form-input hide\">\n\t\t\t\t\t\t\t\t\t\t<label class=\"checkbox-container\">\n\t\t\t\t\t\t\t\t\t\t\tVignerons Ind\u00e9pendants\t\t\t\t\t\t\t\t\t\t\t<input type=\"checkbox\" class=\"update_search\" name=\"tis_label[]\" value=\"Vignerons Ind\u00e9pendants\"  \/> \n\t\t\t\t\t\t\t\t\t\t\t<span class=\"checkmark\"><\/span>\n\t\t\t\t\t\t\t\t\t\t<\/label>\n\t\t\t\t\t\t\t\t\t<\/div>\n\t\t\t\t\t\t\t\t\t\t\t\t\t\t\t\t\t\t\t\t\t\t\t\t\t\t\t\t\t\t\t\t\t\t\t<div class=\"form-input hide\">\n\t\t\t\t\t\t\t\t\t\t<label class=\"checkbox-container\">\n\t\t\t\t\t\t\t\t\t\t\tEntreprise du Patrimoine Vivant\t\t\t\t\t\t\t\t\t\t\t<input type=\"checkbox\" class=\"update_search\" name=\"tis_label[]\" value=\"Entreprise du Patrimoine Vivant\"  \/> \n\t\t\t\t\t\t\t\t\t\t\t<span class=\"checkmark\"><\/span>\n\t\t\t\t\t\t\t\t\t\t<\/label>\n\t\t\t\t\t\t\t\t\t<\/div>\n\t\t\t\t\t\t\t\t\t\t\t\t\t\t\t\t\t\t\t\t\t\t\t\t\t\t\t\t\t\t\t\t\t\t\t<div class=\"form-input hide\">\n\t\t\t\t\t\t\t\t\t\t<label class=\"checkbox-container\">\n\t\t\t\t\t\t\t\t\t\t\tBest Of Wine Tourism\t\t\t\t\t\t\t\t\t\t\t<input type=\"checkbox\" class=\"update_search\" name=\"tis_label[]\" value=\"Best Of Wine Tourism\"  \/> \n\t\t\t\t\t\t\t\t\t\t\t<span class=\"checkmark\"><\/span>\n\t\t\t\t\t\t\t\t\t\t<\/label>\n\t\t\t\t\t\t\t\t\t<\/div>\n\t\t\t\t\t\t\t\t\t\t\t\t\t\t\t\t\t\t\t\t\t\t\t\t\t\t\t\t\t\t\t\t\t\t\t<div class=\"form-input hide\">\n\t\t\t\t\t\t\t\t\t\t<label class=\"checkbox-container\">\n\t\t\t\t\t\t\t\t\t\t\tTroph\u00e9e du tourisme\t\t\t\t\t\t\t\t\t\t\t<input type=\"checkbox\" class=\"update_search\" name=\"tis_label[]\" value=\"Troph\u00e9e du tourisme\"  \/> \n\t\t\t\t\t\t\t\t\t\t\t<span class=\"checkmark\"><\/span>\n\t\t\t\t\t\t\t\t\t\t<\/label>\n\t\t\t\t\t\t\t\t\t<\/div>\n\t\t\t\t\t\t\t\t\t\t\t\t\t\t\t\t\t\t\t\t\t\t\t\t\t\t\t\t\t\t\t\t\t\t\t<div class=\"form-input hide\">\n\t\t\t\t\t\t\t\t\t\t<label class=\"checkbox-container\">\n\t\t\t\t\t\t\t\t\t\t\tArtisan Gourmand Nouvelle-Aquitaine\t\t\t\t\t\t\t\t\t\t\t<input type=\"checkbox\" class=\"update_search\" name=\"tis_label[]\" value=\"Artisan Gourmand Nouvelle-Aquitaine\"  \/> \n\t\t\t\t\t\t\t\t\t\t\t<span class=\"checkmark\"><\/span>\n\t\t\t\t\t\t\t\t\t\t<\/label>\n\t\t\t\t\t\t\t\t\t<\/div>\n\t\t\t\t\t\t\t\t\t\t\t\t\t\t\t\t\t\t\t\t\t\t\t\t\t\t\t\t\t\t\t\t\t\t\t<div class=\"form-input hide\">\n\t\t\t\t\t\t\t\t\t\t<label class=\"checkbox-container\">\n\t\t\t\t\t\t\t\t\t\t\tProducteurs Artisans de Qualit\u00e9\t\t\t\t\t\t\t\t\t\t\t<input type=\"checkbox\" class=\"update_search\" name=\"tis_label[]\" value=\"Producteurs Artisans de Qualit\u00e9\"  \/> \n\t\t\t\t\t\t\t\t\t\t\t<span class=\"checkmark\"><\/span>\n\t\t\t\t\t\t\t\t\t\t<\/label>\n\t\t\t\t\t\t\t\t\t<\/div>\n\t\t\t\t\t\t\t\t\t\t\t\t\t\t\t\t\t\t\t\t\t\t\t\t\t\t\t\t\t\t\t\t\t\t\t<div class=\"form-input hide\">\n\t\t\t\t\t\t\t\t\t\t<label class=\"checkbox-container\">\n\t\t\t\t\t\t\t\t\t\t\tProducteurs Locaux (T&#038;A de France)\t\t\t\t\t\t\t\t\t\t\t<input type=\"checkbox\" class=\"update_search\" name=\"tis_label[]\" value=\"Producteurs Locaux (T&#038;A de France)\"  \/> \n\t\t\t\t\t\t\t\t\t\t\t<span class=\"checkmark\"><\/span>\n\t\t\t\t\t\t\t\t\t\t<\/label>\n\t\t\t\t\t\t\t\t\t<\/div>\n\t\t\t\t\t\t\t\t\t\t\t\t\t\t\t\t\t\t\t\t\t\t\t\t\t\t\t\t\t\t\t\t\t\t\t<div class=\"form-input hide\">\n\t\t\t\t\t\t\t\t\t\t<label class=\"checkbox-container\">\n\t\t\t\t\t\t\t\t\t\t\tAccueil V\u00e9lo\t\t\t\t\t\t\t\t\t\t\t<input type=\"checkbox\" class=\"update_search\" name=\"tis_label[]\" value=\"Accueil V\u00e9lo\"  \/> \n\t\t\t\t\t\t\t\t\t\t\t<span class=\"checkmark\"><\/span>\n\t\t\t\t\t\t\t\t\t\t<\/label>\n\t\t\t\t\t\t\t\t\t<\/div>\n\t\t\t\t\t\t\t\t\t\t\t\t\t\t\t\t\t\t\t\t\t\t\t\t\t\t\t\t\t\t\t\t\t\t\t<div class=\"form-input hide\">\n\t\t\t\t\t\t\t\t\t\t<label class=\"checkbox-container\">\n\t\t\t\t\t\t\t\t\t\t\tLabel Rouge\t\t\t\t\t\t\t\t\t\t\t<input type=\"checkbox\" class=\"update_search\" name=\"tis_label[]\" value=\"Label Rouge\"  \/> \n\t\t\t\t\t\t\t\t\t\t\t<span class=\"checkmark\"><\/span>\n\t\t\t\t\t\t\t\t\t\t<\/label>\n\t\t\t\t\t\t\t\t\t<\/div>\n\t\t\t\t\t\t\t\t\t\t\t\t\t\t\t\t\t\t\t\t\t\t\t\t\t\t\t\t\t\t\t\t\t\t\t<div class=\"form-input hide\">\n\t\t\t\t\t\t\t\t\t\t<label class=\"checkbox-container\">\n\t\t\t\t\t\t\t\t\t\t\tIndication G\u00e9ographique (INPI)\t\t\t\t\t\t\t\t\t\t\t<input type=\"checkbox\" class=\"update_search\" name=\"tis_label[]\" value=\"Indication G\u00e9ographique (INPI)\"  \/> \n\t\t\t\t\t\t\t\t\t\t\t<span class=\"checkmark\"><\/span>\n\t\t\t\t\t\t\t\t\t\t<\/label>\n\t\t\t\t\t\t\t\t\t<\/div>\n\t\t\t\t\t\t\t\t\t\t\t\t\t\t\t\t\t\t\t\t\t\t\t\t\t\t\t\t\t\t\t\t\t\t\t<div class=\"form-input hide\">\n\t\t\t\t\t\t\t\t\t\t<label class=\"checkbox-container\">\n\t\t\t\t\t\t\t\t\t\t\tRoute Historique B\u00e9arn Pays Basque\t\t\t\t\t\t\t\t\t\t\t<input type=\"checkbox\" class=\"update_search\" name=\"tis_label[]\" value=\"Route Historique B\u00e9arn Pays Basque\"  \/> \n\t\t\t\t\t\t\t\t\t\t\t<span class=\"checkmark\"><\/span>\n\t\t\t\t\t\t\t\t\t\t<\/label>\n\t\t\t\t\t\t\t\t\t<\/div>\n\t\t\t\t\t\t\t\t\t\t\t\t\t\t\t\t\t\t\t\t\t\t\t\t\t\t\t\t\t\t\t\t\t\t\t<div class=\"form-input hide\">\n\t\t\t\t\t\t\t\t\t\t<label class=\"checkbox-container\">\n\t\t\t\t\t\t\t\t\t\t\tMus\u00e9e de France\t\t\t\t\t\t\t\t\t\t\t<input type=\"checkbox\" class=\"update_search\" name=\"tis_label[]\" value=\"Mus\u00e9e de France\"  \/> \n\t\t\t\t\t\t\t\t\t\t\t<span class=\"checkmark\"><\/span>\n\t\t\t\t\t\t\t\t\t\t<\/label>\n\t\t\t\t\t\t\t\t\t<\/div>\n\t\t\t\t\t\t\t\t\t\t\t\t\t\t\t\t\t\t\t\t\t\t\t\t\t\t<span class=\"display-more\">Mostrar m\u00e1s<\/span>\n\t\t\t\t\t\t\t<\/div>\n\t\t\t\t\t\t\t\n\n\t\t\t\t\t\t<div class=\"h4\">Servicios<\/div>\n\t\t\t\t\t\t<div class=\"form-group\" id=\"services\">\n\t\t\t\t\t\t\t\t\t\t\t\t\t\t<div class=\"form-input\" id=\"checkbox-animaux\">\n\t\t\t\t\t\t\t\t<label class=\"checkbox-container\" for=\"tis_animaux\">\n\t\t\t\t\t\t\t\t\tSe admiten mascotas\t\t\t\t\t\t\t\t\t<input type=\"checkbox\" class=\"update_search\" name=\"tis_animaux\" id=\"tis_animaux\" value=\"1\"  \/>\n\t\t\t\t\t\t\t\t\t<span class=\"checkmark\"><\/span>\n\t\t\t\t\t\t\t\t<\/label>\n\t\t\t\t\t\t\t<\/div>\n\t\t\t\t\t\t\t\t\t\t\t\t\t\t<div class=\"form-input\" id=\"checkbox-handi\">\n\t\t\t\t\t\t\t\t<label class=\"checkbox-container\" for=\"tis_acceshandi\">\n\t\t\t\t\t\t\t\t\tAccesible en silla de ruedas\t\t\t\t\t\t\t\t\t<input type=\"checkbox\" class=\"update_search\" name=\"tis_acceshandi\" id=\"tis_acceshandi\"  value=\"1\" \/> \n\t\t\t\t\t\t\t\t\t<span class=\"checkmark\"><\/span>\n\t\t\t\t\t\t\t\t<\/label>\n\t\t\t\t\t\t\t<\/div>\n\t\t\t\t\t\t\t\t\t\t\t\t\t\t<div class=\"form-input\" id=\"checkbox-group\">\n\t\t\t\t\t\t\t\t<label class=\"checkbox-container\" for=\"tis_groupe\">\n\t\t\t\t\t\t\t\t\tGrupos bienvenidos\t\t\t\t\t\t\t\t\t<input type=\"checkbox\" class=\"update_search\" name=\"tis_groupe\" id=\"tis_groupe\"  value=\"1\" \/> \n\t\t\t\t\t\t\t\t<span class=\"checkmark\"><\/span>\n\t\t\t\t\t\t\t\t<\/label>\n\t\t\t\t\t\t\t<\/div>\n\t\t\t\t\t\t\t\t\t\t\t\t\t\t\t\t\t\t\t\t\t<div class=\"form-input\" id=\"checkbox-cheque\">\n\t\t\t\t\t\t\t\t<label class=\"checkbox-container\">\n\t\t\t\t\t\t\t\t\tCheques vacaciones\t\t\t\t\t\t\t\t\t<input type=\"checkbox\" class=\"update_search\" name=\"tis_modpaiement[]\" value=\"Ch\u00e8ques Vacances\"  \/> \n\t\t\t\t\t\t\t\t\t<span class=\"checkmark\"><\/span>\n\t\t\t\t\t\t\t\t<\/label>\n\t\t\t\t\t\t\t<\/div>\n\t\t\t\t\t\t\t\t\t\t\t\t\t\t\n\t\t\t\t\t\t\t\t\t\t\t\t\t\t\t\t\t\t\t\t\t\n\t\t\t\t\t\t\t\t\t\t\t\t\t\t<div class=\"form-input\" id=\"checkbox-qualitetourisme\">\n\t\t\t\t\t\t\t\t<label class=\"checkbox-container\">\n\t\t\t\t\t\t\t\t\tQualit\u00e9 Tourisme\n\t\t\t\t\t\t\t\t\t<input type=\"checkbox\" class=\"update_search\" name=\"tis_label[]\" value=\"Qualit\u00e9 Tourisme\"  \/>\n\t\t\t\t\t\t\t\t\t<span class=\"checkmark\"><\/span>\n\t\t\t\t\t\t\t\t<\/label>\n\t\t\t\t\t\t\t<\/div>\n\t\t\t\t\t\t\t\t\t\t\t\t\t<\/div>\n\t\t\t\t\t\t\n\t\t\t\t\t\t\t\n\t\t\t\t\t\t\n\t\t\t\t\t\t\t\t\t\t\t\n\t\t\t\t\t\t\t\t\t\t\n\t\t\t\t\t\n\t\t\t\t\n\t\t\t\t\t\t\n\t\t\t\t\t\t\t\t\t\t\n\t\t\t\t\t<div class=\"h4\">Lenguas habladas<\/div>\n\t\t\t\t\t<div class=\"form-group\" id=\"spoken-languages\">\n\t\t\t\t\t\t<div class=\"form-input\">\n\t\t\t\t\t\t\t<label class=\"checkbox-container\">\n\t\t\t\t\t\t\t\tFranc\u00e9s\t\t\t\t\t\t\t\t<input type=\"checkbox\" class=\"update_search\" name=\"tis_langparle[]\" value=\"Fran\u00e7ais\"  \/> \n\t\t\t\t\t\t\t\t<span class=\"checkmark\"><\/span>\n\t\t\t\t\t\t\t<\/label>\n\t\t\t\t\t\t<\/div>\n\t\t\t\t\t\t<div class=\"form-input\">\n\t\t\t\t\t\t\t<label class=\"checkbox-container\">\n\t\t\t\t\t\t\t\tEuskadi\t\t\t\t\t\t\t\t<input type=\"checkbox\" class=\"update_search\" name=\"tis_langparle[]\" value=\"Basque\"  \/>\n\t\t\t\t\t\t\t\t<span class=\"checkmark\"><\/span>\n\t\t\t\t\t\t\t<\/label>\n\t\t\t\t\t\t<\/div>\n\t\t\t\t\t\t<div class=\"form-input\">\n\t\t\t\t\t\t\t<label class=\"checkbox-container\">\n\t\t\t\t\t\t\t\tEspa\u00f1ol\t\t\t\t\t\t\t\t<input type=\"checkbox\" class=\"update_search\" name=\"tis_langparle[]\" value=\"Espagnol\"  \/>\n\t\t\t\t\t\t\t\t<span class=\"checkmark\"><\/span>\n\t\t\t\t\t\t\t<\/label>\n\t\t\t\t\t\t<\/div>\n\t\t\t\t\t\t<div class=\"form-input\">\n\t\t\t\t\t\t\t<label class=\"checkbox-container\">\n\t\t\t\t\t\t\t\tIngl\u00e9s\t\t\t\t\t\t\t\t<input type=\"checkbox\" class=\"update_search\" name=\"tis_langparle[]\" value=\"Anglais\"  \/>\n\t\t\t\t\t\t\t\t<span class=\"checkmark\"><\/span>\n\t\t\t\t\t\t\t<\/label>\n\t\t\t\t\t\t<\/div>\n\t\t\t\t\t\t<div class=\"form-input\">\n\t\t\t\t\t\t\t<label class=\"checkbox-container\">\n\t\t\t\t\t\t\t\tAlem\u00e1n\t\t\t\t\t\t\t\t<input type=\"checkbox\" class=\"update_search\" name=\"tis_langparle[]\" value=\"Allemand\"  \/>\n\t\t\t\t\t\t\t\t<span class=\"checkmark\"><\/span>\n\t\t\t\t\t\t\t<\/label>\n\t\t\t\t\t\t<\/div>\n\t\t\t\t\t\t<div class=\"form-input\">\n\t\t\t\t\t\t\t<label class=\"checkbox-container\">\n\t\t\t\t\t\t\t\tItaliano\t\t\t\t\t\t\t\t<input type=\"checkbox\" class=\"update_search\" name=\"tis_langparle[]\" value=\"Italien\"  \/>\n\t\t\t\t\t\t\t\t<span class=\"checkmark\"><\/span>\n\t\t\t\t\t\t\t<\/label>\n\t\t\t\t\t\t<\/div>\n\t\t\t\t\t\t<div class=\"form-input\">\n\t\t\t\t\t\t\t<label class=\"checkbox-container\">\n\t\t\t\t\t\t\t\tPortugu\u00e9s\t\t\t\t\t\t\t\t<input type=\"checkbox\" class=\"update_search\" name=\"tis_langparle[]\" value=\"Portuguais\"  \/>\n\t\t\t\t\t\t\t\t<span class=\"checkmark\"><\/span>\n\t\t\t\t\t\t\t<\/label>\n\t\t\t\t\t\t<\/div>\n\t\t\t\t\t<\/div>\n\t\t\t\t\t\t\t\t\t\t\n\t\t\t\t\t<div class=\"wp-block-buttons\">\n\t\t\t\t\t\t\t\t\t\t\t\t\t<button role=\"button\" aria-pressed=\"false\" type=\"sumbit\" class=\"wp-block-button__link\">Mostrar resultados<\/button>\n\t\t\t\t\t\t\t\t\t\t\t<\/div>\n\t\t\t\t<\/div>\n\t\t\t<\/div>\n\t\t<\/div>\n\t\t\n\t<\/form>\n<\/div>\t\t\t<\/div>\n\t<\/div>\n\n<div id=\"tourinsoft-list\" class=\"py wp-block-group alignfull has-light-grey-background-color has-background\">\n\t<div class=\"tourinsoft-map-container\">\n\t\t<div id=\"tourinsoft-result-list\">\n\t\t\t\t\t\t<div id=\"tourinsoft-result-header\">\n\t\t\t\t<div id=\"tourinsoft-result-title\">\n\t\t\t\t\t\t\t\t\t\t\t<h3>Resultados de la b\u00fasqueda<\/h3>\n\t\t\t\t\t\t\t\t\t\t \/ <span id=\"tourinsoft-nb-results\"><span id=\"nb_results\">34<\/span> resultado(s)<\/span>\t\t\t\t<\/div>\n\t\t\t\t\n\t\t\t\t\n\t\t\t\t\t\t\t\t<div class=\"wp-block-buttons wp-block-buttons-is-layout-flex\" id=\"short-filters\">\n\t\t\t\t\t<div class=\"wp-block-button\">\n\t\t\t\t\t\t<a class=\"wp-block-button__link short-filter \" href=\"#\" id=\"filter-durable\" data-related=\"tis_tagqualification\" data-value=\"D\u00e9veloppement durable\" data-type=\"tag\"><img decoding=\"async\" src=\"https:\/\/www.bearnmadiran-tourisme.fr\/wp-content\/plugins\/tourinsoft-syndication\/assets\/images\/icon-durable.svg\" title=\"D\u00e9veloppement durable\" alt=\"D\u00e9veloppement durable\" \/>Durable<\/a>\n\t\t\t\t\t<\/div>\n\t\t\t\t<\/div>\n\t\t\t\t\t\t\t\t\n\t\t\t\t<!--<a href=\"#\" id=\"display-filters\" onclick=\"gtag('event','clic_filtre_listing',{'event_category':'Prospect','event_label':''});\">-->\n\t\t\t\t\t\t\t\t<div class=\"filters-container\">\n\t\t\t\t\t<a href=\"#\" id=\"display-filters\">\n\t\t\t\t\t\tFiltros\t\t\t\t\t\t<span id=\"nb_filters\">0<\/span>\n\t\t\t\t\t<\/a>\n\t\t\t\t\t\t\t\t\t\t\t<div id=\"filter-title\">\n\t\t\t\t\t\t\t<input type=\"search\" form=\"list-searchform\" name=\"tis_title\" value=\"\" placeholder=\"Denominaci\u00f3n de la oferta\" \/>\n\t\t\t\t\t\t\t<button type=\"submit\" form=\"list-searchform\"><img decoding=\"async\" src=\"https:\/\/www.bearnmadiran-tourisme.fr\/wp-content\/plugins\/tourinsoft-syndication\/assets\/images\/icon-search.svg\" alt=\"Buscar en\" title=\"Buscar en\" \/><\/button>\n\t\t\t\t\t\t<\/div>\n\t\t\t\t\t\t\t\t\t\t\t\n\t\t\t\t\t<div class=\"wp-block-buttons wp-block-buttons-is-layout-flex filters-list\">\n\t\t\t\t\t\t\t\t\t\t<\/div>\n\t\t\t\t<\/div>\t\n\t\t\t\t\t\t\t<\/div>\n\t\t\t\t\t\t<div id=\"tourinsoft-result-container\" data-nb_results=\"6\">\n\t\t\t\n\t\t\t\t\t\t\t\t<div id=\"js-marker-result\" class=\"grid-mode\" >\n\t\t\t\t\t\n\t\t\t\t\t\t\t\t\t<\/div>\n\t\t\t<\/div>\n\t\t<\/div>\n\t\t<div id=\"tourinsoft-map\"  data-marker=\"https:\/\/www.bearnmadiran-tourisme.fr\/wp-content\/plugins\/tourinsoft-syndication\/assets\/images\/map-marker.png\" data-lat=\"43.29510117\" data-lng=\"-0.37079701\" data-zoom=\"10\"><\/div>\n\t<\/div>\n<\/div>\n\n\n<div style=\"height:50px\" aria-hidden=\"true\" class=\"wp-block-spacer\"><\/div>\n\n<\/div>\n\n<section class=\"wp-block-group alignfull is-style-stars\"><div class=\"wp-block-group__inner-container is-layout-constrained wp-block-group-is-layout-constrained\">\n<h2 class=\"wp-block-heading has-text-align-center has-mauve-color has-text-color has-link-color has-large-font-size wp-elements-11\"># 7 &#8211; Dale una segunda vida a nuestros folletos en papel<\/h2>\n\n\n\n<p class=\"has-text-align-center wp-block-paragraph\"><\/p>\n<\/div><\/section>\n\n<section class=\"wp-block-group alignfull animated fadeIn slow has-white-color has-mauve-background-color has-text-color has-background has-link-color wp-elements-12\"><div class=\"wp-block-group__inner-container is-layout-constrained wp-block-group-is-layout-constrained\">\n<div class=\"wp-block-media-text is-stacked-on-mobile is-image-fill-element is-style-copyright\" style=\"grid-template-columns:55% auto\"><figure class=\"wp-block-media-text__media\"><img decoding=\"async\" width=\"1024\" height=\"768\" src=\"https:\/\/www.bearnmadiran-tourisme.fr\/wp-content\/uploads\/2025\/03\/0-brochures-credit-smt-7-1024x768.jpg\" alt=\"Folletos tur\u00edsticos de Coteaux B\u00e9arn Madiran\" class=\"wp-image-2978 size-full\" style=\"object-position:50% 50%\" srcset=\"https:\/\/www.bearnmadiran-tourisme.fr\/wp-content\/uploads\/2025\/03\/0-brochures-credit-smt-7-1024x768.jpg 1024w, https:\/\/www.bearnmadiran-tourisme.fr\/wp-content\/uploads\/2025\/03\/0-brochures-credit-smt-7-800x600.jpg 800w, https:\/\/www.bearnmadiran-tourisme.fr\/wp-content\/uploads\/2025\/03\/0-brochures-credit-smt-7-300x225.jpg 300w, https:\/\/www.bearnmadiran-tourisme.fr\/wp-content\/uploads\/2025\/03\/0-brochures-credit-smt-7-768x576.jpg 768w, https:\/\/www.bearnmadiran-tourisme.fr\/wp-content\/uploads\/2025\/03\/0-brochures-credit-smt-7-1536x1152.jpg 1536w, https:\/\/www.bearnmadiran-tourisme.fr\/wp-content\/uploads\/2025\/03\/0-brochures-credit-smt-7.jpg 2000w\" sizes=\"(max-width: 1024px) 100vw, 1024px\" \/><span class=\"image-credit\"><span class=\"copy-sign\">\u00a9<\/span><span class=\"copy-content\">Tourisme Coteaux B\u00e9arn Madiran<\/span><\/span><\/figure><div class=\"wp-block-media-text__content\">\n<ul class=\"wp-block-list\">\n<li>Gu\u00e1rdalas para tu pr\u00f3xima visita (\u00a1porque seguro que volver\u00e1s!)<\/li>\n\n\n\n<li>D\u00e9jalos en tu alojamiento tur\u00edstico para los que vengan despu\u00e9s<\/li>\n<\/ul>\n\n\n\n<ul class=\"wp-block-list\">\n<li>D\u00e1selas a la t\u00eda Jacqueline o al t\u00edo Raymond mientras les cuentas aquella vez que\u2026<\/li>\n\n\n\n<li>Tambi\u00e9n puedes entregarlos en nuestras oficinas de turismo<\/li>\n\n\n\n<li>Y si de verdad tienes que tirarlos, dales una nueva vida meti\u00e9ndolos en el contenedor de papel para reciclar<\/li>\n<\/ul>\n<\/div><\/div>\n<\/div><\/section>\n\n<div style=\"height:37px\" aria-hidden=\"true\" class=\"wp-block-spacer\"><\/div>\n","protected":false},"excerpt":{"rendered":"<p>En Coteaux B\u00e9arn Madiran, cada escapada se convierte en un recuerdo inolvidable. \u00bfY si t\u00fa tambi\u00e9n hicieras una promesa a este territorio que te acoge? Con unos sencillos gestos, puedes ayudar a conservar la belleza, la autenticidad y la riqueza de nuestros paisajes. Aqu\u00ed tienes algunos compromisos f\u00e1ciles de cumplir [&hellip;]<\/p>\n","protected":false},"author":1,"featured_media":9739,"parent":11023,"menu_order":0,"comment_status":"closed","ping_status":"closed","template":"","meta":{"_acf_changed":false,"_seopress_titles_title":"Actividades ecol\u00f3gicas - bearnmadiran-tourisme.fr","_seopress_titles_desc":"Adopta h\u00e1bitos ecol\u00f3gicos sencillos y disfruta de actividades respetuosas con el medio ambiente en Coteaux B\u00e9arn Madiran: senderismo, ciclismo, deportes acu\u00e1ticos sostenibles, visitas culturales...","_seopress_robots_index":"","_seopress_robots_follow":"","_seopress_robots_imageindex":"","_seopress_robots_snippet":"","_seopress_robots_primary_cat":"","_seopress_robots_breadcrumbs":"","_seopress_robots_freeze_modified_date":"","_seopress_robots_custom_modified_date":"","_seopress_robots_canonical":"","_seopress_social_fb_title":"","_seopress_social_fb_desc":"","_seopress_social_fb_img":"","_seopress_social_fb_img_attachment_id":0,"_seopress_social_fb_img_width":0,"_seopress_social_fb_img_height":0,"_seopress_social_twitter_title":"","_seopress_social_twitter_desc":"","_seopress_social_twitter_img":"","_seopress_social_twitter_img_attachment_id":0,"_seopress_social_twitter_img_width":0,"_seopress_social_twitter_img_height":0,"_seopress_redirections_value":"","_seopress_redirections_enabled":"","_seopress_redirections_enabled_regex":"","_seopress_redirections_logged_status":"ambos","_seopress_redirections_param":"","_seopress_redirections_type":301,"_seopress_analysis_target_kw":"","_seopress_news_disabled":"","_seopress_video_disabled":"","_seopress_video":[],"_seopress_pro_schemas_manual":[],"_seopress_pro_rich_snippets_disable_all":"","_seopress_pro_rich_snippets_disable":[],"_seopress_pro_schemas":[],"pgc_sgb_lightbox_settings":"","footnotes":""},"class_list":["post-10494","page","type-page","status-publish","has-post-thumbnail","hentry"],"acf":[],"_links":{"self":[{"href":"https:\/\/www.bearnmadiran-tourisme.fr\/es\/wp-json\/wp\/v2\/pages\/10494","targetHints":{"allow":["GET"]}}],"collection":[{"href":"https:\/\/www.bearnmadiran-tourisme.fr\/es\/wp-json\/wp\/v2\/pages"}],"about":[{"href":"https:\/\/www.bearnmadiran-tourisme.fr\/es\/wp-json\/wp\/v2\/types\/page"}],"author":[{"embeddable":true,"href":"https:\/\/www.bearnmadiran-tourisme.fr\/es\/wp-json\/wp\/v2\/users\/1"}],"replies":[{"embeddable":true,"href":"https:\/\/www.bearnmadiran-tourisme.fr\/es\/wp-json\/wp\/v2\/comments?post=10494"}],"version-history":[{"count":3,"href":"https:\/\/www.bearnmadiran-tourisme.fr\/es\/wp-json\/wp\/v2\/pages\/10494\/revisions"}],"predecessor-version":[{"id":11025,"href":"https:\/\/www.bearnmadiran-tourisme.fr\/es\/wp-json\/wp\/v2\/pages\/10494\/revisions\/11025"}],"up":[{"embeddable":true,"href":"https:\/\/www.bearnmadiran-tourisme.fr\/es\/wp-json\/wp\/v2\/pages\/11023"}],"wp:featuredmedia":[{"embeddable":true,"href":"https:\/\/www.bearnmadiran-tourisme.fr\/es\/wp-json\/wp\/v2\/media\/9739"}],"wp:attachment":[{"href":"https:\/\/www.bearnmadiran-tourisme.fr\/es\/wp-json\/wp\/v2\/media?parent=10494"}],"curies":[{"name":"wp","href":"https:\/\/api.w.org\/{rel}","templated":true}]}}