{"id":10512,"date":"2025-02-12T08:56:42","date_gmt":"2025-02-12T07:56:42","guid":{"rendered":"https:\/\/www.bearnmadiran-tourisme.fr\/rutas-de-descubrimiento\/jornadas-de-descubrimiento-a-pie-y-en-bicicleta-de-montana-sabores-y-paseos\/"},"modified":"2026-08-07T17:32:04","modified_gmt":"2026-08-07T15:32:04","slug":"jornadas-de-descubrimiento-a-pie-y-en-bicicleta-de-montana-sabores-y-paseos","status":"publish","type":"page","link":"https:\/\/www.bearnmadiran-tourisme.fr\/es\/descubrir\/rutas-de-descubrimiento\/jornadas-de-descubrimiento-a-pie-y-en-bicicleta-de-montana-sabores-y-paseos\/","title":{"rendered":"Jornadas de descubrimiento a pie y en bicicleta de monta\u00f1a \u00abSabores y paseos\u00bb"},"content":{"rendered":"\n<div class=\"wp-block-columns is-layout-flex wp-container-core-columns-is-layout-8f761849 wp-block-columns-is-layout-flex\">\n<div class=\"wp-block-column is-layout-flow wp-block-column-is-layout-flow\" style=\"flex-basis:40%\"><div class=\"highlight-bloc-container \" id=\"ts-block-67a0ed26bed34\"  >\n\t<div class=\"highlight-bloc-content\">\n\t\t<div class=\"acf-innerblocks-container\">\n\n<h2 class=\"wp-block-heading suptitle\">\u00bfQu\u00e9 hacemos hoy?<\/h2>\n\n<\/div>\t<\/div>\n<\/div>\n<\/div>\n\n\n\n<div class=\"wp-block-column is-layout-flow wp-block-column-is-layout-flow\" style=\"flex-basis:60%\">\n<p class=\"wp-block-paragraph\">\u00bfQu\u00e9 tal si te animas a descubrir las joyas de nuestra regi\u00f3n?  <\/p>\n\n\n\n<p class=\"wp-block-paragraph\">En \u00abEntre Saveurs &amp; D\u00e9ambulations\u00bb te proponemos 9 ideas para pasar el d\u00eda que combinan un paseo matutino con una tarde llena de descubrimientos. Te contamos todos los planes geniales: rutas de senderismo, gastronom\u00eda, bodegas, visitas culturales, artesanos apasionados y actividades de ocio&#8230; Cada d\u00eda es una inmersi\u00f3n \u00fanica en el alma de nuestras ciudades y pueblos.    <\/p>\n\n\n\n<p class=\"wp-block-paragraph\"><strong>\u00bfDe qu\u00e9 va? \u00a1Sin complicaciones! <\/strong>  Perfecto para los visitantes que buscan autenticidad sin perder tiempo en el camino, y para los lugare\u00f1os que tienen curiosidad por saber m\u00e1s sobre su propia regi\u00f3n.<\/p>\n<\/div>\n<\/div>\n\n<section class=\"wp-block-group alignfull\"><div class=\"wp-block-group__inner-container is-layout-constrained wp-block-group-is-layout-constrained\">\n<div class=\"wp-block-columns is-layout-flex wp-container-core-columns-is-layout-8f761849 wp-block-columns-is-layout-flex\">\n<div class=\"wp-block-column is-layout-flow wp-block-column-is-layout-flow\"><div class=\"banner-container  text-shadow with-overlay btn-hover img-zoom\" id=\"ts-block-651529de6e30e\"  >\r\n\t\t<a href=\"https:\/\/www.bearnmadiran-tourisme.fr\/decouvrir\/itineraires-de-decouverte\/a-pied\/arzacq-arraziguet\/\" target=\"\">\r\n\t\t\t<div class=\"banner-content\">\n\n<div class=\"wp-block-cover has-custom-content-position is-position-top-left is-style-copyright\" style=\"min-height:300px;aspect-ratio:unset;\"><img decoding=\"async\" width=\"1024\" height=\"683\" class=\"wp-block-cover__image-background wp-image-2693 size-large\" alt=\"circuit balade Arzacq Arraziguet tourisme Madiran\" src=\"https:\/\/www.bearnmadiran-tourisme.fr\/wp-content\/uploads\/2025\/03\/2-arzacq-copy-pascal-le-doare-studio-764-0016-2-1024x683.jpg\" data-object-fit=\"cover\" srcset=\"https:\/\/www.bearnmadiran-tourisme.fr\/wp-content\/uploads\/2025\/03\/2-arzacq-copy-pascal-le-doare-studio-764-0016-2-1024x683.jpg 1024w, https:\/\/www.bearnmadiran-tourisme.fr\/wp-content\/uploads\/2025\/03\/2-arzacq-copy-pascal-le-doare-studio-764-0016-2-800x534.jpg 800w, https:\/\/www.bearnmadiran-tourisme.fr\/wp-content\/uploads\/2025\/03\/2-arzacq-copy-pascal-le-doare-studio-764-0016-2-300x200.jpg 300w, https:\/\/www.bearnmadiran-tourisme.fr\/wp-content\/uploads\/2025\/03\/2-arzacq-copy-pascal-le-doare-studio-764-0016-2-768x512.jpg 768w, https:\/\/www.bearnmadiran-tourisme.fr\/wp-content\/uploads\/2025\/03\/2-arzacq-copy-pascal-le-doare-studio-764-0016-2-1536x1025.jpg 1536w, https:\/\/www.bearnmadiran-tourisme.fr\/wp-content\/uploads\/2025\/03\/2-arzacq-copy-pascal-le-doare-studio-764-0016-2.jpg 2000w\" sizes=\"(max-width: 1024px) 100vw, 1024px\" \/><span aria-hidden=\"true\" class=\"wp-block-cover__background has-background-dim\"><\/span><div class=\"wp-block-cover__inner-container is-layout-flow wp-block-cover-is-layout-flow\">\n<h3 class=\"wp-block-heading has-white-color has-text-color\">Arzacq-Arraziguet<\/h3>\n\n\n\n<p class=\"wp-block-paragraph\"><\/p>\n\n\n<\/div><span class=\"image-credit\"><span class=\"copy-sign\">\u00a9<\/span><span class=\"copy-content\">Studio 764 \u2013 P. Le Doar\u00e9<\/span><\/span><\/div>\n\n<\/div>\t\t\t\t\t<div class=\"wp-block-button\">\r\n\t\t\t<button class=\"wp-block-button__link\">Descubrir<\/button>\r\n\t\t<\/div>\r\n\t\t\t<\/a>\r\n\t\t<\/div>\r\n<\/div>\n\n\n\n<div class=\"wp-block-column is-layout-flow wp-block-column-is-layout-flow\">\n<div class=\"wp-block-columns mb-0 is-layout-flex wp-container-core-columns-is-layout-8f761849 wp-block-columns-is-layout-flex\">\n<div class=\"wp-block-column is-layout-flow wp-block-column-is-layout-flow\"><div class=\"banner-container  text-shadow with-overlay btn-hover img-zoom\" id=\"ts-block-651529de6e3e1\"  >\r\n\t\t<a href=\"https:\/\/www.bearnmadiran-tourisme.fr\/decouvrir\/itineraires-de-decouverte\/a-pied\/aydie\/\" target=\"\">\r\n\t\t\t<div class=\"banner-content\">\n\n<div class=\"wp-block-cover has-custom-content-position is-position-top-left is-style-copyright\" style=\"min-height:300px;aspect-ratio:unset;\"><img decoding=\"async\" width=\"1024\" height=\"582\" class=\"wp-block-cover__image-background wp-image-3364 size-large\" alt=\"circuit balade Aydie tourisme Madiran\" src=\"https:\/\/www.bearnmadiran-tourisme.fr\/wp-content\/uploads\/2025\/04\/1-randonnee-vignes-aydie-1024x582.jpg\" data-object-fit=\"cover\" srcset=\"https:\/\/www.bearnmadiran-tourisme.fr\/wp-content\/uploads\/2025\/04\/1-randonnee-vignes-aydie-1024x582.jpg 1024w, https:\/\/www.bearnmadiran-tourisme.fr\/wp-content\/uploads\/2025\/04\/1-randonnee-vignes-aydie-800x455.jpg 800w, https:\/\/www.bearnmadiran-tourisme.fr\/wp-content\/uploads\/2025\/04\/1-randonnee-vignes-aydie-300x171.jpg 300w, https:\/\/www.bearnmadiran-tourisme.fr\/wp-content\/uploads\/2025\/04\/1-randonnee-vignes-aydie-768x437.jpg 768w, https:\/\/www.bearnmadiran-tourisme.fr\/wp-content\/uploads\/2025\/04\/1-randonnee-vignes-aydie-1536x873.jpg 1536w, https:\/\/www.bearnmadiran-tourisme.fr\/wp-content\/uploads\/2025\/04\/1-randonnee-vignes-aydie.jpg 2000w\" sizes=\"(max-width: 1024px) 100vw, 1024px\" \/><span aria-hidden=\"true\" class=\"wp-block-cover__background has-background-dim\"><\/span><div class=\"wp-block-cover__inner-container is-layout-flow wp-block-cover-is-layout-flow\">\n<h3 class=\"wp-block-heading\">Aydie<\/h3>\n\n\n\n<p class=\"wp-block-paragraph\"><\/p>\n\n\n<\/div><span class=\"image-credit\"><span class=\"copy-sign\">\u00a9<\/span><span class=\"copy-content\">Tourisme Coteaux B\u00e9arn Madiran<\/span><\/span><\/div>\n\n<\/div>\t\t\t\t\t<div class=\"wp-block-button\">\r\n\t\t\t<button class=\"wp-block-button__link\">Descubrir<\/button>\r\n\t\t<\/div>\r\n\t\t\t<\/a>\r\n\t\t<\/div>\r\n<\/div>\n\n\n\n<div class=\"wp-block-column is-layout-flow wp-block-column-is-layout-flow\"><div class=\"banner-container  has-text-color has-white-color text-shadow with-overlay btn-hover img-zoom\" id=\"ts-block-651529de6e397\"  >\r\n\t\t<a href=\"https:\/\/www.bearnmadiran-tourisme.fr\/decouvrir\/itineraires-de-decouverte\/a-pied\/cabidos-alentours\/\" target=\"\">\r\n\t\t\t<div class=\"banner-content\">\n\n<div class=\"wp-block-cover has-custom-content-position is-position-top-left is-style-copyright\" style=\"min-height:300px;aspect-ratio:unset;\"><img decoding=\"async\" width=\"904\" height=\"1024\" class=\"wp-block-cover__image-background wp-image-5520 size-large\" alt=\"circuit balade Cabidos tourisme Madiran\" src=\"https:\/\/www.bearnmadiran-tourisme.fr\/wp-content\/uploads\/2025\/05\/cabido1-904x1024.jpg\" data-object-fit=\"cover\" srcset=\"https:\/\/www.bearnmadiran-tourisme.fr\/wp-content\/uploads\/2025\/05\/cabido1-904x1024.jpg 904w, https:\/\/www.bearnmadiran-tourisme.fr\/wp-content\/uploads\/2025\/05\/cabido1-530x600.jpg 530w, https:\/\/www.bearnmadiran-tourisme.fr\/wp-content\/uploads\/2025\/05\/cabido1-265x300.jpg 265w, https:\/\/www.bearnmadiran-tourisme.fr\/wp-content\/uploads\/2025\/05\/cabido1-768x870.jpg 768w, https:\/\/www.bearnmadiran-tourisme.fr\/wp-content\/uploads\/2025\/05\/cabido1-1356x1536.jpg 1356w, https:\/\/www.bearnmadiran-tourisme.fr\/wp-content\/uploads\/2025\/05\/cabido1.jpg 1766w\" sizes=\"(max-width: 904px) 100vw, 904px\" \/><span aria-hidden=\"true\" class=\"wp-block-cover__background has-background-dim\"><\/span><div class=\"wp-block-cover__inner-container is-layout-flow wp-block-cover-is-layout-flow\">\n<h3 class=\"wp-block-heading has-white-color has-text-color\">Cabidos<\/h3>\n\n\n\n<p class=\"wp-block-paragraph\"><\/p>\n\n\n<\/div><span class=\"image-credit\"><span class=\"copy-sign\">\u00a9<\/span><span class=\"copy-content\">Studio 764 \u2013 P. Le Doar\u00e9<\/span><\/span><\/div>\n\n<\/div>\t\t\t\t\t<div class=\"wp-block-button\">\r\n\t\t\t<button class=\"wp-block-button__link\">Descubrir<\/button>\r\n\t\t<\/div>\r\n\t\t\t<\/a>\r\n\t\t<\/div>\r\n<\/div>\n<\/div>\n<\/div>\n<\/div>\n\n\n\n<div class=\"wp-block-columns is-layout-flex wp-container-core-columns-is-layout-8f761849 wp-block-columns-is-layout-flex\">\n<div class=\"wp-block-column is-layout-flow wp-block-column-is-layout-flow\">\n<div class=\"wp-block-columns mb-0 is-layout-flex wp-container-core-columns-is-layout-8f761849 wp-block-columns-is-layout-flex\">\n<div class=\"wp-block-column is-layout-flow wp-block-column-is-layout-flow\"><div class=\"banner-container  text-shadow with-overlay btn-hover img-zoom\" id=\"ts-block-651529de6e3e1\"  >\r\n\t\t<a href=\"https:\/\/www.bearnmadiran-tourisme.fr\/decouvrir\/itineraires-de-decouverte\/a-pied\/lembeye\/\" target=\"\">\r\n\t\t\t<div class=\"banner-content\">\n\n<div class=\"wp-block-cover has-custom-content-position is-position-top-left is-style-copyright\" style=\"min-height:300px;aspect-ratio:unset;\"><img decoding=\"async\" width=\"1024\" height=\"768\" class=\"wp-block-cover__image-background wp-image-8486 size-large\" alt=\"circuit balade Lembeye tourisme Madiran\" src=\"https:\/\/www.bearnmadiran-tourisme.fr\/wp-content\/uploads\/2026\/02\/lembeye-arcade-tourisme-bearn-madiran-copy-courte-echelle-2025-m29a9727-1024x768.jpg\" data-object-fit=\"cover\" srcset=\"https:\/\/www.bearnmadiran-tourisme.fr\/wp-content\/uploads\/2026\/02\/lembeye-arcade-tourisme-bearn-madiran-copy-courte-echelle-2025-m29a9727-1024x768.jpg 1024w, https:\/\/www.bearnmadiran-tourisme.fr\/wp-content\/uploads\/2026\/02\/lembeye-arcade-tourisme-bearn-madiran-copy-courte-echelle-2025-m29a9727-800x600.jpg 800w, https:\/\/www.bearnmadiran-tourisme.fr\/wp-content\/uploads\/2026\/02\/lembeye-arcade-tourisme-bearn-madiran-copy-courte-echelle-2025-m29a9727-300x225.jpg 300w, https:\/\/www.bearnmadiran-tourisme.fr\/wp-content\/uploads\/2026\/02\/lembeye-arcade-tourisme-bearn-madiran-copy-courte-echelle-2025-m29a9727-768x576.jpg 768w, https:\/\/www.bearnmadiran-tourisme.fr\/wp-content\/uploads\/2026\/02\/lembeye-arcade-tourisme-bearn-madiran-copy-courte-echelle-2025-m29a9727-1536x1152.jpg 1536w, https:\/\/www.bearnmadiran-tourisme.fr\/wp-content\/uploads\/2026\/02\/lembeye-arcade-tourisme-bearn-madiran-copy-courte-echelle-2025-m29a9727.jpg 2000w\" sizes=\"(max-width: 1024px) 100vw, 1024px\" \/><span aria-hidden=\"true\" class=\"wp-block-cover__background has-background-dim\"><\/span><div class=\"wp-block-cover__inner-container is-layout-flow wp-block-cover-is-layout-flow\">\n<h3 class=\"wp-block-heading\">Lembeye<\/h3>\n\n\n\n<p class=\"wp-block-paragraph\"><\/p>\n\n\n<\/div><span class=\"image-credit\"><span class=\"copy-sign\">\u00a9<\/span><span class=\"copy-content\">Courte \u00c9chelle 2025 \u2013 G. Portenart<\/span><\/span><\/div>\n\n<\/div>\t\t\t\t\t<div class=\"wp-block-button\">\r\n\t\t\t<button class=\"wp-block-button__link\">Descubrir<\/button>\r\n\t\t<\/div>\r\n\t\t\t<\/a>\r\n\t\t<\/div>\r\n<\/div>\n\n\n\n<div class=\"wp-block-column is-layout-flow wp-block-column-is-layout-flow\"><div class=\"banner-container  has-text-color has-white-color text-shadow with-overlay btn-hover img-zoom\" id=\"ts-block-651529de6e397\"  >\r\n\t\t<a href=\"https:\/\/www.bearnmadiran-tourisme.fr\/decouvrir\/itineraires-de-decouverte\/a-pied\/morlaas\/\" target=\"\">\r\n\t\t\t<div class=\"banner-content\">\n\n<div class=\"wp-block-cover has-custom-content-position is-position-top-left is-style-copyright\" style=\"min-height:300px;aspect-ratio:unset;\"><img decoding=\"async\" width=\"1024\" height=\"768\" class=\"wp-block-cover__image-background wp-image-8490 size-large\" alt=\"circuit balade Morla\u00e0s tourisme Madiran\" src=\"https:\/\/www.bearnmadiran-tourisme.fr\/wp-content\/uploads\/2026\/02\/morlaas-eglise-sainte-foy-tourisme-bearn-madiran-copy-courte-echelle-2025-m29a6278-1024x768.jpg\" data-object-fit=\"cover\" srcset=\"https:\/\/www.bearnmadiran-tourisme.fr\/wp-content\/uploads\/2026\/02\/morlaas-eglise-sainte-foy-tourisme-bearn-madiran-copy-courte-echelle-2025-m29a6278-1024x768.jpg 1024w, https:\/\/www.bearnmadiran-tourisme.fr\/wp-content\/uploads\/2026\/02\/morlaas-eglise-sainte-foy-tourisme-bearn-madiran-copy-courte-echelle-2025-m29a6278-800x600.jpg 800w, https:\/\/www.bearnmadiran-tourisme.fr\/wp-content\/uploads\/2026\/02\/morlaas-eglise-sainte-foy-tourisme-bearn-madiran-copy-courte-echelle-2025-m29a6278-300x225.jpg 300w, https:\/\/www.bearnmadiran-tourisme.fr\/wp-content\/uploads\/2026\/02\/morlaas-eglise-sainte-foy-tourisme-bearn-madiran-copy-courte-echelle-2025-m29a6278-768x576.jpg 768w, https:\/\/www.bearnmadiran-tourisme.fr\/wp-content\/uploads\/2026\/02\/morlaas-eglise-sainte-foy-tourisme-bearn-madiran-copy-courte-echelle-2025-m29a6278-1536x1152.jpg 1536w, https:\/\/www.bearnmadiran-tourisme.fr\/wp-content\/uploads\/2026\/02\/morlaas-eglise-sainte-foy-tourisme-bearn-madiran-copy-courte-echelle-2025-m29a6278.jpg 2000w\" sizes=\"(max-width: 1024px) 100vw, 1024px\" \/><span aria-hidden=\"true\" class=\"wp-block-cover__background has-background-dim\"><\/span><div class=\"wp-block-cover__inner-container is-layout-flow wp-block-cover-is-layout-flow\">\n<h3 class=\"wp-block-heading has-white-color has-text-color\">Morla\u00e0s<\/h3>\n\n\n\n<p class=\"wp-block-paragraph\"><\/p>\n\n\n<\/div><span class=\"image-credit\"><span class=\"copy-sign\">\u00a9<\/span><span class=\"copy-content\">Courte \u00c9chelle 2025 \u2013 G. Portenart<\/span><\/span><\/div>\n\n<\/div>\t\t\t\t\t<div class=\"wp-block-button\">\r\n\t\t\t<button class=\"wp-block-button__link\">Descubrir<\/button>\r\n\t\t<\/div>\r\n\t\t\t<\/a>\r\n\t\t<\/div>\r\n<\/div>\n<\/div>\n<\/div>\n\n\n\n<div class=\"wp-block-column is-layout-flow wp-block-column-is-layout-flow\"><div class=\"banner-container  text-shadow with-overlay btn-hover img-zoom\" id=\"ts-block-651529de6e30e\"  >\r\n\t\t<a href=\"https:\/\/www.bearnmadiran-tourisme.fr\/decouvrir\/journees-saveurs-deambulations\/garlin-journee-decouverte-a-pied-saveurs-deambulations\/\" target=\"\">\r\n\t\t\t<div class=\"banner-content\">\n\n<div class=\"wp-block-cover has-custom-content-position is-position-top-left is-style-copyright\" style=\"min-height:300px;aspect-ratio:unset;\"><img decoding=\"async\" width=\"1024\" height=\"768\" class=\"wp-block-cover__image-background wp-image-8730 size-large\" alt=\"circuit balade Garlin tourisme Madiran\" src=\"https:\/\/www.bearnmadiran-tourisme.fr\/wp-content\/uploads\/2026\/02\/garlin-bastide-parc-maison-hiton-copy-courte-echelle-2025-m29a9985-tourisme-bearn-madiran-1024x768.jpg\" data-object-fit=\"cover\" srcset=\"https:\/\/www.bearnmadiran-tourisme.fr\/wp-content\/uploads\/2026\/02\/garlin-bastide-parc-maison-hiton-copy-courte-echelle-2025-m29a9985-tourisme-bearn-madiran-1024x768.jpg 1024w, https:\/\/www.bearnmadiran-tourisme.fr\/wp-content\/uploads\/2026\/02\/garlin-bastide-parc-maison-hiton-copy-courte-echelle-2025-m29a9985-tourisme-bearn-madiran-800x600.jpg 800w, https:\/\/www.bearnmadiran-tourisme.fr\/wp-content\/uploads\/2026\/02\/garlin-bastide-parc-maison-hiton-copy-courte-echelle-2025-m29a9985-tourisme-bearn-madiran-300x225.jpg 300w, https:\/\/www.bearnmadiran-tourisme.fr\/wp-content\/uploads\/2026\/02\/garlin-bastide-parc-maison-hiton-copy-courte-echelle-2025-m29a9985-tourisme-bearn-madiran-768x576.jpg 768w, https:\/\/www.bearnmadiran-tourisme.fr\/wp-content\/uploads\/2026\/02\/garlin-bastide-parc-maison-hiton-copy-courte-echelle-2025-m29a9985-tourisme-bearn-madiran-1536x1152.jpg 1536w, https:\/\/www.bearnmadiran-tourisme.fr\/wp-content\/uploads\/2026\/02\/garlin-bastide-parc-maison-hiton-copy-courte-echelle-2025-m29a9985-tourisme-bearn-madiran.jpg 2000w\" sizes=\"(max-width: 1024px) 100vw, 1024px\" \/><span aria-hidden=\"true\" class=\"wp-block-cover__background has-background-dim\"><\/span><div class=\"wp-block-cover__inner-container is-layout-flow wp-block-cover-is-layout-flow\">\n<h3 class=\"wp-block-heading has-white-color has-text-color\">Garlin<\/h3>\n\n\n\n<p class=\"wp-block-paragraph\"><\/p>\n\n\n<\/div><span class=\"image-credit\"><span class=\"copy-sign\">\u00a9<\/span><span class=\"copy-content\">Courte \u00c9chelle 2025 \u2013 G. Portenart<\/span><\/span><\/div>\n\n<\/div>\t\t\t\t\t<div class=\"wp-block-button\">\r\n\t\t\t<button class=\"wp-block-button__link\">Descubrir<\/button>\r\n\t\t<\/div>\r\n\t\t\t<\/a>\r\n\t\t<\/div>\r\n<\/div>\n<\/div>\n\n\n\n<div class=\"wp-block-columns is-layout-flex wp-container-core-columns-is-layout-8f761849 wp-block-columns-is-layout-flex\">\n<div class=\"wp-block-column is-layout-flow wp-block-column-is-layout-flow\"><div class=\"banner-container  text-shadow with-overlay btn-hover img-zoom\" id=\"ts-block-651529de6e30e\"  >\r\n\t\t<a href=\"https:\/\/www.bearnmadiran-tourisme.fr\/decouvrir\/itineraires-de-decouverte\/a-pied\/morlanne\/\" target=\"\">\r\n\t\t\t<div class=\"banner-content\">\n\n<div class=\"wp-block-cover has-custom-content-position is-position-top-left is-style-copyright\" style=\"min-height:300px;aspect-ratio:unset;\"><img decoding=\"async\" width=\"1024\" height=\"595\" class=\"wp-block-cover__image-background wp-image-3810 size-large\" alt=\"circuit balade Morlanne tourisme Madiran\" src=\"https:\/\/www.bearnmadiran-tourisme.fr\/wp-content\/uploads\/2025\/04\/2-morlanne-credit-adeline-mouly-1-1024x595.jpg\" data-object-fit=\"cover\" srcset=\"https:\/\/www.bearnmadiran-tourisme.fr\/wp-content\/uploads\/2025\/04\/2-morlanne-credit-adeline-mouly-1-1024x595.jpg 1024w, https:\/\/www.bearnmadiran-tourisme.fr\/wp-content\/uploads\/2025\/04\/2-morlanne-credit-adeline-mouly-1-800x465.jpg 800w, https:\/\/www.bearnmadiran-tourisme.fr\/wp-content\/uploads\/2025\/04\/2-morlanne-credit-adeline-mouly-1-300x174.jpg 300w, https:\/\/www.bearnmadiran-tourisme.fr\/wp-content\/uploads\/2025\/04\/2-morlanne-credit-adeline-mouly-1-768x447.jpg 768w, https:\/\/www.bearnmadiran-tourisme.fr\/wp-content\/uploads\/2025\/04\/2-morlanne-credit-adeline-mouly-1-1536x893.jpg 1536w, https:\/\/www.bearnmadiran-tourisme.fr\/wp-content\/uploads\/2025\/04\/2-morlanne-credit-adeline-mouly-1.jpg 2000w\" sizes=\"(max-width: 1024px) 100vw, 1024px\" \/><span aria-hidden=\"true\" class=\"wp-block-cover__background has-background-dim\"><\/span><div class=\"wp-block-cover__inner-container is-layout-flow wp-block-cover-is-layout-flow\">\n<h3 class=\"wp-block-heading has-white-color has-text-color\">Morlanne<\/h3>\n\n\n\n<p class=\"wp-block-paragraph\"><\/p>\n\n\n<\/div><span class=\"image-credit\"><span class=\"copy-sign\">\u00a9<\/span><span class=\"copy-content\">A. Mouly<\/span><\/span><\/div>\n\n<\/div>\t\t\t\t\t<div class=\"wp-block-button\">\r\n\t\t\t<button class=\"wp-block-button__link\">Descubrir<\/button>\r\n\t\t<\/div>\r\n\t\t\t<\/a>\r\n\t\t<\/div>\r\n<\/div>\n\n\n\n<div class=\"wp-block-column is-layout-flow wp-block-column-is-layout-flow\">\n<div class=\"wp-block-columns mb-0 is-layout-flex wp-container-core-columns-is-layout-8f761849 wp-block-columns-is-layout-flex\">\n<div class=\"wp-block-column is-layout-flow wp-block-column-is-layout-flow\"><div class=\"banner-container  has-text-color has-white-color text-shadow with-overlay btn-hover img-zoom\" id=\"ts-block-651529de6e397\"  >\r\n\t\t<a href=\"https:\/\/www.bearnmadiran-tourisme.fr\/decouvrir\/itineraires-de-decouverte\/a-pied\/pontacq-journee-decouverte-a-pied-saveurs-deambulations\/\" target=\"\">\r\n\t\t\t<div class=\"banner-content\">\n\n<div class=\"wp-block-cover has-custom-content-position is-position-top-left is-style-copyright\" style=\"min-height:300px;aspect-ratio:unset;\"><img decoding=\"async\" width=\"1024\" height=\"768\" class=\"wp-block-cover__image-background wp-image-8497 size-large\" alt=\"circuit balade Pontacq tourisme Madiran\" src=\"https:\/\/www.bearnmadiran-tourisme.fr\/wp-content\/uploads\/2026\/02\/pontacq-tour-remparts-tourisme-bearn-madiran-copy-courte-echelle-2025-m29a4147-1024x768.jpg\" data-object-fit=\"cover\" srcset=\"https:\/\/www.bearnmadiran-tourisme.fr\/wp-content\/uploads\/2026\/02\/pontacq-tour-remparts-tourisme-bearn-madiran-copy-courte-echelle-2025-m29a4147-1024x768.jpg 1024w, https:\/\/www.bearnmadiran-tourisme.fr\/wp-content\/uploads\/2026\/02\/pontacq-tour-remparts-tourisme-bearn-madiran-copy-courte-echelle-2025-m29a4147-800x600.jpg 800w, https:\/\/www.bearnmadiran-tourisme.fr\/wp-content\/uploads\/2026\/02\/pontacq-tour-remparts-tourisme-bearn-madiran-copy-courte-echelle-2025-m29a4147-300x225.jpg 300w, https:\/\/www.bearnmadiran-tourisme.fr\/wp-content\/uploads\/2026\/02\/pontacq-tour-remparts-tourisme-bearn-madiran-copy-courte-echelle-2025-m29a4147-768x576.jpg 768w, https:\/\/www.bearnmadiran-tourisme.fr\/wp-content\/uploads\/2026\/02\/pontacq-tour-remparts-tourisme-bearn-madiran-copy-courte-echelle-2025-m29a4147-1536x1152.jpg 1536w, https:\/\/www.bearnmadiran-tourisme.fr\/wp-content\/uploads\/2026\/02\/pontacq-tour-remparts-tourisme-bearn-madiran-copy-courte-echelle-2025-m29a4147.jpg 2000w\" sizes=\"(max-width: 1024px) 100vw, 1024px\" \/><span aria-hidden=\"true\" class=\"wp-block-cover__background has-background-dim\"><\/span><div class=\"wp-block-cover__inner-container is-layout-flow wp-block-cover-is-layout-flow\">\n<h3 class=\"wp-block-heading has-white-color has-text-color\">Pontacq<\/h3>\n\n\n\n<p class=\"wp-block-paragraph\"><\/p>\n\n\n<\/div><span class=\"image-credit\"><span class=\"copy-sign\">\u00a9<\/span><span class=\"copy-content\">Courte \u00c9chelle 2025 \u2013 G. Portenart<\/span><\/span><\/div>\n\n<\/div>\t\t\t\t\t<div class=\"wp-block-button\">\r\n\t\t\t<button class=\"wp-block-button__link\">Descubrir<\/button>\r\n\t\t<\/div>\r\n\t\t\t<\/a>\r\n\t\t<\/div>\r\n<\/div>\n\n\n\n<div class=\"wp-block-column is-layout-flow wp-block-column-is-layout-flow\"><div class=\"banner-container  text-shadow with-overlay btn-hover img-zoom\" id=\"ts-block-651529de6e3e1\"  >\r\n\t\t<a href=\"https:\/\/www.bearnmadiran-tourisme.fr\/decouvrir\/itineraires-de-decouverte\/a-pied\/serres-castet\/\" target=\"\">\r\n\t\t\t<div class=\"banner-content\">\n\n<div class=\"wp-block-cover has-custom-content-position is-position-top-left is-style-copyright\" style=\"min-height:300px;aspect-ratio:unset;\"><img decoding=\"async\" width=\"1024\" height=\"682\" class=\"wp-block-cover__image-background wp-image-1696 size-large\" alt=\"circuit balade Serres Castet tourisme Madiran\" src=\"https:\/\/www.bearnmadiran-tourisme.fr\/wp-content\/uploads\/2025\/02\/7-credit-mairie-serres-castet-1024x682.jpg\" data-object-fit=\"cover\" srcset=\"https:\/\/www.bearnmadiran-tourisme.fr\/wp-content\/uploads\/2025\/02\/7-credit-mairie-serres-castet-1024x682.jpg 1024w, https:\/\/www.bearnmadiran-tourisme.fr\/wp-content\/uploads\/2025\/02\/7-credit-mairie-serres-castet-800x533.jpg 800w, https:\/\/www.bearnmadiran-tourisme.fr\/wp-content\/uploads\/2025\/02\/7-credit-mairie-serres-castet-300x200.jpg 300w, https:\/\/www.bearnmadiran-tourisme.fr\/wp-content\/uploads\/2025\/02\/7-credit-mairie-serres-castet-768x512.jpg 768w, https:\/\/www.bearnmadiran-tourisme.fr\/wp-content\/uploads\/2025\/02\/7-credit-mairie-serres-castet-1536x1024.jpg 1536w, https:\/\/www.bearnmadiran-tourisme.fr\/wp-content\/uploads\/2025\/02\/7-credit-mairie-serres-castet.jpg 2000w\" sizes=\"(max-width: 1024px) 100vw, 1024px\" \/><span aria-hidden=\"true\" class=\"wp-block-cover__background has-background-dim\"><\/span><div class=\"wp-block-cover__inner-container is-layout-flow wp-block-cover-is-layout-flow\">\n<h3 class=\"wp-block-heading\">Serres-Castet<\/h3>\n\n\n\n<p class=\"wp-block-paragraph\"><\/p>\n\n\n<\/div><span class=\"image-credit\"><span class=\"copy-sign\">\u00a9<\/span><span class=\"copy-content\">Mairie Serres-Castet<\/span><\/span><\/div>\n\n<\/div>\t\t\t\t\t<div class=\"wp-block-button\">\r\n\t\t\t<button class=\"wp-block-button__link\">Descubrir<\/button>\r\n\t\t<\/div>\r\n\t\t\t<\/a>\r\n\t\t<\/div>\r\n<\/div>\n<\/div>\n<\/div>\n<\/div>\n<\/div><\/section>\n","protected":false},"excerpt":{"rendered":"<p>\u00bfQu\u00e9 tal si te animas a descubrir las joyas de nuestra regi\u00f3n? En \u00abEntre Saveurs &amp; D\u00e9ambulations\u00bb te proponemos 9 ideas para pasar el d\u00eda que combinan un paseo matutino con una tarde llena de descubrimientos. Te contamos todos los planes geniales: rutas de senderismo, gastronom\u00eda, bodegas, visitas culturales, artesanos [&hellip;]<\/p>\n","protected":false},"author":1,"featured_media":9743,"parent":10509,"menu_order":0,"comment_status":"closed","ping_status":"closed","template":"","meta":{"_acf_changed":false,"_seopress_titles_title":"Jornadas de iniciaci\u00f3n a la bicicleta de monta\u00f1a - bearnmadiran-tourisme.fr","_seopress_titles_desc":"Sal a dar un paseo a pie o en bicicleta de monta\u00f1a por las rutas de descubrimiento \u00abSabores y paseos\u00bb durante un d\u00eda, en Coteaux B\u00e9arn Madiran: paseos, gastronom\u00eda, vi\u00f1edos...","_seopress_robots_index":"","_seopress_robots_follow":"","_seopress_robots_imageindex":"","_seopress_robots_snippet":"","_seopress_robots_primary_cat":"","_seopress_robots_breadcrumbs":"","_seopress_robots_freeze_modified_date":"","_seopress_robots_custom_modified_date":"","_seopress_robots_canonical":"","_seopress_social_fb_title":"","_seopress_social_fb_desc":"","_seopress_social_fb_img":"","_seopress_social_fb_img_attachment_id":0,"_seopress_social_fb_img_width":0,"_seopress_social_fb_img_height":0,"_seopress_social_twitter_title":"","_seopress_social_twitter_desc":"","_seopress_social_twitter_img":"","_seopress_social_twitter_img_attachment_id":0,"_seopress_social_twitter_img_width":0,"_seopress_social_twitter_img_height":0,"_seopress_redirections_value":"","_seopress_redirections_enabled":"","_seopress_redirections_enabled_regex":"","_seopress_redirections_logged_status":"ambos","_seopress_redirections_param":"","_seopress_redirections_type":301,"_seopress_analysis_target_kw":"","_seopress_news_disabled":"","_seopress_video_disabled":"","_seopress_video":[],"_seopress_pro_schemas_manual":[],"_seopress_pro_rich_snippets_disable_all":"","_seopress_pro_rich_snippets_disable":[],"_seopress_pro_schemas":[],"pgc_sgb_lightbox_settings":"","footnotes":""},"class_list":["post-10512","page","type-page","status-publish","has-post-thumbnail","hentry"],"acf":[],"_links":{"self":[{"href":"https:\/\/www.bearnmadiran-tourisme.fr\/es\/wp-json\/wp\/v2\/pages\/10512","targetHints":{"allow":["GET"]}}],"collection":[{"href":"https:\/\/www.bearnmadiran-tourisme.fr\/es\/wp-json\/wp\/v2\/pages"}],"about":[{"href":"https:\/\/www.bearnmadiran-tourisme.fr\/es\/wp-json\/wp\/v2\/types\/page"}],"author":[{"embeddable":true,"href":"https:\/\/www.bearnmadiran-tourisme.fr\/es\/wp-json\/wp\/v2\/users\/1"}],"replies":[{"embeddable":true,"href":"https:\/\/www.bearnmadiran-tourisme.fr\/es\/wp-json\/wp\/v2\/comments?post=10512"}],"version-history":[{"count":1,"href":"https:\/\/www.bearnmadiran-tourisme.fr\/es\/wp-json\/wp\/v2\/pages\/10512\/revisions"}],"predecessor-version":[{"id":10522,"href":"https:\/\/www.bearnmadiran-tourisme.fr\/es\/wp-json\/wp\/v2\/pages\/10512\/revisions\/10522"}],"up":[{"embeddable":true,"href":"https:\/\/www.bearnmadiran-tourisme.fr\/es\/wp-json\/wp\/v2\/pages\/10509"}],"wp:featuredmedia":[{"embeddable":true,"href":"https:\/\/www.bearnmadiran-tourisme.fr\/es\/wp-json\/wp\/v2\/media\/9743"}],"wp:attachment":[{"href":"https:\/\/www.bearnmadiran-tourisme.fr\/es\/wp-json\/wp\/v2\/media?parent=10512"}],"curies":[{"name":"wp","href":"https:\/\/api.w.org\/{rel}","templated":true}]}}