{"id":10730,"date":"2025-05-02T20:07:09","date_gmt":"2025-05-02T18:07:09","guid":{"rendered":"https:\/\/www.bearnmadiran-tourisme.fr\/parque-de-juegos-y-de-ocios\/paseos-y-excursiones\/paseos-y-excursiones-a-la-sombra\/"},"modified":"2026-08-10T17:12:44","modified_gmt":"2026-08-10T15:12:44","slug":"paseos-y-excursiones-a-la-sombra","status":"publish","type":"page","link":"https:\/\/www.bearnmadiran-tourisme.fr\/es\/descubrir\/parque-de-juegos-y-de-ocios\/paseos-y-excursiones\/paseos-y-excursiones-a-la-sombra\/","title":{"rendered":"Paseos y excursiones a la sombra"},"content":{"rendered":"\n<div class=\"wp-block-columns is-layout-flex wp-container-core-columns-is-layout-8f761849 wp-block-columns-is-layout-flex\">\n<div class=\"wp-block-column is-layout-flow wp-block-column-is-layout-flow\" style=\"flex-basis:40%\"><div class=\"highlight-bloc-container \" id=\"ts-block-67a0ed26bed34\"  >\n\t<div class=\"highlight-bloc-content\">\n\t\t<div class=\"acf-innerblocks-container\">\n\n<h2 class=\"wp-block-heading suptitle\">Escapadas refrescantes  <\/h2>\n\n\n\n<p class=\"has-mauve-color has-text-color has-link-color wp-elements-1 wp-block-paragraph\">en plena naturaleza<\/p>\n\n<\/div>\t<\/div>\n<\/div>\n<\/div>\n\n\n\n<div class=\"wp-block-column is-layout-flow wp-block-column-is-layout-flow\" style=\"flex-basis:60%\">\n<p class=\"wp-block-paragraph\">Descubre nuestra selecci\u00f3n de rutas a pie, en bicicleta de monta\u00f1a y a caballo, en su mayor\u00eda a la sombra.  <\/p>\n\n\n\n<p class=\"wp-block-paragraph\">Entre senderos forestales, caminos junto a r\u00edos y frescos bosquecillos, disfruta de un momento de relax en plena naturaleza\u2026 a la sombra.<\/p>\n\n\n\n<p class=\"wp-block-paragraph\">Para que la experiencia sea a\u00fan m\u00e1s agradable, te recomendamos que salgas a dar un paseo por la ma\u00f1ana, cuando hace un poco de fresco<\/p>\n<\/div>\n<\/div>\n\n<section class=\"wp-block-group alignfull animated fadeIn slow is-style-loupe\"><div class=\"wp-block-group__inner-container is-layout-constrained wp-block-group-is-layout-constrained\">\n<h2 class=\"wp-block-heading has-text-align-center\">Aspectos pr\u00e1cticos<\/h2>\n<\/div><\/section>\n\n<p class=\"wp-block-paragraph\">Para seguir las rutas desde tu m\u00f3vil, tienes dos opciones:  <\/p>\n\n<ul class=\"wp-block-list\">\n<li>descargar los archivos GPX disponibles para cada ruta que te mostramos a continuaci\u00f3n,<\/li>\n\n\n\n<li>usa las apps gratuitas<a href=\"https:\/\/play.google.com\/store\/apps\/details?id=com.cirkwi.pit&amp;hl=fr\" data-type=\"link\" data-id=\"https:\/\/play.google.com\/store\/apps\/details?id=com.cirkwi.pit&amp;hl=fr\" target=\"_blank\" rel=\"noreferrer noopener\">Cirkwi<\/a> o <a href=\"https:\/\/play.google.com\/store\/apps\/details?id=ubicarta.ignrando&amp;hl=fr\" data-type=\"link\" data-id=\"https:\/\/play.google.com\/store\/apps\/details?id=ubicarta.ignrando&amp;hl=fr\" target=\"_blank\" rel=\"noreferrer noopener\">IGN Rando<\/a>.<\/li>\n<\/ul>\n<div id=\"ts-block-681510f78e077\"  class=\"is-style-map\">\n\t\t<script type=\"text\/javascript\">\n\t\tvar tsObjects = {\"type\":\"FeatureCollection\",\"features\":[{\"geometry\":{\"type\":\"Point\",\"coordinates\":[-0.140776,43.2924]},\"type\":\"Feature\",\"id\":\"ITIAQU064FS0001D\",\"properties\":{\"objectTypeCode\":\"ITI\",\"name\":\"Eslourenties-Daban : le lac du Gabas\",\"marker_id\":\"ITIAQU064FS0001D\",\"commune\":\"ESLOURENTIES-DABAN\",\"display_city\":\"1\",\"cp\":\"64420\",\"ad1\":\"\",\"gmapLongitude\":-0.140776,\"gmapLatitude\":43.2924,\"zone1\":null,\"telephone\":\"+33 5 59 33 62 25\",\"detail_url\":\"https:\\\/\\\/www.bearnmadiran-tourisme.fr\\\/es\\\/rutas\\\/eslourenties-daban\\\/ITIAQU064FS0001D-eslourenties-daban-le-lac-du-gabas\\\/\",\"excerpt\":\"Es cierto que el lago es artificial, pero el hombre y la naturaleza son capaces de armonizarse Este bucle sorprende por su variedad de paisajes, atm\\u00f3sferas y mundos. A pie o en&hellip;\",\"display_excerpt\":\"1\",\"photo\":\"https:\\\/\\\/www.bearnmadiran-tourisme.fr\\\/wp-content\\\/uploads\\\/tis\\\/eslourenties-Lac-Gabas---Pascal-Le-Doare-Studio-764-0188-3.png\",\"clas\":null,\"btn_label\":\"Ver m\\u00e1s\",\"btn_class\":null,\"durable\":false,\"charte\":\"\",\"durable_label\":\"Desarrollo sostenible\",\"online_bookable\":false,\"price_from\":false,\"event_category\":\"Itineraire\",\"type\":\"pedestre\",\"ititempsdif\":[\"A pie|2h40|F\\u00e1cil\"],\"itidistance\":\"11.1\",\"itidistance_label\":\"Distancia\",\"denivele\":\"100\",\"denivele_label\":\"Elevaci\\u00f3n\"}},{\"geometry\":{\"type\":\"Point\",\"coordinates\":[-0.534328,43.5131]},\"type\":\"Feature\",\"id\":\"ITIAQU064V50879O\",\"properties\":{\"objectTypeCode\":\"ITI\",\"name\":\"Morlanne : Le Ch\\u00e2teau\",\"marker_id\":\"ITIAQU064V50879O\",\"commune\":\"MORLANNE\",\"display_city\":\"1\",\"cp\":\"\",\"ad1\":\"\",\"gmapLongitude\":-0.534328,\"gmapLatitude\":43.5131,\"zone1\":null,\"telephone\":\"+33 5 59 04 59 27\",\"detail_url\":\"https:\\\/\\\/www.bearnmadiran-tourisme.fr\\\/es\\\/rutas\\\/morlanne\\\/ITIAQU064V50879O-morlanne-le-chateau\\\/\",\"excerpt\":\"Este bucle corto y f\\u00e1cil le llevar\\u00e1 por el pueblo medieval de Morlanne. Villa milenaria cuyos or\\u00edgenes se remontan al feudalismo, descubrir\\u00e1 por el camino una gran cantidad de tesoros que han&hellip;\",\"display_excerpt\":\"1\",\"photo\":\"https:\\\/\\\/www.bearnmadiran-tourisme.fr\\\/wp-content\\\/uploads\\\/tis\\\/Morlanne-Le-Chateau-credit-Coteaux-Bearn-Madiran--23-.JPG\",\"clas\":null,\"btn_label\":\"Ver m\\u00e1s\",\"btn_class\":null,\"durable\":false,\"charte\":\"\",\"durable_label\":\"Desarrollo sostenible\",\"online_bookable\":false,\"price_from\":false,\"event_category\":\"Itineraire\",\"type\":\"pedestre\",\"ititempsdif\":[\"A pie|1h15|F\\u00e1cil\"],\"itidistance\":\"2.4\",\"itidistance_label\":\"Distancia\",\"denivele\":\"178\",\"denivele_label\":\"Elevaci\\u00f3n\"}},{\"geometry\":{\"type\":\"Point\",\"coordinates\":[-0.169687,43.5449]},\"type\":\"Feature\",\"id\":\"ITIAQU064V56UBXU\",\"properties\":{\"objectTypeCode\":\"ITI\",\"name\":\"Conchez-de-B\\u00e9arn : entre architecture et vignoble\",\"marker_id\":\"ITIAQU064V56UBXU\",\"commune\":\"CONCHEZ-DE-BEARN\",\"display_city\":\"1\",\"cp\":\"\",\"ad1\":\"\",\"gmapLongitude\":-0.169687,\"gmapLatitude\":43.5449,\"zone1\":null,\"telephone\":\"+33 5 59 68 28 78\",\"detail_url\":\"https:\\\/\\\/www.bearnmadiran-tourisme.fr\\\/es\\\/rutas\\\/conchez-de-bearn\\\/ITIAQU064V56UBXU-conchez-de-bearn-entre-architecture-et-vignoble\\\/\",\"excerpt\":\"Una encantadora escapada en el encantador pueblo de Conchez-de-B\\u00e9arn. Las casas t\\u00edpicas del siglo XVIII se sit\\u00faan en lo alto alrededor de la muy agradable plaza del front\\u00f3n. Este buc\\u00f3lico paseo revela&hellip;\",\"display_excerpt\":\"1\",\"photo\":\"https:\\\/\\\/www.bearnmadiran-tourisme.fr\\\/wp-content\\\/uploads\\\/tis\\\/CONCHE-1.JPG\",\"clas\":null,\"btn_label\":\"Ver m\\u00e1s\",\"btn_class\":null,\"durable\":false,\"charte\":\"\",\"durable_label\":\"Desarrollo sostenible\",\"online_bookable\":false,\"price_from\":false,\"event_category\":\"Itineraire\",\"type\":\"pedestre\",\"ititempsdif\":[\"A pie|1h45|F\\u00e1cil\"],\"itidistance\":\"7.2\",\"itidistance_label\":\"Distancia\",\"denivele\":\"220\",\"denivele_label\":\"Elevaci\\u00f3n\"}},{\"geometry\":{\"type\":\"Point\",\"coordinates\":[-0.111861,43.4497]},\"type\":\"Feature\",\"id\":\"ITIAQU064V56Z8QO\",\"properties\":{\"objectTypeCode\":\"ITI\",\"name\":\"Lembeye : la vall\\u00e9e du Vic-Bilh \\u00e0 VTT\",\"marker_id\":\"ITIAQU064V56Z8QO\",\"commune\":\"LEMBEYE\",\"display_city\":\"1\",\"cp\":\"\",\"ad1\":\"\",\"gmapLongitude\":-0.111861,\"gmapLatitude\":43.4497,\"zone1\":null,\"telephone\":\"+33 5 59 68 28 78\",\"detail_url\":\"https:\\\/\\\/www.bearnmadiran-tourisme.fr\\\/es\\\/rutas\\\/lembeye\\\/ITIAQU064V56Z8QO-lembeye-la-vallee-du-vic-bilh-a-vtt\\\/\",\"excerpt\":\"A los amantes del deporte les encantar\\u00e1 esta ruta Tiene algunas subidas duras, pero tambi\\u00e9n algunos tramos magn\\u00edficos como la l\\u00ednea del Tram o el descenso del cap de pont. En cuanto&hellip;\",\"display_excerpt\":\"1\",\"photo\":\"https:\\\/\\\/www.bearnmadiran-tourisme.fr\\\/wp-content\\\/uploads\\\/tis\\\/Lembeye---Chemin-de-la-ligne-VTT.jpg\",\"clas\":null,\"btn_label\":\"Ver m\\u00e1s\",\"btn_class\":null,\"durable\":false,\"charte\":\"\",\"durable_label\":\"Desarrollo sostenible\",\"online_bookable\":false,\"price_from\":false,\"event_category\":\"Itineraire\",\"type\":\"vtt\",\"ititempsdif\":[\"Bicicleta de monta\\u00f1a|3h|Dif\\u00edcil\"],\"itidistance\":\"33.7\",\"itidistance_label\":\"Distancia\",\"denivele\":\"500\",\"denivele_label\":\"Elevaci\\u00f3n\"}},{\"geometry\":{\"type\":\"Point\",\"coordinates\":[-0.165628,43.4459]},\"type\":\"Feature\",\"id\":\"ITIAQU064V56ZBHN\",\"properties\":{\"objectTypeCode\":\"ITI\",\"name\":\"Simacourbe : les coteaux du Vic-Bilh \\u00e0 VTT \",\"marker_id\":\"ITIAQU064V56ZBHN\",\"commune\":\"SIMACOURBE\",\"display_city\":\"1\",\"cp\":\"\",\"ad1\":\"\",\"gmapLongitude\":-0.165628,\"gmapLatitude\":43.4459,\"zone1\":null,\"telephone\":\"+33 5 59 68 28 78\",\"detail_url\":\"https:\\\/\\\/www.bearnmadiran-tourisme.fr\\\/es\\\/rutas\\\/simacourbe\\\/ITIAQU064V56ZBHN-simacourbe-les-coteaux-du-vic-bilh-a-vtt\\\/\",\"excerpt\":\"Consigue algo de altura en este circuito con sus incre\\u00edbles vistas. Rodando y sin dificultades, los descensos entre la maleza punt\\u00faan las partes abiertas. No hay que perderse todo el a\\u00f1o.\",\"display_excerpt\":\"1\",\"photo\":\"https:\\\/\\\/www.bearnmadiran-tourisme.fr\\\/wp-content\\\/uploads\\\/tis\\\/Randonnee-VTT--coteauxVic-Bilh-Simacourbe-peio-gaillard.jpg\",\"clas\":null,\"btn_label\":\"Ver m\\u00e1s\",\"btn_class\":null,\"durable\":false,\"charte\":\"\",\"durable_label\":\"Desarrollo sostenible\",\"online_bookable\":false,\"price_from\":false,\"event_category\":\"Itineraire\",\"type\":\"vtt\",\"ititempsdif\":[\"Bicicleta de monta\\u00f1a|1h45|Dif\\u00edcil\"],\"itidistance\":\"19\",\"itidistance_label\":\"Distancia\",\"denivele\":\"470\",\"denivele_label\":\"Elevaci\\u00f3n\"}},{\"geometry\":{\"type\":\"Point\",\"coordinates\":[-0.059075,43.4849]},\"type\":\"Feature\",\"id\":\"ITIAQU064V56ZBL9\",\"properties\":{\"objectTypeCode\":\"ITI\",\"name\":\"Moncaup : au c\\u0153ur du Madiranais \\u00e0 VTT \",\"marker_id\":\"ITIAQU064V56ZBL9\",\"commune\":\"MONCAUP\",\"display_city\":\"1\",\"cp\":\"\",\"ad1\":\"\",\"gmapLongitude\":-0.059075,\"gmapLatitude\":43.4849,\"zone1\":null,\"telephone\":\"+33 5 59 68 28 78\",\"detail_url\":\"https:\\\/\\\/www.bearnmadiran-tourisme.fr\\\/es\\\/rutas\\\/moncaup\\\/ITIAQU064V56ZBL9-moncaup-au-coeur-du-madiranais-a-vtt\\\/\",\"excerpt\":\"Aqu\\u00ed hay un bucle est\\u00e9tico del que escapar. Tranquilidad garantizada en los bosques con sus variadas especies. Es un placer cruzar el campo con sus notables edificios tradicionales.\",\"display_excerpt\":\"1\",\"photo\":\"https:\\\/\\\/www.bearnmadiran-tourisme.fr\\\/wp-content\\\/uploads\\\/tis\\\/randonnee-vtt-coteaux-vic-bilh-simacourbe-lalongue-3.jpg\",\"clas\":null,\"btn_label\":\"Ver m\\u00e1s\",\"btn_class\":null,\"durable\":false,\"charte\":\"\",\"durable_label\":\"Desarrollo sostenible\",\"online_bookable\":false,\"price_from\":false,\"event_category\":\"Itineraire\",\"type\":\"vtt\",\"ititempsdif\":[\"Bicicleta de monta\\u00f1a|2h40|Dif\\u00edcil\"],\"itidistance\":\"24.5\",\"itidistance_label\":\"Distancia\",\"denivele\":\"400\",\"denivele_label\":\"Elevaci\\u00f3n\"}},{\"geometry\":{\"type\":\"Point\",\"coordinates\":[-0.112161,43.4495]},\"type\":\"Feature\",\"id\":\"ITIAQU064V56ZC5Z\",\"properties\":{\"objectTypeCode\":\"ITI\",\"name\":\"Lembeye : la vall\\u00e9e du Vic-Bilh \\u00e0 cheval\",\"marker_id\":\"ITIAQU064V56ZC5Z\",\"commune\":\"LEMBEYE\",\"display_city\":\"1\",\"cp\":\"\",\"ad1\":\"\",\"gmapLongitude\":-0.112161,\"gmapLatitude\":43.4495,\"zone1\":null,\"telephone\":\"+33 5 59 68 28 78\",\"detail_url\":\"https:\\\/\\\/www.bearnmadiran-tourisme.fr\\\/es\\\/rutas\\\/lembeye\\\/ITIAQU064V56ZC5Z-lembeye-la-vallee-du-vic-bilh-a-cheval\\\/\",\"excerpt\":\"A los amantes del deporte les encantar\\u00e1 esta ruta Tiene algunas subidas duras, pero tambi\\u00e9n algunos tramos magn\\u00edficos como el descenso del Cap de Pont. En cuanto a las vistas de los&hellip;\",\"display_excerpt\":\"1\",\"photo\":\"https:\\\/\\\/www.bearnmadiran-tourisme.fr\\\/wp-content\\\/uploads\\\/tis\\\/randonnee-equestre-vallee-vic-bilh-lembeye-anoye-simacourbe-3.jpg\",\"clas\":null,\"btn_label\":\"Ver m\\u00e1s\",\"btn_class\":null,\"durable\":false,\"charte\":\"\",\"durable_label\":\"Desarrollo sostenible\",\"online_bookable\":false,\"price_from\":false,\"event_category\":\"Itineraire\",\"type\":\"equestre\",\"ititempsdif\":[\"Caballo|5h|Dif\\u00edcil\"],\"itidistance\":\"33.7\",\"itidistance_label\":\"Distancia\",\"denivele\":\"500\",\"denivele_label\":\"Elevaci\\u00f3n\"}},{\"geometry\":{\"type\":\"Point\",\"coordinates\":[-0.059134,43.485]},\"type\":\"Feature\",\"id\":\"ITIAQU064V56ZC8F\",\"properties\":{\"objectTypeCode\":\"ITI\",\"name\":\"Moncaup : au c\\u0153ur du Madiranais \\u00e0 cheval\",\"marker_id\":\"ITIAQU064V56ZC8F\",\"commune\":\"MONCAUP\",\"display_city\":\"1\",\"cp\":\"\",\"ad1\":\"\",\"gmapLongitude\":-0.059134,\"gmapLatitude\":43.485,\"zone1\":null,\"telephone\":\"+33 5 59 68 28 78\",\"detail_url\":\"https:\\\/\\\/www.bearnmadiran-tourisme.fr\\\/es\\\/rutas\\\/moncaup\\\/ITIAQU064V56ZC8F-moncaup-au-coeur-du-madiranais-a-cheval\\\/\",\"excerpt\":\"Aqu\\u00ed hay un bucle est\\u00e9tico del que escapar. Paz y tranquilidad garantizadas en los bosques con sus variadas especies. Es un placer atravesar esta campi\\u00f1a con sus notables edificios tradicionales\",\"display_excerpt\":\"1\",\"photo\":\"https:\\\/\\\/www.bearnmadiran-tourisme.fr\\\/wp-content\\\/uploads\\\/tis\\\/circuit-randonnee-equestre-vic-bilh-madiran-4.jpg\",\"clas\":null,\"btn_label\":\"Ver m\\u00e1s\",\"btn_class\":null,\"durable\":false,\"charte\":\"\",\"durable_label\":\"Desarrollo sostenible\",\"online_bookable\":false,\"price_from\":false,\"event_category\":\"Itineraire\",\"type\":\"equestre\",\"ititempsdif\":[\"Caballo|3h|Dif\\u00edcil\"],\"itidistance\":\"24.5\",\"itidistance_label\":\"Distancia\",\"denivele\":\"400\",\"denivele_label\":\"Elevaci\\u00f3n\"}},{\"geometry\":{\"type\":\"Point\",\"coordinates\":[-0.150594,43.4981]},\"type\":\"Feature\",\"id\":\"ITIAQU064V56ZH4H\",\"properties\":{\"objectTypeCode\":\"ITI\",\"name\":\"Arricau-Bordes : la balade du ch\\u00e2teau\",\"marker_id\":\"ITIAQU064V56ZH4H\",\"commune\":\"ARRICAU-BORDES\",\"display_city\":\"1\",\"cp\":\"\",\"ad1\":\"\",\"gmapLongitude\":-0.150594,\"gmapLatitude\":43.4981,\"zone1\":null,\"telephone\":\"+33 5 59 68 28 78\",\"detail_url\":\"https:\\\/\\\/www.bearnmadiran-tourisme.fr\\\/es\\\/rutas\\\/arricau-bordes\\\/ITIAQU064V56ZH4H-arricau-bordes-la-balade-du-chateau\\\/\",\"excerpt\":\"Este corto paseo ofrece una incre\\u00edble vista de los Pirineos. Ideal para un paseo al final de la tarde, la luz del bosque brilla a trav\\u00e9s del follaje e inunda la fachada&hellip;\",\"display_excerpt\":\"1\",\"photo\":\"https:\\\/\\\/www.bearnmadiran-tourisme.fr\\\/wp-content\\\/uploads\\\/tis\\\/randonnee-balade-Chateau-arricau-bordes--2--5.jpg\",\"clas\":null,\"btn_label\":\"Ver m\\u00e1s\",\"btn_class\":null,\"durable\":false,\"charte\":\"\",\"durable_label\":\"Desarrollo sostenible\",\"online_bookable\":false,\"price_from\":false,\"event_category\":\"Itineraire\",\"type\":\"pedestre\",\"ititempsdif\":[\"A pie|0h40|F\\u00e1cil\"],\"itidistance\":\"1.6\",\"itidistance_label\":\"Distancia\",\"denivele\":\"80\",\"denivele_label\":\"Elevaci\\u00f3n\"}},{\"geometry\":{\"type\":\"Point\",\"coordinates\":[-0.059392,43.4851]},\"type\":\"Feature\",\"id\":\"ITIAQU064V56ZKQJ\",\"properties\":{\"objectTypeCode\":\"ITI\",\"name\":\"Moncaup : le sentier des fontaines\",\"marker_id\":\"ITIAQU064V56ZKQJ\",\"commune\":\"MONCAUP\",\"display_city\":\"1\",\"cp\":\"\",\"ad1\":\"\",\"gmapLongitude\":-0.059392,\"gmapLatitude\":43.4851,\"zone1\":null,\"telephone\":\"+33 5 59 68 28 78\",\"detail_url\":\"https:\\\/\\\/www.bearnmadiran-tourisme.fr\\\/es\\\/rutas\\\/moncaup\\\/ITIAQU064V56ZKQJ-moncaup-le-sentier-des-fontaines\\\/\",\"excerpt\":\"Descubra las numerosas fuentes de Moncaup. Este paseo, cargado de historia, le llevar\\u00e1 por los bosques de Moncaup, con sus especies arb\\u00f3reas t\\u00edpicas, a trav\\u00e9s de prados y vi\\u00f1edos. Su relieve ondulado&hellip;\",\"display_excerpt\":\"1\",\"photo\":\"https:\\\/\\\/www.bearnmadiran-tourisme.fr\\\/wp-content\\\/uploads\\\/tis\\\/randonnee-des-fontaines---Moncaup---Cph-Peio.jpg\",\"clas\":null,\"btn_label\":\"Ver m\\u00e1s\",\"btn_class\":null,\"durable\":false,\"charte\":\"\",\"durable_label\":\"Desarrollo sostenible\",\"online_bookable\":false,\"price_from\":false,\"event_category\":\"Itineraire\",\"type\":\"pedestre\",\"ititempsdif\":[\"A pie|3h50|F\\u00e1cil\"],\"itidistance\":\"13\",\"itidistance_label\":\"Distancia\",\"denivele\":\"380\",\"denivele_label\":\"Elevaci\\u00f3n\"}},{\"geometry\":{\"type\":\"Point\",\"coordinates\":[-0.146326,43.4696]},\"type\":\"Feature\",\"id\":\"ITIAQU064V56ZKY4\",\"properties\":{\"objectTypeCode\":\"ITI\",\"name\":\"Lespielle : entre moulin et orchid\\u00e9es\",\"marker_id\":\"ITIAQU064V56ZKY4\",\"commune\":\"LESPIELLE\",\"display_city\":\"1\",\"cp\":\"\",\"ad1\":\"\",\"gmapLongitude\":-0.146326,\"gmapLatitude\":43.4696,\"zone1\":null,\"telephone\":\"+33 5 59 68 28 78\",\"detail_url\":\"https:\\\/\\\/www.bearnmadiran-tourisme.fr\\\/es\\\/rutas\\\/lespielle\\\/ITIAQU064V56ZKY4-lespielle-entre-moulin-et-orchidees\\\/\",\"excerpt\":\"Encantador paseo lleno de inter\\u00e9s, con sotobosque sombreado al ritmo del p\\u00e1jaro carpintero verde. La mejor \\u00e9poca para disfrutar de las orqu\\u00eddeas es mayo-junio. Crecen en los pastizales secos, antiguos vi\\u00f1edos. \\u00a1Capilla,&hellip;\",\"display_excerpt\":\"1\",\"photo\":\"https:\\\/\\\/www.bearnmadiran-tourisme.fr\\\/wp-content\\\/uploads\\\/tis\\\/randonnee-entre-moulin-et-orchidees-lespielle-castillon-3.jpg\",\"clas\":null,\"btn_label\":\"Ver m\\u00e1s\",\"btn_class\":null,\"durable\":false,\"charte\":\"\",\"durable_label\":\"Desarrollo sostenible\",\"online_bookable\":false,\"price_from\":false,\"event_category\":\"Itineraire\",\"type\":\"pedestre\",\"ititempsdif\":[\"A pie|2h30|F\\u00e1cil\"],\"itidistance\":\"7.8\",\"itidistance_label\":\"Distancia\",\"denivele\":\"140\",\"denivele_label\":\"Elevaci\\u00f3n\"}},{\"geometry\":{\"type\":\"Point\",\"coordinates\":[-0.184326,43.5783]},\"type\":\"Feature\",\"id\":\"ITIAQU064V56ZKZW\",\"properties\":{\"objectTypeCode\":\"ITI\",\"name\":\"Le sentier de Portet\",\"marker_id\":\"ITIAQU064V56ZKZW\",\"commune\":\"PORTET\",\"display_city\":\"1\",\"cp\":\"\",\"ad1\":\"\",\"gmapLongitude\":-0.184326,\"gmapLatitude\":43.5783,\"zone1\":null,\"telephone\":\"+33 5 59 68 28 78\",\"detail_url\":\"https:\\\/\\\/www.bearnmadiran-tourisme.fr\\\/es\\\/rutas\\\/portet\\\/ITIAQU064V56ZKZW-le-sentier-de-portet\\\/\",\"excerpt\":\"\\u00a1Un gran ba\\u00f1o de naturaleza garantizado! Este paseo es una verdadera inmersi\\u00f3n en el espl\\u00e9ndido bosque de Lavielle. Con robles y casta\\u00f1os, el camino ondula a trav\\u00e9s de este apacible bosque. El&hellip;\",\"display_excerpt\":\"1\",\"photo\":\"https:\\\/\\\/www.bearnmadiran-tourisme.fr\\\/wp-content\\\/uploads\\\/tis\\\/randonnee-sentier-Portet-1-credit-peio-gaillard.jpg\",\"clas\":null,\"btn_label\":\"Ver m\\u00e1s\",\"btn_class\":null,\"durable\":false,\"charte\":\"\",\"durable_label\":\"Desarrollo sostenible\",\"online_bookable\":false,\"price_from\":false,\"event_category\":\"Itineraire\",\"type\":\"pedestre\",\"ititempsdif\":[\"A pie|1h40|F\\u00e1cil\"],\"itidistance\":\"5.6\",\"itidistance_label\":\"Distancia\",\"denivele\":\"225\",\"denivele_label\":\"Elevaci\\u00f3n\"}},{\"geometry\":{\"type\":\"Point\",\"coordinates\":[-0.111882,43.4497]},\"type\":\"Feature\",\"id\":\"ITIAQU064V56ZL00\",\"properties\":{\"objectTypeCode\":\"ITI\",\"name\":\"Lembeye : le chemin de la Ligne\",\"marker_id\":\"ITIAQU064V56ZL00\",\"commune\":\"LEMBEYE\",\"display_city\":\"1\",\"cp\":\"\",\"ad1\":\"\",\"gmapLongitude\":-0.111882,\"gmapLatitude\":43.4497,\"zone1\":null,\"telephone\":\"+33 5 59 68 28 78\",\"detail_url\":\"https:\\\/\\\/www.bearnmadiran-tourisme.fr\\\/es\\\/rutas\\\/lembeye\\\/ITIAQU064V56ZL00-lembeye-le-chemin-de-la-ligne\\\/\",\"excerpt\":\"Este paseo desde Lembeye le hace retroceder en el tiempo. De 1904 a 1931, el Vic-Bilh fue atravesado por la l\\u00ednea de ferrocarril de vapor, tambi\\u00e9n llamada \\\"l\\u00ednea de tranv\\u00eda\\\", que un\\u00eda&hellip;\",\"display_excerpt\":\"1\",\"photo\":\"https:\\\/\\\/www.bearnmadiran-tourisme.fr\\\/wp-content\\\/uploads\\\/tis\\\/Chemin-de-la-Ligne---Lembeye-Peio-1440x1080.jpg\",\"clas\":null,\"btn_label\":\"Ver m\\u00e1s\",\"btn_class\":null,\"durable\":false,\"charte\":\"\",\"durable_label\":\"Desarrollo sostenible\",\"online_bookable\":false,\"price_from\":false,\"event_category\":\"Itineraire\",\"type\":\"pedestre\",\"ititempsdif\":[\"A pie|1h20|F\\u00e1cil\"],\"itidistance\":\"6\",\"itidistance_label\":\"Distancia\",\"denivele\":\"130\",\"denivele_label\":\"Elevaci\\u00f3n\"}},{\"geometry\":{\"type\":\"Point\",\"coordinates\":[-0.17416,43.3917]},\"type\":\"Feature\",\"id\":\"ITIAQU064V5AKDZY\",\"properties\":{\"objectTypeCode\":\"ITI\",\"name\":\"Ab\\u00e8re : belv\\u00e9d\\u00e8re du L\\u00e9es\",\"marker_id\":\"ITIAQU064V5AKDZY\",\"commune\":\"ABERE\",\"display_city\":\"1\",\"cp\":\"\",\"ad1\":\"\",\"gmapLongitude\":-0.17416,\"gmapLatitude\":43.3917,\"zone1\":null,\"telephone\":\"+33 5 59 33 62 25\",\"detail_url\":\"https:\\\/\\\/www.bearnmadiran-tourisme.fr\\\/es\\\/rutas\\\/abere\\\/ITIAQU064V5AKDZY-abere-belvedere-du-lees\\\/\",\"excerpt\":\"Bonito paseo desde Ab\\u00e8re por una pista y una peque\\u00f1a carretera. En primer lugar, est\\u00e1 en lo alto para aprovechar la vista de los Pirineos, luego desciende a un valle y sigue&hellip;\",\"display_excerpt\":\"1\",\"photo\":\"https:\\\/\\\/www.bearnmadiran-tourisme.fr\\\/wp-content\\\/uploads\\\/tis\\\/1-abere-belvedere--lees-randonnee---peio-Gaillard-Montamigo.jpg\",\"clas\":null,\"btn_label\":\"Ver m\\u00e1s\",\"btn_class\":null,\"durable\":false,\"charte\":\"\",\"durable_label\":\"Desarrollo sostenible\",\"online_bookable\":false,\"price_from\":false,\"event_category\":\"Itineraire\",\"type\":\"pedestre\",\"ititempsdif\":[\"A pie|2h30|F\\u00e1cil\"],\"itidistance\":\"9.5\",\"itidistance_label\":\"Distancia\",\"denivele\":\"150\",\"denivele_label\":\"Elevaci\\u00f3n\"}},{\"geometry\":{\"type\":\"Point\",\"coordinates\":[-0.173905,43.3399]},\"type\":\"Feature\",\"id\":\"ITIAQU064V5AKM97\",\"properties\":{\"objectTypeCode\":\"ITI\",\"name\":\"Sedz\\u00e8re : Les fusains\",\"marker_id\":\"ITIAQU064V5AKM97\",\"commune\":\"SEDZERE\",\"display_city\":\"1\",\"cp\":\"\",\"ad1\":\"\",\"gmapLongitude\":-0.173905,\"gmapLatitude\":43.3399,\"zone1\":null,\"telephone\":\"+33 5 59 33 62 25\",\"detail_url\":\"https:\\\/\\\/www.bearnmadiran-tourisme.fr\\\/es\\\/rutas\\\/sedzere\\\/ITIAQU064V5AKM97-sedzere-les-fusains\\\/\",\"excerpt\":\"Desde los meandros de las Gabas, hasta la meseta, disfrutar\\u00e1 de una vista panor\\u00e1mica de los Pirineos la cordillera de los Pirineos. La paz y la tranquilidad est\\u00e1n garantizadas en esta buc\\u00f3lica&hellip;\",\"display_excerpt\":\"1\",\"photo\":\"https:\\\/\\\/www.bearnmadiran-tourisme.fr\\\/wp-content\\\/uploads\\\/tis\\\/Les-fusains--Sedzere.jpg\",\"clas\":null,\"btn_label\":\"Ver m\\u00e1s\",\"btn_class\":null,\"durable\":false,\"charte\":\"\",\"durable_label\":\"Desarrollo sostenible\",\"online_bookable\":false,\"price_from\":false,\"event_category\":\"Itineraire\",\"type\":\"pedestre\",\"ititempsdif\":[\"A pie|1h45|Muy f\\u00e1cil\"],\"itidistance\":\"7.9\",\"itidistance_label\":\"Distancia\",\"denivele\":\"130\",\"denivele_label\":\"Elevaci\\u00f3n\"}},{\"geometry\":{\"type\":\"Point\",\"coordinates\":[-0.140776,43.2924]},\"type\":\"Feature\",\"id\":\"ITIAQU064V5AKQ2U\",\"properties\":{\"objectTypeCode\":\"ITI\",\"name\":\"Eslourenties-Daban : le lac du Gabas \\u00e0 VTT\",\"marker_id\":\"ITIAQU064V5AKQ2U\",\"commune\":\"ESLOURENTIES-DABAN\",\"display_city\":\"1\",\"cp\":\"\",\"ad1\":\"\",\"gmapLongitude\":-0.140776,\"gmapLatitude\":43.2924,\"zone1\":null,\"telephone\":\"+33 5 59 33 62 25\",\"detail_url\":\"https:\\\/\\\/www.bearnmadiran-tourisme.fr\\\/es\\\/rutas\\\/eslourenties-daban\\\/ITIAQU064V5AKQ2U-eslourenties-daban-le-lac-du-gabas-a-vtt\\\/\",\"excerpt\":\"Es cierto que el lago es artificial, pero el hombre y la naturaleza son capaces de armonizarse Este bucle sorprende por su variedad de paisajes, atm\\u00f3sferas y mundos. A pie o en&hellip;\",\"display_excerpt\":\"1\",\"photo\":\"https:\\\/\\\/www.bearnmadiran-tourisme.fr\\\/wp-content\\\/uploads\\\/tis\\\/19-vallees-vers-adour-urost-randonnee-vtt---peio-Gaillard-Montamigo-2.jpg\",\"clas\":null,\"btn_label\":\"Ver m\\u00e1s\",\"btn_class\":null,\"durable\":false,\"charte\":\"\",\"durable_label\":\"Desarrollo sostenible\",\"online_bookable\":false,\"price_from\":false,\"event_category\":\"Itineraire\",\"type\":\"vtt\",\"ititempsdif\":[\"Bicicleta de monta\\u00f1a|1h10|Muy f\\u00e1cil\"],\"itidistance\":\"9.6\",\"itidistance_label\":\"Distancia\",\"denivele\":\"100\",\"denivele_label\":\"Elevaci\\u00f3n\"}},{\"geometry\":{\"type\":\"Point\",\"coordinates\":[-0.387395,43.439]},\"type\":\"Feature\",\"id\":\"ITIAQU064V5AKZOU\",\"properties\":{\"objectTypeCode\":\"ITI\",\"name\":\"Bournos : chemin de Sainte-Quitterie\",\"marker_id\":\"ITIAQU064V5AKZOU\",\"commune\":\"BOURNOS\",\"display_city\":\"1\",\"cp\":\"\",\"ad1\":\"\",\"gmapLongitude\":-0.387395,\"gmapLatitude\":43.439,\"zone1\":null,\"telephone\":\"+33 5 59 68 28 78\",\"detail_url\":\"https:\\\/\\\/www.bearnmadiran-tourisme.fr\\\/es\\\/rutas\\\/bournos\\\/ITIAQU064V5AKZOU-bournos-chemin-de-sainte-quitterie\\\/\",\"excerpt\":\"Un recorrido entre colinas y bosques que le llevar\\u00e1 a las puertas del santuario de Saint Quitterie. La leyenda: se dice que es un pr\\u00edncipe visigodo que fue educado, sin que su&hellip;\",\"display_excerpt\":\"1\",\"photo\":\"https:\\\/\\\/www.bearnmadiran-tourisme.fr\\\/wp-content\\\/uploads\\\/tis\\\/Doumy-chapelle-sainte-quitterie-cph-syndicat-du-tourisme-nord-bearn-et-madiran--1-.jpg\",\"clas\":null,\"btn_label\":\"Ver m\\u00e1s\",\"btn_class\":null,\"durable\":false,\"charte\":\"\",\"durable_label\":\"Desarrollo sostenible\",\"online_bookable\":false,\"price_from\":false,\"event_category\":\"Itineraire\",\"type\":\"pedestre\",\"ititempsdif\":[\"A pie|1h45|F\\u00e1cil\"],\"itidistance\":\"7\",\"itidistance_label\":\"Distancia\",\"denivele\":\"143\",\"denivele_label\":\"Elevaci\\u00f3n\"}},{\"geometry\":{\"type\":\"Point\",\"coordinates\":[-0.354524,43.4388]},\"type\":\"Feature\",\"id\":\"ITIAQU064V5AKZP4\",\"properties\":{\"objectTypeCode\":\"ITI\",\"name\":\"Navailles-Angos : tour du lac du Balaing (petite boucle)\",\"marker_id\":\"ITIAQU064V5AKZP4\",\"commune\":\"NAVAILLES-ANGOS\",\"display_city\":\"1\",\"cp\":\"\",\"ad1\":\"\",\"gmapLongitude\":-0.354524,\"gmapLatitude\":43.4388,\"zone1\":null,\"telephone\":\"+33 5 59 68 28 78\",\"detail_url\":\"https:\\\/\\\/www.bearnmadiran-tourisme.fr\\\/es\\\/rutas\\\/navailles-angos\\\/ITIAQU064V5AKZP4-navailles-angos-tour-du-lac-du-balaing-petite-boucle\\\/\",\"excerpt\":\"Se trata de un tranquilo paseo por las orillas del lago m\\u00e1s grande de nuestra regi\\u00f3n. Hay poco ruido en este valle y la avifauna lacustre es abundante. T\\u00f3mese su tiempo para&hellip;\",\"display_excerpt\":\"1\",\"photo\":\"https:\\\/\\\/www.bearnmadiran-tourisme.fr\\\/wp-content\\\/uploads\\\/tis\\\/Tour-du-lac-du-Balanh-1440x1080.jpg\",\"clas\":null,\"btn_label\":\"Ver m\\u00e1s\",\"btn_class\":null,\"durable\":false,\"charte\":\"\",\"durable_label\":\"Desarrollo sostenible\",\"online_bookable\":false,\"price_from\":false,\"event_category\":\"Itineraire\",\"type\":\"pedestre\",\"ititempsdif\":[\"A pie|1h|Muy f\\u00e1cil\"],\"itidistance\":\"3.8\",\"itidistance_label\":\"Distancia\",\"denivele\":\"20\",\"denivele_label\":\"Elevaci\\u00f3n\"}},{\"geometry\":{\"type\":\"Point\",\"coordinates\":[-0.354576,43.4387]},\"type\":\"Feature\",\"id\":\"ITIAQU064V5AL005\",\"properties\":{\"objectTypeCode\":\"ITI\",\"name\":\"Navailles-Angos : tour du lac du Balaing (grande boucle)\",\"marker_id\":\"ITIAQU064V5AL005\",\"commune\":\"NAVAILLES-ANGOS\",\"display_city\":\"1\",\"cp\":\"\",\"ad1\":\"\",\"gmapLongitude\":-0.354576,\"gmapLatitude\":43.4387,\"zone1\":null,\"telephone\":\"+33 5 59 68 28 78\",\"detail_url\":\"https:\\\/\\\/www.bearnmadiran-tourisme.fr\\\/es\\\/rutas\\\/navailles-angos\\\/ITIAQU064V5AL005-navailles-angos-tour-du-lac-du-balaing-grande-boucle\\\/\",\"excerpt\":\"Se trata de un tranquilo paseo por las orillas del lago m\\u00e1s grande de nuestra regi\\u00f3n. Hay poco ruido en este valle y la avifauna lacustre es abundante. T\\u00f3mese su tiempo para&hellip;\",\"display_excerpt\":\"1\",\"photo\":\"https:\\\/\\\/www.bearnmadiran-tourisme.fr\\\/wp-content\\\/uploads\\\/tis\\\/lac-balaing-navailles-angos-tourisme-nord-bearn.JPG\",\"clas\":null,\"btn_label\":\"Ver m\\u00e1s\",\"btn_class\":null,\"durable\":false,\"charte\":\"\",\"durable_label\":\"Desarrollo sostenible\",\"online_bookable\":false,\"price_from\":false,\"event_category\":\"Itineraire\",\"type\":\"pedestre\",\"ititempsdif\":[\"A pie|1h20|Muy f\\u00e1cil\"],\"itidistance\":\"4.6\",\"itidistance_label\":\"Distancia\",\"denivele\":\"100\",\"denivele_label\":\"Elevaci\\u00f3n\"}},{\"geometry\":{\"type\":\"Point\",\"coordinates\":[-0.355221,43.3865]},\"type\":\"Feature\",\"id\":\"ITIAQU064V5AL00H\",\"properties\":{\"objectTypeCode\":\"ITI\",\"name\":\"Serres-Castet : la balade des collines\",\"marker_id\":\"ITIAQU064V5AL00H\",\"commune\":\"SERRES-CASTET\",\"display_city\":\"1\",\"cp\":\"\",\"ad1\":\"\",\"gmapLongitude\":-0.355221,\"gmapLatitude\":43.3865,\"zone1\":null,\"telephone\":\"+33 5 59 68 28 78\",\"detail_url\":\"https:\\\/\\\/www.bearnmadiran-tourisme.fr\\\/es\\\/rutas\\\/serres-castet\\\/ITIAQU064V5AL00H-serres-castet-la-balade-des-collines\\\/\",\"excerpt\":\"\\u00bfQui\\u00e9n podr\\u00eda imaginar peque\\u00f1os senderos tan bellos en Serres-Castet, una ciudad industrial y comercial? Sin embargo, este paseo le llevar\\u00e1 por las laderas de Serres, por senderos \\u00edntimos y callejuelas olvidadas. A&hellip;\",\"display_excerpt\":\"1\",\"photo\":\"https:\\\/\\\/www.bearnmadiran-tourisme.fr\\\/wp-content\\\/uploads\\\/tis\\\/Lac-Serres-Castet-cph-Syndicat-Tourisme-Bearn-Madiran-2025--43-.JPG\",\"clas\":null,\"btn_label\":\"Ver m\\u00e1s\",\"btn_class\":null,\"durable\":false,\"charte\":\"\",\"durable_label\":\"Desarrollo sostenible\",\"online_bookable\":false,\"price_from\":false,\"event_category\":\"Itineraire\",\"type\":\"pedestre\",\"ititempsdif\":[\"A pie|1h|F\\u00e1cil\"],\"itidistance\":\"3\",\"itidistance_label\":\"Distancia\",\"denivele\":\"140\",\"denivele_label\":\"Elevaci\\u00f3n\"}},{\"geometry\":{\"type\":\"Point\",\"coordinates\":[-0.380037,43.4771]},\"type\":\"Feature\",\"id\":\"ITIAQU064V5AL01P\",\"properties\":{\"objectTypeCode\":\"ITI\",\"name\":\"Auga : vall\\u00e9e du Luy de France\",\"marker_id\":\"ITIAQU064V5AL01P\",\"commune\":\"AUGA\",\"display_city\":\"1\",\"cp\":\"\",\"ad1\":\"\",\"gmapLongitude\":-0.380037,\"gmapLatitude\":43.4771,\"zone1\":null,\"telephone\":\"+33 5 59 68 28 78\",\"detail_url\":\"https:\\\/\\\/www.bearnmadiran-tourisme.fr\\\/es\\\/rutas\\\/auga\\\/ITIAQU064V5AL01P-auga-vallee-du-luy-de-france\\\/\",\"excerpt\":\"Una larga ruta para descubrir los paisajes locales: llanuras, bosques, valles y maleza.\",\"display_excerpt\":\"1\",\"photo\":\"https:\\\/\\\/www.bearnmadiran-tourisme.fr\\\/wp-content\\\/uploads\\\/tis\\\/Auga-eglise-saint-Laurent-cph-syndicat-du-tourisme-nord-Bearn-et-Madiran--6-.jpg\",\"clas\":null,\"btn_label\":\"Ver m\\u00e1s\",\"btn_class\":null,\"durable\":false,\"charte\":\"\",\"durable_label\":\"Desarrollo sostenible\",\"online_bookable\":false,\"price_from\":false,\"event_category\":\"Itineraire\",\"type\":\"pedestre\",\"ititempsdif\":[\"A pie|3h30|F\\u00e1cil\"],\"itidistance\":\"14.2\",\"itidistance_label\":\"Distancia\",\"denivele\":\"300\",\"denivele_label\":\"Elevaci\\u00f3n\"}},{\"geometry\":{\"type\":\"Point\",\"coordinates\":[-0.387215,43.4031]},\"type\":\"Feature\",\"id\":\"ITIAQU064V5AL3SO\",\"properties\":{\"objectTypeCode\":\"ITI\",\"name\":\"Le bois de Sauvagnon\",\"marker_id\":\"ITIAQU064V5AL3SO\",\"commune\":\"SAUVAGNON\",\"display_city\":\"1\",\"cp\":\"\",\"ad1\":\"\",\"gmapLongitude\":-0.387215,\"gmapLatitude\":43.4031,\"zone1\":null,\"telephone\":\"+33 5 59 68 28 78\",\"detail_url\":\"https:\\\/\\\/www.bearnmadiran-tourisme.fr\\\/es\\\/rutas\\\/sauvagnon\\\/ITIAQU064V5AL3SO-le-bois-de-sauvagnon\\\/\",\"excerpt\":\"\\u00c0 quelques minutes de Pau, le bois de Sauvagnon vous invite \\u00e0 une agr\\u00e9able balade en famille, facile et accessible \\u00e0 tous. Apr\\u00e8s avoir travers\\u00e9 un paysage de bocage typiquement b\\u00e9arnais, le&hellip;\",\"display_excerpt\":\"1\",\"photo\":\"https:\\\/\\\/www.bearnmadiran-tourisme.fr\\\/wp-content\\\/uploads\\\/tis\\\/Sauvagnon--randonnee-bois--CBM-Coteaux-Bearn-Madiran-2025-4.jpg\",\"clas\":null,\"btn_label\":\"Ver m\\u00e1s\",\"btn_class\":null,\"durable\":false,\"charte\":\"\",\"durable_label\":\"Desarrollo sostenible\",\"online_bookable\":false,\"price_from\":false,\"event_category\":\"Itineraire\",\"type\":\"pedestre\",\"ititempsdif\":[\"A pie|2h|F\\u00e1cil\"],\"itidistance\":\"7.3\",\"itidistance_label\":\"Distancia\",\"denivele\":\"157\",\"denivele_label\":\"Elevaci\\u00f3n\"}},{\"geometry\":{\"type\":\"Point\",\"coordinates\":[-0.514525,43.4901]},\"type\":\"Feature\",\"id\":\"ITIAQU064V5AL89G\",\"properties\":{\"objectTypeCode\":\"ITI\",\"name\":\"Ge\\u00fcs-d'Arzacq : le Luy de B\\u00e9arn (version courte)\",\"marker_id\":\"ITIAQU064V5AL89G\",\"commune\":\"GEUS-D'ARZACQ\",\"display_city\":\"1\",\"cp\":\"64370\",\"ad1\":\"Aire de pique-nique de Geus-Bouillon\",\"gmapLongitude\":-0.514525,\"gmapLatitude\":43.4901,\"zone1\":null,\"telephone\":\"+33 5 59 04 59 24\",\"detail_url\":\"https:\\\/\\\/www.bearnmadiran-tourisme.fr\\\/es\\\/rutas\\\/geus-darzacq\\\/ITIAQU064V5AL89G-geus-darzacq-le-luy-de-bearn-version-courte\\\/\",\"excerpt\":\"Descubra la zona a lo largo del r\\u00edo y a trav\\u00e9s de los bosques. La ruta ofrece una gran opci\\u00f3n (PR1A bis), que le permite seguir el Luy de B\\u00e9arn desde la&hellip;\",\"display_excerpt\":\"1\",\"photo\":\"https:\\\/\\\/www.bearnmadiran-tourisme.fr\\\/wp-content\\\/uploads\\\/tis\\\/PR1A-PR1B-Geus-Bouillon-Le-luy-en-Bearn-credit-SM--9----Copie.JPG\",\"clas\":null,\"btn_label\":\"Ver m\\u00e1s\",\"btn_class\":null,\"durable\":false,\"charte\":\"\",\"durable_label\":\"Desarrollo sostenible\",\"online_bookable\":false,\"price_from\":false,\"event_category\":\"Itineraire\",\"type\":\"pedestre\",\"ititempsdif\":[\"A pie|1h30|F\\u00e1cil\"],\"itidistance\":\"6.8\",\"itidistance_label\":\"Distancia\",\"denivele\":\"133\",\"denivele_label\":\"Elevaci\\u00f3n\"}},{\"geometry\":{\"type\":\"Point\",\"coordinates\":[-0.534237,43.5132]},\"type\":\"Feature\",\"id\":\"ITIAQU064V5AL90U\",\"properties\":{\"objectTypeCode\":\"ITI\",\"name\":\"Morlanne : les Palombi\\u00e8res\",\"marker_id\":\"ITIAQU064V5AL90U\",\"commune\":\"MORLANNE\",\"display_city\":\"1\",\"cp\":\"\",\"ad1\":\"\",\"gmapLongitude\":-0.534237,\"gmapLatitude\":43.5132,\"zone1\":null,\"telephone\":\"+33 5 59 04 59 24\",\"detail_url\":\"https:\\\/\\\/www.bearnmadiran-tourisme.fr\\\/es\\\/rutas\\\/morlanne\\\/ITIAQU064V5AL90U-morlanne-les-palombieres\\\/\",\"excerpt\":\"La ruta le llevar\\u00e1 por el coraz\\u00f3n de las palombi\\u00e8res por un camino de cresta. Pasear\\u00e1 por un patrimonio construido rico en historia Tambi\\u00e9n disfrutar\\u00e1 de una magn\\u00edfica vista panor\\u00e1mica de la&hellip;\",\"display_excerpt\":\"1\",\"photo\":\"https:\\\/\\\/www.bearnmadiran-tourisme.fr\\\/wp-content\\\/uploads\\\/tis\\\/Morlanne-carrere-Chateau-6.jpg\",\"clas\":null,\"btn_label\":\"Ver m\\u00e1s\",\"btn_class\":null,\"durable\":false,\"charte\":\"\",\"durable_label\":\"Desarrollo sostenible\",\"online_bookable\":false,\"price_from\":false,\"event_category\":\"Itineraire\",\"type\":\"pedestre\",\"ititempsdif\":[\"A pie|2h45|Medio\"],\"itidistance\":\"12.4\",\"itidistance_label\":\"Distancia\",\"denivele\":\"223\",\"denivele_label\":\"Elevaci\\u00f3n\"}},{\"geometry\":{\"type\":\"Point\",\"coordinates\":[-0.462482,43.5415]},\"type\":\"Feature\",\"id\":\"ITIAQU064V5ALE9O\",\"properties\":{\"objectTypeCode\":\"ITI\",\"name\":\"Cabidos : les Manoirs \",\"marker_id\":\"ITIAQU064V5ALE9O\",\"commune\":\"CABIDOS\",\"display_city\":\"1\",\"cp\":\"64410\",\"ad1\":\"mairie-\\u00e9glise\",\"gmapLongitude\":-0.462482,\"gmapLatitude\":43.5415,\"zone1\":null,\"telephone\":\"+33 5 59 04 59 24\",\"detail_url\":\"https:\\\/\\\/www.bearnmadiran-tourisme.fr\\\/es\\\/rutas\\\/cabidos\\\/ITIAQU064V5ALE9O-cabidos-les-manoirs\\\/\",\"excerpt\":\"El circuito, con la iglesia de la Asunci\\u00f3n de la Sant\\u00edsima Virgen Mar\\u00eda de Cabidos, le ofrece una hermosa vista de los vi\\u00f1edos del Manoir de Trubess\\u00e9 (Ch\\u00e2teau de Cabidos) Antes o&hellip;\",\"display_excerpt\":\"1\",\"photo\":\"https:\\\/\\\/www.bearnmadiran-tourisme.fr\\\/wp-content\\\/uploads\\\/tis\\\/CABIDOS---Pascal-Le-Doare-Studio-764-0074.jpg\",\"clas\":null,\"btn_label\":\"Ver m\\u00e1s\",\"btn_class\":null,\"durable\":false,\"charte\":\"\",\"durable_label\":\"Desarrollo sostenible\",\"online_bookable\":false,\"price_from\":false,\"event_category\":\"Itineraire\",\"type\":\"pedestre\",\"ititempsdif\":[\"A pie|2h30|F\\u00e1cil\"],\"itidistance\":\"8\",\"itidistance_label\":\"Distancia\",\"denivele\":\"153\",\"denivele_label\":\"Elevaci\\u00f3n\"}},{\"geometry\":{\"type\":\"Point\",\"coordinates\":[-0.483681,43.5476]},\"type\":\"Feature\",\"id\":\"ITIAQU064V5ALKX0\",\"properties\":{\"objectTypeCode\":\"ITI\",\"name\":\"Montagut : le Luy de France \",\"marker_id\":\"ITIAQU064V5ALKX0\",\"commune\":\"MONTAGUT\",\"display_city\":\"1\",\"cp\":\"\",\"ad1\":\"\",\"gmapLongitude\":-0.483681,\"gmapLatitude\":43.5476,\"zone1\":null,\"telephone\":\"+33 5 59 04 59 24\",\"detail_url\":\"https:\\\/\\\/www.bearnmadiran-tourisme.fr\\\/es\\\/rutas\\\/montagut\\\/ITIAQU064V5ALKX0-montagut-le-luy-de-france\\\/\",\"excerpt\":\"El circuito es un sendero natural a lo largo del agua y los bosques de la Soubestre... El Luy de France, que nace cerca de Limendous, al norte de Pau, atraviesa la&hellip;\",\"display_excerpt\":\"1\",\"photo\":\"https:\\\/\\\/www.bearnmadiran-tourisme.fr\\\/wp-content\\\/uploads\\\/tis\\\/PR11-Montagut-Le-luy-de-France-randonnee-pedestre-novembre-2021-credit-syndicat-tourisme-nord-bearn-madiran--15-.jpg\",\"clas\":null,\"btn_label\":\"Ver m\\u00e1s\",\"btn_class\":null,\"durable\":false,\"charte\":\"\",\"durable_label\":\"Desarrollo sostenible\",\"online_bookable\":false,\"price_from\":false,\"event_category\":\"Itineraire\",\"type\":\"pedestre\",\"ititempsdif\":[\"A pie|1h30|Muy f\\u00e1cil\"],\"itidistance\":\"6.5\",\"itidistance_label\":\"Distancia\",\"denivele\":\"100\",\"denivele_label\":\"Elevaci\\u00f3n\"}},{\"geometry\":{\"type\":\"Point\",\"coordinates\":[-0.386969,43.403]},\"type\":\"Feature\",\"id\":\"ITIAQU064V5ALQ6C\",\"properties\":{\"objectTypeCode\":\"ITI\",\"name\":\"De Sauvagnon au lac du Balaing \\u00e0 VTT\",\"marker_id\":\"ITIAQU064V5ALQ6C\",\"commune\":\"SAUVAGNON\",\"display_city\":\"1\",\"cp\":\"\",\"ad1\":\"\",\"gmapLongitude\":-0.386969,\"gmapLatitude\":43.403,\"zone1\":null,\"telephone\":\"+33 5 59 68 28 78\",\"detail_url\":\"https:\\\/\\\/www.bearnmadiran-tourisme.fr\\\/es\\\/rutas\\\/sauvagnon\\\/ITIAQU064V5ALQ6C-de-sauvagnon-au-lac-du-balaing-a-vtt\\\/\",\"excerpt\":\"No es un recorrido largo, pero requiere cierta t\\u00e9cnica ciclista. Se adentrar\\u00e1 en las laderas del B\\u00e9arn, entre valles boscosos y mesetas cultivadas, para llegar a este hermoso tramo de agua, escondido&hellip;\",\"display_excerpt\":\"1\",\"photo\":\"https:\\\/\\\/www.bearnmadiran-tourisme.fr\\\/wp-content\\\/uploads\\\/tis\\\/Doumy-chapelle-sainte-quitterie-cph-syndicat-du-tourisme-nord-bearn-et-madiran--3--2.jpg\",\"clas\":null,\"btn_label\":\"Ver m\\u00e1s\",\"btn_class\":null,\"durable\":false,\"charte\":\"\",\"durable_label\":\"Desarrollo sostenible\",\"online_bookable\":false,\"price_from\":false,\"event_category\":\"Itineraire\",\"type\":\"vtt\",\"ititempsdif\":[\"Bicicleta de monta\\u00f1a|0h50|Dif\\u00edcil\"],\"itidistance\":\"8.2\",\"itidistance_label\":\"Distancia\",\"denivele\":\"210\",\"denivele_label\":\"Elevaci\\u00f3n\"}},{\"geometry\":{\"type\":\"Point\",\"coordinates\":[-0.534237,43.5132]},\"type\":\"Feature\",\"id\":\"ITIAQU064V5ALTVM\",\"properties\":{\"objectTypeCode\":\"ITI\",\"name\":\"Morlanne : les Palombi\\u00e8res \\u00e0 VTT \",\"marker_id\":\"ITIAQU064V5ALTVM\",\"commune\":\"MORLANNE\",\"display_city\":\"1\",\"cp\":\"\",\"ad1\":\"\",\"gmapLongitude\":-0.534237,\"gmapLatitude\":43.5132,\"zone1\":null,\"telephone\":\"+33 5 59 04 59 24\",\"detail_url\":\"https:\\\/\\\/www.bearnmadiran-tourisme.fr\\\/es\\\/rutas\\\/morlanne\\\/ITIAQU064V5ALTVM-morlanne-les-palombieres-a-vtt\\\/\",\"excerpt\":\"La ruta le llevar\\u00e1 por el coraz\\u00f3n de las palombi\\u00e8res por un camino de cresta. Pasear\\u00e1 por un patrimonio construido rico en historia Tambi\\u00e9n disfrutar\\u00e1 de una magn\\u00edfica vista panor\\u00e1mica del Soubestre&hellip;\",\"display_excerpt\":\"1\",\"photo\":\"https:\\\/\\\/www.bearnmadiran-tourisme.fr\\\/wp-content\\\/uploads\\\/tis\\\/Chateau-Morlanne-tourisme-nord-bearn-credit-Laurent-Pasca---Copie.jpg\",\"clas\":null,\"btn_label\":\"Ver m\\u00e1s\",\"btn_class\":null,\"durable\":false,\"charte\":\"\",\"durable_label\":\"Desarrollo sostenible\",\"online_bookable\":false,\"price_from\":false,\"event_category\":\"Itineraire\",\"type\":\"vtt\",\"ititempsdif\":[\"Bicicleta de monta\\u00f1a|1h15|Medio\"],\"itidistance\":\"12.4\",\"itidistance_label\":\"Distancia\",\"denivele\":\"223\",\"denivele_label\":\"Elevaci\\u00f3n\"}},{\"geometry\":{\"type\":\"Point\",\"coordinates\":[-0.387123,43.4031]},\"type\":\"Feature\",\"id\":\"ITIAQU064V5AX8TL\",\"properties\":{\"objectTypeCode\":\"ITI\",\"name\":\"Le bois de Sauvagnon \\u00e0 VTT\",\"marker_id\":\"ITIAQU064V5AX8TL\",\"commune\":\"SAUVAGNON\",\"display_city\":\"1\",\"cp\":\"\",\"ad1\":\"\",\"gmapLongitude\":-0.387123,\"gmapLatitude\":43.4031,\"zone1\":null,\"telephone\":\"+33 5 59 68 28 78\",\"detail_url\":\"https:\\\/\\\/www.bearnmadiran-tourisme.fr\\\/es\\\/rutas\\\/sauvagnon\\\/ITIAQU064V5AX8TL-le-bois-de-sauvagnon-a-vtt\\\/\",\"excerpt\":\"En la subida al bosque, tras una zona agr\\u00edcola muy abierta y rodeada de setos, podr\\u00e1 pasear por este hermoso bosquecillo perteneciente al municipio de Sauvagnon. Gestionado por la Office National des&hellip;\",\"display_excerpt\":\"1\",\"photo\":\"https:\\\/\\\/www.bearnmadiran-tourisme.fr\\\/wp-content\\\/uploads\\\/tis\\\/Sauvagnon-Bois-de-Sauvagnon-randonnee-pedestre---CBM-2025-3.jpg\",\"clas\":null,\"btn_label\":\"Ver m\\u00e1s\",\"btn_class\":null,\"durable\":false,\"charte\":\"\",\"durable_label\":\"Desarrollo sostenible\",\"online_bookable\":false,\"price_from\":false,\"event_category\":\"Itineraire\",\"type\":\"vtt\",\"ititempsdif\":[\"Bicicleta de monta\\u00f1a|1h|F\\u00e1cil\"],\"itidistance\":\"5.7\",\"itidistance_label\":\"Distancia\",\"denivele\":\"160\",\"denivele_label\":\"Elevaci\\u00f3n\"}},{\"geometry\":{\"type\":\"Point\",\"coordinates\":[-0.459595,43.5412]},\"type\":\"Feature\",\"id\":\"ITIAQU064V5AXNLM\",\"properties\":{\"objectTypeCode\":\"ITI\",\"name\":\"Cabidos : les Manoirs \\u00e0 VTT\",\"marker_id\":\"ITIAQU064V5AXNLM\",\"commune\":\"CABIDOS\",\"display_city\":\"1\",\"cp\":\"64410\",\"ad1\":\"mairie-\\u00e9glise\",\"gmapLongitude\":-0.459595,\"gmapLatitude\":43.5412,\"zone1\":null,\"telephone\":\"+33 5 59 04 59 24\",\"detail_url\":\"https:\\\/\\\/www.bearnmadiran-tourisme.fr\\\/es\\\/rutas\\\/cabidos\\\/ITIAQU064V5AXNLM-cabidos-les-manoirs-a-vtt\\\/\",\"excerpt\":\"El circuito, con la iglesia de la Asunci\\u00f3n de la Sant\\u00edsima Virgen Mar\\u00eda de Cabidos, le ofrece una hermosa vista del campo y de los vi\\u00f1edos del Manoir de Trubess\\u00e9 (Castillo de&hellip;\",\"display_excerpt\":\"1\",\"photo\":\"https:\\\/\\\/www.bearnmadiran-tourisme.fr\\\/wp-content\\\/uploads\\\/tis\\\/CABIDOS---Pascal-Le-Doare-Studio-764-0032-2.jpg\",\"clas\":null,\"btn_label\":\"Ver m\\u00e1s\",\"btn_class\":null,\"durable\":false,\"charte\":\"\",\"durable_label\":\"Desarrollo sostenible\",\"online_bookable\":false,\"price_from\":false,\"event_category\":\"Itineraire\",\"type\":\"vtt\",\"ititempsdif\":[\"Bicicleta de monta\\u00f1a|2h30|F\\u00e1cil\"],\"itidistance\":\"8\",\"itidistance_label\":\"Distancia\",\"denivele\":\"153\",\"denivele_label\":\"Elevaci\\u00f3n\"}},{\"geometry\":{\"type\":\"Point\",\"coordinates\":[-0.37733,43.3795]},\"type\":\"Feature\",\"id\":\"ITIAQU064V5AZ0FS\",\"properties\":{\"objectTypeCode\":\"ITI\",\"name\":\"Balade \\u00e0 Roulettes n\\u00b049 Le parc de Liben \\u00e0 Serres-Castet\",\"marker_id\":\"ITIAQU064V5AZ0FS\",\"commune\":\"SERRES-CASTET\",\"display_city\":\"1\",\"cp\":\"\",\"ad1\":\"\",\"gmapLongitude\":-0.37733,\"gmapLatitude\":43.3795,\"zone1\":null,\"telephone\":\"+33 5 59 68 28 78\",\"detail_url\":\"https:\\\/\\\/www.bearnmadiran-tourisme.fr\\\/es\\\/rutas\\\/serres-castet\\\/ITIAQU064V5AZ0FS-balade-a-roulettes-n49-le-parc-de-liben-a-serres-castet\\\/\",\"excerpt\":\"El parque de Liben ofrece a los paseantes hermosos caminos sombreados a lo largo del Luy de B\\u00e9arn, as\\u00ed como instalaciones deportivas y de ocio para toda la familia. Esta hoja informativa&hellip;\",\"display_excerpt\":\"1\",\"photo\":\"https:\\\/\\\/www.bearnmadiran-tourisme.fr\\\/wp-content\\\/uploads\\\/tis\\\/Balade-a-roulettes---Serres-Castet---cph-MB.jpg\",\"clas\":null,\"btn_label\":\"Ver m\\u00e1s\",\"btn_class\":null,\"durable\":false,\"charte\":\"\",\"durable_label\":\"Desarrollo sostenible\",\"online_bookable\":false,\"price_from\":false,\"event_category\":\"Itineraire\",\"type\":\"\",\"ititempsdif\":[\"Con ruedecillas|30min|Muy f\\u00e1cil\"],\"itidistance\":\"2.2\",\"itidistance_label\":\"Distancia\",\"denivele\":\"0\",\"denivele_label\":\"Elevaci\\u00f3n\"}},{\"geometry\":{\"type\":\"Point\",\"coordinates\":[-0.467393,43.4331]},\"type\":\"Feature\",\"id\":\"ITIAQU064V5AZ10F\",\"properties\":{\"objectTypeCode\":\"ITI\",\"name\":\"Balade \\u00e0 Roulettes n\\u00b04 - Le lac de l'Ayguelongue\",\"marker_id\":\"ITIAQU064V5AZ10F\",\"commune\":\"MAZEROLLES\",\"display_city\":\"1\",\"cp\":\"\",\"ad1\":\"\",\"gmapLongitude\":-0.467393,\"gmapLatitude\":43.4331,\"zone1\":null,\"telephone\":\"+33 5 59 04 59 24\",\"detail_url\":\"https:\\\/\\\/www.bearnmadiran-tourisme.fr\\\/es\\\/rutas\\\/mazerolles\\\/ITIAQU064V5AZ10F-balade-a-roulettes-n4-le-lac-de-layguelongue\\\/\",\"excerpt\":\"El lago de Ayguelongue es una reserva de agua agr\\u00edcola creada en 1996. Se encuentra en parte en el municipio de Mazerolles y en parte en Momas. Las orillas de este largo&hellip;\",\"display_excerpt\":\"1\",\"photo\":\"https:\\\/\\\/www.bearnmadiran-tourisme.fr\\\/wp-content\\\/uploads\\\/tis\\\/promeneurs.jpg\",\"clas\":null,\"btn_label\":\"Ver m\\u00e1s\",\"btn_class\":null,\"durable\":false,\"charte\":\"\",\"durable_label\":\"Desarrollo sostenible\",\"online_bookable\":false,\"price_from\":false,\"event_category\":\"Itineraire\",\"type\":\"\",\"ititempsdif\":[\"Con ruedecillas|1h|F\\u00e1cil\",\"A pie|1h|F\\u00e1cil\"],\"itidistance\":\"3.6\",\"itidistance_label\":\"Distancia\",\"denivele\":\"0\",\"denivele_label\":\"Elevaci\\u00f3n\"}},{\"geometry\":{\"type\":\"Point\",\"coordinates\":[-0.119738,43.2651]},\"type\":\"Feature\",\"id\":\"ITIAQU064V5AZ141\",\"properties\":{\"objectTypeCode\":\"ITI\",\"name\":\"Balade \\u00e0 Roulettes n\\u00b0 25 Le petit lac du Gabas \\u00e0 Eslourenties-Daban\",\"marker_id\":\"ITIAQU064V5AZ141\",\"commune\":\"LUQUET\",\"display_city\":\"1\",\"cp\":\"\",\"ad1\":\"\",\"gmapLongitude\":-0.119738,\"gmapLatitude\":43.2651,\"zone1\":null,\"telephone\":\"+33 5 59 33 62 25\",\"detail_url\":\"https:\\\/\\\/www.bearnmadiran-tourisme.fr\\\/es\\\/rutas\\\/eslourenties-daban\\\/ITIAQU064V5AZ141-balade-a-roulettes-n-25-le-petit-lac-du-gabas-a-eslourenties-daban\\\/\",\"excerpt\":\"Situada entre Pau y Tarbes, esta inmensa reserva de agua se extiende por cuatro municipios en los l\\u00edmites de los Altos Pirineos y los Pirineos Atl\\u00e1nticos, en un entorno campestre muy suavemente&hellip;\",\"display_excerpt\":\"1\",\"photo\":\"https:\\\/\\\/www.bearnmadiran-tourisme.fr\\\/wp-content\\\/uploads\\\/tis\\\/Couverture-25.jpg\",\"clas\":null,\"btn_label\":\"Ver m\\u00e1s\",\"btn_class\":null,\"durable\":false,\"charte\":\"\",\"durable_label\":\"Desarrollo sostenible\",\"online_bookable\":false,\"price_from\":false,\"event_category\":\"Itineraire\",\"type\":\"\",\"ititempsdif\":[\"Con ruedecillas|45min|Muy f\\u00e1cil\"],\"itidistance\":\"2.8\",\"itidistance_label\":\"Distancia\",\"denivele\":\"0\",\"denivele_label\":\"Elevaci\\u00f3n\"}},{\"geometry\":{\"type\":\"Point\",\"coordinates\":[-0.386896,43.4028]},\"type\":\"Feature\",\"id\":\"ITIAQU064V5BAPD5\",\"properties\":{\"objectTypeCode\":\"ITI\",\"name\":\"De Sauvagnon au lac du Balaing\",\"marker_id\":\"ITIAQU064V5BAPD5\",\"commune\":\"SAUVAGNON\",\"display_city\":\"1\",\"cp\":\"\",\"ad1\":\"\",\"gmapLongitude\":-0.386896,\"gmapLatitude\":43.4028,\"zone1\":null,\"telephone\":\"+33 5 59 68 28 78\",\"detail_url\":\"https:\\\/\\\/www.bearnmadiran-tourisme.fr\\\/es\\\/rutas\\\/sauvagnon\\\/ITIAQU064V5BAPD5-de-sauvagnon-au-lac-du-balaing\\\/\",\"excerpt\":\"No es un recorrido largo, pero requiere cierta t\\u00e9cnica ciclista. Se adentra en las laderas de la regi\\u00f3n de B\\u00e9arn, entre valles boscosos y mesetas cultivadas, para llegar a este hermoso tramo&hellip;\",\"display_excerpt\":\"1\",\"photo\":\"https:\\\/\\\/www.bearnmadiran-tourisme.fr\\\/wp-content\\\/uploads\\\/tis\\\/Tour-du-lac-du-Balaing-Navailles-Angos-Tourisme-Nord-Bearn-cph-SMT-NB.jpg\",\"clas\":null,\"btn_label\":\"Ver m\\u00e1s\",\"btn_class\":null,\"durable\":false,\"charte\":\"\",\"durable_label\":\"Desarrollo sostenible\",\"online_bookable\":false,\"price_from\":false,\"event_category\":\"Itineraire\",\"type\":\"pedestre\",\"ititempsdif\":[\"A pie|2h20|Dif\\u00edcil\"],\"itidistance\":\"8.2\",\"itidistance_label\":\"Distancia\",\"denivele\":\"210\",\"denivele_label\":\"Elevaci\\u00f3n\"}},{\"geometry\":{\"type\":\"Point\",\"coordinates\":[-0.460037,43.4193]},\"type\":\"Feature\",\"id\":\"ITIAQU064V5BHN0U\",\"properties\":{\"objectTypeCode\":\"ITI\",\"name\":\"Momas : Tour du lac de l'Ayguelongue\",\"marker_id\":\"ITIAQU064V5BHN0U\",\"commune\":\"MOMAS\",\"display_city\":\"1\",\"cp\":\"\",\"ad1\":\"\",\"gmapLongitude\":-0.460037,\"gmapLatitude\":43.4193,\"zone1\":null,\"telephone\":\"+33 5 59 04 59 24\",\"detail_url\":\"https:\\\/\\\/www.bearnmadiran-tourisme.fr\\\/es\\\/rutas\\\/momas\\\/ITIAQU064V5BHN0U-momas-tour-du-lac-de-layguelongue\\\/\",\"excerpt\":\"Embalsado en 1996, el Lac de l'Ayguelongue se utiliza principalmente para el riego y para sostener el estiaje. Es una reserva natural de 58 hect\\u00e1reas de gran inter\\u00e9s desde el punto de&hellip;\",\"display_excerpt\":\"1\",\"photo\":\"https:\\\/\\\/www.bearnmadiran-tourisme.fr\\\/wp-content\\\/uploads\\\/tis\\\/MAE028-1-2.JPG\",\"clas\":null,\"btn_label\":\"Ver m\\u00e1s\",\"btn_class\":null,\"durable\":false,\"charte\":\"\",\"durable_label\":\"Desarrollo sostenible\",\"online_bookable\":false,\"price_from\":false,\"event_category\":\"Itineraire\",\"type\":\"pedestre\",\"ititempsdif\":[\"A pie|1h|F\\u00e1cil\"],\"itidistance\":\"4.5\",\"itidistance_label\":\"Distancia\",\"denivele\":\"50\",\"denivele_label\":\"Elevaci\\u00f3n\"}},{\"geometry\":{\"type\":\"Point\",\"coordinates\":[-0.417649,43.5357]},\"type\":\"Feature\",\"id\":\"ITIAQU064V5BNC44\",\"properties\":{\"objectTypeCode\":\"ITI\",\"name\":\"Arzacq-Arraziguet : tour du lac\",\"marker_id\":\"ITIAQU064V5BNC44\",\"commune\":\"ARZACQ-ARRAZIGUET\",\"display_city\":\"1\",\"cp\":\"64410\",\"ad1\":\"Parking du lac\",\"gmapLongitude\":-0.417649,\"gmapLatitude\":43.5357,\"zone1\":null,\"telephone\":\"+33 5 59 04 59 24\",\"detail_url\":\"https:\\\/\\\/www.bearnmadiran-tourisme.fr\\\/es\\\/rutas\\\/arzacq-arraziguet\\\/ITIAQU064V5BNC44-arzacq-arraziguet-tour-du-lac\\\/\",\"excerpt\":\"El lago de Arzacq, de 20 hect\\u00e1reas, se utiliza con fines agr\\u00edcolas (regad\\u00edo). La parte norte\\\/noroeste del lago est\\u00e1 dedicada al ocio, el descanso y la pesca, con un camino de grava&hellip;\",\"display_excerpt\":\"1\",\"photo\":\"https:\\\/\\\/www.bearnmadiran-tourisme.fr\\\/wp-content\\\/uploads\\\/tis\\\/ARZACQ-1-12.JPG\",\"clas\":null,\"btn_label\":\"Ver m\\u00e1s\",\"btn_class\":null,\"durable\":false,\"charte\":\"\",\"durable_label\":\"Desarrollo sostenible\",\"online_bookable\":false,\"price_from\":false,\"event_category\":\"Itineraire\",\"type\":\"pedestre\",\"ititempsdif\":[\"A pie|40 mn|Muy f\\u00e1cil\"],\"itidistance\":\"2\",\"itidistance_label\":\"Distancia\",\"denivele\":\"0\",\"denivele_label\":\"Elevaci\\u00f3n\"}},{\"geometry\":{\"type\":\"Point\",\"coordinates\":[-0.1148,43.1856]},\"type\":\"Feature\",\"id\":\"ITIAQU064V5C171J\",\"properties\":{\"objectTypeCode\":\"ITI\",\"name\":\"Porte de la Bigorre\",\"marker_id\":\"ITIAQU064V5C171J\",\"commune\":\"PONTACQ\",\"display_city\":\"1\",\"cp\":\"\",\"ad1\":\"\",\"gmapLongitude\":-0.1148,\"gmapLatitude\":43.1856,\"zone1\":null,\"telephone\":\"+33 5 59 33 62 25\",\"detail_url\":\"https:\\\/\\\/www.bearnmadiran-tourisme.fr\\\/es\\\/rutas\\\/pontacq\\\/ITIAQU064V5C171J-porte-de-la-bigorre\\\/\",\"excerpt\":\"Es desde el din\\u00e1mico pueblo de Pontacq desde donde comienza este paseo, a lo largo del arroyo de Ousse. Tras un tramo por asfalto, el camino asciende r\\u00e1pidamente hasta alcanzar la cima&hellip;\",\"display_excerpt\":\"1\",\"photo\":\"https:\\\/\\\/www.bearnmadiran-tourisme.fr\\\/wp-content\\\/uploads\\\/tis\\\/-DSC3880.png\",\"clas\":null,\"btn_label\":\"Ver m\\u00e1s\",\"btn_class\":null,\"durable\":false,\"charte\":\"\",\"durable_label\":\"Desarrollo sostenible\",\"online_bookable\":false,\"price_from\":false,\"event_category\":\"Itineraire\",\"type\":\"pedestre\",\"ititempsdif\":[\"A pie|1h30|F\\u00e1cil\"],\"itidistance\":\"6.3\",\"itidistance_label\":\"Distancia\",\"denivele\":\"150\",\"denivele_label\":\"Elevaci\\u00f3n\"}},{\"geometry\":{\"type\":\"Point\",\"coordinates\":[-0.04713,43.2737]},\"type\":\"Feature\",\"id\":\"ITIAQU064V5C2SRH\",\"properties\":{\"objectTypeCode\":\"ITI\",\"name\":\"La tourbi\\u00e8re du Manas\",\"marker_id\":\"ITIAQU064V5C2SRH\",\"commune\":\"GER\",\"display_city\":\"1\",\"cp\":\"\",\"ad1\":\"\",\"gmapLongitude\":-0.04713,\"gmapLatitude\":43.2737,\"zone1\":null,\"telephone\":\"+33 5 59 33 62 25\",\"detail_url\":\"https:\\\/\\\/www.bearnmadiran-tourisme.fr\\\/es\\\/rutas\\\/ger\\\/ITIAQU064V5C2SRH-la-tourbiere-du-manas\\\/\",\"excerpt\":\"El descubrimiento de la turbera de Manas, a trav\\u00e9s de un peque\\u00f1o circuito, es una invitaci\\u00f3n a comprender mejor la naturaleza, la biodiversidad y el compromiso de los municipios para proteger estos&hellip;\",\"display_excerpt\":\"1\",\"photo\":\"https:\\\/\\\/www.bearnmadiran-tourisme.fr\\\/wp-content\\\/uploads\\\/tis\\\/Ger-tourbiere-du-Manas---Cecile-Munsch-Peio-Gaillard--3-.png\",\"clas\":null,\"btn_label\":\"Ver m\\u00e1s\",\"btn_class\":null,\"durable\":false,\"charte\":\"\",\"durable_label\":\"Desarrollo sostenible\",\"online_bookable\":false,\"price_from\":false,\"event_category\":\"Itineraire\",\"type\":\"pedestre\",\"ititempsdif\":[\"A pie|1h|Muy f\\u00e1cil\"],\"itidistance\":\"2.5\",\"itidistance_label\":\"Distancia\",\"denivele\":\"70\",\"denivele_label\":\"Elevaci\\u00f3n\"}},{\"geometry\":{\"type\":\"Point\",\"coordinates\":[-0.196333,43.2181]},\"type\":\"Feature\",\"id\":\"ITIAQU064V5C2SXW\",\"properties\":{\"objectTypeCode\":\"ITI\",\"name\":\"Ruisseau de Garue\",\"marker_id\":\"ITIAQU064V5C2SXW\",\"commune\":\"LUCGARIER\",\"display_city\":\"1\",\"cp\":\"\",\"ad1\":\"\",\"gmapLongitude\":-0.196333,\"gmapLatitude\":43.2181,\"zone1\":null,\"telephone\":\"+33 5 59 33 62 25\",\"detail_url\":\"https:\\\/\\\/www.bearnmadiran-tourisme.fr\\\/es\\\/rutas\\\/lucgarier\\\/ITIAQU064V5C2SXW-ruisseau-de-garue\\\/\",\"excerpt\":\"\\u00a1Un recorrido ideal para los d\\u00edas calurosos! En efecto, protegido por la sombra de los robles y las b\\u00f3vedas vegetales, la frescura se mantiene en este sendero muy agradable. \\u00a1La humedad de&hellip;\",\"display_excerpt\":\"1\",\"photo\":\"https:\\\/\\\/www.bearnmadiran-tourisme.fr\\\/wp-content\\\/uploads\\\/tis\\\/Lucgarier-ruisseau-de-Garue---Cecile-Munsch-Peio-Gaillard--9-.png\",\"clas\":null,\"btn_label\":\"Ver m\\u00e1s\",\"btn_class\":null,\"durable\":false,\"charte\":\"\",\"durable_label\":\"Desarrollo sostenible\",\"online_bookable\":false,\"price_from\":false,\"event_category\":\"Itineraire\",\"type\":\"pedestre\",\"ititempsdif\":[\"A pie|1h20|F\\u00e1cil\"],\"itidistance\":\"7.8\",\"itidistance_label\":\"Distancia\",\"denivele\":\"173\",\"denivele_label\":\"Elevaci\\u00f3n\"}},{\"geometry\":{\"type\":\"Point\",\"coordinates\":[-0.12899,43.2145]},\"type\":\"Feature\",\"id\":\"ITIAQU064V5C2UTC\",\"properties\":{\"objectTypeCode\":\"ITI\",\"name\":\"Bois de Deb\\u00e8ze\",\"marker_id\":\"ITIAQU064V5C2UTC\",\"commune\":\"BARZUN\",\"display_city\":\"1\",\"cp\":\"\",\"ad1\":\"\",\"gmapLongitude\":-0.12899,\"gmapLatitude\":43.2145,\"zone1\":null,\"telephone\":\"+33 5 59 33 62 25\",\"detail_url\":\"https:\\\/\\\/www.bearnmadiran-tourisme.fr\\\/es\\\/rutas\\\/barzun\\\/ITIAQU064V5C2UTC-bois-de-debeze\\\/\",\"excerpt\":\"Esta excursi\\u00f3n por la ladera que separa la meseta de Ger y la llanura de Ousse, a trav\\u00e9s del bosque de Deb\\u00e8ze, revela un paisaje muy agradable. Caminar por el bosque con&hellip;\",\"display_excerpt\":\"1\",\"photo\":\"https:\\\/\\\/www.bearnmadiran-tourisme.fr\\\/wp-content\\\/uploads\\\/tis\\\/Barzun-bois-de-debeze---Cecile-Munsch-Peio-Gaillard--4-.png\",\"clas\":null,\"btn_label\":\"Ver m\\u00e1s\",\"btn_class\":null,\"durable\":false,\"charte\":\"\",\"durable_label\":\"Desarrollo sostenible\",\"online_bookable\":false,\"price_from\":false,\"event_category\":\"Itineraire\",\"type\":\"pedestre\",\"ititempsdif\":[\"A pie|1h|F\\u00e1cil\"],\"itidistance\":\"3.8\",\"itidistance_label\":\"Distancia\",\"denivele\":\"100\",\"denivele_label\":\"Elevaci\\u00f3n\"}},{\"geometry\":{\"type\":\"Point\",\"coordinates\":[-0.04713,43.2737]},\"type\":\"Feature\",\"id\":\"ITIAQU064V5C2UX0\",\"properties\":{\"objectTypeCode\":\"ITI\",\"name\":\"Bois de Poey\",\"marker_id\":\"ITIAQU064V5C2UX0\",\"commune\":\"GER\",\"display_city\":\"1\",\"cp\":\"\",\"ad1\":\"\",\"gmapLongitude\":-0.04713,\"gmapLatitude\":43.2737,\"zone1\":null,\"telephone\":\"+33 5 59 33 62 25\",\"detail_url\":\"https:\\\/\\\/www.bearnmadiran-tourisme.fr\\\/es\\\/rutas\\\/ger\\\/ITIAQU064V5C2UX0-bois-de-poey\\\/\",\"excerpt\":\"\\u00a1Este paseo de casi 10 kil\\u00f3metros ofrece una bonita inmersi\\u00f3n en el bosque! El valle del Manas, zona rehabilitada para preservar su fauna y flora particulares, est\\u00e1 atravesado por el arroyo del&hellip;\",\"display_excerpt\":\"1\",\"photo\":\"https:\\\/\\\/www.bearnmadiran-tourisme.fr\\\/wp-content\\\/uploads\\\/tis\\\/Ger-bois-de-Poey---Cecile-Munsch-Peio-Gaillard.png\",\"clas\":null,\"btn_label\":\"Ver m\\u00e1s\",\"btn_class\":null,\"durable\":false,\"charte\":\"\",\"durable_label\":\"Desarrollo sostenible\",\"online_bookable\":false,\"price_from\":false,\"event_category\":\"Itineraire\",\"type\":\"pedestre\",\"ititempsdif\":[\"A pie|2h|F\\u00e1cil\"],\"itidistance\":\"9.3\",\"itidistance_label\":\"Distancia\",\"denivele\":\"150\",\"denivele_label\":\"Elevaci\\u00f3n\"}},{\"geometry\":{\"type\":\"Point\",\"coordinates\":[-0.196333,43.2181]},\"type\":\"Feature\",\"id\":\"ITIAQU064V5C4N5Y\",\"properties\":{\"objectTypeCode\":\"ITI\",\"name\":\"Ruisseau de Garue \\u00e0 VTT\",\"marker_id\":\"ITIAQU064V5C4N5Y\",\"commune\":\"LUCGARIER\",\"display_city\":\"1\",\"cp\":\"\",\"ad1\":\"\",\"gmapLongitude\":-0.196333,\"gmapLatitude\":43.2181,\"zone1\":null,\"telephone\":\"+33 5 59 33 62 25\",\"detail_url\":\"https:\\\/\\\/www.bearnmadiran-tourisme.fr\\\/es\\\/rutas\\\/lucgarier\\\/ITIAQU064V5C4N5Y-ruisseau-de-garue-a-vtt\\\/\",\"excerpt\":\"\\u00a1Un recorrido ideal para los d\\u00edas calurosos! En efecto, protegido por la sombra de los robles y las b\\u00f3vedas vegetales, la frescura se mantiene en este sendero muy agradable. \\u00a1La humedad de&hellip;\",\"display_excerpt\":\"1\",\"photo\":\"https:\\\/\\\/www.bearnmadiran-tourisme.fr\\\/wp-content\\\/uploads\\\/tis\\\/PLR-Ousse-Gabas-Peio-Gaillard-Cecile-Munsch--8-.png\",\"clas\":null,\"btn_label\":\"Ver m\\u00e1s\",\"btn_class\":null,\"durable\":false,\"charte\":\"\",\"durable_label\":\"Desarrollo sostenible\",\"online_bookable\":false,\"price_from\":false,\"event_category\":\"Itineraire\",\"type\":\"vtt\",\"ititempsdif\":[\"Bicicleta de monta\\u00f1a|45 mn|F\\u00e1cil\"],\"itidistance\":\"7.8\",\"itidistance_label\":\"Distancia\",\"denivele\":\"173\",\"denivele_label\":\"Elevaci\\u00f3n\"}},{\"geometry\":{\"type\":\"Point\",\"coordinates\":[-0.04713,43.2737]},\"type\":\"Feature\",\"id\":\"ITIAQU064V5C4N6T\",\"properties\":{\"objectTypeCode\":\"ITI\",\"name\":\"Bois de Poey \\u00e0 VTT\",\"marker_id\":\"ITIAQU064V5C4N6T\",\"commune\":\"GER\",\"display_city\":\"1\",\"cp\":\"\",\"ad1\":\"\",\"gmapLongitude\":-0.04713,\"gmapLatitude\":43.2737,\"zone1\":null,\"telephone\":\"+33 5 59 33 62 25\",\"detail_url\":\"https:\\\/\\\/www.bearnmadiran-tourisme.fr\\\/es\\\/rutas\\\/ger\\\/ITIAQU064V5C4N6T-bois-de-poey-a-vtt\\\/\",\"excerpt\":\"\\u00a1Este paseo de casi 10 kil\\u00f3metros ofrece una bonita inmersi\\u00f3n en el bosque! El valle del Manas, zona rehabilitada para preservar su fauna y flora particulares, est\\u00e1 atravesado por el arroyo del&hellip;\",\"display_excerpt\":\"1\",\"photo\":\"https:\\\/\\\/www.bearnmadiran-tourisme.fr\\\/wp-content\\\/uploads\\\/tis\\\/PLR-Ousse-Gabas-Peio-Gaillard-Cecile-Munsch--7--3.png\",\"clas\":null,\"btn_label\":\"Ver m\\u00e1s\",\"btn_class\":null,\"durable\":false,\"charte\":\"\",\"durable_label\":\"Desarrollo sostenible\",\"online_bookable\":false,\"price_from\":false,\"event_category\":\"Itineraire\",\"type\":\"vtt\",\"ititempsdif\":[\"Bicicleta de monta\\u00f1a|45 mn|F\\u00e1cil\"],\"itidistance\":\"9.3\",\"itidistance_label\":\"Distancia\",\"denivele\":\"150\",\"denivele_label\":\"Elevaci\\u00f3n\"}},{\"geometry\":{\"type\":\"Point\",\"coordinates\":[-0.169383,43.5447]},\"type\":\"Feature\",\"id\":\"ITIAQU064V5C67HV\",\"properties\":{\"objectTypeCode\":\"ITI\",\"name\":\"Conchez-de-B\\u00e9arn : escapade du Vic-Bilh\",\"marker_id\":\"ITIAQU064V5C67HV\",\"commune\":\"CONCHEZ-DE-BEARN\",\"display_city\":\"1\",\"cp\":\"\",\"ad1\":\"\",\"gmapLongitude\":-0.169383,\"gmapLatitude\":43.5447,\"zone1\":null,\"telephone\":\"+33 5 59 68 28 78\",\"detail_url\":\"https:\\\/\\\/www.bearnmadiran-tourisme.fr\\\/es\\\/rutas\\\/conchez-de-bearn\\\/ITIAQU064V5C67HV-conchez-de-bearn-escapade-du-vic-bilh\\\/\",\"excerpt\":\"Partiendo de Conchez-de-B\\u00e9arn, bonito pueblo de la regi\\u00f3n de B\\u00e9arn, esta ruta en bicicleta de monta\\u00f1a, m\\u00e1s f\\u00edsica que t\\u00e9cnica, atraviesa los vi\\u00f1edos de Madiran y Pacherenc du Vic-Bilh. Aproveche el lago&hellip;\",\"display_excerpt\":\"1\",\"photo\":\"https:\\\/\\\/www.bearnmadiran-tourisme.fr\\\/wp-content\\\/uploads\\\/tis\\\/randonnee-vtt-coteaux-vic-bilh-simacourbe-lalongue-3.jpg\",\"clas\":null,\"btn_label\":\"Ver m\\u00e1s\",\"btn_class\":null,\"durable\":false,\"charte\":\"\",\"durable_label\":\"Desarrollo sostenible\",\"online_bookable\":false,\"price_from\":false,\"event_category\":\"Itineraire\",\"type\":\"vae\",\"ititempsdif\":[\"Bicicleta de monta\\u00f1a|2h|Dif\\u00edcil\",\"|1h45|Dif\\u00edcil\"],\"itidistance\":\"24\",\"itidistance_label\":\"Distancia\",\"denivele\":\"600\",\"denivele_label\":\"Elevaci\\u00f3n\"}}]};\n\t<\/script>\n\n\t\t\n\n<div id=\"tourinsoft-loader\">\n\t<div class=\"outer\">\n\t\t<div class=\"inner\">\n\t\t\t<div class=\"small\"><\/div>\n\t\t\t<div class=\"small\"><\/div>\n\t\t\t<div class=\"small\"><\/div>\n\t\t\t<div class=\"small\"><\/div>\n\t\t<\/div>\n\t\t<div class=\"big\">\n\t\t\t<div class=\"small\"><\/div>\n\t\t<\/div>\n\t\t<div class=\"big\">\n\t\t\t<div class=\"small\"><\/div>\n\t\t<\/div>\n\t<\/div>\n<\/div>\n\n\n<div style=\"height:50px\" aria-hidden=\"true\" class=\"wp-block-spacer\" id=\"form-results\"><\/div>\n\n\t<div class=\"py wp-block-group alignfull has-white-color has-dark-background-color has-text-color has-background\" id=\"tourisoft-search-form-container\">\n\t\t<div class=\"wp-block-group__inner-container aligncenter\">\n\t\t\t<div id=\"tourisoft-search-form\" data-elloha=\"0\">\n\t<div class=\"h3 has-white-color\" id=\"tourinsoft-nb-results\"><span id=\"nb_results\">44<\/span> <span id=\"type_results\">resultado(s)<\/span> coinciden con esta b\u00fasqueda<\/div>\n\t<form id=\"list-searchform\" action=\"\" method=\"get\" data-action=\"https:\/\/www.bearnmadiran-tourisme.fr\/es\/descubrir\/parque-de-juegos-y-de-ocios\/paseos-y-excursiones\/paseos-y-excursiones-a-la-sombra\/\">\n\t\t<div id=\"visible-form-fields\">\n\t\t\t<input type=\"hidden\" id=\"bor_code\" value=\"ITI\" \/>\n\t\t\t<input type=\"hidden\" id=\"page_id\" value=\"10730\" \/>\n\t\t\t<input type=\"hidden\" name=\"search\" value=\"1\" \/>\n\t\t\t\n\t\t\t\t\t\t\t\n\t\t\t\t\t\t\n\t\t\t\t\t\t\t\t\t<input type=\"hidden\" id=\"tis_tagqualification\" name=\"tag_qualification\" value=\"\" \/>\n\t\t\t\t\t\t\t\t\t\t\t\t\t\t\t\t\n\t\t\t \n\t\t\t\t\t\t\t\t\t\t\n\t\t\t\t\t\t\t\t\t\t\t\t<div class=\"form-input\">\n\t\t\t\t\t\t\t\t\t\t\t\t<select class=\"update_search\" name=\"locomotion\" id=\"tis_loc\" data-loc=\"\" data-default_page=\"0\">\n\t\t\t\t\t\t\t<option value=\"\">Locomotion<\/option>\t\t\t\t\t\t\n\t\t\t\t\t\t\t\t\t\t\t\t\t\t\t<option value=\"\u00e0 cheval\" >\u00e0 cheval<\/option>\n\t\t\t\t\t\t\t\t\t\t\t\t\t\t\t<option value=\"\u00e0 pied\" >\u00e0 pied<\/option>\n\t\t\t\t\t\t\t\t\t\t\t\t\t\t\t<option value=\"\u00e0 v\u00e9lo\" >\u00e0 v\u00e9lo<\/option>\n\t\t\t\t\t\t\t\t\t\t\t\t\t\t\t<option value=\"\u00e0 VTT\" >\u00e0 VTT<\/option>\n\t\t\t\t\t\t\t\t\t\t\t\t\t\t\t<option value=\"\u00e0 VAE\" >\u00e0 VAE<\/option>\n\t\t\t\t\t\t\t\t\t\t\t\t\t\t\t<option value=\"avec des roulettes\" >avec des roulettes<\/option>\n\t\t\t\t\t\t\t\t\t\t\t\t\t<\/select>\n\t\t\t\t\t\t\t\t\t\t\t<\/div>\n\t\t\t\t\t\t\t\t\n\t\t\t\t\t\t\t\t\t<div class=\"form-input\">\n\t\t\t\t\t\t<select name=\"tis_dif\" class=\"update_search\" id=\"tis_dif\" data-dif=\"\">\n\t\t\t\t\t\t\t<option value=\"\">Niveau<\/option>\t\t\t\t\t\t\n\t\t\t\t\t\t\t\t\t\t\t\t\t\t\t<option value=\"Difficile\" >Difficile<\/option>\n\t\t\t\t\t\t\t\t\t\t\t\t\t\t\t<option value=\"Facile\" >Facile<\/option>\n\t\t\t\t\t\t\t\t\t\t\t\t\t\t\t<option value=\"Moyenne\" >Moyenne<\/option>\n\t\t\t\t\t\t\t\t\t\t\t\t\t\t\t<option value=\"Tr\u00e8s difficile\" >Tr\u00e8s difficile<\/option>\n\t\t\t\t\t\t\t\t\t\t\t\t\t\t\t<option value=\"Tr\u00e8s facile\" >Tr\u00e8s facile<\/option>\n\t\t\t\t\t\t\t\t\t\t\t\t\t<\/select>\n\t\t\t\t\t<\/div>\n\t\t\t\t\t\t\t\t\n\t\t\t\t\t\t\t\t\t<div class=\"form-input\">\n\t\t\t\t\t\t<select name=\"tis_tps\" class=\"update_search\" id=\"tis_tps\" data-tps=\"\">\n\t\t\t\t\t\t\t<option value=\"\">Dur\u00e9e<\/option>\t\t\t\t\t\t\n\t\t\t\t\t\t\t\t\t\t\t\t\t\t\t<option value=\"0-3\" >0-3h<\/option>\n\t\t\t\t\t\t\t\t\t\t\t\t\t\t\t<option value=\"3-5\" >3h-5h<\/option>\n\t\t\t\t\t\t\t\t\t\t\t\t\t\t\t<option value=\"5-7\" >5h-7h<\/option>\n\t\t\t\t\t\t\t\t\t\t\t\t\t\t\t<option value=\"7-999\" >+ de 7h<\/option>\n\t\t\t\t\t\t\t\t\t\t\t\t\t<\/select>\n\t\t\t\t\t<\/div>\t\t\n\t\t\t\t\t\n\t\t\t\t\n\t\t\t\t\t\t\n\t\t\t\n\t\t\t\t\t\t\t\t\t\t\t\t\t\t<input type=\"hidden\" name=\"commune\" value=\"\" id=\"city_name\" \/>\n\t\t\t\t\t\t\t\t\t\t\n\t\t\t\t\t<!-- City -- begin -->\n\t\t\t\t\t<div class=\"form-input autocomplete sc6-position-relative select-auto js-select-auto js-autocomplete\" data-autocomplete-dropdown-visible-class=\"autocomplete--results-visible\">\n\t\t\t\t\t\t<input type=\"hidden\" class=\"user_geoloc\" \/>\n\t\t\t\t\t\t<!-- select -->\n\t\t\t\t\t\t<select id=\"tis_city\" class=\"js-select-auto__select hide\" data-current_city=\"\" data-default_page=\"0\">\n\t\t\t\t\t\t\t<optgroup label=\"Ciudad\">\n\t\t\t\t\t\t\t\t<option value=\"\">Ciudad<\/option>\n\t\t\t\t\t\t\t\t<option value=\"aast\">AAST<\/option><option value=\"abere\">ABERE<\/option><option value=\"andoins\">ANDOINS<\/option><option value=\"anos\">ANOS<\/option><option value=\"anoye\">ANOYE<\/option><option value=\"argelos\">ARGELOS<\/option><option value=\"arget\">ARGET<\/option><option value=\"arricau-bordes\">ARRICAU-BORDES<\/option><option value=\"arrien\">ARRIEN<\/option><option value=\"arroses\">ARROSES<\/option><option value=\"arzacq-arraziguet\">ARZACQ-ARRAZIGUET<\/option><option value=\"astis\">ASTIS<\/option><option value=\"aubin\">AUBIN<\/option><option value=\"aubous\">AUBOUS<\/option><option value=\"auga\">AUGA<\/option><option value=\"auriac\">AURIAC<\/option><option value=\"aurions-idernes\">AURIONS-IDERNES<\/option><option value=\"aydie\">AYDIE<\/option><option value=\"baleix\">BALEIX<\/option><option value=\"baliracq-maumusson\">BALIRACQ-MAUMUSSON<\/option><option value=\"barinque\">BARINQUE<\/option><option value=\"barzun\">BARZUN<\/option><option value=\"bassillon-vauze\">BASSILLON-VAUZE<\/option><option value=\"bedeille\">BEDEILLE<\/option><option value=\"bernadets\">BERNADETS<\/option><option value=\"betracq\">BETRACQ<\/option><option value=\"boueilh-boueilho-lasque\">BOUEILH-BOUEILHO-LASQUE<\/option><option value=\"bouillon\">BOUILLON<\/option><option value=\"bournos\">BOURNOS<\/option><option value=\"buros\">BUROS<\/option><option value=\"burosse-mendousse\">BUROSSE-MENDOUSSE<\/option><option value=\"cabidos\">CABIDOS<\/option><option value=\"cadillon\">CADILLON<\/option><option value=\"carrere\">CARRERE<\/option><option value=\"castetpugon\">CASTETPUGON<\/option><option value=\"castillon-de-lembeye\">CASTILLON-DE-LEMBEYE<\/option><option value=\"caubios-loos\">CAUBIOS-LOOS<\/option><option value=\"claracq\">CLARACQ<\/option><option value=\"conchez-de-bearn\">CONCHEZ-DE-BEARN<\/option><option value=\"corbere-aberes\">CORBERE-ABERES<\/option><option value=\"cosledaa-lube-boast\">COSLEDAA-LUBE-BOAST<\/option><option value=\"coublucq\">COUBLUCQ<\/option><option value=\"crouseilles\">CROUSEILLES<\/option><option value=\"diusse\">DIUSSE<\/option><option value=\"doumy\">DOUMY<\/option><option value=\"escoubes\">ESCOUBES<\/option><option value=\"escures\">ESCURES<\/option><option value=\"eslourenties-daban\">ESLOURENTIES-DABAN<\/option><option value=\"espechede\">ESPECHEDE<\/option><option value=\"espoey\">ESPOEY<\/option><option value=\"fichous-riumayon\">FICHOUS-RIUMAYOU<\/option><option value=\"gabaston\">GABASTON<\/option><option value=\"garlede-mondebat\">GARLEDE-MONDEBAT<\/option><option value=\"garlin\">GARLIN<\/option><option value=\"garos\">GAROS<\/option><option value=\"gayon\">GAYON<\/option><option value=\"ger\">GER<\/option><option value=\"gerderest\">GERDEREST<\/option><option value=\"geus-d-arzacq\">GEUS-D&#039;ARZACQ<\/option><option value=\"gomer\">GOMER<\/option><option value=\"higueres-souye\">HIGUERES-SOUYE<\/option><option value=\"hours\">HOURS<\/option><option value=\"lalongue\">LALONGUE<\/option><option value=\"lalonquette\">LALONQUETTE<\/option><option value=\"lannecaube\">LANNECAUBE<\/option><option value=\"larreule\">LARREULE<\/option><option value=\"lascazeres\">LASCAZERES<\/option><option value=\"lasclaveries\">LASCLAVERIES<\/option><option value=\"lasserre\">LASSERRE<\/option><option value=\"lembeye\">LEMBEYE<\/option><option value=\"leme\">LEME<\/option><option value=\"lespielle\">LESPIELLE<\/option><option value=\"lespourcy\">LESPOURCY<\/option><option value=\"limendous\">LIMENDOUS<\/option><option value=\"livron\">LIVRON<\/option><option value=\"lombia\">LOMBIA<\/option><option value=\"loncon\">LONCON<\/option><option value=\"lourenties\">LOURENTIES<\/option><option value=\"louvigny\">LOUVIGNY<\/option><option value=\"luc-armau\">LUC-ARMAU<\/option><option value=\"lucarre\">LUCARRE<\/option><option value=\"lucgarier\">LUCGARIER<\/option><option value=\"lussagnet-lusson\">LUSSAGNET-LUSSON<\/option><option value=\"malaussanne\">MALAUSSANNE<\/option><option value=\"mascaraas-haron\">MASCARAAS-HARON<\/option><option value=\"maspie-lalouquere-juillacq\">MASPIE-LALONQUERE-JUILLACQ<\/option><option value=\"maucor\">MAUCOR<\/option><option value=\"mazerolles\">MAZEROLLES<\/option><option value=\"meracq\">MERACQ<\/option><option value=\"mialos\">MIALOS<\/option><option value=\"miossens-lanusse\">MIOSSENS-LANUSSE<\/option><option value=\"momas\">MOMAS<\/option><option value=\"momy\">MOMY<\/option><option value=\"monassut-audiracq\">MONASSUT-AUDIRACQ<\/option><option value=\"moncaup\">MONCAUP<\/option><option value=\"moncla\">MONCLA<\/option><option value=\"monpezat\">MONPEZAT<\/option><option value=\"mont-disse\">MONT-DISSE<\/option><option value=\"montagut\">MONTAGUT<\/option><option value=\"montardon\">MONTARDON<\/option><option value=\"morlaas\">MORLAAS<\/option><option value=\"morlanne\">MORLANNE<\/option><option value=\"mouhous\">MOUHOUS<\/option><option value=\"navailles-angos\">NAVAILLES-ANGOS<\/option><option value=\"nousty\">NOUSTY<\/option><option value=\"ouillon\">OUILLON<\/option><option value=\"peyrelongue-abos\">PEYRELONGUE-ABOS<\/option><option value=\"piets-plasence-moustrou\">PIETS-PLASENCE-MOUSTROU<\/option><option value=\"pomps\">POMPS<\/option><option value=\"ponson-dessus\">PONSON-DESSUS<\/option><option value=\"pontacq\">PONTACQ<\/option><option value=\"portet\">PORTET<\/option><option value=\"pouliacq\">POULIACQ<\/option><option value=\"poursiugues-boucoue\">POURSIUGUES-BOUCOUE<\/option><option value=\"ribarrouy\">RIBARROUY<\/option><option value=\"riupeyrous\">RIUPEYROUS<\/option><option value=\"saint-armou\">SAINT-ARMOU<\/option><option value=\"saint-castin\">SAINT-CASTIN<\/option><option value=\"saint-jammes\">SAINT-JAMMES<\/option><option value=\"saint-jean-poudge\">SAINT-JEAN-POUDGE<\/option><option value=\"saint-laurent-bretagne\">SAINT-LAURENT-BRETAGNE<\/option><option value=\"samsons-lion\">SAMSONS-LION<\/option><option value=\"saubole\">SAUBOLE<\/option><option value=\"sauvagnon\">SAUVAGNON<\/option><option value=\"seby\">SEBY<\/option><option value=\"sedze-maubecq\">SEDZE-MAUBECQ<\/option><option value=\"sedzere\">SEDZERE<\/option><option value=\"semeacq-blachon\">SEMEACQ-BLACHON<\/option><option value=\"serres-castet\">SERRES-CASTET<\/option><option value=\"serres-morlaas\">SERRES-MORLAAS<\/option><option value=\"sevignacq\">SEVIGNACQ<\/option><option value=\"simacourbe\">SIMACOURBE<\/option><option value=\"soumoulou\">SOUMOULOU<\/option><option value=\"tadousse-ussau\">TADOUSSE-USSAU<\/option><option value=\"taron-sadirac-viellenave\">TARON-SADIRAC-VIELLENAVE<\/option><option value=\"theze\">THEZE<\/option><option value=\"urost\">UROST<\/option><option value=\"uzan\">UZAN<\/option><option value=\"vialer\">VIALER<\/option><option value=\"vignes\">VIGNES<\/option><option value=\"viven\">VIVEN<\/option>\t\t\t\t\t\t\t<\/optgroup>\n\t\t\t\t\t\t\t\t\t\t\t\t\t<\/select>\n\n\t\t\t\t\t  <!-- input -->\n\t\t\t\t\t  <div class=\"select-auto__input-wrapper\">\n\t\t\t\t\t\t<input class=\"sc6-form-control js-autocomplete__input js-select-auto__input\" type=\"text\" id=\"autocomplete-input-id\" placeholder=\"Destino\" autocomplete=\"off\">\n\n\t\t\t\t\t\t<div class=\"select-auto__input-icon-wrapper\">\n\t\t\t\t\t\t  <!-- arrow sc6-icon -->\n\t\t\t\t\t\t  <svg class=\"sc6-icon\" viewBox=\"0 0 16 16\">\n\t\t\t\t\t\t\t<title>Open selection<\/title>\n\t\t\t\t\t\t\t<polyline points=\"1 5 8 12 15 5\" fill=\"none\" stroke=\"currentColor\" stroke-linecap=\"round\" stroke-linejoin=\"round\" stroke-width=\"2\" \/>\n\t\t\t\t\t\t  <\/svg>\n\n\t\t\t\t\t\t  <!-- close X sc6-icon -->\n\t\t\t\t\t\t  <button class=\"select-auto__input-btn js-select-auto__input-btn js-tab-focus\">\n\t\t\t\t\t\t\t<svg class=\"sc6-icon\" viewBox=\"0 0 16 16\">\n\t\t\t\t\t\t\t  <title>Reset selection<\/title>\n\t\t\t\t\t\t\t  <path d=\"M8,0a8,8,0,1,0,8,8A8,8,0,0,0,8,0Zm3.707,10.293a1,1,0,1,1-1.414,1.414L8,9.414,5.707,11.707a1,1,0,0,1-1.414-1.414L6.586,8,4.293,5.707A1,1,0,0,1,5.707,4.293L8,6.586l2.293-2.293a1,1,0,1,1,1.414,1.414L9.414,8Z\" \/>\n\t\t\t\t\t\t\t<\/svg>\n\t\t\t\t\t\t  <\/button>\n\t\t\t\t\t\t<\/div>\n\t\t\t\t\t  <\/div>\n\n\t\t\t\t\t  <!-- dropdown -->\n\t\t\t\t\t  <div class=\"autocomplete__results select-auto__results js-autocomplete__results\">\n\t\t\t\t\t\t<ul id=\"autocomplete1\" class=\"autocomplete__list js-autocomplete__list\">\n\t\t\t\t\t\t  <li class=\"select-auto__group-title sc6-padding-y-xs sc6-padding-x-sm sc6-color-contrast-medium autocomplete__item--is-hidden js-autocomplete__result\" data-autocomplete-template=\"optgroup\" role=\"presentation\">\n\t\t\t\t\t\t\t<span class=\"sc6-text-truncate\" data-autocomplete-label><\/span>\n\t\t\t\t\t\t  <\/li>\n\n\t\t\t\t\t\t  <li class=\"select-auto__option sc6-padding-y-xs sc6-padding-x-sm autocomplete__item--is-hidden js-autocomplete__result\" data-autocomplete-template=\"option\">\n\t\t\t\t\t\t\t<span class=\"sc6-hide\" data-autocomplete-value><\/span>\n\t\t\t\t\t\t\t<div class=\"sc6-text-truncate\" data-autocomplete-label><\/div>\n\t\t\t\t\t\t  <\/li>\n\n\t\t\t\t\t\t  <li class=\"select-auto__no-results-msg sc6-padding-y-xs sc6-padding-x-sm sc6-text-truncate autocomplete__item--is-hidden js-autocomplete__result\" data-autocomplete-template=\"no-results\" role=\"presentation\"><\/li>\n\t\t\t\t\t\t<\/ul>\n\t\t\t\t\t  <\/div>\n\t\t\t\t\t<\/div>\n\t\t\t\t\t\n\t\t\t\t\t<span class=\"userGeo\" data-form=\"list-searchform\"><\/span>\n\t\t\t\t\t\n\t\t\t\t\t<!-- City -- end -->\n\t\t\t\t\t\n\t\t\t\t\t\n\t\t\t\t\t\t\t\t\t\t\n\t\t\t\n\t\t\t\n\t\t\t<input type=\"hidden\" id=\"tis_date_from\" name=\"date_from\" value=\"\" \/>\n\t\t\t<input type=\"hidden\" id=\"tis_date_to\" name=\"date_to\" value=\"\" \/>\n\t\t\t\n\t\t\t\t\n\t\t\t\n\t\t\t\n\t\t\t\t\t\n\t\t\t\n\t\t\t\n\t\t\t<button role=\"button\" aria-pressed=\"false\" type=\"sumbit\" class=\"wp-block-button__link\" id=\"validate_form\">Buscar en<\/button>\n\t\t\t<!--<a href=\"#\" id=\"display-filters\" onclick=\"gtag('event','clic_filtre_listing',{'event_category':'Prospect','event_label':''});\">Filtros<\/a>-->\n\t\t\t\n\t\t\t\t\t\t\t<a href=\"#\" id=\"display-map\">Ver en el mapa<\/a>\n\t\t\t\t\t\t\n\t\t<\/div>\n\t\t\n\t\t<div id=\"form-filters\">\n\t\t\t<div id=\"form-filters-overlay\"><\/div>\n\t\t\t<div id=\"hidden-form-filters\">\n\t\t\t\t<div class=\"form-filters-content has-text-align-left\">\n\t\t\t\t\t<span class=\"dashicons dashicons-no-alt\" id=\"close-form-filters\"><\/span>\n\t\t\t\t\t<div class=\"h3 aligncenter\">Filtros<\/div>\n\t\t\t\t\t<hr \/>\n\t\t\t\t\t\n\t\t\t\t\t<!--<div class=\"h4\">Buscar por nombre<\/div>\n\t\t\t\t\t<div class=\"form-group\">\n\t\t\t\t\t\t<div class=\"form-input\">\n\t\t\t\t\t\t\t<input type=\"text\" name=\"tis_title\" value=\"\" placeholder=\"Nom de l'\u00e9tablissement\" \/>\n\t\t\t\t\t\t<\/div>\n\t\t\t\t\t\t<div class=\"form-input\">\n\t\t\t\t\t\t\t<button class=\"btn update_search\">Buscar en<\/button>\n\t\t\t\t\t\t<\/div>\n\t\t\t\t\t<\/div>-->\n\t\t\t\t\t\n\t\t\t\t\t\t\t\t\t\t\n\t\t\t\t\t\n\t\t\t\t\t\t\t\t\t\t\n\t\t\t\t\t\t\t\t\t\t\n\t\t\t\t\t\t\t\t\t\t\t\t\t<div class=\"h4\">Labels<\/div>\n\t\t\t\t\t\t\t<div class=\"form-group\">\n\t\t\t\t\t\t\t\t\t\t\t\t\t\t\t\t\t\t\t\t\t\t\t\t\t<div class=\"form-input \">\n\t\t\t\t\t\t\t\t\t\t<label class=\"checkbox-container\">\n\t\t\t\t\t\t\t\t\t\t\tBalade \u00e0 roulettes (BR\u00ae)\t\t\t\t\t\t\t\t\t\t\t<input type=\"checkbox\" class=\"update_search\" name=\"tis_label[]\" value=\"Balade \u00e0 roulettes (BR\u00ae)\"  \/> \n\t\t\t\t\t\t\t\t\t\t\t<span class=\"checkmark\"><\/span>\n\t\t\t\t\t\t\t\t\t\t<\/label>\n\t\t\t\t\t\t\t\t\t<\/div>\n\t\t\t\t\t\t\t\t\t\t\t\t\t\t\t\t\t\t\t\t\t\t\t\t\t\t\t\t\t\t\t\t\t\t\t<div class=\"form-input \">\n\t\t\t\t\t\t\t\t\t\t<label class=\"checkbox-container\">\n\t\t\t\t\t\t\t\t\t\t\tGR\u00ae homologu\u00e9 FFRandonn\u00e9e\t\t\t\t\t\t\t\t\t\t\t<input type=\"checkbox\" class=\"update_search\" name=\"tis_label[]\" value=\"GR\u00ae homologu\u00e9 FFRandonn\u00e9e\"  \/> \n\t\t\t\t\t\t\t\t\t\t\t<span class=\"checkmark\"><\/span>\n\t\t\t\t\t\t\t\t\t\t<\/label>\n\t\t\t\t\t\t\t\t\t<\/div>\n\t\t\t\t\t\t\t\t\t\t\t\t\t\t\t\t\t\t\t\t\t\t\t\t\t\t\t\t\t\t\t\t\t\t\t<div class=\"form-input \">\n\t\t\t\t\t\t\t\t\t\t<label class=\"checkbox-container\">\n\t\t\t\t\t\t\t\t\t\t\tFFCT\t\t\t\t\t\t\t\t\t\t\t<input type=\"checkbox\" class=\"update_search\" name=\"tis_label[]\" value=\"FFCT\"  \/> \n\t\t\t\t\t\t\t\t\t\t\t<span class=\"checkmark\"><\/span>\n\t\t\t\t\t\t\t\t\t\t<\/label>\n\t\t\t\t\t\t\t\t\t<\/div>\n\t\t\t\t\t\t\t\t\t\t\t\t\t\t\t\t\t\t\t\t\t\t\t\t\t\t\t\t\t\t\t\t\t\t\t<div class=\"form-input \">\n\t\t\t\t\t\t\t\t\t\t<label class=\"checkbox-container\">\n\t\t\t\t\t\t\t\t\t\t\tPR labellis\u00e9 FFRandonn\u00e9e\t\t\t\t\t\t\t\t\t\t\t<input type=\"checkbox\" class=\"update_search\" name=\"tis_label[]\" value=\"PR labellis\u00e9 FFRandonn\u00e9e\"  \/> \n\t\t\t\t\t\t\t\t\t\t\t<span class=\"checkmark\"><\/span>\n\t\t\t\t\t\t\t\t\t\t<\/label>\n\t\t\t\t\t\t\t\t\t<\/div>\n\t\t\t\t\t\t\t\t\t\t\t\t\t\t\t\t\t\t\t\t\t\t\t\t\t\t<span class=\"display-more\">Mostrar m\u00e1s<\/span>\n\t\t\t\t\t\t\t<\/div>\n\t\t\t\t\t\t\t\n\n\t\t\t\t\t\t<div class=\"h4\">Servicios<\/div>\n\t\t\t\t\t\t<div class=\"form-group\" id=\"services\">\n\t\t\t\t\t\t\t\t\t\t\t\t\t\t<div class=\"form-input\" id=\"checkbox-animaux\">\n\t\t\t\t\t\t\t\t<label class=\"checkbox-container\" for=\"tis_animaux\">\n\t\t\t\t\t\t\t\t\tSe admiten mascotas\t\t\t\t\t\t\t\t\t<input type=\"checkbox\" class=\"update_search\" name=\"tis_animaux\" id=\"tis_animaux\" value=\"1\"  \/>\n\t\t\t\t\t\t\t\t\t<span class=\"checkmark\"><\/span>\n\t\t\t\t\t\t\t\t<\/label>\n\t\t\t\t\t\t\t<\/div>\n\t\t\t\t\t\t\t\t\t\t\t\t\t\t<div class=\"form-input\" id=\"checkbox-handi\">\n\t\t\t\t\t\t\t\t<label class=\"checkbox-container\" for=\"tis_acceshandi\">\n\t\t\t\t\t\t\t\t\tAccesible en silla de ruedas\t\t\t\t\t\t\t\t\t<input type=\"checkbox\" class=\"update_search\" name=\"tis_acceshandi\" id=\"tis_acceshandi\"  value=\"1\" \/> \n\t\t\t\t\t\t\t\t\t<span class=\"checkmark\"><\/span>\n\t\t\t\t\t\t\t\t<\/label>\n\t\t\t\t\t\t\t<\/div>\n\t\t\t\t\t\t\t\t\t\t\t\t\t\t\t\t\t\t\t\t\t\n\t\t\t\t\t\t\t\t\t\t\t\t\t\t\t\t\t\t\t\t\t\n\t\t\t\t\t\t\t\t\t\t\t\t\t<\/div>\n\t\t\t\t\t\t\n\t\t\t\t\t\t\t\n\t\t\t\t\t\t\n\t\t\t\t\t\t\t\t\t\t\t\t\t\t\t\t\t\t\t\t\t<div class=\"h4\">Distancia<\/div>\n\t\t\t\t\t\t\t\t<div class=\"form-group\">\n\t\t\t\t\t\t\t\t\t<div class=\"form-input\">\n\t\t\t\t\t\t\t\t\t\t<select name=\"tis_itidistance\" class=\"update_search\" id=\"tis_itidistance\">\n\t\t\t\t\t\t\t\t\t\t\t<option value=\"\">Distancia<\/option>\t\t\t\t\t\t\n\t\t\t\t\t\t\t\t\t\t\t\t\t\t\t\t\t\t\t\t\t\t\t<option value=\"0-10\" >0-10km<\/option>\n\t\t\t\t\t\t\t\t\t\t\t\t\t\t\t\t\t\t\t\t\t\t\t<option value=\"10-20\" >10-20km<\/option>\n\t\t\t\t\t\t\t\t\t\t\t\t\t\t\t\t\t\t\t\t\t\t\t<option value=\"20-30\" >20-30km<\/option>\n\t\t\t\t\t\t\t\t\t\t\t\t\t\t\t\t\t\t\t\t\t\t\t<option value=\"30-999\" >+ de 30km<\/option>\n\t\t\t\t\t\t\t\t\t\t\t\t\t\t\t\t\t\t\t\t\t<\/select>\n\t\t\t\t\t\t\t\t\t<\/div>\t\t\n\t\t\t\t\t\t\t\t<\/div>\t\t\n\t\t\t\t\t\t\t\t\n\t\t\t\t\t\t\t\n\t\t\t\t\t\t\t\t\t\t\t\t\t\t\t<div class=\"h4\">Tema<\/div>\n\t\t\t\t\t\t\t\t<div class=\"form-group\">\n\t\t\t\t\t\t\t\t\t\t\t\t\t\t\t\t\t\t\t\t\t\t\t\t\t\t<div class=\"form-input \">\n\t\t\t\t\t\t\t\t\t\t<label class=\"checkbox-container\">\n\t\t\t\t\t\t\t\t\t\t\tNature (faune, flore)\t\t\t\t\t\t\t\t\t\t\t<input type=\"checkbox\" class=\"update_search\" name=\"tis_theme[]\" value=\"Nature (faune, flore)\"  \/> \n\t\t\t\t\t\t\t\t\t\t\t<span class=\"checkmark\"><\/span>\n\t\t\t\t\t\t\t\t\t\t<\/label>\n\t\t\t\t\t\t\t\t\t<\/div>\n\t\t\t\t\t\t\t\t\t\t\t\t\t\t\t\t\t\t\t\t\t\t\t\t\t\t\t\t\t\t\t\t\t\t\t<div class=\"form-input \">\n\t\t\t\t\t\t\t\t\t\t<label class=\"checkbox-container\">\n\t\t\t\t\t\t\t\t\t\t\tCulturel\t\t\t\t\t\t\t\t\t\t\t<input type=\"checkbox\" class=\"update_search\" name=\"tis_theme[]\" value=\"Culturel\"  \/> \n\t\t\t\t\t\t\t\t\t\t\t<span class=\"checkmark\"><\/span>\n\t\t\t\t\t\t\t\t\t\t<\/label>\n\t\t\t\t\t\t\t\t\t<\/div>\n\t\t\t\t\t\t\t\t\t\t\t\t\t\t\t\t\t\t\t\t\t\t\t\t\t\t\t\t\t\t\t\t\t\t\t<div class=\"form-input \">\n\t\t\t\t\t\t\t\t\t\t<label class=\"checkbox-container\">\n\t\t\t\t\t\t\t\t\t\t\tCompostelle\t\t\t\t\t\t\t\t\t\t\t<input type=\"checkbox\" class=\"update_search\" name=\"tis_theme[]\" value=\"Compostelle\"  \/> \n\t\t\t\t\t\t\t\t\t\t\t<span class=\"checkmark\"><\/span>\n\t\t\t\t\t\t\t\t\t\t<\/label>\n\t\t\t\t\t\t\t\t\t<\/div>\n\t\t\t\t\t\t\t\t\t\t\t\t\t\t\t\t\t\t\t\t\t\t\t\t\t\t\t\t\t\t\t\t\t\t\t<div class=\"form-input \">\n\t\t\t\t\t\t\t\t\t\t<label class=\"checkbox-container\">\n\t\t\t\t\t\t\t\t\t\t\tOenologique\t\t\t\t\t\t\t\t\t\t\t<input type=\"checkbox\" class=\"update_search\" name=\"tis_theme[]\" value=\"Oenologique\"  \/> \n\t\t\t\t\t\t\t\t\t\t\t<span class=\"checkmark\"><\/span>\n\t\t\t\t\t\t\t\t\t\t<\/label>\n\t\t\t\t\t\t\t\t\t<\/div>\n\t\t\t\t\t\t\t\t\t\t\t\t\t\t\t\t\t\t\t\t\t\t\t\t\t\t\t\t\t\t\t\t\t\t\t<div class=\"form-input \">\n\t\t\t\t\t\t\t\t\t\t<label class=\"checkbox-container\">\n\t\t\t\t\t\t\t\t\t\t\tHistorique\t\t\t\t\t\t\t\t\t\t\t<input type=\"checkbox\" class=\"update_search\" name=\"tis_theme[]\" value=\"Historique\"  \/> \n\t\t\t\t\t\t\t\t\t\t\t<span class=\"checkmark\"><\/span>\n\t\t\t\t\t\t\t\t\t\t<\/label>\n\t\t\t\t\t\t\t\t\t<\/div>\n\t\t\t\t\t\t\t\t\t\t\t\t\t\t\t\t\t\t\t\t\t\t\t\t\t\t\t\t\t\t\t\t\t\t\t<div class=\"form-input \">\n\t\t\t\t\t\t\t\t\t\t<label class=\"checkbox-container\">\n\t\t\t\t\t\t\t\t\t\t\tInsolite\t\t\t\t\t\t\t\t\t\t\t<input type=\"checkbox\" class=\"update_search\" name=\"tis_theme[]\" value=\"Insolite\"  \/> \n\t\t\t\t\t\t\t\t\t\t\t<span class=\"checkmark\"><\/span>\n\t\t\t\t\t\t\t\t\t\t<\/label>\n\t\t\t\t\t\t\t\t\t<\/div>\n\t\t\t\t\t\t\t\t\t\t\t\t\t\t\t\t\t\t\t\t\t\t\t\t\t\t\t\t\t\t\t\t\t\t\t<div class=\"form-input \">\n\t\t\t\t\t\t\t\t\t\t<label class=\"checkbox-container\">\n\t\t\t\t\t\t\t\t\t\t\tReligieux\t\t\t\t\t\t\t\t\t\t\t<input type=\"checkbox\" class=\"update_search\" name=\"tis_theme[]\" value=\"Religieux\"  \/> \n\t\t\t\t\t\t\t\t\t\t\t<span class=\"checkmark\"><\/span>\n\t\t\t\t\t\t\t\t\t\t<\/label>\n\t\t\t\t\t\t\t\t\t<\/div>\n\t\t\t\t\t\t\t\t\t\t\t\t\t\t\t\t\t\t\t\t\t\t\t\t\t\t\t\t\t\t\t\t\t\t\t<div class=\"form-input \">\n\t\t\t\t\t\t\t\t\t\t<label class=\"checkbox-container\">\n\t\t\t\t\t\t\t\t\t\t\tGastronomique\t\t\t\t\t\t\t\t\t\t\t<input type=\"checkbox\" class=\"update_search\" name=\"tis_theme[]\" value=\"Gastronomique\"  \/> \n\t\t\t\t\t\t\t\t\t\t\t<span class=\"checkmark\"><\/span>\n\t\t\t\t\t\t\t\t\t\t<\/label>\n\t\t\t\t\t\t\t\t\t<\/div>\n\t\t\t\t\t\t\t\t\t\t\t\t\t\t\t\t\t\t\t\t\t\t\t\t\t\t<span class=\"display-more\">Mostrar m\u00e1s<\/span>\n\t\t\t\t\t\t\t\t<\/div>\n\t\t\t\t\t\t\t\t\n\t\t\t\t\t\t\t\n\t\t\t\t\t\t\t\t\t\t\t\t\t\t\t<div class=\"h4\">Tipolog\u00eda de rutas<\/div>\n\t\t\t\t\t\t\t\t<div class=\"form-group\">\n\t\t\t\t\t\t\t\t\t\t\t\t\t\t\t\t\t\t\t\t\t\t\t\t\t\t<div class=\"form-input \">\n\t\t\t\t\t\t\t\t\t\t<label class=\"checkbox-container\">\n\t\t\t\t\t\t\t\t\t\t\tBoucle\t\t\t\t\t\t\t\t\t\t\t<input type=\"checkbox\" class=\"update_search\" name=\"tis_typoiti[]\" value=\"Boucle\"  \/>\n\t\t\t\t\t\t\t\t\t\t\t<span class=\"checkmark\"><\/span>\n\t\t\t\t\t\t\t\t\t\t<\/label>\n\t\t\t\t\t\t\t\t\t<\/div>\n\t\t\t\t\t\t\t\t\t\t\t\t\t\t\t\t\t\t\t\t\t\t\t\t\t\t\t\t\t\t\t\t\t\t\t<div class=\"form-input \">\n\t\t\t\t\t\t\t\t\t\t<label class=\"checkbox-container\">\n\t\t\t\t\t\t\t\t\t\t\tAller (itin\u00e9raire lin\u00e9aire)\t\t\t\t\t\t\t\t\t\t\t<input type=\"checkbox\" class=\"update_search\" name=\"tis_typoiti[]\" value=\"Aller (itin\u00e9raire lin\u00e9aire)\"  \/>\n\t\t\t\t\t\t\t\t\t\t\t<span class=\"checkmark\"><\/span>\n\t\t\t\t\t\t\t\t\t\t<\/label>\n\t\t\t\t\t\t\t\t\t<\/div>\n\t\t\t\t\t\t\t\t\t\t\t\t\t\t\t\t\t\t\t\t\t\t\t\t\t\t\t\t\t\t\t\t\t\t\t<div class=\"form-input \">\n\t\t\t\t\t\t\t\t\t\t<label class=\"checkbox-container\">\n\t\t\t\t\t\t\t\t\t\t\tItin\u00e9raire empruntant un GR\u00ae\t\t\t\t\t\t\t\t\t\t\t<input type=\"checkbox\" class=\"update_search\" name=\"tis_typoiti[]\" value=\"Itin\u00e9raire empruntant un GR\u00ae\"  \/>\n\t\t\t\t\t\t\t\t\t\t\t<span class=\"checkmark\"><\/span>\n\t\t\t\t\t\t\t\t\t\t<\/label>\n\t\t\t\t\t\t\t\t\t<\/div>\n\t\t\t\t\t\t\t\t\t\t\t\t\t\t\t\t\t\t\t\t\t\t\t\t\t\t\t\t\t\t\t\t\t\t\t<div class=\"form-input \">\n\t\t\t\t\t\t\t\t\t\t<label class=\"checkbox-container\">\n\t\t\t\t\t\t\t\t\t\t\tItin\u00e9raire empruntant une V\u00e9loroute\t\t\t\t\t\t\t\t\t\t\t<input type=\"checkbox\" class=\"update_search\" name=\"tis_typoiti[]\" value=\"Itin\u00e9raire empruntant une V\u00e9loroute\"  \/>\n\t\t\t\t\t\t\t\t\t\t\t<span class=\"checkmark\"><\/span>\n\t\t\t\t\t\t\t\t\t\t<\/label>\n\t\t\t\t\t\t\t\t\t<\/div>\n\t\t\t\t\t\t\t\t\t\t\t\t\t\t\t\t\t\t\t\t\t\t\t\t\t\t\t\t\t\t\t\t\t\t\t<div class=\"form-input \">\n\t\t\t\t\t\t\t\t\t\t<label class=\"checkbox-container\">\n\t\t\t\t\t\t\t\t\t\t\tSentier d&#8217;interpr\u00e9tation\t\t\t\t\t\t\t\t\t\t\t<input type=\"checkbox\" class=\"update_search\" name=\"tis_typoiti[]\" value=\"Sentier d'interpr\u00e9tation\"  \/>\n\t\t\t\t\t\t\t\t\t\t\t<span class=\"checkmark\"><\/span>\n\t\t\t\t\t\t\t\t\t\t<\/label>\n\t\t\t\t\t\t\t\t\t<\/div>\n\t\t\t\t\t\t\t\t\t\t\t\t\t\t\t\t\t\t\t\t\t\t\t\t\t\t\t\t\t\t\t\t\t\t\t<div class=\"form-input \">\n\t\t\t\t\t\t\t\t\t\t<label class=\"checkbox-container\">\n\t\t\t\t\t\t\t\t\t\t\tAller-retour\t\t\t\t\t\t\t\t\t\t\t<input type=\"checkbox\" class=\"update_search\" name=\"tis_typoiti[]\" value=\"Aller-retour\"  \/>\n\t\t\t\t\t\t\t\t\t\t\t<span class=\"checkmark\"><\/span>\n\t\t\t\t\t\t\t\t\t\t<\/label>\n\t\t\t\t\t\t\t\t\t<\/div>\n\t\t\t\t\t\t\t\t\t\t\t\t\t\t\t\t\t\t\t\t\t\t\t\t\t\t\t\t\t\t\t\t\t\t\t<div class=\"form-input \">\n\t\t\t\t\t\t\t\t\t\t<label class=\"checkbox-container\">\n\t\t\t\t\t\t\t\t\t\t\tItin\u00e9raire empruntant une Route \u00e9questre\t\t\t\t\t\t\t\t\t\t\t<input type=\"checkbox\" class=\"update_search\" name=\"tis_typoiti[]\" value=\"Itin\u00e9raire empruntant une Route \u00e9questre\"  \/>\n\t\t\t\t\t\t\t\t\t\t\t<span class=\"checkmark\"><\/span>\n\t\t\t\t\t\t\t\t\t\t<\/label>\n\t\t\t\t\t\t\t\t\t<\/div>\n\t\t\t\t\t\t\t\t\t\t\t\t\t\t\t\t\t\t\t\t\t\t\t\t\t\t<span class=\"display-more\">Mostrar m\u00e1s<\/span>\n\t\t\t\t\t\t\t\t<\/div>\n\t\t\t\t\t\t\t\t\n\t\t\t\t\t\t\t\n\t\t\t\t\t\t\t\t\t\t\t\t\t\t\t<div class=\"h4\">P\u00fablico<\/div>\n\t\t\t\t\t\t\t\t<div class=\"form-group\">\n\t\t\t\t\t\t\t\t\t\t\t\t\t\t\t\t\t\t\t\t\t\t\t\t\t\t<div class=\"form-input \">\n\t\t\t\t\t\t\t\t\t\t<label class=\"checkbox-container\">\n\t\t\t\t\t\t\t\t\t\t\tFamille\t\t\t\t\t\t\t\t\t\t\t<input type=\"checkbox\" class=\"update_search\" name=\"tis_publiciti[]\" value=\"Famille\"  \/>\n\t\t\t\t\t\t\t\t\t\t\t<span class=\"checkmark\"><\/span>\n\t\t\t\t\t\t\t\t\t\t<\/label>\n\t\t\t\t\t\t\t\t\t<\/div>\n\t\t\t\t\t\t\t\t\t\t\t\t\t\t\t\t\t\t\t\t\t\t\t\t\t\t\t\t\t\t\t\t\t\t\t<div class=\"form-input \">\n\t\t\t\t\t\t\t\t\t\t<label class=\"checkbox-container\">\n\t\t\t\t\t\t\t\t\t\t\tPersonnes \u00e0 mobilit\u00e9 r\u00e9duite\t\t\t\t\t\t\t\t\t\t\t<input type=\"checkbox\" class=\"update_search\" name=\"tis_publiciti[]\" value=\"Personnes \u00e0 mobilit\u00e9 r\u00e9duite\"  \/>\n\t\t\t\t\t\t\t\t\t\t\t<span class=\"checkmark\"><\/span>\n\t\t\t\t\t\t\t\t\t\t<\/label>\n\t\t\t\t\t\t\t\t\t<\/div>\n\t\t\t\t\t\t\t\t\t\t\t\t\t\t\t\t\t\t\t\t\t\t\t\t\t\t\t\t\t\t\t\t\t\t\t<div class=\"form-input \">\n\t\t\t\t\t\t\t\t\t\t<label class=\"checkbox-container\">\n\t\t\t\t\t\t\t\t\t\t\tTous publics\t\t\t\t\t\t\t\t\t\t\t<input type=\"checkbox\" class=\"update_search\" name=\"tis_publiciti[]\" value=\"Tous publics\"  \/>\n\t\t\t\t\t\t\t\t\t\t\t<span class=\"checkmark\"><\/span>\n\t\t\t\t\t\t\t\t\t\t<\/label>\n\t\t\t\t\t\t\t\t\t<\/div>\n\t\t\t\t\t\t\t\t\t\t\t\t\t\t\t\t\t\t\t\t\t\t\t\t\t\t\t\t\t\t\t\t\t\t\t<div class=\"form-input \">\n\t\t\t\t\t\t\t\t\t\t<label class=\"checkbox-container\">\n\t\t\t\t\t\t\t\t\t\t\tSportifs\t\t\t\t\t\t\t\t\t\t\t<input type=\"checkbox\" class=\"update_search\" name=\"tis_publiciti[]\" value=\"Sportifs\"  \/>\n\t\t\t\t\t\t\t\t\t\t\t<span class=\"checkmark\"><\/span>\n\t\t\t\t\t\t\t\t\t\t<\/label>\n\t\t\t\t\t\t\t\t\t<\/div>\n\t\t\t\t\t\t\t\t\t\t\t\t\t\t\t\t\t\t\t\t\t\t\t\t\t\t\t\t\t\t\t\t\t\t\t<div class=\"form-input \">\n\t\t\t\t\t\t\t\t\t\t<label class=\"checkbox-container\">\n\t\t\t\t\t\t\t\t\t\t\tFamille avec poussette\t\t\t\t\t\t\t\t\t\t\t<input type=\"checkbox\" class=\"update_search\" name=\"tis_publiciti[]\" value=\"Famille avec poussette\"  \/>\n\t\t\t\t\t\t\t\t\t\t\t<span class=\"checkmark\"><\/span>\n\t\t\t\t\t\t\t\t\t\t<\/label>\n\t\t\t\t\t\t\t\t\t<\/div>\n\t\t\t\t\t\t\t\t\t\t\t\t\t\t\t\t\t\t\t\t\t\t\t\t\t\t<span class=\"display-more\">Mostrar m\u00e1s<\/span>\n\t\t\t\t\t\t\t\t<\/div>\n\t\t\t\t\t\t\t\t\t\t\t\t\t\t\n\t\t\t\t\t\t<!--\t<div class=\"h4\">Tipo<\/div>\n\t\t\t\t\t\t\t<div class=\"form-group\">\n\t\t\t\t\t\t\t\t<div class=\"form-input\">\n\t\t\t\t\t\t\t\t\t<select name=\"tis_type\" class=\"update_search\" id=\"tis_type\" data-type=\"\">\n\t\t\t\t\t\t\t\t\t\t<option value=\"\">Type<\/option>\t\t\t\t\t\t\n\t\t\t\t\t\t\t\t\t\t\t\t\t\t\t\t\t\t\t\t\t<option value=\"Equestre\" >Equestre<\/option>\n\t\t\t\t\t\t\t\t\t\t\t\t\t\t\t\t\t\t\t\t\t<option value=\"Itin\u00e9raire adapt\u00e9\" >Itin\u00e9raire adapt\u00e9<\/option>\n\t\t\t\t\t\t\t\t\t\t\t\t\t\t\t\t\t\t\t\t\t<option value=\"P\u00e9destre\" >P\u00e9destre<\/option>\n\t\t\t\t\t\t\t\t\t\t\t\t\t\t\t\t\t\t\t\t\t<option value=\"VTT\" >VTT<\/option>\n\t\t\t\t\t\t\t\t\t\t\t\t\t\t\t\t\t\t\t\t\t<option value=\"VAE\" >VAE<\/option>\n\t\t\t\t\t\t\t\t\t\t\t\t\t\t\t\t\t\t\t\t\t<option value=\"V\u00e9lo\" >V\u00e9lo<\/option>\n\t\t\t\t\t\t\t\t\t\t\t\t\t\t\t\t\t\t\t<\/select>\n\t\t\t\t\t\t\t\t<\/div>\n\t\t\t\t\t\t\t<\/div>-->\n\t\t\t\t\t\t\t\n\t\t\t\t\t\t\n\t\t\t\t\t\t\t\t\t\t\t\n\t\t\t\t\t\t\t\t\t\t\n\t\t\t\t\t\n\t\t\t\t\n\t\t\t\t\t\t\n\t\t\t\t\t\t\t\t\t\t\n\t\t\t\t\t<div class=\"wp-block-buttons\">\n\t\t\t\t\t\t\t\t\t\t\t\t\t<button role=\"button\" aria-pressed=\"false\" type=\"sumbit\" class=\"wp-block-button__link\">Mostrar resultados<\/button>\n\t\t\t\t\t\t\t\t\t\t\t<\/div>\n\t\t\t\t<\/div>\n\t\t\t<\/div>\n\t\t<\/div>\n\t\t\n\t<\/form>\n<\/div>\t\t\t<\/div>\n\t<\/div>\n\n<div id=\"tourinsoft-list\" class=\"py wp-block-group alignfull has-light-grey-background-color has-background\">\n\t<div class=\"tourinsoft-map-container\">\n\t\t<div id=\"tourinsoft-result-list\">\n\t\t\t\t\t\t<div id=\"tourinsoft-result-header\">\n\t\t\t\t<div id=\"tourinsoft-result-title\">\n\t\t\t\t\t\t\t\t\t\t\t<h3>Itin\u00e9raires<\/h3>\n\t\t\t\t\t\t\t\t\t\t \/ <span id=\"tourinsoft-nb-results\"><span id=\"nb_results\">44<\/span> resultado(s)<\/span>\t\t\t\t<\/div>\n\t\t\t\t\n\t\t\t\t\n\t\t\t\t\t\t\t\t\n\t\t\t\t<!--<a href=\"#\" id=\"display-filters\" onclick=\"gtag('event','clic_filtre_listing',{'event_category':'Prospect','event_label':''});\">-->\n\t\t\t\t\t\t\t\t<div class=\"filters-container\">\n\t\t\t\t\t<a href=\"#\" id=\"display-filters\">\n\t\t\t\t\t\tFiltros\t\t\t\t\t\t<span id=\"nb_filters\">0<\/span>\n\t\t\t\t\t<\/a>\n\t\t\t\t\t\t\t\t\t\t\t<div id=\"filter-title\">\n\t\t\t\t\t\t\t<input type=\"search\" form=\"list-searchform\" name=\"tis_title\" value=\"\" placeholder=\"Denominaci\u00f3n de la oferta\" \/>\n\t\t\t\t\t\t\t<button type=\"submit\" form=\"list-searchform\"><img decoding=\"async\" src=\"https:\/\/www.bearnmadiran-tourisme.fr\/wp-content\/plugins\/tourinsoft-syndication\/assets\/images\/icon-search.svg\" alt=\"Buscar en\" title=\"Buscar en\" \/><\/button>\n\t\t\t\t\t\t<\/div>\n\t\t\t\t\t\t\t\t\t\t\t\n\t\t\t\t\t<div class=\"wp-block-buttons wp-block-buttons-is-layout-flex filters-list\">\n\t\t\t\t\t\t\t\t\t\t<\/div>\n\t\t\t\t<\/div>\t\n\t\t\t\t\t\t\t<\/div>\n\t\t\t\t\t\t<div id=\"tourinsoft-result-container\" data-nb_results=\"6\">\n\t\t\t\n\t\t\t\t\t\t\t\t<div id=\"js-marker-result\" class=\"grid-mode\" >\n\t\t\t\t\t\n\t\t\t\t\t\t\t\t\t<\/div>\n\t\t\t<\/div>\n\t\t<\/div>\n\t\t<div id=\"tourinsoft-map\"  data-marker=\"https:\/\/www.bearnmadiran-tourisme.fr\/wp-content\/plugins\/tourinsoft-syndication\/assets\/images\/map-marker.png\" data-lat=\"43.29510117\" data-lng=\"-0.37079701\" data-zoom=\"10\"><\/div>\n\t<\/div>\n<\/div>\n\n\n<div style=\"height:50px\" aria-hidden=\"true\" class=\"wp-block-spacer\"><\/div>\n\n<\/div>\n\n<div style=\"height:41px\" aria-hidden=\"true\" class=\"wp-block-spacer\"><\/div>\n\n<div class=\"wp-block-columns is-layout-flex wp-container-core-columns-is-layout-8f761849 wp-block-columns-is-layout-flex\">\n<div class=\"wp-block-column is-layout-flow wp-block-column-is-layout-flow\">\n<div class=\"wp-block-group is-style-loupe has-white-color has-mauve-background-color has-text-color has-background has-link-color wp-elements-2\"><div class=\"wp-block-group__inner-container is-layout-constrained wp-block-group-is-layout-constrained\">\n<h3 class=\"wp-block-heading has-text-align-center has-white-color has-text-color has-link-color has-x-large-font-size wp-elements-3\">La promesa del paseante responsable:  <\/h3>\n\n\n\n<p class=\"has-text-align-center has-medium-font-size wp-block-paragraph\"><strong>no dejar ning\u00fan rastro de su paso<\/strong><\/p>\n\n\n\n<p class=\"wp-block-paragraph\">\u2192 Me informo sobre la ruta (dificultad\u2026)<\/p>\n\n\n\n<p class=\"wp-block-paragraph\">\u2192 Echo un vistazo al tiempo<\/p>\n\n\n\n<p class=\"wp-block-paragraph\">\u2192 Me llevo agua, unas buenas zapatillas y un m\u00f3vil<\/p>\n\n\n\n<p class=\"wp-block-paragraph\">\u2192 Les aviso a mis seres queridos de que me voy<\/p>\n\n\n\n<p class=\"wp-block-paragraph\">\u2192 Me quedo en los senderos<\/p>\n\n\n\n<p class=\"wp-block-paragraph\">\u2192 No recojo flores<\/p>\n\n\n\n<p class=\"wp-block-paragraph\">\u2192 Respeto la tranquilidad del lugar<\/p>\n\n\n\n<p class=\"wp-block-paragraph\">\u2192 Recojo mis residuos<\/p>\n\n\n\n<p class=\"wp-block-paragraph\">\u2192 Mantengo a mi perro con correa<\/p>\n\n\n\n<p class=\"wp-block-paragraph\"><strong>Toda la informaci\u00f3n que necesitas en: <a href=\"https:\/\/reussirmarando.com\/\" data-type=\"link\" data-id=\"https:\/\/reussirmarando.com\/\">reussirmarando.com<\/a> <\/strong><\/p>\n<\/div><\/div>\n<\/div>\n\n\n\n<div class=\"wp-block-column is-layout-flow wp-block-column-is-layout-flow\">\n<div class=\"wp-block-group is-style-map has-white-color has-mauve-background-color has-text-color has-background has-link-color wp-elements-4\"><div class=\"wp-block-group__inner-container is-layout-constrained wp-block-group-is-layout-constrained\">\n<h3 class=\"wp-block-heading has-text-align-center has-white-color has-text-color has-link-color has-x-large-font-size wp-elements-5\">\u00abLe panier de pique-nique id\u00e9al\u00bb<\/h3>\n\n\n\n<p class=\"wp-block-paragraph\">Pour un panier pique-nique r\u00e9ussi, misez sur une composition 100% Coteaux B\u00e9arn Madiran :<\/p>\n\n\n\n<p class=\"wp-block-paragraph\">\u2192 Jus de fruits (pommes, kiwis, raisins\u2026)<\/p>\n\n\n\n<p class=\"wp-block-paragraph\">\u2192 Bi\u00e8re ou vin (\u00e0 consommer avec mod\u00e9ration)<\/p>\n\n\n\n<p class=\"wp-block-paragraph\">\u2192 Baguette 100% b\u00e9arnaise<\/p>\n\n\n\n<p class=\"wp-block-paragraph\">\u2192 Tartinades au haricot-ma\u00efs du B\u00e9arn<\/p>\n\n\n\n<p class=\"wp-block-paragraph\">\u2192 Charcuterie (jambon de Bayonne, saucisson, andouille \u00e0 l\u2019ancienne\u2026)<\/p>\n\n\n\n<p class=\"wp-block-paragraph\">\u2192 P\u00e2t\u00e9 ou rillettes (canard, porc\u2026)<\/p>\n\n\n\n<p class=\"wp-block-paragraph\">\u2192 L\u00e9gumes de saison<\/p>\n\n\n\n<p class=\"wp-block-paragraph\">\u2192 Fromage<\/p>\n\n\n\n<p class=\"wp-block-paragraph\">\u2192 Pastis d\u2019Am\u00e9lie<\/p>\n\n\n\n<p class=\"wp-block-paragraph\">\u2192 Fruits (pour avoir bonne conscience)<\/p>\n<\/div><\/div>\n<\/div>\n<\/div>\n","protected":false},"excerpt":{"rendered":"<p>Descubre nuestra selecci\u00f3n de rutas a pie, en bicicleta de monta\u00f1a y a caballo, en su mayor\u00eda a la sombra. Entre senderos forestales, caminos junto a r\u00edos y frescos bosquecillos, disfruta de un momento de relax en plena naturaleza\u2026 a la sombra. Para que la experiencia sea a\u00fan m\u00e1s agradable, [&hellip;]<\/p>\n","protected":false},"author":2,"featured_media":7420,"parent":10722,"menu_order":0,"comment_status":"closed","ping_status":"closed","template":"","meta":{"_acf_changed":false,"_seopress_titles_title":"Paseos y rutas de senderismo a la sombra - bearnmadiran-tourisme.fr","_seopress_titles_desc":"Paseos y rutas a la sombra por los Coteaux B\u00e9arn Madiran, ya sea a pie, en bicicleta de monta\u00f1a o a caballo: bosques, sotobosques sombreados, riberas, pueblos y vistas a los Pirineos.","_seopress_robots_index":"","_seopress_robots_follow":"","_seopress_robots_imageindex":"","_seopress_robots_snippet":"","_seopress_robots_primary_cat":"","_seopress_robots_breadcrumbs":"","_seopress_robots_freeze_modified_date":"","_seopress_robots_custom_modified_date":"","_seopress_robots_canonical":"","_seopress_social_fb_title":"","_seopress_social_fb_desc":"","_seopress_social_fb_img":"","_seopress_social_fb_img_attachment_id":0,"_seopress_social_fb_img_width":0,"_seopress_social_fb_img_height":0,"_seopress_social_twitter_title":"","_seopress_social_twitter_desc":"","_seopress_social_twitter_img":"","_seopress_social_twitter_img_attachment_id":0,"_seopress_social_twitter_img_width":0,"_seopress_social_twitter_img_height":0,"_seopress_redirections_value":"","_seopress_redirections_enabled":"","_seopress_redirections_enabled_regex":"","_seopress_redirections_logged_status":"ambos","_seopress_redirections_param":"","_seopress_redirections_type":301,"_seopress_analysis_target_kw":"","_seopress_news_disabled":"","_seopress_video_disabled":"","_seopress_video":[],"_seopress_pro_schemas_manual":[],"_seopress_pro_rich_snippets_disable_all":"","_seopress_pro_rich_snippets_disable":[],"_seopress_pro_schemas":[],"pgc_sgb_lightbox_settings":"","footnotes":""},"class_list":["post-10730","page","type-page","status-publish","has-post-thumbnail","hentry"],"acf":[],"_links":{"self":[{"href":"https:\/\/www.bearnmadiran-tourisme.fr\/es\/wp-json\/wp\/v2\/pages\/10730","targetHints":{"allow":["GET"]}}],"collection":[{"href":"https:\/\/www.bearnmadiran-tourisme.fr\/es\/wp-json\/wp\/v2\/pages"}],"about":[{"href":"https:\/\/www.bearnmadiran-tourisme.fr\/es\/wp-json\/wp\/v2\/types\/page"}],"author":[{"embeddable":true,"href":"https:\/\/www.bearnmadiran-tourisme.fr\/es\/wp-json\/wp\/v2\/users\/2"}],"replies":[{"embeddable":true,"href":"https:\/\/www.bearnmadiran-tourisme.fr\/es\/wp-json\/wp\/v2\/comments?post=10730"}],"version-history":[{"count":2,"href":"https:\/\/www.bearnmadiran-tourisme.fr\/es\/wp-json\/wp\/v2\/pages\/10730\/revisions"}],"predecessor-version":[{"id":10732,"href":"https:\/\/www.bearnmadiran-tourisme.fr\/es\/wp-json\/wp\/v2\/pages\/10730\/revisions\/10732"}],"up":[{"embeddable":true,"href":"https:\/\/www.bearnmadiran-tourisme.fr\/es\/wp-json\/wp\/v2\/pages\/10722"}],"wp:featuredmedia":[{"embeddable":true,"href":"https:\/\/www.bearnmadiran-tourisme.fr\/es\/wp-json\/wp\/v2\/media\/7420"}],"wp:attachment":[{"href":"https:\/\/www.bearnmadiran-tourisme.fr\/es\/wp-json\/wp\/v2\/media?parent=10730"}],"curies":[{"name":"wp","href":"https:\/\/api.w.org\/{rel}","templated":true}]}}