{"id":10733,"date":"2025-04-24T08:58:36","date_gmt":"2025-04-24T06:58:36","guid":{"rendered":"https:\/\/www.bearnmadiran-tourisme.fr\/parque-de-juegos-y-de-ocios\/paseos-y-excursiones\/paseos-y-excursiones-a-orillas-del-agua\/"},"modified":"2026-08-10T17:13:18","modified_gmt":"2026-08-10T15:13:18","slug":"paseos-y-excursiones-a-orillas-del-agua","status":"publish","type":"page","link":"https:\/\/www.bearnmadiran-tourisme.fr\/es\/descubrir\/parque-de-juegos-y-de-ocios\/paseos-y-excursiones\/paseos-y-excursiones-a-orillas-del-agua\/","title":{"rendered":"Paseos y excursiones a orillas del agua"},"content":{"rendered":"\n<div class=\"wp-block-columns is-layout-flex wp-container-core-columns-is-layout-8f761849 wp-block-columns-is-layout-flex\">\n<div class=\"wp-block-column is-layout-flow wp-block-column-is-layout-flow\" style=\"flex-basis:40%\"><div class=\"highlight-bloc-container \" id=\"ts-block-67a0ed26bed34\"  >\n\t<div class=\"highlight-bloc-content\">\n\t\t<div class=\"acf-innerblocks-container\">\n\n<h2 class=\"wp-block-heading suptitle\">Senderismo a orillas del r\u00edo<\/h2>\n\n<\/div>\t<\/div>\n<\/div>\n<\/div>\n\n\n\n<div class=\"wp-block-column is-layout-flow wp-block-column-is-layout-flow\" style=\"flex-basis:60%\">\n<p class=\"wp-block-paragraph\">15 lagos y r\u00edos marcan el ritmo del paisaje.  <\/p>\n\n\n\n<p class=\"wp-block-paragraph\">Estos paseos, f\u00e1ciles y accesibles, son ideales para hacer en familia. Ya sea para disfrutar de un rato de relax a orillas de un lago o de un recorrido refrescante en plena naturaleza, es la escapada perfecta para desconectar. <\/p>\n\n\n\n<p class=\"wp-block-paragraph\">D\u00e9jate llevar por el murmullo del agua\u2026<\/p>\n<\/div>\n<\/div>\n<div id=\"ts-block-680903681d244\"  class=\"is-style-map\">\n\t\t<script type=\"text\/javascript\">\n\t\tvar tsObjects = {\"type\":\"FeatureCollection\",\"features\":[{\"geometry\":{\"type\":\"Point\",\"coordinates\":[-0.140776,43.2924]},\"type\":\"Feature\",\"id\":\"ITIAQU064FS0001D\",\"properties\":{\"objectTypeCode\":\"ITI\",\"name\":\"Eslourenties-Daban : le lac du Gabas\",\"marker_id\":\"ITIAQU064FS0001D\",\"commune\":\"ESLOURENTIES-DABAN\",\"display_city\":\"1\",\"cp\":\"64420\",\"ad1\":\"\",\"gmapLongitude\":-0.140776,\"gmapLatitude\":43.2924,\"zone1\":null,\"telephone\":\"+33 5 59 33 62 25\",\"detail_url\":\"https:\\\/\\\/www.bearnmadiran-tourisme.fr\\\/es\\\/rutas\\\/eslourenties-daban\\\/ITIAQU064FS0001D-eslourenties-daban-le-lac-du-gabas\\\/\",\"excerpt\":\"Es cierto que el lago es artificial, pero el hombre y la naturaleza son capaces de armonizarse Este bucle sorprende por su variedad de paisajes, atm\\u00f3sferas y mundos. A pie o en&hellip;\",\"display_excerpt\":false,\"photo\":\"https:\\\/\\\/www.bearnmadiran-tourisme.fr\\\/wp-content\\\/uploads\\\/tis\\\/eslourenties-Lac-Gabas---Pascal-Le-Doare-Studio-764-0188-3.png\",\"clas\":null,\"btn_label\":\"Ver m\\u00e1s\",\"btn_class\":null,\"durable\":false,\"charte\":\"\",\"durable_label\":\"Desarrollo sostenible\",\"online_bookable\":false,\"price_from\":false,\"event_category\":\"Itineraire\",\"type\":\"pedestre\",\"ititempsdif\":[\"A pie|2h40|F\\u00e1cil\"],\"itidistance\":\"11.1\",\"itidistance_label\":\"Distancia\",\"denivele\":\"100\",\"denivele_label\":\"Elevaci\\u00f3n\"}},{\"geometry\":{\"type\":\"Point\",\"coordinates\":[-0.018784,43.4565]},\"type\":\"Feature\",\"id\":\"ITIAQU064V5096RM\",\"properties\":{\"objectTypeCode\":\"ITI\",\"name\":\"De Lahitte-Toupi\\u00e8re \\u00e0 Anoye\",\"marker_id\":\"ITIAQU064V5096RM\",\"commune\":\"LAHITTE-TOUPIERE\",\"display_city\":\"1\",\"cp\":\"\",\"ad1\":\"\",\"gmapLongitude\":-0.018784,\"gmapLatitude\":43.4565,\"zone1\":null,\"telephone\":\"+33 5 59 68 28 78\",\"detail_url\":\"https:\\\/\\\/www.bearnmadiran-tourisme.fr\\\/es\\\/rutas\\\/anoye\\\/ITIAQU064V5096RM-de-lahitte-toupiere-a-anoye\\\/\",\"excerpt\":\"Si los paisajes que recorre esta etapa muestran una cierta continuidad, combinando valles agr\\u00edcolas y colinas boscosas, este tramo del Chemin d'Arles es mitad Bigourdan, mitad Bearn, ya que abandona el departamento&hellip;\",\"display_excerpt\":false,\"photo\":\"https:\\\/\\\/www.bearnmadiran-tourisme.fr\\\/wp-content\\\/uploads\\\/tis\\\/BRU-2993.JPG\",\"clas\":null,\"btn_label\":\"Ver m\\u00e1s\",\"btn_class\":null,\"durable\":false,\"charte\":\"\",\"durable_label\":\"Desarrollo sostenible\",\"online_bookable\":false,\"price_from\":false,\"event_category\":\"Itineraire\",\"type\":\"pedestre\",\"ititempsdif\":[\"A pie|6h|Medio\"],\"itidistance\":\"18.3\",\"itidistance_label\":\"Distancia\",\"denivele\":\"340\",\"denivele_label\":\"Elevaci\\u00f3n\"}},{\"geometry\":{\"type\":\"Point\",\"coordinates\":[-0.149197,43.5161]},\"type\":\"Feature\",\"id\":\"ITIAQU064V56Z8Y2\",\"properties\":{\"objectTypeCode\":\"ITI\",\"name\":\"Cadillon : entre cr\\u00eates et vignoble \\u00e0 VTT\",\"marker_id\":\"ITIAQU064V56Z8Y2\",\"commune\":\"CADILLON\",\"display_city\":\"1\",\"cp\":\"\",\"ad1\":\"\",\"gmapLongitude\":-0.149197,\"gmapLatitude\":43.5161,\"zone1\":null,\"telephone\":\"+33 5 59 68 28 78\",\"detail_url\":\"https:\\\/\\\/www.bearnmadiran-tourisme.fr\\\/es\\\/rutas\\\/cadillon\\\/ITIAQU064V56Z8Y2-cadillon-entre-cretes-et-vignoble-a-vtt\\\/\",\"excerpt\":\"Para los que les gusta la conducci\\u00f3n dura, \\u00a1este bucle es para ti! Unas cuantas subidas \\\"picantes\\\" para las pantorrillas conducen a hermosas crestas abiertas. El contraste de ambientes, el descubrimiento de&hellip;\",\"display_excerpt\":false,\"photo\":\"https:\\\/\\\/www.bearnmadiran-tourisme.fr\\\/wp-content\\\/uploads\\\/tis\\\/Conchez-Lac-de-Cadillon---PEIO-Gaillard.jpg\",\"clas\":null,\"btn_label\":\"Ver m\\u00e1s\",\"btn_class\":null,\"durable\":false,\"charte\":\"\",\"durable_label\":\"Desarrollo sostenible\",\"online_bookable\":false,\"price_from\":false,\"event_category\":\"Itineraire\",\"type\":\"vtt\",\"ititempsdif\":[\"Bicicleta de monta\\u00f1a|3h|Dif\\u00edcil\"],\"itidistance\":\"24.6\",\"itidistance_label\":\"Distancia\",\"denivele\":\"440\",\"denivele_label\":\"Elevaci\\u00f3n\"}},{\"geometry\":{\"type\":\"Point\",\"coordinates\":[-0.11168,43.4497]},\"type\":\"Feature\",\"id\":\"ITIAQU064V56ZB4Y\",\"properties\":{\"objectTypeCode\":\"ITI\",\"name\":\"Lembeye : le chemin des lacs \\u00e0 VTT\",\"marker_id\":\"ITIAQU064V56ZB4Y\",\"commune\":\"LEMBEYE\",\"display_city\":\"1\",\"cp\":\"\",\"ad1\":\"\",\"gmapLongitude\":-0.11168,\"gmapLatitude\":43.4497,\"zone1\":null,\"telephone\":\"+33 5 59 68 28 78\",\"detail_url\":\"https:\\\/\\\/www.bearnmadiran-tourisme.fr\\\/es\\\/rutas\\\/lembeye\\\/ITIAQU064V56ZB4Y-lembeye-le-chemin-des-lacs-a-vtt\\\/\",\"excerpt\":\"La ruta es est\\u00e9ticamente agradable y variada, y discurre por un paisaje tranquilo. El recorrido de los lagos y las zonas de sombra son muy agradables. \\u00a1Para disfrutar todo el a\\u00f1o sin&hellip;\",\"display_excerpt\":false,\"photo\":\"https:\\\/\\\/www.bearnmadiran-tourisme.fr\\\/wp-content\\\/uploads\\\/tis\\\/randonnee-vtt-pacheras-garlin-vic-bilh-2.jpg\",\"clas\":null,\"btn_label\":\"Ver m\\u00e1s\",\"btn_class\":null,\"durable\":false,\"charte\":\"\",\"durable_label\":\"Desarrollo sostenible\",\"online_bookable\":false,\"price_from\":false,\"event_category\":\"Itineraire\",\"type\":\"vtt\",\"ititempsdif\":[\"Bicicleta de monta\\u00f1a|2h|F\\u00e1cil\"],\"itidistance\":\"17.6\",\"itidistance_label\":\"Distancia\",\"denivele\":\"200\",\"denivele_label\":\"Elevaci\\u00f3n\"}},{\"geometry\":{\"type\":\"Point\",\"coordinates\":[-0.274129,43.559]},\"type\":\"Feature\",\"id\":\"ITIAQU064V56ZCI6\",\"properties\":{\"objectTypeCode\":\"ITI\",\"name\":\"Garlin : la randonn\\u00e9e des Pacheras \\u00e0 VTT \",\"marker_id\":\"ITIAQU064V56ZCI6\",\"commune\":\"GARLIN\",\"display_city\":\"1\",\"cp\":\"\",\"ad1\":\"\",\"gmapLongitude\":-0.274129,\"gmapLatitude\":43.559,\"zone1\":null,\"telephone\":\"+33 5 59 68 28 78\",\"detail_url\":\"https:\\\/\\\/www.bearnmadiran-tourisme.fr\\\/es\\\/rutas\\\/garlin\\\/ITIAQU064V56ZCI6-garlin-la-randonnee-des-pacheras-a-vtt\\\/\",\"excerpt\":\"Parfait pour une initiation ou une reprise en douceur du VTT, le circuit des Pacheras \\u00e0 Garlin propose une immersion progressive dans des paysages vari\\u00e9s et accessibles. L\\u2019itin\\u00e9raire d\\u00e9roule de larges pistes&hellip;\",\"display_excerpt\":false,\"photo\":\"https:\\\/\\\/www.bearnmadiran-tourisme.fr\\\/wp-content\\\/uploads\\\/tis\\\/tour-lacs-VTT-vic-bilh-madiran-cph-guide-bearn-pyrenees.jpg\",\"clas\":null,\"btn_label\":\"Ver m\\u00e1s\",\"btn_class\":null,\"durable\":false,\"charte\":\"\",\"durable_label\":\"Desarrollo sostenible\",\"online_bookable\":false,\"price_from\":false,\"event_category\":\"Itineraire\",\"type\":\"vtt\",\"ititempsdif\":[\"Bicicleta de monta\\u00f1a|1h40|Muy f\\u00e1cil\"],\"itidistance\":\"18.7\",\"itidistance_label\":\"Distancia\",\"denivele\":\"175\",\"denivele_label\":\"Elevaci\\u00f3n\"}},{\"geometry\":{\"type\":\"Point\",\"coordinates\":[-0.10469,43.568]},\"type\":\"Feature\",\"id\":\"ITIAQU064V56ZCK1\",\"properties\":{\"objectTypeCode\":\"ITI\",\"name\":\"Aydie, promenade Joseph Peyr\\u00e9, au c\\u0153ur du vignoble\",\"marker_id\":\"ITIAQU064V56ZCK1\",\"commune\":\"AYDIE\",\"display_city\":\"1\",\"cp\":\"\",\"ad1\":\"\",\"gmapLongitude\":-0.10469,\"gmapLatitude\":43.568,\"zone1\":null,\"telephone\":\"+33 5 59 68 28 78\",\"detail_url\":\"https:\\\/\\\/www.bearnmadiran-tourisme.fr\\\/es\\\/rutas\\\/aydie\\\/ITIAQU064V56ZCK1-aydie-promenade-joseph-peyre-au-coeur-du-vignoble\\\/\",\"excerpt\":\"Esta hermosa escapada por los vi\\u00f1edos de Madiran y Pacherenc du Vic-Bilh est\\u00e1 salpicada de magn\\u00edficos miradores. El apego a la tierra se entiende mejor paseando por esta campi\\u00f1a: vi\\u00f1edos, estanques, prados&hellip;\",\"display_excerpt\":false,\"photo\":\"https:\\\/\\\/www.bearnmadiran-tourisme.fr\\\/wp-content\\\/uploads\\\/tis\\\/circuit-Aydie-peyre-vignes-Madiran-credit-photo-guide-bearn-pyrenees-7---Copie-4.jpg\",\"clas\":null,\"btn_label\":\"Ver m\\u00e1s\",\"btn_class\":null,\"durable\":false,\"charte\":\"\",\"durable_label\":\"Desarrollo sostenible\",\"online_bookable\":false,\"price_from\":false,\"event_category\":\"Itineraire\",\"type\":\"pedestre\",\"ititempsdif\":[\"A pie|2h10|F\\u00e1cil\"],\"itidistance\":\"9.1\",\"itidistance_label\":\"Distancia\",\"denivele\":\"210\",\"denivele_label\":\"Elevaci\\u00f3n\"}},{\"geometry\":{\"type\":\"Point\",\"coordinates\":[-0.104937,43.5694]},\"type\":\"Feature\",\"id\":\"ITIAQU064V56ZGTM\",\"properties\":{\"objectTypeCode\":\"ITI\",\"name\":\"Aydie, au c\\u0153ur du vignoble \\u00e0 VTT\",\"marker_id\":\"ITIAQU064V56ZGTM\",\"commune\":\"AYDIE\",\"display_city\":\"1\",\"cp\":\"\",\"ad1\":\"\",\"gmapLongitude\":-0.104937,\"gmapLatitude\":43.5694,\"zone1\":null,\"telephone\":\"+33 5 59 68 28 78\",\"detail_url\":\"https:\\\/\\\/www.bearnmadiran-tourisme.fr\\\/es\\\/rutas\\\/aydie\\\/ITIAQU064V56ZGTM-aydie-au-coeur-du-vignoble-a-vtt\\\/\",\"excerpt\":\"Esta hermosa escapada por los vi\\u00f1edos de Madiran y Pacherenc du Vic-Bilh est\\u00e1 salpicada de magn\\u00edficos miradores. El apego a la tierra se entiende mejor paseando por esta campi\\u00f1a: vi\\u00f1edos, estanques, prados&hellip;\",\"display_excerpt\":false,\"photo\":\"https:\\\/\\\/www.bearnmadiran-tourisme.fr\\\/wp-content\\\/uploads\\\/tis\\\/Aydie-randonnee-VTT---Peio-Gaillard--1-.jpg\",\"clas\":null,\"btn_label\":\"Ver m\\u00e1s\",\"btn_class\":null,\"durable\":false,\"charte\":\"\",\"durable_label\":\"Desarrollo sostenible\",\"online_bookable\":false,\"price_from\":false,\"event_category\":\"Itineraire\",\"type\":\"vtt\",\"ititempsdif\":[\"Bicicleta de monta\\u00f1a|1h|F\\u00e1cil\"],\"itidistance\":\"9.1\",\"itidistance_label\":\"Distancia\",\"denivele\":\"210\",\"denivele_label\":\"Elevaci\\u00f3n\"}},{\"geometry\":{\"type\":\"Point\",\"coordinates\":[-0.242277,43.3826]},\"type\":\"Feature\",\"id\":\"ITIAQU064V5AKHLR\",\"properties\":{\"objectTypeCode\":\"ITI\",\"name\":\"Higu\\u00e8res-Souye : entre Luy et Souye\",\"marker_id\":\"ITIAQU064V5AKHLR\",\"commune\":\"HIGUERES-SOUYE\",\"display_city\":\"1\",\"cp\":\"\",\"ad1\":\"\",\"gmapLongitude\":-0.242277,\"gmapLatitude\":43.3826,\"zone1\":null,\"telephone\":\"+33 5 59 33 62 25\",\"detail_url\":\"https:\\\/\\\/www.bearnmadiran-tourisme.fr\\\/es\\\/rutas\\\/higueres-souye\\\/ITIAQU064V5AKHLR-higueres-souye-entre-luy-et-souye\\\/\",\"excerpt\":\"Este paseo, muy variado, atrae tanto a los ciclistas como a los senderistas. Los tramos de sotobosque y los senderos son muy agradables. El relieve en torno al Luy de France y&hellip;\",\"display_excerpt\":false,\"photo\":\"https:\\\/\\\/www.bearnmadiran-tourisme.fr\\\/wp-content\\\/uploads\\\/tis\\\/Higueres-Souye-randonnee-Tourisme-Bearn-Madiran---Courte-Echelle-2025---M29A8230.jpg\",\"clas\":null,\"btn_label\":\"Ver m\\u00e1s\",\"btn_class\":null,\"durable\":false,\"charte\":\"\",\"durable_label\":\"Desarrollo sostenible\",\"online_bookable\":false,\"price_from\":false,\"event_category\":\"Itineraire\",\"type\":\"pedestre\",\"ititempsdif\":[\"A pie|2H30|F\\u00e1cil\"],\"itidistance\":\"12.2\",\"itidistance_label\":\"Distancia\",\"denivele\":\"230\",\"denivele_label\":\"Elevaci\\u00f3n\"}},{\"geometry\":{\"type\":\"Point\",\"coordinates\":[-0.140776,43.2924]},\"type\":\"Feature\",\"id\":\"ITIAQU064V5AKQ2U\",\"properties\":{\"objectTypeCode\":\"ITI\",\"name\":\"Eslourenties-Daban : le lac du Gabas \\u00e0 VTT\",\"marker_id\":\"ITIAQU064V5AKQ2U\",\"commune\":\"ESLOURENTIES-DABAN\",\"display_city\":\"1\",\"cp\":\"\",\"ad1\":\"\",\"gmapLongitude\":-0.140776,\"gmapLatitude\":43.2924,\"zone1\":null,\"telephone\":\"+33 5 59 33 62 25\",\"detail_url\":\"https:\\\/\\\/www.bearnmadiran-tourisme.fr\\\/es\\\/rutas\\\/eslourenties-daban\\\/ITIAQU064V5AKQ2U-eslourenties-daban-le-lac-du-gabas-a-vtt\\\/\",\"excerpt\":\"Es cierto que el lago es artificial, pero el hombre y la naturaleza son capaces de armonizarse Este bucle sorprende por su variedad de paisajes, atm\\u00f3sferas y mundos. A pie o en&hellip;\",\"display_excerpt\":false,\"photo\":\"https:\\\/\\\/www.bearnmadiran-tourisme.fr\\\/wp-content\\\/uploads\\\/tis\\\/19-vallees-vers-adour-urost-randonnee-vtt---peio-Gaillard-Montamigo-2.jpg\",\"clas\":null,\"btn_label\":\"Ver m\\u00e1s\",\"btn_class\":null,\"durable\":false,\"charte\":\"\",\"durable_label\":\"Desarrollo sostenible\",\"online_bookable\":false,\"price_from\":false,\"event_category\":\"Itineraire\",\"type\":\"vtt\",\"ititempsdif\":[\"Bicicleta de monta\\u00f1a|1h10|Muy f\\u00e1cil\"],\"itidistance\":\"9.6\",\"itidistance_label\":\"Distancia\",\"denivele\":\"100\",\"denivele_label\":\"Elevaci\\u00f3n\"}},{\"geometry\":{\"type\":\"Point\",\"coordinates\":[-0.148348,43.3385]},\"type\":\"Feature\",\"id\":\"ITIAQU064V5AKQ37\",\"properties\":{\"objectTypeCode\":\"ITI\",\"name\":\"Urost : des vall\\u00e9es vers l'Adour \\u00e0 VTT\",\"marker_id\":\"ITIAQU064V5AKQ37\",\"commune\":\"UROST\",\"display_city\":\"1\",\"cp\":\"\",\"ad1\":\"\",\"gmapLongitude\":-0.148348,\"gmapLatitude\":43.3385,\"zone1\":null,\"telephone\":\"+33 5 59 33 62 25\",\"detail_url\":\"https:\\\/\\\/www.bearnmadiran-tourisme.fr\\\/es\\\/rutas\\\/urost\\\/ITIAQU064V5AKQ37-urost-des-vallees-vers-ladour-a-vtt\\\/\",\"excerpt\":\"Esta excursi\\u00f3n es una delicia para los ciclistas de monta\\u00f1a A lo largo del lago de las Gabas, a trav\\u00e9s de las llanuras, admirando los Pirineos, he aqu\\u00ed un programa de calidad.&hellip;\",\"display_excerpt\":false,\"photo\":\"https:\\\/\\\/www.bearnmadiran-tourisme.fr\\\/wp-content\\\/uploads\\\/tis\\\/19-vallees-vers-adour-urost-randonnee-vtt---peio-Gaillard-Montamigo.jpg\",\"clas\":null,\"btn_label\":\"Ver m\\u00e1s\",\"btn_class\":null,\"durable\":false,\"charte\":\"\",\"durable_label\":\"Desarrollo sostenible\",\"online_bookable\":false,\"price_from\":false,\"event_category\":\"Itineraire\",\"type\":\"vtt\",\"ititempsdif\":[\"Bicicleta de monta\\u00f1a|3h|Medio\"],\"itidistance\":\"28\",\"itidistance_label\":\"Distancia\",\"denivele\":\"340\",\"denivele_label\":\"Elevaci\\u00f3n\"}},{\"geometry\":{\"type\":\"Point\",\"coordinates\":[-0.140508,43.2923]},\"type\":\"Feature\",\"id\":\"ITIAQU064V5AKQBP\",\"properties\":{\"objectTypeCode\":\"ITI\",\"name\":\"Eslourenties-Daban : la grande boucle des cavaliers\",\"marker_id\":\"ITIAQU064V5AKQBP\",\"commune\":\"ESLOURENTIES-DABAN\",\"display_city\":\"1\",\"cp\":\"\",\"ad1\":\"\",\"gmapLongitude\":-0.140508,\"gmapLatitude\":43.2923,\"zone1\":null,\"telephone\":\"+33 5 59 33 62 25\",\"detail_url\":\"https:\\\/\\\/www.bearnmadiran-tourisme.fr\\\/es\\\/rutas\\\/eslourenties-daban\\\/ITIAQU064V5AKQBP-eslourenties-daban-la-grande-boucle-des-cavaliers\\\/\",\"excerpt\":\"Esta extensa caminata utiliza muchos senderos hermosos. Tambi\\u00e9n incluye un encantador sotobosque, vados y algunas subidas Las traves\\u00edas de amplios espacios abiertos con los Pirineos de fondo dan el toque final.\",\"display_excerpt\":false,\"photo\":\"https:\\\/\\\/www.bearnmadiran-tourisme.fr\\\/wp-content\\\/uploads\\\/tis\\\/2-portes-vic-bilh-lespourcy-randonnee-equestre---peio-Gaillard-Montamigo-2.jpg\",\"clas\":null,\"btn_label\":\"Ver m\\u00e1s\",\"btn_class\":null,\"durable\":false,\"charte\":\"\",\"durable_label\":\"Desarrollo sostenible\",\"online_bookable\":false,\"price_from\":false,\"event_category\":\"Itineraire\",\"type\":\"equestre\",\"ititempsdif\":[\"Caballo|2 jours|Dif\\u00edcil\"],\"itidistance\":\"53\",\"itidistance_label\":\"Distancia\",\"denivele\":\"800\",\"denivele_label\":\"Elevaci\\u00f3n\"}},{\"geometry\":{\"type\":\"Point\",\"coordinates\":[-0.140411,43.292]},\"type\":\"Feature\",\"id\":\"ITIAQU064V5AKQEA\",\"properties\":{\"objectTypeCode\":\"ITI\",\"name\":\"Eslourenties-Daban : la randonn\\u00e9e des lacs \\u00e0 VTT\",\"marker_id\":\"ITIAQU064V5AKQEA\",\"commune\":\"ESLOURENTIES-DABAN\",\"display_city\":\"1\",\"cp\":\"\",\"ad1\":\"\",\"gmapLongitude\":-0.140411,\"gmapLatitude\":43.292,\"zone1\":null,\"telephone\":\"+33 5 59 33 62 25\",\"detail_url\":\"https:\\\/\\\/www.bearnmadiran-tourisme.fr\\\/es\\\/rutas\\\/eslourenties-daban\\\/ITIAQU064V5AKQEA-eslourenties-daban-la-randonnee-des-lacs-a-vtt\\\/\",\"excerpt\":\"Una excelente traves\\u00eda de descenso de la regi\\u00f3n de Morla\\u00e0s. Esta ruta revela valles, llanuras y maleza, con los Pirineos de fondo. Unir estas dos magn\\u00edficas masas de agua en bicicleta de&hellip;\",\"display_excerpt\":false,\"photo\":\"https:\\\/\\\/www.bearnmadiran-tourisme.fr\\\/wp-content\\\/uploads\\\/tis\\\/22-eslourenties-daban-randonnee-lacs-vtt-2---peio-Gaillard-Montamigo.jpg\",\"clas\":null,\"btn_label\":\"Ver m\\u00e1s\",\"btn_class\":null,\"durable\":false,\"charte\":\"\",\"durable_label\":\"Desarrollo sostenible\",\"online_bookable\":false,\"price_from\":false,\"event_category\":\"Itineraire\",\"type\":\"vtt\",\"ititempsdif\":[\"Bicicleta de monta\\u00f1a|3|Dif\\u00edcil\"],\"itidistance\":\"36.2\",\"itidistance_label\":\"Distancia\",\"denivele\":\"360\",\"denivele_label\":\"Elevaci\\u00f3n\"}},{\"geometry\":{\"type\":\"Point\",\"coordinates\":[-0.339868,43.3878]},\"type\":\"Feature\",\"id\":\"ITIAQU064V5AKYVZ\",\"properties\":{\"objectTypeCode\":\"ITI\",\"name\":\"SERRES-CASTET : tour du lac\",\"marker_id\":\"ITIAQU064V5AKYVZ\",\"commune\":\"SERRES-CASTET\",\"display_city\":\"1\",\"cp\":\"\",\"ad1\":\"\",\"gmapLongitude\":-0.339868,\"gmapLatitude\":43.3878,\"zone1\":null,\"telephone\":\"+33 5 59 68 28 78\",\"detail_url\":\"https:\\\/\\\/www.bearnmadiran-tourisme.fr\\\/es\\\/rutas\\\/serres-castet\\\/ITIAQU064V5AKYVZ-serres-castet-tour-du-lac\\\/\",\"excerpt\":\"En un valle tranquilo, esta corta caminata, ideal para familias con ni\\u00f1os, le lleva a rodear el lago de Serres-Castet. Aprovechando todas las orientaciones, contemplar\\u00e1 m\\u00faltiples juegos de luz sobre el tramo&hellip;\",\"display_excerpt\":false,\"photo\":\"https:\\\/\\\/www.bearnmadiran-tourisme.fr\\\/wp-content\\\/uploads\\\/tis\\\/lac-Serres-Castet-tourisme-nord-bearn-madiran.JPG\",\"clas\":null,\"btn_label\":\"Ver m\\u00e1s\",\"btn_class\":null,\"durable\":false,\"charte\":\"\",\"durable_label\":\"Desarrollo sostenible\",\"online_bookable\":false,\"price_from\":false,\"event_category\":\"Itineraire\",\"type\":\"pedestre\",\"ititempsdif\":[\"A pie|30 min|Muy f\\u00e1cil\"],\"itidistance\":\"2.8\",\"itidistance_label\":\"Distancia\",\"denivele\":\"20\",\"denivele_label\":\"Elevaci\\u00f3n\"}},{\"geometry\":{\"type\":\"Point\",\"coordinates\":[-0.242191,43.3825]},\"type\":\"Feature\",\"id\":\"ITIAQU064V5AKYYG\",\"properties\":{\"objectTypeCode\":\"ITI\",\"name\":\"Higu\\u00e8res-Souye : entre Luy et Souye \\u00e0 VTT\",\"marker_id\":\"ITIAQU064V5AKYYG\",\"commune\":\"HIGUERES-SOUYE\",\"display_city\":\"1\",\"cp\":\"\",\"ad1\":\"\",\"gmapLongitude\":-0.242191,\"gmapLatitude\":43.3825,\"zone1\":null,\"telephone\":\"+33 5 59 33 62 25\",\"detail_url\":\"https:\\\/\\\/www.bearnmadiran-tourisme.fr\\\/es\\\/rutas\\\/higueres-souye\\\/ITIAQU064V5AKYYG-higueres-souye-entre-luy-et-souye-a-vtt\\\/\",\"excerpt\":\"Este paseo, muy variado, atrae tanto a los ciclistas como a los senderistas. Los tramos de sotobosque y los senderos son muy agradables. El relieve en torno al Luy de France y&hellip;\",\"display_excerpt\":false,\"photo\":\"https:\\\/\\\/www.bearnmadiran-tourisme.fr\\\/wp-content\\\/uploads\\\/tis\\\/4ENTRE-1.JPG\",\"clas\":null,\"btn_label\":\"Ver m\\u00e1s\",\"btn_class\":null,\"durable\":false,\"charte\":\"\",\"durable_label\":\"Desarrollo sostenible\",\"online_bookable\":false,\"price_from\":false,\"event_category\":\"Itineraire\",\"type\":\"vtt\",\"ititempsdif\":[\"Bicicleta de monta\\u00f1a|1h15|F\\u00e1cil\"],\"itidistance\":\"12.2\",\"itidistance_label\":\"Distancia\",\"denivele\":\"230\",\"denivele_label\":\"Elevaci\\u00f3n\"}},{\"geometry\":{\"type\":\"Point\",\"coordinates\":[-0.354524,43.4388]},\"type\":\"Feature\",\"id\":\"ITIAQU064V5AKZP4\",\"properties\":{\"objectTypeCode\":\"ITI\",\"name\":\"Navailles-Angos : tour du lac du Balaing (petite boucle)\",\"marker_id\":\"ITIAQU064V5AKZP4\",\"commune\":\"NAVAILLES-ANGOS\",\"display_city\":\"1\",\"cp\":\"\",\"ad1\":\"\",\"gmapLongitude\":-0.354524,\"gmapLatitude\":43.4388,\"zone1\":null,\"telephone\":\"+33 5 59 68 28 78\",\"detail_url\":\"https:\\\/\\\/www.bearnmadiran-tourisme.fr\\\/es\\\/rutas\\\/navailles-angos\\\/ITIAQU064V5AKZP4-navailles-angos-tour-du-lac-du-balaing-petite-boucle\\\/\",\"excerpt\":\"Se trata de un tranquilo paseo por las orillas del lago m\\u00e1s grande de nuestra regi\\u00f3n. Hay poco ruido en este valle y la avifauna lacustre es abundante. T\\u00f3mese su tiempo para&hellip;\",\"display_excerpt\":false,\"photo\":\"https:\\\/\\\/www.bearnmadiran-tourisme.fr\\\/wp-content\\\/uploads\\\/tis\\\/Tour-du-lac-du-Balanh-1440x1080.jpg\",\"clas\":null,\"btn_label\":\"Ver m\\u00e1s\",\"btn_class\":null,\"durable\":false,\"charte\":\"\",\"durable_label\":\"Desarrollo sostenible\",\"online_bookable\":false,\"price_from\":false,\"event_category\":\"Itineraire\",\"type\":\"pedestre\",\"ititempsdif\":[\"A pie|1h|Muy f\\u00e1cil\"],\"itidistance\":\"3.8\",\"itidistance_label\":\"Distancia\",\"denivele\":\"20\",\"denivele_label\":\"Elevaci\\u00f3n\"}},{\"geometry\":{\"type\":\"Point\",\"coordinates\":[-0.354576,43.4387]},\"type\":\"Feature\",\"id\":\"ITIAQU064V5AL005\",\"properties\":{\"objectTypeCode\":\"ITI\",\"name\":\"Navailles-Angos : tour du lac du Balaing (grande boucle)\",\"marker_id\":\"ITIAQU064V5AL005\",\"commune\":\"NAVAILLES-ANGOS\",\"display_city\":\"1\",\"cp\":\"\",\"ad1\":\"\",\"gmapLongitude\":-0.354576,\"gmapLatitude\":43.4387,\"zone1\":null,\"telephone\":\"+33 5 59 68 28 78\",\"detail_url\":\"https:\\\/\\\/www.bearnmadiran-tourisme.fr\\\/es\\\/rutas\\\/navailles-angos\\\/ITIAQU064V5AL005-navailles-angos-tour-du-lac-du-balaing-grande-boucle\\\/\",\"excerpt\":\"Se trata de un tranquilo paseo por las orillas del lago m\\u00e1s grande de nuestra regi\\u00f3n. Hay poco ruido en este valle y la avifauna lacustre es abundante. T\\u00f3mese su tiempo para&hellip;\",\"display_excerpt\":false,\"photo\":\"https:\\\/\\\/www.bearnmadiran-tourisme.fr\\\/wp-content\\\/uploads\\\/tis\\\/lac-balaing-navailles-angos-tourisme-nord-bearn.JPG\",\"clas\":null,\"btn_label\":\"Ver m\\u00e1s\",\"btn_class\":null,\"durable\":false,\"charte\":\"\",\"durable_label\":\"Desarrollo sostenible\",\"online_bookable\":false,\"price_from\":false,\"event_category\":\"Itineraire\",\"type\":\"pedestre\",\"ititempsdif\":[\"A pie|1h20|Muy f\\u00e1cil\"],\"itidistance\":\"4.6\",\"itidistance_label\":\"Distancia\",\"denivele\":\"100\",\"denivele_label\":\"Elevaci\\u00f3n\"}},{\"geometry\":{\"type\":\"Point\",\"coordinates\":[-0.348018,43.4517]},\"type\":\"Feature\",\"id\":\"ITIAQU064V5AL00B\",\"properties\":{\"objectTypeCode\":\"ITI\",\"name\":\"Argelos : vallon du Basta\",\"marker_id\":\"ITIAQU064V5AL00B\",\"commune\":\"ARGELOS\",\"display_city\":\"1\",\"cp\":\"\",\"ad1\":\"\",\"gmapLongitude\":-0.348018,\"gmapLatitude\":43.4517,\"zone1\":null,\"telephone\":\"+33 5 59 68 28 78\",\"detail_url\":\"https:\\\/\\\/www.bearnmadiran-tourisme.fr\\\/es\\\/rutas\\\/argelos\\\/ITIAQU064V5AL00B-argelos-vallon-du-basta\\\/\",\"excerpt\":\"Un largo descenso a trav\\u00e9s de un bosque, antes de pasar cerca de la iglesia de Astis. En el programa de esta excursi\\u00f3n: una pista en un bosque fresco, el cruce del&hellip;\",\"display_excerpt\":false,\"photo\":\"https:\\\/\\\/www.bearnmadiran-tourisme.fr\\\/wp-content\\\/uploads\\\/tis\\\/Eglise-d-Astis---rando-pedestre-Vallon-du-Basta.jpg\",\"clas\":null,\"btn_label\":\"Ver m\\u00e1s\",\"btn_class\":null,\"durable\":false,\"charte\":\"\",\"durable_label\":\"Desarrollo sostenible\",\"online_bookable\":false,\"price_from\":false,\"event_category\":\"Itineraire\",\"type\":\"pedestre\",\"ititempsdif\":[\"A pie|1h15|F\\u00e1cil\"],\"itidistance\":\"5.2\",\"itidistance_label\":\"Distancia\",\"denivele\":\"65\",\"denivele_label\":\"Elevaci\\u00f3n\"}},{\"geometry\":{\"type\":\"Point\",\"coordinates\":[-0.380037,43.4771]},\"type\":\"Feature\",\"id\":\"ITIAQU064V5AL01P\",\"properties\":{\"objectTypeCode\":\"ITI\",\"name\":\"Auga : vall\\u00e9e du Luy de France\",\"marker_id\":\"ITIAQU064V5AL01P\",\"commune\":\"AUGA\",\"display_city\":\"1\",\"cp\":\"\",\"ad1\":\"\",\"gmapLongitude\":-0.380037,\"gmapLatitude\":43.4771,\"zone1\":null,\"telephone\":\"+33 5 59 68 28 78\",\"detail_url\":\"https:\\\/\\\/www.bearnmadiran-tourisme.fr\\\/es\\\/rutas\\\/auga\\\/ITIAQU064V5AL01P-auga-vallee-du-luy-de-france\\\/\",\"excerpt\":\"Una larga ruta para descubrir los paisajes locales: llanuras, bosques, valles y maleza.\",\"display_excerpt\":false,\"photo\":\"https:\\\/\\\/www.bearnmadiran-tourisme.fr\\\/wp-content\\\/uploads\\\/tis\\\/Auga-eglise-saint-Laurent-cph-syndicat-du-tourisme-nord-Bearn-et-Madiran--6-.jpg\",\"clas\":null,\"btn_label\":\"Ver m\\u00e1s\",\"btn_class\":null,\"durable\":false,\"charte\":\"\",\"durable_label\":\"Desarrollo sostenible\",\"online_bookable\":false,\"price_from\":false,\"event_category\":\"Itineraire\",\"type\":\"pedestre\",\"ititempsdif\":[\"A pie|3h30|F\\u00e1cil\"],\"itidistance\":\"14.2\",\"itidistance_label\":\"Distancia\",\"denivele\":\"300\",\"denivele_label\":\"Elevaci\\u00f3n\"}},{\"geometry\":{\"type\":\"Point\",\"coordinates\":[-0.342756,43.4146]},\"type\":\"Feature\",\"id\":\"ITIAQU064V5AL3RM\",\"properties\":{\"objectTypeCode\":\"ITI\",\"name\":\"De Navailles-Angos au lac de Balaing\",\"marker_id\":\"ITIAQU064V5AL3RM\",\"commune\":\"NAVAILLES-ANGOS\",\"display_city\":\"1\",\"cp\":\"\",\"ad1\":\"\",\"gmapLongitude\":-0.342756,\"gmapLatitude\":43.4146,\"zone1\":null,\"telephone\":\"+33 5 59 68 28 78\",\"detail_url\":\"https:\\\/\\\/www.bearnmadiran-tourisme.fr\\\/es\\\/rutas\\\/navailles-angos\\\/ITIAQU064V5AL3RM-de-navailles-angos-au-lac-de-balaing\\\/\",\"excerpt\":\"Desde el ayuntamiento de Navailles-Angos, puede tomar esta tranquila ruta hasta el Lac du Balaing. Descubrir el lago tras este largo esfuerzo es una maravillosa recompensa. Si\\u00e9ntese, mire y observe las luces&hellip;\",\"display_excerpt\":false,\"photo\":\"https:\\\/\\\/www.bearnmadiran-tourisme.fr\\\/wp-content\\\/uploads\\\/tis\\\/De-navailles-au-Lac-de-balaing-cph-CCLB64.jpg\",\"clas\":null,\"btn_label\":\"Ver m\\u00e1s\",\"btn_class\":null,\"durable\":false,\"charte\":\"\",\"durable_label\":\"Desarrollo sostenible\",\"online_bookable\":false,\"price_from\":false,\"event_category\":\"Itineraire\",\"type\":\"pedestre\",\"ititempsdif\":[\"A pie|3h30|F\\u00e1cil\"],\"itidistance\":\"13\",\"itidistance_label\":\"Distancia\",\"denivele\":\"180\",\"denivele_label\":\"Elevaci\\u00f3n\"}},{\"geometry\":{\"type\":\"Point\",\"coordinates\":[-0.349367,43.4768]},\"type\":\"Feature\",\"id\":\"ITIAQU064V5AL3VR\",\"properties\":{\"objectTypeCode\":\"ITI\",\"name\":\"Th\\u00e8ze : sentier du Moust\\u00e9\",\"marker_id\":\"ITIAQU064V5AL3VR\",\"commune\":\"THEZE\",\"display_city\":\"1\",\"cp\":\"\",\"ad1\":\"\",\"gmapLongitude\":-0.349367,\"gmapLatitude\":43.4768,\"zone1\":null,\"telephone\":\"+33 5 59 68 28 78\",\"detail_url\":\"https:\\\/\\\/www.bearnmadiran-tourisme.fr\\\/es\\\/rutas\\\/theze\\\/ITIAQU064V5AL3VR-theze-sentier-du-mouste\\\/\",\"excerpt\":\"Desde la meseta agr\\u00edcola hasta las escarpadas laderas del Luy de France, en Th\\u00e8ze, L\\u00e8me y Auga. Partir\\u00e1 de la comuna de Th\\u00e8ze y a trav\\u00e9s del bosque ver\\u00e1 a veces hermosos&hellip;\",\"display_excerpt\":false,\"photo\":\"https:\\\/\\\/www.bearnmadiran-tourisme.fr\\\/wp-content\\\/uploads\\\/tis\\\/Lac-de-Theze-1.jpg\",\"clas\":null,\"btn_label\":\"Ver m\\u00e1s\",\"btn_class\":null,\"durable\":false,\"charte\":\"\",\"durable_label\":\"Desarrollo sostenible\",\"online_bookable\":false,\"price_from\":false,\"event_category\":\"Itineraire\",\"type\":\"pedestre\",\"ititempsdif\":[\"A pie|2H30|F\\u00e1cil\"],\"itidistance\":\"10.9\",\"itidistance_label\":\"Distancia\",\"denivele\":\"215\",\"denivele_label\":\"Elevaci\\u00f3n\"}},{\"geometry\":{\"type\":\"Point\",\"coordinates\":[-0.514525,43.4901]},\"type\":\"Feature\",\"id\":\"ITIAQU064V5AL89G\",\"properties\":{\"objectTypeCode\":\"ITI\",\"name\":\"Ge\\u00fcs-d'Arzacq : le Luy de B\\u00e9arn (version courte)\",\"marker_id\":\"ITIAQU064V5AL89G\",\"commune\":\"GEUS-D'ARZACQ\",\"display_city\":\"1\",\"cp\":\"64370\",\"ad1\":\"Aire de pique-nique de Geus-Bouillon\",\"gmapLongitude\":-0.514525,\"gmapLatitude\":43.4901,\"zone1\":null,\"telephone\":\"+33 5 59 04 59 24\",\"detail_url\":\"https:\\\/\\\/www.bearnmadiran-tourisme.fr\\\/es\\\/rutas\\\/geus-darzacq\\\/ITIAQU064V5AL89G-geus-darzacq-le-luy-de-bearn-version-courte\\\/\",\"excerpt\":\"Descubra la zona a lo largo del r\\u00edo y a trav\\u00e9s de los bosques. La ruta ofrece una gran opci\\u00f3n (PR1A bis), que le permite seguir el Luy de B\\u00e9arn desde la&hellip;\",\"display_excerpt\":false,\"photo\":\"https:\\\/\\\/www.bearnmadiran-tourisme.fr\\\/wp-content\\\/uploads\\\/tis\\\/PR1A-PR1B-Geus-Bouillon-Le-luy-en-Bearn-credit-SM--9----Copie.JPG\",\"clas\":null,\"btn_label\":\"Ver m\\u00e1s\",\"btn_class\":null,\"durable\":false,\"charte\":\"\",\"durable_label\":\"Desarrollo sostenible\",\"online_bookable\":false,\"price_from\":false,\"event_category\":\"Itineraire\",\"type\":\"pedestre\",\"ititempsdif\":[\"A pie|1h30|F\\u00e1cil\"],\"itidistance\":\"6.8\",\"itidistance_label\":\"Distancia\",\"denivele\":\"133\",\"denivele_label\":\"Elevaci\\u00f3n\"}},{\"geometry\":{\"type\":\"Point\",\"coordinates\":[-0.514519,43.4902]},\"type\":\"Feature\",\"id\":\"ITIAQU064V5AL8MZ\",\"properties\":{\"objectTypeCode\":\"ITI\",\"name\":\"Ge\\u00fcs d'Arzacq : le Luy de B\\u00e9arn \",\"marker_id\":\"ITIAQU064V5AL8MZ\",\"commune\":\"GEUS-D'ARZACQ\",\"display_city\":\"1\",\"cp\":\"\",\"ad1\":\"\",\"gmapLongitude\":-0.514519,\"gmapLatitude\":43.4902,\"zone1\":null,\"telephone\":\"+33 5 59 04 59 24\",\"detail_url\":\"https:\\\/\\\/www.bearnmadiran-tourisme.fr\\\/es\\\/rutas\\\/geus-darzacq\\\/ITIAQU064V5AL8MZ-geus-darzacq-le-luy-de-bearn\\\/\",\"excerpt\":\"Descubra la zona a lo largo del r\\u00edo y a trav\\u00e9s de los bosques. Parte del recorrido sigue la PR1A y le lleva a las alturas de Bouillon para admirar el panorama.&hellip;\",\"display_excerpt\":false,\"photo\":\"https:\\\/\\\/www.bearnmadiran-tourisme.fr\\\/wp-content\\\/uploads\\\/tis\\\/PR1APR-2-2.JPG\",\"clas\":null,\"btn_label\":\"Ver m\\u00e1s\",\"btn_class\":null,\"durable\":false,\"charte\":\"\",\"durable_label\":\"Desarrollo sostenible\",\"online_bookable\":false,\"price_from\":false,\"event_category\":\"Itineraire\",\"type\":\"pedestre\",\"ititempsdif\":[\"A pie|2h30|F\\u00e1cil\"],\"itidistance\":\"8.3\",\"itidistance_label\":\"Distancia\",\"denivele\":\"177\",\"denivele_label\":\"Elevaci\\u00f3n\"}},{\"geometry\":{\"type\":\"Point\",\"coordinates\":[-0.417734,43.5356]},\"type\":\"Feature\",\"id\":\"ITIAQU064V5ALE66\",\"properties\":{\"objectTypeCode\":\"ITI\",\"name\":\"Arzacq-Arraziguet : Saint-Jacques de Compostelle \",\"marker_id\":\"ITIAQU064V5ALE66\",\"commune\":\"ARZACQ-ARRAZIGUET\",\"display_city\":\"1\",\"cp\":\"\",\"ad1\":\"\",\"gmapLongitude\":-0.417734,\"gmapLatitude\":43.5356,\"zone1\":null,\"telephone\":\"+33 5 59 04 59 24\",\"detail_url\":\"https:\\\/\\\/www.bearnmadiran-tourisme.fr\\\/es\\\/rutas\\\/arzacq-arraziguet\\\/ITIAQU064V5ALE66-arzacq-arraziguet-saint-jacques-de-compostelle\\\/\",\"excerpt\":\"La ciudad bastide de Arzacq, en la ruta hacia Le Puy en Velay, es un lugar notable de patrimonio e historia. El recorrido le llevar\\u00e1 tras las huellas de los numerosos peregrinos&hellip;\",\"display_excerpt\":false,\"photo\":\"https:\\\/\\\/www.bearnmadiran-tourisme.fr\\\/wp-content\\\/uploads\\\/tis\\\/ARZACQ-2-2.JPG\",\"clas\":null,\"btn_label\":\"Ver m\\u00e1s\",\"btn_class\":null,\"durable\":false,\"charte\":\"\",\"durable_label\":\"Desarrollo sostenible\",\"online_bookable\":false,\"price_from\":false,\"event_category\":\"Itineraire\",\"type\":\"pedestre\",\"ititempsdif\":[\"A pie|2h|F\\u00e1cil\"],\"itidistance\":\"7.5\",\"itidistance_label\":\"Distancia\",\"denivele\":\"236\",\"denivele_label\":\"Elevaci\\u00f3n\"}},{\"geometry\":{\"type\":\"Point\",\"coordinates\":[-0.462482,43.5415]},\"type\":\"Feature\",\"id\":\"ITIAQU064V5ALE9O\",\"properties\":{\"objectTypeCode\":\"ITI\",\"name\":\"Cabidos : les Manoirs \",\"marker_id\":\"ITIAQU064V5ALE9O\",\"commune\":\"CABIDOS\",\"display_city\":\"1\",\"cp\":\"64410\",\"ad1\":\"mairie-\\u00e9glise\",\"gmapLongitude\":-0.462482,\"gmapLatitude\":43.5415,\"zone1\":null,\"telephone\":\"+33 5 59 04 59 24\",\"detail_url\":\"https:\\\/\\\/www.bearnmadiran-tourisme.fr\\\/es\\\/rutas\\\/cabidos\\\/ITIAQU064V5ALE9O-cabidos-les-manoirs\\\/\",\"excerpt\":\"El circuito, con la iglesia de la Asunci\\u00f3n de la Sant\\u00edsima Virgen Mar\\u00eda de Cabidos, le ofrece una hermosa vista de los vi\\u00f1edos del Manoir de Trubess\\u00e9 (Ch\\u00e2teau de Cabidos) Antes o&hellip;\",\"display_excerpt\":false,\"photo\":\"https:\\\/\\\/www.bearnmadiran-tourisme.fr\\\/wp-content\\\/uploads\\\/tis\\\/CABIDOS---Pascal-Le-Doare-Studio-764-0074.jpg\",\"clas\":null,\"btn_label\":\"Ver m\\u00e1s\",\"btn_class\":null,\"durable\":false,\"charte\":\"\",\"durable_label\":\"Desarrollo sostenible\",\"online_bookable\":false,\"price_from\":false,\"event_category\":\"Itineraire\",\"type\":\"pedestre\",\"ititempsdif\":[\"A pie|2h30|F\\u00e1cil\"],\"itidistance\":\"8\",\"itidistance_label\":\"Distancia\",\"denivele\":\"153\",\"denivele_label\":\"Elevaci\\u00f3n\"}},{\"geometry\":{\"type\":\"Point\",\"coordinates\":[-0.472558,43.5591]},\"type\":\"Feature\",\"id\":\"ITIAQU064V5ALEM1\",\"properties\":{\"objectTypeCode\":\"ITI\",\"name\":\"Malaussanne : Du moulin \",\"marker_id\":\"ITIAQU064V5ALEM1\",\"commune\":\"MALAUSSANNE\",\"display_city\":\"1\",\"cp\":\"\",\"ad1\":\"\",\"gmapLongitude\":-0.472558,\"gmapLatitude\":43.5591,\"zone1\":null,\"telephone\":\"+33 5 59 04 59 24\",\"detail_url\":\"https:\\\/\\\/www.bearnmadiran-tourisme.fr\\\/es\\\/rutas\\\/malaussanne\\\/ITIAQU064V5ALEM1-malaussanne-du-moulin\\\/\",\"excerpt\":\"Desde la iglesia de Saint Andr\\u00e9, del siglo XII, que data del vizcondado de Louvigny, hasta el molino de Baille, en las Landas, este sendero le llevar\\u00e1 por el norte del B\\u00e9arn&hellip;\",\"display_excerpt\":false,\"photo\":\"https:\\\/\\\/www.bearnmadiran-tourisme.fr\\\/wp-content\\\/uploads\\\/tis\\\/PR9-Eglise-Malaussanne-1440X1080-3.jpg\",\"clas\":null,\"btn_label\":\"Ver m\\u00e1s\",\"btn_class\":null,\"durable\":false,\"charte\":\"\",\"durable_label\":\"Desarrollo sostenible\",\"online_bookable\":false,\"price_from\":false,\"event_category\":\"Itineraire\",\"type\":\"pedestre\",\"ititempsdif\":[\"A pie|1h30|Muy f\\u00e1cil\"],\"itidistance\":\"7.5\",\"itidistance_label\":\"Distancia\",\"denivele\":\"153\",\"denivele_label\":\"Elevaci\\u00f3n\"}},{\"geometry\":{\"type\":\"Point\",\"coordinates\":[-0.469432,43.4492]},\"type\":\"Feature\",\"id\":\"ITIAQU064V5ALKVI\",\"properties\":{\"objectTypeCode\":\"ITI\",\"name\":\"Mazerolles : les B\\u00e9n\\u00e9dictins \",\"marker_id\":\"ITIAQU064V5ALKVI\",\"commune\":\"MAZEROLLES\",\"display_city\":\"1\",\"cp\":\"\",\"ad1\":\"\",\"gmapLongitude\":-0.469432,\"gmapLatitude\":43.4492,\"zone1\":null,\"telephone\":\"+33 5 59 04 59 24\",\"detail_url\":\"https:\\\/\\\/www.bearnmadiran-tourisme.fr\\\/es\\\/rutas\\\/mazerolles\\\/ITIAQU064V5ALKVI-mazerolles-les-benedictins\\\/\",\"excerpt\":\"Este recorrido le gu\\u00eda tras las huellas de los monjes benedictinos. La bastida de Larreule fue creada a finales del siglo XIII por los monjes benedictinos, al pie de la abad\\u00eda que&hellip;\",\"display_excerpt\":false,\"photo\":\"https:\\\/\\\/www.bearnmadiran-tourisme.fr\\\/wp-content\\\/uploads\\\/tis\\\/circuit-de-randonnee-pedestre-Les-Benedictins-Larreule---cph-CCLB64-Tourisme-Nord-Bearn-Madiran.jpg\",\"clas\":null,\"btn_label\":\"Ver m\\u00e1s\",\"btn_class\":null,\"durable\":false,\"charte\":\"\",\"durable_label\":\"Desarrollo sostenible\",\"online_bookable\":false,\"price_from\":false,\"event_category\":\"Itineraire\",\"type\":\"pedestre\",\"ititempsdif\":[\"A pie|2h30|Muy f\\u00e1cil\"],\"itidistance\":\"10.2\",\"itidistance_label\":\"Distancia\",\"denivele\":\"145\",\"denivele_label\":\"Elevaci\\u00f3n\"}},{\"geometry\":{\"type\":\"Point\",\"coordinates\":[-0.483681,43.5476]},\"type\":\"Feature\",\"id\":\"ITIAQU064V5ALKX0\",\"properties\":{\"objectTypeCode\":\"ITI\",\"name\":\"Montagut : le Luy de France \",\"marker_id\":\"ITIAQU064V5ALKX0\",\"commune\":\"MONTAGUT\",\"display_city\":\"1\",\"cp\":\"\",\"ad1\":\"\",\"gmapLongitude\":-0.483681,\"gmapLatitude\":43.5476,\"zone1\":null,\"telephone\":\"+33 5 59 04 59 24\",\"detail_url\":\"https:\\\/\\\/www.bearnmadiran-tourisme.fr\\\/es\\\/rutas\\\/montagut\\\/ITIAQU064V5ALKX0-montagut-le-luy-de-france\\\/\",\"excerpt\":\"El circuito es un sendero natural a lo largo del agua y los bosques de la Soubestre... El Luy de France, que nace cerca de Limendous, al norte de Pau, atraviesa la&hellip;\",\"display_excerpt\":false,\"photo\":\"https:\\\/\\\/www.bearnmadiran-tourisme.fr\\\/wp-content\\\/uploads\\\/tis\\\/PR11-Montagut-Le-luy-de-France-randonnee-pedestre-novembre-2021-credit-syndicat-tourisme-nord-bearn-madiran--15-.jpg\",\"clas\":null,\"btn_label\":\"Ver m\\u00e1s\",\"btn_class\":null,\"durable\":false,\"charte\":\"\",\"durable_label\":\"Desarrollo sostenible\",\"online_bookable\":false,\"price_from\":false,\"event_category\":\"Itineraire\",\"type\":\"pedestre\",\"ititempsdif\":[\"A pie|1h30|Muy f\\u00e1cil\"],\"itidistance\":\"6.5\",\"itidistance_label\":\"Distancia\",\"denivele\":\"100\",\"denivele_label\":\"Elevaci\\u00f3n\"}},{\"geometry\":{\"type\":\"Point\",\"coordinates\":[-0.418168,43.5356]},\"type\":\"Feature\",\"id\":\"ITIAQU064V5ALU2D\",\"properties\":{\"objectTypeCode\":\"ITI\",\"name\":\"Arzacq : Saint-Jacques de Compostelle \\u00e0 VTT\",\"marker_id\":\"ITIAQU064V5ALU2D\",\"commune\":\"ARZACQ-ARRAZIGUET\",\"display_city\":\"1\",\"cp\":\"\",\"ad1\":\"\",\"gmapLongitude\":-0.418168,\"gmapLatitude\":43.5356,\"zone1\":null,\"telephone\":\"+33 5 59 04 59 24\",\"detail_url\":\"https:\\\/\\\/www.bearnmadiran-tourisme.fr\\\/es\\\/rutas\\\/arzacq-arraziguet\\\/ITIAQU064V5ALU2D-arzacq-saint-jacques-de-compostelle-a-vtt\\\/\",\"excerpt\":\"La ciudad bastide de Arzacq, en la ruta hacia Le Puy en Velay, es un lugar notable de patrimonio e historia. El recorrido le llevar\\u00e1 tras las huellas de los numerosos peregrinos&hellip;\",\"display_excerpt\":false,\"photo\":\"https:\\\/\\\/www.bearnmadiran-tourisme.fr\\\/wp-content\\\/uploads\\\/tis\\\/-DSC5684.jpg\",\"clas\":null,\"btn_label\":\"Ver m\\u00e1s\",\"btn_class\":null,\"durable\":false,\"charte\":\"\",\"durable_label\":\"Desarrollo sostenible\",\"online_bookable\":false,\"price_from\":false,\"event_category\":\"Itineraire\",\"type\":\"vtt\",\"ititempsdif\":[\"Bicicleta de monta\\u00f1a|0h45|F\\u00e1cil\"],\"itidistance\":\"7.5\",\"itidistance_label\":\"Distancia\",\"denivele\":\"236\",\"denivele_label\":\"Elevaci\\u00f3n\"}},{\"geometry\":{\"type\":\"Point\",\"coordinates\":[-0.475964,43.5596]},\"type\":\"Feature\",\"id\":\"ITIAQU064V5ALU3A\",\"properties\":{\"objectTypeCode\":\"ITI\",\"name\":\"Malaussanne : Du moulin - VTT\",\"marker_id\":\"ITIAQU064V5ALU3A\",\"commune\":\"MALAUSSANNE\",\"display_city\":\"1\",\"cp\":\"64410\",\"ad1\":\"tennis \\\/ \\u00e9glise\",\"gmapLongitude\":-0.475964,\"gmapLatitude\":43.5596,\"zone1\":null,\"telephone\":\"+33 5 59 04 59 24\",\"detail_url\":\"https:\\\/\\\/www.bearnmadiran-tourisme.fr\\\/es\\\/rutas\\\/malaussanne\\\/ITIAQU064V5ALU3A-malaussanne-du-moulin-vtt\\\/\",\"excerpt\":\"Desde la iglesia de Saint Andr\\u00e9 (siglo XII), que data del vizcondado de Louvigny, hasta el molino de Baille, en las Landas, la ruta le lleva por el norte del B\\u00e9arn hasta&hellip;\",\"display_excerpt\":false,\"photo\":\"https:\\\/\\\/www.bearnmadiran-tourisme.fr\\\/wp-content\\\/uploads\\\/tis\\\/1440x1005.jpg\",\"clas\":null,\"btn_label\":\"Ver m\\u00e1s\",\"btn_class\":null,\"durable\":false,\"charte\":\"\",\"durable_label\":\"Desarrollo sostenible\",\"online_bookable\":false,\"price_from\":false,\"event_category\":\"Itineraire\",\"type\":\"vtt\",\"ititempsdif\":[\"Bicicleta de monta\\u00f1a|0h45|Muy f\\u00e1cil\"],\"itidistance\":\"7.5\",\"itidistance_label\":\"Distancia\",\"denivele\":\"153\",\"denivele_label\":\"Elevaci\\u00f3n\"}},{\"geometry\":{\"type\":\"Point\",\"coordinates\":[-0.469432,43.4492]},\"type\":\"Feature\",\"id\":\"ITIAQU064V5ALU3I\",\"properties\":{\"objectTypeCode\":\"ITI\",\"name\":\"Mazerolles : les B\\u00e9n\\u00e9dictins \\u00e0 VTT\",\"marker_id\":\"ITIAQU064V5ALU3I\",\"commune\":\"MAZEROLLES\",\"display_city\":\"1\",\"cp\":\"\",\"ad1\":\"\",\"gmapLongitude\":-0.469432,\"gmapLatitude\":43.4492,\"zone1\":null,\"telephone\":\"+33 5 59 04 59 24\",\"detail_url\":\"https:\\\/\\\/www.bearnmadiran-tourisme.fr\\\/es\\\/rutas\\\/mazerolles\\\/ITIAQU064V5ALU3I-mazerolles-les-benedictins-a-vtt\\\/\",\"excerpt\":\"La visita le guiar\\u00e1 tras los pasos de los monjes benedictinos. La Bastida de Larreule fue creada a finales del siglo XIII por los monjes benedictinos, al pie de la abad\\u00eda del&hellip;\",\"display_excerpt\":false,\"photo\":\"https:\\\/\\\/www.bearnmadiran-tourisme.fr\\\/wp-content\\\/uploads\\\/tis\\\/PR10A-Fontaine-de-l-abbaye-Larreule-1440X1080.jpg\",\"clas\":null,\"btn_label\":\"Ver m\\u00e1s\",\"btn_class\":null,\"durable\":false,\"charte\":\"\",\"durable_label\":\"Desarrollo sostenible\",\"online_bookable\":false,\"price_from\":false,\"event_category\":\"Itineraire\",\"type\":\"vtt\",\"ititempsdif\":[\"Bicicleta de monta\\u00f1a|1h|Muy f\\u00e1cil\"],\"itidistance\":\"10.2\",\"itidistance_label\":\"Distancia\",\"denivele\":\"145\",\"denivele_label\":\"Elevaci\\u00f3n\"}},{\"geometry\":{\"type\":\"Point\",\"coordinates\":[-0.475964,43.5596]},\"type\":\"Feature\",\"id\":\"ITIAQU064V5ALU9T\",\"properties\":{\"objectTypeCode\":\"ITI\",\"name\":\"Malaussanne : Du moulin - \\u00e0 cheval\",\"marker_id\":\"ITIAQU064V5ALU9T\",\"commune\":\"MALAUSSANNE\",\"display_city\":\"1\",\"cp\":\"64410\",\"ad1\":\"tennis \\\/ \\u00e9glise\",\"gmapLongitude\":-0.475964,\"gmapLatitude\":43.5596,\"zone1\":null,\"telephone\":\"+33 5 59 04 59 24\",\"detail_url\":\"https:\\\/\\\/www.bearnmadiran-tourisme.fr\\\/es\\\/rutas\\\/malaussanne\\\/ITIAQU064V5ALU9T-malaussanne-du-moulin-a-cheval\\\/\",\"excerpt\":\"Desde la iglesia de Saint Andr\\u00e9, del siglo XII, que data del vizcondado de Louvigny, hasta el molino de Baille, en las Landas, la ruta le lleva por el norte de B\\u00e9arn&hellip;\",\"display_excerpt\":false,\"photo\":\"https:\\\/\\\/www.bearnmadiran-tourisme.fr\\\/wp-content\\\/uploads\\\/tis\\\/PR9-Eglise-Malaussanne-1440X1080-2.jpg\",\"clas\":null,\"btn_label\":\"Ver m\\u00e1s\",\"btn_class\":null,\"durable\":false,\"charte\":\"\",\"durable_label\":\"Desarrollo sostenible\",\"online_bookable\":false,\"price_from\":false,\"event_category\":\"Itineraire\",\"type\":\"equestre\",\"ititempsdif\":[\"Caballo|1h|Muy f\\u00e1cil\"],\"itidistance\":\"7.5\",\"itidistance_label\":\"Distancia\",\"denivele\":\"153\",\"denivele_label\":\"Elevaci\\u00f3n\"}},{\"geometry\":{\"type\":\"Point\",\"coordinates\":[-0.469432,43.4492]},\"type\":\"Feature\",\"id\":\"ITIAQU064V5ALUB6\",\"properties\":{\"objectTypeCode\":\"ITI\",\"name\":\"Mazerolles : les B\\u00e9n\\u00e9dictins \\u00e0 cheval\",\"marker_id\":\"ITIAQU064V5ALUB6\",\"commune\":\"MAZEROLLES\",\"display_city\":\"1\",\"cp\":\"\",\"ad1\":\"\",\"gmapLongitude\":-0.469432,\"gmapLatitude\":43.4492,\"zone1\":null,\"telephone\":\"+33 5 59 04 59 24\",\"detail_url\":\"https:\\\/\\\/www.bearnmadiran-tourisme.fr\\\/es\\\/rutas\\\/mazerolles\\\/ITIAQU064V5ALUB6-mazerolles-les-benedictins-a-cheval\\\/\",\"excerpt\":\"La visita le guiar\\u00e1 tras los pasos de los monjes benedictinos. La Bastida de Larreule fue creada a finales del siglo XIII por los monjes benedictinos, al pie de la abad\\u00eda del&hellip;\",\"display_excerpt\":false,\"photo\":\"https:\\\/\\\/www.bearnmadiran-tourisme.fr\\\/wp-content\\\/uploads\\\/tis\\\/Rando-equestre-cph-Puyo---Copie.jpg\",\"clas\":null,\"btn_label\":\"Ver m\\u00e1s\",\"btn_class\":null,\"durable\":false,\"charte\":\"\",\"durable_label\":\"Desarrollo sostenible\",\"online_bookable\":false,\"price_from\":false,\"event_category\":\"Itineraire\",\"type\":\"equestre\",\"ititempsdif\":[\"Caballo|2h30|Muy f\\u00e1cil\"],\"itidistance\":\"10.2\",\"itidistance_label\":\"Distancia\",\"denivele\":\"145\",\"denivele_label\":\"Elevaci\\u00f3n\"}},{\"geometry\":{\"type\":\"Point\",\"coordinates\":[-0.459595,43.5412]},\"type\":\"Feature\",\"id\":\"ITIAQU064V5AXNLM\",\"properties\":{\"objectTypeCode\":\"ITI\",\"name\":\"Cabidos : les Manoirs \\u00e0 VTT\",\"marker_id\":\"ITIAQU064V5AXNLM\",\"commune\":\"CABIDOS\",\"display_city\":\"1\",\"cp\":\"64410\",\"ad1\":\"mairie-\\u00e9glise\",\"gmapLongitude\":-0.459595,\"gmapLatitude\":43.5412,\"zone1\":null,\"telephone\":\"+33 5 59 04 59 24\",\"detail_url\":\"https:\\\/\\\/www.bearnmadiran-tourisme.fr\\\/es\\\/rutas\\\/cabidos\\\/ITIAQU064V5AXNLM-cabidos-les-manoirs-a-vtt\\\/\",\"excerpt\":\"El circuito, con la iglesia de la Asunci\\u00f3n de la Sant\\u00edsima Virgen Mar\\u00eda de Cabidos, le ofrece una hermosa vista del campo y de los vi\\u00f1edos del Manoir de Trubess\\u00e9 (Castillo de&hellip;\",\"display_excerpt\":false,\"photo\":\"https:\\\/\\\/www.bearnmadiran-tourisme.fr\\\/wp-content\\\/uploads\\\/tis\\\/CABIDOS---Pascal-Le-Doare-Studio-764-0032-2.jpg\",\"clas\":null,\"btn_label\":\"Ver m\\u00e1s\",\"btn_class\":null,\"durable\":false,\"charte\":\"\",\"durable_label\":\"Desarrollo sostenible\",\"online_bookable\":false,\"price_from\":false,\"event_category\":\"Itineraire\",\"type\":\"vtt\",\"ititempsdif\":[\"Bicicleta de monta\\u00f1a|2h30|F\\u00e1cil\"],\"itidistance\":\"8\",\"itidistance_label\":\"Distancia\",\"denivele\":\"153\",\"denivele_label\":\"Elevaci\\u00f3n\"}},{\"geometry\":{\"type\":\"Point\",\"coordinates\":[-0.467393,43.4331]},\"type\":\"Feature\",\"id\":\"ITIAQU064V5AZ10F\",\"properties\":{\"objectTypeCode\":\"ITI\",\"name\":\"Balade \\u00e0 Roulettes n\\u00b04 - Le lac de l'Ayguelongue\",\"marker_id\":\"ITIAQU064V5AZ10F\",\"commune\":\"MAZEROLLES\",\"display_city\":\"1\",\"cp\":\"\",\"ad1\":\"\",\"gmapLongitude\":-0.467393,\"gmapLatitude\":43.4331,\"zone1\":null,\"telephone\":\"+33 5 59 04 59 24\",\"detail_url\":\"https:\\\/\\\/www.bearnmadiran-tourisme.fr\\\/es\\\/rutas\\\/mazerolles\\\/ITIAQU064V5AZ10F-balade-a-roulettes-n4-le-lac-de-layguelongue\\\/\",\"excerpt\":\"El lago de Ayguelongue es una reserva de agua agr\\u00edcola creada en 1996. Se encuentra en parte en el municipio de Mazerolles y en parte en Momas. Las orillas de este largo&hellip;\",\"display_excerpt\":false,\"photo\":\"https:\\\/\\\/www.bearnmadiran-tourisme.fr\\\/wp-content\\\/uploads\\\/tis\\\/promeneurs.jpg\",\"clas\":null,\"btn_label\":\"Ver m\\u00e1s\",\"btn_class\":null,\"durable\":false,\"charte\":\"\",\"durable_label\":\"Desarrollo sostenible\",\"online_bookable\":false,\"price_from\":false,\"event_category\":\"Itineraire\",\"type\":\"\",\"ititempsdif\":[\"Con ruedecillas|1h|F\\u00e1cil\",\"A pie|1h|F\\u00e1cil\"],\"itidistance\":\"3.6\",\"itidistance_label\":\"Distancia\",\"denivele\":\"0\",\"denivele_label\":\"Elevaci\\u00f3n\"}},{\"geometry\":{\"type\":\"Point\",\"coordinates\":[-0.119738,43.2651]},\"type\":\"Feature\",\"id\":\"ITIAQU064V5AZ141\",\"properties\":{\"objectTypeCode\":\"ITI\",\"name\":\"Balade \\u00e0 Roulettes n\\u00b0 25 Le petit lac du Gabas \\u00e0 Eslourenties-Daban\",\"marker_id\":\"ITIAQU064V5AZ141\",\"commune\":\"LUQUET\",\"display_city\":\"1\",\"cp\":\"\",\"ad1\":\"\",\"gmapLongitude\":-0.119738,\"gmapLatitude\":43.2651,\"zone1\":null,\"telephone\":\"+33 5 59 33 62 25\",\"detail_url\":\"https:\\\/\\\/www.bearnmadiran-tourisme.fr\\\/es\\\/rutas\\\/eslourenties-daban\\\/ITIAQU064V5AZ141-balade-a-roulettes-n-25-le-petit-lac-du-gabas-a-eslourenties-daban\\\/\",\"excerpt\":\"Situada entre Pau y Tarbes, esta inmensa reserva de agua se extiende por cuatro municipios en los l\\u00edmites de los Altos Pirineos y los Pirineos Atl\\u00e1nticos, en un entorno campestre muy suavemente&hellip;\",\"display_excerpt\":false,\"photo\":\"https:\\\/\\\/www.bearnmadiran-tourisme.fr\\\/wp-content\\\/uploads\\\/tis\\\/Couverture-25.jpg\",\"clas\":null,\"btn_label\":\"Ver m\\u00e1s\",\"btn_class\":null,\"durable\":false,\"charte\":\"\",\"durable_label\":\"Desarrollo sostenible\",\"online_bookable\":false,\"price_from\":false,\"event_category\":\"Itineraire\",\"type\":\"\",\"ititempsdif\":[\"Con ruedecillas|45min|Muy f\\u00e1cil\"],\"itidistance\":\"2.8\",\"itidistance_label\":\"Distancia\",\"denivele\":\"0\",\"denivele_label\":\"Elevaci\\u00f3n\"}},{\"geometry\":{\"type\":\"Point\",\"coordinates\":[-0.460037,43.4193]},\"type\":\"Feature\",\"id\":\"ITIAQU064V5BHN0U\",\"properties\":{\"objectTypeCode\":\"ITI\",\"name\":\"Momas : Tour du lac de l'Ayguelongue\",\"marker_id\":\"ITIAQU064V5BHN0U\",\"commune\":\"MOMAS\",\"display_city\":\"1\",\"cp\":\"\",\"ad1\":\"\",\"gmapLongitude\":-0.460037,\"gmapLatitude\":43.4193,\"zone1\":null,\"telephone\":\"+33 5 59 04 59 24\",\"detail_url\":\"https:\\\/\\\/www.bearnmadiran-tourisme.fr\\\/es\\\/rutas\\\/momas\\\/ITIAQU064V5BHN0U-momas-tour-du-lac-de-layguelongue\\\/\",\"excerpt\":\"Embalsado en 1996, el Lac de l'Ayguelongue se utiliza principalmente para el riego y para sostener el estiaje. Es una reserva natural de 58 hect\\u00e1reas de gran inter\\u00e9s desde el punto de&hellip;\",\"display_excerpt\":false,\"photo\":\"https:\\\/\\\/www.bearnmadiran-tourisme.fr\\\/wp-content\\\/uploads\\\/tis\\\/MAE028-1-2.JPG\",\"clas\":null,\"btn_label\":\"Ver m\\u00e1s\",\"btn_class\":null,\"durable\":false,\"charte\":\"\",\"durable_label\":\"Desarrollo sostenible\",\"online_bookable\":false,\"price_from\":false,\"event_category\":\"Itineraire\",\"type\":\"pedestre\",\"ititempsdif\":[\"A pie|1h|F\\u00e1cil\"],\"itidistance\":\"4.5\",\"itidistance_label\":\"Distancia\",\"denivele\":\"50\",\"denivele_label\":\"Elevaci\\u00f3n\"}},{\"geometry\":{\"type\":\"Point\",\"coordinates\":[-0.460037,43.4193]},\"type\":\"Feature\",\"id\":\"ITIAQU064V5BHN96\",\"properties\":{\"objectTypeCode\":\"ITI\",\"name\":\"Momas : Du Luy \\u00e0 l'Ayguelongue\",\"marker_id\":\"ITIAQU064V5BHN96\",\"commune\":\"MOMAS\",\"display_city\":\"1\",\"cp\":\"\",\"ad1\":\"\",\"gmapLongitude\":-0.460037,\"gmapLatitude\":43.4193,\"zone1\":null,\"telephone\":\"+33 5 59 04 59 24\",\"detail_url\":\"https:\\\/\\\/www.bearnmadiran-tourisme.fr\\\/es\\\/rutas\\\/momas\\\/ITIAQU064V5BHN96-momas-du-luy-a-layguelongue\\\/\",\"excerpt\":\"Embalsado en 1996, el Lac de l'Ayguelongue se utiliza principalmente para el riego y para sostener el estiaje. Es una reserva natural de 58 hect\\u00e1reas de gran inter\\u00e9s desde el punto de&hellip;\",\"display_excerpt\":false,\"photo\":\"https:\\\/\\\/www.bearnmadiran-tourisme.fr\\\/wp-content\\\/uploads\\\/tis\\\/Lac-MAZEROLLES--2--credit-pesquit-2020---Copie.jpg\",\"clas\":null,\"btn_label\":\"Ver m\\u00e1s\",\"btn_class\":null,\"durable\":false,\"charte\":\"\",\"durable_label\":\"Desarrollo sostenible\",\"online_bookable\":false,\"price_from\":false,\"event_category\":\"Itineraire\",\"type\":\"pedestre\",\"ititempsdif\":[\"A pie|3h|Medio\"],\"itidistance\":\"11.1\",\"itidistance_label\":\"Distancia\",\"denivele\":\"150\",\"denivele_label\":\"Elevaci\\u00f3n\"}},{\"geometry\":{\"type\":\"Point\",\"coordinates\":[-0.11433,43.1855]},\"type\":\"Feature\",\"id\":\"ITIAQU064V5BKFD4\",\"properties\":{\"objectTypeCode\":\"ITI\",\"name\":\"Pontacq : Un patrimoine au fil de l'eau\",\"marker_id\":\"ITIAQU064V5BKFD4\",\"commune\":\"PONTACQ\",\"display_city\":\"1\",\"cp\":\"\",\"ad1\":\"\",\"gmapLongitude\":-0.11433,\"gmapLatitude\":43.1855,\"zone1\":null,\"telephone\":\"+33 5 59 33 62 25\",\"detail_url\":\"https:\\\/\\\/www.bearnmadiran-tourisme.fr\\\/es\\\/rutas\\\/pontacq\\\/ITIAQU064V5BKFD4-pontacq-un-patrimoine-au-fil-de-leau\\\/\",\"excerpt\":\"Venga a pasear por esta bonita ciudad bearnesa a orillas del r\\u00edo Ousse. Todav\\u00eda se conservan una torre del siglo XIII, parte de las murallas y la iglesia g\\u00f3tica del siglo XIV.&hellip;\",\"display_excerpt\":false,\"photo\":\"https:\\\/\\\/www.bearnmadiran-tourisme.fr\\\/wp-content\\\/uploads\\\/tis\\\/Pontacq-remparts-et-tour-credit-tourisme-nord-bearn--4--2.jpg\",\"clas\":null,\"btn_label\":\"Ver m\\u00e1s\",\"btn_class\":null,\"durable\":false,\"charte\":\"\",\"durable_label\":\"Desarrollo sostenible\",\"online_bookable\":false,\"price_from\":false,\"event_category\":\"Itineraire\",\"type\":\"pedestre\",\"ititempsdif\":[\"A pie|1h30|Muy f\\u00e1cil\"],\"itidistance\":\"2\",\"itidistance_label\":\"Distancia\",\"denivele\":\"0\",\"denivele_label\":\"Elevaci\\u00f3n\"}},{\"geometry\":{\"type\":\"Point\",\"coordinates\":[-0.417649,43.5357]},\"type\":\"Feature\",\"id\":\"ITIAQU064V5BNC44\",\"properties\":{\"objectTypeCode\":\"ITI\",\"name\":\"Arzacq-Arraziguet : tour du lac\",\"marker_id\":\"ITIAQU064V5BNC44\",\"commune\":\"ARZACQ-ARRAZIGUET\",\"display_city\":\"1\",\"cp\":\"64410\",\"ad1\":\"Parking du lac\",\"gmapLongitude\":-0.417649,\"gmapLatitude\":43.5357,\"zone1\":null,\"telephone\":\"+33 5 59 04 59 24\",\"detail_url\":\"https:\\\/\\\/www.bearnmadiran-tourisme.fr\\\/es\\\/rutas\\\/arzacq-arraziguet\\\/ITIAQU064V5BNC44-arzacq-arraziguet-tour-du-lac\\\/\",\"excerpt\":\"El lago de Arzacq, de 20 hect\\u00e1reas, se utiliza con fines agr\\u00edcolas (regad\\u00edo). La parte norte\\\/noroeste del lago est\\u00e1 dedicada al ocio, el descanso y la pesca, con un camino de grava&hellip;\",\"display_excerpt\":false,\"photo\":\"https:\\\/\\\/www.bearnmadiran-tourisme.fr\\\/wp-content\\\/uploads\\\/tis\\\/ARZACQ-1-12.JPG\",\"clas\":null,\"btn_label\":\"Ver m\\u00e1s\",\"btn_class\":null,\"durable\":false,\"charte\":\"\",\"durable_label\":\"Desarrollo sostenible\",\"online_bookable\":false,\"price_from\":false,\"event_category\":\"Itineraire\",\"type\":\"pedestre\",\"ititempsdif\":[\"A pie|40 mn|Muy f\\u00e1cil\"],\"itidistance\":\"2\",\"itidistance_label\":\"Distancia\",\"denivele\":\"0\",\"denivele_label\":\"Elevaci\\u00f3n\"}},{\"geometry\":{\"type\":\"Point\",\"coordinates\":[-0.04713,43.2737]},\"type\":\"Feature\",\"id\":\"ITIAQU064V5C2SRH\",\"properties\":{\"objectTypeCode\":\"ITI\",\"name\":\"La tourbi\\u00e8re du Manas\",\"marker_id\":\"ITIAQU064V5C2SRH\",\"commune\":\"GER\",\"display_city\":\"1\",\"cp\":\"\",\"ad1\":\"\",\"gmapLongitude\":-0.04713,\"gmapLatitude\":43.2737,\"zone1\":null,\"telephone\":\"+33 5 59 33 62 25\",\"detail_url\":\"https:\\\/\\\/www.bearnmadiran-tourisme.fr\\\/es\\\/rutas\\\/ger\\\/ITIAQU064V5C2SRH-la-tourbiere-du-manas\\\/\",\"excerpt\":\"El descubrimiento de la turbera de Manas, a trav\\u00e9s de un peque\\u00f1o circuito, es una invitaci\\u00f3n a comprender mejor la naturaleza, la biodiversidad y el compromiso de los municipios para proteger estos&hellip;\",\"display_excerpt\":false,\"photo\":\"https:\\\/\\\/www.bearnmadiran-tourisme.fr\\\/wp-content\\\/uploads\\\/tis\\\/Ger-tourbiere-du-Manas---Cecile-Munsch-Peio-Gaillard--3-.png\",\"clas\":null,\"btn_label\":\"Ver m\\u00e1s\",\"btn_class\":null,\"durable\":false,\"charte\":\"\",\"durable_label\":\"Desarrollo sostenible\",\"online_bookable\":false,\"price_from\":false,\"event_category\":\"Itineraire\",\"type\":\"pedestre\",\"ititempsdif\":[\"A pie|1h|Muy f\\u00e1cil\"],\"itidistance\":\"2.5\",\"itidistance_label\":\"Distancia\",\"denivele\":\"70\",\"denivele_label\":\"Elevaci\\u00f3n\"}},{\"geometry\":{\"type\":\"Point\",\"coordinates\":[-0.196333,43.2181]},\"type\":\"Feature\",\"id\":\"ITIAQU064V5C2SXW\",\"properties\":{\"objectTypeCode\":\"ITI\",\"name\":\"Ruisseau de Garue\",\"marker_id\":\"ITIAQU064V5C2SXW\",\"commune\":\"LUCGARIER\",\"display_city\":\"1\",\"cp\":\"\",\"ad1\":\"\",\"gmapLongitude\":-0.196333,\"gmapLatitude\":43.2181,\"zone1\":null,\"telephone\":\"+33 5 59 33 62 25\",\"detail_url\":\"https:\\\/\\\/www.bearnmadiran-tourisme.fr\\\/es\\\/rutas\\\/lucgarier\\\/ITIAQU064V5C2SXW-ruisseau-de-garue\\\/\",\"excerpt\":\"\\u00a1Un recorrido ideal para los d\\u00edas calurosos! En efecto, protegido por la sombra de los robles y las b\\u00f3vedas vegetales, la frescura se mantiene en este sendero muy agradable. \\u00a1La humedad de&hellip;\",\"display_excerpt\":false,\"photo\":\"https:\\\/\\\/www.bearnmadiran-tourisme.fr\\\/wp-content\\\/uploads\\\/tis\\\/Lucgarier-ruisseau-de-Garue---Cecile-Munsch-Peio-Gaillard--9-.png\",\"clas\":null,\"btn_label\":\"Ver m\\u00e1s\",\"btn_class\":null,\"durable\":false,\"charte\":\"\",\"durable_label\":\"Desarrollo sostenible\",\"online_bookable\":false,\"price_from\":false,\"event_category\":\"Itineraire\",\"type\":\"pedestre\",\"ititempsdif\":[\"A pie|1h20|F\\u00e1cil\"],\"itidistance\":\"7.8\",\"itidistance_label\":\"Distancia\",\"denivele\":\"173\",\"denivele_label\":\"Elevaci\\u00f3n\"}},{\"geometry\":{\"type\":\"Point\",\"coordinates\":[-0.196333,43.2181]},\"type\":\"Feature\",\"id\":\"ITIAQU064V5C4N5Y\",\"properties\":{\"objectTypeCode\":\"ITI\",\"name\":\"Ruisseau de Garue \\u00e0 VTT\",\"marker_id\":\"ITIAQU064V5C4N5Y\",\"commune\":\"LUCGARIER\",\"display_city\":\"1\",\"cp\":\"\",\"ad1\":\"\",\"gmapLongitude\":-0.196333,\"gmapLatitude\":43.2181,\"zone1\":null,\"telephone\":\"+33 5 59 33 62 25\",\"detail_url\":\"https:\\\/\\\/www.bearnmadiran-tourisme.fr\\\/es\\\/rutas\\\/lucgarier\\\/ITIAQU064V5C4N5Y-ruisseau-de-garue-a-vtt\\\/\",\"excerpt\":\"\\u00a1Un recorrido ideal para los d\\u00edas calurosos! En efecto, protegido por la sombra de los robles y las b\\u00f3vedas vegetales, la frescura se mantiene en este sendero muy agradable. \\u00a1La humedad de&hellip;\",\"display_excerpt\":false,\"photo\":\"https:\\\/\\\/www.bearnmadiran-tourisme.fr\\\/wp-content\\\/uploads\\\/tis\\\/PLR-Ousse-Gabas-Peio-Gaillard-Cecile-Munsch--8-.png\",\"clas\":null,\"btn_label\":\"Ver m\\u00e1s\",\"btn_class\":null,\"durable\":false,\"charte\":\"\",\"durable_label\":\"Desarrollo sostenible\",\"online_bookable\":false,\"price_from\":false,\"event_category\":\"Itineraire\",\"type\":\"vtt\",\"ititempsdif\":[\"Bicicleta de monta\\u00f1a|45 mn|F\\u00e1cil\"],\"itidistance\":\"7.8\",\"itidistance_label\":\"Distancia\",\"denivele\":\"173\",\"denivele_label\":\"Elevaci\\u00f3n\"}},{\"geometry\":{\"type\":\"Point\",\"coordinates\":[-0.191968,43.2619]},\"type\":\"Feature\",\"id\":\"ITIAQU064V5C4N7C\",\"properties\":{\"objectTypeCode\":\"ITI\",\"name\":\"Le grand tour d'Ousse Gabas \\u00e0 VTT\",\"marker_id\":\"ITIAQU064V5C4N7C\",\"commune\":\"SOUMOULOU\",\"display_city\":\"1\",\"cp\":\"\",\"ad1\":\"\",\"gmapLongitude\":-0.191968,\"gmapLatitude\":43.2619,\"zone1\":null,\"telephone\":\"+33 5 59 33 62 25\",\"detail_url\":\"https:\\\/\\\/www.bearnmadiran-tourisme.fr\\\/es\\\/rutas\\\/soumoulou\\\/ITIAQU064V5C4N7C-le-grand-tour-dousse-gabas-a-vtt\\\/\",\"excerpt\":\"Se necesita un buen entrenamiento para recorrer los casi 80 km de este recorrido. Principalmente por pista, atraviesa bosques, pueblos y sigue senderos y caminos cubiertos de hierba. La gran vuelta oscila&hellip;\",\"display_excerpt\":false,\"photo\":\"https:\\\/\\\/www.bearnmadiran-tourisme.fr\\\/wp-content\\\/uploads\\\/tis\\\/22-eslourenties-daban-randonnee-lacs-vtt-3---peio-Gaillard-Montamigo.jpg\",\"clas\":null,\"btn_label\":\"Ver m\\u00e1s\",\"btn_class\":null,\"durable\":false,\"charte\":\"\",\"durable_label\":\"Desarrollo sostenible\",\"online_bookable\":false,\"price_from\":false,\"event_category\":\"Itineraire\",\"type\":\"vtt\",\"ititempsdif\":[\"Bicicleta de monta\\u00f1a|5h|\"],\"itidistance\":\"79.5\",\"itidistance_label\":\"Distancia\",\"denivele\":\"1180\",\"denivele_label\":\"Elevaci\\u00f3n\"}},{\"geometry\":{\"type\":\"Point\",\"coordinates\":[-0.373476,43.4251]},\"type\":\"Feature\",\"id\":\"ITIAQU064V5C67UD\",\"properties\":{\"objectTypeCode\":\"ITI\",\"name\":\"Doumy : boucle des lacs\",\"marker_id\":\"ITIAQU064V5C67UD\",\"commune\":\"DOUMY\",\"display_city\":\"1\",\"cp\":\"\",\"ad1\":\"\",\"gmapLongitude\":-0.373476,\"gmapLatitude\":43.4251,\"zone1\":null,\"telephone\":\"+33 5 59 68 28 78\",\"detail_url\":\"https:\\\/\\\/www.bearnmadiran-tourisme.fr\\\/es\\\/rutas\\\/doumy\\\/ITIAQU064V5C67UD-doumy-boucle-des-lacs\\\/\",\"excerpt\":\"Con salida de Sainte-Quitterie en Bournos, este sendero deportivo y exigente es ideal para una bicicleta de monta\\u00f1a con asistencia el\\u00e9ctrica. Del lago de Balaing al lago de Ayguelongue, descubra la variedad&hellip;\",\"display_excerpt\":false,\"photo\":\"https:\\\/\\\/www.bearnmadiran-tourisme.fr\\\/wp-content\\\/uploads\\\/tis\\\/randonnee-vtt-pacheras-garlin-vic-bilh---cph-Peio-Montamigo.jpg\",\"clas\":null,\"btn_label\":\"Ver m\\u00e1s\",\"btn_class\":null,\"durable\":false,\"charte\":\"\",\"durable_label\":\"Desarrollo sostenible\",\"online_bookable\":false,\"price_from\":false,\"event_category\":\"Itineraire\",\"type\":\"vae\",\"ititempsdif\":[\"Bicicleta de monta\\u00f1a|3h30|Dif\\u00edcil\",\"|3h15|Dif\\u00edcil\"],\"itidistance\":\"42\",\"itidistance_label\":\"Distancia\",\"denivele\":\"910\",\"denivele_label\":\"Elevaci\\u00f3n\"}},{\"geometry\":{\"type\":\"Point\",\"coordinates\":[-0.413045,43.5363]},\"type\":\"Feature\",\"id\":\"ITIAQU064V5C68WE\",\"properties\":{\"objectTypeCode\":\"ITI\",\"name\":\"Arzacq-Arraziguet : les tourn\\u00e9es du Soubestre\",\"marker_id\":\"ITIAQU064V5C68WE\",\"commune\":\"ARZACQ-ARRAZIGUET\",\"display_city\":\"1\",\"cp\":\"\",\"ad1\":\"\",\"gmapLongitude\":-0.413045,\"gmapLatitude\":43.5363,\"zone1\":null,\"telephone\":\"+33 5 59 04 59 24\",\"detail_url\":\"https:\\\/\\\/www.bearnmadiran-tourisme.fr\\\/es\\\/rutas\\\/arzacq-arraziguet\\\/ITIAQU064V5C68WE-arzacq-arraziguet-les-tournees-du-soubestre\\\/\",\"excerpt\":\"Desde la bastida, esta ruta deportiva en bicicleta de monta\\u00f1a le llevar\\u00e1 al coraz\\u00f3n de las laderas del B\\u00e9arn. Sigue un tramo del lago de Arzacq, retoma el camino de Le Puy-en-Velay&hellip;\",\"display_excerpt\":false,\"photo\":\"https:\\\/\\\/www.bearnmadiran-tourisme.fr\\\/wp-content\\\/uploads\\\/tis\\\/randonnee-vtt-pacheras-garlin-vic-bilh---cph-Peio-Montamigo.jpg\",\"clas\":null,\"btn_label\":\"Ver m\\u00e1s\",\"btn_class\":null,\"durable\":false,\"charte\":\"\",\"durable_label\":\"Desarrollo sostenible\",\"online_bookable\":false,\"price_from\":false,\"event_category\":\"Itineraire\",\"type\":\"vae\",\"ititempsdif\":[\"Bicicleta de monta\\u00f1a|2h|Dif\\u00edcil\",\"|1h45|Dif\\u00edcil\"],\"itidistance\":\"26.2\",\"itidistance_label\":\"Distancia\",\"denivele\":\"620\",\"denivele_label\":\"Elevaci\\u00f3n\"}},{\"geometry\":{\"type\":\"Point\",\"coordinates\":[-0.413045,43.5363]},\"type\":\"Feature\",\"id\":\"ITIAQU064V5C68WW\",\"properties\":{\"objectTypeCode\":\"ITI\",\"name\":\"Arzacq-Arraziguet : les tourn\\u00e9es du Soubestre (grande boucle)\",\"marker_id\":\"ITIAQU064V5C68WW\",\"commune\":\"ARZACQ-ARRAZIGUET\",\"display_city\":\"1\",\"cp\":\"\",\"ad1\":\"\",\"gmapLongitude\":-0.413045,\"gmapLatitude\":43.5363,\"zone1\":null,\"telephone\":\"+33 5 59 04 59 24\",\"detail_url\":\"https:\\\/\\\/www.bearnmadiran-tourisme.fr\\\/es\\\/rutas\\\/arzacq-arraziguet\\\/ITIAQU064V5C68WW-arzacq-arraziguet-les-tournees-du-soubestre-grande-boucle\\\/\",\"excerpt\":\"Partiendo de la ciudad bastide de Arzacq, esta ruta deportiva en bicicleta de monta\\u00f1a le llevar\\u00e1 al coraz\\u00f3n de la ondulada campi\\u00f1a bearnesa. Entre vi\\u00f1edos, bosques y llanuras, bordear\\u00e1 el lago de&hellip;\",\"display_excerpt\":false,\"photo\":\"https:\\\/\\\/www.bearnmadiran-tourisme.fr\\\/wp-content\\\/uploads\\\/tis\\\/ARZACQ-3-14.JPG\",\"clas\":null,\"btn_label\":\"Ver m\\u00e1s\",\"btn_class\":null,\"durable\":false,\"charte\":\"\",\"durable_label\":\"Desarrollo sostenible\",\"online_bookable\":false,\"price_from\":false,\"event_category\":\"Itineraire\",\"type\":\"vae\",\"ititempsdif\":[\"Bicicleta de monta\\u00f1a|3h15|Dif\\u00edcil\",\"|3h|Dif\\u00edcil\"],\"itidistance\":\"43\",\"itidistance_label\":\"Distancia\",\"denivele\":\"1130\",\"denivele_label\":\"Elevaci\\u00f3n\"}},{\"geometry\":{\"type\":\"Point\",\"coordinates\":[-0.546488,43.5097]},\"type\":\"Feature\",\"id\":\"ITIAQU064V5C69E8\",\"properties\":{\"objectTypeCode\":\"ITI\",\"name\":\"Morlanne : les tourn\\u00e9es du Soubestre \\u00e0 VTT\",\"marker_id\":\"ITIAQU064V5C69E8\",\"commune\":\"MORLANNE\",\"display_city\":\"1\",\"cp\":\"\",\"ad1\":\"\",\"gmapLongitude\":-0.546488,\"gmapLatitude\":43.5097,\"zone1\":null,\"telephone\":\"+33 5 59 04 59 24\",\"detail_url\":\"https:\\\/\\\/www.bearnmadiran-tourisme.fr\\\/es\\\/rutas\\\/morlanne\\\/ITIAQU064V5C69E8-morlanne-les-tournees-du-soubestre-a-vtt\\\/\",\"excerpt\":\"Desde el encantador pueblo bearnes de Morlanne, esta ruta deportiva en bicicleta de monta\\u00f1a te lleva por las laderas de las monta\\u00f1as bearnesas. Atraviesa paisajes v\\u00edrgenes, vi\\u00f1edos en Cabidos, zonas boscosas y&hellip;\",\"display_excerpt\":false,\"photo\":\"https:\\\/\\\/www.bearnmadiran-tourisme.fr\\\/wp-content\\\/uploads\\\/tis\\\/2-portes-vic-bilh-lespourcy-randonnee-VTT---credit-peio-Gaillard-Montamigo.jpg\",\"clas\":null,\"btn_label\":\"Ver m\\u00e1s\",\"btn_class\":null,\"durable\":false,\"charte\":\"\",\"durable_label\":\"Desarrollo sostenible\",\"online_bookable\":false,\"price_from\":false,\"event_category\":\"Itineraire\",\"type\":\"vae\",\"ititempsdif\":[\"Bicicleta de monta\\u00f1a|1h30|Dif\\u00edcil\",\"|1h15|Dif\\u00edcil\"],\"itidistance\":\"19.9\",\"itidistance_label\":\"Distancia\",\"denivele\":\"615\",\"denivele_label\":\"Elevaci\\u00f3n\"}},{\"geometry\":{\"type\":\"Point\",\"coordinates\":[-0.546488,43.5097]},\"type\":\"Feature\",\"id\":\"ITIAQU064V5C69HA\",\"properties\":{\"objectTypeCode\":\"ITI\",\"name\":\"Morlanne : les tourn\\u00e9es du Soubestre \\u00e0 VTT (grande boucle) \",\"marker_id\":\"ITIAQU064V5C69HA\",\"commune\":\"MORLANNE\",\"display_city\":\"1\",\"cp\":\"\",\"ad1\":\"\",\"gmapLongitude\":-0.546488,\"gmapLatitude\":43.5097,\"zone1\":null,\"telephone\":\"+33 5 59 04 59 24\",\"detail_url\":\"https:\\\/\\\/www.bearnmadiran-tourisme.fr\\\/es\\\/rutas\\\/morlanne\\\/ITIAQU064V5C69HA-morlanne-les-tournees-du-soubestre-a-vtt-grande-boucle\\\/\",\"excerpt\":\"Partiendo del encantador pueblo bearnes de Morlanne, esta ruta deportiva en bicicleta de monta\\u00f1a le llevar\\u00e1 al coraz\\u00f3n de la ondulada campi\\u00f1a bearnesa. Entre vi\\u00f1edos, bosques y llanuras, bordear\\u00e1 el lago de&hellip;\",\"display_excerpt\":false,\"photo\":\"https:\\\/\\\/www.bearnmadiran-tourisme.fr\\\/wp-content\\\/uploads\\\/tis\\\/2-portes-vic-bilh-lespourcy-randonnee-VTT---credit-peio-Gaillard-Montamigo.jpg\",\"clas\":null,\"btn_label\":\"Ver m\\u00e1s\",\"btn_class\":null,\"durable\":false,\"charte\":\"\",\"durable_label\":\"Desarrollo sostenible\",\"online_bookable\":false,\"price_from\":false,\"event_category\":\"Itineraire\",\"type\":\"vae\",\"ititempsdif\":[\"Bicicleta de monta\\u00f1a|3h15|Dif\\u00edcil\",\"|3h|Dif\\u00edcil\"],\"itidistance\":\"43\",\"itidistance_label\":\"Distancia\",\"denivele\":\"1130\",\"denivele_label\":\"Elevaci\\u00f3n\"}}]};\n\t<\/script>\n\n\t\t\n\n<div id=\"tourinsoft-loader\">\n\t<div class=\"outer\">\n\t\t<div class=\"inner\">\n\t\t\t<div class=\"small\"><\/div>\n\t\t\t<div class=\"small\"><\/div>\n\t\t\t<div class=\"small\"><\/div>\n\t\t\t<div class=\"small\"><\/div>\n\t\t<\/div>\n\t\t<div class=\"big\">\n\t\t\t<div class=\"small\"><\/div>\n\t\t<\/div>\n\t\t<div class=\"big\">\n\t\t\t<div class=\"small\"><\/div>\n\t\t<\/div>\n\t<\/div>\n<\/div>\n\n\n<div style=\"height:50px\" aria-hidden=\"true\" class=\"wp-block-spacer\" id=\"form-results\"><\/div>\n\n\t<div class=\"py wp-block-group alignfull has-white-color has-dark-background-color has-text-color has-background\" id=\"tourisoft-search-form-container\">\n\t\t<div class=\"wp-block-group__inner-container aligncenter\">\n\t\t\t<div id=\"tourisoft-search-form\" data-elloha=\"0\">\n\t<div class=\"h3 has-white-color\" id=\"tourinsoft-nb-results\"><span id=\"nb_results\">48<\/span> <span id=\"type_results\">resultado(s)<\/span> coinciden con esta b\u00fasqueda<\/div>\n\t<form id=\"list-searchform\" action=\"\" method=\"get\" data-action=\"https:\/\/www.bearnmadiran-tourisme.fr\/es\/descubrir\/parque-de-juegos-y-de-ocios\/paseos-y-excursiones\/paseos-y-excursiones-a-orillas-del-agua\/\">\n\t\t<div id=\"visible-form-fields\">\n\t\t\t<input type=\"hidden\" id=\"bor_code\" value=\"ITI\" \/>\n\t\t\t<input type=\"hidden\" id=\"page_id\" value=\"10733\" \/>\n\t\t\t<input type=\"hidden\" name=\"search\" value=\"1\" \/>\n\t\t\t\n\t\t\t\t\t\t\t\n\t\t\t\t\t\t\n\t\t\t\t\t\t\t\t\t<input type=\"hidden\" id=\"tis_tagqualification\" name=\"tag_qualification\" value=\"\" \/>\n\t\t\t\t\t\t\t\t\t\t\t\t\t\t\t\t\n\t\t\t \n\t\t\t\t\t\t\t\t\t\t\n\t\t\t\t\t\t\t\t\t\t\t\t<div class=\"form-input\">\n\t\t\t\t\t\t\t\t\t\t\t\t<select class=\"update_search\" name=\"locomotion\" id=\"tis_loc\" data-loc=\"\" data-default_page=\"0\">\n\t\t\t\t\t\t\t<option value=\"\">Locomotion<\/option>\t\t\t\t\t\t\n\t\t\t\t\t\t\t\t\t\t\t\t\t\t\t<option value=\"\u00e0 cheval\" >\u00e0 cheval<\/option>\n\t\t\t\t\t\t\t\t\t\t\t\t\t\t\t<option value=\"\u00e0 pied\" >\u00e0 pied<\/option>\n\t\t\t\t\t\t\t\t\t\t\t\t\t\t\t<option value=\"\u00e0 v\u00e9lo\" >\u00e0 v\u00e9lo<\/option>\n\t\t\t\t\t\t\t\t\t\t\t\t\t\t\t<option value=\"\u00e0 VTT\" >\u00e0 VTT<\/option>\n\t\t\t\t\t\t\t\t\t\t\t\t\t\t\t<option value=\"\u00e0 VAE\" >\u00e0 VAE<\/option>\n\t\t\t\t\t\t\t\t\t\t\t\t\t\t\t<option value=\"avec des roulettes\" >avec des roulettes<\/option>\n\t\t\t\t\t\t\t\t\t\t\t\t\t<\/select>\n\t\t\t\t\t\t\t\t\t\t\t<\/div>\n\t\t\t\t\t\t\t\t\n\t\t\t\t\t\t\t\t\t<div class=\"form-input\">\n\t\t\t\t\t\t<select name=\"tis_dif\" class=\"update_search\" id=\"tis_dif\" data-dif=\"\">\n\t\t\t\t\t\t\t<option value=\"\">Niveau<\/option>\t\t\t\t\t\t\n\t\t\t\t\t\t\t\t\t\t\t\t\t\t\t<option value=\"Difficile\" >Difficile<\/option>\n\t\t\t\t\t\t\t\t\t\t\t\t\t\t\t<option value=\"Facile\" >Facile<\/option>\n\t\t\t\t\t\t\t\t\t\t\t\t\t\t\t<option value=\"Moyenne\" >Moyenne<\/option>\n\t\t\t\t\t\t\t\t\t\t\t\t\t\t\t<option value=\"Tr\u00e8s difficile\" >Tr\u00e8s difficile<\/option>\n\t\t\t\t\t\t\t\t\t\t\t\t\t\t\t<option value=\"Tr\u00e8s facile\" >Tr\u00e8s facile<\/option>\n\t\t\t\t\t\t\t\t\t\t\t\t\t<\/select>\n\t\t\t\t\t<\/div>\n\t\t\t\t\t\t\t\t\n\t\t\t\t\t\t\t\t\t<div class=\"form-input\">\n\t\t\t\t\t\t<select name=\"tis_tps\" class=\"update_search\" id=\"tis_tps\" data-tps=\"\">\n\t\t\t\t\t\t\t<option value=\"\">Dur\u00e9e<\/option>\t\t\t\t\t\t\n\t\t\t\t\t\t\t\t\t\t\t\t\t\t\t<option value=\"0-3\" >0-3h<\/option>\n\t\t\t\t\t\t\t\t\t\t\t\t\t\t\t<option value=\"3-5\" >3h-5h<\/option>\n\t\t\t\t\t\t\t\t\t\t\t\t\t\t\t<option value=\"5-7\" >5h-7h<\/option>\n\t\t\t\t\t\t\t\t\t\t\t\t\t\t\t<option value=\"7-999\" >+ de 7h<\/option>\n\t\t\t\t\t\t\t\t\t\t\t\t\t<\/select>\n\t\t\t\t\t<\/div>\t\t\n\t\t\t\t\t\n\t\t\t\t\n\t\t\t\t\t\t\n\t\t\t\n\t\t\t\t\t\t\t\t\t\t\t\t\t\t<input type=\"hidden\" name=\"commune\" value=\"\" id=\"city_name\" \/>\n\t\t\t\t\t\t\t\t\t\t\n\t\t\t\t\t<!-- City -- begin -->\n\t\t\t\t\t<div class=\"form-input autocomplete sc6-position-relative select-auto js-select-auto js-autocomplete\" data-autocomplete-dropdown-visible-class=\"autocomplete--results-visible\">\n\t\t\t\t\t\t<input type=\"hidden\" class=\"user_geoloc\" \/>\n\t\t\t\t\t\t<!-- select -->\n\t\t\t\t\t\t<select id=\"tis_city\" class=\"js-select-auto__select hide\" data-current_city=\"\" data-default_page=\"0\">\n\t\t\t\t\t\t\t<optgroup label=\"Ciudad\">\n\t\t\t\t\t\t\t\t<option value=\"\">Ciudad<\/option>\n\t\t\t\t\t\t\t\t<option value=\"aast\">AAST<\/option><option value=\"abere\">ABERE<\/option><option value=\"andoins\">ANDOINS<\/option><option value=\"anos\">ANOS<\/option><option value=\"anoye\">ANOYE<\/option><option value=\"argelos\">ARGELOS<\/option><option value=\"arget\">ARGET<\/option><option value=\"arricau-bordes\">ARRICAU-BORDES<\/option><option value=\"arrien\">ARRIEN<\/option><option value=\"arroses\">ARROSES<\/option><option value=\"arzacq-arraziguet\">ARZACQ-ARRAZIGUET<\/option><option value=\"astis\">ASTIS<\/option><option value=\"aubin\">AUBIN<\/option><option value=\"aubous\">AUBOUS<\/option><option value=\"auga\">AUGA<\/option><option value=\"auriac\">AURIAC<\/option><option value=\"aurions-idernes\">AURIONS-IDERNES<\/option><option value=\"aydie\">AYDIE<\/option><option value=\"baleix\">BALEIX<\/option><option value=\"baliracq-maumusson\">BALIRACQ-MAUMUSSON<\/option><option value=\"barinque\">BARINQUE<\/option><option value=\"barzun\">BARZUN<\/option><option value=\"bassillon-vauze\">BASSILLON-VAUZE<\/option><option value=\"bedeille\">BEDEILLE<\/option><option value=\"bernadets\">BERNADETS<\/option><option value=\"betracq\">BETRACQ<\/option><option value=\"boueilh-boueilho-lasque\">BOUEILH-BOUEILHO-LASQUE<\/option><option value=\"bouillon\">BOUILLON<\/option><option value=\"bournos\">BOURNOS<\/option><option value=\"buros\">BUROS<\/option><option value=\"burosse-mendousse\">BUROSSE-MENDOUSSE<\/option><option value=\"cabidos\">CABIDOS<\/option><option value=\"cadillon\">CADILLON<\/option><option value=\"carrere\">CARRERE<\/option><option value=\"castetpugon\">CASTETPUGON<\/option><option value=\"castillon-de-lembeye\">CASTILLON-DE-LEMBEYE<\/option><option value=\"caubios-loos\">CAUBIOS-LOOS<\/option><option value=\"claracq\">CLARACQ<\/option><option value=\"conchez-de-bearn\">CONCHEZ-DE-BEARN<\/option><option value=\"corbere-aberes\">CORBERE-ABERES<\/option><option value=\"cosledaa-lube-boast\">COSLEDAA-LUBE-BOAST<\/option><option value=\"coublucq\">COUBLUCQ<\/option><option value=\"crouseilles\">CROUSEILLES<\/option><option value=\"diusse\">DIUSSE<\/option><option value=\"doumy\">DOUMY<\/option><option value=\"escoubes\">ESCOUBES<\/option><option value=\"escures\">ESCURES<\/option><option value=\"eslourenties-daban\">ESLOURENTIES-DABAN<\/option><option value=\"espechede\">ESPECHEDE<\/option><option value=\"espoey\">ESPOEY<\/option><option value=\"fichous-riumayon\">FICHOUS-RIUMAYOU<\/option><option value=\"gabaston\">GABASTON<\/option><option value=\"garlede-mondebat\">GARLEDE-MONDEBAT<\/option><option value=\"garlin\">GARLIN<\/option><option value=\"garos\">GAROS<\/option><option value=\"gayon\">GAYON<\/option><option value=\"ger\">GER<\/option><option value=\"gerderest\">GERDEREST<\/option><option value=\"geus-d-arzacq\">GEUS-D&#039;ARZACQ<\/option><option value=\"gomer\">GOMER<\/option><option value=\"higueres-souye\">HIGUERES-SOUYE<\/option><option value=\"hours\">HOURS<\/option><option value=\"lalongue\">LALONGUE<\/option><option value=\"lalonquette\">LALONQUETTE<\/option><option value=\"lannecaube\">LANNECAUBE<\/option><option value=\"larreule\">LARREULE<\/option><option value=\"lascazeres\">LASCAZERES<\/option><option value=\"lasclaveries\">LASCLAVERIES<\/option><option value=\"lasserre\">LASSERRE<\/option><option value=\"lembeye\">LEMBEYE<\/option><option value=\"leme\">LEME<\/option><option value=\"lespielle\">LESPIELLE<\/option><option value=\"lespourcy\">LESPOURCY<\/option><option value=\"limendous\">LIMENDOUS<\/option><option value=\"livron\">LIVRON<\/option><option value=\"lombia\">LOMBIA<\/option><option value=\"loncon\">LONCON<\/option><option value=\"lourenties\">LOURENTIES<\/option><option value=\"louvigny\">LOUVIGNY<\/option><option value=\"luc-armau\">LUC-ARMAU<\/option><option value=\"lucarre\">LUCARRE<\/option><option value=\"lucgarier\">LUCGARIER<\/option><option value=\"lussagnet-lusson\">LUSSAGNET-LUSSON<\/option><option value=\"malaussanne\">MALAUSSANNE<\/option><option value=\"mascaraas-haron\">MASCARAAS-HARON<\/option><option value=\"maspie-lalouquere-juillacq\">MASPIE-LALONQUERE-JUILLACQ<\/option><option value=\"maucor\">MAUCOR<\/option><option value=\"mazerolles\">MAZEROLLES<\/option><option value=\"meracq\">MERACQ<\/option><option value=\"mialos\">MIALOS<\/option><option value=\"miossens-lanusse\">MIOSSENS-LANUSSE<\/option><option value=\"momas\">MOMAS<\/option><option value=\"momy\">MOMY<\/option><option value=\"monassut-audiracq\">MONASSUT-AUDIRACQ<\/option><option value=\"moncaup\">MONCAUP<\/option><option value=\"moncla\">MONCLA<\/option><option value=\"monpezat\">MONPEZAT<\/option><option value=\"mont-disse\">MONT-DISSE<\/option><option value=\"montagut\">MONTAGUT<\/option><option value=\"montardon\">MONTARDON<\/option><option value=\"morlaas\">MORLAAS<\/option><option value=\"morlanne\">MORLANNE<\/option><option value=\"mouhous\">MOUHOUS<\/option><option value=\"navailles-angos\">NAVAILLES-ANGOS<\/option><option value=\"nousty\">NOUSTY<\/option><option value=\"ouillon\">OUILLON<\/option><option value=\"peyrelongue-abos\">PEYRELONGUE-ABOS<\/option><option value=\"piets-plasence-moustrou\">PIETS-PLASENCE-MOUSTROU<\/option><option value=\"pomps\">POMPS<\/option><option value=\"ponson-dessus\">PONSON-DESSUS<\/option><option value=\"pontacq\">PONTACQ<\/option><option value=\"portet\">PORTET<\/option><option value=\"pouliacq\">POULIACQ<\/option><option value=\"poursiugues-boucoue\">POURSIUGUES-BOUCOUE<\/option><option value=\"ribarrouy\">RIBARROUY<\/option><option value=\"riupeyrous\">RIUPEYROUS<\/option><option value=\"saint-armou\">SAINT-ARMOU<\/option><option value=\"saint-castin\">SAINT-CASTIN<\/option><option value=\"saint-jammes\">SAINT-JAMMES<\/option><option value=\"saint-jean-poudge\">SAINT-JEAN-POUDGE<\/option><option value=\"saint-laurent-bretagne\">SAINT-LAURENT-BRETAGNE<\/option><option value=\"samsons-lion\">SAMSONS-LION<\/option><option value=\"saubole\">SAUBOLE<\/option><option value=\"sauvagnon\">SAUVAGNON<\/option><option value=\"seby\">SEBY<\/option><option value=\"sedze-maubecq\">SEDZE-MAUBECQ<\/option><option value=\"sedzere\">SEDZERE<\/option><option value=\"semeacq-blachon\">SEMEACQ-BLACHON<\/option><option value=\"serres-castet\">SERRES-CASTET<\/option><option value=\"serres-morlaas\">SERRES-MORLAAS<\/option><option value=\"sevignacq\">SEVIGNACQ<\/option><option value=\"simacourbe\">SIMACOURBE<\/option><option value=\"soumoulou\">SOUMOULOU<\/option><option value=\"tadousse-ussau\">TADOUSSE-USSAU<\/option><option value=\"taron-sadirac-viellenave\">TARON-SADIRAC-VIELLENAVE<\/option><option value=\"theze\">THEZE<\/option><option value=\"urost\">UROST<\/option><option value=\"uzan\">UZAN<\/option><option value=\"vialer\">VIALER<\/option><option value=\"vignes\">VIGNES<\/option><option value=\"viven\">VIVEN<\/option>\t\t\t\t\t\t\t<\/optgroup>\n\t\t\t\t\t\t\t\t\t\t\t\t\t<\/select>\n\n\t\t\t\t\t  <!-- input -->\n\t\t\t\t\t  <div class=\"select-auto__input-wrapper\">\n\t\t\t\t\t\t<input class=\"sc6-form-control js-autocomplete__input js-select-auto__input\" type=\"text\" id=\"autocomplete-input-id\" placeholder=\"Destino\" autocomplete=\"off\">\n\n\t\t\t\t\t\t<div class=\"select-auto__input-icon-wrapper\">\n\t\t\t\t\t\t  <!-- arrow sc6-icon -->\n\t\t\t\t\t\t  <svg class=\"sc6-icon\" viewBox=\"0 0 16 16\">\n\t\t\t\t\t\t\t<title>Open selection<\/title>\n\t\t\t\t\t\t\t<polyline points=\"1 5 8 12 15 5\" fill=\"none\" stroke=\"currentColor\" stroke-linecap=\"round\" stroke-linejoin=\"round\" stroke-width=\"2\" \/>\n\t\t\t\t\t\t  <\/svg>\n\n\t\t\t\t\t\t  <!-- close X sc6-icon -->\n\t\t\t\t\t\t  <button class=\"select-auto__input-btn js-select-auto__input-btn js-tab-focus\">\n\t\t\t\t\t\t\t<svg class=\"sc6-icon\" viewBox=\"0 0 16 16\">\n\t\t\t\t\t\t\t  <title>Reset selection<\/title>\n\t\t\t\t\t\t\t  <path d=\"M8,0a8,8,0,1,0,8,8A8,8,0,0,0,8,0Zm3.707,10.293a1,1,0,1,1-1.414,1.414L8,9.414,5.707,11.707a1,1,0,0,1-1.414-1.414L6.586,8,4.293,5.707A1,1,0,0,1,5.707,4.293L8,6.586l2.293-2.293a1,1,0,1,1,1.414,1.414L9.414,8Z\" \/>\n\t\t\t\t\t\t\t<\/svg>\n\t\t\t\t\t\t  <\/button>\n\t\t\t\t\t\t<\/div>\n\t\t\t\t\t  <\/div>\n\n\t\t\t\t\t  <!-- dropdown -->\n\t\t\t\t\t  <div class=\"autocomplete__results select-auto__results js-autocomplete__results\">\n\t\t\t\t\t\t<ul id=\"autocomplete1\" class=\"autocomplete__list js-autocomplete__list\">\n\t\t\t\t\t\t  <li class=\"select-auto__group-title sc6-padding-y-xs sc6-padding-x-sm sc6-color-contrast-medium autocomplete__item--is-hidden js-autocomplete__result\" data-autocomplete-template=\"optgroup\" role=\"presentation\">\n\t\t\t\t\t\t\t<span class=\"sc6-text-truncate\" data-autocomplete-label><\/span>\n\t\t\t\t\t\t  <\/li>\n\n\t\t\t\t\t\t  <li class=\"select-auto__option sc6-padding-y-xs sc6-padding-x-sm autocomplete__item--is-hidden js-autocomplete__result\" data-autocomplete-template=\"option\">\n\t\t\t\t\t\t\t<span class=\"sc6-hide\" data-autocomplete-value><\/span>\n\t\t\t\t\t\t\t<div class=\"sc6-text-truncate\" data-autocomplete-label><\/div>\n\t\t\t\t\t\t  <\/li>\n\n\t\t\t\t\t\t  <li class=\"select-auto__no-results-msg sc6-padding-y-xs sc6-padding-x-sm sc6-text-truncate autocomplete__item--is-hidden js-autocomplete__result\" data-autocomplete-template=\"no-results\" role=\"presentation\"><\/li>\n\t\t\t\t\t\t<\/ul>\n\t\t\t\t\t  <\/div>\n\t\t\t\t\t<\/div>\n\t\t\t\t\t\n\t\t\t\t\t<span class=\"userGeo\" data-form=\"list-searchform\"><\/span>\n\t\t\t\t\t\n\t\t\t\t\t<!-- City -- end -->\n\t\t\t\t\t\n\t\t\t\t\t\n\t\t\t\t\t\t\t\t\t\t\n\t\t\t\n\t\t\t\n\t\t\t<input type=\"hidden\" id=\"tis_date_from\" name=\"date_from\" value=\"\" \/>\n\t\t\t<input type=\"hidden\" id=\"tis_date_to\" name=\"date_to\" value=\"\" \/>\n\t\t\t\n\t\t\t\t\n\t\t\t\n\t\t\t\n\t\t\t\t\t\n\t\t\t\n\t\t\t\n\t\t\t<button role=\"button\" aria-pressed=\"false\" type=\"sumbit\" class=\"wp-block-button__link\" id=\"validate_form\">Buscar en<\/button>\n\t\t\t<!--<a href=\"#\" id=\"display-filters\" onclick=\"gtag('event','clic_filtre_listing',{'event_category':'Prospect','event_label':''});\">Filtros<\/a>-->\n\t\t\t\n\t\t\t\t\t\t\t<a href=\"#\" id=\"display-map\">Ver en el mapa<\/a>\n\t\t\t\t\t\t\n\t\t<\/div>\n\t\t\n\t\t<div id=\"form-filters\">\n\t\t\t<div id=\"form-filters-overlay\"><\/div>\n\t\t\t<div id=\"hidden-form-filters\">\n\t\t\t\t<div class=\"form-filters-content has-text-align-left\">\n\t\t\t\t\t<span class=\"dashicons dashicons-no-alt\" id=\"close-form-filters\"><\/span>\n\t\t\t\t\t<div class=\"h3 aligncenter\">Filtros<\/div>\n\t\t\t\t\t<hr \/>\n\t\t\t\t\t\n\t\t\t\t\t<!--<div class=\"h4\">Buscar por nombre<\/div>\n\t\t\t\t\t<div class=\"form-group\">\n\t\t\t\t\t\t<div class=\"form-input\">\n\t\t\t\t\t\t\t<input type=\"text\" name=\"tis_title\" value=\"\" placeholder=\"Nom de l'\u00e9tablissement\" \/>\n\t\t\t\t\t\t<\/div>\n\t\t\t\t\t\t<div class=\"form-input\">\n\t\t\t\t\t\t\t<button class=\"btn update_search\">Buscar en<\/button>\n\t\t\t\t\t\t<\/div>\n\t\t\t\t\t<\/div>-->\n\t\t\t\t\t\n\t\t\t\t\t\t\t\t\t\t\n\t\t\t\t\t\n\t\t\t\t\t\t\t\t\t\t\n\t\t\t\t\t\t\t\t\t\t\n\t\t\t\t\t\t\t\t\t\t\t\t\t<div class=\"h4\">Labels<\/div>\n\t\t\t\t\t\t\t<div class=\"form-group\">\n\t\t\t\t\t\t\t\t\t\t\t\t\t\t\t\t\t\t\t\t\t\t\t\t\t<div class=\"form-input \">\n\t\t\t\t\t\t\t\t\t\t<label class=\"checkbox-container\">\n\t\t\t\t\t\t\t\t\t\t\tBalade \u00e0 roulettes (BR\u00ae)\t\t\t\t\t\t\t\t\t\t\t<input type=\"checkbox\" class=\"update_search\" name=\"tis_label[]\" value=\"Balade \u00e0 roulettes (BR\u00ae)\"  \/> \n\t\t\t\t\t\t\t\t\t\t\t<span class=\"checkmark\"><\/span>\n\t\t\t\t\t\t\t\t\t\t<\/label>\n\t\t\t\t\t\t\t\t\t<\/div>\n\t\t\t\t\t\t\t\t\t\t\t\t\t\t\t\t\t\t\t\t\t\t\t\t\t\t\t\t\t\t\t\t\t\t\t<div class=\"form-input \">\n\t\t\t\t\t\t\t\t\t\t<label class=\"checkbox-container\">\n\t\t\t\t\t\t\t\t\t\t\tGR\u00ae homologu\u00e9 FFRandonn\u00e9e\t\t\t\t\t\t\t\t\t\t\t<input type=\"checkbox\" class=\"update_search\" name=\"tis_label[]\" value=\"GR\u00ae homologu\u00e9 FFRandonn\u00e9e\"  \/> \n\t\t\t\t\t\t\t\t\t\t\t<span class=\"checkmark\"><\/span>\n\t\t\t\t\t\t\t\t\t\t<\/label>\n\t\t\t\t\t\t\t\t\t<\/div>\n\t\t\t\t\t\t\t\t\t\t\t\t\t\t\t\t\t\t\t\t\t\t\t\t\t\t\t\t\t\t\t\t\t\t\t<div class=\"form-input \">\n\t\t\t\t\t\t\t\t\t\t<label class=\"checkbox-container\">\n\t\t\t\t\t\t\t\t\t\t\tFFCT\t\t\t\t\t\t\t\t\t\t\t<input type=\"checkbox\" class=\"update_search\" name=\"tis_label[]\" value=\"FFCT\"  \/> \n\t\t\t\t\t\t\t\t\t\t\t<span class=\"checkmark\"><\/span>\n\t\t\t\t\t\t\t\t\t\t<\/label>\n\t\t\t\t\t\t\t\t\t<\/div>\n\t\t\t\t\t\t\t\t\t\t\t\t\t\t\t\t\t\t\t\t\t\t\t\t\t\t\t\t\t\t\t\t\t\t\t<div class=\"form-input \">\n\t\t\t\t\t\t\t\t\t\t<label class=\"checkbox-container\">\n\t\t\t\t\t\t\t\t\t\t\tPR labellis\u00e9 FFRandonn\u00e9e\t\t\t\t\t\t\t\t\t\t\t<input type=\"checkbox\" class=\"update_search\" name=\"tis_label[]\" value=\"PR labellis\u00e9 FFRandonn\u00e9e\"  \/> \n\t\t\t\t\t\t\t\t\t\t\t<span class=\"checkmark\"><\/span>\n\t\t\t\t\t\t\t\t\t\t<\/label>\n\t\t\t\t\t\t\t\t\t<\/div>\n\t\t\t\t\t\t\t\t\t\t\t\t\t\t\t\t\t\t\t\t\t\t\t\t\t\t<span class=\"display-more\">Mostrar m\u00e1s<\/span>\n\t\t\t\t\t\t\t<\/div>\n\t\t\t\t\t\t\t\n\n\t\t\t\t\t\t<div class=\"h4\">Servicios<\/div>\n\t\t\t\t\t\t<div class=\"form-group\" id=\"services\">\n\t\t\t\t\t\t\t\t\t\t\t\t\t\t<div class=\"form-input\" id=\"checkbox-animaux\">\n\t\t\t\t\t\t\t\t<label class=\"checkbox-container\" for=\"tis_animaux\">\n\t\t\t\t\t\t\t\t\tSe admiten mascotas\t\t\t\t\t\t\t\t\t<input type=\"checkbox\" class=\"update_search\" name=\"tis_animaux\" id=\"tis_animaux\" value=\"1\"  \/>\n\t\t\t\t\t\t\t\t\t<span class=\"checkmark\"><\/span>\n\t\t\t\t\t\t\t\t<\/label>\n\t\t\t\t\t\t\t<\/div>\n\t\t\t\t\t\t\t\t\t\t\t\t\t\t<div class=\"form-input\" id=\"checkbox-handi\">\n\t\t\t\t\t\t\t\t<label class=\"checkbox-container\" for=\"tis_acceshandi\">\n\t\t\t\t\t\t\t\t\tAccesible en silla de ruedas\t\t\t\t\t\t\t\t\t<input type=\"checkbox\" class=\"update_search\" name=\"tis_acceshandi\" id=\"tis_acceshandi\"  value=\"1\" \/> \n\t\t\t\t\t\t\t\t\t<span class=\"checkmark\"><\/span>\n\t\t\t\t\t\t\t\t<\/label>\n\t\t\t\t\t\t\t<\/div>\n\t\t\t\t\t\t\t\t\t\t\t\t\t\t\t\t\t\t\t\t\t\n\t\t\t\t\t\t\t\t\t\t\t\t\t\t\t\t\t\t\t\t\t\n\t\t\t\t\t\t\t\t\t\t\t\t\t<\/div>\n\t\t\t\t\t\t\n\t\t\t\t\t\t\t\n\t\t\t\t\t\t\n\t\t\t\t\t\t\t\t\t\t\t\t\t\t\t\t\t\t\t\t\t<div class=\"h4\">Distancia<\/div>\n\t\t\t\t\t\t\t\t<div class=\"form-group\">\n\t\t\t\t\t\t\t\t\t<div class=\"form-input\">\n\t\t\t\t\t\t\t\t\t\t<select name=\"tis_itidistance\" class=\"update_search\" id=\"tis_itidistance\">\n\t\t\t\t\t\t\t\t\t\t\t<option value=\"\">Distancia<\/option>\t\t\t\t\t\t\n\t\t\t\t\t\t\t\t\t\t\t\t\t\t\t\t\t\t\t\t\t\t\t<option value=\"0-10\" >0-10km<\/option>\n\t\t\t\t\t\t\t\t\t\t\t\t\t\t\t\t\t\t\t\t\t\t\t<option value=\"10-20\" >10-20km<\/option>\n\t\t\t\t\t\t\t\t\t\t\t\t\t\t\t\t\t\t\t\t\t\t\t<option value=\"20-30\" >20-30km<\/option>\n\t\t\t\t\t\t\t\t\t\t\t\t\t\t\t\t\t\t\t\t\t\t\t<option value=\"30-999\" >+ de 30km<\/option>\n\t\t\t\t\t\t\t\t\t\t\t\t\t\t\t\t\t\t\t\t\t<\/select>\n\t\t\t\t\t\t\t\t\t<\/div>\t\t\n\t\t\t\t\t\t\t\t<\/div>\t\t\n\t\t\t\t\t\t\t\t\n\t\t\t\t\t\t\t\n\t\t\t\t\t\t\t\t\t\t\t\t\t\t\t<div class=\"h4\">Tema<\/div>\n\t\t\t\t\t\t\t\t<div class=\"form-group\">\n\t\t\t\t\t\t\t\t\t\t\t\t\t\t\t\t\t\t\t\t\t\t\t\t\t\t<div class=\"form-input \">\n\t\t\t\t\t\t\t\t\t\t<label class=\"checkbox-container\">\n\t\t\t\t\t\t\t\t\t\t\tNature (faune, flore)\t\t\t\t\t\t\t\t\t\t\t<input type=\"checkbox\" class=\"update_search\" name=\"tis_theme[]\" value=\"Nature (faune, flore)\"  \/> \n\t\t\t\t\t\t\t\t\t\t\t<span class=\"checkmark\"><\/span>\n\t\t\t\t\t\t\t\t\t\t<\/label>\n\t\t\t\t\t\t\t\t\t<\/div>\n\t\t\t\t\t\t\t\t\t\t\t\t\t\t\t\t\t\t\t\t\t\t\t\t\t\t\t\t\t\t\t\t\t\t\t<div class=\"form-input \">\n\t\t\t\t\t\t\t\t\t\t<label class=\"checkbox-container\">\n\t\t\t\t\t\t\t\t\t\t\tCulturel\t\t\t\t\t\t\t\t\t\t\t<input type=\"checkbox\" class=\"update_search\" name=\"tis_theme[]\" value=\"Culturel\"  \/> \n\t\t\t\t\t\t\t\t\t\t\t<span class=\"checkmark\"><\/span>\n\t\t\t\t\t\t\t\t\t\t<\/label>\n\t\t\t\t\t\t\t\t\t<\/div>\n\t\t\t\t\t\t\t\t\t\t\t\t\t\t\t\t\t\t\t\t\t\t\t\t\t\t\t\t\t\t\t\t\t\t\t<div class=\"form-input \">\n\t\t\t\t\t\t\t\t\t\t<label class=\"checkbox-container\">\n\t\t\t\t\t\t\t\t\t\t\tCompostelle\t\t\t\t\t\t\t\t\t\t\t<input type=\"checkbox\" class=\"update_search\" name=\"tis_theme[]\" value=\"Compostelle\"  \/> \n\t\t\t\t\t\t\t\t\t\t\t<span class=\"checkmark\"><\/span>\n\t\t\t\t\t\t\t\t\t\t<\/label>\n\t\t\t\t\t\t\t\t\t<\/div>\n\t\t\t\t\t\t\t\t\t\t\t\t\t\t\t\t\t\t\t\t\t\t\t\t\t\t\t\t\t\t\t\t\t\t\t<div class=\"form-input \">\n\t\t\t\t\t\t\t\t\t\t<label class=\"checkbox-container\">\n\t\t\t\t\t\t\t\t\t\t\tOenologique\t\t\t\t\t\t\t\t\t\t\t<input type=\"checkbox\" class=\"update_search\" name=\"tis_theme[]\" value=\"Oenologique\"  \/> \n\t\t\t\t\t\t\t\t\t\t\t<span class=\"checkmark\"><\/span>\n\t\t\t\t\t\t\t\t\t\t<\/label>\n\t\t\t\t\t\t\t\t\t<\/div>\n\t\t\t\t\t\t\t\t\t\t\t\t\t\t\t\t\t\t\t\t\t\t\t\t\t\t\t\t\t\t\t\t\t\t\t<div class=\"form-input \">\n\t\t\t\t\t\t\t\t\t\t<label class=\"checkbox-container\">\n\t\t\t\t\t\t\t\t\t\t\tHistorique\t\t\t\t\t\t\t\t\t\t\t<input type=\"checkbox\" class=\"update_search\" name=\"tis_theme[]\" value=\"Historique\"  \/> \n\t\t\t\t\t\t\t\t\t\t\t<span class=\"checkmark\"><\/span>\n\t\t\t\t\t\t\t\t\t\t<\/label>\n\t\t\t\t\t\t\t\t\t<\/div>\n\t\t\t\t\t\t\t\t\t\t\t\t\t\t\t\t\t\t\t\t\t\t\t\t\t\t\t\t\t\t\t\t\t\t\t<div class=\"form-input \">\n\t\t\t\t\t\t\t\t\t\t<label class=\"checkbox-container\">\n\t\t\t\t\t\t\t\t\t\t\tInsolite\t\t\t\t\t\t\t\t\t\t\t<input type=\"checkbox\" class=\"update_search\" name=\"tis_theme[]\" value=\"Insolite\"  \/> \n\t\t\t\t\t\t\t\t\t\t\t<span class=\"checkmark\"><\/span>\n\t\t\t\t\t\t\t\t\t\t<\/label>\n\t\t\t\t\t\t\t\t\t<\/div>\n\t\t\t\t\t\t\t\t\t\t\t\t\t\t\t\t\t\t\t\t\t\t\t\t\t\t\t\t\t\t\t\t\t\t\t<div class=\"form-input \">\n\t\t\t\t\t\t\t\t\t\t<label class=\"checkbox-container\">\n\t\t\t\t\t\t\t\t\t\t\tReligieux\t\t\t\t\t\t\t\t\t\t\t<input type=\"checkbox\" class=\"update_search\" name=\"tis_theme[]\" value=\"Religieux\"  \/> \n\t\t\t\t\t\t\t\t\t\t\t<span class=\"checkmark\"><\/span>\n\t\t\t\t\t\t\t\t\t\t<\/label>\n\t\t\t\t\t\t\t\t\t<\/div>\n\t\t\t\t\t\t\t\t\t\t\t\t\t\t\t\t\t\t\t\t\t\t\t\t\t\t\t\t\t\t\t\t\t\t\t<div class=\"form-input \">\n\t\t\t\t\t\t\t\t\t\t<label class=\"checkbox-container\">\n\t\t\t\t\t\t\t\t\t\t\tGastronomique\t\t\t\t\t\t\t\t\t\t\t<input type=\"checkbox\" class=\"update_search\" name=\"tis_theme[]\" value=\"Gastronomique\"  \/> \n\t\t\t\t\t\t\t\t\t\t\t<span class=\"checkmark\"><\/span>\n\t\t\t\t\t\t\t\t\t\t<\/label>\n\t\t\t\t\t\t\t\t\t<\/div>\n\t\t\t\t\t\t\t\t\t\t\t\t\t\t\t\t\t\t\t\t\t\t\t\t\t\t<span class=\"display-more\">Mostrar m\u00e1s<\/span>\n\t\t\t\t\t\t\t\t<\/div>\n\t\t\t\t\t\t\t\t\n\t\t\t\t\t\t\t\n\t\t\t\t\t\t\t\t\t\t\t\t\t\t\t<div class=\"h4\">Tipolog\u00eda de rutas<\/div>\n\t\t\t\t\t\t\t\t<div class=\"form-group\">\n\t\t\t\t\t\t\t\t\t\t\t\t\t\t\t\t\t\t\t\t\t\t\t\t\t\t<div class=\"form-input \">\n\t\t\t\t\t\t\t\t\t\t<label class=\"checkbox-container\">\n\t\t\t\t\t\t\t\t\t\t\tBoucle\t\t\t\t\t\t\t\t\t\t\t<input type=\"checkbox\" class=\"update_search\" name=\"tis_typoiti[]\" value=\"Boucle\"  \/>\n\t\t\t\t\t\t\t\t\t\t\t<span class=\"checkmark\"><\/span>\n\t\t\t\t\t\t\t\t\t\t<\/label>\n\t\t\t\t\t\t\t\t\t<\/div>\n\t\t\t\t\t\t\t\t\t\t\t\t\t\t\t\t\t\t\t\t\t\t\t\t\t\t\t\t\t\t\t\t\t\t\t<div class=\"form-input \">\n\t\t\t\t\t\t\t\t\t\t<label class=\"checkbox-container\">\n\t\t\t\t\t\t\t\t\t\t\tAller (itin\u00e9raire lin\u00e9aire)\t\t\t\t\t\t\t\t\t\t\t<input type=\"checkbox\" class=\"update_search\" name=\"tis_typoiti[]\" value=\"Aller (itin\u00e9raire lin\u00e9aire)\"  \/>\n\t\t\t\t\t\t\t\t\t\t\t<span class=\"checkmark\"><\/span>\n\t\t\t\t\t\t\t\t\t\t<\/label>\n\t\t\t\t\t\t\t\t\t<\/div>\n\t\t\t\t\t\t\t\t\t\t\t\t\t\t\t\t\t\t\t\t\t\t\t\t\t\t\t\t\t\t\t\t\t\t\t<div class=\"form-input \">\n\t\t\t\t\t\t\t\t\t\t<label class=\"checkbox-container\">\n\t\t\t\t\t\t\t\t\t\t\tItin\u00e9raire empruntant un GR\u00ae\t\t\t\t\t\t\t\t\t\t\t<input type=\"checkbox\" class=\"update_search\" name=\"tis_typoiti[]\" value=\"Itin\u00e9raire empruntant un GR\u00ae\"  \/>\n\t\t\t\t\t\t\t\t\t\t\t<span class=\"checkmark\"><\/span>\n\t\t\t\t\t\t\t\t\t\t<\/label>\n\t\t\t\t\t\t\t\t\t<\/div>\n\t\t\t\t\t\t\t\t\t\t\t\t\t\t\t\t\t\t\t\t\t\t\t\t\t\t\t\t\t\t\t\t\t\t\t<div class=\"form-input \">\n\t\t\t\t\t\t\t\t\t\t<label class=\"checkbox-container\">\n\t\t\t\t\t\t\t\t\t\t\tItin\u00e9raire empruntant une V\u00e9loroute\t\t\t\t\t\t\t\t\t\t\t<input type=\"checkbox\" class=\"update_search\" name=\"tis_typoiti[]\" value=\"Itin\u00e9raire empruntant une V\u00e9loroute\"  \/>\n\t\t\t\t\t\t\t\t\t\t\t<span class=\"checkmark\"><\/span>\n\t\t\t\t\t\t\t\t\t\t<\/label>\n\t\t\t\t\t\t\t\t\t<\/div>\n\t\t\t\t\t\t\t\t\t\t\t\t\t\t\t\t\t\t\t\t\t\t\t\t\t\t\t\t\t\t\t\t\t\t\t<div class=\"form-input \">\n\t\t\t\t\t\t\t\t\t\t<label class=\"checkbox-container\">\n\t\t\t\t\t\t\t\t\t\t\tSentier d&#8217;interpr\u00e9tation\t\t\t\t\t\t\t\t\t\t\t<input type=\"checkbox\" class=\"update_search\" name=\"tis_typoiti[]\" value=\"Sentier d'interpr\u00e9tation\"  \/>\n\t\t\t\t\t\t\t\t\t\t\t<span class=\"checkmark\"><\/span>\n\t\t\t\t\t\t\t\t\t\t<\/label>\n\t\t\t\t\t\t\t\t\t<\/div>\n\t\t\t\t\t\t\t\t\t\t\t\t\t\t\t\t\t\t\t\t\t\t\t\t\t\t\t\t\t\t\t\t\t\t\t<div class=\"form-input \">\n\t\t\t\t\t\t\t\t\t\t<label class=\"checkbox-container\">\n\t\t\t\t\t\t\t\t\t\t\tAller-retour\t\t\t\t\t\t\t\t\t\t\t<input type=\"checkbox\" class=\"update_search\" name=\"tis_typoiti[]\" value=\"Aller-retour\"  \/>\n\t\t\t\t\t\t\t\t\t\t\t<span class=\"checkmark\"><\/span>\n\t\t\t\t\t\t\t\t\t\t<\/label>\n\t\t\t\t\t\t\t\t\t<\/div>\n\t\t\t\t\t\t\t\t\t\t\t\t\t\t\t\t\t\t\t\t\t\t\t\t\t\t\t\t\t\t\t\t\t\t\t<div class=\"form-input \">\n\t\t\t\t\t\t\t\t\t\t<label class=\"checkbox-container\">\n\t\t\t\t\t\t\t\t\t\t\tItin\u00e9raire empruntant une Route \u00e9questre\t\t\t\t\t\t\t\t\t\t\t<input type=\"checkbox\" class=\"update_search\" name=\"tis_typoiti[]\" value=\"Itin\u00e9raire empruntant une Route \u00e9questre\"  \/>\n\t\t\t\t\t\t\t\t\t\t\t<span class=\"checkmark\"><\/span>\n\t\t\t\t\t\t\t\t\t\t<\/label>\n\t\t\t\t\t\t\t\t\t<\/div>\n\t\t\t\t\t\t\t\t\t\t\t\t\t\t\t\t\t\t\t\t\t\t\t\t\t\t<span class=\"display-more\">Mostrar m\u00e1s<\/span>\n\t\t\t\t\t\t\t\t<\/div>\n\t\t\t\t\t\t\t\t\n\t\t\t\t\t\t\t\n\t\t\t\t\t\t\t\t\t\t\t\t\t\t\t<div class=\"h4\">P\u00fablico<\/div>\n\t\t\t\t\t\t\t\t<div class=\"form-group\">\n\t\t\t\t\t\t\t\t\t\t\t\t\t\t\t\t\t\t\t\t\t\t\t\t\t\t<div class=\"form-input \">\n\t\t\t\t\t\t\t\t\t\t<label class=\"checkbox-container\">\n\t\t\t\t\t\t\t\t\t\t\tFamille\t\t\t\t\t\t\t\t\t\t\t<input type=\"checkbox\" class=\"update_search\" name=\"tis_publiciti[]\" value=\"Famille\"  \/>\n\t\t\t\t\t\t\t\t\t\t\t<span class=\"checkmark\"><\/span>\n\t\t\t\t\t\t\t\t\t\t<\/label>\n\t\t\t\t\t\t\t\t\t<\/div>\n\t\t\t\t\t\t\t\t\t\t\t\t\t\t\t\t\t\t\t\t\t\t\t\t\t\t\t\t\t\t\t\t\t\t\t<div class=\"form-input \">\n\t\t\t\t\t\t\t\t\t\t<label class=\"checkbox-container\">\n\t\t\t\t\t\t\t\t\t\t\tPersonnes \u00e0 mobilit\u00e9 r\u00e9duite\t\t\t\t\t\t\t\t\t\t\t<input type=\"checkbox\" class=\"update_search\" name=\"tis_publiciti[]\" value=\"Personnes \u00e0 mobilit\u00e9 r\u00e9duite\"  \/>\n\t\t\t\t\t\t\t\t\t\t\t<span class=\"checkmark\"><\/span>\n\t\t\t\t\t\t\t\t\t\t<\/label>\n\t\t\t\t\t\t\t\t\t<\/div>\n\t\t\t\t\t\t\t\t\t\t\t\t\t\t\t\t\t\t\t\t\t\t\t\t\t\t\t\t\t\t\t\t\t\t\t<div class=\"form-input \">\n\t\t\t\t\t\t\t\t\t\t<label class=\"checkbox-container\">\n\t\t\t\t\t\t\t\t\t\t\tTous publics\t\t\t\t\t\t\t\t\t\t\t<input type=\"checkbox\" class=\"update_search\" name=\"tis_publiciti[]\" value=\"Tous publics\"  \/>\n\t\t\t\t\t\t\t\t\t\t\t<span class=\"checkmark\"><\/span>\n\t\t\t\t\t\t\t\t\t\t<\/label>\n\t\t\t\t\t\t\t\t\t<\/div>\n\t\t\t\t\t\t\t\t\t\t\t\t\t\t\t\t\t\t\t\t\t\t\t\t\t\t\t\t\t\t\t\t\t\t\t<div class=\"form-input \">\n\t\t\t\t\t\t\t\t\t\t<label class=\"checkbox-container\">\n\t\t\t\t\t\t\t\t\t\t\tSportifs\t\t\t\t\t\t\t\t\t\t\t<input type=\"checkbox\" class=\"update_search\" name=\"tis_publiciti[]\" value=\"Sportifs\"  \/>\n\t\t\t\t\t\t\t\t\t\t\t<span class=\"checkmark\"><\/span>\n\t\t\t\t\t\t\t\t\t\t<\/label>\n\t\t\t\t\t\t\t\t\t<\/div>\n\t\t\t\t\t\t\t\t\t\t\t\t\t\t\t\t\t\t\t\t\t\t\t\t\t\t\t\t\t\t\t\t\t\t\t<div class=\"form-input \">\n\t\t\t\t\t\t\t\t\t\t<label class=\"checkbox-container\">\n\t\t\t\t\t\t\t\t\t\t\tFamille avec poussette\t\t\t\t\t\t\t\t\t\t\t<input type=\"checkbox\" class=\"update_search\" name=\"tis_publiciti[]\" value=\"Famille avec poussette\"  \/>\n\t\t\t\t\t\t\t\t\t\t\t<span class=\"checkmark\"><\/span>\n\t\t\t\t\t\t\t\t\t\t<\/label>\n\t\t\t\t\t\t\t\t\t<\/div>\n\t\t\t\t\t\t\t\t\t\t\t\t\t\t\t\t\t\t\t\t\t\t\t\t\t\t<span class=\"display-more\">Mostrar m\u00e1s<\/span>\n\t\t\t\t\t\t\t\t<\/div>\n\t\t\t\t\t\t\t\t\t\t\t\t\t\t\n\t\t\t\t\t\t<!--\t<div class=\"h4\">Tipo<\/div>\n\t\t\t\t\t\t\t<div class=\"form-group\">\n\t\t\t\t\t\t\t\t<div class=\"form-input\">\n\t\t\t\t\t\t\t\t\t<select name=\"tis_type\" class=\"update_search\" id=\"tis_type\" data-type=\"\">\n\t\t\t\t\t\t\t\t\t\t<option value=\"\">Type<\/option>\t\t\t\t\t\t\n\t\t\t\t\t\t\t\t\t\t\t\t\t\t\t\t\t\t\t\t\t<option value=\"Equestre\" >Equestre<\/option>\n\t\t\t\t\t\t\t\t\t\t\t\t\t\t\t\t\t\t\t\t\t<option value=\"Itin\u00e9raire adapt\u00e9\" >Itin\u00e9raire adapt\u00e9<\/option>\n\t\t\t\t\t\t\t\t\t\t\t\t\t\t\t\t\t\t\t\t\t<option value=\"P\u00e9destre\" >P\u00e9destre<\/option>\n\t\t\t\t\t\t\t\t\t\t\t\t\t\t\t\t\t\t\t\t\t<option value=\"VTT\" >VTT<\/option>\n\t\t\t\t\t\t\t\t\t\t\t\t\t\t\t\t\t\t\t\t\t<option value=\"VAE\" >VAE<\/option>\n\t\t\t\t\t\t\t\t\t\t\t\t\t\t\t\t\t\t\t\t\t<option value=\"V\u00e9lo\" >V\u00e9lo<\/option>\n\t\t\t\t\t\t\t\t\t\t\t\t\t\t\t\t\t\t\t<\/select>\n\t\t\t\t\t\t\t\t<\/div>\n\t\t\t\t\t\t\t<\/div>-->\n\t\t\t\t\t\t\t\n\t\t\t\t\t\t\n\t\t\t\t\t\t\t\t\t\t\t\n\t\t\t\t\t\t\t\t\t\t\n\t\t\t\t\t\n\t\t\t\t\n\t\t\t\t\t\t\n\t\t\t\t\t\t\t\t\t\t\n\t\t\t\t\t<div class=\"wp-block-buttons\">\n\t\t\t\t\t\t\t\t\t\t\t\t\t<button role=\"button\" aria-pressed=\"false\" type=\"sumbit\" class=\"wp-block-button__link\">Mostrar resultados<\/button>\n\t\t\t\t\t\t\t\t\t\t\t<\/div>\n\t\t\t\t<\/div>\n\t\t\t<\/div>\n\t\t<\/div>\n\t\t\n\t<\/form>\n<\/div>\t\t\t<\/div>\n\t<\/div>\n\n<div id=\"tourinsoft-list\" class=\"py wp-block-group alignfull has-light-grey-background-color has-background\">\n\t<div class=\"tourinsoft-map-container\">\n\t\t<div id=\"tourinsoft-result-list\">\n\t\t\t\t\t\t<div id=\"tourinsoft-result-header\">\n\t\t\t\t<div id=\"tourinsoft-result-title\">\n\t\t\t\t\t\t\t\t\t\t\t<h3>Itin\u00e9raires<\/h3>\n\t\t\t\t\t\t\t\t\t\t \/ <span id=\"tourinsoft-nb-results\"><span id=\"nb_results\">48<\/span> resultado(s)<\/span>\t\t\t\t<\/div>\n\t\t\t\t\n\t\t\t\t\n\t\t\t\t\t\t\t\t\n\t\t\t\t<!--<a href=\"#\" id=\"display-filters\" onclick=\"gtag('event','clic_filtre_listing',{'event_category':'Prospect','event_label':''});\">-->\n\t\t\t\t\t\t\t\t<div class=\"filters-container\">\n\t\t\t\t\t<a href=\"#\" id=\"display-filters\">\n\t\t\t\t\t\tFiltros\t\t\t\t\t\t<span id=\"nb_filters\">0<\/span>\n\t\t\t\t\t<\/a>\n\t\t\t\t\t\t\t\t\t\t\t<div id=\"filter-title\">\n\t\t\t\t\t\t\t<input type=\"search\" form=\"list-searchform\" name=\"tis_title\" value=\"\" placeholder=\"Denominaci\u00f3n de la oferta\" \/>\n\t\t\t\t\t\t\t<button type=\"submit\" form=\"list-searchform\"><img decoding=\"async\" src=\"https:\/\/www.bearnmadiran-tourisme.fr\/wp-content\/plugins\/tourinsoft-syndication\/assets\/images\/icon-search.svg\" alt=\"Buscar en\" title=\"Buscar en\" \/><\/button>\n\t\t\t\t\t\t<\/div>\n\t\t\t\t\t\t\t\t\t\t\t\n\t\t\t\t\t<div class=\"wp-block-buttons wp-block-buttons-is-layout-flex filters-list\">\n\t\t\t\t\t\t\t\t\t\t<\/div>\n\t\t\t\t<\/div>\t\n\t\t\t\t\t\t\t<\/div>\n\t\t\t\t\t\t<div id=\"tourinsoft-result-container\" data-nb_results=\"6\">\n\t\t\t\n\t\t\t\t\t\t\t\t<div id=\"js-marker-result\" class=\"grid-mode\" >\n\t\t\t\t\t\n\t\t\t\t\t\t\t\t\t<\/div>\n\t\t\t<\/div>\n\t\t<\/div>\n\t\t<div id=\"tourinsoft-map\"  data-marker=\"https:\/\/www.bearnmadiran-tourisme.fr\/wp-content\/plugins\/tourinsoft-syndication\/assets\/images\/map-marker.png\" data-lat=\"43.29510117\" data-lng=\"-0.37079701\" data-zoom=\"10\"><\/div>\n\t<\/div>\n<\/div>\n\n\n<div style=\"height:50px\" aria-hidden=\"true\" class=\"wp-block-spacer\"><\/div>\n\n<\/div>\n\n<section class=\"wp-block-group alignfull animated fadeIn slow is-style-map\"><div class=\"wp-block-group__inner-container is-layout-constrained wp-block-group-is-layout-constrained\">\n<h2 class=\"wp-block-heading has-text-align-center\">Ruta de los lagos<\/h2>\n<\/div><\/section>\n\n<p class=\"has-text-align-left wp-block-paragraph\">Rodeados de senderos, estos 10 lagos situados en las colinas ofrecen un entorno ideal para dar paseos tranquilos a pie o en bici con la familia y disfrutar al m\u00e1ximo de actividades deportivas en plena naturaleza.<\/p>\n\n<div style=\"height:41px\" aria-hidden=\"true\" class=\"wp-block-spacer\"><\/div>\n<div id=\"ts-block-67d052d6265df\"  class=\"is-style-grid\">\n\t<div class=\"swiper-container tis_item_box-swiper\"><div data-block_id=\"ts-block-67d052d6265df\" class=\"tis_item_box_container  columns-3  with-slide slide-ts-block-67d052d6265df\"><div class=\"swiper-wrapper\" data-nb_col=\"3\" id=\"ts-block-67d052d6265df\"><article class=\"tis-box swiper-slide \">\r\n\t<a href=\"https:\/\/www.bearnmadiran-tourisme.fr\/es\/rutas\/eslourenties-daban\/ITIAQU064FS0001D-eslourenties-daban-le-lac-du-gabas\/\">\r\n\t\t<div class=\"tis-item-cover\" >\r\n\t\t\t\t\t\t\t\t\t\t\t<img decoding=\"async\" src=\"https:\/\/www.bearnmadiran-tourisme.fr\/wp-content\/uploads\/tis\/eslourenties-Lac-Gabas---Pascal-Le-Doare-Studio-764-0188-3.png\" title=\"Eslourenties-Daban : le lac du Gabas\" alt=\"Eslourenties-Daban : le lac du Gabas\" \/>\r\n\t\t\t\t\t\t\t\t\t<div class=\"tis-item-label-container\">\r\n\t\t\t\t\t\t\t<!--<span class=\"tis-item-handicap\"><img decoding=\"async\" src=\"https:\/\/www.bearnmadiran-tourisme.fr\/wp-content\/plugins\/tourinsoft-syndication\/assets\/images\/icon-handicap.svg\" title=\"\" alt=\"\" \/><\/span>-->\r\n\t\t\t\t\t\t\t\t\t<\/div>\r\n\t\t\t\t\t\t\r\n\t\t\t\t\t\t\r\n\t\t\t\t\t<\/div>\r\n\t\t\t\t\t\t\t<h3>Eslourenties-Daban : le lac du Gabas<\/h3>\r\n\t\t\t\t\t\t\t\r\n\t<\/a>\r\n\t\r\n\t<p>Es cierto que el lago es artificial, pero el hombre y la naturaleza son capaces de armonizarse Este bucle sorprende por su variedad de paisajes, atm\u00f3sferas y mundos. A pie o en&hellip;<\/p>\t<strong class=\"tis-box-city\">ESLOURENTIES-DABAN<\/strong>\t\r\n\t\t\t\t<\/article><article class=\"tis-box swiper-slide \">\r\n\t<a href=\"https:\/\/www.bearnmadiran-tourisme.fr\/es\/rutas\/navailles-angos\/ITIAQU064V5AKZP4-navailles-angos-tour-du-lac-du-balaing-petite-boucle\/\">\r\n\t\t<div class=\"tis-item-cover\" >\r\n\t\t\t\t\t\t\t\t\t\t\t<img decoding=\"async\" src=\"https:\/\/www.bearnmadiran-tourisme.fr\/wp-content\/uploads\/tis\/Tour-du-lac-du-Balanh-1440x1080.jpg\" title=\"Navailles-Angos : tour du lac du Balaing (petite boucle)\" alt=\"Navailles-Angos : tour du lac du Balaing (petite boucle)\" \/>\r\n\t\t\t\t\t\t\t\t\t<div class=\"tis-item-label-container\">\r\n\t\t\t\t\t\t\t<!--<span class=\"tis-item-handicap\"><img decoding=\"async\" src=\"https:\/\/www.bearnmadiran-tourisme.fr\/wp-content\/plugins\/tourinsoft-syndication\/assets\/images\/icon-handicap.svg\" title=\"\" alt=\"\" \/><\/span>-->\r\n\t\t\t\t\t\t\t\t\t<\/div>\r\n\t\t\t\t\t\t\r\n\t\t\t\t\t\t\r\n\t\t\t\t\t<\/div>\r\n\t\t\t\t\t\t\t<h3>Navailles-Angos : tour du lac du Balaing (petite boucle)<\/h3>\r\n\t\t\t\t\t\t\t\r\n\t<\/a>\r\n\t\r\n\t<p>Se trata de un tranquilo paseo por las orillas del lago m\u00e1s grande de nuestra regi\u00f3n. Hay poco ruido en este valle y la avifauna lacustre es abundante. T\u00f3mese su tiempo para&hellip;<\/p>\t<strong class=\"tis-box-city\">NAVAILLES-ANGOS<\/strong>\t\r\n\t\t\t\t<\/article><article class=\"tis-box swiper-slide \">\r\n\t<a href=\"https:\/\/www.bearnmadiran-tourisme.fr\/es\/descubrir\/actividades\/bassillon-vauze\/LOIAQU064V505K6B-lac\/\">\r\n\t\t<div class=\"tis-item-cover\" >\r\n\t\t\t\t\t\t\t\t\t\t\t<img decoding=\"async\" src=\"https:\/\/www.bearnmadiran-tourisme.fr\/wp-content\/uploads\/tis\/Lac-de-Bassillon---Bassillon-Vauze---cph-SMT-NB--29--2.jpg\" title=\"Lac\" alt=\"Lac\" \/>\r\n\t\t\t\t\t\t\t\t\t<div class=\"tis-item-label-container\">\r\n\t\t\t\t\t\t\t<!--<span class=\"tis-item-handicap\"><img decoding=\"async\" src=\"https:\/\/www.bearnmadiran-tourisme.fr\/wp-content\/plugins\/tourinsoft-syndication\/assets\/images\/icon-handicap.svg\" title=\"\" alt=\"\" \/><\/span>-->\r\n\t\t\t\t\t\t\t\t\t<\/div>\r\n\t\t\t\t\t\t\r\n\t\t\t\t\t\t\r\n\t\t\t\t\t<\/div>\r\n\t\t\t\t\t\t\t<h3>Lac<\/h3>\r\n\t\t\t\t\t\t\t\r\n\t<\/a>\r\n\t\r\n\t<p>En los vi\u00f1edos de Madiran y Pacherenc du Vic-Bilh, el lago de 40 ha de Bassillon-Vauz\u00e9 est\u00e1 situado en un rinc\u00f3n tranquilo del campo. A la entrada del lago hay una zona&hellip;<\/p>\t<strong class=\"tis-box-city\">BASSILLON-VAUZE<\/strong>\t\r\n\t\t\t\t<\/article><article class=\"tis-box swiper-slide \">\r\n\t<a href=\"https:\/\/www.bearnmadiran-tourisme.fr\/es\/descubrir\/actividades\/cadillon\/LOIAQU064V505KRV-lac\/\">\r\n\t\t<div class=\"tis-item-cover\" >\r\n\t\t\t\t\t\t\t\t\t\t\t<img decoding=\"async\" src=\"https:\/\/www.bearnmadiran-tourisme.fr\/wp-content\/uploads\/tis\/Cadillon---Lac-de-Cadillon-SMT-9-juil-2025--32-.JPG\" title=\"Lac \" alt=\"Lac \" \/>\r\n\t\t\t\t\t\t\t\t\t<div class=\"tis-item-label-container\">\r\n\t\t\t\t\t\t\t<!--<span class=\"tis-item-handicap\"><img decoding=\"async\" src=\"https:\/\/www.bearnmadiran-tourisme.fr\/wp-content\/plugins\/tourinsoft-syndication\/assets\/images\/icon-handicap.svg\" title=\"\" alt=\"\" \/><\/span>-->\r\n\t\t\t\t\t\t\t\t\t<\/div>\r\n\t\t\t\t\t\t\r\n\t\t\t\t\t\t\r\n\t\t\t\t\t<\/div>\r\n\t\t\t\t\t\t\t<h3>Lac <\/h3>\r\n\t\t\t\t\t\t\t\r\n\t<\/a>\r\n\t\r\n\t<p>En los vi\u00f1edos de Madiran y Pacherenc du Vic-Bilh, el lago Cadillon tiene una superficie de 17 ha. Es el hogar de muchos depredadores como el lucioperca, la perca y el bagre&hellip;<\/p>\t<strong class=\"tis-box-city\">CADILLON<\/strong>\t\r\n\t\t\t\t<\/article><article class=\"tis-box swiper-slide \">\r\n\t<a href=\"https:\/\/www.bearnmadiran-tourisme.fr\/es\/descubrir\/actividades\/garlin\/LOIAQU064V505KTL-lac-du-gabassot\/\">\r\n\t\t<div class=\"tis-item-cover\" >\r\n\t\t\t\t\t\t\t\t\t\t\t<img decoding=\"async\" src=\"https:\/\/www.bearnmadiran-tourisme.fr\/wp-content\/uploads\/tis\/lac-garlin-gabassot-vic-bilh-credit-photo-guide-bearn-pyrenees---Copie.jpg\" title=\"Lac du Gabassot\" alt=\"Lac du Gabassot\" \/>\r\n\t\t\t\t\t\t\t\t\t<div class=\"tis-item-label-container\">\r\n\t\t\t\t\t\t\t<!--<span class=\"tis-item-handicap\"><img decoding=\"async\" src=\"https:\/\/www.bearnmadiran-tourisme.fr\/wp-content\/plugins\/tourinsoft-syndication\/assets\/images\/icon-handicap.svg\" title=\"\" alt=\"\" \/><\/span>-->\r\n\t\t\t\t\t\t\t\t\t<\/div>\r\n\t\t\t\t\t\t\r\n\t\t\t\t\t\t\r\n\t\t\t\t\t<\/div>\r\n\t\t\t\t\t\t\t<h3>Lac du Gabassot<\/h3>\r\n\t\t\t\t\t\t\t\r\n\t<\/a>\r\n\t\r\n\t<p>Situado en Garlin, Lac du Gabassot tiene una superficie de 45 ha. Tiene una poblaci\u00f3n muy grande de lucioperca y perca. Tambi\u00e9n alberga muchas carpas. Se permite la pesca en barco (convenci\u00f3n&hellip;<\/p>\t<strong class=\"tis-box-city\">GARLIN<\/strong>\t\r\n\t\t\t\t<\/article><article class=\"tis-box swiper-slide \">\r\n\t<a href=\"https:\/\/www.bearnmadiran-tourisme.fr\/es\/rutas\/arzacq-arraziguet\/ITIAQU064V5BNC44-arzacq-arraziguet-tour-du-lac\/\">\r\n\t\t<div class=\"tis-item-cover\" >\r\n\t\t\t\t\t\t\t\t\t\t\t<img decoding=\"async\" src=\"https:\/\/www.bearnmadiran-tourisme.fr\/wp-content\/uploads\/tis\/ARZACQ-1-12.JPG\" title=\"Arzacq-Arraziguet : tour du lac\" alt=\"Arzacq-Arraziguet : tour du lac\" \/>\r\n\t\t\t\t\t\t\t\t\t<div class=\"tis-item-label-container\">\r\n\t\t\t\t\t\t\t<!--<span class=\"tis-item-handicap\"><img decoding=\"async\" src=\"https:\/\/www.bearnmadiran-tourisme.fr\/wp-content\/plugins\/tourinsoft-syndication\/assets\/images\/icon-handicap.svg\" title=\"\" alt=\"\" \/><\/span>-->\r\n\t\t\t\t\t\t\t\t\t<\/div>\r\n\t\t\t\t\t\t\r\n\t\t\t\t\t\t\r\n\t\t\t\t\t<\/div>\r\n\t\t\t\t\t\t\t<h3>Arzacq-Arraziguet : tour du lac<\/h3>\r\n\t\t\t\t\t\t\t\r\n\t<\/a>\r\n\t\r\n\t<p>El lago de Arzacq, de 20 hect\u00e1reas, se utiliza con fines agr\u00edcolas (regad\u00edo). La parte norte\/noroeste del lago est\u00e1 dedicada al ocio, el descanso y la pesca, con un camino de grava&hellip;<\/p>\t<strong class=\"tis-box-city\">ARZACQ-ARRAZIGUET<\/strong>\t\r\n\t\t\t\t<\/article><article class=\"tis-box swiper-slide \">\r\n\t<a href=\"https:\/\/www.bearnmadiran-tourisme.fr\/es\/descubrir\/actividades\/castillon-canton-de-lembeye\/LOIAQU064V505KSU-lac\/\">\r\n\t\t<div class=\"tis-item-cover\" >\r\n\t\t\t\t\t\t\t\t\t\t\t<img decoding=\"async\" src=\"https:\/\/www.bearnmadiran-tourisme.fr\/wp-content\/uploads\/tis\/Lac-de-Castillon-2-2.jpg\" title=\"Lac\" alt=\"Lac\" \/>\r\n\t\t\t\t\t\t\t\t\t<div class=\"tis-item-label-container\">\r\n\t\t\t\t\t\t\t<!--<span class=\"tis-item-handicap\"><img decoding=\"async\" src=\"https:\/\/www.bearnmadiran-tourisme.fr\/wp-content\/plugins\/tourinsoft-syndication\/assets\/images\/icon-handicap.svg\" title=\"\" alt=\"\" \/><\/span>-->\r\n\t\t\t\t\t\t\t\t\t<\/div>\r\n\t\t\t\t\t\t\r\n\t\t\t\t\t\t\r\n\t\t\t\t\t<\/div>\r\n\t\t\t\t\t\t\t<h3>Lac<\/h3>\r\n\t\t\t\t\t\t\t\r\n\t<\/a>\r\n\t\r\n\t<p>Situado en los vi\u00f1edos de Madiran y Pacherenc du Vic-Bilh, el lago Castillon-de-Lembeye tiene una superficie de 7 ha. Esta masa de agua est\u00e1 muy poblada de cipr\u00ednidos (carpa, cucaracha y rat\u00e1n)&hellip;<\/p>\t<strong class=\"tis-box-city\">CASTILLON (CANTON DE LEMBEYE)<\/strong>\t\r\n\t\t\t\t<\/article><article class=\"tis-box swiper-slide \">\r\n\t<a href=\"https:\/\/www.bearnmadiran-tourisme.fr\/es\/descubrir\/actividades\/corbere-aberes\/LOIAQU064V505KTA-lac-de-corbere-aberes-lembeye\/\">\r\n\t\t<div class=\"tis-item-cover\" >\r\n\t\t\t\t\t\t\t\t\t\t\t<img decoding=\"async\" src=\"https:\/\/www.bearnmadiran-tourisme.fr\/wp-content\/uploads\/tis\/Lac-de-Corbere-Aberes-1.JPG\" title=\"Lac de Corb\u00e8re-Ab\u00e8res\/Lembeye\" alt=\"Lac de Corb\u00e8re-Ab\u00e8res\/Lembeye\" \/>\r\n\t\t\t\t\t\t\t\t\t<div class=\"tis-item-label-container\">\r\n\t\t\t\t\t\t\t<!--<span class=\"tis-item-handicap\"><img decoding=\"async\" src=\"https:\/\/www.bearnmadiran-tourisme.fr\/wp-content\/plugins\/tourinsoft-syndication\/assets\/images\/icon-handicap.svg\" title=\"\" alt=\"\" \/><\/span>-->\r\n\t\t\t\t\t\t\t\t\t<\/div>\r\n\t\t\t\t\t\t\r\n\t\t\t\t\t\t\r\n\t\t\t\t\t<\/div>\r\n\t\t\t\t\t\t\t<h3>Lac de Corb\u00e8re-Ab\u00e8res\/Lembeye<\/h3>\r\n\t\t\t\t\t\t\t\r\n\t<\/a>\r\n\t\r\n\t<p>En los vi\u00f1edos de Madiran y Pacherenc du Vic-Bilh, el lago Corb\u00e8re-Ab\u00e8res tiene una superficie de 22 ha. Es el hogar de muchas carpas de 4 a 6 kg. Autoriza la pesca&hellip;<\/p>\t<strong class=\"tis-box-city\">CORBERE-ABERES<\/strong>\t\r\n\t\t\t\t<\/article><article class=\"tis-box swiper-slide \">\r\n\t<a href=\"https:\/\/www.bearnmadiran-tourisme.fr\/es\/rutas\/serres-castet\/ITIAQU064V5AKYVZ-serres-castet-tour-du-lac\/\">\r\n\t\t<div class=\"tis-item-cover\" >\r\n\t\t\t\t\t\t\t\t\t\t\t<img decoding=\"async\" src=\"https:\/\/www.bearnmadiran-tourisme.fr\/wp-content\/uploads\/tis\/lac-Serres-Castet-tourisme-nord-bearn-madiran.JPG\" title=\"SERRES-CASTET : tour du lac\" alt=\"SERRES-CASTET : tour du lac\" \/>\r\n\t\t\t\t\t\t\t\t\t<div class=\"tis-item-label-container\">\r\n\t\t\t\t\t\t\t<!--<span class=\"tis-item-handicap\"><img decoding=\"async\" src=\"https:\/\/www.bearnmadiran-tourisme.fr\/wp-content\/plugins\/tourinsoft-syndication\/assets\/images\/icon-handicap.svg\" title=\"\" alt=\"\" \/><\/span>-->\r\n\t\t\t\t\t\t\t\t\t<\/div>\r\n\t\t\t\t\t\t\r\n\t\t\t\t\t\t\r\n\t\t\t\t\t<\/div>\r\n\t\t\t\t\t\t\t<h3>SERRES-CASTET : tour du lac<\/h3>\r\n\t\t\t\t\t\t\t\r\n\t<\/a>\r\n\t\r\n\t<p>En un valle tranquilo, esta corta caminata, ideal para familias con ni\u00f1os, le lleva a rodear el lago de Serres-Castet. Aprovechando todas las orientaciones, contemplar\u00e1 m\u00faltiples juegos de luz sobre el tramo&hellip;<\/p>\t<strong class=\"tis-box-city\">SERRES-CASTET<\/strong>\t\r\n\t\t\t\t<\/article><article class=\"tis-box swiper-slide \">\r\n\t<a href=\"https:\/\/www.bearnmadiran-tourisme.fr\/es\/rutas\/momas\/ITIAQU064V5BHN0U-momas-tour-du-lac-de-layguelongue\/\">\r\n\t\t<div class=\"tis-item-cover\" >\r\n\t\t\t\t\t\t\t\t\t\t\t<img decoding=\"async\" src=\"https:\/\/www.bearnmadiran-tourisme.fr\/wp-content\/uploads\/tis\/MAE028-1-2.JPG\" title=\"Momas : Tour du lac de l'Ayguelongue\" alt=\"Momas : Tour du lac de l'Ayguelongue\" \/>\r\n\t\t\t\t\t\t\t\t\t<div class=\"tis-item-label-container\">\r\n\t\t\t\t\t\t\t<!--<span class=\"tis-item-handicap\"><img decoding=\"async\" src=\"https:\/\/www.bearnmadiran-tourisme.fr\/wp-content\/plugins\/tourinsoft-syndication\/assets\/images\/icon-handicap.svg\" title=\"\" alt=\"\" \/><\/span>-->\r\n\t\t\t\t\t\t\t\t\t<\/div>\r\n\t\t\t\t\t\t\r\n\t\t\t\t\t\t\r\n\t\t\t\t\t<\/div>\r\n\t\t\t\t\t\t\t<h3>Momas : Tour du lac de l&#8217;Ayguelongue<\/h3>\r\n\t\t\t\t\t\t\t\r\n\t<\/a>\r\n\t\r\n\t<p>Embalsado en 1996, el Lac de l&#8217;Ayguelongue se utiliza principalmente para el riego y para sostener el estiaje. Es una reserva natural de 58 hect\u00e1reas de gran inter\u00e9s desde el punto de&hellip;<\/p>\t<strong class=\"tis-box-city\">MOMAS<\/strong>\t\r\n\t\t\t\t<\/article><\/div><\/div><div class=\"swiper-button-prev prev-ts-block-67d052d6265df\"><\/div><div class=\"swiper-button-next next-ts-block-67d052d6265df\"><\/div><\/div><\/div>\n\n<div style=\"height:41px\" aria-hidden=\"true\" class=\"wp-block-spacer\"><\/div>\n\n<div class=\"wp-block-columns is-layout-flex wp-container-core-columns-is-layout-8f761849 wp-block-columns-is-layout-flex\">\n<div class=\"wp-block-column is-layout-flow wp-block-column-is-layout-flow\">\n<div class=\"wp-block-group is-style-loupe has-white-color has-mauve-background-color has-text-color has-background has-link-color wp-elements-1\"><div class=\"wp-block-group__inner-container is-layout-constrained wp-block-group-is-layout-constrained\">\n<h3 class=\"wp-block-heading has-text-align-center has-white-color has-text-color has-link-color has-x-large-font-size wp-elements-2\">La promesa del paseante responsable:  <\/h3>\n\n\n\n<p class=\"has-text-align-center has-medium-font-size wp-block-paragraph\"><strong>no dejar ning\u00fan rastro de su paso<\/strong><\/p>\n\n\n\n<p class=\"wp-block-paragraph\">\u2192 Me informo sobre la ruta (dificultad\u2026)<\/p>\n\n\n\n<p class=\"wp-block-paragraph\">\u2192 Echo un vistazo al tiempo<\/p>\n\n\n\n<p class=\"wp-block-paragraph\">\u2192 Me llevo agua, unas buenas zapatillas y un m\u00f3vil<\/p>\n\n\n\n<p class=\"wp-block-paragraph\">\u2192 Les aviso a mis seres queridos de que me voy<\/p>\n\n\n\n<p class=\"wp-block-paragraph\">\u2192 Me quedo en los senderos<\/p>\n\n\n\n<p class=\"wp-block-paragraph\">\u2192 No recojo flores<\/p>\n\n\n\n<p class=\"wp-block-paragraph\">\u2192 Respeto la tranquilidad del lugar<\/p>\n\n\n\n<p class=\"wp-block-paragraph\">\u2192 Recojo mis residuos<\/p>\n\n\n\n<p class=\"wp-block-paragraph\">\u2192 Mantengo a mi perro con correa<\/p>\n\n\n\n<p class=\"wp-block-paragraph\"><strong>Toda la informaci\u00f3n que necesitas en: <a href=\"https:\/\/reussirmarando.com\/\" data-type=\"link\" data-id=\"https:\/\/reussirmarando.com\/\">reussirmarando.com<\/a> <\/strong><\/p>\n<\/div><\/div>\n<\/div>\n\n\n\n<div class=\"wp-block-column is-layout-flow wp-block-column-is-layout-flow\">\n<div class=\"wp-block-group is-style-map has-white-color has-mauve-background-color has-text-color has-background has-link-color wp-elements-3\"><div class=\"wp-block-group__inner-container is-layout-constrained wp-block-group-is-layout-constrained\">\n<h3 class=\"wp-block-heading has-text-align-center has-white-color has-text-color has-link-color has-x-large-font-size wp-elements-4\">\u00abLe panier de pique-nique id\u00e9al\u00bb<\/h3>\n\n\n\n<p class=\"wp-block-paragraph\">Pour un panier pique-nique r\u00e9ussi, misez sur une composition 100% Coteaux B\u00e9arn Madiran :<\/p>\n\n\n\n<p class=\"wp-block-paragraph\">\u2192 Jus de fruits (pommes, kiwis, raisins\u2026)<\/p>\n\n\n\n<p class=\"wp-block-paragraph\">\u2192 Bi\u00e8re ou vin (\u00e0 consommer avec mod\u00e9ration)<\/p>\n\n\n\n<p class=\"wp-block-paragraph\">\u2192 Baguette 100% b\u00e9arnaise<\/p>\n\n\n\n<p class=\"wp-block-paragraph\">\u2192 Tartinades au haricot-ma\u00efs du B\u00e9arn<\/p>\n\n\n\n<p class=\"wp-block-paragraph\">\u2192 Charcuterie (jambon de Bayonne, saucisson, andouille \u00e0 l\u2019ancienne\u2026)<\/p>\n\n\n\n<p class=\"wp-block-paragraph\">\u2192 P\u00e2t\u00e9 ou rillettes (canard, porc\u2026)<\/p>\n\n\n\n<p class=\"wp-block-paragraph\">\u2192 L\u00e9gumes de saison<\/p>\n\n\n\n<p class=\"wp-block-paragraph\">\u2192 Fromage<\/p>\n\n\n\n<p class=\"wp-block-paragraph\">\u2192 Pastis d\u2019Am\u00e9lie<\/p>\n\n\n\n<p class=\"wp-block-paragraph\">\u2192 Fruits (pour avoir bonne conscience)<\/p>\n<\/div><\/div>\n<\/div>\n<\/div>\n","protected":false},"excerpt":{"rendered":"<p>15 lagos y r\u00edos marcan el ritmo del paisaje. Estos paseos, f\u00e1ciles y accesibles, son ideales para hacer en familia. Ya sea para disfrutar de un rato de relax a orillas de un lago o de un recorrido refrescante en plena naturaleza, es la escapada perfecta para desconectar. D\u00e9jate llevar [&hellip;]<\/p>\n","protected":false},"author":2,"featured_media":8808,"parent":10722,"menu_order":0,"comment_status":"closed","ping_status":"closed","template":"","meta":{"_acf_changed":false,"_seopress_titles_title":"Paseos y rutas de senderismo junto al r\u00edo - bearnmadiran-tourisme.fr","_seopress_titles_desc":"Da un paseo junto al agua en Coteaux B\u00e9arn Madiran, ya sea a pie o en bicicleta de monta\u00f1a: paseos y rutas de senderismo a lo largo de r\u00edos y lagos, con vistas a los Pirineos...","_seopress_robots_index":"","_seopress_robots_follow":"","_seopress_robots_imageindex":"","_seopress_robots_snippet":"","_seopress_robots_primary_cat":"","_seopress_robots_breadcrumbs":"","_seopress_robots_freeze_modified_date":"","_seopress_robots_custom_modified_date":"","_seopress_robots_canonical":"","_seopress_social_fb_title":"","_seopress_social_fb_desc":"","_seopress_social_fb_img":"","_seopress_social_fb_img_attachment_id":0,"_seopress_social_fb_img_width":0,"_seopress_social_fb_img_height":0,"_seopress_social_twitter_title":"","_seopress_social_twitter_desc":"","_seopress_social_twitter_img":"","_seopress_social_twitter_img_attachment_id":0,"_seopress_social_twitter_img_width":0,"_seopress_social_twitter_img_height":0,"_seopress_redirections_value":"","_seopress_redirections_enabled":"","_seopress_redirections_enabled_regex":"","_seopress_redirections_logged_status":"ambos","_seopress_redirections_param":"","_seopress_redirections_type":301,"_seopress_analysis_target_kw":"","_seopress_news_disabled":"","_seopress_video_disabled":"","_seopress_video":[],"_seopress_pro_schemas_manual":[],"_seopress_pro_rich_snippets_disable_all":"","_seopress_pro_rich_snippets_disable":[],"_seopress_pro_schemas":[],"pgc_sgb_lightbox_settings":"","footnotes":""},"class_list":["post-10733","page","type-page","status-publish","has-post-thumbnail","hentry"],"acf":[],"_links":{"self":[{"href":"https:\/\/www.bearnmadiran-tourisme.fr\/es\/wp-json\/wp\/v2\/pages\/10733","targetHints":{"allow":["GET"]}}],"collection":[{"href":"https:\/\/www.bearnmadiran-tourisme.fr\/es\/wp-json\/wp\/v2\/pages"}],"about":[{"href":"https:\/\/www.bearnmadiran-tourisme.fr\/es\/wp-json\/wp\/v2\/types\/page"}],"author":[{"embeddable":true,"href":"https:\/\/www.bearnmadiran-tourisme.fr\/es\/wp-json\/wp\/v2\/users\/2"}],"replies":[{"embeddable":true,"href":"https:\/\/www.bearnmadiran-tourisme.fr\/es\/wp-json\/wp\/v2\/comments?post=10733"}],"version-history":[{"count":2,"href":"https:\/\/www.bearnmadiran-tourisme.fr\/es\/wp-json\/wp\/v2\/pages\/10733\/revisions"}],"predecessor-version":[{"id":10736,"href":"https:\/\/www.bearnmadiran-tourisme.fr\/es\/wp-json\/wp\/v2\/pages\/10733\/revisions\/10736"}],"up":[{"embeddable":true,"href":"https:\/\/www.bearnmadiran-tourisme.fr\/es\/wp-json\/wp\/v2\/pages\/10722"}],"wp:featuredmedia":[{"embeddable":true,"href":"https:\/\/www.bearnmadiran-tourisme.fr\/es\/wp-json\/wp\/v2\/media\/8808"}],"wp:attachment":[{"href":"https:\/\/www.bearnmadiran-tourisme.fr\/es\/wp-json\/wp\/v2\/media?parent=10733"}],"curies":[{"name":"wp","href":"https:\/\/api.w.org\/{rel}","templated":true}]}}