{"id":11044,"date":"2024-11-08T17:48:29","date_gmt":"2024-11-08T16:48:29","guid":{"rendered":"https:\/\/www.bearnmadiran-tourisme.fr\/rutas\/"},"modified":"2026-08-12T16:13:52","modified_gmt":"2026-08-12T14:13:52","slug":"rutas","status":"publish","type":"page","link":"https:\/\/www.bearnmadiran-tourisme.fr\/es\/rutas\/","title":{"rendered":"Rutas"},"content":{"rendered":"<div id=\"ts-block-672e40dd040ce\"  class=\"is-style-map\">\n\t\t<script type=\"text\/javascript\">\n\t\tvar tsObjects = {\"type\":\"FeatureCollection\",\"features\":[{\"geometry\":{\"type\":\"Point\",\"coordinates\":[-0.140776,43.2924]},\"type\":\"Feature\",\"id\":\"ITIAQU064FS0001D\",\"properties\":{\"objectTypeCode\":\"ITI\",\"name\":\"Eslourenties-Daban : le lac du Gabas\",\"marker_id\":\"ITIAQU064FS0001D\",\"commune\":\"ESLOURENTIES-DABAN\",\"display_city\":\"1\",\"cp\":\"64420\",\"ad1\":\"\",\"gmapLongitude\":-0.140776,\"gmapLatitude\":43.2924,\"zone1\":null,\"telephone\":\"+33 5 59 33 62 25\",\"detail_url\":\"https:\\\/\\\/www.bearnmadiran-tourisme.fr\\\/es\\\/rutas\\\/eslourenties-daban\\\/ITIAQU064FS0001D-eslourenties-daban-le-lac-du-gabas\\\/\",\"excerpt\":\"Es cierto que el lago es artificial, pero el hombre y la naturaleza son capaces de armonizarse Este bucle sorprende por su variedad de paisajes, atm\\u00f3sferas y mundos. A pie o en&hellip;\",\"display_excerpt\":\"1\",\"photo\":\"https:\\\/\\\/www.bearnmadiran-tourisme.fr\\\/wp-content\\\/uploads\\\/tis\\\/eslourenties-Lac-Gabas---Pascal-Le-Doare-Studio-764-0188-3.png\",\"clas\":null,\"btn_label\":\"Ver m\\u00e1s\",\"btn_class\":null,\"durable\":false,\"charte\":\"\",\"durable_label\":\"Desarrollo sostenible\",\"online_bookable\":false,\"price_from\":false,\"event_category\":\"Itineraire\",\"type\":\"pedestre\",\"ititempsdif\":[\"A pie|2h40|F\\u00e1cil\"],\"itidistance\":\"11.1\",\"itidistance_label\":\"Distancia\",\"denivele\":\"100\",\"denivele_label\":\"Elevaci\\u00f3n\"}},{\"geometry\":{\"type\":\"Point\",\"coordinates\":[-0.534328,43.5131]},\"type\":\"Feature\",\"id\":\"ITIAQU064V50879O\",\"properties\":{\"objectTypeCode\":\"ITI\",\"name\":\"Morlanne : Le Ch\\u00e2teau\",\"marker_id\":\"ITIAQU064V50879O\",\"commune\":\"MORLANNE\",\"display_city\":\"1\",\"cp\":\"\",\"ad1\":\"\",\"gmapLongitude\":-0.534328,\"gmapLatitude\":43.5131,\"zone1\":null,\"telephone\":\"+33 5 59 04 59 27\",\"detail_url\":\"https:\\\/\\\/www.bearnmadiran-tourisme.fr\\\/es\\\/rutas\\\/morlanne\\\/ITIAQU064V50879O-morlanne-le-chateau\\\/\",\"excerpt\":\"Este bucle corto y f\\u00e1cil le llevar\\u00e1 por el pueblo medieval de Morlanne. Villa milenaria cuyos or\\u00edgenes se remontan al feudalismo, descubrir\\u00e1 por el camino una gran cantidad de tesoros que han&hellip;\",\"display_excerpt\":\"1\",\"photo\":\"https:\\\/\\\/www.bearnmadiran-tourisme.fr\\\/wp-content\\\/uploads\\\/tis\\\/Morlanne-Le-Chateau-credit-Coteaux-Bearn-Madiran--23-.JPG\",\"clas\":null,\"btn_label\":\"Ver m\\u00e1s\",\"btn_class\":null,\"durable\":false,\"charte\":\"\",\"durable_label\":\"Desarrollo sostenible\",\"online_bookable\":false,\"price_from\":false,\"event_category\":\"Itineraire\",\"type\":\"pedestre\",\"ititempsdif\":[\"A pie|1h15|F\\u00e1cil\"],\"itidistance\":\"2.4\",\"itidistance_label\":\"Distancia\",\"denivele\":\"178\",\"denivele_label\":\"Elevaci\\u00f3n\"}},{\"geometry\":{\"type\":\"Point\",\"coordinates\":[-0.471594,43.4787]},\"type\":\"Feature\",\"id\":\"ITIAQU064V5089G8\",\"properties\":{\"objectTypeCode\":\"ITI\",\"name\":\"Larreule : les B\\u00e9n\\u00e9dictins \",\"marker_id\":\"ITIAQU064V5089G8\",\"commune\":\"LARREULE\",\"display_city\":\"1\",\"cp\":\"\",\"ad1\":\"\",\"gmapLongitude\":-0.471594,\"gmapLatitude\":43.4787,\"zone1\":null,\"telephone\":\"+33 5 59 04 59 24\",\"detail_url\":\"https:\\\/\\\/www.bearnmadiran-tourisme.fr\\\/es\\\/rutas\\\/larreule\\\/ITIAQU064V5089G8-larreule-les-benedictins\\\/\",\"excerpt\":\"Una excursi\\u00f3n familiar de menos de 3 horas (con algunos tramos menos f\\u00e1ciles), que combina naturaleza y patrimonio construido. El sendero sigue las huellas de los monjes benedictinos. La Bastida de Larreule&hellip;\",\"display_excerpt\":\"1\",\"photo\":\"https:\\\/\\\/www.bearnmadiran-tourisme.fr\\\/wp-content\\\/uploads\\\/tis\\\/image--8-1440x1080-11.jpg\",\"clas\":null,\"btn_label\":\"Ver m\\u00e1s\",\"btn_class\":null,\"durable\":false,\"charte\":\"\",\"durable_label\":\"Desarrollo sostenible\",\"online_bookable\":false,\"price_from\":false,\"event_category\":\"Itineraire\",\"type\":\"pedestre\",\"ititempsdif\":[\"A pie|2h30|Medio\"],\"itidistance\":\"9\",\"itidistance_label\":\"Distancia\",\"denivele\":\"145\",\"denivele_label\":\"Elevaci\\u00f3n\"}},{\"geometry\":{\"type\":\"Point\",\"coordinates\":[-0.378871,43.5671]},\"type\":\"Feature\",\"id\":\"ITIAQU064V508ANQ\",\"properties\":{\"objectTypeCode\":\"ITI\",\"name\":\"De Poursiugues-boucoue \\u00e0 Pomps \",\"marker_id\":\"ITIAQU064V508ANQ\",\"commune\":\"POURSIUGUES-BOUCOUE\",\"display_city\":\"1\",\"cp\":\"\",\"ad1\":\"\",\"gmapLongitude\":-0.378871,\"gmapLatitude\":43.5671,\"zone1\":null,\"telephone\":\"+33 5 59 04 59 24\",\"detail_url\":\"https:\\\/\\\/www.bearnmadiran-tourisme.fr\\\/es\\\/rutas\\\/arzacq-arraziguet\\\/ITIAQU064V508ANQ-de-poursiugues-boucoue-a-pomps\\\/\",\"excerpt\":\"En este tramo del GR 65, caminantes y peregrinos atraviesan la campi\\u00f1a bearnesa. A\\u00fan lejos de los Pirineos, es la ocasi\\u00f3n de descubrir los peque\\u00f1os pueblos de la regi\\u00f3n bearnesa, en un&hellip;\",\"display_excerpt\":\"1\",\"photo\":\"https:\\\/\\\/www.bearnmadiran-tourisme.fr\\\/wp-content\\\/uploads\\\/tis\\\/couple-de-pelerins-dans-la-traversee-d-Arzacq-CDT64-P.Gaillard-bdef.jpg\",\"clas\":null,\"btn_label\":\"Ver m\\u00e1s\",\"btn_class\":null,\"durable\":false,\"charte\":\"\",\"durable_label\":\"Desarrollo sostenible\",\"online_bookable\":false,\"price_from\":false,\"event_category\":\"Itineraire\",\"type\":\"pedestre\",\"ititempsdif\":[\"A pie|8h|Dif\\u00edcil\"],\"itidistance\":\"26\",\"itidistance_label\":\"Distancia\",\"denivele\":\"486\",\"denivele_label\":\"Elevaci\\u00f3n\"}},{\"geometry\":{\"type\":\"Point\",\"coordinates\":[-0.54198,43.4894]},\"type\":\"Feature\",\"id\":\"ITIAQU064V508AP0\",\"properties\":{\"objectTypeCode\":\"ITI\",\"name\":\"De Pomps \\u00e0 Arthez-de-B\\u00e9arn \",\"marker_id\":\"ITIAQU064V508AP0\",\"commune\":\"POMPS\",\"display_city\":\"1\",\"cp\":\"\",\"ad1\":\"\",\"gmapLongitude\":-0.54198,\"gmapLatitude\":43.4894,\"zone1\":null,\"telephone\":\"\",\"detail_url\":\"https:\\\/\\\/www.bearnmadiran-tourisme.fr\\\/es\\\/rutas\\\/pomps\\\/ITIAQU064V508AP0-de-pomps-a-arthez-de-bearn\\\/\",\"excerpt\":\"Existe una \\\"versi\\u00f3n corta\\\" de este paseo que no incluye la capilla de Caubin. No obstante, le recomendamos que vaya all\\u00ed: esta antigua comandancia de la Orden de Malta, la m\\u00e1s importante&hellip;\",\"display_excerpt\":\"1\",\"photo\":\"https:\\\/\\\/www.bearnmadiran-tourisme.fr\\\/wp-content\\\/uploads\\\/tis\\\/Paysages-Soubestre-Credit-Manu-Ferreira.jpg\",\"clas\":null,\"btn_label\":\"Ver m\\u00e1s\",\"btn_class\":null,\"durable\":false,\"charte\":\"\",\"durable_label\":\"Desarrollo sostenible\",\"online_bookable\":false,\"price_from\":false,\"event_category\":\"Itineraire\",\"type\":\"pedestre\",\"ititempsdif\":[\"A pie|2h25|Medio\"],\"itidistance\":\"9.6\",\"itidistance_label\":\"Distancia\",\"denivele\":\"190\",\"denivele_label\":\"Elevaci\\u00f3n\"}},{\"geometry\":{\"type\":\"Point\",\"coordinates\":[-0.018784,43.4565]},\"type\":\"Feature\",\"id\":\"ITIAQU064V5096RM\",\"properties\":{\"objectTypeCode\":\"ITI\",\"name\":\"De Lahitte-Toupi\\u00e8re \\u00e0 Anoye\",\"marker_id\":\"ITIAQU064V5096RM\",\"commune\":\"LAHITTE-TOUPIERE\",\"display_city\":\"1\",\"cp\":\"\",\"ad1\":\"\",\"gmapLongitude\":-0.018784,\"gmapLatitude\":43.4565,\"zone1\":null,\"telephone\":\"+33 5 59 68 28 78\",\"detail_url\":\"https:\\\/\\\/www.bearnmadiran-tourisme.fr\\\/es\\\/rutas\\\/anoye\\\/ITIAQU064V5096RM-de-lahitte-toupiere-a-anoye\\\/\",\"excerpt\":\"Si los paisajes que recorre esta etapa muestran una cierta continuidad, combinando valles agr\\u00edcolas y colinas boscosas, este tramo del Chemin d'Arles es mitad Bigourdan, mitad Bearn, ya que abandona el departamento&hellip;\",\"display_excerpt\":\"1\",\"photo\":\"https:\\\/\\\/www.bearnmadiran-tourisme.fr\\\/wp-content\\\/uploads\\\/tis\\\/BRU-2993.JPG\",\"clas\":null,\"btn_label\":\"Ver m\\u00e1s\",\"btn_class\":null,\"durable\":false,\"charte\":\"\",\"durable_label\":\"Desarrollo sostenible\",\"online_bookable\":false,\"price_from\":false,\"event_category\":\"Itineraire\",\"type\":\"pedestre\",\"ititempsdif\":[\"A pie|6h|Medio\"],\"itidistance\":\"18.3\",\"itidistance_label\":\"Distancia\",\"denivele\":\"340\",\"denivele_label\":\"Elevaci\\u00f3n\"}},{\"geometry\":{\"type\":\"Point\",\"coordinates\":[-0.138521,43.3941]},\"type\":\"Feature\",\"id\":\"ITIAQU064V5096TC\",\"properties\":{\"objectTypeCode\":\"ITI\",\"name\":\"De Anoye \\u00e0 Morla\\u00e0s\",\"marker_id\":\"ITIAQU064V5096TC\",\"commune\":\"ANOYE\",\"display_city\":\"1\",\"cp\":\"\",\"ad1\":\"\",\"gmapLongitude\":-0.138521,\"gmapLatitude\":43.3941,\"zone1\":null,\"telephone\":\"+33 5 59 68 28 78\",\"detail_url\":\"https:\\\/\\\/www.bearnmadiran-tourisme.fr\\\/es\\\/rutas\\\/anoye\\\/ITIAQU064V5096TC-de-anoye-a-morlaas\\\/\",\"excerpt\":\"La ruta se acerca ahora a la ciudad de Pau, atravesando a su vez la meseta agr\\u00edcola y el p\\u00e1ramo abierto. Un conjunto de pueblos, en las alturas de los r\\u00edos L\\u00e9es&hellip;\",\"display_excerpt\":\"1\",\"photo\":\"https:\\\/\\\/www.bearnmadiran-tourisme.fr\\\/wp-content\\\/uploads\\\/tis\\\/VoieArles-Morlaas-001--Betty-Arnavielhe-Tripinwild.fr.jpg\",\"clas\":null,\"btn_label\":\"Ver m\\u00e1s\",\"btn_class\":null,\"durable\":false,\"charte\":\"\",\"durable_label\":\"Desarrollo sostenible\",\"online_bookable\":false,\"price_from\":false,\"event_category\":\"Itineraire\",\"type\":\"pedestre\",\"ititempsdif\":[\"A pie|4h|Medio\"],\"itidistance\":\"15\",\"itidistance_label\":\"Distancia\",\"denivele\":\"200\",\"denivele_label\":\"Elevaci\\u00f3n\"}},{\"geometry\":{\"type\":\"Point\",\"coordinates\":[-0.26266,43.3453]},\"type\":\"Feature\",\"id\":\"ITIAQU064V5096TY\",\"properties\":{\"objectTypeCode\":\"ITI\",\"name\":\"De Morla\\u00e0s \\u00e0 Lescar\",\"marker_id\":\"ITIAQU064V5096TY\",\"commune\":\"MORLAAS\",\"display_city\":\"1\",\"cp\":\"\",\"ad1\":\"\",\"gmapLongitude\":-0.26266,\"gmapLatitude\":43.3453,\"zone1\":null,\"telephone\":\"+33 5 59 33 62 25\",\"detail_url\":\"https:\\\/\\\/www.bearnmadiran-tourisme.fr\\\/es\\\/rutas\\\/morlaas\\\/ITIAQU064V5096TY-de-morlaas-a-lescar\\\/\",\"excerpt\":\"Si esta etapa une dos obras maestras del arte rom\\u00e1nico, la iglesia de Sainte-Foy de Morla\\u00e0s a la catedral de Notre-Dame de Lescar, tambi\\u00e9n cuenta con un patrimonio natural muy interesante a&hellip;\",\"display_excerpt\":\"1\",\"photo\":\"https:\\\/\\\/www.bearnmadiran-tourisme.fr\\\/wp-content\\\/uploads\\\/tis\\\/VoieArles-Morlaas-003--Betty-Arnavielhe-Tripinwild.fr-2.jpg\",\"clas\":null,\"btn_label\":\"Ver m\\u00e1s\",\"btn_class\":null,\"durable\":false,\"charte\":\"\",\"durable_label\":\"Desarrollo sostenible\",\"online_bookable\":false,\"price_from\":false,\"event_category\":\"Itineraire\",\"type\":\"pedestre\",\"ititempsdif\":[\"A pie|5h10|Medio\"],\"itidistance\":\"19.7\",\"itidistance_label\":\"Distancia\",\"denivele\":\"45\",\"denivele_label\":\"Elevaci\\u00f3n\"}},{\"geometry\":{\"type\":\"Point\",\"coordinates\":[-0.112071,43.4494]},\"type\":\"Feature\",\"id\":\"ITIAQU064V509KJA\",\"properties\":{\"objectTypeCode\":\"ITI\",\"name\":\"Ch\\u00e2teaux et vignobles du Madiran - N\\u00b011\",\"marker_id\":\"ITIAQU064V509KJA\",\"commune\":\"LEMBEYE\",\"display_city\":\"1\",\"cp\":\"64350\",\"ad1\":\"\",\"gmapLongitude\":-0.112071,\"gmapLatitude\":43.4494,\"zone1\":null,\"telephone\":\"+33 5 59 68 28 78\",\"detail_url\":\"https:\\\/\\\/www.bearnmadiran-tourisme.fr\\\/es\\\/rutas\\\/lembeye\\\/ITIAQU064V509KJA-chateaux-et-vignobles-du-madiran-n11\\\/\",\"excerpt\":\"\\u00bfQu\\u00e9 puede ser m\\u00e1s sensacional que descubrir los vi\\u00f1edos de Madiran en peque\\u00f1as carreteras rurales? Esta ruta monta\\u00f1osa atraviesa llanuras y laderas sombreadas. Atraviesa pueblos t\\u00edpicos y pasa por magn\\u00edficos castillos e&hellip;\",\"display_excerpt\":\"1\",\"photo\":\"https:\\\/\\\/www.bearnmadiran-tourisme.fr\\\/wp-content\\\/uploads\\\/tis\\\/Arricau-Bordes-chateau-credit-tourisme-bearn-madiran--27-.JPG\",\"clas\":null,\"btn_label\":\"Ver m\\u00e1s\",\"btn_class\":null,\"durable\":false,\"charte\":\"\",\"durable_label\":\"Desarrollo sostenible\",\"online_bookable\":false,\"price_from\":false,\"event_category\":\"Itineraire\",\"type\":\"velo\",\"ititempsdif\":[\"Bicicleta|4h|Medio\"],\"itidistance\":\"48\",\"itidistance_label\":\"Distancia\",\"denivele\":\"817\",\"denivele_label\":\"Elevaci\\u00f3n\"}},{\"geometry\":{\"type\":\"Point\",\"coordinates\":[-0.412989,43.5366]},\"type\":\"Feature\",\"id\":\"ITIAQU064V509KJM\",\"properties\":{\"objectTypeCode\":\"ITI\",\"name\":\"Entre Landes et B\\u00e9arn - N\\u00b010\",\"marker_id\":\"ITIAQU064V509KJM\",\"commune\":\"ARZACQ-ARRAZIGUET\",\"display_city\":\"1\",\"cp\":\"64410\",\"ad1\":\"\",\"gmapLongitude\":-0.412989,\"gmapLatitude\":43.5366,\"zone1\":null,\"telephone\":\"\",\"detail_url\":\"https:\\\/\\\/www.bearnmadiran-tourisme.fr\\\/es\\\/rutas\\\/arzacq-arraziguet\\\/ITIAQU064V509KJM-entre-landes-et-bearn-n10\\\/\",\"excerpt\":\"Esta deliciosa ruta de colinas pasa por pueblos cargados de historia. Castillos, capillas y antiguas alcazabas son testigos de este pasado. La sucesi\\u00f3n de cuestas y baches le confiere un car\\u00e1cter deportivo&hellip;\",\"display_excerpt\":\"1\",\"photo\":\"https:\\\/\\\/www.bearnmadiran-tourisme.fr\\\/wp-content\\\/uploads\\\/tis\\\/Arzacq23juill14--052.jpg\",\"clas\":null,\"btn_label\":\"Ver m\\u00e1s\",\"btn_class\":null,\"durable\":false,\"charte\":\"\",\"durable_label\":\"Desarrollo sostenible\",\"online_bookable\":false,\"price_from\":false,\"event_category\":\"Itineraire\",\"type\":\"velo\",\"ititempsdif\":[\"Bicicleta|4h|Medio\"],\"itidistance\":\"57\",\"itidistance_label\":\"Distancia\",\"denivele\":\"601\",\"denivele_label\":\"Elevaci\\u00f3n\"}},{\"geometry\":{\"type\":\"Point\",\"coordinates\":[-0.26266,43.3453]},\"type\":\"Feature\",\"id\":\"ITIAQU064V509KL0\",\"properties\":{\"objectTypeCode\":\"ITI\",\"name\":\"Les balcons du B\\u00e9arn - N\\u00b012\",\"marker_id\":\"ITIAQU064V509KL0\",\"commune\":\"MORLAAS\",\"display_city\":\"1\",\"cp\":\"64160\",\"ad1\":\"\",\"gmapLongitude\":-0.26266,\"gmapLatitude\":43.3453,\"zone1\":null,\"telephone\":\"+33 5 59 33 62 25\",\"detail_url\":\"https:\\\/\\\/www.bearnmadiran-tourisme.fr\\\/es\\\/rutas\\\/morlaas\\\/ITIAQU064V509KL0-les-balcons-du-bearn-n12\\\/\",\"excerpt\":\"Un bucle muy agradable a trav\\u00e9s de la regi\\u00f3n profunda del B\\u00e9arn con una vista privilegiada de los Pirineos. Tambi\\u00e9n descubrir\\u00e1 un campo con una agricultura activa y moderna. Sin olvidar las&hellip;\",\"display_excerpt\":\"1\",\"photo\":\"https:\\\/\\\/www.bearnmadiran-tourisme.fr\\\/wp-content\\\/uploads\\\/tis\\\/les-balcons-du-bearn.jpg\",\"clas\":null,\"btn_label\":\"Ver m\\u00e1s\",\"btn_class\":null,\"durable\":false,\"charte\":\"\",\"durable_label\":\"Desarrollo sostenible\",\"online_bookable\":false,\"price_from\":false,\"event_category\":\"Itineraire\",\"type\":\"velo\",\"ititempsdif\":[\"Bicicleta|4h|Medio\"],\"itidistance\":\"54\",\"itidistance_label\":\"Distancia\",\"denivele\":\"203\",\"denivele_label\":\"Elevaci\\u00f3n\"}},{\"geometry\":{\"type\":\"Point\",\"coordinates\":[-0.264012,43.3419]},\"type\":\"Feature\",\"id\":\"ITIAQU064V52NJG8\",\"properties\":{\"objectTypeCode\":\"ITI\",\"name\":\"Morla\\u00e0s, chemin des cr\\u00eates\",\"marker_id\":\"ITIAQU064V52NJG8\",\"commune\":\"MORLAAS\",\"display_city\":\"1\",\"cp\":\"\",\"ad1\":\"\",\"gmapLongitude\":-0.264012,\"gmapLatitude\":43.3419,\"zone1\":null,\"telephone\":\"+33 5 59 33 62 25\",\"detail_url\":\"https:\\\/\\\/www.bearnmadiran-tourisme.fr\\\/es\\\/rutas\\\/morlaas\\\/ITIAQU064V52NJG8-morlaas-chemin-des-cretes\\\/\",\"excerpt\":\"Es un placer sobrevolar Morla\\u00e0s por esta ruta ondulada Es un gran privilegio dejar atr\\u00e1s el ajetreo y el bullicio y encontrarse r\\u00e1pidamente en la paz y la tranquilidad de las alturas.&hellip;\",\"display_excerpt\":\"1\",\"photo\":\"https:\\\/\\\/www.bearnmadiran-tourisme.fr\\\/wp-content\\\/uploads\\\/tis\\\/MORLAS-3.PNG\",\"clas\":null,\"btn_label\":\"Ver m\\u00e1s\",\"btn_class\":null,\"durable\":false,\"charte\":\"\",\"durable_label\":\"Desarrollo sostenible\",\"online_bookable\":false,\"price_from\":false,\"event_category\":\"Itineraire\",\"type\":\"pedestre\",\"ititempsdif\":[\"A pie|2h45|F\\u00e1cil\"],\"itidistance\":\"10.5\",\"itidistance_label\":\"Distancia\",\"denivele\":\"228\",\"denivele_label\":\"Elevaci\\u00f3n\"}},{\"geometry\":{\"type\":\"Point\",\"coordinates\":[-0.169687,43.5449]},\"type\":\"Feature\",\"id\":\"ITIAQU064V56UBXU\",\"properties\":{\"objectTypeCode\":\"ITI\",\"name\":\"Conchez-de-B\\u00e9arn : entre architecture et vignoble\",\"marker_id\":\"ITIAQU064V56UBXU\",\"commune\":\"CONCHEZ-DE-BEARN\",\"display_city\":\"1\",\"cp\":\"\",\"ad1\":\"\",\"gmapLongitude\":-0.169687,\"gmapLatitude\":43.5449,\"zone1\":null,\"telephone\":\"+33 5 59 68 28 78\",\"detail_url\":\"https:\\\/\\\/www.bearnmadiran-tourisme.fr\\\/es\\\/rutas\\\/conchez-de-bearn\\\/ITIAQU064V56UBXU-conchez-de-bearn-entre-architecture-et-vignoble\\\/\",\"excerpt\":\"Una encantadora escapada en el encantador pueblo de Conchez-de-B\\u00e9arn. Las casas t\\u00edpicas del siglo XVIII se sit\\u00faan en lo alto alrededor de la muy agradable plaza del front\\u00f3n. Este buc\\u00f3lico paseo revela&hellip;\",\"display_excerpt\":\"1\",\"photo\":\"https:\\\/\\\/www.bearnmadiran-tourisme.fr\\\/wp-content\\\/uploads\\\/tis\\\/CONCHE-1.JPG\",\"clas\":null,\"btn_label\":\"Ver m\\u00e1s\",\"btn_class\":null,\"durable\":false,\"charte\":\"\",\"durable_label\":\"Desarrollo sostenible\",\"online_bookable\":false,\"price_from\":false,\"event_category\":\"Itineraire\",\"type\":\"pedestre\",\"ititempsdif\":[\"A pie|1h45|F\\u00e1cil\"],\"itidistance\":\"7.2\",\"itidistance_label\":\"Distancia\",\"denivele\":\"220\",\"denivele_label\":\"Elevaci\\u00f3n\"}},{\"geometry\":{\"type\":\"Point\",\"coordinates\":[-0.111861,43.4497]},\"type\":\"Feature\",\"id\":\"ITIAQU064V56Z8QO\",\"properties\":{\"objectTypeCode\":\"ITI\",\"name\":\"Lembeye : la vall\\u00e9e du Vic-Bilh \\u00e0 VTT\",\"marker_id\":\"ITIAQU064V56Z8QO\",\"commune\":\"LEMBEYE\",\"display_city\":\"1\",\"cp\":\"\",\"ad1\":\"\",\"gmapLongitude\":-0.111861,\"gmapLatitude\":43.4497,\"zone1\":null,\"telephone\":\"+33 5 59 68 28 78\",\"detail_url\":\"https:\\\/\\\/www.bearnmadiran-tourisme.fr\\\/es\\\/rutas\\\/lembeye\\\/ITIAQU064V56Z8QO-lembeye-la-vallee-du-vic-bilh-a-vtt\\\/\",\"excerpt\":\"A los amantes del deporte les encantar\\u00e1 esta ruta Tiene algunas subidas duras, pero tambi\\u00e9n algunos tramos magn\\u00edficos como la l\\u00ednea del Tram o el descenso del cap de pont. En cuanto&hellip;\",\"display_excerpt\":\"1\",\"photo\":\"https:\\\/\\\/www.bearnmadiran-tourisme.fr\\\/wp-content\\\/uploads\\\/tis\\\/Lembeye---Chemin-de-la-ligne-VTT.jpg\",\"clas\":null,\"btn_label\":\"Ver m\\u00e1s\",\"btn_class\":null,\"durable\":false,\"charte\":\"\",\"durable_label\":\"Desarrollo sostenible\",\"online_bookable\":false,\"price_from\":false,\"event_category\":\"Itineraire\",\"type\":\"vtt\",\"ititempsdif\":[\"Bicicleta de monta\\u00f1a|3h|Dif\\u00edcil\"],\"itidistance\":\"33.7\",\"itidistance_label\":\"Distancia\",\"denivele\":\"500\",\"denivele_label\":\"Elevaci\\u00f3n\"}},{\"geometry\":{\"type\":\"Point\",\"coordinates\":[-0.149197,43.5161]},\"type\":\"Feature\",\"id\":\"ITIAQU064V56Z8Y2\",\"properties\":{\"objectTypeCode\":\"ITI\",\"name\":\"Cadillon : entre cr\\u00eates et vignoble \\u00e0 VTT\",\"marker_id\":\"ITIAQU064V56Z8Y2\",\"commune\":\"CADILLON\",\"display_city\":\"1\",\"cp\":\"\",\"ad1\":\"\",\"gmapLongitude\":-0.149197,\"gmapLatitude\":43.5161,\"zone1\":null,\"telephone\":\"+33 5 59 68 28 78\",\"detail_url\":\"https:\\\/\\\/www.bearnmadiran-tourisme.fr\\\/es\\\/rutas\\\/cadillon\\\/ITIAQU064V56Z8Y2-cadillon-entre-cretes-et-vignoble-a-vtt\\\/\",\"excerpt\":\"Para los que les gusta la conducci\\u00f3n dura, \\u00a1este bucle es para ti! Unas cuantas subidas \\\"picantes\\\" para las pantorrillas conducen a hermosas crestas abiertas. El contraste de ambientes, el descubrimiento de&hellip;\",\"display_excerpt\":\"1\",\"photo\":\"https:\\\/\\\/www.bearnmadiran-tourisme.fr\\\/wp-content\\\/uploads\\\/tis\\\/Conchez-Lac-de-Cadillon---PEIO-Gaillard.jpg\",\"clas\":null,\"btn_label\":\"Ver m\\u00e1s\",\"btn_class\":null,\"durable\":false,\"charte\":\"\",\"durable_label\":\"Desarrollo sostenible\",\"online_bookable\":false,\"price_from\":false,\"event_category\":\"Itineraire\",\"type\":\"vtt\",\"ititempsdif\":[\"Bicicleta de monta\\u00f1a|3h|Dif\\u00edcil\"],\"itidistance\":\"24.6\",\"itidistance_label\":\"Distancia\",\"denivele\":\"440\",\"denivele_label\":\"Elevaci\\u00f3n\"}},{\"geometry\":{\"type\":\"Point\",\"coordinates\":[-0.11168,43.4497]},\"type\":\"Feature\",\"id\":\"ITIAQU064V56ZB4Y\",\"properties\":{\"objectTypeCode\":\"ITI\",\"name\":\"Lembeye : le chemin des lacs \\u00e0 VTT\",\"marker_id\":\"ITIAQU064V56ZB4Y\",\"commune\":\"LEMBEYE\",\"display_city\":\"1\",\"cp\":\"\",\"ad1\":\"\",\"gmapLongitude\":-0.11168,\"gmapLatitude\":43.4497,\"zone1\":null,\"telephone\":\"+33 5 59 68 28 78\",\"detail_url\":\"https:\\\/\\\/www.bearnmadiran-tourisme.fr\\\/es\\\/rutas\\\/lembeye\\\/ITIAQU064V56ZB4Y-lembeye-le-chemin-des-lacs-a-vtt\\\/\",\"excerpt\":\"La ruta es est\\u00e9ticamente agradable y variada, y discurre por un paisaje tranquilo. El recorrido de los lagos y las zonas de sombra son muy agradables. \\u00a1Para disfrutar todo el a\\u00f1o sin&hellip;\",\"display_excerpt\":\"1\",\"photo\":\"https:\\\/\\\/www.bearnmadiran-tourisme.fr\\\/wp-content\\\/uploads\\\/tis\\\/randonnee-vtt-pacheras-garlin-vic-bilh-2.jpg\",\"clas\":null,\"btn_label\":\"Ver m\\u00e1s\",\"btn_class\":null,\"durable\":false,\"charte\":\"\",\"durable_label\":\"Desarrollo sostenible\",\"online_bookable\":false,\"price_from\":false,\"event_category\":\"Itineraire\",\"type\":\"vtt\",\"ititempsdif\":[\"Bicicleta de monta\\u00f1a|2h|F\\u00e1cil\"],\"itidistance\":\"17.6\",\"itidistance_label\":\"Distancia\",\"denivele\":\"200\",\"denivele_label\":\"Elevaci\\u00f3n\"}},{\"geometry\":{\"type\":\"Point\",\"coordinates\":[-0.165628,43.4459]},\"type\":\"Feature\",\"id\":\"ITIAQU064V56ZBHN\",\"properties\":{\"objectTypeCode\":\"ITI\",\"name\":\"Simacourbe : les coteaux du Vic-Bilh \\u00e0 VTT \",\"marker_id\":\"ITIAQU064V56ZBHN\",\"commune\":\"SIMACOURBE\",\"display_city\":\"1\",\"cp\":\"\",\"ad1\":\"\",\"gmapLongitude\":-0.165628,\"gmapLatitude\":43.4459,\"zone1\":null,\"telephone\":\"+33 5 59 68 28 78\",\"detail_url\":\"https:\\\/\\\/www.bearnmadiran-tourisme.fr\\\/es\\\/rutas\\\/simacourbe\\\/ITIAQU064V56ZBHN-simacourbe-les-coteaux-du-vic-bilh-a-vtt\\\/\",\"excerpt\":\"Consigue algo de altura en este circuito con sus incre\\u00edbles vistas. Rodando y sin dificultades, los descensos entre la maleza punt\\u00faan las partes abiertas. No hay que perderse todo el a\\u00f1o.\",\"display_excerpt\":\"1\",\"photo\":\"https:\\\/\\\/www.bearnmadiran-tourisme.fr\\\/wp-content\\\/uploads\\\/tis\\\/Randonnee-VTT--coteauxVic-Bilh-Simacourbe-peio-gaillard.jpg\",\"clas\":null,\"btn_label\":\"Ver m\\u00e1s\",\"btn_class\":null,\"durable\":false,\"charte\":\"\",\"durable_label\":\"Desarrollo sostenible\",\"online_bookable\":false,\"price_from\":false,\"event_category\":\"Itineraire\",\"type\":\"vtt\",\"ititempsdif\":[\"Bicicleta de monta\\u00f1a|1h45|Dif\\u00edcil\"],\"itidistance\":\"19\",\"itidistance_label\":\"Distancia\",\"denivele\":\"470\",\"denivele_label\":\"Elevaci\\u00f3n\"}},{\"geometry\":{\"type\":\"Point\",\"coordinates\":[-0.059075,43.4849]},\"type\":\"Feature\",\"id\":\"ITIAQU064V56ZBL9\",\"properties\":{\"objectTypeCode\":\"ITI\",\"name\":\"Moncaup : au c\\u0153ur du Madiranais \\u00e0 VTT \",\"marker_id\":\"ITIAQU064V56ZBL9\",\"commune\":\"MONCAUP\",\"display_city\":\"1\",\"cp\":\"\",\"ad1\":\"\",\"gmapLongitude\":-0.059075,\"gmapLatitude\":43.4849,\"zone1\":null,\"telephone\":\"+33 5 59 68 28 78\",\"detail_url\":\"https:\\\/\\\/www.bearnmadiran-tourisme.fr\\\/es\\\/rutas\\\/moncaup\\\/ITIAQU064V56ZBL9-moncaup-au-coeur-du-madiranais-a-vtt\\\/\",\"excerpt\":\"Aqu\\u00ed hay un bucle est\\u00e9tico del que escapar. Tranquilidad garantizada en los bosques con sus variadas especies. Es un placer cruzar el campo con sus notables edificios tradicionales.\",\"display_excerpt\":\"1\",\"photo\":\"https:\\\/\\\/www.bearnmadiran-tourisme.fr\\\/wp-content\\\/uploads\\\/tis\\\/randonnee-vtt-coteaux-vic-bilh-simacourbe-lalongue-3.jpg\",\"clas\":null,\"btn_label\":\"Ver m\\u00e1s\",\"btn_class\":null,\"durable\":false,\"charte\":\"\",\"durable_label\":\"Desarrollo sostenible\",\"online_bookable\":false,\"price_from\":false,\"event_category\":\"Itineraire\",\"type\":\"vtt\",\"ititempsdif\":[\"Bicicleta de monta\\u00f1a|2h40|Dif\\u00edcil\"],\"itidistance\":\"24.5\",\"itidistance_label\":\"Distancia\",\"denivele\":\"400\",\"denivele_label\":\"Elevaci\\u00f3n\"}},{\"geometry\":{\"type\":\"Point\",\"coordinates\":[-0.112161,43.4495]},\"type\":\"Feature\",\"id\":\"ITIAQU064V56ZC5Z\",\"properties\":{\"objectTypeCode\":\"ITI\",\"name\":\"Lembeye : la vall\\u00e9e du Vic-Bilh \\u00e0 cheval\",\"marker_id\":\"ITIAQU064V56ZC5Z\",\"commune\":\"LEMBEYE\",\"display_city\":\"1\",\"cp\":\"\",\"ad1\":\"\",\"gmapLongitude\":-0.112161,\"gmapLatitude\":43.4495,\"zone1\":null,\"telephone\":\"+33 5 59 68 28 78\",\"detail_url\":\"https:\\\/\\\/www.bearnmadiran-tourisme.fr\\\/es\\\/rutas\\\/lembeye\\\/ITIAQU064V56ZC5Z-lembeye-la-vallee-du-vic-bilh-a-cheval\\\/\",\"excerpt\":\"A los amantes del deporte les encantar\\u00e1 esta ruta Tiene algunas subidas duras, pero tambi\\u00e9n algunos tramos magn\\u00edficos como el descenso del Cap de Pont. En cuanto a las vistas de los&hellip;\",\"display_excerpt\":\"1\",\"photo\":\"https:\\\/\\\/www.bearnmadiran-tourisme.fr\\\/wp-content\\\/uploads\\\/tis\\\/randonnee-equestre-vallee-vic-bilh-lembeye-anoye-simacourbe-3.jpg\",\"clas\":null,\"btn_label\":\"Ver m\\u00e1s\",\"btn_class\":null,\"durable\":false,\"charte\":\"\",\"durable_label\":\"Desarrollo sostenible\",\"online_bookable\":false,\"price_from\":false,\"event_category\":\"Itineraire\",\"type\":\"equestre\",\"ititempsdif\":[\"Caballo|5h|Dif\\u00edcil\"],\"itidistance\":\"33.7\",\"itidistance_label\":\"Distancia\",\"denivele\":\"500\",\"denivele_label\":\"Elevaci\\u00f3n\"}},{\"geometry\":{\"type\":\"Point\",\"coordinates\":[-0.059134,43.485]},\"type\":\"Feature\",\"id\":\"ITIAQU064V56ZC8F\",\"properties\":{\"objectTypeCode\":\"ITI\",\"name\":\"Moncaup : au c\\u0153ur du Madiranais \\u00e0 cheval\",\"marker_id\":\"ITIAQU064V56ZC8F\",\"commune\":\"MONCAUP\",\"display_city\":\"1\",\"cp\":\"\",\"ad1\":\"\",\"gmapLongitude\":-0.059134,\"gmapLatitude\":43.485,\"zone1\":null,\"telephone\":\"+33 5 59 68 28 78\",\"detail_url\":\"https:\\\/\\\/www.bearnmadiran-tourisme.fr\\\/es\\\/rutas\\\/moncaup\\\/ITIAQU064V56ZC8F-moncaup-au-coeur-du-madiranais-a-cheval\\\/\",\"excerpt\":\"Aqu\\u00ed hay un bucle est\\u00e9tico del que escapar. Paz y tranquilidad garantizadas en los bosques con sus variadas especies. Es un placer atravesar esta campi\\u00f1a con sus notables edificios tradicionales\",\"display_excerpt\":\"1\",\"photo\":\"https:\\\/\\\/www.bearnmadiran-tourisme.fr\\\/wp-content\\\/uploads\\\/tis\\\/circuit-randonnee-equestre-vic-bilh-madiran-4.jpg\",\"clas\":null,\"btn_label\":\"Ver m\\u00e1s\",\"btn_class\":null,\"durable\":false,\"charte\":\"\",\"durable_label\":\"Desarrollo sostenible\",\"online_bookable\":false,\"price_from\":false,\"event_category\":\"Itineraire\",\"type\":\"equestre\",\"ititempsdif\":[\"Caballo|3h|Dif\\u00edcil\"],\"itidistance\":\"24.5\",\"itidistance_label\":\"Distancia\",\"denivele\":\"400\",\"denivele_label\":\"Elevaci\\u00f3n\"}},{\"geometry\":{\"type\":\"Point\",\"coordinates\":[-0.274129,43.559]},\"type\":\"Feature\",\"id\":\"ITIAQU064V56ZCED\",\"properties\":{\"objectTypeCode\":\"ITI\",\"name\":\"Garlin : la randonn\\u00e9e des Pacheras\",\"marker_id\":\"ITIAQU064V56ZCED\",\"commune\":\"GARLIN\",\"display_city\":\"1\",\"cp\":\"\",\"ad1\":\"\",\"gmapLongitude\":-0.274129,\"gmapLatitude\":43.559,\"zone1\":null,\"telephone\":\"+33 5 59 68 28 78\",\"detail_url\":\"https:\\\/\\\/www.bearnmadiran-tourisme.fr\\\/es\\\/rutas\\\/garlin\\\/ITIAQU064V56ZCED-garlin-la-randonnee-des-pacheras\\\/\",\"excerpt\":\"Cette randonn\\u00e9e exigeante, d\\u00e9di\\u00e9e aux marcheurs aguerris, d\\u00e9ploie une belle diversit\\u00e9 de paysages au fil des kilom\\u00e8tres. Son parcours au long cours invite \\u00e0 s\\u2019immerger pleinement dans une nature pr\\u00e9serv\\u00e9e, entre chemins&hellip;\",\"display_excerpt\":\"1\",\"photo\":\"https:\\\/\\\/www.bearnmadiran-tourisme.fr\\\/wp-content\\\/uploads\\\/tis\\\/Garlin-randonnee-pacheras-credit-peio-gaillard--1--3-.jpg\",\"clas\":null,\"btn_label\":\"Ver m\\u00e1s\",\"btn_class\":null,\"durable\":false,\"charte\":\"\",\"durable_label\":\"Desarrollo sostenible\",\"online_bookable\":false,\"price_from\":false,\"event_category\":\"Itineraire\",\"type\":\"pedestre\",\"ititempsdif\":[\"A pie|4h|Dif\\u00edcil\"],\"itidistance\":\"18.7\",\"itidistance_label\":\"Distancia\",\"denivele\":\"175\",\"denivele_label\":\"Elevaci\\u00f3n\"}},{\"geometry\":{\"type\":\"Point\",\"coordinates\":[-0.274129,43.559]},\"type\":\"Feature\",\"id\":\"ITIAQU064V56ZCI6\",\"properties\":{\"objectTypeCode\":\"ITI\",\"name\":\"Garlin : la randonn\\u00e9e des Pacheras \\u00e0 VTT \",\"marker_id\":\"ITIAQU064V56ZCI6\",\"commune\":\"GARLIN\",\"display_city\":\"1\",\"cp\":\"\",\"ad1\":\"\",\"gmapLongitude\":-0.274129,\"gmapLatitude\":43.559,\"zone1\":null,\"telephone\":\"+33 5 59 68 28 78\",\"detail_url\":\"https:\\\/\\\/www.bearnmadiran-tourisme.fr\\\/es\\\/rutas\\\/garlin\\\/ITIAQU064V56ZCI6-garlin-la-randonnee-des-pacheras-a-vtt\\\/\",\"excerpt\":\"Parfait pour une initiation ou une reprise en douceur du VTT, le circuit des Pacheras \\u00e0 Garlin propose une immersion progressive dans des paysages vari\\u00e9s et accessibles. L\\u2019itin\\u00e9raire d\\u00e9roule de larges pistes&hellip;\",\"display_excerpt\":\"1\",\"photo\":\"https:\\\/\\\/www.bearnmadiran-tourisme.fr\\\/wp-content\\\/uploads\\\/tis\\\/tour-lacs-VTT-vic-bilh-madiran-cph-guide-bearn-pyrenees.jpg\",\"clas\":null,\"btn_label\":\"Ver m\\u00e1s\",\"btn_class\":null,\"durable\":false,\"charte\":\"\",\"durable_label\":\"Desarrollo sostenible\",\"online_bookable\":false,\"price_from\":false,\"event_category\":\"Itineraire\",\"type\":\"vtt\",\"ititempsdif\":[\"Bicicleta de monta\\u00f1a|1h40|Muy f\\u00e1cil\"],\"itidistance\":\"18.7\",\"itidistance_label\":\"Distancia\",\"denivele\":\"175\",\"denivele_label\":\"Elevaci\\u00f3n\"}},{\"geometry\":{\"type\":\"Point\",\"coordinates\":[-0.10469,43.568]},\"type\":\"Feature\",\"id\":\"ITIAQU064V56ZCK1\",\"properties\":{\"objectTypeCode\":\"ITI\",\"name\":\"Aydie, promenade Joseph Peyr\\u00e9, au c\\u0153ur du vignoble\",\"marker_id\":\"ITIAQU064V56ZCK1\",\"commune\":\"AYDIE\",\"display_city\":\"1\",\"cp\":\"\",\"ad1\":\"\",\"gmapLongitude\":-0.10469,\"gmapLatitude\":43.568,\"zone1\":null,\"telephone\":\"+33 5 59 68 28 78\",\"detail_url\":\"https:\\\/\\\/www.bearnmadiran-tourisme.fr\\\/es\\\/rutas\\\/aydie\\\/ITIAQU064V56ZCK1-aydie-promenade-joseph-peyre-au-coeur-du-vignoble\\\/\",\"excerpt\":\"Esta hermosa escapada por los vi\\u00f1edos de Madiran y Pacherenc du Vic-Bilh est\\u00e1 salpicada de magn\\u00edficos miradores. El apego a la tierra se entiende mejor paseando por esta campi\\u00f1a: vi\\u00f1edos, estanques, prados&hellip;\",\"display_excerpt\":\"1\",\"photo\":\"https:\\\/\\\/www.bearnmadiran-tourisme.fr\\\/wp-content\\\/uploads\\\/tis\\\/circuit-Aydie-peyre-vignes-Madiran-credit-photo-guide-bearn-pyrenees-7---Copie-4.jpg\",\"clas\":null,\"btn_label\":\"Ver m\\u00e1s\",\"btn_class\":null,\"durable\":false,\"charte\":\"\",\"durable_label\":\"Desarrollo sostenible\",\"online_bookable\":false,\"price_from\":false,\"event_category\":\"Itineraire\",\"type\":\"pedestre\",\"ititempsdif\":[\"A pie|2h10|F\\u00e1cil\"],\"itidistance\":\"9.1\",\"itidistance_label\":\"Distancia\",\"denivele\":\"210\",\"denivele_label\":\"Elevaci\\u00f3n\"}},{\"geometry\":{\"type\":\"Point\",\"coordinates\":[-0.104937,43.5694]},\"type\":\"Feature\",\"id\":\"ITIAQU064V56ZGTM\",\"properties\":{\"objectTypeCode\":\"ITI\",\"name\":\"Aydie, au c\\u0153ur du vignoble \\u00e0 VTT\",\"marker_id\":\"ITIAQU064V56ZGTM\",\"commune\":\"AYDIE\",\"display_city\":\"1\",\"cp\":\"\",\"ad1\":\"\",\"gmapLongitude\":-0.104937,\"gmapLatitude\":43.5694,\"zone1\":null,\"telephone\":\"+33 5 59 68 28 78\",\"detail_url\":\"https:\\\/\\\/www.bearnmadiran-tourisme.fr\\\/es\\\/rutas\\\/aydie\\\/ITIAQU064V56ZGTM-aydie-au-coeur-du-vignoble-a-vtt\\\/\",\"excerpt\":\"Esta hermosa escapada por los vi\\u00f1edos de Madiran y Pacherenc du Vic-Bilh est\\u00e1 salpicada de magn\\u00edficos miradores. El apego a la tierra se entiende mejor paseando por esta campi\\u00f1a: vi\\u00f1edos, estanques, prados&hellip;\",\"display_excerpt\":\"1\",\"photo\":\"https:\\\/\\\/www.bearnmadiran-tourisme.fr\\\/wp-content\\\/uploads\\\/tis\\\/Aydie-randonnee-VTT---Peio-Gaillard--1-.jpg\",\"clas\":null,\"btn_label\":\"Ver m\\u00e1s\",\"btn_class\":null,\"durable\":false,\"charte\":\"\",\"durable_label\":\"Desarrollo sostenible\",\"online_bookable\":false,\"price_from\":false,\"event_category\":\"Itineraire\",\"type\":\"vtt\",\"ititempsdif\":[\"Bicicleta de monta\\u00f1a|1h|F\\u00e1cil\"],\"itidistance\":\"9.1\",\"itidistance_label\":\"Distancia\",\"denivele\":\"210\",\"denivele_label\":\"Elevaci\\u00f3n\"}},{\"geometry\":{\"type\":\"Point\",\"coordinates\":[-0.150594,43.4981]},\"type\":\"Feature\",\"id\":\"ITIAQU064V56ZH4H\",\"properties\":{\"objectTypeCode\":\"ITI\",\"name\":\"Arricau-Bordes : la balade du ch\\u00e2teau\",\"marker_id\":\"ITIAQU064V56ZH4H\",\"commune\":\"ARRICAU-BORDES\",\"display_city\":\"1\",\"cp\":\"\",\"ad1\":\"\",\"gmapLongitude\":-0.150594,\"gmapLatitude\":43.4981,\"zone1\":null,\"telephone\":\"+33 5 59 68 28 78\",\"detail_url\":\"https:\\\/\\\/www.bearnmadiran-tourisme.fr\\\/es\\\/rutas\\\/arricau-bordes\\\/ITIAQU064V56ZH4H-arricau-bordes-la-balade-du-chateau\\\/\",\"excerpt\":\"Este corto paseo ofrece una incre\\u00edble vista de los Pirineos. Ideal para un paseo al final de la tarde, la luz del bosque brilla a trav\\u00e9s del follaje e inunda la fachada&hellip;\",\"display_excerpt\":\"1\",\"photo\":\"https:\\\/\\\/www.bearnmadiran-tourisme.fr\\\/wp-content\\\/uploads\\\/tis\\\/randonnee-balade-Chateau-arricau-bordes--2--5.jpg\",\"clas\":null,\"btn_label\":\"Ver m\\u00e1s\",\"btn_class\":null,\"durable\":false,\"charte\":\"\",\"durable_label\":\"Desarrollo sostenible\",\"online_bookable\":false,\"price_from\":false,\"event_category\":\"Itineraire\",\"type\":\"pedestre\",\"ititempsdif\":[\"A pie|0h40|F\\u00e1cil\"],\"itidistance\":\"1.6\",\"itidistance_label\":\"Distancia\",\"denivele\":\"80\",\"denivele_label\":\"Elevaci\\u00f3n\"}},{\"geometry\":{\"type\":\"Point\",\"coordinates\":[-0.085355,43.5224]},\"type\":\"Feature\",\"id\":\"ITIAQU064V56ZHA9\",\"properties\":{\"objectTypeCode\":\"ITI\",\"name\":\"Crouseilles : entre vignes et ch\\u00e2teau\",\"marker_id\":\"ITIAQU064V56ZHA9\",\"commune\":\"CROUSEILLES\",\"display_city\":\"1\",\"cp\":\"\",\"ad1\":\"\",\"gmapLongitude\":-0.085355,\"gmapLatitude\":43.5224,\"zone1\":null,\"telephone\":\"+33 5 59 68 28 78\",\"detail_url\":\"https:\\\/\\\/www.bearnmadiran-tourisme.fr\\\/es\\\/rutas\\\/crouseilles\\\/ITIAQU064V56ZHA9-crouseilles-entre-vignes-et-chateau\\\/\",\"excerpt\":\"\\u00a1Sin duda estamos en el coraz\\u00f3n de los Madiranais! Con este bucle alrededor del castillo de Crouseilles, uno podr\\u00eda imaginarse como el se\\u00f1or de la mansi\\u00f3n recorriendo la propiedad Vinos hasta donde&hellip;\",\"display_excerpt\":\"1\",\"photo\":\"https:\\\/\\\/www.bearnmadiran-tourisme.fr\\\/wp-content\\\/uploads\\\/tis\\\/chateau-de-crouseilles---Copie.jpg\",\"clas\":null,\"btn_label\":\"Ver m\\u00e1s\",\"btn_class\":null,\"durable\":false,\"charte\":\"\",\"durable_label\":\"Desarrollo sostenible\",\"online_bookable\":false,\"price_from\":false,\"event_category\":\"Itineraire\",\"type\":\"pedestre\",\"ititempsdif\":[\"A pie|0h45|Muy f\\u00e1cil\"],\"itidistance\":\"2.5\",\"itidistance_label\":\"Distancia\",\"denivele\":\"40\",\"denivele_label\":\"Elevaci\\u00f3n\"}},{\"geometry\":{\"type\":\"Point\",\"coordinates\":[-0.274156,43.559]},\"type\":\"Feature\",\"id\":\"ITIAQU064V56ZHAF\",\"properties\":{\"objectTypeCode\":\"ITI\",\"name\":\"Garlin : circuit du c\\u0153ur historique\",\"marker_id\":\"ITIAQU064V56ZHAF\",\"commune\":\"GARLIN\",\"display_city\":\"1\",\"cp\":\"\",\"ad1\":\"\",\"gmapLongitude\":-0.274156,\"gmapLatitude\":43.559,\"zone1\":null,\"telephone\":\"+33 5 59 68 28 78\",\"detail_url\":\"https:\\\/\\\/www.bearnmadiran-tourisme.fr\\\/es\\\/rutas\\\/garlin\\\/ITIAQU064V56ZHAF-garlin-circuit-du-coeur-historique\\\/\",\"excerpt\":\"Au c\\u0153ur des Coteaux B\\u00e9arn Madiran, un patrimoine riche et discret se d\\u00e9voile \\u00e0 qui prend le temps de l\\u2019explorer. \\u00c0 Garlin, laissez-vous porter par l\\u2019atmosph\\u00e8re singuli\\u00e8re de cette bastide pleine de&hellip;\",\"display_excerpt\":\"1\",\"photo\":\"https:\\\/\\\/www.bearnmadiran-tourisme.fr\\\/wp-content\\\/uploads\\\/tis\\\/Garlin-randonnee-circuit-coeur-historique-credit-peio-gaillard--13--4.jpg\",\"clas\":null,\"btn_label\":\"Ver m\\u00e1s\",\"btn_class\":null,\"durable\":false,\"charte\":\"\",\"durable_label\":\"Desarrollo sostenible\",\"online_bookable\":false,\"price_from\":false,\"event_category\":\"Itineraire\",\"type\":\"pedestre\",\"ititempsdif\":[\"A pie|1h|Muy f\\u00e1cil\"],\"itidistance\":\"2\",\"itidistance_label\":\"Distancia\",\"denivele\":\"10\",\"denivele_label\":\"Elevaci\\u00f3n\"}},{\"geometry\":{\"type\":\"Point\",\"coordinates\":[-0.059392,43.4851]},\"type\":\"Feature\",\"id\":\"ITIAQU064V56ZKQJ\",\"properties\":{\"objectTypeCode\":\"ITI\",\"name\":\"Moncaup : le sentier des fontaines\",\"marker_id\":\"ITIAQU064V56ZKQJ\",\"commune\":\"MONCAUP\",\"display_city\":\"1\",\"cp\":\"\",\"ad1\":\"\",\"gmapLongitude\":-0.059392,\"gmapLatitude\":43.4851,\"zone1\":null,\"telephone\":\"+33 5 59 68 28 78\",\"detail_url\":\"https:\\\/\\\/www.bearnmadiran-tourisme.fr\\\/es\\\/rutas\\\/moncaup\\\/ITIAQU064V56ZKQJ-moncaup-le-sentier-des-fontaines\\\/\",\"excerpt\":\"Descubra las numerosas fuentes de Moncaup. Este paseo, cargado de historia, le llevar\\u00e1 por los bosques de Moncaup, con sus especies arb\\u00f3reas t\\u00edpicas, a trav\\u00e9s de prados y vi\\u00f1edos. Su relieve ondulado&hellip;\",\"display_excerpt\":\"1\",\"photo\":\"https:\\\/\\\/www.bearnmadiran-tourisme.fr\\\/wp-content\\\/uploads\\\/tis\\\/randonnee-des-fontaines---Moncaup---Cph-Peio.jpg\",\"clas\":null,\"btn_label\":\"Ver m\\u00e1s\",\"btn_class\":null,\"durable\":false,\"charte\":\"\",\"durable_label\":\"Desarrollo sostenible\",\"online_bookable\":false,\"price_from\":false,\"event_category\":\"Itineraire\",\"type\":\"pedestre\",\"ititempsdif\":[\"A pie|3h50|F\\u00e1cil\"],\"itidistance\":\"13\",\"itidistance_label\":\"Distancia\",\"denivele\":\"380\",\"denivele_label\":\"Elevaci\\u00f3n\"}},{\"geometry\":{\"type\":\"Point\",\"coordinates\":[-0.146326,43.4696]},\"type\":\"Feature\",\"id\":\"ITIAQU064V56ZKY4\",\"properties\":{\"objectTypeCode\":\"ITI\",\"name\":\"Lespielle : entre moulin et orchid\\u00e9es\",\"marker_id\":\"ITIAQU064V56ZKY4\",\"commune\":\"LESPIELLE\",\"display_city\":\"1\",\"cp\":\"\",\"ad1\":\"\",\"gmapLongitude\":-0.146326,\"gmapLatitude\":43.4696,\"zone1\":null,\"telephone\":\"+33 5 59 68 28 78\",\"detail_url\":\"https:\\\/\\\/www.bearnmadiran-tourisme.fr\\\/es\\\/rutas\\\/lespielle\\\/ITIAQU064V56ZKY4-lespielle-entre-moulin-et-orchidees\\\/\",\"excerpt\":\"Encantador paseo lleno de inter\\u00e9s, con sotobosque sombreado al ritmo del p\\u00e1jaro carpintero verde. La mejor \\u00e9poca para disfrutar de las orqu\\u00eddeas es mayo-junio. Crecen en los pastizales secos, antiguos vi\\u00f1edos. \\u00a1Capilla,&hellip;\",\"display_excerpt\":\"1\",\"photo\":\"https:\\\/\\\/www.bearnmadiran-tourisme.fr\\\/wp-content\\\/uploads\\\/tis\\\/randonnee-entre-moulin-et-orchidees-lespielle-castillon-3.jpg\",\"clas\":null,\"btn_label\":\"Ver m\\u00e1s\",\"btn_class\":null,\"durable\":false,\"charte\":\"\",\"durable_label\":\"Desarrollo sostenible\",\"online_bookable\":false,\"price_from\":false,\"event_category\":\"Itineraire\",\"type\":\"pedestre\",\"ititempsdif\":[\"A pie|2h30|F\\u00e1cil\"],\"itidistance\":\"7.8\",\"itidistance_label\":\"Distancia\",\"denivele\":\"140\",\"denivele_label\":\"Elevaci\\u00f3n\"}},{\"geometry\":{\"type\":\"Point\",\"coordinates\":[-0.184326,43.5783]},\"type\":\"Feature\",\"id\":\"ITIAQU064V56ZKZW\",\"properties\":{\"objectTypeCode\":\"ITI\",\"name\":\"Le sentier de Portet\",\"marker_id\":\"ITIAQU064V56ZKZW\",\"commune\":\"PORTET\",\"display_city\":\"1\",\"cp\":\"\",\"ad1\":\"\",\"gmapLongitude\":-0.184326,\"gmapLatitude\":43.5783,\"zone1\":null,\"telephone\":\"+33 5 59 68 28 78\",\"detail_url\":\"https:\\\/\\\/www.bearnmadiran-tourisme.fr\\\/es\\\/rutas\\\/portet\\\/ITIAQU064V56ZKZW-le-sentier-de-portet\\\/\",\"excerpt\":\"\\u00a1Un gran ba\\u00f1o de naturaleza garantizado! Este paseo es una verdadera inmersi\\u00f3n en el espl\\u00e9ndido bosque de Lavielle. Con robles y casta\\u00f1os, el camino ondula a trav\\u00e9s de este apacible bosque. El&hellip;\",\"display_excerpt\":\"1\",\"photo\":\"https:\\\/\\\/www.bearnmadiran-tourisme.fr\\\/wp-content\\\/uploads\\\/tis\\\/randonnee-sentier-Portet-1-credit-peio-gaillard.jpg\",\"clas\":null,\"btn_label\":\"Ver m\\u00e1s\",\"btn_class\":null,\"durable\":false,\"charte\":\"\",\"durable_label\":\"Desarrollo sostenible\",\"online_bookable\":false,\"price_from\":false,\"event_category\":\"Itineraire\",\"type\":\"pedestre\",\"ititempsdif\":[\"A pie|1h40|F\\u00e1cil\"],\"itidistance\":\"5.6\",\"itidistance_label\":\"Distancia\",\"denivele\":\"225\",\"denivele_label\":\"Elevaci\\u00f3n\"}},{\"geometry\":{\"type\":\"Point\",\"coordinates\":[-0.111882,43.4497]},\"type\":\"Feature\",\"id\":\"ITIAQU064V56ZL00\",\"properties\":{\"objectTypeCode\":\"ITI\",\"name\":\"Lembeye : le chemin de la Ligne\",\"marker_id\":\"ITIAQU064V56ZL00\",\"commune\":\"LEMBEYE\",\"display_city\":\"1\",\"cp\":\"\",\"ad1\":\"\",\"gmapLongitude\":-0.111882,\"gmapLatitude\":43.4497,\"zone1\":null,\"telephone\":\"+33 5 59 68 28 78\",\"detail_url\":\"https:\\\/\\\/www.bearnmadiran-tourisme.fr\\\/es\\\/rutas\\\/lembeye\\\/ITIAQU064V56ZL00-lembeye-le-chemin-de-la-ligne\\\/\",\"excerpt\":\"Este paseo desde Lembeye le hace retroceder en el tiempo. De 1904 a 1931, el Vic-Bilh fue atravesado por la l\\u00ednea de ferrocarril de vapor, tambi\\u00e9n llamada \\\"l\\u00ednea de tranv\\u00eda\\\", que un\\u00eda&hellip;\",\"display_excerpt\":\"1\",\"photo\":\"https:\\\/\\\/www.bearnmadiran-tourisme.fr\\\/wp-content\\\/uploads\\\/tis\\\/Chemin-de-la-Ligne---Lembeye-Peio-1440x1080.jpg\",\"clas\":null,\"btn_label\":\"Ver m\\u00e1s\",\"btn_class\":null,\"durable\":false,\"charte\":\"\",\"durable_label\":\"Desarrollo sostenible\",\"online_bookable\":false,\"price_from\":false,\"event_category\":\"Itineraire\",\"type\":\"pedestre\",\"ititempsdif\":[\"A pie|1h20|F\\u00e1cil\"],\"itidistance\":\"6\",\"itidistance_label\":\"Distancia\",\"denivele\":\"130\",\"denivele_label\":\"Elevaci\\u00f3n\"}},{\"geometry\":{\"type\":\"Point\",\"coordinates\":[-0.169652,43.5448]},\"type\":\"Feature\",\"id\":\"ITIAQU064V578T8S\",\"properties\":{\"objectTypeCode\":\"ITI\",\"name\":\"Circuit d\\u00e9couverte \\\"Bourg de Conchez-de-B\\u00e9arn\\\"\",\"marker_id\":\"ITIAQU064V578T8S\",\"commune\":\"CONCHEZ-DE-BEARN\",\"display_city\":\"1\",\"cp\":\"\",\"ad1\":\"\",\"gmapLongitude\":-0.169652,\"gmapLatitude\":43.5448,\"zone1\":null,\"telephone\":\"+33 5 59 68 28 78\",\"detail_url\":\"https:\\\/\\\/www.bearnmadiran-tourisme.fr\\\/es\\\/rutas\\\/conchez-de-bearn\\\/ITIAQU064V578T8S-circuit-decouverte-bourg-de-conchez-de-bearn\\\/\",\"excerpt\":\"Este circuito de unos 300 m le invita a descubrir Conchez-de-B\\u00e9arn, conocido por sus antiguas casas bearnesas construidas en los siglos XVII y XVIII por familias nobles y burguesas. Este paseo le&hellip;\",\"display_excerpt\":\"1\",\"photo\":\"https:\\\/\\\/www.bearnmadiran-tourisme.fr\\\/wp-content\\\/uploads\\\/tis\\\/conchez-bearn-rando-tourisme-nord-bearn-madiran--3--22--2.jpg\",\"clas\":null,\"btn_label\":\"Ver m\\u00e1s\",\"btn_class\":null,\"durable\":false,\"charte\":\"\",\"durable_label\":\"Desarrollo sostenible\",\"online_bookable\":false,\"price_from\":false,\"event_category\":\"Itineraire\",\"type\":\"pedestre\",\"ititempsdif\":[\"A pie|1h00|Muy f\\u00e1cil\"],\"itidistance\":\"0.3\",\"itidistance_label\":\"Distancia\",\"denivele\":\"0\",\"denivele_label\":\"Elevaci\\u00f3n\"}},{\"geometry\":{\"type\":\"Point\",\"coordinates\":[-0.390627,43.3941]},\"type\":\"Feature\",\"id\":\"ITIAQU064V5AK1NS\",\"properties\":{\"objectTypeCode\":\"ITI\",\"name\":\"Sauvagnon : dans la plaine du pont long \\u00e0 VTT\",\"marker_id\":\"ITIAQU064V5AK1NS\",\"commune\":\"SAUVAGNON\",\"display_city\":\"1\",\"cp\":\"64230\",\"ad1\":\"cascade\",\"gmapLongitude\":-0.390627,\"gmapLatitude\":43.3941,\"zone1\":null,\"telephone\":\"+33 5 59 68 28 78\",\"detail_url\":\"https:\\\/\\\/www.bearnmadiran-tourisme.fr\\\/es\\\/rutas\\\/sauvagnon\\\/ITIAQU064V5AK1NS-sauvagnon-dans-la-plaine-du-pont-long-a-vtt\\\/\",\"excerpt\":\"Esta sencilla ruta en bicicleta recorre la rica historia pastoral y agr\\u00edcola de la zona. Y cuando la l\\u00ednea azul de los Pirineos aparece en la distancia, la vista es soberbia. Este&hellip;\",\"display_excerpt\":\"1\",\"photo\":\"https:\\\/\\\/www.bearnmadiran-tourisme.fr\\\/wp-content\\\/uploads\\\/tis\\\/Cascade-et-berge-de-Sauvagnon---Sauvagnon---cph-Carine-31-mai-2021--3-.jpg\",\"clas\":null,\"btn_label\":\"Ver m\\u00e1s\",\"btn_class\":null,\"durable\":false,\"charte\":\"\",\"durable_label\":\"Desarrollo sostenible\",\"online_bookable\":false,\"price_from\":false,\"event_category\":\"Itineraire\",\"type\":\"vtt\",\"ititempsdif\":[\"Bicicleta de monta\\u00f1a|40min|F\\u00e1cil\"],\"itidistance\":\"7.2\",\"itidistance_label\":\"Distancia\",\"denivele\":\"20\",\"denivele_label\":\"Elevaci\\u00f3n\"}},{\"geometry\":{\"type\":\"Point\",\"coordinates\":[-0.17416,43.3917]},\"type\":\"Feature\",\"id\":\"ITIAQU064V5AKDZY\",\"properties\":{\"objectTypeCode\":\"ITI\",\"name\":\"Ab\\u00e8re : belv\\u00e9d\\u00e8re du L\\u00e9es\",\"marker_id\":\"ITIAQU064V5AKDZY\",\"commune\":\"ABERE\",\"display_city\":\"1\",\"cp\":\"\",\"ad1\":\"\",\"gmapLongitude\":-0.17416,\"gmapLatitude\":43.3917,\"zone1\":null,\"telephone\":\"+33 5 59 33 62 25\",\"detail_url\":\"https:\\\/\\\/www.bearnmadiran-tourisme.fr\\\/es\\\/rutas\\\/abere\\\/ITIAQU064V5AKDZY-abere-belvedere-du-lees\\\/\",\"excerpt\":\"Bonito paseo desde Ab\\u00e8re por una pista y una peque\\u00f1a carretera. En primer lugar, est\\u00e1 en lo alto para aprovechar la vista de los Pirineos, luego desciende a un valle y sigue&hellip;\",\"display_excerpt\":\"1\",\"photo\":\"https:\\\/\\\/www.bearnmadiran-tourisme.fr\\\/wp-content\\\/uploads\\\/tis\\\/1-abere-belvedere--lees-randonnee---peio-Gaillard-Montamigo.jpg\",\"clas\":null,\"btn_label\":\"Ver m\\u00e1s\",\"btn_class\":null,\"durable\":false,\"charte\":\"\",\"durable_label\":\"Desarrollo sostenible\",\"online_bookable\":false,\"price_from\":false,\"event_category\":\"Itineraire\",\"type\":\"pedestre\",\"ititempsdif\":[\"A pie|2h30|F\\u00e1cil\"],\"itidistance\":\"9.5\",\"itidistance_label\":\"Distancia\",\"denivele\":\"150\",\"denivele_label\":\"Elevaci\\u00f3n\"}},{\"geometry\":{\"type\":\"Point\",\"coordinates\":[-0.129613,43.3785]},\"type\":\"Feature\",\"id\":\"ITIAQU064V5AKH1R\",\"properties\":{\"objectTypeCode\":\"ITI\",\"name\":\"Baleix : chemin de Saint-Martin\",\"marker_id\":\"ITIAQU064V5AKH1R\",\"commune\":\"BALEIX\",\"display_city\":\"1\",\"cp\":\"64460\",\"ad1\":\"Eglise\",\"gmapLongitude\":-0.129613,\"gmapLatitude\":43.3785,\"zone1\":null,\"telephone\":\"+33 5 59 33 62 25\",\"detail_url\":\"https:\\\/\\\/www.bearnmadiran-tourisme.fr\\\/es\\\/rutas\\\/baleix\\\/ITIAQU064V5AKH1R-baleix-chemin-de-saint-martin\\\/\",\"excerpt\":\"Una peque\\u00f1a subida por la maleza para poner en marcha las piernas, algunos tramos mojados en invierno, las t\\u00edpicas bearnesas aqu\\u00ed y all\\u00e1... todos los ingredientes est\\u00e1n presentes en el Chemin de&hellip;\",\"display_excerpt\":\"1\",\"photo\":\"https:\\\/\\\/www.bearnmadiran-tourisme.fr\\\/wp-content\\\/uploads\\\/tis\\\/3-baleix-chemin-saint-martin-randonnee-bearn-2---peio-Gaillard---Copie.jpg\",\"clas\":null,\"btn_label\":\"Ver m\\u00e1s\",\"btn_class\":null,\"durable\":false,\"charte\":\"\",\"durable_label\":\"Desarrollo sostenible\",\"online_bookable\":false,\"price_from\":false,\"event_category\":\"Itineraire\",\"type\":\"pedestre\",\"ititempsdif\":[\"A pie|1h20|Muy f\\u00e1cil\"],\"itidistance\":\"5\",\"itidistance_label\":\"Distancia\",\"denivele\":\"120\",\"denivele_label\":\"Elevaci\\u00f3n\"}},{\"geometry\":{\"type\":\"Point\",\"coordinates\":[-0.242277,43.3826]},\"type\":\"Feature\",\"id\":\"ITIAQU064V5AKHLR\",\"properties\":{\"objectTypeCode\":\"ITI\",\"name\":\"Higu\\u00e8res-Souye : entre Luy et Souye\",\"marker_id\":\"ITIAQU064V5AKHLR\",\"commune\":\"HIGUERES-SOUYE\",\"display_city\":\"1\",\"cp\":\"\",\"ad1\":\"\",\"gmapLongitude\":-0.242277,\"gmapLatitude\":43.3826,\"zone1\":null,\"telephone\":\"+33 5 59 33 62 25\",\"detail_url\":\"https:\\\/\\\/www.bearnmadiran-tourisme.fr\\\/es\\\/rutas\\\/higueres-souye\\\/ITIAQU064V5AKHLR-higueres-souye-entre-luy-et-souye\\\/\",\"excerpt\":\"Este paseo, muy variado, atrae tanto a los ciclistas como a los senderistas. Los tramos de sotobosque y los senderos son muy agradables. El relieve en torno al Luy de France y&hellip;\",\"display_excerpt\":\"1\",\"photo\":\"https:\\\/\\\/www.bearnmadiran-tourisme.fr\\\/wp-content\\\/uploads\\\/tis\\\/Higueres-Souye-randonnee-Tourisme-Bearn-Madiran---Courte-Echelle-2025---M29A8230.jpg\",\"clas\":null,\"btn_label\":\"Ver m\\u00e1s\",\"btn_class\":null,\"durable\":false,\"charte\":\"\",\"durable_label\":\"Desarrollo sostenible\",\"online_bookable\":false,\"price_from\":false,\"event_category\":\"Itineraire\",\"type\":\"pedestre\",\"ititempsdif\":[\"A pie|2H30|F\\u00e1cil\"],\"itidistance\":\"12.2\",\"itidistance_label\":\"Distancia\",\"denivele\":\"230\",\"denivele_label\":\"Elevaci\\u00f3n\"}},{\"geometry\":{\"type\":\"Point\",\"coordinates\":[-0.207318,43.3606]},\"type\":\"Feature\",\"id\":\"ITIAQU064V5AKI19\",\"properties\":{\"objectTypeCode\":\"ITI\",\"name\":\"Gabaston : Balade jacquaire\",\"marker_id\":\"ITIAQU064V5AKI19\",\"commune\":\"GABASTON\",\"display_city\":\"1\",\"cp\":\"\",\"ad1\":\"\",\"gmapLongitude\":-0.207318,\"gmapLatitude\":43.3606,\"zone1\":null,\"telephone\":\"+33 5 59 33 62 25\",\"detail_url\":\"https:\\\/\\\/www.bearnmadiran-tourisme.fr\\\/es\\\/rutas\\\/gabaston\\\/ITIAQU064V5AKI19-gabaston-balade-jacquaire\\\/\",\"excerpt\":\"Partiendo de Gabaston, este encantador bucle recorre primero el r\\u00edo Souye y luego sigue parte del Camino de Santiago, a la sombra de acebos y robles. Ideal para una excursi\\u00f3n en familia,&hellip;\",\"display_excerpt\":\"1\",\"photo\":\"https:\\\/\\\/www.bearnmadiran-tourisme.fr\\\/wp-content\\\/uploads\\\/tis\\\/5-gabaston-randonnee-balade-jacquaire-2---peio-Gaillard-Montamigo.jpg\",\"clas\":null,\"btn_label\":\"Ver m\\u00e1s\",\"btn_class\":null,\"durable\":false,\"charte\":\"\",\"durable_label\":\"Desarrollo sostenible\",\"online_bookable\":false,\"price_from\":false,\"event_category\":\"Itineraire\",\"type\":\"pedestre\",\"ititempsdif\":[\"A pie|1h30|Muy f\\u00e1cil\"],\"itidistance\":\"7\",\"itidistance_label\":\"Distancia\",\"denivele\":\"60\",\"denivele_label\":\"Elevaci\\u00f3n\"}},{\"geometry\":{\"type\":\"Point\",\"coordinates\":[-0.20732,43.3606]},\"type\":\"Feature\",\"id\":\"ITIAQU064V5AKIFB\",\"properties\":{\"objectTypeCode\":\"ITI\",\"name\":\"Gabaston : Les Artigues\",\"marker_id\":\"ITIAQU064V5AKIFB\",\"commune\":\"GABASTON\",\"display_city\":\"1\",\"cp\":\"\",\"ad1\":\"\",\"gmapLongitude\":-0.20732,\"gmapLatitude\":43.3606,\"zone1\":null,\"telephone\":\"+33 5 59 33 62 25\",\"detail_url\":\"https:\\\/\\\/www.bearnmadiran-tourisme.fr\\\/es\\\/rutas\\\/gabaston\\\/ITIAQU064V5AKIFB-gabaston-les-artigues\\\/\",\"excerpt\":\"Encantador bucle que parte de Gabaston. Descubra la campi\\u00f1a bearnesa con sus granjas y prados por agradables senderos. Este paseo desde Gabaston es un paseo familiar, durante todo el a\\u00f1o, y los&hellip;\",\"display_excerpt\":\"1\",\"photo\":\"https:\\\/\\\/www.bearnmadiran-tourisme.fr\\\/wp-content\\\/uploads\\\/tis\\\/3-gabaston-randonnee-artigues-bearn---shutterstock-147171224.jpg\",\"clas\":null,\"btn_label\":\"Ver m\\u00e1s\",\"btn_class\":null,\"durable\":false,\"charte\":\"\",\"durable_label\":\"Desarrollo sostenible\",\"online_bookable\":false,\"price_from\":false,\"event_category\":\"Itineraire\",\"type\":\"pedestre\",\"ititempsdif\":[\"A pie|1h05|Muy f\\u00e1cil\"],\"itidistance\":\"4.7\",\"itidistance_label\":\"Distancia\",\"denivele\":\"30\",\"denivele_label\":\"Elevaci\\u00f3n\"}},{\"geometry\":{\"type\":\"Point\",\"coordinates\":[-0.173905,43.3399]},\"type\":\"Feature\",\"id\":\"ITIAQU064V5AKM97\",\"properties\":{\"objectTypeCode\":\"ITI\",\"name\":\"Sedz\\u00e8re : Les fusains\",\"marker_id\":\"ITIAQU064V5AKM97\",\"commune\":\"SEDZERE\",\"display_city\":\"1\",\"cp\":\"\",\"ad1\":\"\",\"gmapLongitude\":-0.173905,\"gmapLatitude\":43.3399,\"zone1\":null,\"telephone\":\"+33 5 59 33 62 25\",\"detail_url\":\"https:\\\/\\\/www.bearnmadiran-tourisme.fr\\\/es\\\/rutas\\\/sedzere\\\/ITIAQU064V5AKM97-sedzere-les-fusains\\\/\",\"excerpt\":\"Desde los meandros de las Gabas, hasta la meseta, disfrutar\\u00e1 de una vista panor\\u00e1mica de los Pirineos la cordillera de los Pirineos. La paz y la tranquilidad est\\u00e1n garantizadas en esta buc\\u00f3lica&hellip;\",\"display_excerpt\":\"1\",\"photo\":\"https:\\\/\\\/www.bearnmadiran-tourisme.fr\\\/wp-content\\\/uploads\\\/tis\\\/Les-fusains--Sedzere.jpg\",\"clas\":null,\"btn_label\":\"Ver m\\u00e1s\",\"btn_class\":null,\"durable\":false,\"charte\":\"\",\"durable_label\":\"Desarrollo sostenible\",\"online_bookable\":false,\"price_from\":false,\"event_category\":\"Itineraire\",\"type\":\"pedestre\",\"ititempsdif\":[\"A pie|1h45|Muy f\\u00e1cil\"],\"itidistance\":\"7.9\",\"itidistance_label\":\"Distancia\",\"denivele\":\"130\",\"denivele_label\":\"Elevaci\\u00f3n\"}},{\"geometry\":{\"type\":\"Point\",\"coordinates\":[-0.229112,43.3049]},\"type\":\"Feature\",\"id\":\"ITIAQU064V5AKMMF\",\"properties\":{\"objectTypeCode\":\"ITI\",\"name\":\"Andoins : La belle Corisande\",\"marker_id\":\"ITIAQU064V5AKMMF\",\"commune\":\"ANDOINS\",\"display_city\":\"1\",\"cp\":\"\",\"ad1\":\"\",\"gmapLongitude\":-0.229112,\"gmapLatitude\":43.3049,\"zone1\":null,\"telephone\":\"+33 5 59 33 62 25\",\"detail_url\":\"https:\\\/\\\/www.bearnmadiran-tourisme.fr\\\/es\\\/rutas\\\/andoins\\\/ITIAQU064V5AKMMF-andoins-la-belle-corisande\\\/\",\"excerpt\":\"Los aficionados a la marcha n\\u00f3rdica encontrar\\u00e1n aqu\\u00ed un terreno muy adecuado para su caminata favorita. Los senderos ofrecen superficies c\\u00f3modas, alternando partes sombreadas y soleadas. Una ruta en la meseta, ideal&hellip;\",\"display_excerpt\":\"1\",\"photo\":\"https:\\\/\\\/www.bearnmadiran-tourisme.fr\\\/wp-content\\\/uploads\\\/tis\\\/8-andoins-belle-corisande-randonnee---peio-Gaillard-Montamigo.jpg\",\"clas\":null,\"btn_label\":\"Ver m\\u00e1s\",\"btn_class\":null,\"durable\":false,\"charte\":\"\",\"durable_label\":\"Desarrollo sostenible\",\"online_bookable\":false,\"price_from\":false,\"event_category\":\"Itineraire\",\"type\":\"pedestre\",\"ititempsdif\":[\"A pie|2h|Muy f\\u00e1cil\"],\"itidistance\":\"8.2\",\"itidistance_label\":\"Distancia\",\"denivele\":\"60\",\"denivele_label\":\"Elevaci\\u00f3n\"}},{\"geometry\":{\"type\":\"Point\",\"coordinates\":[-0.227117,43.3203]},\"type\":\"Feature\",\"id\":\"ITIAQU064V5AKMS6\",\"properties\":{\"objectTypeCode\":\"ITI\",\"name\":\"Ouillon : Entre lande et for\\u00eat\",\"marker_id\":\"ITIAQU064V5AKMS6\",\"commune\":\"OUILLON\",\"display_city\":\"1\",\"cp\":\"\",\"ad1\":\"\",\"gmapLongitude\":-0.227117,\"gmapLatitude\":43.3203,\"zone1\":null,\"telephone\":\"+33 5 59 33 62 25\",\"detail_url\":\"https:\\\/\\\/www.bearnmadiran-tourisme.fr\\\/es\\\/rutas\\\/ouillon\\\/ITIAQU064V5AKMS6-ouillon-entre-lande-et-foret\\\/\",\"excerpt\":\"Partiendo del encantador pueblo de Ouillon, este paseo, principalmente por pistas, est\\u00e1 lleno de contrastes. Entre amplios espacios abiertos, la tranquilidad de la maleza y el cruce del pueblo, ofrece un soplo&hellip;\",\"display_excerpt\":\"1\",\"photo\":\"https:\\\/\\\/www.bearnmadiran-tourisme.fr\\\/wp-content\\\/uploads\\\/tis\\\/9-ouillon-entre-lande-et-foret-randonnee-2---peio-Gaillard-Montamigo.jpg\",\"clas\":null,\"btn_label\":\"Ver m\\u00e1s\",\"btn_class\":null,\"durable\":false,\"charte\":\"\",\"durable_label\":\"Desarrollo sostenible\",\"online_bookable\":false,\"price_from\":false,\"event_category\":\"Itineraire\",\"type\":\"pedestre\",\"ititempsdif\":[\"A pie|1h40|Muy f\\u00e1cil\"],\"itidistance\":\"8\",\"itidistance_label\":\"Distancia\",\"denivele\":\"50\",\"denivele_label\":\"Elevaci\\u00f3n\"}},{\"geometry\":{\"type\":\"Point\",\"coordinates\":[-0.229197,43.3195]},\"type\":\"Feature\",\"id\":\"ITIAQU064V5AKN54\",\"properties\":{\"objectTypeCode\":\"ITI\",\"name\":\"Ouillon : chemin des bergers\",\"marker_id\":\"ITIAQU064V5AKN54\",\"commune\":\"OUILLON\",\"display_city\":\"1\",\"cp\":\"\",\"ad1\":\"\",\"gmapLongitude\":-0.229197,\"gmapLatitude\":43.3195,\"zone1\":null,\"telephone\":\"+33 5 59 33 62 25\",\"detail_url\":\"https:\\\/\\\/www.bearnmadiran-tourisme.fr\\\/es\\\/rutas\\\/ouillon\\\/ITIAQU064V5AKN54-ouillon-chemin-des-bergers\\\/\",\"excerpt\":\"Este hermoso paseo atraviesa p\\u00e1ramos, laderas y los numerosos r\\u00edos que han dado forma al paisaje. Est\\u00e1 lleno de contrastes, con zonas sombreadas y abiertas. La distancia es menos pronunciada, pero debe&hellip;\",\"display_excerpt\":\"1\",\"photo\":\"https:\\\/\\\/www.bearnmadiran-tourisme.fr\\\/wp-content\\\/uploads\\\/tis\\\/10-chemin-bergers-randonnee-2---peio-Gaillard-Montamigo---Copie.jpg\",\"clas\":null,\"btn_label\":\"Ver m\\u00e1s\",\"btn_class\":null,\"durable\":false,\"charte\":\"\",\"durable_label\":\"Desarrollo sostenible\",\"online_bookable\":false,\"price_from\":false,\"event_category\":\"Itineraire\",\"type\":\"pedestre\",\"ititempsdif\":[\"A pie|3h|Dif\\u00edcil\"],\"itidistance\":\"15.2\",\"itidistance_label\":\"Distancia\",\"denivele\":\"70\",\"denivele_label\":\"Elevaci\\u00f3n\"}},{\"geometry\":{\"type\":\"Point\",\"coordinates\":[-0.287858,43.3618]},\"type\":\"Feature\",\"id\":\"ITIAQU064V5AKNHW\",\"properties\":{\"objectTypeCode\":\"ITI\",\"name\":\"Maucor : Berges du Laaps\",\"marker_id\":\"ITIAQU064V5AKNHW\",\"commune\":\"MAUCOR\",\"display_city\":\"1\",\"cp\":\"\",\"ad1\":\"\",\"gmapLongitude\":-0.287858,\"gmapLatitude\":43.3618,\"zone1\":null,\"telephone\":\"+33 5 59 33 62 25\",\"detail_url\":\"https:\\\/\\\/www.bearnmadiran-tourisme.fr\\\/es\\\/rutas\\\/maucor\\\/ITIAQU064V5AKNHW-maucor-berges-du-laaps\\\/\",\"excerpt\":\"Muy bonita inmersi\\u00f3n en la naturaleza, a un paso de Morla\\u00e0s. Unas cuantas buenas subidas para el coraz\\u00f3n, algo de suciedad para calzarse para ensuciarse los zapatos y la altura para admirar&hellip;\",\"display_excerpt\":\"1\",\"photo\":\"https:\\\/\\\/www.bearnmadiran-tourisme.fr\\\/wp-content\\\/uploads\\\/tis\\\/15-Maucor-berges-du-laaps-randonnee-credit-tourisme-nord-bearn-madiran.jpg\",\"clas\":null,\"btn_label\":\"Ver m\\u00e1s\",\"btn_class\":null,\"durable\":false,\"charte\":\"\",\"durable_label\":\"Desarrollo sostenible\",\"online_bookable\":false,\"price_from\":false,\"event_category\":\"Itineraire\",\"type\":\"pedestre\",\"ititempsdif\":[\"A pie|2h30|F\\u00e1cil\"],\"itidistance\":\"8.4\",\"itidistance_label\":\"Distancia\",\"denivele\":\"200\",\"denivele_label\":\"Elevaci\\u00f3n\"}},{\"geometry\":{\"type\":\"Point\",\"coordinates\":[-0.258391,43.3272]},\"type\":\"Feature\",\"id\":\"ITIAQU064V5AKNJM\",\"properties\":{\"objectTypeCode\":\"ITI\",\"name\":\"Serres-Morla\\u00e0s : for\\u00eat de Lahitau\",\"marker_id\":\"ITIAQU064V5AKNJM\",\"commune\":\"SERRES-MORLAAS\",\"display_city\":\"1\",\"cp\":\"\",\"ad1\":\"\",\"gmapLongitude\":-0.258391,\"gmapLatitude\":43.3272,\"zone1\":null,\"telephone\":\"+33 5 59 33 62 25\",\"detail_url\":\"https:\\\/\\\/www.bearnmadiran-tourisme.fr\\\/es\\\/rutas\\\/serres-morlaas\\\/ITIAQU064V5AKNJM-serres-morlaas-foret-de-lahitau\\\/\",\"excerpt\":\"Partiendo de Serres-Morla\\u00e0s, un pueblo encaramado en las crestas, esta hermosa ruta calentar\\u00e1 suavemente sus pantorrillas. En el coraz\\u00f3n del bosque de Lahitau, este bonito camino de hierba sigue un encantador robledal&hellip;\",\"display_excerpt\":\"1\",\"photo\":\"https:\\\/\\\/www.bearnmadiran-tourisme.fr\\\/wp-content\\\/uploads\\\/tis\\\/12-serres-morlaas-foret-lahitau-randonnee---peio-Gaillard-Montamigo.jpg\",\"clas\":null,\"btn_label\":\"Ver m\\u00e1s\",\"btn_class\":null,\"durable\":false,\"charte\":\"\",\"durable_label\":\"Desarrollo sostenible\",\"online_bookable\":false,\"price_from\":false,\"event_category\":\"Itineraire\",\"type\":\"pedestre\",\"ititempsdif\":[\"A pie|2h|Muy f\\u00e1cil\"],\"itidistance\":\"7.7\",\"itidistance_label\":\"Distancia\",\"denivele\":\"99\",\"denivele_label\":\"Elevaci\\u00f3n\"}},{\"geometry\":{\"type\":\"Point\",\"coordinates\":[-0.161033,43.3089]},\"type\":\"Feature\",\"id\":\"ITIAQU064V5AKNN9\",\"properties\":{\"objectTypeCode\":\"ITI\",\"name\":\"Arrien : L\\u00e9gende de Saint-Jean\",\"marker_id\":\"ITIAQU064V5AKNN9\",\"commune\":\"ARRIEN\",\"display_city\":\"1\",\"cp\":\"\",\"ad1\":\"\",\"gmapLongitude\":-0.161033,\"gmapLatitude\":43.3089,\"zone1\":null,\"telephone\":\"+33 5 59 33 62 25\",\"detail_url\":\"https:\\\/\\\/www.bearnmadiran-tourisme.fr\\\/es\\\/rutas\\\/arrien\\\/ITIAQU064V5AKNN9-arrien-legende-de-saint-jean\\\/\",\"excerpt\":\"Este bonito paseo desde Arrien es una delicia para toda la familia e incluye el descubrimiento de la fuente St Jean y su leyenda. El camino atraviesa la campi\\u00f1a y se adentra&hellip;\",\"display_excerpt\":\"1\",\"photo\":\"https:\\\/\\\/www.bearnmadiran-tourisme.fr\\\/wp-content\\\/uploads\\\/tis\\\/16-Arrien-legende-fontaine-St-Jean-randonnee---peio-gaillard-Montamigo.jpg\",\"clas\":null,\"btn_label\":\"Ver m\\u00e1s\",\"btn_class\":null,\"durable\":false,\"charte\":\"\",\"durable_label\":\"Desarrollo sostenible\",\"online_bookable\":false,\"price_from\":false,\"event_category\":\"Itineraire\",\"type\":\"pedestre\",\"ititempsdif\":[\"A pie|1h40|Muy f\\u00e1cil\"],\"itidistance\":\"6\",\"itidistance_label\":\"Distancia\",\"denivele\":\"75\",\"denivele_label\":\"Elevaci\\u00f3n\"}},{\"geometry\":{\"type\":\"Point\",\"coordinates\":[-0.126297,43.3123]},\"type\":\"Feature\",\"id\":\"ITIAQU064V5AKPIA\",\"properties\":{\"objectTypeCode\":\"ITI\",\"name\":\"Saubole : Le long du L\\u00e9es\",\"marker_id\":\"ITIAQU064V5AKPIA\",\"commune\":\"SAUBOLE\",\"display_city\":\"1\",\"cp\":\"\",\"ad1\":\"\",\"gmapLongitude\":-0.126297,\"gmapLatitude\":43.3123,\"zone1\":null,\"telephone\":\"+33 5 59 33 62 25\",\"detail_url\":\"https:\\\/\\\/www.bearnmadiran-tourisme.fr\\\/es\\\/rutas\\\/saubole\\\/ITIAQU064V5AKPIA-saubole-le-long-du-lees\\\/\",\"excerpt\":\"Desde las zonas abiertas hasta el sotobosque, esta ruta, muy agradable y f\\u00e1cil, es apta para la mayor\\u00eda de las personas. El camino pasa por lugares muy agradables, como el descenso del&hellip;\",\"display_excerpt\":\"1\",\"photo\":\"https:\\\/\\\/www.bearnmadiran-tourisme.fr\\\/wp-content\\\/uploads\\\/tis\\\/18-Saubole-long-lees-randonnee-2---peio-gaillard-Montamigo.jpg\",\"clas\":null,\"btn_label\":\"Ver m\\u00e1s\",\"btn_class\":null,\"durable\":false,\"charte\":\"\",\"durable_label\":\"Desarrollo sostenible\",\"online_bookable\":false,\"price_from\":false,\"event_category\":\"Itineraire\",\"type\":\"pedestre\",\"ititempsdif\":[\"A pie|2h30|F\\u00e1cil\"],\"itidistance\":\"10\",\"itidistance_label\":\"Distancia\",\"denivele\":\"110\",\"denivele_label\":\"Elevaci\\u00f3n\"}},{\"geometry\":{\"type\":\"Point\",\"coordinates\":[-0.150711,43.3595]},\"type\":\"Feature\",\"id\":\"ITIAQU064V5AKPL8\",\"properties\":{\"objectTypeCode\":\"ITI\",\"name\":\"Lespourcy : aux portes du Vic-Bilh \\u00e0 VTT\",\"marker_id\":\"ITIAQU064V5AKPL8\",\"commune\":\"LESPOURCY\",\"display_city\":\"1\",\"cp\":\"\",\"ad1\":\"\",\"gmapLongitude\":-0.150711,\"gmapLatitude\":43.3595,\"zone1\":null,\"telephone\":\"+33 5 59 33 62 25\",\"detail_url\":\"https:\\\/\\\/www.bearnmadiran-tourisme.fr\\\/es\\\/rutas\\\/lespourcy\\\/ITIAQU064V5AKPL8-lespourcy-aux-portes-du-vic-bilh-a-vtt\\\/\",\"excerpt\":\"Un magn\\u00edfico campo en plena naturaleza. Peque\\u00f1as y bonitas subidas, largas rectas contra el viento, sotobosque de robles y con\\u00edferas: todos los ingredientes est\\u00e1n ah\\u00ed para hacer de esta una salida deportiva&hellip;\",\"display_excerpt\":\"1\",\"photo\":\"https:\\\/\\\/www.bearnmadiran-tourisme.fr\\\/wp-content\\\/uploads\\\/tis\\\/2-portes-vic-bilh-lespourcy-randonnee-vtt---peio-Gaillard-Montamigo.jpg\",\"clas\":null,\"btn_label\":\"Ver m\\u00e1s\",\"btn_class\":null,\"durable\":false,\"charte\":\"\",\"durable_label\":\"Desarrollo sostenible\",\"online_bookable\":false,\"price_from\":false,\"event_category\":\"Itineraire\",\"type\":\"vtt\",\"ititempsdif\":[\"Bicicleta de monta\\u00f1a|2h30|F\\u00e1cil\"],\"itidistance\":\"22.4\",\"itidistance_label\":\"Distancia\",\"denivele\":\"410\",\"denivele_label\":\"Elevaci\\u00f3n\"}},{\"geometry\":{\"type\":\"Point\",\"coordinates\":[-0.150711,43.3595]},\"type\":\"Feature\",\"id\":\"ITIAQU064V5AKPQR\",\"properties\":{\"objectTypeCode\":\"ITI\",\"name\":\"Lespourcy : aux portes du Vic-Bilh \\u00e0 cheval\",\"marker_id\":\"ITIAQU064V5AKPQR\",\"commune\":\"LESPOURCY\",\"display_city\":\"1\",\"cp\":\"\",\"ad1\":\"\",\"gmapLongitude\":-0.150711,\"gmapLatitude\":43.3595,\"zone1\":null,\"telephone\":\"+33 5 59 33 62 25\",\"detail_url\":\"https:\\\/\\\/www.bearnmadiran-tourisme.fr\\\/es\\\/rutas\\\/lespourcy\\\/ITIAQU064V5AKPQR-lespourcy-aux-portes-du-vic-bilh-a-cheval\\\/\",\"excerpt\":\"Un magn\\u00edfico campo en plena naturaleza. Peque\\u00f1as y bonitas subidas, largas rectas contra el viento, sotobosque de robles y con\\u00edferas: todos los ingredientes est\\u00e1n ah\\u00ed para hacer de esta una salida deportiva&hellip;\",\"display_excerpt\":\"1\",\"photo\":\"https:\\\/\\\/www.bearnmadiran-tourisme.fr\\\/wp-content\\\/uploads\\\/tis\\\/2-portes-vic-bilh-lespourcy-randonnee-equestre---peio-Gaillard-Montamigo.jpg\",\"clas\":null,\"btn_label\":\"Ver m\\u00e1s\",\"btn_class\":null,\"durable\":false,\"charte\":\"\",\"durable_label\":\"Desarrollo sostenible\",\"online_bookable\":false,\"price_from\":false,\"event_category\":\"Itineraire\",\"type\":\"equestre\",\"ititempsdif\":[\"Caballo|2h30|Medio\"],\"itidistance\":\"22.4\",\"itidistance_label\":\"Distancia\",\"denivele\":\"410\",\"denivele_label\":\"Elevaci\\u00f3n\"}},{\"geometry\":{\"type\":\"Point\",\"coordinates\":[-0.227066,43.3203]},\"type\":\"Feature\",\"id\":\"ITIAQU064V5AKPRE\",\"properties\":{\"objectTypeCode\":\"ITI\",\"name\":\"Ouillon : chemin des bergers \\u00e0 VTT\",\"marker_id\":\"ITIAQU064V5AKPRE\",\"commune\":\"OUILLON\",\"display_city\":\"1\",\"cp\":\"\",\"ad1\":\"\",\"gmapLongitude\":-0.227066,\"gmapLatitude\":43.3203,\"zone1\":null,\"telephone\":\"+33 5 59 33 62 25\",\"detail_url\":\"https:\\\/\\\/www.bearnmadiran-tourisme.fr\\\/es\\\/rutas\\\/ouillon\\\/ITIAQU064V5AKPRE-ouillon-chemin-des-bergers-a-vtt\\\/\",\"excerpt\":\"Un bucle muy bonito que comienza en un bosque y luego sube a la llanura. Principalmente por pista, con algunos tramos asfaltados, el camino atraviesa el gran p\\u00e1ramo de Capbat. Con los&hellip;\",\"display_excerpt\":\"1\",\"photo\":\"https:\\\/\\\/www.bearnmadiran-tourisme.fr\\\/wp-content\\\/uploads\\\/tis\\\/11-chemin-des-bergers-randonnee-vtt-3---peio-Gaillard-Montamig---Copie.jpg\",\"clas\":null,\"btn_label\":\"Ver m\\u00e1s\",\"btn_class\":null,\"durable\":false,\"charte\":\"\",\"durable_label\":\"Desarrollo sostenible\",\"online_bookable\":false,\"price_from\":false,\"event_category\":\"Itineraire\",\"type\":\"vtt\",\"ititempsdif\":[\"Bicicleta de monta\\u00f1a|1h45|F\\u00e1cil\"],\"itidistance\":\"19.2\",\"itidistance_label\":\"Distancia\",\"denivele\":\"70\",\"denivele_label\":\"Elevaci\\u00f3n\"}},{\"geometry\":{\"type\":\"Point\",\"coordinates\":[-0.286842,43.3602]},\"type\":\"Feature\",\"id\":\"ITIAQU064V5AKPTO\",\"properties\":{\"objectTypeCode\":\"ITI\",\"name\":\"Maucor : du Pont Long aux coteaux \\u00e0 VTT\",\"marker_id\":\"ITIAQU064V5AKPTO\",\"commune\":\"MAUCOR\",\"display_city\":\"1\",\"cp\":\"\",\"ad1\":\"\",\"gmapLongitude\":-0.286842,\"gmapLatitude\":43.3602,\"zone1\":null,\"telephone\":\"+33 5 59 33 62 25\",\"detail_url\":\"https:\\\/\\\/www.bearnmadiran-tourisme.fr\\\/es\\\/rutas\\\/maucor\\\/ITIAQU064V5AKPTO-maucor-du-pont-long-aux-coteaux-a-vtt\\\/\",\"excerpt\":\"El ciclismo de monta\\u00f1a (de verdad) como a nosotros nos gusta: terreno variado, subidas empinadas y descensos ondulados. Un c\\u00f3ctel deportivo lleno de desaf\\u00edos y hermosas vistas. Este recorrido es duro y&hellip;\",\"display_excerpt\":\"1\",\"photo\":\"https:\\\/\\\/www.bearnmadiran-tourisme.fr\\\/wp-content\\\/uploads\\\/tis\\\/14-pont-long-aux-coteaux-maucor-randonnee-vtt-5--peio-Gaillard-Montamigo.jpg\",\"clas\":null,\"btn_label\":\"Ver m\\u00e1s\",\"btn_class\":null,\"durable\":false,\"charte\":\"\",\"durable_label\":\"Desarrollo sostenible\",\"online_bookable\":false,\"price_from\":false,\"event_category\":\"Itineraire\",\"type\":\"vtt\",\"ititempsdif\":[\"Bicicleta de monta\\u00f1a|2h40|Dif\\u00edcil\"],\"itidistance\":\"25.8\",\"itidistance_label\":\"Distancia\",\"denivele\":\"500\",\"denivele_label\":\"Elevaci\\u00f3n\"}},{\"geometry\":{\"type\":\"Point\",\"coordinates\":[-0.140776,43.2924]},\"type\":\"Feature\",\"id\":\"ITIAQU064V5AKQ2U\",\"properties\":{\"objectTypeCode\":\"ITI\",\"name\":\"Eslourenties-Daban : le lac du Gabas \\u00e0 VTT\",\"marker_id\":\"ITIAQU064V5AKQ2U\",\"commune\":\"ESLOURENTIES-DABAN\",\"display_city\":\"1\",\"cp\":\"\",\"ad1\":\"\",\"gmapLongitude\":-0.140776,\"gmapLatitude\":43.2924,\"zone1\":null,\"telephone\":\"+33 5 59 33 62 25\",\"detail_url\":\"https:\\\/\\\/www.bearnmadiran-tourisme.fr\\\/es\\\/rutas\\\/eslourenties-daban\\\/ITIAQU064V5AKQ2U-eslourenties-daban-le-lac-du-gabas-a-vtt\\\/\",\"excerpt\":\"Es cierto que el lago es artificial, pero el hombre y la naturaleza son capaces de armonizarse Este bucle sorprende por su variedad de paisajes, atm\\u00f3sferas y mundos. A pie o en&hellip;\",\"display_excerpt\":\"1\",\"photo\":\"https:\\\/\\\/www.bearnmadiran-tourisme.fr\\\/wp-content\\\/uploads\\\/tis\\\/19-vallees-vers-adour-urost-randonnee-vtt---peio-Gaillard-Montamigo-2.jpg\",\"clas\":null,\"btn_label\":\"Ver m\\u00e1s\",\"btn_class\":null,\"durable\":false,\"charte\":\"\",\"durable_label\":\"Desarrollo sostenible\",\"online_bookable\":false,\"price_from\":false,\"event_category\":\"Itineraire\",\"type\":\"vtt\",\"ititempsdif\":[\"Bicicleta de monta\\u00f1a|1h10|Muy f\\u00e1cil\"],\"itidistance\":\"9.6\",\"itidistance_label\":\"Distancia\",\"denivele\":\"100\",\"denivele_label\":\"Elevaci\\u00f3n\"}},{\"geometry\":{\"type\":\"Point\",\"coordinates\":[-0.148348,43.3385]},\"type\":\"Feature\",\"id\":\"ITIAQU064V5AKQ37\",\"properties\":{\"objectTypeCode\":\"ITI\",\"name\":\"Urost : des vall\\u00e9es vers l'Adour \\u00e0 VTT\",\"marker_id\":\"ITIAQU064V5AKQ37\",\"commune\":\"UROST\",\"display_city\":\"1\",\"cp\":\"\",\"ad1\":\"\",\"gmapLongitude\":-0.148348,\"gmapLatitude\":43.3385,\"zone1\":null,\"telephone\":\"+33 5 59 33 62 25\",\"detail_url\":\"https:\\\/\\\/www.bearnmadiran-tourisme.fr\\\/es\\\/rutas\\\/urost\\\/ITIAQU064V5AKQ37-urost-des-vallees-vers-ladour-a-vtt\\\/\",\"excerpt\":\"Esta excursi\\u00f3n es una delicia para los ciclistas de monta\\u00f1a A lo largo del lago de las Gabas, a trav\\u00e9s de las llanuras, admirando los Pirineos, he aqu\\u00ed un programa de calidad.&hellip;\",\"display_excerpt\":\"1\",\"photo\":\"https:\\\/\\\/www.bearnmadiran-tourisme.fr\\\/wp-content\\\/uploads\\\/tis\\\/19-vallees-vers-adour-urost-randonnee-vtt---peio-Gaillard-Montamigo.jpg\",\"clas\":null,\"btn_label\":\"Ver m\\u00e1s\",\"btn_class\":null,\"durable\":false,\"charte\":\"\",\"durable_label\":\"Desarrollo sostenible\",\"online_bookable\":false,\"price_from\":false,\"event_category\":\"Itineraire\",\"type\":\"vtt\",\"ititempsdif\":[\"Bicicleta de monta\\u00f1a|3h|Medio\"],\"itidistance\":\"28\",\"itidistance_label\":\"Distancia\",\"denivele\":\"340\",\"denivele_label\":\"Elevaci\\u00f3n\"}},{\"geometry\":{\"type\":\"Point\",\"coordinates\":[-0.226929,43.3204]},\"type\":\"Feature\",\"id\":\"ITIAQU064V5AKQAU\",\"properties\":{\"objectTypeCode\":\"ITI\",\"name\":\"Ouillon : chemin des bergers \\u00e0 cheval\",\"marker_id\":\"ITIAQU064V5AKQAU\",\"commune\":\"OUILLON\",\"display_city\":\"1\",\"cp\":\"\",\"ad1\":\"\",\"gmapLongitude\":-0.226929,\"gmapLatitude\":43.3204,\"zone1\":null,\"telephone\":\"+33 5 59 33 62 25\",\"detail_url\":\"https:\\\/\\\/www.bearnmadiran-tourisme.fr\\\/es\\\/rutas\\\/ouillon\\\/ITIAQU064V5AKQAU-ouillon-chemin-des-bergers-a-cheval\\\/\",\"excerpt\":\"Encantadora excursi\\u00f3n para hacer todo el a\\u00f1o. Hermosos senderos con impresionantes vistas de las monta\\u00f1as de los Pirineos se intercalan con dos agradables tramos de sotobosque.\",\"display_excerpt\":\"1\",\"photo\":\"https:\\\/\\\/www.bearnmadiran-tourisme.fr\\\/wp-content\\\/uploads\\\/tis\\\/20-chemin-des-bergers-randonnee-equestre---peio-Gaillard-Montamigo.jpg\",\"clas\":null,\"btn_label\":\"Ver m\\u00e1s\",\"btn_class\":null,\"durable\":false,\"charte\":\"\",\"durable_label\":\"Desarrollo sostenible\",\"online_bookable\":false,\"price_from\":false,\"event_category\":\"Itineraire\",\"type\":\"equestre\",\"ititempsdif\":[\"Caballo|2h30|F\\u00e1cil\"],\"itidistance\":\"21.4\",\"itidistance_label\":\"Distancia\",\"denivele\":\"120\",\"denivele_label\":\"Elevaci\\u00f3n\"}},{\"geometry\":{\"type\":\"Point\",\"coordinates\":[-0.140508,43.2923]},\"type\":\"Feature\",\"id\":\"ITIAQU064V5AKQBP\",\"properties\":{\"objectTypeCode\":\"ITI\",\"name\":\"Eslourenties-Daban : la grande boucle des cavaliers\",\"marker_id\":\"ITIAQU064V5AKQBP\",\"commune\":\"ESLOURENTIES-DABAN\",\"display_city\":\"1\",\"cp\":\"\",\"ad1\":\"\",\"gmapLongitude\":-0.140508,\"gmapLatitude\":43.2923,\"zone1\":null,\"telephone\":\"+33 5 59 33 62 25\",\"detail_url\":\"https:\\\/\\\/www.bearnmadiran-tourisme.fr\\\/es\\\/rutas\\\/eslourenties-daban\\\/ITIAQU064V5AKQBP-eslourenties-daban-la-grande-boucle-des-cavaliers\\\/\",\"excerpt\":\"Esta extensa caminata utiliza muchos senderos hermosos. Tambi\\u00e9n incluye un encantador sotobosque, vados y algunas subidas Las traves\\u00edas de amplios espacios abiertos con los Pirineos de fondo dan el toque final.\",\"display_excerpt\":\"1\",\"photo\":\"https:\\\/\\\/www.bearnmadiran-tourisme.fr\\\/wp-content\\\/uploads\\\/tis\\\/2-portes-vic-bilh-lespourcy-randonnee-equestre---peio-Gaillard-Montamigo-2.jpg\",\"clas\":null,\"btn_label\":\"Ver m\\u00e1s\",\"btn_class\":null,\"durable\":false,\"charte\":\"\",\"durable_label\":\"Desarrollo sostenible\",\"online_bookable\":false,\"price_from\":false,\"event_category\":\"Itineraire\",\"type\":\"equestre\",\"ititempsdif\":[\"Caballo|2 jours|Dif\\u00edcil\"],\"itidistance\":\"53\",\"itidistance_label\":\"Distancia\",\"denivele\":\"800\",\"denivele_label\":\"Elevaci\\u00f3n\"}},{\"geometry\":{\"type\":\"Point\",\"coordinates\":[-0.140411,43.292]},\"type\":\"Feature\",\"id\":\"ITIAQU064V5AKQEA\",\"properties\":{\"objectTypeCode\":\"ITI\",\"name\":\"Eslourenties-Daban : la randonn\\u00e9e des lacs \\u00e0 VTT\",\"marker_id\":\"ITIAQU064V5AKQEA\",\"commune\":\"ESLOURENTIES-DABAN\",\"display_city\":\"1\",\"cp\":\"\",\"ad1\":\"\",\"gmapLongitude\":-0.140411,\"gmapLatitude\":43.292,\"zone1\":null,\"telephone\":\"+33 5 59 33 62 25\",\"detail_url\":\"https:\\\/\\\/www.bearnmadiran-tourisme.fr\\\/es\\\/rutas\\\/eslourenties-daban\\\/ITIAQU064V5AKQEA-eslourenties-daban-la-randonnee-des-lacs-a-vtt\\\/\",\"excerpt\":\"Una excelente traves\\u00eda de descenso de la regi\\u00f3n de Morla\\u00e0s. Esta ruta revela valles, llanuras y maleza, con los Pirineos de fondo. Unir estas dos magn\\u00edficas masas de agua en bicicleta de&hellip;\",\"display_excerpt\":\"1\",\"photo\":\"https:\\\/\\\/www.bearnmadiran-tourisme.fr\\\/wp-content\\\/uploads\\\/tis\\\/22-eslourenties-daban-randonnee-lacs-vtt-2---peio-Gaillard-Montamigo.jpg\",\"clas\":null,\"btn_label\":\"Ver m\\u00e1s\",\"btn_class\":null,\"durable\":false,\"charte\":\"\",\"durable_label\":\"Desarrollo sostenible\",\"online_bookable\":false,\"price_from\":false,\"event_category\":\"Itineraire\",\"type\":\"vtt\",\"ititempsdif\":[\"Bicicleta de monta\\u00f1a|3|Dif\\u00edcil\"],\"itidistance\":\"36.2\",\"itidistance_label\":\"Distancia\",\"denivele\":\"360\",\"denivele_label\":\"Elevaci\\u00f3n\"}},{\"geometry\":{\"type\":\"Point\",\"coordinates\":[-0.339868,43.3878]},\"type\":\"Feature\",\"id\":\"ITIAQU064V5AKYVZ\",\"properties\":{\"objectTypeCode\":\"ITI\",\"name\":\"SERRES-CASTET : tour du lac\",\"marker_id\":\"ITIAQU064V5AKYVZ\",\"commune\":\"SERRES-CASTET\",\"display_city\":\"1\",\"cp\":\"\",\"ad1\":\"\",\"gmapLongitude\":-0.339868,\"gmapLatitude\":43.3878,\"zone1\":null,\"telephone\":\"+33 5 59 68 28 78\",\"detail_url\":\"https:\\\/\\\/www.bearnmadiran-tourisme.fr\\\/es\\\/rutas\\\/serres-castet\\\/ITIAQU064V5AKYVZ-serres-castet-tour-du-lac\\\/\",\"excerpt\":\"En un valle tranquilo, esta corta caminata, ideal para familias con ni\\u00f1os, le lleva a rodear el lago de Serres-Castet. Aprovechando todas las orientaciones, contemplar\\u00e1 m\\u00faltiples juegos de luz sobre el tramo&hellip;\",\"display_excerpt\":\"1\",\"photo\":\"https:\\\/\\\/www.bearnmadiran-tourisme.fr\\\/wp-content\\\/uploads\\\/tis\\\/lac-Serres-Castet-tourisme-nord-bearn-madiran.JPG\",\"clas\":null,\"btn_label\":\"Ver m\\u00e1s\",\"btn_class\":null,\"durable\":false,\"charte\":\"\",\"durable_label\":\"Desarrollo sostenible\",\"online_bookable\":false,\"price_from\":false,\"event_category\":\"Itineraire\",\"type\":\"pedestre\",\"ititempsdif\":[\"A pie|30 min|Muy f\\u00e1cil\"],\"itidistance\":\"2.8\",\"itidistance_label\":\"Distancia\",\"denivele\":\"20\",\"denivele_label\":\"Elevaci\\u00f3n\"}},{\"geometry\":{\"type\":\"Point\",\"coordinates\":[-0.242191,43.3825]},\"type\":\"Feature\",\"id\":\"ITIAQU064V5AKYYG\",\"properties\":{\"objectTypeCode\":\"ITI\",\"name\":\"Higu\\u00e8res-Souye : entre Luy et Souye \\u00e0 VTT\",\"marker_id\":\"ITIAQU064V5AKYYG\",\"commune\":\"HIGUERES-SOUYE\",\"display_city\":\"1\",\"cp\":\"\",\"ad1\":\"\",\"gmapLongitude\":-0.242191,\"gmapLatitude\":43.3825,\"zone1\":null,\"telephone\":\"+33 5 59 33 62 25\",\"detail_url\":\"https:\\\/\\\/www.bearnmadiran-tourisme.fr\\\/es\\\/rutas\\\/higueres-souye\\\/ITIAQU064V5AKYYG-higueres-souye-entre-luy-et-souye-a-vtt\\\/\",\"excerpt\":\"Este paseo, muy variado, atrae tanto a los ciclistas como a los senderistas. Los tramos de sotobosque y los senderos son muy agradables. El relieve en torno al Luy de France y&hellip;\",\"display_excerpt\":\"1\",\"photo\":\"https:\\\/\\\/www.bearnmadiran-tourisme.fr\\\/wp-content\\\/uploads\\\/tis\\\/4ENTRE-1.JPG\",\"clas\":null,\"btn_label\":\"Ver m\\u00e1s\",\"btn_class\":null,\"durable\":false,\"charte\":\"\",\"durable_label\":\"Desarrollo sostenible\",\"online_bookable\":false,\"price_from\":false,\"event_category\":\"Itineraire\",\"type\":\"vtt\",\"ititempsdif\":[\"Bicicleta de monta\\u00f1a|1h15|F\\u00e1cil\"],\"itidistance\":\"12.2\",\"itidistance_label\":\"Distancia\",\"denivele\":\"230\",\"denivele_label\":\"Elevaci\\u00f3n\"}},{\"geometry\":{\"type\":\"Point\",\"coordinates\":[-0.387395,43.439]},\"type\":\"Feature\",\"id\":\"ITIAQU064V5AKZOU\",\"properties\":{\"objectTypeCode\":\"ITI\",\"name\":\"Bournos : chemin de Sainte-Quitterie\",\"marker_id\":\"ITIAQU064V5AKZOU\",\"commune\":\"BOURNOS\",\"display_city\":\"1\",\"cp\":\"\",\"ad1\":\"\",\"gmapLongitude\":-0.387395,\"gmapLatitude\":43.439,\"zone1\":null,\"telephone\":\"+33 5 59 68 28 78\",\"detail_url\":\"https:\\\/\\\/www.bearnmadiran-tourisme.fr\\\/es\\\/rutas\\\/bournos\\\/ITIAQU064V5AKZOU-bournos-chemin-de-sainte-quitterie\\\/\",\"excerpt\":\"Un recorrido entre colinas y bosques que le llevar\\u00e1 a las puertas del santuario de Saint Quitterie. La leyenda: se dice que es un pr\\u00edncipe visigodo que fue educado, sin que su&hellip;\",\"display_excerpt\":\"1\",\"photo\":\"https:\\\/\\\/www.bearnmadiran-tourisme.fr\\\/wp-content\\\/uploads\\\/tis\\\/Doumy-chapelle-sainte-quitterie-cph-syndicat-du-tourisme-nord-bearn-et-madiran--1-.jpg\",\"clas\":null,\"btn_label\":\"Ver m\\u00e1s\",\"btn_class\":null,\"durable\":false,\"charte\":\"\",\"durable_label\":\"Desarrollo sostenible\",\"online_bookable\":false,\"price_from\":false,\"event_category\":\"Itineraire\",\"type\":\"pedestre\",\"ititempsdif\":[\"A pie|1h45|F\\u00e1cil\"],\"itidistance\":\"7\",\"itidistance_label\":\"Distancia\",\"denivele\":\"143\",\"denivele_label\":\"Elevaci\\u00f3n\"}},{\"geometry\":{\"type\":\"Point\",\"coordinates\":[-0.354524,43.4388]},\"type\":\"Feature\",\"id\":\"ITIAQU064V5AKZP4\",\"properties\":{\"objectTypeCode\":\"ITI\",\"name\":\"Navailles-Angos : tour du lac du Balaing (petite boucle)\",\"marker_id\":\"ITIAQU064V5AKZP4\",\"commune\":\"NAVAILLES-ANGOS\",\"display_city\":\"1\",\"cp\":\"\",\"ad1\":\"\",\"gmapLongitude\":-0.354524,\"gmapLatitude\":43.4388,\"zone1\":null,\"telephone\":\"+33 5 59 68 28 78\",\"detail_url\":\"https:\\\/\\\/www.bearnmadiran-tourisme.fr\\\/es\\\/rutas\\\/navailles-angos\\\/ITIAQU064V5AKZP4-navailles-angos-tour-du-lac-du-balaing-petite-boucle\\\/\",\"excerpt\":\"Se trata de un tranquilo paseo por las orillas del lago m\\u00e1s grande de nuestra regi\\u00f3n. Hay poco ruido en este valle y la avifauna lacustre es abundante. T\\u00f3mese su tiempo para&hellip;\",\"display_excerpt\":\"1\",\"photo\":\"https:\\\/\\\/www.bearnmadiran-tourisme.fr\\\/wp-content\\\/uploads\\\/tis\\\/Tour-du-lac-du-Balanh-1440x1080.jpg\",\"clas\":null,\"btn_label\":\"Ver m\\u00e1s\",\"btn_class\":null,\"durable\":false,\"charte\":\"\",\"durable_label\":\"Desarrollo sostenible\",\"online_bookable\":false,\"price_from\":false,\"event_category\":\"Itineraire\",\"type\":\"pedestre\",\"ititempsdif\":[\"A pie|1h|Muy f\\u00e1cil\"],\"itidistance\":\"3.8\",\"itidistance_label\":\"Distancia\",\"denivele\":\"20\",\"denivele_label\":\"Elevaci\\u00f3n\"}},{\"geometry\":{\"type\":\"Point\",\"coordinates\":[-0.393047,43.3958]},\"type\":\"Feature\",\"id\":\"ITIAQU064V5AKZY0\",\"properties\":{\"objectTypeCode\":\"ITI\",\"name\":\"Sauvagnon : dans la plaine du Pont Long\",\"marker_id\":\"ITIAQU064V5AKZY0\",\"commune\":\"SAUVAGNON\",\"display_city\":\"1\",\"cp\":\"64230\",\"ad1\":\"cascade\",\"gmapLongitude\":-0.393047,\"gmapLatitude\":43.3958,\"zone1\":null,\"telephone\":\"+33 5 59 68 28 78\",\"detail_url\":\"https:\\\/\\\/www.bearnmadiran-tourisme.fr\\\/es\\\/rutas\\\/sauvagnon\\\/ITIAQU064V5AKZY0-sauvagnon-dans-la-plaine-du-pont-long\\\/\",\"excerpt\":\"Se trata de un paseo f\\u00e1cil que le llevar\\u00e1 por la colorida e hist\\u00f3rica regi\\u00f3n de Pont Long. Su nombre procede de las grandes plataformas de madera que constru\\u00edan los pastores locales&hellip;\",\"display_excerpt\":\"1\",\"photo\":\"https:\\\/\\\/www.bearnmadiran-tourisme.fr\\\/wp-content\\\/uploads\\\/tis\\\/Sauvagnon---Parc---cph-SMT-NB-31-mai-2021--36--5.jpg\",\"clas\":null,\"btn_label\":\"Ver m\\u00e1s\",\"btn_class\":null,\"durable\":false,\"charte\":\"\",\"durable_label\":\"Desarrollo sostenible\",\"online_bookable\":false,\"price_from\":false,\"event_category\":\"Itineraire\",\"type\":\"pedestre\",\"ititempsdif\":[\"A pie|1h15|Muy f\\u00e1cil\"],\"itidistance\":\"3\",\"itidistance_label\":\"Distancia\",\"denivele\":\"10\",\"denivele_label\":\"Elevaci\\u00f3n\"}},{\"geometry\":{\"type\":\"Point\",\"coordinates\":[-0.29148,43.4367]},\"type\":\"Feature\",\"id\":\"ITIAQU064V5AKZYK\",\"properties\":{\"objectTypeCode\":\"ITI\",\"name\":\"Lasclaveries : boucle de Cimpce\\u00fc\",\"marker_id\":\"ITIAQU064V5AKZYK\",\"commune\":\"LASCLAVERIES\",\"display_city\":\"1\",\"cp\":\"\",\"ad1\":\"\",\"gmapLongitude\":-0.29148,\"gmapLatitude\":43.4367,\"zone1\":null,\"telephone\":\"+33 5 59 68 28 78\",\"detail_url\":\"https:\\\/\\\/www.bearnmadiran-tourisme.fr\\\/es\\\/rutas\\\/lasclaveries\\\/ITIAQU064V5AKZYK-lasclaveries-boucle-de-cimpceu\\\/\",\"excerpt\":\"Un paseo por el bosque con una hermosa bajada que luego sube a la sombra de los \\u00e1rboles...\",\"display_excerpt\":\"1\",\"photo\":\"https:\\\/\\\/www.bearnmadiran-tourisme.fr\\\/wp-content\\\/uploads\\\/tis\\\/women-walking-credit-andreaspiegelhalter-Pixabay.jpg\",\"clas\":null,\"btn_label\":\"Ver m\\u00e1s\",\"btn_class\":null,\"durable\":false,\"charte\":\"\",\"durable_label\":\"Desarrollo sostenible\",\"online_bookable\":false,\"price_from\":false,\"event_category\":\"Itineraire\",\"type\":\"pedestre\",\"ititempsdif\":[\"A pie|2H|F\\u00e1cil\"],\"itidistance\":\"8\",\"itidistance_label\":\"Distancia\",\"denivele\":\"92\",\"denivele_label\":\"Elevaci\\u00f3n\"}},{\"geometry\":{\"type\":\"Point\",\"coordinates\":[-0.354576,43.4387]},\"type\":\"Feature\",\"id\":\"ITIAQU064V5AL005\",\"properties\":{\"objectTypeCode\":\"ITI\",\"name\":\"Navailles-Angos : tour du lac du Balaing (grande boucle)\",\"marker_id\":\"ITIAQU064V5AL005\",\"commune\":\"NAVAILLES-ANGOS\",\"display_city\":\"1\",\"cp\":\"\",\"ad1\":\"\",\"gmapLongitude\":-0.354576,\"gmapLatitude\":43.4387,\"zone1\":null,\"telephone\":\"+33 5 59 68 28 78\",\"detail_url\":\"https:\\\/\\\/www.bearnmadiran-tourisme.fr\\\/es\\\/rutas\\\/navailles-angos\\\/ITIAQU064V5AL005-navailles-angos-tour-du-lac-du-balaing-grande-boucle\\\/\",\"excerpt\":\"Se trata de un tranquilo paseo por las orillas del lago m\\u00e1s grande de nuestra regi\\u00f3n. Hay poco ruido en este valle y la avifauna lacustre es abundante. T\\u00f3mese su tiempo para&hellip;\",\"display_excerpt\":\"1\",\"photo\":\"https:\\\/\\\/www.bearnmadiran-tourisme.fr\\\/wp-content\\\/uploads\\\/tis\\\/lac-balaing-navailles-angos-tourisme-nord-bearn.JPG\",\"clas\":null,\"btn_label\":\"Ver m\\u00e1s\",\"btn_class\":null,\"durable\":false,\"charte\":\"\",\"durable_label\":\"Desarrollo sostenible\",\"online_bookable\":false,\"price_from\":false,\"event_category\":\"Itineraire\",\"type\":\"pedestre\",\"ititempsdif\":[\"A pie|1h20|Muy f\\u00e1cil\"],\"itidistance\":\"4.6\",\"itidistance_label\":\"Distancia\",\"denivele\":\"100\",\"denivele_label\":\"Elevaci\\u00f3n\"}},{\"geometry\":{\"type\":\"Point\",\"coordinates\":[-0.348018,43.4517]},\"type\":\"Feature\",\"id\":\"ITIAQU064V5AL00B\",\"properties\":{\"objectTypeCode\":\"ITI\",\"name\":\"Argelos : vallon du Basta\",\"marker_id\":\"ITIAQU064V5AL00B\",\"commune\":\"ARGELOS\",\"display_city\":\"1\",\"cp\":\"\",\"ad1\":\"\",\"gmapLongitude\":-0.348018,\"gmapLatitude\":43.4517,\"zone1\":null,\"telephone\":\"+33 5 59 68 28 78\",\"detail_url\":\"https:\\\/\\\/www.bearnmadiran-tourisme.fr\\\/es\\\/rutas\\\/argelos\\\/ITIAQU064V5AL00B-argelos-vallon-du-basta\\\/\",\"excerpt\":\"Un largo descenso a trav\\u00e9s de un bosque, antes de pasar cerca de la iglesia de Astis. En el programa de esta excursi\\u00f3n: una pista en un bosque fresco, el cruce del&hellip;\",\"display_excerpt\":\"1\",\"photo\":\"https:\\\/\\\/www.bearnmadiran-tourisme.fr\\\/wp-content\\\/uploads\\\/tis\\\/Eglise-d-Astis---rando-pedestre-Vallon-du-Basta.jpg\",\"clas\":null,\"btn_label\":\"Ver m\\u00e1s\",\"btn_class\":null,\"durable\":false,\"charte\":\"\",\"durable_label\":\"Desarrollo sostenible\",\"online_bookable\":false,\"price_from\":false,\"event_category\":\"Itineraire\",\"type\":\"pedestre\",\"ititempsdif\":[\"A pie|1h15|F\\u00e1cil\"],\"itidistance\":\"5.2\",\"itidistance_label\":\"Distancia\",\"denivele\":\"65\",\"denivele_label\":\"Elevaci\\u00f3n\"}},{\"geometry\":{\"type\":\"Point\",\"coordinates\":[-0.355221,43.3865]},\"type\":\"Feature\",\"id\":\"ITIAQU064V5AL00H\",\"properties\":{\"objectTypeCode\":\"ITI\",\"name\":\"Serres-Castet : la balade des collines\",\"marker_id\":\"ITIAQU064V5AL00H\",\"commune\":\"SERRES-CASTET\",\"display_city\":\"1\",\"cp\":\"\",\"ad1\":\"\",\"gmapLongitude\":-0.355221,\"gmapLatitude\":43.3865,\"zone1\":null,\"telephone\":\"+33 5 59 68 28 78\",\"detail_url\":\"https:\\\/\\\/www.bearnmadiran-tourisme.fr\\\/es\\\/rutas\\\/serres-castet\\\/ITIAQU064V5AL00H-serres-castet-la-balade-des-collines\\\/\",\"excerpt\":\"\\u00bfQui\\u00e9n podr\\u00eda imaginar peque\\u00f1os senderos tan bellos en Serres-Castet, una ciudad industrial y comercial? Sin embargo, este paseo le llevar\\u00e1 por las laderas de Serres, por senderos \\u00edntimos y callejuelas olvidadas. A&hellip;\",\"display_excerpt\":\"1\",\"photo\":\"https:\\\/\\\/www.bearnmadiran-tourisme.fr\\\/wp-content\\\/uploads\\\/tis\\\/Lac-Serres-Castet-cph-Syndicat-Tourisme-Bearn-Madiran-2025--43-.JPG\",\"clas\":null,\"btn_label\":\"Ver m\\u00e1s\",\"btn_class\":null,\"durable\":false,\"charte\":\"\",\"durable_label\":\"Desarrollo sostenible\",\"online_bookable\":false,\"price_from\":false,\"event_category\":\"Itineraire\",\"type\":\"pedestre\",\"ititempsdif\":[\"A pie|1h|F\\u00e1cil\"],\"itidistance\":\"3\",\"itidistance_label\":\"Distancia\",\"denivele\":\"140\",\"denivele_label\":\"Elevaci\\u00f3n\"}},{\"geometry\":{\"type\":\"Point\",\"coordinates\":[-0.348018,43.4517]},\"type\":\"Feature\",\"id\":\"ITIAQU064V5AL018\",\"properties\":{\"objectTypeCode\":\"ITI\",\"name\":\"Argelos : boucle du Balaing\",\"marker_id\":\"ITIAQU064V5AL018\",\"commune\":\"ARGELOS\",\"display_city\":\"1\",\"cp\":\"\",\"ad1\":\"\",\"gmapLongitude\":-0.348018,\"gmapLatitude\":43.4517,\"zone1\":null,\"telephone\":\"+33 5 59 68 28 78\",\"detail_url\":\"https:\\\/\\\/www.bearnmadiran-tourisme.fr\\\/es\\\/rutas\\\/argelos\\\/ITIAQU064V5AL018-argelos-boucle-du-balaing\\\/\",\"excerpt\":\"Una excursi\\u00f3n t\\u00edpica del B\\u00e9arn, con una hermosa diversidad de paisajes y panoramas.\",\"display_excerpt\":\"1\",\"photo\":\"https:\\\/\\\/www.bearnmadiran-tourisme.fr\\\/wp-content\\\/uploads\\\/tis\\\/lac-balaing-navailles-angos-tourisme-nord-bearn.JPG\",\"clas\":null,\"btn_label\":\"Ver m\\u00e1s\",\"btn_class\":null,\"durable\":false,\"charte\":\"\",\"durable_label\":\"Desarrollo sostenible\",\"online_bookable\":false,\"price_from\":false,\"event_category\":\"Itineraire\",\"type\":\"pedestre\",\"ititempsdif\":[\"A pie|2h|F\\u00e1cil\"],\"itidistance\":\"8.7\",\"itidistance_label\":\"Distancia\",\"denivele\":\"143\",\"denivele_label\":\"Elevaci\\u00f3n\"}},{\"geometry\":{\"type\":\"Point\",\"coordinates\":[-0.380037,43.4771]},\"type\":\"Feature\",\"id\":\"ITIAQU064V5AL01P\",\"properties\":{\"objectTypeCode\":\"ITI\",\"name\":\"Auga : vall\\u00e9e du Luy de France\",\"marker_id\":\"ITIAQU064V5AL01P\",\"commune\":\"AUGA\",\"display_city\":\"1\",\"cp\":\"\",\"ad1\":\"\",\"gmapLongitude\":-0.380037,\"gmapLatitude\":43.4771,\"zone1\":null,\"telephone\":\"+33 5 59 68 28 78\",\"detail_url\":\"https:\\\/\\\/www.bearnmadiran-tourisme.fr\\\/es\\\/rutas\\\/auga\\\/ITIAQU064V5AL01P-auga-vallee-du-luy-de-france\\\/\",\"excerpt\":\"Una larga ruta para descubrir los paisajes locales: llanuras, bosques, valles y maleza.\",\"display_excerpt\":\"1\",\"photo\":\"https:\\\/\\\/www.bearnmadiran-tourisme.fr\\\/wp-content\\\/uploads\\\/tis\\\/Auga-eglise-saint-Laurent-cph-syndicat-du-tourisme-nord-Bearn-et-Madiran--6-.jpg\",\"clas\":null,\"btn_label\":\"Ver m\\u00e1s\",\"btn_class\":null,\"durable\":false,\"charte\":\"\",\"durable_label\":\"Desarrollo sostenible\",\"online_bookable\":false,\"price_from\":false,\"event_category\":\"Itineraire\",\"type\":\"pedestre\",\"ititempsdif\":[\"A pie|3h30|F\\u00e1cil\"],\"itidistance\":\"14.2\",\"itidistance_label\":\"Distancia\",\"denivele\":\"300\",\"denivele_label\":\"Elevaci\\u00f3n\"}},{\"geometry\":{\"type\":\"Point\",\"coordinates\":[-0.342756,43.4146]},\"type\":\"Feature\",\"id\":\"ITIAQU064V5AL3RM\",\"properties\":{\"objectTypeCode\":\"ITI\",\"name\":\"De Navailles-Angos au lac de Balaing\",\"marker_id\":\"ITIAQU064V5AL3RM\",\"commune\":\"NAVAILLES-ANGOS\",\"display_city\":\"1\",\"cp\":\"\",\"ad1\":\"\",\"gmapLongitude\":-0.342756,\"gmapLatitude\":43.4146,\"zone1\":null,\"telephone\":\"+33 5 59 68 28 78\",\"detail_url\":\"https:\\\/\\\/www.bearnmadiran-tourisme.fr\\\/es\\\/rutas\\\/navailles-angos\\\/ITIAQU064V5AL3RM-de-navailles-angos-au-lac-de-balaing\\\/\",\"excerpt\":\"Desde el ayuntamiento de Navailles-Angos, puede tomar esta tranquila ruta hasta el Lac du Balaing. Descubrir el lago tras este largo esfuerzo es una maravillosa recompensa. Si\\u00e9ntese, mire y observe las luces&hellip;\",\"display_excerpt\":\"1\",\"photo\":\"https:\\\/\\\/www.bearnmadiran-tourisme.fr\\\/wp-content\\\/uploads\\\/tis\\\/De-navailles-au-Lac-de-balaing-cph-CCLB64.jpg\",\"clas\":null,\"btn_label\":\"Ver m\\u00e1s\",\"btn_class\":null,\"durable\":false,\"charte\":\"\",\"durable_label\":\"Desarrollo sostenible\",\"online_bookable\":false,\"price_from\":false,\"event_category\":\"Itineraire\",\"type\":\"pedestre\",\"ititempsdif\":[\"A pie|3h30|F\\u00e1cil\"],\"itidistance\":\"13\",\"itidistance_label\":\"Distancia\",\"denivele\":\"180\",\"denivele_label\":\"Elevaci\\u00f3n\"}},{\"geometry\":{\"type\":\"Point\",\"coordinates\":[-0.387215,43.4031]},\"type\":\"Feature\",\"id\":\"ITIAQU064V5AL3SO\",\"properties\":{\"objectTypeCode\":\"ITI\",\"name\":\"Le bois de Sauvagnon\",\"marker_id\":\"ITIAQU064V5AL3SO\",\"commune\":\"SAUVAGNON\",\"display_city\":\"1\",\"cp\":\"\",\"ad1\":\"\",\"gmapLongitude\":-0.387215,\"gmapLatitude\":43.4031,\"zone1\":null,\"telephone\":\"+33 5 59 68 28 78\",\"detail_url\":\"https:\\\/\\\/www.bearnmadiran-tourisme.fr\\\/es\\\/rutas\\\/sauvagnon\\\/ITIAQU064V5AL3SO-le-bois-de-sauvagnon\\\/\",\"excerpt\":\"\\u00c0 quelques minutes de Pau, le bois de Sauvagnon vous invite \\u00e0 une agr\\u00e9able balade en famille, facile et accessible \\u00e0 tous. Apr\\u00e8s avoir travers\\u00e9 un paysage de bocage typiquement b\\u00e9arnais, le&hellip;\",\"display_excerpt\":\"1\",\"photo\":\"https:\\\/\\\/www.bearnmadiran-tourisme.fr\\\/wp-content\\\/uploads\\\/tis\\\/Sauvagnon--randonnee-bois--CBM-Coteaux-Bearn-Madiran-2025-4.jpg\",\"clas\":null,\"btn_label\":\"Ver m\\u00e1s\",\"btn_class\":null,\"durable\":false,\"charte\":\"\",\"durable_label\":\"Desarrollo sostenible\",\"online_bookable\":false,\"price_from\":false,\"event_category\":\"Itineraire\",\"type\":\"pedestre\",\"ititempsdif\":[\"A pie|2h|F\\u00e1cil\"],\"itidistance\":\"7.3\",\"itidistance_label\":\"Distancia\",\"denivele\":\"157\",\"denivele_label\":\"Elevaci\\u00f3n\"}},{\"geometry\":{\"type\":\"Point\",\"coordinates\":[-0.346142,43.3604]},\"type\":\"Feature\",\"id\":\"ITIAQU064V5AL3VP\",\"properties\":{\"objectTypeCode\":\"ITI\",\"name\":\"Montardon : les Marl\\u00e8res\",\"marker_id\":\"ITIAQU064V5AL3VP\",\"commune\":\"MONTARDON\",\"display_city\":\"1\",\"cp\":\"\",\"ad1\":\"\",\"gmapLongitude\":-0.346142,\"gmapLatitude\":43.3604,\"zone1\":null,\"telephone\":\"+33 5 59 68 28 78\",\"detail_url\":\"https:\\\/\\\/www.bearnmadiran-tourisme.fr\\\/es\\\/rutas\\\/montardon\\\/ITIAQU064V5AL3VP-montardon-les-marleres\\\/\",\"excerpt\":\"A las afueras de Montardon, este paseo es una forma deliciosa de descubrir las laderas del B\\u00e9arn. Pastos, bosques, prados y pueblos se alternan con la l\\u00ednea azul de los Pirineos como&hellip;\",\"display_excerpt\":\"1\",\"photo\":\"https:\\\/\\\/www.bearnmadiran-tourisme.fr\\\/wp-content\\\/uploads\\\/tis\\\/Randonnee-Les-Marleres-Tourisme-Nord-Bearn-CCLB64-3.jpg\",\"clas\":null,\"btn_label\":\"Ver m\\u00e1s\",\"btn_class\":null,\"durable\":false,\"charte\":\"\",\"durable_label\":\"Desarrollo sostenible\",\"online_bookable\":false,\"price_from\":false,\"event_category\":\"Itineraire\",\"type\":\"pedestre\",\"ititempsdif\":[\"A pie|1h30|F\\u00e1cil\"],\"itidistance\":\"7.5\",\"itidistance_label\":\"Distancia\",\"denivele\":\"90\",\"denivele_label\":\"Elevaci\\u00f3n\"}},{\"geometry\":{\"type\":\"Point\",\"coordinates\":[-0.349367,43.4768]},\"type\":\"Feature\",\"id\":\"ITIAQU064V5AL3VR\",\"properties\":{\"objectTypeCode\":\"ITI\",\"name\":\"Th\\u00e8ze : sentier du Moust\\u00e9\",\"marker_id\":\"ITIAQU064V5AL3VR\",\"commune\":\"THEZE\",\"display_city\":\"1\",\"cp\":\"\",\"ad1\":\"\",\"gmapLongitude\":-0.349367,\"gmapLatitude\":43.4768,\"zone1\":null,\"telephone\":\"+33 5 59 68 28 78\",\"detail_url\":\"https:\\\/\\\/www.bearnmadiran-tourisme.fr\\\/es\\\/rutas\\\/theze\\\/ITIAQU064V5AL3VR-theze-sentier-du-mouste\\\/\",\"excerpt\":\"Desde la meseta agr\\u00edcola hasta las escarpadas laderas del Luy de France, en Th\\u00e8ze, L\\u00e8me y Auga. Partir\\u00e1 de la comuna de Th\\u00e8ze y a trav\\u00e9s del bosque ver\\u00e1 a veces hermosos&hellip;\",\"display_excerpt\":\"1\",\"photo\":\"https:\\\/\\\/www.bearnmadiran-tourisme.fr\\\/wp-content\\\/uploads\\\/tis\\\/Lac-de-Theze-1.jpg\",\"clas\":null,\"btn_label\":\"Ver m\\u00e1s\",\"btn_class\":null,\"durable\":false,\"charte\":\"\",\"durable_label\":\"Desarrollo sostenible\",\"online_bookable\":false,\"price_from\":false,\"event_category\":\"Itineraire\",\"type\":\"pedestre\",\"ititempsdif\":[\"A pie|2H30|F\\u00e1cil\"],\"itidistance\":\"10.9\",\"itidistance_label\":\"Distancia\",\"denivele\":\"215\",\"denivele_label\":\"Elevaci\\u00f3n\"}},{\"geometry\":{\"type\":\"Point\",\"coordinates\":[-0.342756,43.4146]},\"type\":\"Feature\",\"id\":\"ITIAQU064V5AL3X5\",\"properties\":{\"objectTypeCode\":\"ITI\",\"name\":\"Navailles-Angos : dans le vallon de Navailles\",\"marker_id\":\"ITIAQU064V5AL3X5\",\"commune\":\"NAVAILLES-ANGOS\",\"display_city\":\"1\",\"cp\":\"\",\"ad1\":\"\",\"gmapLongitude\":-0.342756,\"gmapLatitude\":43.4146,\"zone1\":null,\"telephone\":\"+33 5 59 68 28 78\",\"detail_url\":\"https:\\\/\\\/www.bearnmadiran-tourisme.fr\\\/es\\\/rutas\\\/navailles-angos\\\/ITIAQU064V5AL3X5-navailles-angos-dans-le-vallon-de-navailles\\\/\",\"excerpt\":\"Partiendo del ayuntamiento, este recorrido variado est\\u00e1 cargado de historia. Lo primero que ver\\u00e1 es el castillo de Navailles, cuya torre del homenaje era una de las defensas del vizcondado de Bearn.&hellip;\",\"display_excerpt\":\"1\",\"photo\":\"https:\\\/\\\/www.bearnmadiran-tourisme.fr\\\/wp-content\\\/uploads\\\/tis\\\/Dans-le-vallon-de-Navailles---rando-pedestre---Tourisme-Nord-Bearn-cph-SMT-NB.jpg\",\"clas\":null,\"btn_label\":\"Ver m\\u00e1s\",\"btn_class\":null,\"durable\":false,\"charte\":\"\",\"durable_label\":\"Desarrollo sostenible\",\"online_bookable\":false,\"price_from\":false,\"event_category\":\"Itineraire\",\"type\":\"pedestre\",\"ititempsdif\":[\"A pie|1h40|F\\u00e1cil\"],\"itidistance\":\"5.9\",\"itidistance_label\":\"Distancia\",\"denivele\":\"160\",\"denivele_label\":\"Elevaci\\u00f3n\"}},{\"geometry\":{\"type\":\"Point\",\"coordinates\":[-0.359588,43.487]},\"type\":\"Feature\",\"id\":\"ITIAQU064V5AL3Y6\",\"properties\":{\"objectTypeCode\":\"ITI\",\"name\":\"L\\u00e8me : du Luy au Lous\",\"marker_id\":\"ITIAQU064V5AL3Y6\",\"commune\":\"LEME\",\"display_city\":\"1\",\"cp\":\"\",\"ad1\":\"\",\"gmapLongitude\":-0.359588,\"gmapLatitude\":43.487,\"zone1\":null,\"telephone\":\"+33 5 59 68 28 78\",\"detail_url\":\"https:\\\/\\\/www.bearnmadiran-tourisme.fr\\\/es\\\/rutas\\\/leme\\\/ITIAQU064V5AL3Y6-leme-du-luy-au-lous\\\/\",\"excerpt\":\"En el municipio de L\\u00e8me, desde las empinadas laderas del Luy de France hasta los prados de purasangre de la yeguada del Bosquet, podr\\u00e1 disfrutar de la calma de las orillas del&hellip;\",\"display_excerpt\":\"1\",\"photo\":\"https:\\\/\\\/www.bearnmadiran-tourisme.fr\\\/wp-content\\\/uploads\\\/tis\\\/randonnee-vic-bilh.jpg\",\"clas\":null,\"btn_label\":\"Ver m\\u00e1s\",\"btn_class\":null,\"durable\":false,\"charte\":\"\",\"durable_label\":\"Desarrollo sostenible\",\"online_bookable\":false,\"price_from\":false,\"event_category\":\"Itineraire\",\"type\":\"pedestre\",\"ititempsdif\":[\"A pie|2H|F\\u00e1cil\"],\"itidistance\":\"8.2\",\"itidistance_label\":\"Distancia\",\"denivele\":\"161\",\"denivele_label\":\"Elevaci\\u00f3n\"}},{\"geometry\":{\"type\":\"Point\",\"coordinates\":[-0.326688,43.4398]},\"type\":\"Feature\",\"id\":\"ITIAQU064V5AL43U\",\"properties\":{\"objectTypeCode\":\"ITI\",\"name\":\"Astis : les Barthouils\",\"marker_id\":\"ITIAQU064V5AL43U\",\"commune\":\"ASTIS\",\"display_city\":\"1\",\"cp\":\"\",\"ad1\":\"\",\"gmapLongitude\":-0.326688,\"gmapLatitude\":43.4398,\"zone1\":null,\"telephone\":\"+33 5 59 68 28 78\",\"detail_url\":\"https:\\\/\\\/www.bearnmadiran-tourisme.fr\\\/es\\\/rutas\\\/astis\\\/ITIAQU064V5AL43U-astis-les-barthouils\\\/\",\"excerpt\":\"Bucle a trav\\u00e9s de la plantaci\\u00f3n de robles de la comuna. Tenga cuidado al cruzar la D834.\",\"display_excerpt\":\"1\",\"photo\":\"https:\\\/\\\/www.bearnmadiran-tourisme.fr\\\/wp-content\\\/uploads\\\/tis\\\/randonnee-pedestre-Les-Barthouils---Astis-cph-Tourisme-Nord-Bearn-Madiran.jpg\",\"clas\":null,\"btn_label\":\"Ver m\\u00e1s\",\"btn_class\":null,\"durable\":false,\"charte\":\"\",\"durable_label\":\"Desarrollo sostenible\",\"online_bookable\":false,\"price_from\":false,\"event_category\":\"Itineraire\",\"type\":\"pedestre\",\"ititempsdif\":[\"A pie|1h|F\\u00e1cil\"],\"itidistance\":\"3.2\",\"itidistance_label\":\"Distancia\",\"denivele\":\"72\",\"denivele_label\":\"Elevaci\\u00f3n\"}},{\"geometry\":{\"type\":\"Point\",\"coordinates\":[-0.514525,43.4901]},\"type\":\"Feature\",\"id\":\"ITIAQU064V5AL89G\",\"properties\":{\"objectTypeCode\":\"ITI\",\"name\":\"Ge\\u00fcs-d'Arzacq : le Luy de B\\u00e9arn (version courte)\",\"marker_id\":\"ITIAQU064V5AL89G\",\"commune\":\"GEUS-D'ARZACQ\",\"display_city\":\"1\",\"cp\":\"64370\",\"ad1\":\"Aire de pique-nique de Geus-Bouillon\",\"gmapLongitude\":-0.514525,\"gmapLatitude\":43.4901,\"zone1\":null,\"telephone\":\"+33 5 59 04 59 24\",\"detail_url\":\"https:\\\/\\\/www.bearnmadiran-tourisme.fr\\\/es\\\/rutas\\\/geus-darzacq\\\/ITIAQU064V5AL89G-geus-darzacq-le-luy-de-bearn-version-courte\\\/\",\"excerpt\":\"Descubra la zona a lo largo del r\\u00edo y a trav\\u00e9s de los bosques. La ruta ofrece una gran opci\\u00f3n (PR1A bis), que le permite seguir el Luy de B\\u00e9arn desde la&hellip;\",\"display_excerpt\":\"1\",\"photo\":\"https:\\\/\\\/www.bearnmadiran-tourisme.fr\\\/wp-content\\\/uploads\\\/tis\\\/PR1A-PR1B-Geus-Bouillon-Le-luy-en-Bearn-credit-SM--9----Copie.JPG\",\"clas\":null,\"btn_label\":\"Ver m\\u00e1s\",\"btn_class\":null,\"durable\":false,\"charte\":\"\",\"durable_label\":\"Desarrollo sostenible\",\"online_bookable\":false,\"price_from\":false,\"event_category\":\"Itineraire\",\"type\":\"pedestre\",\"ititempsdif\":[\"A pie|1h30|F\\u00e1cil\"],\"itidistance\":\"6.8\",\"itidistance_label\":\"Distancia\",\"denivele\":\"133\",\"denivele_label\":\"Elevaci\\u00f3n\"}},{\"geometry\":{\"type\":\"Point\",\"coordinates\":[-0.514519,43.4902]},\"type\":\"Feature\",\"id\":\"ITIAQU064V5AL8MZ\",\"properties\":{\"objectTypeCode\":\"ITI\",\"name\":\"Ge\\u00fcs d'Arzacq : le Luy de B\\u00e9arn \",\"marker_id\":\"ITIAQU064V5AL8MZ\",\"commune\":\"GEUS-D'ARZACQ\",\"display_city\":\"1\",\"cp\":\"\",\"ad1\":\"\",\"gmapLongitude\":-0.514519,\"gmapLatitude\":43.4902,\"zone1\":null,\"telephone\":\"+33 5 59 04 59 24\",\"detail_url\":\"https:\\\/\\\/www.bearnmadiran-tourisme.fr\\\/es\\\/rutas\\\/geus-darzacq\\\/ITIAQU064V5AL8MZ-geus-darzacq-le-luy-de-bearn\\\/\",\"excerpt\":\"Descubra la zona a lo largo del r\\u00edo y a trav\\u00e9s de los bosques. Parte del recorrido sigue la PR1A y le lleva a las alturas de Bouillon para admirar el panorama.&hellip;\",\"display_excerpt\":\"1\",\"photo\":\"https:\\\/\\\/www.bearnmadiran-tourisme.fr\\\/wp-content\\\/uploads\\\/tis\\\/PR1APR-2-2.JPG\",\"clas\":null,\"btn_label\":\"Ver m\\u00e1s\",\"btn_class\":null,\"durable\":false,\"charte\":\"\",\"durable_label\":\"Desarrollo sostenible\",\"online_bookable\":false,\"price_from\":false,\"event_category\":\"Itineraire\",\"type\":\"pedestre\",\"ititempsdif\":[\"A pie|2h30|F\\u00e1cil\"],\"itidistance\":\"8.3\",\"itidistance_label\":\"Distancia\",\"denivele\":\"177\",\"denivele_label\":\"Elevaci\\u00f3n\"}},{\"geometry\":{\"type\":\"Point\",\"coordinates\":[-0.534237,43.5132]},\"type\":\"Feature\",\"id\":\"ITIAQU064V5AL90U\",\"properties\":{\"objectTypeCode\":\"ITI\",\"name\":\"Morlanne : les Palombi\\u00e8res\",\"marker_id\":\"ITIAQU064V5AL90U\",\"commune\":\"MORLANNE\",\"display_city\":\"1\",\"cp\":\"\",\"ad1\":\"\",\"gmapLongitude\":-0.534237,\"gmapLatitude\":43.5132,\"zone1\":null,\"telephone\":\"+33 5 59 04 59 24\",\"detail_url\":\"https:\\\/\\\/www.bearnmadiran-tourisme.fr\\\/es\\\/rutas\\\/morlanne\\\/ITIAQU064V5AL90U-morlanne-les-palombieres\\\/\",\"excerpt\":\"La ruta le llevar\\u00e1 por el coraz\\u00f3n de las palombi\\u00e8res por un camino de cresta. Pasear\\u00e1 por un patrimonio construido rico en historia Tambi\\u00e9n disfrutar\\u00e1 de una magn\\u00edfica vista panor\\u00e1mica de la&hellip;\",\"display_excerpt\":\"1\",\"photo\":\"https:\\\/\\\/www.bearnmadiran-tourisme.fr\\\/wp-content\\\/uploads\\\/tis\\\/Morlanne-carrere-Chateau-6.jpg\",\"clas\":null,\"btn_label\":\"Ver m\\u00e1s\",\"btn_class\":null,\"durable\":false,\"charte\":\"\",\"durable_label\":\"Desarrollo sostenible\",\"online_bookable\":false,\"price_from\":false,\"event_category\":\"Itineraire\",\"type\":\"pedestre\",\"ititempsdif\":[\"A pie|2h45|Medio\"],\"itidistance\":\"12.4\",\"itidistance_label\":\"Distancia\",\"denivele\":\"223\",\"denivele_label\":\"Elevaci\\u00f3n\"}},{\"geometry\":{\"type\":\"Point\",\"coordinates\":[-0.300369,43.5089]},\"type\":\"Feature\",\"id\":\"ITIAQU064V5ALAW1\",\"properties\":{\"objectTypeCode\":\"ITI\",\"name\":\"Claracq : promenade du Be\\u00fcs au ch\\u00e2teau \",\"marker_id\":\"ITIAQU064V5ALAW1\",\"commune\":\"CLARACQ\",\"display_city\":\"1\",\"cp\":\"\",\"ad1\":\"\",\"gmapLongitude\":-0.300369,\"gmapLatitude\":43.5089,\"zone1\":null,\"telephone\":\"+33 5 59 68 28 78\",\"detail_url\":\"https:\\\/\\\/www.bearnmadiran-tourisme.fr\\\/es\\\/rutas\\\/claracq\\\/ITIAQU064V5ALAW1-claracq-promenade-du-beus-au-chateau\\\/\",\"excerpt\":\"Un paseo por la meseta agr\\u00edcola al norte de Claracq, con regreso por las crestas, un verdadero balc\\u00f3n sobre toda la cadena pirenaica. Caminar\\u00e1 a lo largo del pie de la ladera&hellip;\",\"display_excerpt\":\"1\",\"photo\":\"https:\\\/\\\/www.bearnmadiran-tourisme.fr\\\/wp-content\\\/uploads\\\/tis\\\/Claracq-sentier-d-interpretation-cph-Tourisme-Nord-Bearn-et-Madiran--44-.JPG\",\"clas\":null,\"btn_label\":\"Ver m\\u00e1s\",\"btn_class\":null,\"durable\":false,\"charte\":\"\",\"durable_label\":\"Desarrollo sostenible\",\"online_bookable\":false,\"price_from\":false,\"event_category\":\"Itineraire\",\"type\":\"pedestre\",\"ititempsdif\":[\"A pie|1h15|F\\u00e1cil\"],\"itidistance\":\"4.8\",\"itidistance_label\":\"Distancia\",\"denivele\":\"71\",\"denivele_label\":\"Elevaci\\u00f3n\"}},{\"geometry\":{\"type\":\"Point\",\"coordinates\":[-0.443908,43.5112]},\"type\":\"Feature\",\"id\":\"ITIAQU064V5ALAX8\",\"properties\":{\"objectTypeCode\":\"ITI\",\"name\":\"Louvigny : promenade Henri IV \",\"marker_id\":\"ITIAQU064V5ALAX8\",\"commune\":\"LOUVIGNY\",\"display_city\":\"1\",\"cp\":\"\",\"ad1\":\"\",\"gmapLongitude\":-0.443908,\"gmapLatitude\":43.5112,\"zone1\":null,\"telephone\":\"+33 5 59 04 59 24\",\"detail_url\":\"https:\\\/\\\/www.bearnmadiran-tourisme.fr\\\/es\\\/rutas\\\/louvigny\\\/ITIAQU064V5ALAX8-louvigny-promenade-henri-iv\\\/\",\"excerpt\":\"El recorrido ofrece una visi\\u00f3n de la \\u00e9poca de se\\u00f1or\\u00edos como el de Louvigny en el siglo X. Este vizcondado comprend\\u00eda 11 parroquias (Beyrie, Mialos, Malaussanne, Fichous, etc.). En Lou Castet (a&hellip;\",\"display_excerpt\":\"1\",\"photo\":\"https:\\\/\\\/www.bearnmadiran-tourisme.fr\\\/wp-content\\\/uploads\\\/tis\\\/Louvigny-eglise-credit-tourisme-nord-bearn--29-.jpg\",\"clas\":null,\"btn_label\":\"Ver m\\u00e1s\",\"btn_class\":null,\"durable\":false,\"charte\":\"\",\"durable_label\":\"Desarrollo sostenible\",\"online_bookable\":false,\"price_from\":false,\"event_category\":\"Itineraire\",\"type\":\"pedestre\",\"ititempsdif\":[\"A pie|2h50|Dif\\u00edcil\"],\"itidistance\":\"14\",\"itidistance_label\":\"Distancia\",\"denivele\":\"200\",\"denivele_label\":\"Elevaci\\u00f3n\"}},{\"geometry\":{\"type\":\"Point\",\"coordinates\":[-0.318228,43.4881]},\"type\":\"Feature\",\"id\":\"ITIAQU064V5ALB37\",\"properties\":{\"objectTypeCode\":\"ITI\",\"name\":\"Lalonquette : les coteaux du Gabas\",\"marker_id\":\"ITIAQU064V5ALB37\",\"commune\":\"LALONQUETTE\",\"display_city\":\"1\",\"cp\":\"\",\"ad1\":\"\",\"gmapLongitude\":-0.318228,\"gmapLatitude\":43.4881,\"zone1\":null,\"telephone\":\"+33 5 59 68 28 78\",\"detail_url\":\"https:\\\/\\\/www.bearnmadiran-tourisme.fr\\\/es\\\/rutas\\\/lalonquette\\\/ITIAQU064V5ALB37-lalonquette-les-coteaux-du-gabas\\\/\",\"excerpt\":\"Un paseo f\\u00e1cil, entre Miossens y Lalonquette por las laderas de las Gabas. Se camina por senderos de hierba a trav\\u00e9s del valle de las Gabas. Caminar\\u00e1 a lo largo del arroyo&hellip;\",\"display_excerpt\":\"1\",\"photo\":\"https:\\\/\\\/www.bearnmadiran-tourisme.fr\\\/wp-content\\\/uploads\\\/tis\\\/Circuit-randonnee-pedestre-villa-musee-Gallo-romain-Claracq---Claracq---cph-SMT-NB-2.jpg\",\"clas\":null,\"btn_label\":\"Ver m\\u00e1s\",\"btn_class\":null,\"durable\":false,\"charte\":\"\",\"durable_label\":\"Desarrollo sostenible\",\"online_bookable\":false,\"price_from\":false,\"event_category\":\"Itineraire\",\"type\":\"pedestre\",\"ititempsdif\":[\"A pie|2h|F\\u00e1cil\"],\"itidistance\":\"6.5\",\"itidistance_label\":\"Distancia\",\"denivele\":\"106\",\"denivele_label\":\"Elevaci\\u00f3n\"}},{\"geometry\":{\"type\":\"Point\",\"coordinates\":[-0.280635,43.483]},\"type\":\"Feature\",\"id\":\"ITIAQU064V5ALB8T\",\"properties\":{\"objectTypeCode\":\"ITI\",\"name\":\"Carr\\u00e8re : boucle de la Palue\",\"marker_id\":\"ITIAQU064V5ALB8T\",\"commune\":\"CARRERE\",\"display_city\":\"1\",\"cp\":\"\",\"ad1\":\"\",\"gmapLongitude\":-0.280635,\"gmapLatitude\":43.483,\"zone1\":null,\"telephone\":\"+33 5 59 68 28 78\",\"detail_url\":\"https:\\\/\\\/www.bearnmadiran-tourisme.fr\\\/es\\\/rutas\\\/carrere\\\/ITIAQU064V5ALB8T-carrere-boucle-de-la-palue\\\/\",\"excerpt\":\"Un paseo f\\u00e1cil hasta el fondo del valle de las Gabas, donde pasar\\u00e1 por debajo del imponente viaducto de la A65. Adem\\u00e1s, tomar\\u00e1 un paso bajo una verdadera catedral vegetal de viejos&hellip;\",\"display_excerpt\":\"1\",\"photo\":\"https:\\\/\\\/www.bearnmadiran-tourisme.fr\\\/wp-content\\\/uploads\\\/tis\\\/Circuit-pedestre-Boucle-de-la-palue---Carrere-SMT-NB.jpg\",\"clas\":null,\"btn_label\":\"Ver m\\u00e1s\",\"btn_class\":null,\"durable\":false,\"charte\":\"\",\"durable_label\":\"Desarrollo sostenible\",\"online_bookable\":false,\"price_from\":false,\"event_category\":\"Itineraire\",\"type\":\"pedestre\",\"ititempsdif\":[\"A pie|2h|F\\u00e1cil\"],\"itidistance\":\"7.5\",\"itidistance_label\":\"Distancia\",\"denivele\":\"116\",\"denivele_label\":\"Elevaci\\u00f3n\"}},{\"geometry\":{\"type\":\"Point\",\"coordinates\":[-0.408503,43.4939]},\"type\":\"Feature\",\"id\":\"ITIAQU064V5ALBA2\",\"properties\":{\"objectTypeCode\":\"ITI\",\"name\":\"Mialos : promenade Henri IV \",\"marker_id\":\"ITIAQU064V5ALBA2\",\"commune\":\"MIALOS\",\"display_city\":\"1\",\"cp\":\"\",\"ad1\":\"\",\"gmapLongitude\":-0.408503,\"gmapLatitude\":43.4939,\"zone1\":null,\"telephone\":\"+33 5 59 04 59 24\",\"detail_url\":\"https:\\\/\\\/www.bearnmadiran-tourisme.fr\\\/es\\\/rutas\\\/mialos\\\/ITIAQU064V5ALBA2-mialos-promenade-henri-iv\\\/\",\"excerpt\":\"La iglesia rom\\u00e1nica de San Mart\\u00edn, que data de la Edad Media, sugiere que Mialos fue una peque\\u00f1a ciudad medieval... Pasee y admire la vista panor\\u00e1mica desde el merendero de Cousquet...\",\"display_excerpt\":\"1\",\"photo\":\"https:\\\/\\\/www.bearnmadiran-tourisme.fr\\\/wp-content\\\/uploads\\\/tis\\\/CHEMIN-2-4.JPG\",\"clas\":null,\"btn_label\":\"Ver m\\u00e1s\",\"btn_class\":null,\"durable\":false,\"charte\":\"\",\"durable_label\":\"Desarrollo sostenible\",\"online_bookable\":false,\"price_from\":false,\"event_category\":\"Itineraire\",\"type\":\"pedestre\",\"ititempsdif\":[\"A pie|1h15|F\\u00e1cil\"],\"itidistance\":\"5.6\",\"itidistance_label\":\"Distancia\",\"denivele\":\"200\",\"denivele_label\":\"Elevaci\\u00f3n\"}},{\"geometry\":{\"type\":\"Point\",\"coordinates\":[-0.377105,43.5505]},\"type\":\"Feature\",\"id\":\"ITIAQU064V5ALBBZ\",\"properties\":{\"objectTypeCode\":\"ITI\",\"name\":\"Poursiugues-Boucoue : aux confins du Tursan \",\"marker_id\":\"ITIAQU064V5ALBBZ\",\"commune\":\"POURSIUGUES-BOUCOUE\",\"display_city\":\"1\",\"cp\":\"\",\"ad1\":\"\",\"gmapLongitude\":-0.377105,\"gmapLatitude\":43.5505,\"zone1\":null,\"telephone\":\"+33 5 59 04 59 24\",\"detail_url\":\"https:\\\/\\\/www.bearnmadiran-tourisme.fr\\\/es\\\/rutas\\\/poursiugues-boucoue\\\/ITIAQU064V5ALBBZ-poursiugues-boucoue-aux-confins-du-tursan\\\/\",\"excerpt\":\"Esta ruta le llevar\\u00e1 por Poursiugues-Boucoue, dos municipios unidos que pertenecieron a la regi\\u00f3n de Tursan, en el vecino departamento de Las Landas, hasta la Revoluci\\u00f3n. Situado en el camino de Santiago&hellip;\",\"display_excerpt\":\"1\",\"photo\":\"https:\\\/\\\/www.bearnmadiran-tourisme.fr\\\/wp-content\\\/uploads\\\/tis\\\/PR5-Chapelle-St-Laurent-a-Boucoue-1440x1080.jpg\",\"clas\":null,\"btn_label\":\"Ver m\\u00e1s\",\"btn_class\":null,\"durable\":false,\"charte\":\"\",\"durable_label\":\"Desarrollo sostenible\",\"online_bookable\":false,\"price_from\":false,\"event_category\":\"Itineraire\",\"type\":\"pedestre\",\"ititempsdif\":[\"A pie|2h15|Medio\"],\"itidistance\":\"9.2\",\"itidistance_label\":\"Distancia\",\"denivele\":\"142\",\"denivele_label\":\"Elevaci\\u00f3n\"}},{\"geometry\":{\"type\":\"Point\",\"coordinates\":[-0.413014,43.5363]},\"type\":\"Feature\",\"id\":\"ITIAQU064V5ALBO2\",\"properties\":{\"objectTypeCode\":\"ITI\",\"name\":\"Arzacq-Arraziguet : de la bastide \\u00e0 la for\\u00eat \",\"marker_id\":\"ITIAQU064V5ALBO2\",\"commune\":\"ARZACQ-ARRAZIGUET\",\"display_city\":\"1\",\"cp\":\"\",\"ad1\":\"\",\"gmapLongitude\":-0.413014,\"gmapLatitude\":43.5363,\"zone1\":null,\"telephone\":\"+33 5 59 04 59 24\",\"detail_url\":\"https:\\\/\\\/www.bearnmadiran-tourisme.fr\\\/es\\\/rutas\\\/arzacq-arraziguet\\\/ITIAQU064V5ALBO2-arzacq-arraziguet-de-la-bastide-a-la-foret\\\/\",\"excerpt\":\"Situada en el extremo norte de las colinas bearnesas, Arzacq domina desde lo alto de su cresta la cercana regi\\u00f3n de las Landas. Tursan y Chalosse son sus vecinos inmediatos. Un rico&hellip;\",\"display_excerpt\":\"1\",\"photo\":\"https:\\\/\\\/www.bearnmadiran-tourisme.fr\\\/wp-content\\\/uploads\\\/tis\\\/ARZACQ-3-6.JPG\",\"clas\":null,\"btn_label\":\"Ver m\\u00e1s\",\"btn_class\":null,\"durable\":false,\"charte\":\"\",\"durable_label\":\"Desarrollo sostenible\",\"online_bookable\":false,\"price_from\":false,\"event_category\":\"Itineraire\",\"type\":\"pedestre\",\"ititempsdif\":[\"A pie|1h45|Muy f\\u00e1cil\"],\"itidistance\":\"8.3\",\"itidistance_label\":\"Distancia\",\"denivele\":\"233\",\"denivele_label\":\"Elevaci\\u00f3n\"}},{\"geometry\":{\"type\":\"Point\",\"coordinates\":[-0.417734,43.5356]},\"type\":\"Feature\",\"id\":\"ITIAQU064V5ALE66\",\"properties\":{\"objectTypeCode\":\"ITI\",\"name\":\"Arzacq-Arraziguet : Saint-Jacques de Compostelle \",\"marker_id\":\"ITIAQU064V5ALE66\",\"commune\":\"ARZACQ-ARRAZIGUET\",\"display_city\":\"1\",\"cp\":\"\",\"ad1\":\"\",\"gmapLongitude\":-0.417734,\"gmapLatitude\":43.5356,\"zone1\":null,\"telephone\":\"+33 5 59 04 59 24\",\"detail_url\":\"https:\\\/\\\/www.bearnmadiran-tourisme.fr\\\/es\\\/rutas\\\/arzacq-arraziguet\\\/ITIAQU064V5ALE66-arzacq-arraziguet-saint-jacques-de-compostelle\\\/\",\"excerpt\":\"La ciudad bastide de Arzacq, en la ruta hacia Le Puy en Velay, es un lugar notable de patrimonio e historia. El recorrido le llevar\\u00e1 tras las huellas de los numerosos peregrinos&hellip;\",\"display_excerpt\":\"1\",\"photo\":\"https:\\\/\\\/www.bearnmadiran-tourisme.fr\\\/wp-content\\\/uploads\\\/tis\\\/ARZACQ-2-2.JPG\",\"clas\":null,\"btn_label\":\"Ver m\\u00e1s\",\"btn_class\":null,\"durable\":false,\"charte\":\"\",\"durable_label\":\"Desarrollo sostenible\",\"online_bookable\":false,\"price_from\":false,\"event_category\":\"Itineraire\",\"type\":\"pedestre\",\"ititempsdif\":[\"A pie|2h|F\\u00e1cil\"],\"itidistance\":\"7.5\",\"itidistance_label\":\"Distancia\",\"denivele\":\"236\",\"denivele_label\":\"Elevaci\\u00f3n\"}},{\"geometry\":{\"type\":\"Point\",\"coordinates\":[-0.462482,43.5415]},\"type\":\"Feature\",\"id\":\"ITIAQU064V5ALE9O\",\"properties\":{\"objectTypeCode\":\"ITI\",\"name\":\"Cabidos : les Manoirs \",\"marker_id\":\"ITIAQU064V5ALE9O\",\"commune\":\"CABIDOS\",\"display_city\":\"1\",\"cp\":\"64410\",\"ad1\":\"mairie-\\u00e9glise\",\"gmapLongitude\":-0.462482,\"gmapLatitude\":43.5415,\"zone1\":null,\"telephone\":\"+33 5 59 04 59 24\",\"detail_url\":\"https:\\\/\\\/www.bearnmadiran-tourisme.fr\\\/es\\\/rutas\\\/cabidos\\\/ITIAQU064V5ALE9O-cabidos-les-manoirs\\\/\",\"excerpt\":\"El circuito, con la iglesia de la Asunci\\u00f3n de la Sant\\u00edsima Virgen Mar\\u00eda de Cabidos, le ofrece una hermosa vista de los vi\\u00f1edos del Manoir de Trubess\\u00e9 (Ch\\u00e2teau de Cabidos) Antes o&hellip;\",\"display_excerpt\":\"1\",\"photo\":\"https:\\\/\\\/www.bearnmadiran-tourisme.fr\\\/wp-content\\\/uploads\\\/tis\\\/CABIDOS---Pascal-Le-Doare-Studio-764-0074.jpg\",\"clas\":null,\"btn_label\":\"Ver m\\u00e1s\",\"btn_class\":null,\"durable\":false,\"charte\":\"\",\"durable_label\":\"Desarrollo sostenible\",\"online_bookable\":false,\"price_from\":false,\"event_category\":\"Itineraire\",\"type\":\"pedestre\",\"ititempsdif\":[\"A pie|2h30|F\\u00e1cil\"],\"itidistance\":\"8\",\"itidistance_label\":\"Distancia\",\"denivele\":\"153\",\"denivele_label\":\"Elevaci\\u00f3n\"}},{\"geometry\":{\"type\":\"Point\",\"coordinates\":[-0.472558,43.5591]},\"type\":\"Feature\",\"id\":\"ITIAQU064V5ALEM1\",\"properties\":{\"objectTypeCode\":\"ITI\",\"name\":\"Malaussanne : Du moulin \",\"marker_id\":\"ITIAQU064V5ALEM1\",\"commune\":\"MALAUSSANNE\",\"display_city\":\"1\",\"cp\":\"\",\"ad1\":\"\",\"gmapLongitude\":-0.472558,\"gmapLatitude\":43.5591,\"zone1\":null,\"telephone\":\"+33 5 59 04 59 24\",\"detail_url\":\"https:\\\/\\\/www.bearnmadiran-tourisme.fr\\\/es\\\/rutas\\\/malaussanne\\\/ITIAQU064V5ALEM1-malaussanne-du-moulin\\\/\",\"excerpt\":\"Desde la iglesia de Saint Andr\\u00e9, del siglo XII, que data del vizcondado de Louvigny, hasta el molino de Baille, en las Landas, este sendero le llevar\\u00e1 por el norte del B\\u00e9arn&hellip;\",\"display_excerpt\":\"1\",\"photo\":\"https:\\\/\\\/www.bearnmadiran-tourisme.fr\\\/wp-content\\\/uploads\\\/tis\\\/PR9-Eglise-Malaussanne-1440X1080-3.jpg\",\"clas\":null,\"btn_label\":\"Ver m\\u00e1s\",\"btn_class\":null,\"durable\":false,\"charte\":\"\",\"durable_label\":\"Desarrollo sostenible\",\"online_bookable\":false,\"price_from\":false,\"event_category\":\"Itineraire\",\"type\":\"pedestre\",\"ititempsdif\":[\"A pie|1h30|Muy f\\u00e1cil\"],\"itidistance\":\"7.5\",\"itidistance_label\":\"Distancia\",\"denivele\":\"153\",\"denivele_label\":\"Elevaci\\u00f3n\"}},{\"geometry\":{\"type\":\"Point\",\"coordinates\":[-0.469432,43.4492]},\"type\":\"Feature\",\"id\":\"ITIAQU064V5ALKVI\",\"properties\":{\"objectTypeCode\":\"ITI\",\"name\":\"Mazerolles : les B\\u00e9n\\u00e9dictins \",\"marker_id\":\"ITIAQU064V5ALKVI\",\"commune\":\"MAZEROLLES\",\"display_city\":\"1\",\"cp\":\"\",\"ad1\":\"\",\"gmapLongitude\":-0.469432,\"gmapLatitude\":43.4492,\"zone1\":null,\"telephone\":\"+33 5 59 04 59 24\",\"detail_url\":\"https:\\\/\\\/www.bearnmadiran-tourisme.fr\\\/es\\\/rutas\\\/mazerolles\\\/ITIAQU064V5ALKVI-mazerolles-les-benedictins\\\/\",\"excerpt\":\"Este recorrido le gu\\u00eda tras las huellas de los monjes benedictinos. La bastida de Larreule fue creada a finales del siglo XIII por los monjes benedictinos, al pie de la abad\\u00eda que&hellip;\",\"display_excerpt\":\"1\",\"photo\":\"https:\\\/\\\/www.bearnmadiran-tourisme.fr\\\/wp-content\\\/uploads\\\/tis\\\/circuit-de-randonnee-pedestre-Les-Benedictins-Larreule---cph-CCLB64-Tourisme-Nord-Bearn-Madiran.jpg\",\"clas\":null,\"btn_label\":\"Ver m\\u00e1s\",\"btn_class\":null,\"durable\":false,\"charte\":\"\",\"durable_label\":\"Desarrollo sostenible\",\"online_bookable\":false,\"price_from\":false,\"event_category\":\"Itineraire\",\"type\":\"pedestre\",\"ititempsdif\":[\"A pie|2h30|Muy f\\u00e1cil\"],\"itidistance\":\"10.2\",\"itidistance_label\":\"Distancia\",\"denivele\":\"145\",\"denivele_label\":\"Elevaci\\u00f3n\"}},{\"geometry\":{\"type\":\"Point\",\"coordinates\":[-0.483681,43.5476]},\"type\":\"Feature\",\"id\":\"ITIAQU064V5ALKX0\",\"properties\":{\"objectTypeCode\":\"ITI\",\"name\":\"Montagut : le Luy de France \",\"marker_id\":\"ITIAQU064V5ALKX0\",\"commune\":\"MONTAGUT\",\"display_city\":\"1\",\"cp\":\"\",\"ad1\":\"\",\"gmapLongitude\":-0.483681,\"gmapLatitude\":43.5476,\"zone1\":null,\"telephone\":\"+33 5 59 04 59 24\",\"detail_url\":\"https:\\\/\\\/www.bearnmadiran-tourisme.fr\\\/es\\\/rutas\\\/montagut\\\/ITIAQU064V5ALKX0-montagut-le-luy-de-france\\\/\",\"excerpt\":\"El circuito es un sendero natural a lo largo del agua y los bosques de la Soubestre... El Luy de France, que nace cerca de Limendous, al norte de Pau, atraviesa la&hellip;\",\"display_excerpt\":\"1\",\"photo\":\"https:\\\/\\\/www.bearnmadiran-tourisme.fr\\\/wp-content\\\/uploads\\\/tis\\\/PR11-Montagut-Le-luy-de-France-randonnee-pedestre-novembre-2021-credit-syndicat-tourisme-nord-bearn-madiran--15-.jpg\",\"clas\":null,\"btn_label\":\"Ver m\\u00e1s\",\"btn_class\":null,\"durable\":false,\"charte\":\"\",\"durable_label\":\"Desarrollo sostenible\",\"online_bookable\":false,\"price_from\":false,\"event_category\":\"Itineraire\",\"type\":\"pedestre\",\"ititempsdif\":[\"A pie|1h30|Muy f\\u00e1cil\"],\"itidistance\":\"6.5\",\"itidistance_label\":\"Distancia\",\"denivele\":\"100\",\"denivele_label\":\"Elevaci\\u00f3n\"}},{\"geometry\":{\"type\":\"Point\",\"coordinates\":[-0.291656,43.4366]},\"type\":\"Feature\",\"id\":\"ITIAQU064V5ALM2R\",\"properties\":{\"objectTypeCode\":\"ITI\",\"name\":\"Lasclaveries : du Gabas au Luy de France\",\"marker_id\":\"ITIAQU064V5ALM2R\",\"commune\":\"LASCLAVERIES\",\"display_city\":\"1\",\"cp\":\"\",\"ad1\":\"\",\"gmapLongitude\":-0.291656,\"gmapLatitude\":43.4366,\"zone1\":null,\"telephone\":\"+33 5 59 68 28 78\",\"detail_url\":\"https:\\\/\\\/www.bearnmadiran-tourisme.fr\\\/es\\\/rutas\\\/lasclaveries\\\/ITIAQU064V5ALM2R-lasclaveries-du-gabas-au-luy-de-france\\\/\",\"excerpt\":\"Un paseo f\\u00e1cil entre la meseta agr\\u00edcola y las laderas boscosas del Luy de France. Una fuente, un camino de hierba, bordear los campos, tomar la pista de hierba hacia el sureste&hellip;\",\"display_excerpt\":\"1\",\"photo\":\"https:\\\/\\\/www.bearnmadiran-tourisme.fr\\\/wp-content\\\/uploads\\\/tis\\\/HIGURE-3-2.PNG\",\"clas\":null,\"btn_label\":\"Ver m\\u00e1s\",\"btn_class\":null,\"durable\":false,\"charte\":\"\",\"durable_label\":\"Desarrollo sostenible\",\"online_bookable\":false,\"price_from\":false,\"event_category\":\"Itineraire\",\"type\":\"pedestre\",\"ititempsdif\":[\"A pie|3H|Muy f\\u00e1cil\"],\"itidistance\":\"12.4\",\"itidistance_label\":\"Distancia\",\"denivele\":\"140\",\"denivele_label\":\"Elevaci\\u00f3n\"}},{\"geometry\":{\"type\":\"Point\",\"coordinates\":[-0.30047,43.5111]},\"type\":\"Feature\",\"id\":\"ITIAQU064V5ALM5N\",\"properties\":{\"objectTypeCode\":\"ITI\",\"name\":\"Claracq Lalonquette par la villa gallo-romaine \",\"marker_id\":\"ITIAQU064V5ALM5N\",\"commune\":\"CLARACQ\",\"display_city\":\"1\",\"cp\":\"\",\"ad1\":\"\",\"gmapLongitude\":-0.30047,\"gmapLatitude\":43.5111,\"zone1\":null,\"telephone\":\"+33 5 59 68 28 78\",\"detail_url\":\"https:\\\/\\\/www.bearnmadiran-tourisme.fr\\\/es\\\/rutas\\\/claracq\\\/ITIAQU064V5ALM5N-claracq-lalonquette-par-la-villa-gallo-romaine\\\/\",\"excerpt\":\"El sendero une el Museo Galo-Romano de Claracq con la antigua villa de Lalonquette e invita as\\u00ed a descubrir el sitio hist\\u00f3rico en su dimensi\\u00f3n paisaj\\u00edstica. Este paseo es complementario a una&hellip;\",\"display_excerpt\":\"1\",\"photo\":\"https:\\\/\\\/www.bearnmadiran-tourisme.fr\\\/wp-content\\\/uploads\\\/tis\\\/Claracq--sentier-et-villa-Lalonquette--cph-Tourisme-Nord-Bearn-et-Madiran--13--2.JPG\",\"clas\":null,\"btn_label\":\"Ver m\\u00e1s\",\"btn_class\":null,\"durable\":false,\"charte\":\"\",\"durable_label\":\"Desarrollo sostenible\",\"online_bookable\":false,\"price_from\":false,\"event_category\":\"Itineraire\",\"type\":\"pedestre\",\"ititempsdif\":[\"A pie|1h45|F\\u00e1cil\"],\"itidistance\":\"11.7\",\"itidistance_label\":\"Distancia\",\"denivele\":\"0\",\"denivele_label\":\"Elevaci\\u00f3n\"}},{\"geometry\":{\"type\":\"Point\",\"coordinates\":[-0.335805,43.5089]},\"type\":\"Feature\",\"id\":\"ITIAQU064V5ALMAT\",\"properties\":{\"objectTypeCode\":\"ITI\",\"name\":\"Garl\\u00e8de-Mondebat : la Poudge\",\"marker_id\":\"ITIAQU064V5ALMAT\",\"commune\":\"GARLEDE-MONDEBAT\",\"display_city\":\"1\",\"cp\":\"\",\"ad1\":\"\",\"gmapLongitude\":-0.335805,\"gmapLatitude\":43.5089,\"zone1\":null,\"telephone\":\"+33 5 59 68 28 78\",\"detail_url\":\"https:\\\/\\\/www.bearnmadiran-tourisme.fr\\\/es\\\/rutas\\\/garlede-mondebat\\\/ITIAQU064V5ALMAT-garlede-mondebat-la-poudge\\\/\",\"excerpt\":\"Disfrute de este paseo muy f\\u00e1cil en el coraz\\u00f3n de la campi\\u00f1a bearnesa, en la meseta entre los cultivos de ma\\u00edz. Se trata de una zona plana para el cultivo de ma\\u00edz,&hellip;\",\"display_excerpt\":\"1\",\"photo\":\"https:\\\/\\\/www.bearnmadiran-tourisme.fr\\\/wp-content\\\/uploads\\\/tis\\\/randonnee-pedestre---La-poudge---Garlede-Mondebat.jpg\",\"clas\":null,\"btn_label\":\"Ver m\\u00e1s\",\"btn_class\":null,\"durable\":false,\"charte\":\"\",\"durable_label\":\"Desarrollo sostenible\",\"online_bookable\":false,\"price_from\":false,\"event_category\":\"Itineraire\",\"type\":\"pedestre\",\"ititempsdif\":[\"A pie|1H20|Muy f\\u00e1cil\"],\"itidistance\":\"6.7\",\"itidistance_label\":\"Distancia\",\"denivele\":\"45\",\"denivele_label\":\"Elevaci\\u00f3n\"}},{\"geometry\":{\"type\":\"Point\",\"coordinates\":[-0.259196,43.4401]},\"type\":\"Feature\",\"id\":\"ITIAQU064V5ALMDK\",\"properties\":{\"objectTypeCode\":\"ITI\",\"name\":\"S\\u00e9vignacq : sentier des vieux moulins (petite boucle n\\u00b018)\",\"marker_id\":\"ITIAQU064V5ALMDK\",\"commune\":\"SEVIGNACQ\",\"display_city\":\"1\",\"cp\":\"\",\"ad1\":\"\",\"gmapLongitude\":-0.259196,\"gmapLatitude\":43.4401,\"zone1\":null,\"telephone\":\"+33 5 59 68 28 78\",\"detail_url\":\"https:\\\/\\\/www.bearnmadiran-tourisme.fr\\\/es\\\/rutas\\\/sevignacq\\\/ITIAQU064V5ALMDK-sevignacq-sentier-des-vieux-moulins-petite-boucle-n18\\\/\",\"excerpt\":\"Una peque\\u00f1a variaci\\u00f3n de 7,5 km hasta el gran bucle de los antiguos molinos. Descubra la magn\\u00edfica iglesia de San Pedro con su notable portal rom\\u00e1nico de mediados del siglo XVII. El&hellip;\",\"display_excerpt\":\"1\",\"photo\":\"https:\\\/\\\/www.bearnmadiran-tourisme.fr\\\/wp-content\\\/uploads\\\/tis\\\/Sevignacq-eglise-credit-tourisme-nord-bearn--3----Copie.JPG\",\"clas\":null,\"btn_label\":\"Ver m\\u00e1s\",\"btn_class\":null,\"durable\":false,\"charte\":\"\",\"durable_label\":\"Desarrollo sostenible\",\"online_bookable\":false,\"price_from\":false,\"event_category\":\"Itineraire\",\"type\":\"pedestre\",\"ititempsdif\":[\"A pie|2h|Muy f\\u00e1cil\"],\"itidistance\":\"7.5\",\"itidistance_label\":\"Distancia\",\"denivele\":\"0\",\"denivele_label\":\"Elevaci\\u00f3n\"}},{\"geometry\":{\"type\":\"Point\",\"coordinates\":[-0.386993,43.4029]},\"type\":\"Feature\",\"id\":\"ITIAQU064V5ALPTV\",\"properties\":{\"objectTypeCode\":\"ITI\",\"name\":\"De Sauvagnon \\u00e0 la for\\u00eat de Bastard \\u00e0 VTT\",\"marker_id\":\"ITIAQU064V5ALPTV\",\"commune\":\"SAUVAGNON\",\"display_city\":\"1\",\"cp\":\"\",\"ad1\":\"\",\"gmapLongitude\":-0.386993,\"gmapLatitude\":43.4029,\"zone1\":null,\"telephone\":\"+33 5 59 68 28 78\",\"detail_url\":\"https:\\\/\\\/www.bearnmadiran-tourisme.fr\\\/es\\\/rutas\\\/sauvagnon\\\/ITIAQU064V5ALPTV-de-sauvagnon-a-la-foret-de-bastard-a-vtt\\\/\",\"excerpt\":\"Este paseo a pie o en bicicleta le llevar\\u00e1 por el Luy de B\\u00e9arn hasta Sauvagnon, Serres-Castet y Montardon. Un poco m\\u00e1s lejos, tambi\\u00e9n podr\\u00e1 llegar al espacio natural protegido del bosque&hellip;\",\"display_excerpt\":\"1\",\"photo\":\"https:\\\/\\\/www.bearnmadiran-tourisme.fr\\\/wp-content\\\/uploads\\\/tis\\\/VTTN2---Copie-2.jpg\",\"clas\":null,\"btn_label\":\"Ver m\\u00e1s\",\"btn_class\":null,\"durable\":false,\"charte\":\"\",\"durable_label\":\"Desarrollo sostenible\",\"online_bookable\":false,\"price_from\":false,\"event_category\":\"Itineraire\",\"type\":\"vtt\",\"ititempsdif\":[\"Bicicleta de monta\\u00f1a|2H40|Muy f\\u00e1cil\"],\"itidistance\":\"21.4\",\"itidistance_label\":\"Distancia\",\"denivele\":\"45\",\"denivele_label\":\"Elevaci\\u00f3n\"}},{\"geometry\":{\"type\":\"Point\",\"coordinates\":[-0.34627,43.3604]},\"type\":\"Feature\",\"id\":\"ITIAQU064V5ALQ01\",\"properties\":{\"objectTypeCode\":\"ITI\",\"name\":\"Montardon : le Tour du Luy de B\\u00e9arn \\u00e0 VTT\",\"marker_id\":\"ITIAQU064V5ALQ01\",\"commune\":\"MONTARDON\",\"display_city\":\"1\",\"cp\":\"\",\"ad1\":\"\",\"gmapLongitude\":-0.34627,\"gmapLatitude\":43.3604,\"zone1\":null,\"telephone\":\"+33 5 59 68 28 78\",\"detail_url\":\"https:\\\/\\\/www.bearnmadiran-tourisme.fr\\\/es\\\/rutas\\\/montardon\\\/ITIAQU064V5ALQ01-montardon-le-tour-du-luy-de-bearn-a-vtt\\\/\",\"excerpt\":\"Se trata de un gran recorrido en bicicleta de monta\\u00f1a, t\\u00e9cnico y variado. Desde el bosque de Bastard o desde cada uno de los pueblos de Montardon (presas de control de inundaciones),&hellip;\",\"display_excerpt\":\"1\",\"photo\":\"https:\\\/\\\/www.bearnmadiran-tourisme.fr\\\/wp-content\\\/uploads\\\/tis\\\/VTT-SMT-Nord-Bearn.jpg\",\"clas\":null,\"btn_label\":\"Ver m\\u00e1s\",\"btn_class\":null,\"durable\":false,\"charte\":\"\",\"durable_label\":\"Desarrollo sostenible\",\"online_bookable\":false,\"price_from\":false,\"event_category\":\"Itineraire\",\"type\":\"vtt\",\"ititempsdif\":[\"Bicicleta de monta\\u00f1a|4h|Dif\\u00edcil\"],\"itidistance\":\"42\",\"itidistance_label\":\"Distancia\",\"denivele\":\"557\",\"denivele_label\":\"Elevaci\\u00f3n\"}},{\"geometry\":{\"type\":\"Point\",\"coordinates\":[-0.376109,43.3805]},\"type\":\"Feature\",\"id\":\"ITIAQU064V5ALQ5A\",\"properties\":{\"objectTypeCode\":\"ITI\",\"name\":\"Serres-Castet : du coll\\u00e8ge au lac \\u00e0 VTT\",\"marker_id\":\"ITIAQU064V5ALQ5A\",\"commune\":\"SERRES-CASTET\",\"display_city\":\"1\",\"cp\":\"\",\"ad1\":\"\",\"gmapLongitude\":-0.376109,\"gmapLatitude\":43.3805,\"zone1\":null,\"telephone\":\"+33 5 59 68 28 78\",\"detail_url\":\"https:\\\/\\\/www.bearnmadiran-tourisme.fr\\\/es\\\/rutas\\\/serres-castet\\\/ITIAQU064V5ALQ5A-serres-castet-du-college-au-lac-a-vtt\\\/\",\"excerpt\":\"Esta ruta de enlace le llevar\\u00e1 desde el colegio hasta el lago de Serres-Castet a trav\\u00e9s de un sendero especialmente acondicionado. A continuaci\\u00f3n, podr\\u00e1 disfrutar de la extensi\\u00f3n del lago o enlazar&hellip;\",\"display_excerpt\":\"1\",\"photo\":\"https:\\\/\\\/www.bearnmadiran-tourisme.fr\\\/wp-content\\\/uploads\\\/tis\\\/randonnee-vtt-pacheras-garlin-vic-bilh.jpg\",\"clas\":null,\"btn_label\":\"Ver m\\u00e1s\",\"btn_class\":null,\"durable\":false,\"charte\":\"\",\"durable_label\":\"Desarrollo sostenible\",\"online_bookable\":false,\"price_from\":false,\"event_category\":\"Itineraire\",\"type\":\"vtt\",\"ititempsdif\":[\"Bicicleta de monta\\u00f1a|1h30|F\\u00e1cil\"],\"itidistance\":\"8.2\",\"itidistance_label\":\"Distancia\",\"denivele\":\"120\",\"denivele_label\":\"Elevaci\\u00f3n\"}},{\"geometry\":{\"type\":\"Point\",\"coordinates\":[-0.386969,43.403]},\"type\":\"Feature\",\"id\":\"ITIAQU064V5ALQ6C\",\"properties\":{\"objectTypeCode\":\"ITI\",\"name\":\"De Sauvagnon au lac du Balaing \\u00e0 VTT\",\"marker_id\":\"ITIAQU064V5ALQ6C\",\"commune\":\"SAUVAGNON\",\"display_city\":\"1\",\"cp\":\"\",\"ad1\":\"\",\"gmapLongitude\":-0.386969,\"gmapLatitude\":43.403,\"zone1\":null,\"telephone\":\"+33 5 59 68 28 78\",\"detail_url\":\"https:\\\/\\\/www.bearnmadiran-tourisme.fr\\\/es\\\/rutas\\\/sauvagnon\\\/ITIAQU064V5ALQ6C-de-sauvagnon-au-lac-du-balaing-a-vtt\\\/\",\"excerpt\":\"No es un recorrido largo, pero requiere cierta t\\u00e9cnica ciclista. Se adentrar\\u00e1 en las laderas del B\\u00e9arn, entre valles boscosos y mesetas cultivadas, para llegar a este hermoso tramo de agua, escondido&hellip;\",\"display_excerpt\":\"1\",\"photo\":\"https:\\\/\\\/www.bearnmadiran-tourisme.fr\\\/wp-content\\\/uploads\\\/tis\\\/Doumy-chapelle-sainte-quitterie-cph-syndicat-du-tourisme-nord-bearn-et-madiran--3--2.jpg\",\"clas\":null,\"btn_label\":\"Ver m\\u00e1s\",\"btn_class\":null,\"durable\":false,\"charte\":\"\",\"durable_label\":\"Desarrollo sostenible\",\"online_bookable\":false,\"price_from\":false,\"event_category\":\"Itineraire\",\"type\":\"vtt\",\"ititempsdif\":[\"Bicicleta de monta\\u00f1a|0h50|Dif\\u00edcil\"],\"itidistance\":\"8.2\",\"itidistance_label\":\"Distancia\",\"denivele\":\"210\",\"denivele_label\":\"Elevaci\\u00f3n\"}},{\"geometry\":{\"type\":\"Point\",\"coordinates\":[-0.534237,43.5132]},\"type\":\"Feature\",\"id\":\"ITIAQU064V5ALTVM\",\"properties\":{\"objectTypeCode\":\"ITI\",\"name\":\"Morlanne : les Palombi\\u00e8res \\u00e0 VTT \",\"marker_id\":\"ITIAQU064V5ALTVM\",\"commune\":\"MORLANNE\",\"display_city\":\"1\",\"cp\":\"\",\"ad1\":\"\",\"gmapLongitude\":-0.534237,\"gmapLatitude\":43.5132,\"zone1\":null,\"telephone\":\"+33 5 59 04 59 24\",\"detail_url\":\"https:\\\/\\\/www.bearnmadiran-tourisme.fr\\\/es\\\/rutas\\\/morlanne\\\/ITIAQU064V5ALTVM-morlanne-les-palombieres-a-vtt\\\/\",\"excerpt\":\"La ruta le llevar\\u00e1 por el coraz\\u00f3n de las palombi\\u00e8res por un camino de cresta. Pasear\\u00e1 por un patrimonio construido rico en historia Tambi\\u00e9n disfrutar\\u00e1 de una magn\\u00edfica vista panor\\u00e1mica del Soubestre&hellip;\",\"display_excerpt\":\"1\",\"photo\":\"https:\\\/\\\/www.bearnmadiran-tourisme.fr\\\/wp-content\\\/uploads\\\/tis\\\/Chateau-Morlanne-tourisme-nord-bearn-credit-Laurent-Pasca---Copie.jpg\",\"clas\":null,\"btn_label\":\"Ver m\\u00e1s\",\"btn_class\":null,\"durable\":false,\"charte\":\"\",\"durable_label\":\"Desarrollo sostenible\",\"online_bookable\":false,\"price_from\":false,\"event_category\":\"Itineraire\",\"type\":\"vtt\",\"ititempsdif\":[\"Bicicleta de monta\\u00f1a|1h15|Medio\"],\"itidistance\":\"12.4\",\"itidistance_label\":\"Distancia\",\"denivele\":\"223\",\"denivele_label\":\"Elevaci\\u00f3n\"}},{\"geometry\":{\"type\":\"Point\",\"coordinates\":[-0.472791,43.5065]},\"type\":\"Feature\",\"id\":\"ITIAQU064V5ALTXS\",\"properties\":{\"objectTypeCode\":\"ITI\",\"name\":\"Garos : au coeur du Soubestre \\u00e0 VTT\",\"marker_id\":\"ITIAQU064V5ALTXS\",\"commune\":\"GAROS\",\"display_city\":\"1\",\"cp\":\"\",\"ad1\":\"\",\"gmapLongitude\":-0.472791,\"gmapLatitude\":43.5065,\"zone1\":null,\"telephone\":\"+33 5 59 04 59 24\",\"detail_url\":\"https:\\\/\\\/www.bearnmadiran-tourisme.fr\\\/es\\\/rutas\\\/garos\\\/ITIAQU064V5ALTXS-garos-au-coeur-du-soubestre-a-vtt\\\/\",\"excerpt\":\"Los alfares de Garos y Bouillon son testigos de un rico pasado. Las excavaciones arqueol\\u00f3gicas han demostrado que la actividad alfarera estaba presente aqu\\u00ed ya en el siglo XIV. En la Edad&hellip;\",\"display_excerpt\":\"1\",\"photo\":\"https:\\\/\\\/www.bearnmadiran-tourisme.fr\\\/wp-content\\\/uploads\\\/tis\\\/Moulin-de-Garos-Tourisme-Nord-Bearn-181c2a564b374ee3b3f2201de555056d.JPG\",\"clas\":null,\"btn_label\":\"Ver m\\u00e1s\",\"btn_class\":null,\"durable\":false,\"charte\":\"\",\"durable_label\":\"Desarrollo sostenible\",\"online_bookable\":false,\"price_from\":false,\"event_category\":\"Itineraire\",\"type\":\"vtt\",\"ititempsdif\":[\"Bicicleta de monta\\u00f1a|1h20|F\\u00e1cil\"],\"itidistance\":\"13.3\",\"itidistance_label\":\"Distancia\",\"denivele\":\"202\",\"denivele_label\":\"Elevaci\\u00f3n\"}},{\"geometry\":{\"type\":\"Point\",\"coordinates\":[-0.408471,43.4937]},\"type\":\"Feature\",\"id\":\"ITIAQU064V5ALU1Q\",\"properties\":{\"objectTypeCode\":\"ITI\",\"name\":\"Mialos : promenade Henri IV \\u00e0 VTT\",\"marker_id\":\"ITIAQU064V5ALU1Q\",\"commune\":\"MIALOS\",\"display_city\":\"1\",\"cp\":\"\",\"ad1\":\"\",\"gmapLongitude\":-0.408471,\"gmapLatitude\":43.4937,\"zone1\":null,\"telephone\":\"+33 5 59 04 59 24\",\"detail_url\":\"https:\\\/\\\/www.bearnmadiran-tourisme.fr\\\/es\\\/rutas\\\/mialos\\\/ITIAQU064V5ALU1Q-mialos-promenade-henri-iv-a-vtt\\\/\",\"excerpt\":\"La iglesia rom\\u00e1nica de San Mart\\u00edn, que data de la Edad Media, sugiere que Mialos fue una vez una peque\\u00f1a ciudad medieval. Pasee, descubra y admire la vista panor\\u00e1mica desde el merendero&hellip;\",\"display_excerpt\":\"1\",\"photo\":\"https:\\\/\\\/www.bearnmadiran-tourisme.fr\\\/wp-content\\\/uploads\\\/tis\\\/Campagne-Mialos-2-1440X1080.jpg\",\"clas\":null,\"btn_label\":\"Ver m\\u00e1s\",\"btn_class\":null,\"durable\":false,\"charte\":\"\",\"durable_label\":\"Desarrollo sostenible\",\"online_bookable\":false,\"price_from\":false,\"event_category\":\"Itineraire\",\"type\":\"vtt\",\"ititempsdif\":[\"Bicicleta de monta\\u00f1a|35 mn|F\\u00e1cil\"],\"itidistance\":\"5.6\",\"itidistance_label\":\"Distancia\",\"denivele\":\"200\",\"denivele_label\":\"Elevaci\\u00f3n\"}},{\"geometry\":{\"type\":\"Point\",\"coordinates\":[-0.412837,43.536]},\"type\":\"Feature\",\"id\":\"ITIAQU064V5ALU28\",\"properties\":{\"objectTypeCode\":\"ITI\",\"name\":\"Arzacq-Arraziguet : de la bastide \\u00e0 la for\\u00eat \\u00e0 VTT\",\"marker_id\":\"ITIAQU064V5ALU28\",\"commune\":\"ARZACQ-ARRAZIGUET\",\"display_city\":\"1\",\"cp\":\"\",\"ad1\":\"\",\"gmapLongitude\":-0.412837,\"gmapLatitude\":43.536,\"zone1\":null,\"telephone\":\"+33 5 59 04 59 24\",\"detail_url\":\"https:\\\/\\\/www.bearnmadiran-tourisme.fr\\\/es\\\/rutas\\\/arzacq-arraziguet\\\/ITIAQU064V5ALU28-arzacq-arraziguet-de-la-bastide-a-la-foret-a-vtt\\\/\",\"excerpt\":\"Situado en el extremo norte de las colinas del B\\u00e9arn, Arzacq domina la cercana regi\\u00f3n de las Landas desde lo alto de su cresta. Tursan y Chalosse son sus vecinos inmediatos. Un&hellip;\",\"display_excerpt\":\"1\",\"photo\":\"https:\\\/\\\/www.bearnmadiran-tourisme.fr\\\/wp-content\\\/uploads\\\/tis\\\/-DSC5733-zoomee.jpg\",\"clas\":null,\"btn_label\":\"Ver m\\u00e1s\",\"btn_class\":null,\"durable\":false,\"charte\":\"\",\"durable_label\":\"Desarrollo sostenible\",\"online_bookable\":false,\"price_from\":false,\"event_category\":\"Itineraire\",\"type\":\"vtt\",\"ititempsdif\":[\"Bicicleta de monta\\u00f1a|0h50|F\\u00e1cil\"],\"itidistance\":\"8.3\",\"itidistance_label\":\"Distancia\",\"denivele\":\"233\",\"denivele_label\":\"Elevaci\\u00f3n\"}},{\"geometry\":{\"type\":\"Point\",\"coordinates\":[-0.418168,43.5356]},\"type\":\"Feature\",\"id\":\"ITIAQU064V5ALU2D\",\"properties\":{\"objectTypeCode\":\"ITI\",\"name\":\"Arzacq : Saint-Jacques de Compostelle \\u00e0 VTT\",\"marker_id\":\"ITIAQU064V5ALU2D\",\"commune\":\"ARZACQ-ARRAZIGUET\",\"display_city\":\"1\",\"cp\":\"\",\"ad1\":\"\",\"gmapLongitude\":-0.418168,\"gmapLatitude\":43.5356,\"zone1\":null,\"telephone\":\"+33 5 59 04 59 24\",\"detail_url\":\"https:\\\/\\\/www.bearnmadiran-tourisme.fr\\\/es\\\/rutas\\\/arzacq-arraziguet\\\/ITIAQU064V5ALU2D-arzacq-saint-jacques-de-compostelle-a-vtt\\\/\",\"excerpt\":\"La ciudad bastide de Arzacq, en la ruta hacia Le Puy en Velay, es un lugar notable de patrimonio e historia. El recorrido le llevar\\u00e1 tras las huellas de los numerosos peregrinos&hellip;\",\"display_excerpt\":\"1\",\"photo\":\"https:\\\/\\\/www.bearnmadiran-tourisme.fr\\\/wp-content\\\/uploads\\\/tis\\\/-DSC5684.jpg\",\"clas\":null,\"btn_label\":\"Ver m\\u00e1s\",\"btn_class\":null,\"durable\":false,\"charte\":\"\",\"durable_label\":\"Desarrollo sostenible\",\"online_bookable\":false,\"price_from\":false,\"event_category\":\"Itineraire\",\"type\":\"vtt\",\"ititempsdif\":[\"Bicicleta de monta\\u00f1a|0h45|F\\u00e1cil\"],\"itidistance\":\"7.5\",\"itidistance_label\":\"Distancia\",\"denivele\":\"236\",\"denivele_label\":\"Elevaci\\u00f3n\"}},{\"geometry\":{\"type\":\"Point\",\"coordinates\":[-0.475964,43.5596]},\"type\":\"Feature\",\"id\":\"ITIAQU064V5ALU3A\",\"properties\":{\"objectTypeCode\":\"ITI\",\"name\":\"Malaussanne : Du moulin - VTT\",\"marker_id\":\"ITIAQU064V5ALU3A\",\"commune\":\"MALAUSSANNE\",\"display_city\":\"1\",\"cp\":\"64410\",\"ad1\":\"tennis \\\/ \\u00e9glise\",\"gmapLongitude\":-0.475964,\"gmapLatitude\":43.5596,\"zone1\":null,\"telephone\":\"+33 5 59 04 59 24\",\"detail_url\":\"https:\\\/\\\/www.bearnmadiran-tourisme.fr\\\/es\\\/rutas\\\/malaussanne\\\/ITIAQU064V5ALU3A-malaussanne-du-moulin-vtt\\\/\",\"excerpt\":\"Desde la iglesia de Saint Andr\\u00e9 (siglo XII), que data del vizcondado de Louvigny, hasta el molino de Baille, en las Landas, la ruta le lleva por el norte del B\\u00e9arn hasta&hellip;\",\"display_excerpt\":\"1\",\"photo\":\"https:\\\/\\\/www.bearnmadiran-tourisme.fr\\\/wp-content\\\/uploads\\\/tis\\\/1440x1005.jpg\",\"clas\":null,\"btn_label\":\"Ver m\\u00e1s\",\"btn_class\":null,\"durable\":false,\"charte\":\"\",\"durable_label\":\"Desarrollo sostenible\",\"online_bookable\":false,\"price_from\":false,\"event_category\":\"Itineraire\",\"type\":\"vtt\",\"ititempsdif\":[\"Bicicleta de monta\\u00f1a|0h45|Muy f\\u00e1cil\"],\"itidistance\":\"7.5\",\"itidistance_label\":\"Distancia\",\"denivele\":\"153\",\"denivele_label\":\"Elevaci\\u00f3n\"}},{\"geometry\":{\"type\":\"Point\",\"coordinates\":[-0.469432,43.4492]},\"type\":\"Feature\",\"id\":\"ITIAQU064V5ALU3I\",\"properties\":{\"objectTypeCode\":\"ITI\",\"name\":\"Mazerolles : les B\\u00e9n\\u00e9dictins \\u00e0 VTT\",\"marker_id\":\"ITIAQU064V5ALU3I\",\"commune\":\"MAZEROLLES\",\"display_city\":\"1\",\"cp\":\"\",\"ad1\":\"\",\"gmapLongitude\":-0.469432,\"gmapLatitude\":43.4492,\"zone1\":null,\"telephone\":\"+33 5 59 04 59 24\",\"detail_url\":\"https:\\\/\\\/www.bearnmadiran-tourisme.fr\\\/es\\\/rutas\\\/mazerolles\\\/ITIAQU064V5ALU3I-mazerolles-les-benedictins-a-vtt\\\/\",\"excerpt\":\"La visita le guiar\\u00e1 tras los pasos de los monjes benedictinos. La Bastida de Larreule fue creada a finales del siglo XIII por los monjes benedictinos, al pie de la abad\\u00eda del&hellip;\",\"display_excerpt\":\"1\",\"photo\":\"https:\\\/\\\/www.bearnmadiran-tourisme.fr\\\/wp-content\\\/uploads\\\/tis\\\/PR10A-Fontaine-de-l-abbaye-Larreule-1440X1080.jpg\",\"clas\":null,\"btn_label\":\"Ver m\\u00e1s\",\"btn_class\":null,\"durable\":false,\"charte\":\"\",\"durable_label\":\"Desarrollo sostenible\",\"online_bookable\":false,\"price_from\":false,\"event_category\":\"Itineraire\",\"type\":\"vtt\",\"ititempsdif\":[\"Bicicleta de monta\\u00f1a|1h|Muy f\\u00e1cil\"],\"itidistance\":\"10.2\",\"itidistance_label\":\"Distancia\",\"denivele\":\"145\",\"denivele_label\":\"Elevaci\\u00f3n\"}},{\"geometry\":{\"type\":\"Point\",\"coordinates\":[-0.474298,43.4786]},\"type\":\"Feature\",\"id\":\"ITIAQU064V5ALU3M\",\"properties\":{\"objectTypeCode\":\"ITI\",\"name\":\"Larreule : les B\\u00e9n\\u00e9dictins \\u00e0 VTT\",\"marker_id\":\"ITIAQU064V5ALU3M\",\"commune\":\"LARREULE\",\"display_city\":\"1\",\"cp\":\"\",\"ad1\":\"\",\"gmapLongitude\":-0.474298,\"gmapLatitude\":43.4786,\"zone1\":null,\"telephone\":\"+33 5 59 04 59 24\",\"detail_url\":\"https:\\\/\\\/www.bearnmadiran-tourisme.fr\\\/es\\\/rutas\\\/larreule\\\/ITIAQU064V5ALU3M-larreule-les-benedictins-a-vtt\\\/\",\"excerpt\":\"Una excursi\\u00f3n familiar de menos de 3 horas (con algunos tramos menos f\\u00e1ciles), que combina naturaleza y patrimonio construido. El sendero sigue las huellas de los monjes benedictinos. La bastida de Larreule&hellip;\",\"display_excerpt\":\"1\",\"photo\":\"https:\\\/\\\/www.bearnmadiran-tourisme.fr\\\/wp-content\\\/uploads\\\/tis\\\/PR10-A-PR10B-Larreule-credit-SMT-Nord-Bearn--5--1440x1080.jpg\",\"clas\":null,\"btn_label\":\"Ver m\\u00e1s\",\"btn_class\":null,\"durable\":false,\"charte\":\"\",\"durable_label\":\"Desarrollo sostenible\",\"online_bookable\":false,\"price_from\":false,\"event_category\":\"Itineraire\",\"type\":\"vtt\",\"ititempsdif\":[\"Bicicleta de monta\\u00f1a|0h55|Medio\"],\"itidistance\":\"9\",\"itidistance_label\":\"Distancia\",\"denivele\":\"145\",\"denivele_label\":\"Elevaci\\u00f3n\"}},{\"geometry\":{\"type\":\"Point\",\"coordinates\":[-0.475964,43.5596]},\"type\":\"Feature\",\"id\":\"ITIAQU064V5ALU9T\",\"properties\":{\"objectTypeCode\":\"ITI\",\"name\":\"Malaussanne : Du moulin - \\u00e0 cheval\",\"marker_id\":\"ITIAQU064V5ALU9T\",\"commune\":\"MALAUSSANNE\",\"display_city\":\"1\",\"cp\":\"64410\",\"ad1\":\"tennis \\\/ \\u00e9glise\",\"gmapLongitude\":-0.475964,\"gmapLatitude\":43.5596,\"zone1\":null,\"telephone\":\"+33 5 59 04 59 24\",\"detail_url\":\"https:\\\/\\\/www.bearnmadiran-tourisme.fr\\\/es\\\/rutas\\\/malaussanne\\\/ITIAQU064V5ALU9T-malaussanne-du-moulin-a-cheval\\\/\",\"excerpt\":\"Desde la iglesia de Saint Andr\\u00e9, del siglo XII, que data del vizcondado de Louvigny, hasta el molino de Baille, en las Landas, la ruta le lleva por el norte de B\\u00e9arn&hellip;\",\"display_excerpt\":\"1\",\"photo\":\"https:\\\/\\\/www.bearnmadiran-tourisme.fr\\\/wp-content\\\/uploads\\\/tis\\\/PR9-Eglise-Malaussanne-1440X1080-2.jpg\",\"clas\":null,\"btn_label\":\"Ver m\\u00e1s\",\"btn_class\":null,\"durable\":false,\"charte\":\"\",\"durable_label\":\"Desarrollo sostenible\",\"online_bookable\":false,\"price_from\":false,\"event_category\":\"Itineraire\",\"type\":\"equestre\",\"ititempsdif\":[\"Caballo|1h|Muy f\\u00e1cil\"],\"itidistance\":\"7.5\",\"itidistance_label\":\"Distancia\",\"denivele\":\"153\",\"denivele_label\":\"Elevaci\\u00f3n\"}},{\"geometry\":{\"type\":\"Point\",\"coordinates\":[-0.474298,43.4786]},\"type\":\"Feature\",\"id\":\"ITIAQU064V5ALUAV\",\"properties\":{\"objectTypeCode\":\"ITI\",\"name\":\"Larreule : les B\\u00e9n\\u00e9dictins \\u00e0 cheval \",\"marker_id\":\"ITIAQU064V5ALUAV\",\"commune\":\"LARREULE\",\"display_city\":\"1\",\"cp\":\"\",\"ad1\":\"\",\"gmapLongitude\":-0.474298,\"gmapLatitude\":43.4786,\"zone1\":null,\"telephone\":\"+33 5 59 04 59 24\",\"detail_url\":\"https:\\\/\\\/www.bearnmadiran-tourisme.fr\\\/es\\\/rutas\\\/larreule\\\/ITIAQU064V5ALUAV-larreule-les-benedictins-a-cheval\\\/\",\"excerpt\":\"Esta excursi\\u00f3n familiar combina naturaleza y patrimonio construido. Le guiar\\u00e1 tras las huellas de los monjes benedictinos. La bastida de Larreule fue creada a finales del siglo XIII por los monjes benedictinos,&hellip;\",\"display_excerpt\":\"1\",\"photo\":\"https:\\\/\\\/www.bearnmadiran-tourisme.fr\\\/wp-content\\\/uploads\\\/tis\\\/circuit-randonnee-equestre-vic-bilh-madiran.jpg\",\"clas\":null,\"btn_label\":\"Ver m\\u00e1s\",\"btn_class\":null,\"durable\":false,\"charte\":\"\",\"durable_label\":\"Desarrollo sostenible\",\"online_bookable\":false,\"price_from\":false,\"event_category\":\"Itineraire\",\"type\":\"equestre\",\"ititempsdif\":[\"Caballo|2h15|Medio\"],\"itidistance\":\"9\",\"itidistance_label\":\"Distancia\",\"denivele\":\"145\",\"denivele_label\":\"Elevaci\\u00f3n\"}},{\"geometry\":{\"type\":\"Point\",\"coordinates\":[-0.469432,43.4492]},\"type\":\"Feature\",\"id\":\"ITIAQU064V5ALUB6\",\"properties\":{\"objectTypeCode\":\"ITI\",\"name\":\"Mazerolles : les B\\u00e9n\\u00e9dictins \\u00e0 cheval\",\"marker_id\":\"ITIAQU064V5ALUB6\",\"commune\":\"MAZEROLLES\",\"display_city\":\"1\",\"cp\":\"\",\"ad1\":\"\",\"gmapLongitude\":-0.469432,\"gmapLatitude\":43.4492,\"zone1\":null,\"telephone\":\"+33 5 59 04 59 24\",\"detail_url\":\"https:\\\/\\\/www.bearnmadiran-tourisme.fr\\\/es\\\/rutas\\\/mazerolles\\\/ITIAQU064V5ALUB6-mazerolles-les-benedictins-a-cheval\\\/\",\"excerpt\":\"La visita le guiar\\u00e1 tras los pasos de los monjes benedictinos. La Bastida de Larreule fue creada a finales del siglo XIII por los monjes benedictinos, al pie de la abad\\u00eda del&hellip;\",\"display_excerpt\":\"1\",\"photo\":\"https:\\\/\\\/www.bearnmadiran-tourisme.fr\\\/wp-content\\\/uploads\\\/tis\\\/Rando-equestre-cph-Puyo---Copie.jpg\",\"clas\":null,\"btn_label\":\"Ver m\\u00e1s\",\"btn_class\":null,\"durable\":false,\"charte\":\"\",\"durable_label\":\"Desarrollo sostenible\",\"online_bookable\":false,\"price_from\":false,\"event_category\":\"Itineraire\",\"type\":\"equestre\",\"ititempsdif\":[\"Caballo|2h30|Muy f\\u00e1cil\"],\"itidistance\":\"10.2\",\"itidistance_label\":\"Distancia\",\"denivele\":\"145\",\"denivele_label\":\"Elevaci\\u00f3n\"}},{\"geometry\":{\"type\":\"Point\",\"coordinates\":[-0.110246,43.4515]},\"type\":\"Feature\",\"id\":\"ITIAQU064V5AT2ZM\",\"properties\":{\"objectTypeCode\":\"ITI\",\"name\":\"Lembeye : L'ancienne capitale du Vic-Bilh\",\"marker_id\":\"ITIAQU064V5AT2ZM\",\"commune\":\"LEMBEYE\",\"display_city\":\"1\",\"cp\":\"\",\"ad1\":\"\",\"gmapLongitude\":-0.110246,\"gmapLatitude\":43.4515,\"zone1\":null,\"telephone\":\"+33 5 59 68 28 78\",\"detail_url\":\"https:\\\/\\\/www.bearnmadiran-tourisme.fr\\\/es\\\/rutas\\\/lembeye\\\/ITIAQU064V5AT2ZM-lembeye-lancienne-capitale-du-vic-bilh\\\/\",\"excerpt\":\"Situada en los l\\u00edmites del B\\u00e9arn, frente a Armagnac y Bigorre, Lembeye ocupa una posici\\u00f3n estrat\\u00e9gica en un ramal de la carretera de Compostela. Para resistir las inevitables incursiones de sus vecinos,&hellip;\",\"display_excerpt\":\"1\",\"photo\":\"https:\\\/\\\/www.bearnmadiran-tourisme.fr\\\/wp-content\\\/uploads\\\/tis\\\/Lembeye-arcade-Tourisme-Bearn-Madiran---Courte-Echelle-2025---M29A9727-8.jpg\",\"clas\":null,\"btn_label\":\"Ver m\\u00e1s\",\"btn_class\":null,\"durable\":false,\"charte\":\"\",\"durable_label\":\"Desarrollo sostenible\",\"online_bookable\":false,\"price_from\":false,\"event_category\":\"Itineraire\",\"type\":\"pedestre\",\"ititempsdif\":[\"A pie|2h|F\\u00e1cil\"],\"itidistance\":\"2\",\"itidistance_label\":\"Distancia\",\"denivele\":\"14\",\"denivele_label\":\"Elevaci\\u00f3n\"}},{\"geometry\":{\"type\":\"Point\",\"coordinates\":[-0.412786,43.5358]},\"type\":\"Feature\",\"id\":\"ITIAQU064V5ATDLK\",\"properties\":{\"objectTypeCode\":\"ITI\",\"name\":\"Arzacq-Arraziguet : bastide du B\\u00e9arn\",\"marker_id\":\"ITIAQU064V5ATDLK\",\"commune\":\"ARZACQ-ARRAZIGUET\",\"display_city\":\"1\",\"cp\":\"\",\"ad1\":\"\",\"gmapLongitude\":-0.412786,\"gmapLatitude\":43.5358,\"zone1\":null,\"telephone\":\"\",\"detail_url\":\"https:\\\/\\\/www.bearnmadiran-tourisme.fr\\\/es\\\/rutas\\\/arzacq-arraziguet\\\/ITIAQU064V5ATDLK-arzacq-arraziguet-bastide-du-bearn\\\/\",\"excerpt\":\"Este circuito de 2 km le lleva a recorrer la bastida : la plaza de la Rep\\u00fablica, la plaza de Marcadieu, sus galer\\u00edas cubiertas con pilares y arcadas, la Tour de Peich&hellip;\",\"display_excerpt\":\"1\",\"photo\":\"https:\\\/\\\/www.bearnmadiran-tourisme.fr\\\/wp-content\\\/uploads\\\/tis\\\/bastide-arzacq-arraziguet-arcades-credit-tourisme-nord-bearn-madiran-2-2.JPG\",\"clas\":null,\"btn_label\":\"Ver m\\u00e1s\",\"btn_class\":null,\"durable\":false,\"charte\":\"\",\"durable_label\":\"Desarrollo sostenible\",\"online_bookable\":false,\"price_from\":false,\"event_category\":\"Itineraire\",\"type\":\"pedestre\",\"ititempsdif\":[\"A pie|1h30|F\\u00e1cil\"],\"itidistance\":\"2\",\"itidistance_label\":\"Distancia\",\"denivele\":\"0\",\"denivele_label\":\"Elevaci\\u00f3n\"}},{\"geometry\":{\"type\":\"Point\",\"coordinates\":[-0.263271,43.3449]},\"type\":\"Feature\",\"id\":\"ITIAQU064V5ATKEQ\",\"properties\":{\"objectTypeCode\":\"ITI\",\"name\":\"Balade patrimoine \\u00e0 Morla\\u00e0s, capitale historique du B\\u00e9arn\",\"marker_id\":\"ITIAQU064V5ATKEQ\",\"commune\":\"MORLAAS\",\"display_city\":\"1\",\"cp\":\"\",\"ad1\":\"\",\"gmapLongitude\":-0.263271,\"gmapLatitude\":43.3449,\"zone1\":null,\"telephone\":\"+33 5 59 33 62 25\",\"detail_url\":\"https:\\\/\\\/www.bearnmadiran-tourisme.fr\\\/es\\\/rutas\\\/morlaas\\\/ITIAQU064V5ATKEQ-balade-patrimoine-a-morlaas-capitale-historique-du-bearn\\\/\",\"excerpt\":\"Situada al noreste de Pau, esta hist\\u00f3rica capital bearnesa de 1080 a 1260 tuvo un brillante desarrollo gracias a los Fors de Morla\\u00e0s, una carta de privilegios que hizo de B\\u00e9arn un&hellip;\",\"display_excerpt\":\"1\",\"photo\":\"https:\\\/\\\/www.bearnmadiran-tourisme.fr\\\/wp-content\\\/uploads\\\/tis\\\/Morlaas-eglise-ste-foy-cph-syndicat-du-tourisme-Nord-Bearn--1-.jpg\",\"clas\":null,\"btn_label\":\"Ver m\\u00e1s\",\"btn_class\":null,\"durable\":false,\"charte\":\"\",\"durable_label\":\"Desarrollo sostenible\",\"online_bookable\":false,\"price_from\":false,\"event_category\":\"Itineraire\",\"type\":\"pedestre\",\"ititempsdif\":[\"A pie|2h|Muy f\\u00e1cil\"],\"itidistance\":\"2\",\"itidistance_label\":\"Distancia\",\"denivele\":\"0\",\"denivele_label\":\"Elevaci\\u00f3n\"}},{\"geometry\":{\"type\":\"Point\",\"coordinates\":[-0.534938,43.5107]},\"type\":\"Feature\",\"id\":\"ITIAQU064V5ATWZH\",\"properties\":{\"objectTypeCode\":\"ITI\",\"name\":\"Morlanne, l'authentique village b\\u00e9arnais\",\"marker_id\":\"ITIAQU064V5ATWZH\",\"commune\":\"MORLANNE\",\"display_city\":\"1\",\"cp\":\"\",\"ad1\":\"\",\"gmapLongitude\":-0.534938,\"gmapLatitude\":43.5107,\"zone1\":null,\"telephone\":\"+33 5 59 04 59 24\",\"detail_url\":\"https:\\\/\\\/www.bearnmadiran-tourisme.fr\\\/es\\\/rutas\\\/morlanne\\\/ITIAQU064V5ATWZH-morlanne-lauthentique-village-bearnais\\\/\",\"excerpt\":\"Un circuito de 2,5 km le llevar\\u00e1 a descubrir este pueblo medieval, ya milenario, el castillo del siglo XIV, su calle principal caracterizada por su construcci\\u00f3n recta t\\u00edpica de las ciudades nuevas&hellip;\",\"display_excerpt\":\"1\",\"photo\":\"https:\\\/\\\/www.bearnmadiran-tourisme.fr\\\/wp-content\\\/uploads\\\/tis\\\/carrere-Morlanne-credit-photo-Pascal-Laurent-2876-172---Copie.jpg\",\"clas\":null,\"btn_label\":\"Ver m\\u00e1s\",\"btn_class\":null,\"durable\":false,\"charte\":\"\",\"durable_label\":\"Desarrollo sostenible\",\"online_bookable\":false,\"price_from\":false,\"event_category\":\"Itineraire\",\"type\":\"pedestre\",\"ititempsdif\":[\"A pie|1h15|F\\u00e1cil\"],\"itidistance\":\"2\",\"itidistance_label\":\"Distancia\",\"denivele\":\"0\",\"denivele_label\":\"Elevaci\\u00f3n\"}},{\"geometry\":{\"type\":\"Point\",\"coordinates\":[-0.415488,43.4406]},\"type\":\"Feature\",\"id\":\"ITIAQU064V5AX0WM\",\"properties\":{\"objectTypeCode\":\"ITI\",\"name\":\"Aubin : chemin de l'Aubiosse\",\"marker_id\":\"ITIAQU064V5AX0WM\",\"commune\":\"AUBIN\",\"display_city\":\"1\",\"cp\":\"\",\"ad1\":\"\",\"gmapLongitude\":-0.415488,\"gmapLatitude\":43.4406,\"zone1\":null,\"telephone\":\"+33 5 59 68 28 78\",\"detail_url\":\"https:\\\/\\\/www.bearnmadiran-tourisme.fr\\\/es\\\/rutas\\\/aubin\\\/ITIAQU064V5AX0WM-aubin-chemin-de-laubiosse\\\/\",\"excerpt\":\"Este paseo por las colinas y el bosque, cerca del arroyo Aubiosse, le llevar\\u00e1 por los pueblos de Aubin y Caubios-Loos por largos senderos que dominan el valle de Luy en B\\u00e9arn,&hellip;\",\"display_excerpt\":\"1\",\"photo\":\"https:\\\/\\\/www.bearnmadiran-tourisme.fr\\\/wp-content\\\/uploads\\\/tis\\\/Aubin-eglise-saint-germain-d-Auxerre-cph-syndicat-du-tourisme-Nord-bearn-et-Madiran--41-.jpg\",\"clas\":null,\"btn_label\":\"Ver m\\u00e1s\",\"btn_class\":null,\"durable\":false,\"charte\":\"\",\"durable_label\":\"Desarrollo sostenible\",\"online_bookable\":false,\"price_from\":false,\"event_category\":\"Itineraire\",\"type\":\"pedestre\",\"ititempsdif\":[\"A pie|2h|F\\u00e1cil\"],\"itidistance\":\"10.4\",\"itidistance_label\":\"Distancia\",\"denivele\":\"175\",\"denivele_label\":\"Elevaci\\u00f3n\"}},{\"geometry\":{\"type\":\"Point\",\"coordinates\":[-0.346206,43.3603]},\"type\":\"Feature\",\"id\":\"ITIAQU064V5AX8SA\",\"properties\":{\"objectTypeCode\":\"ITI\",\"name\":\"Montardon : les Marl\\u00e8res \\u00e0 VTT\",\"marker_id\":\"ITIAQU064V5AX8SA\",\"commune\":\"MONTARDON\",\"display_city\":\"1\",\"cp\":\"\",\"ad1\":\"\",\"gmapLongitude\":-0.346206,\"gmapLatitude\":43.3603,\"zone1\":null,\"telephone\":\"+33 5 59 68 28 78\",\"detail_url\":\"https:\\\/\\\/www.bearnmadiran-tourisme.fr\\\/es\\\/rutas\\\/montardon\\\/ITIAQU064V5AX8SA-montardon-les-marleres-a-vtt\\\/\",\"excerpt\":\"Esta variada ruta en bicicleta de monta\\u00f1a le llevar\\u00e1 por los valles y colinas de Montardon en un entorno tranquilo. Pocas dificultades pero algunas subidas le preparar\\u00e1n para empresas m\\u00e1s arduas en&hellip;\",\"display_excerpt\":\"1\",\"photo\":\"https:\\\/\\\/www.bearnmadiran-tourisme.fr\\\/wp-content\\\/uploads\\\/tis\\\/Randonnee-Les-Marleres-Tourisme-Nord-Bearn-CCLB64-4.jpg\",\"clas\":null,\"btn_label\":\"Ver m\\u00e1s\",\"btn_class\":null,\"durable\":false,\"charte\":\"\",\"durable_label\":\"Desarrollo sostenible\",\"online_bookable\":false,\"price_from\":false,\"event_category\":\"Itineraire\",\"type\":\"vtt\",\"ititempsdif\":[\"Bicicleta de monta\\u00f1a|0h45|F\\u00e1cil\"],\"itidistance\":\"7.5\",\"itidistance_label\":\"Distancia\",\"denivele\":\"90\",\"denivele_label\":\"Elevaci\\u00f3n\"}},{\"geometry\":{\"type\":\"Point\",\"coordinates\":[-0.387123,43.4031]},\"type\":\"Feature\",\"id\":\"ITIAQU064V5AX8TL\",\"properties\":{\"objectTypeCode\":\"ITI\",\"name\":\"Le bois de Sauvagnon \\u00e0 VTT\",\"marker_id\":\"ITIAQU064V5AX8TL\",\"commune\":\"SAUVAGNON\",\"display_city\":\"1\",\"cp\":\"\",\"ad1\":\"\",\"gmapLongitude\":-0.387123,\"gmapLatitude\":43.4031,\"zone1\":null,\"telephone\":\"+33 5 59 68 28 78\",\"detail_url\":\"https:\\\/\\\/www.bearnmadiran-tourisme.fr\\\/es\\\/rutas\\\/sauvagnon\\\/ITIAQU064V5AX8TL-le-bois-de-sauvagnon-a-vtt\\\/\",\"excerpt\":\"En la subida al bosque, tras una zona agr\\u00edcola muy abierta y rodeada de setos, podr\\u00e1 pasear por este hermoso bosquecillo perteneciente al municipio de Sauvagnon. Gestionado por la Office National des&hellip;\",\"display_excerpt\":\"1\",\"photo\":\"https:\\\/\\\/www.bearnmadiran-tourisme.fr\\\/wp-content\\\/uploads\\\/tis\\\/Sauvagnon-Bois-de-Sauvagnon-randonnee-pedestre---CBM-2025-3.jpg\",\"clas\":null,\"btn_label\":\"Ver m\\u00e1s\",\"btn_class\":null,\"durable\":false,\"charte\":\"\",\"durable_label\":\"Desarrollo sostenible\",\"online_bookable\":false,\"price_from\":false,\"event_category\":\"Itineraire\",\"type\":\"vtt\",\"ititempsdif\":[\"Bicicleta de monta\\u00f1a|1h|F\\u00e1cil\"],\"itidistance\":\"5.7\",\"itidistance_label\":\"Distancia\",\"denivele\":\"160\",\"denivele_label\":\"Elevaci\\u00f3n\"}},{\"geometry\":{\"type\":\"Point\",\"coordinates\":[-0.459595,43.5412]},\"type\":\"Feature\",\"id\":\"ITIAQU064V5AXNLM\",\"properties\":{\"objectTypeCode\":\"ITI\",\"name\":\"Cabidos : les Manoirs \\u00e0 VTT\",\"marker_id\":\"ITIAQU064V5AXNLM\",\"commune\":\"CABIDOS\",\"display_city\":\"1\",\"cp\":\"64410\",\"ad1\":\"mairie-\\u00e9glise\",\"gmapLongitude\":-0.459595,\"gmapLatitude\":43.5412,\"zone1\":null,\"telephone\":\"+33 5 59 04 59 24\",\"detail_url\":\"https:\\\/\\\/www.bearnmadiran-tourisme.fr\\\/es\\\/rutas\\\/cabidos\\\/ITIAQU064V5AXNLM-cabidos-les-manoirs-a-vtt\\\/\",\"excerpt\":\"El circuito, con la iglesia de la Asunci\\u00f3n de la Sant\\u00edsima Virgen Mar\\u00eda de Cabidos, le ofrece una hermosa vista del campo y de los vi\\u00f1edos del Manoir de Trubess\\u00e9 (Castillo de&hellip;\",\"display_excerpt\":\"1\",\"photo\":\"https:\\\/\\\/www.bearnmadiran-tourisme.fr\\\/wp-content\\\/uploads\\\/tis\\\/CABIDOS---Pascal-Le-Doare-Studio-764-0032-2.jpg\",\"clas\":null,\"btn_label\":\"Ver m\\u00e1s\",\"btn_class\":null,\"durable\":false,\"charte\":\"\",\"durable_label\":\"Desarrollo sostenible\",\"online_bookable\":false,\"price_from\":false,\"event_category\":\"Itineraire\",\"type\":\"vtt\",\"ititempsdif\":[\"Bicicleta de monta\\u00f1a|2h30|F\\u00e1cil\"],\"itidistance\":\"8\",\"itidistance_label\":\"Distancia\",\"denivele\":\"153\",\"denivele_label\":\"Elevaci\\u00f3n\"}},{\"geometry\":{\"type\":\"Point\",\"coordinates\":[-0.37733,43.3795]},\"type\":\"Feature\",\"id\":\"ITIAQU064V5AZ0FS\",\"properties\":{\"objectTypeCode\":\"ITI\",\"name\":\"Balade \\u00e0 Roulettes n\\u00b049 Le parc de Liben \\u00e0 Serres-Castet\",\"marker_id\":\"ITIAQU064V5AZ0FS\",\"commune\":\"SERRES-CASTET\",\"display_city\":\"1\",\"cp\":\"\",\"ad1\":\"\",\"gmapLongitude\":-0.37733,\"gmapLatitude\":43.3795,\"zone1\":null,\"telephone\":\"+33 5 59 68 28 78\",\"detail_url\":\"https:\\\/\\\/www.bearnmadiran-tourisme.fr\\\/es\\\/rutas\\\/serres-castet\\\/ITIAQU064V5AZ0FS-balade-a-roulettes-n49-le-parc-de-liben-a-serres-castet\\\/\",\"excerpt\":\"El parque de Liben ofrece a los paseantes hermosos caminos sombreados a lo largo del Luy de B\\u00e9arn, as\\u00ed como instalaciones deportivas y de ocio para toda la familia. Esta hoja informativa&hellip;\",\"display_excerpt\":\"1\",\"photo\":\"https:\\\/\\\/www.bearnmadiran-tourisme.fr\\\/wp-content\\\/uploads\\\/tis\\\/Balade-a-roulettes---Serres-Castet---cph-MB.jpg\",\"clas\":null,\"btn_label\":\"Ver m\\u00e1s\",\"btn_class\":null,\"durable\":false,\"charte\":\"\",\"durable_label\":\"Desarrollo sostenible\",\"online_bookable\":false,\"price_from\":false,\"event_category\":\"Itineraire\",\"type\":\"\",\"ititempsdif\":[\"Con ruedecillas|30min|Muy f\\u00e1cil\"],\"itidistance\":\"2.2\",\"itidistance_label\":\"Distancia\",\"denivele\":\"0\",\"denivele_label\":\"Elevaci\\u00f3n\"}},{\"geometry\":{\"type\":\"Point\",\"coordinates\":[-0.112039,43.4494]},\"type\":\"Feature\",\"id\":\"ITIAQU064V5AZ0Y6\",\"properties\":{\"objectTypeCode\":\"ITI\",\"name\":\"Balade \\u00e0 Roulettes n\\u00b0 34 Le chemin des Hautes Promenades \\u00e0 Lembeye\",\"marker_id\":\"ITIAQU064V5AZ0Y6\",\"commune\":\"LEMBEYE\",\"display_city\":\"1\",\"cp\":\"\",\"ad1\":\"\",\"gmapLongitude\":-0.112039,\"gmapLatitude\":43.4494,\"zone1\":null,\"telephone\":\"+33 5 59 68 28 78\",\"detail_url\":\"https:\\\/\\\/www.bearnmadiran-tourisme.fr\\\/es\\\/rutas\\\/lembeye\\\/ITIAQU064V5AZ0Y6-balade-a-roulettes-n-34-le-chemin-des-hautes-promenades-a-lembeye\\\/\",\"excerpt\":\"Lembeye, \\\"que despierta la envidia\\\", como indica su nombre bearnesa, es una antigua bastida de la regi\\u00f3n de Vic-Bilh que, a 311 m de altitud, domina el valle de las Lees hacia&hellip;\",\"display_excerpt\":\"1\",\"photo\":\"https:\\\/\\\/www.bearnmadiran-tourisme.fr\\\/wp-content\\\/uploads\\\/tis\\\/Lembeye-arcade-Tourisme-Bearn-Madiran---Courte-Echelle-2025---M29A9727-8.jpg\",\"clas\":null,\"btn_label\":\"Ver m\\u00e1s\",\"btn_class\":null,\"durable\":false,\"charte\":\"\",\"durable_label\":\"Desarrollo sostenible\",\"online_bookable\":false,\"price_from\":false,\"event_category\":\"Itineraire\",\"type\":\"\",\"ititempsdif\":[\"Con ruedecillas|30 min|Muy f\\u00e1cil\",\"A pie|30 min|Muy f\\u00e1cil\"],\"itidistance\":\"0.9\",\"itidistance_label\":\"Distancia\",\"denivele\":\"0\",\"denivele_label\":\"Elevaci\\u00f3n\"}},{\"geometry\":{\"type\":\"Point\",\"coordinates\":[-0.467393,43.4331]},\"type\":\"Feature\",\"id\":\"ITIAQU064V5AZ10F\",\"properties\":{\"objectTypeCode\":\"ITI\",\"name\":\"Balade \\u00e0 Roulettes n\\u00b04 - Le lac de l'Ayguelongue\",\"marker_id\":\"ITIAQU064V5AZ10F\",\"commune\":\"MAZEROLLES\",\"display_city\":\"1\",\"cp\":\"\",\"ad1\":\"\",\"gmapLongitude\":-0.467393,\"gmapLatitude\":43.4331,\"zone1\":null,\"telephone\":\"+33 5 59 04 59 24\",\"detail_url\":\"https:\\\/\\\/www.bearnmadiran-tourisme.fr\\\/es\\\/rutas\\\/mazerolles\\\/ITIAQU064V5AZ10F-balade-a-roulettes-n4-le-lac-de-layguelongue\\\/\",\"excerpt\":\"El lago de Ayguelongue es una reserva de agua agr\\u00edcola creada en 1996. Se encuentra en parte en el municipio de Mazerolles y en parte en Momas. Las orillas de este largo&hellip;\",\"display_excerpt\":\"1\",\"photo\":\"https:\\\/\\\/www.bearnmadiran-tourisme.fr\\\/wp-content\\\/uploads\\\/tis\\\/promeneurs.jpg\",\"clas\":null,\"btn_label\":\"Ver m\\u00e1s\",\"btn_class\":null,\"durable\":false,\"charte\":\"\",\"durable_label\":\"Desarrollo sostenible\",\"online_bookable\":false,\"price_from\":false,\"event_category\":\"Itineraire\",\"type\":\"\",\"ititempsdif\":[\"Con ruedecillas|1h|F\\u00e1cil\",\"A pie|1h|F\\u00e1cil\"],\"itidistance\":\"3.6\",\"itidistance_label\":\"Distancia\",\"denivele\":\"0\",\"denivele_label\":\"Elevaci\\u00f3n\"}},{\"geometry\":{\"type\":\"Point\",\"coordinates\":[-0.119738,43.2651]},\"type\":\"Feature\",\"id\":\"ITIAQU064V5AZ141\",\"properties\":{\"objectTypeCode\":\"ITI\",\"name\":\"Balade \\u00e0 Roulettes n\\u00b0 25 Le petit lac du Gabas \\u00e0 Eslourenties-Daban\",\"marker_id\":\"ITIAQU064V5AZ141\",\"commune\":\"LUQUET\",\"display_city\":\"1\",\"cp\":\"\",\"ad1\":\"\",\"gmapLongitude\":-0.119738,\"gmapLatitude\":43.2651,\"zone1\":null,\"telephone\":\"+33 5 59 33 62 25\",\"detail_url\":\"https:\\\/\\\/www.bearnmadiran-tourisme.fr\\\/es\\\/rutas\\\/eslourenties-daban\\\/ITIAQU064V5AZ141-balade-a-roulettes-n-25-le-petit-lac-du-gabas-a-eslourenties-daban\\\/\",\"excerpt\":\"Situada entre Pau y Tarbes, esta inmensa reserva de agua se extiende por cuatro municipios en los l\\u00edmites de los Altos Pirineos y los Pirineos Atl\\u00e1nticos, en un entorno campestre muy suavemente&hellip;\",\"display_excerpt\":\"1\",\"photo\":\"https:\\\/\\\/www.bearnmadiran-tourisme.fr\\\/wp-content\\\/uploads\\\/tis\\\/Couverture-25.jpg\",\"clas\":null,\"btn_label\":\"Ver m\\u00e1s\",\"btn_class\":null,\"durable\":false,\"charte\":\"\",\"durable_label\":\"Desarrollo sostenible\",\"online_bookable\":false,\"price_from\":false,\"event_category\":\"Itineraire\",\"type\":\"\",\"ititempsdif\":[\"Con ruedecillas|45min|Muy f\\u00e1cil\"],\"itidistance\":\"2.8\",\"itidistance_label\":\"Distancia\",\"denivele\":\"0\",\"denivele_label\":\"Elevaci\\u00f3n\"}},{\"geometry\":{\"type\":\"Point\",\"coordinates\":[-0.37618,43.447]},\"type\":\"Feature\",\"id\":\"ITIAQU064V5B9PTK\",\"properties\":{\"objectTypeCode\":\"ITI\",\"name\":\"Doumy : boucle de Saint Peyrus\",\"marker_id\":\"ITIAQU064V5B9PTK\",\"commune\":\"DOUMY\",\"display_city\":\"1\",\"cp\":\"\",\"ad1\":\"\",\"gmapLongitude\":-0.37618,\"gmapLatitude\":43.447,\"zone1\":null,\"telephone\":\"+33 5 59 68 28 78\",\"detail_url\":\"https:\\\/\\\/www.bearnmadiran-tourisme.fr\\\/es\\\/rutas\\\/doumy\\\/ITIAQU064V5B9PTK-doumy-boucle-de-saint-peyrus\\\/\",\"excerpt\":\"Un gran bucle entre la llanura agr\\u00edcola y el valle boscoso de Saint Peyrus, al pie del pueblo de Doumy.\",\"display_excerpt\":\"1\",\"photo\":\"https:\\\/\\\/www.bearnmadiran-tourisme.fr\\\/wp-content\\\/uploads\\\/tis\\\/Doumy-randonnee-pedestre-Boucle-Saint-Peyrus-credit-tourisme-Nord-Bea--7-.jpg\",\"clas\":null,\"btn_label\":\"Ver m\\u00e1s\",\"btn_class\":null,\"durable\":false,\"charte\":\"\",\"durable_label\":\"Desarrollo sostenible\",\"online_bookable\":false,\"price_from\":false,\"event_category\":\"Itineraire\",\"type\":\"pedestre\",\"ititempsdif\":[\"A pie|1h30|F\\u00e1cil\"],\"itidistance\":\"6.3\",\"itidistance_label\":\"Distancia\",\"denivele\":\"167\",\"denivele_label\":\"Elevaci\\u00f3n\"}},{\"geometry\":{\"type\":\"Point\",\"coordinates\":[-0.472791,43.5065]},\"type\":\"Feature\",\"id\":\"ITIAQU064V5BAN04\",\"properties\":{\"objectTypeCode\":\"ITI\",\"name\":\"Garos : au coeur du Soubestre\",\"marker_id\":\"ITIAQU064V5BAN04\",\"commune\":\"GAROS\",\"display_city\":\"1\",\"cp\":\"\",\"ad1\":\"\",\"gmapLongitude\":-0.472791,\"gmapLatitude\":43.5065,\"zone1\":null,\"telephone\":\"+33 5 59 04 59 24\",\"detail_url\":\"https:\\\/\\\/www.bearnmadiran-tourisme.fr\\\/es\\\/rutas\\\/garos\\\/ITIAQU064V5BAN04-garos-au-coeur-du-soubestre\\\/\",\"excerpt\":\"Los alfares de Garos y Bouillon son testigos de un rico pasado. Las excavaciones arqueol\\u00f3gicas han demostrado que la actividad alfarera estaba presente aqu\\u00ed ya en el siglo XIV. En la Edad&hellip;\",\"display_excerpt\":\"1\",\"photo\":\"https:\\\/\\\/www.bearnmadiran-tourisme.fr\\\/wp-content\\\/uploads\\\/tis\\\/Garos-moulin-credit-tourisme-bearn-madiran-2023--29-.JPG\",\"clas\":null,\"btn_label\":\"Ver m\\u00e1s\",\"btn_class\":null,\"durable\":false,\"charte\":\"\",\"durable_label\":\"Desarrollo sostenible\",\"online_bookable\":false,\"price_from\":false,\"event_category\":\"Itineraire\",\"type\":\"pedestre\",\"ititempsdif\":[\"A pie|2h30|F\\u00e1cil\"],\"itidistance\":\"13.3\",\"itidistance_label\":\"Distancia\",\"denivele\":\"202\",\"denivele_label\":\"Elevaci\\u00f3n\"}},{\"geometry\":{\"type\":\"Point\",\"coordinates\":[-0.443683,43.5115]},\"type\":\"Feature\",\"id\":\"ITIAQU064V5BAN11\",\"properties\":{\"objectTypeCode\":\"ITI\",\"name\":\"Louvigny : promenade Henri IV \\u00e0 VTT \",\"marker_id\":\"ITIAQU064V5BAN11\",\"commune\":\"LOUVIGNY\",\"display_city\":\"1\",\"cp\":\"\",\"ad1\":\"\",\"gmapLongitude\":-0.443683,\"gmapLatitude\":43.5115,\"zone1\":null,\"telephone\":\"+33 5 59 04 59 24\",\"detail_url\":\"https:\\\/\\\/www.bearnmadiran-tourisme.fr\\\/es\\\/rutas\\\/louvigny\\\/ITIAQU064V5BAN11-louvigny-promenade-henri-iv-a-vtt\\\/\",\"excerpt\":\"Este sendero permite echar un vistazo a la \\u00e9poca de los se\\u00f1or\\u00edos del siglo X, como el de Louvigny, que comprend\\u00eda 11 parroquias (Beyrie, Mialos, Malaussanne, Fichous, etc.). En Lou Castet (a&hellip;\",\"display_excerpt\":\"1\",\"photo\":\"https:\\\/\\\/www.bearnmadiran-tourisme.fr\\\/wp-content\\\/uploads\\\/tis\\\/PR4A-Campagne-Louvigny-3.jpg\",\"clas\":null,\"btn_label\":\"Ver m\\u00e1s\",\"btn_class\":null,\"durable\":false,\"charte\":\"\",\"durable_label\":\"Desarrollo sostenible\",\"online_bookable\":false,\"price_from\":false,\"event_category\":\"Itineraire\",\"type\":\"vtt\",\"ititempsdif\":[\"Bicicleta de monta\\u00f1a|2h50|Medio\"],\"itidistance\":\"14\",\"itidistance_label\":\"Distancia\",\"denivele\":\"200\",\"denivele_label\":\"Elevaci\\u00f3n\"}},{\"geometry\":{\"type\":\"Point\",\"coordinates\":[-0.387165,43.403]},\"type\":\"Feature\",\"id\":\"ITIAQU064V5BAPC1\",\"properties\":{\"objectTypeCode\":\"ITI\",\"name\":\"De Sauvagnon \\u00e0 la for\\u00eat de Bastard\",\"marker_id\":\"ITIAQU064V5BAPC1\",\"commune\":\"SAUVAGNON\",\"display_city\":\"1\",\"cp\":\"\",\"ad1\":\"\",\"gmapLongitude\":-0.387165,\"gmapLatitude\":43.403,\"zone1\":null,\"telephone\":\"+33 5 59 68 28 78\",\"detail_url\":\"https:\\\/\\\/www.bearnmadiran-tourisme.fr\\\/es\\\/rutas\\\/sauvagnon\\\/ITIAQU064V5BAPC1-de-sauvagnon-a-la-foret-de-bastard\\\/\",\"excerpt\":\"Este paseo a pie o en bicicleta le llevar\\u00e1 por el Luy de B\\u00e9arn hasta Sauvagnon, Serres-Castet y Montardon. Un poco m\\u00e1s lejos, tambi\\u00e9n podr\\u00e1 llegar al espacio natural protegido del bosque&hellip;\",\"display_excerpt\":\"1\",\"photo\":\"https:\\\/\\\/www.bearnmadiran-tourisme.fr\\\/wp-content\\\/uploads\\\/tis\\\/SAUVAGNON---Village-authentique---credit-Tourisme-Nord-Bearn-juin-2021--7----Copie.jpg\",\"clas\":null,\"btn_label\":\"Ver m\\u00e1s\",\"btn_class\":null,\"durable\":false,\"charte\":\"\",\"durable_label\":\"Desarrollo sostenible\",\"online_bookable\":false,\"price_from\":false,\"event_category\":\"Itineraire\",\"type\":\"pedestre\",\"ititempsdif\":[\"A pie|4h30|F\\u00e1cil\"],\"itidistance\":\"21.4\",\"itidistance_label\":\"Distancia\",\"denivele\":\"10\",\"denivele_label\":\"Elevaci\\u00f3n\"}},{\"geometry\":{\"type\":\"Point\",\"coordinates\":[-0.376195,43.3805]},\"type\":\"Feature\",\"id\":\"ITIAQU064V5BAPCY\",\"properties\":{\"objectTypeCode\":\"ITI\",\"name\":\"Serres-Castet : du coll\\u00e8ge au lac\",\"marker_id\":\"ITIAQU064V5BAPCY\",\"commune\":\"SERRES-CASTET\",\"display_city\":\"1\",\"cp\":\"\",\"ad1\":\"\",\"gmapLongitude\":-0.376195,\"gmapLatitude\":43.3805,\"zone1\":null,\"telephone\":\"+33 5 59 68 28 78\",\"detail_url\":\"https:\\\/\\\/www.bearnmadiran-tourisme.fr\\\/es\\\/rutas\\\/serres-castet\\\/ITIAQU064V5BAPCY-serres-castet-du-college-au-lac\\\/\",\"excerpt\":\"Esta ruta de enlace le llevar\\u00e1 desde el colegio hasta el lago de Serres a trav\\u00e9s de un sendero ajardinado. A continuaci\\u00f3n, podr\\u00e1 aprovechar la extensi\\u00f3n del lago o enlazar con los&hellip;\",\"display_excerpt\":\"1\",\"photo\":\"https:\\\/\\\/www.bearnmadiran-tourisme.fr\\\/wp-content\\\/uploads\\\/tis\\\/Lac-Serres-Castet-cph-Syndicat-Tourisme-Bearn-Madiran-2025--64-.JPG\",\"clas\":null,\"btn_label\":\"Ver m\\u00e1s\",\"btn_class\":null,\"durable\":false,\"charte\":\"\",\"durable_label\":\"Desarrollo sostenible\",\"online_bookable\":false,\"price_from\":false,\"event_category\":\"Itineraire\",\"type\":\"pedestre\",\"ititempsdif\":[\"A pie|2h|F\\u00e1cil\"],\"itidistance\":\"8.2\",\"itidistance_label\":\"Distancia\",\"denivele\":\"120\",\"denivele_label\":\"Elevaci\\u00f3n\"}},{\"geometry\":{\"type\":\"Point\",\"coordinates\":[-0.386896,43.4028]},\"type\":\"Feature\",\"id\":\"ITIAQU064V5BAPD5\",\"properties\":{\"objectTypeCode\":\"ITI\",\"name\":\"De Sauvagnon au lac du Balaing\",\"marker_id\":\"ITIAQU064V5BAPD5\",\"commune\":\"SAUVAGNON\",\"display_city\":\"1\",\"cp\":\"\",\"ad1\":\"\",\"gmapLongitude\":-0.386896,\"gmapLatitude\":43.4028,\"zone1\":null,\"telephone\":\"+33 5 59 68 28 78\",\"detail_url\":\"https:\\\/\\\/www.bearnmadiran-tourisme.fr\\\/es\\\/rutas\\\/sauvagnon\\\/ITIAQU064V5BAPD5-de-sauvagnon-au-lac-du-balaing\\\/\",\"excerpt\":\"No es un recorrido largo, pero requiere cierta t\\u00e9cnica ciclista. Se adentra en las laderas de la regi\\u00f3n de B\\u00e9arn, entre valles boscosos y mesetas cultivadas, para llegar a este hermoso tramo&hellip;\",\"display_excerpt\":\"1\",\"photo\":\"https:\\\/\\\/www.bearnmadiran-tourisme.fr\\\/wp-content\\\/uploads\\\/tis\\\/Tour-du-lac-du-Balaing-Navailles-Angos-Tourisme-Nord-Bearn-cph-SMT-NB.jpg\",\"clas\":null,\"btn_label\":\"Ver m\\u00e1s\",\"btn_class\":null,\"durable\":false,\"charte\":\"\",\"durable_label\":\"Desarrollo sostenible\",\"online_bookable\":false,\"price_from\":false,\"event_category\":\"Itineraire\",\"type\":\"pedestre\",\"ititempsdif\":[\"A pie|2h20|Dif\\u00edcil\"],\"itidistance\":\"8.2\",\"itidistance_label\":\"Distancia\",\"denivele\":\"210\",\"denivele_label\":\"Elevaci\\u00f3n\"}},{\"geometry\":{\"type\":\"Point\",\"coordinates\":[-0.386892,43.403]},\"type\":\"Feature\",\"id\":\"ITIAQU064V5BCIDI\",\"properties\":{\"objectTypeCode\":\"ITI\",\"name\":\"Sauvagnon : Entre parcs et jolies pierres\",\"marker_id\":\"ITIAQU064V5BCIDI\",\"commune\":\"SAUVAGNON\",\"display_city\":\"1\",\"cp\":\"\",\"ad1\":\"\",\"gmapLongitude\":-0.386892,\"gmapLatitude\":43.403,\"zone1\":null,\"telephone\":\"+33 5 59 68 28 78\",\"detail_url\":\"https:\\\/\\\/www.bearnmadiran-tourisme.fr\\\/es\\\/rutas\\\/sauvagnon\\\/ITIAQU064V5BCIDI-sauvagnon-entre-parcs-et-jolies-pierres\\\/\",\"excerpt\":\"El coraz\\u00f3n hist\\u00f3rico del pueblo, de 700 metros de longitud, le invita a pasear por este aut\\u00e9ntico pueblo con hermosas vistas a los Pirineos. Descubra las bellas casas bearnesas, el parque Lechaud&hellip;\",\"display_excerpt\":\"1\",\"photo\":\"https:\\\/\\\/www.bearnmadiran-tourisme.fr\\\/wp-content\\\/uploads\\\/tis\\\/SAUVAGNON---Village-authentique---credit-Tourisme-Nord-Bearn-juin-2021--7--4.jpg\",\"clas\":null,\"btn_label\":\"Ver m\\u00e1s\",\"btn_class\":null,\"durable\":false,\"charte\":\"\",\"durable_label\":\"Desarrollo sostenible\",\"online_bookable\":false,\"price_from\":false,\"event_category\":\"Itineraire\",\"type\":\"pedestre\",\"ititempsdif\":[\"A pie|1h|Muy f\\u00e1cil\"],\"itidistance\":\"0.7\",\"itidistance_label\":\"Distancia\",\"denivele\":\"0\",\"denivele_label\":\"Elevaci\\u00f3n\"}},{\"geometry\":{\"type\":\"Point\",\"coordinates\":[-0.377105,43.5505]},\"type\":\"Feature\",\"id\":\"ITIAQU064V5BCUIO\",\"properties\":{\"objectTypeCode\":\"ITI\",\"name\":\"Poursiugues-Boucoue : aux confins du Tursan \\u00e0 VTT\",\"marker_id\":\"ITIAQU064V5BCUIO\",\"commune\":\"POURSIUGUES-BOUCOUE\",\"display_city\":\"1\",\"cp\":\"\",\"ad1\":\"\",\"gmapLongitude\":-0.377105,\"gmapLatitude\":43.5505,\"zone1\":null,\"telephone\":\"+33 5 59 04 59 24\",\"detail_url\":\"https:\\\/\\\/www.bearnmadiran-tourisme.fr\\\/es\\\/rutas\\\/poursiugues-boucoue\\\/ITIAQU064V5BCUIO-poursiugues-boucoue-aux-confins-du-tursan-a-vtt\\\/\",\"excerpt\":\"Esta ruta le llevar\\u00e1 por Poursiugues-Boucoue, 2 municipios que estuvieron unidos y pertenecieron a la regi\\u00f3n de Tursan, en el vecino departamento de Las Landas, hasta la Revoluci\\u00f3n. Situado en el camino&hellip;\",\"display_excerpt\":\"1\",\"photo\":\"https:\\\/\\\/www.bearnmadiran-tourisme.fr\\\/wp-content\\\/uploads\\\/tis\\\/PR5-Chapelle-St-Laurent-a-Boucoue-1440x1080.jpg\",\"clas\":null,\"btn_label\":\"Ver m\\u00e1s\",\"btn_class\":null,\"durable\":false,\"charte\":\"\",\"durable_label\":\"Desarrollo sostenible\",\"online_bookable\":false,\"price_from\":false,\"event_category\":\"Itineraire\",\"type\":\"vtt\",\"ititempsdif\":[\"Bicicleta de monta\\u00f1a|2h15|Medio\"],\"itidistance\":\"9.2\",\"itidistance_label\":\"Distancia\",\"denivele\":\"142\",\"denivele_label\":\"Elevaci\\u00f3n\"}},{\"geometry\":{\"type\":\"Point\",\"coordinates\":[-0.460037,43.4193]},\"type\":\"Feature\",\"id\":\"ITIAQU064V5BHN0U\",\"properties\":{\"objectTypeCode\":\"ITI\",\"name\":\"Momas : Tour du lac de l'Ayguelongue\",\"marker_id\":\"ITIAQU064V5BHN0U\",\"commune\":\"MOMAS\",\"display_city\":\"1\",\"cp\":\"\",\"ad1\":\"\",\"gmapLongitude\":-0.460037,\"gmapLatitude\":43.4193,\"zone1\":null,\"telephone\":\"+33 5 59 04 59 24\",\"detail_url\":\"https:\\\/\\\/www.bearnmadiran-tourisme.fr\\\/es\\\/rutas\\\/momas\\\/ITIAQU064V5BHN0U-momas-tour-du-lac-de-layguelongue\\\/\",\"excerpt\":\"Embalsado en 1996, el Lac de l'Ayguelongue se utiliza principalmente para el riego y para sostener el estiaje. Es una reserva natural de 58 hect\\u00e1reas de gran inter\\u00e9s desde el punto de&hellip;\",\"display_excerpt\":\"1\",\"photo\":\"https:\\\/\\\/www.bearnmadiran-tourisme.fr\\\/wp-content\\\/uploads\\\/tis\\\/MAE028-1-2.JPG\",\"clas\":null,\"btn_label\":\"Ver m\\u00e1s\",\"btn_class\":null,\"durable\":false,\"charte\":\"\",\"durable_label\":\"Desarrollo sostenible\",\"online_bookable\":false,\"price_from\":false,\"event_category\":\"Itineraire\",\"type\":\"pedestre\",\"ititempsdif\":[\"A pie|1h|F\\u00e1cil\"],\"itidistance\":\"4.5\",\"itidistance_label\":\"Distancia\",\"denivele\":\"50\",\"denivele_label\":\"Elevaci\\u00f3n\"}},{\"geometry\":{\"type\":\"Point\",\"coordinates\":[-0.460037,43.4193]},\"type\":\"Feature\",\"id\":\"ITIAQU064V5BHN96\",\"properties\":{\"objectTypeCode\":\"ITI\",\"name\":\"Momas : Du Luy \\u00e0 l'Ayguelongue\",\"marker_id\":\"ITIAQU064V5BHN96\",\"commune\":\"MOMAS\",\"display_city\":\"1\",\"cp\":\"\",\"ad1\":\"\",\"gmapLongitude\":-0.460037,\"gmapLatitude\":43.4193,\"zone1\":null,\"telephone\":\"+33 5 59 04 59 24\",\"detail_url\":\"https:\\\/\\\/www.bearnmadiran-tourisme.fr\\\/es\\\/rutas\\\/momas\\\/ITIAQU064V5BHN96-momas-du-luy-a-layguelongue\\\/\",\"excerpt\":\"Embalsado en 1996, el Lac de l'Ayguelongue se utiliza principalmente para el riego y para sostener el estiaje. Es una reserva natural de 58 hect\\u00e1reas de gran inter\\u00e9s desde el punto de&hellip;\",\"display_excerpt\":\"1\",\"photo\":\"https:\\\/\\\/www.bearnmadiran-tourisme.fr\\\/wp-content\\\/uploads\\\/tis\\\/Lac-MAZEROLLES--2--credit-pesquit-2020---Copie.jpg\",\"clas\":null,\"btn_label\":\"Ver m\\u00e1s\",\"btn_class\":null,\"durable\":false,\"charte\":\"\",\"durable_label\":\"Desarrollo sostenible\",\"online_bookable\":false,\"price_from\":false,\"event_category\":\"Itineraire\",\"type\":\"pedestre\",\"ititempsdif\":[\"A pie|3h|Medio\"],\"itidistance\":\"11.1\",\"itidistance_label\":\"Distancia\",\"denivele\":\"150\",\"denivele_label\":\"Elevaci\\u00f3n\"}},{\"geometry\":{\"type\":\"Point\",\"coordinates\":[-0.405764,43.4125]},\"type\":\"Feature\",\"id\":\"ITIAQU064V5BHQHT\",\"properties\":{\"objectTypeCode\":\"ITI\",\"name\":\"Caubios-Loos : Chemin de Sainte-Quitterie\",\"marker_id\":\"ITIAQU064V5BHQHT\",\"commune\":\"CAUBIOS-LOOS\",\"display_city\":\"1\",\"cp\":\"\",\"ad1\":\"\",\"gmapLongitude\":-0.405764,\"gmapLatitude\":43.4125,\"zone1\":null,\"telephone\":\"+33 5 59 04 59 24\",\"detail_url\":\"https:\\\/\\\/www.bearnmadiran-tourisme.fr\\\/es\\\/rutas\\\/caubios-loos\\\/ITIAQU064V5BHQHT-caubios-loos-chemin-de-sainte-quitterie\\\/\",\"excerpt\":\"Los dos municipios de Caubios y Loos est\\u00e1n unidos desde 1842. Se cree que en el siglo XII Caubios significaba \\\"calva\\\". Loos indica un \\\"lugar donde abundan los pastos\\\". La iglesia de&hellip;\",\"display_excerpt\":\"1\",\"photo\":\"https:\\\/\\\/www.bearnmadiran-tourisme.fr\\\/wp-content\\\/uploads\\\/tis\\\/a2-Randonnee-3.jpg\",\"clas\":null,\"btn_label\":\"Ver m\\u00e1s\",\"btn_class\":null,\"durable\":false,\"charte\":\"\",\"durable_label\":\"Desarrollo sostenible\",\"online_bookable\":false,\"price_from\":false,\"event_category\":\"Itineraire\",\"type\":\"pedestre\",\"ititempsdif\":[\"A pie|3h30|Medio\"],\"itidistance\":\"10.6\",\"itidistance_label\":\"Distancia\",\"denivele\":\"225\",\"denivele_label\":\"Elevaci\\u00f3n\"}},{\"geometry\":{\"type\":\"Point\",\"coordinates\":[-0.11433,43.1855]},\"type\":\"Feature\",\"id\":\"ITIAQU064V5BKFD4\",\"properties\":{\"objectTypeCode\":\"ITI\",\"name\":\"Pontacq : Un patrimoine au fil de l'eau\",\"marker_id\":\"ITIAQU064V5BKFD4\",\"commune\":\"PONTACQ\",\"display_city\":\"1\",\"cp\":\"\",\"ad1\":\"\",\"gmapLongitude\":-0.11433,\"gmapLatitude\":43.1855,\"zone1\":null,\"telephone\":\"+33 5 59 33 62 25\",\"detail_url\":\"https:\\\/\\\/www.bearnmadiran-tourisme.fr\\\/es\\\/rutas\\\/pontacq\\\/ITIAQU064V5BKFD4-pontacq-un-patrimoine-au-fil-de-leau\\\/\",\"excerpt\":\"Venga a pasear por esta bonita ciudad bearnesa a orillas del r\\u00edo Ousse. Todav\\u00eda se conservan una torre del siglo XIII, parte de las murallas y la iglesia g\\u00f3tica del siglo XIV.&hellip;\",\"display_excerpt\":\"1\",\"photo\":\"https:\\\/\\\/www.bearnmadiran-tourisme.fr\\\/wp-content\\\/uploads\\\/tis\\\/Pontacq-remparts-et-tour-credit-tourisme-nord-bearn--4--2.jpg\",\"clas\":null,\"btn_label\":\"Ver m\\u00e1s\",\"btn_class\":null,\"durable\":false,\"charte\":\"\",\"durable_label\":\"Desarrollo sostenible\",\"online_bookable\":false,\"price_from\":false,\"event_category\":\"Itineraire\",\"type\":\"pedestre\",\"ititempsdif\":[\"A pie|1h30|Muy f\\u00e1cil\"],\"itidistance\":\"2\",\"itidistance_label\":\"Distancia\",\"denivele\":\"0\",\"denivele_label\":\"Elevaci\\u00f3n\"}},{\"geometry\":{\"type\":\"Point\",\"coordinates\":[-0.417649,43.5357]},\"type\":\"Feature\",\"id\":\"ITIAQU064V5BNC44\",\"properties\":{\"objectTypeCode\":\"ITI\",\"name\":\"Arzacq-Arraziguet : tour du lac\",\"marker_id\":\"ITIAQU064V5BNC44\",\"commune\":\"ARZACQ-ARRAZIGUET\",\"display_city\":\"1\",\"cp\":\"64410\",\"ad1\":\"Parking du lac\",\"gmapLongitude\":-0.417649,\"gmapLatitude\":43.5357,\"zone1\":null,\"telephone\":\"+33 5 59 04 59 24\",\"detail_url\":\"https:\\\/\\\/www.bearnmadiran-tourisme.fr\\\/es\\\/rutas\\\/arzacq-arraziguet\\\/ITIAQU064V5BNC44-arzacq-arraziguet-tour-du-lac\\\/\",\"excerpt\":\"El lago de Arzacq, de 20 hect\\u00e1reas, se utiliza con fines agr\\u00edcolas (regad\\u00edo). La parte norte\\\/noroeste del lago est\\u00e1 dedicada al ocio, el descanso y la pesca, con un camino de grava&hellip;\",\"display_excerpt\":\"1\",\"photo\":\"https:\\\/\\\/www.bearnmadiran-tourisme.fr\\\/wp-content\\\/uploads\\\/tis\\\/ARZACQ-1-12.JPG\",\"clas\":null,\"btn_label\":\"Ver m\\u00e1s\",\"btn_class\":null,\"durable\":false,\"charte\":\"\",\"durable_label\":\"Desarrollo sostenible\",\"online_bookable\":false,\"price_from\":false,\"event_category\":\"Itineraire\",\"type\":\"pedestre\",\"ititempsdif\":[\"A pie|40 mn|Muy f\\u00e1cil\"],\"itidistance\":\"2\",\"itidistance_label\":\"Distancia\",\"denivele\":\"0\",\"denivele_label\":\"Elevaci\\u00f3n\"}},{\"geometry\":{\"type\":\"Point\",\"coordinates\":[-0.1148,43.1856]},\"type\":\"Feature\",\"id\":\"ITIAQU064V5C171J\",\"properties\":{\"objectTypeCode\":\"ITI\",\"name\":\"Porte de la Bigorre\",\"marker_id\":\"ITIAQU064V5C171J\",\"commune\":\"PONTACQ\",\"display_city\":\"1\",\"cp\":\"\",\"ad1\":\"\",\"gmapLongitude\":-0.1148,\"gmapLatitude\":43.1856,\"zone1\":null,\"telephone\":\"+33 5 59 33 62 25\",\"detail_url\":\"https:\\\/\\\/www.bearnmadiran-tourisme.fr\\\/es\\\/rutas\\\/pontacq\\\/ITIAQU064V5C171J-porte-de-la-bigorre\\\/\",\"excerpt\":\"Es desde el din\\u00e1mico pueblo de Pontacq desde donde comienza este paseo, a lo largo del arroyo de Ousse. Tras un tramo por asfalto, el camino asciende r\\u00e1pidamente hasta alcanzar la cima&hellip;\",\"display_excerpt\":\"1\",\"photo\":\"https:\\\/\\\/www.bearnmadiran-tourisme.fr\\\/wp-content\\\/uploads\\\/tis\\\/-DSC3880.png\",\"clas\":null,\"btn_label\":\"Ver m\\u00e1s\",\"btn_class\":null,\"durable\":false,\"charte\":\"\",\"durable_label\":\"Desarrollo sostenible\",\"online_bookable\":false,\"price_from\":false,\"event_category\":\"Itineraire\",\"type\":\"pedestre\",\"ititempsdif\":[\"A pie|1h30|F\\u00e1cil\"],\"itidistance\":\"6.3\",\"itidistance_label\":\"Distancia\",\"denivele\":\"150\",\"denivele_label\":\"Elevaci\\u00f3n\"}},{\"geometry\":{\"type\":\"Point\",\"coordinates\":[-0.04713,43.2737]},\"type\":\"Feature\",\"id\":\"ITIAQU064V5C2SRH\",\"properties\":{\"objectTypeCode\":\"ITI\",\"name\":\"La tourbi\\u00e8re du Manas\",\"marker_id\":\"ITIAQU064V5C2SRH\",\"commune\":\"GER\",\"display_city\":\"1\",\"cp\":\"\",\"ad1\":\"\",\"gmapLongitude\":-0.04713,\"gmapLatitude\":43.2737,\"zone1\":null,\"telephone\":\"+33 5 59 33 62 25\",\"detail_url\":\"https:\\\/\\\/www.bearnmadiran-tourisme.fr\\\/es\\\/rutas\\\/ger\\\/ITIAQU064V5C2SRH-la-tourbiere-du-manas\\\/\",\"excerpt\":\"El descubrimiento de la turbera de Manas, a trav\\u00e9s de un peque\\u00f1o circuito, es una invitaci\\u00f3n a comprender mejor la naturaleza, la biodiversidad y el compromiso de los municipios para proteger estos&hellip;\",\"display_excerpt\":\"1\",\"photo\":\"https:\\\/\\\/www.bearnmadiran-tourisme.fr\\\/wp-content\\\/uploads\\\/tis\\\/Ger-tourbiere-du-Manas---Cecile-Munsch-Peio-Gaillard--3-.png\",\"clas\":null,\"btn_label\":\"Ver m\\u00e1s\",\"btn_class\":null,\"durable\":false,\"charte\":\"\",\"durable_label\":\"Desarrollo sostenible\",\"online_bookable\":false,\"price_from\":false,\"event_category\":\"Itineraire\",\"type\":\"pedestre\",\"ititempsdif\":[\"A pie|1h|Muy f\\u00e1cil\"],\"itidistance\":\"2.5\",\"itidistance_label\":\"Distancia\",\"denivele\":\"70\",\"denivele_label\":\"Elevaci\\u00f3n\"}},{\"geometry\":{\"type\":\"Point\",\"coordinates\":[-0.196333,43.2181]},\"type\":\"Feature\",\"id\":\"ITIAQU064V5C2SXW\",\"properties\":{\"objectTypeCode\":\"ITI\",\"name\":\"Ruisseau de Garue\",\"marker_id\":\"ITIAQU064V5C2SXW\",\"commune\":\"LUCGARIER\",\"display_city\":\"1\",\"cp\":\"\",\"ad1\":\"\",\"gmapLongitude\":-0.196333,\"gmapLatitude\":43.2181,\"zone1\":null,\"telephone\":\"+33 5 59 33 62 25\",\"detail_url\":\"https:\\\/\\\/www.bearnmadiran-tourisme.fr\\\/es\\\/rutas\\\/lucgarier\\\/ITIAQU064V5C2SXW-ruisseau-de-garue\\\/\",\"excerpt\":\"\\u00a1Un recorrido ideal para los d\\u00edas calurosos! En efecto, protegido por la sombra de los robles y las b\\u00f3vedas vegetales, la frescura se mantiene en este sendero muy agradable. \\u00a1La humedad de&hellip;\",\"display_excerpt\":\"1\",\"photo\":\"https:\\\/\\\/www.bearnmadiran-tourisme.fr\\\/wp-content\\\/uploads\\\/tis\\\/Lucgarier-ruisseau-de-Garue---Cecile-Munsch-Peio-Gaillard--9-.png\",\"clas\":null,\"btn_label\":\"Ver m\\u00e1s\",\"btn_class\":null,\"durable\":false,\"charte\":\"\",\"durable_label\":\"Desarrollo sostenible\",\"online_bookable\":false,\"price_from\":false,\"event_category\":\"Itineraire\",\"type\":\"pedestre\",\"ititempsdif\":[\"A pie|1h20|F\\u00e1cil\"],\"itidistance\":\"7.8\",\"itidistance_label\":\"Distancia\",\"denivele\":\"173\",\"denivele_label\":\"Elevaci\\u00f3n\"}},{\"geometry\":{\"type\":\"Point\",\"coordinates\":[-0.192094,43.2368]},\"type\":\"Feature\",\"id\":\"ITIAQU064V5C2UJZ\",\"properties\":{\"objectTypeCode\":\"ITI\",\"name\":\"Houn de Moussu\",\"marker_id\":\"ITIAQU064V5C2UJZ\",\"commune\":\"LUCGARIER\",\"display_city\":\"1\",\"cp\":\"\",\"ad1\":\"\",\"gmapLongitude\":-0.192094,\"gmapLatitude\":43.2368,\"zone1\":null,\"telephone\":\"+33 5 59 33 62 25\",\"detail_url\":\"https:\\\/\\\/www.bearnmadiran-tourisme.fr\\\/es\\\/rutas\\\/lucgarier\\\/ITIAQU064V5C2UJZ-houn-de-moussu\\\/\",\"excerpt\":\"Este f\\u00e1cil circuito alterna caminos comunales y pistas agr\\u00edcolas. Entre campos cultivados y una zona boscosa, el pico del Midi de Bigorre ofrece su elegante silueta. Tras entrar en el bosque, una&hellip;\",\"display_excerpt\":\"1\",\"photo\":\"https:\\\/\\\/www.bearnmadiran-tourisme.fr\\\/wp-content\\\/uploads\\\/tis\\\/Lucgarier-houn-de-moussu---Cecile-Munsch-Peio-Gaillard--36-.png\",\"clas\":null,\"btn_label\":\"Ver m\\u00e1s\",\"btn_class\":null,\"durable\":false,\"charte\":\"\",\"durable_label\":\"Desarrollo sostenible\",\"online_bookable\":false,\"price_from\":false,\"event_category\":\"Itineraire\",\"type\":\"pedestre\",\"ititempsdif\":[\"A pie|1h15|F\\u00e1cil\"],\"itidistance\":\"7.8\",\"itidistance_label\":\"Distancia\",\"denivele\":\"120\",\"denivele_label\":\"Elevaci\\u00f3n\"}},{\"geometry\":{\"type\":\"Point\",\"coordinates\":[-0.16683,43.2285]},\"type\":\"Feature\",\"id\":\"ITIAQU064V5C2UQX\",\"properties\":{\"objectTypeCode\":\"ITI\",\"name\":\"Plaine de l'Ourrou\",\"marker_id\":\"ITIAQU064V5C2UQX\",\"commune\":\"HOURS\",\"display_city\":\"1\",\"cp\":\"64420\",\"ad1\":\"1 place de l'\\u00e9glise\",\"gmapLongitude\":-0.16683,\"gmapLatitude\":43.2285,\"zone1\":null,\"telephone\":\"+33 5 59 33 62 25\",\"detail_url\":\"https:\\\/\\\/www.bearnmadiran-tourisme.fr\\\/es\\\/rutas\\\/hours\\\/ITIAQU064V5C2UQX-plaine-de-lourrou\\\/\",\"excerpt\":\"Con un suave comienzo por una carretera tranquila, la llanura de Ourrou revela su tranquilidad a lo largo de los kil\\u00f3metros. Las c\\u00f3modas pistas agr\\u00edcolas, entre trigo y ma\\u00edz, est\\u00e1n bordeadas de&hellip;\",\"display_excerpt\":\"1\",\"photo\":\"https:\\\/\\\/www.bearnmadiran-tourisme.fr\\\/wp-content\\\/uploads\\\/tis\\\/Hours-plaine-de-l-Ourrou---Cecile-Munsch-Peio-Gaillard--18-.png\",\"clas\":null,\"btn_label\":\"Ver m\\u00e1s\",\"btn_class\":null,\"durable\":false,\"charte\":\"\",\"durable_label\":\"Desarrollo sostenible\",\"online_bookable\":false,\"price_from\":false,\"event_category\":\"Itineraire\",\"type\":\"pedestre\",\"ititempsdif\":[\"A pie|3h|F\\u00e1cil\"],\"itidistance\":\"12.8\",\"itidistance_label\":\"Distancia\",\"denivele\":\"200\",\"denivele_label\":\"Elevaci\\u00f3n\"}},{\"geometry\":{\"type\":\"Point\",\"coordinates\":[-0.12899,43.2145]},\"type\":\"Feature\",\"id\":\"ITIAQU064V5C2UTC\",\"properties\":{\"objectTypeCode\":\"ITI\",\"name\":\"Bois de Deb\\u00e8ze\",\"marker_id\":\"ITIAQU064V5C2UTC\",\"commune\":\"BARZUN\",\"display_city\":\"1\",\"cp\":\"\",\"ad1\":\"\",\"gmapLongitude\":-0.12899,\"gmapLatitude\":43.2145,\"zone1\":null,\"telephone\":\"+33 5 59 33 62 25\",\"detail_url\":\"https:\\\/\\\/www.bearnmadiran-tourisme.fr\\\/es\\\/rutas\\\/barzun\\\/ITIAQU064V5C2UTC-bois-de-debeze\\\/\",\"excerpt\":\"Esta excursi\\u00f3n por la ladera que separa la meseta de Ger y la llanura de Ousse, a trav\\u00e9s del bosque de Deb\\u00e8ze, revela un paisaje muy agradable. Caminar por el bosque con&hellip;\",\"display_excerpt\":\"1\",\"photo\":\"https:\\\/\\\/www.bearnmadiran-tourisme.fr\\\/wp-content\\\/uploads\\\/tis\\\/Barzun-bois-de-debeze---Cecile-Munsch-Peio-Gaillard--4-.png\",\"clas\":null,\"btn_label\":\"Ver m\\u00e1s\",\"btn_class\":null,\"durable\":false,\"charte\":\"\",\"durable_label\":\"Desarrollo sostenible\",\"online_bookable\":false,\"price_from\":false,\"event_category\":\"Itineraire\",\"type\":\"pedestre\",\"ititempsdif\":[\"A pie|1h|F\\u00e1cil\"],\"itidistance\":\"3.8\",\"itidistance_label\":\"Distancia\",\"denivele\":\"100\",\"denivele_label\":\"Elevaci\\u00f3n\"}},{\"geometry\":{\"type\":\"Point\",\"coordinates\":[-0.04713,43.2737]},\"type\":\"Feature\",\"id\":\"ITIAQU064V5C2UX0\",\"properties\":{\"objectTypeCode\":\"ITI\",\"name\":\"Bois de Poey\",\"marker_id\":\"ITIAQU064V5C2UX0\",\"commune\":\"GER\",\"display_city\":\"1\",\"cp\":\"\",\"ad1\":\"\",\"gmapLongitude\":-0.04713,\"gmapLatitude\":43.2737,\"zone1\":null,\"telephone\":\"+33 5 59 33 62 25\",\"detail_url\":\"https:\\\/\\\/www.bearnmadiran-tourisme.fr\\\/es\\\/rutas\\\/ger\\\/ITIAQU064V5C2UX0-bois-de-poey\\\/\",\"excerpt\":\"\\u00a1Este paseo de casi 10 kil\\u00f3metros ofrece una bonita inmersi\\u00f3n en el bosque! El valle del Manas, zona rehabilitada para preservar su fauna y flora particulares, est\\u00e1 atravesado por el arroyo del&hellip;\",\"display_excerpt\":\"1\",\"photo\":\"https:\\\/\\\/www.bearnmadiran-tourisme.fr\\\/wp-content\\\/uploads\\\/tis\\\/Ger-bois-de-Poey---Cecile-Munsch-Peio-Gaillard.png\",\"clas\":null,\"btn_label\":\"Ver m\\u00e1s\",\"btn_class\":null,\"durable\":false,\"charte\":\"\",\"durable_label\":\"Desarrollo sostenible\",\"online_bookable\":false,\"price_from\":false,\"event_category\":\"Itineraire\",\"type\":\"pedestre\",\"ititempsdif\":[\"A pie|2h|F\\u00e1cil\"],\"itidistance\":\"9.3\",\"itidistance_label\":\"Distancia\",\"denivele\":\"150\",\"denivele_label\":\"Elevaci\\u00f3n\"}},{\"geometry\":{\"type\":\"Point\",\"coordinates\":[-0.052542,43.2527]},\"type\":\"Feature\",\"id\":\"ITIAQU064V5C4N2Q\",\"properties\":{\"objectTypeCode\":\"ITI\",\"name\":\"La boucle du menhir\",\"marker_id\":\"ITIAQU064V5C4N2Q\",\"commune\":\"GER\",\"display_city\":\"1\",\"cp\":\"\",\"ad1\":\"\",\"gmapLongitude\":-0.052542,\"gmapLatitude\":43.2527,\"zone1\":null,\"telephone\":\"+33 5 59 33 62 25\",\"detail_url\":\"https:\\\/\\\/www.bearnmadiran-tourisme.fr\\\/es\\\/rutas\\\/ger\\\/ITIAQU064V5C4N2Q-la-boucle-du-menhir\\\/\",\"excerpt\":\"Al salir del pueblo, el caminante se encuentra en medio de los cultivos y avanza por hermosos caminos, a veces de grava, a veces de tierra. La monoton\\u00eda de las l\\u00edneas rectas&hellip;\",\"display_excerpt\":\"1\",\"photo\":\"https:\\\/\\\/www.bearnmadiran-tourisme.fr\\\/wp-content\\\/uploads\\\/tis\\\/Ger-boucle-du-menhir---Peio-Gaillard-Cecile-Munsch--6-.png\",\"clas\":null,\"btn_label\":\"Ver m\\u00e1s\",\"btn_class\":null,\"durable\":false,\"charte\":\"\",\"durable_label\":\"Desarrollo sostenible\",\"online_bookable\":false,\"price_from\":false,\"event_category\":\"Itineraire\",\"type\":\"pedestre\",\"ititempsdif\":[\"A pie|3h|F\\u00e1cil\"],\"itidistance\":\"12.8\",\"itidistance_label\":\"Distancia\",\"denivele\":\"120\",\"denivele_label\":\"Elevaci\\u00f3n\"}},{\"geometry\":{\"type\":\"Point\",\"coordinates\":[-0.196333,43.2181]},\"type\":\"Feature\",\"id\":\"ITIAQU064V5C4N5Y\",\"properties\":{\"objectTypeCode\":\"ITI\",\"name\":\"Ruisseau de Garue \\u00e0 VTT\",\"marker_id\":\"ITIAQU064V5C4N5Y\",\"commune\":\"LUCGARIER\",\"display_city\":\"1\",\"cp\":\"\",\"ad1\":\"\",\"gmapLongitude\":-0.196333,\"gmapLatitude\":43.2181,\"zone1\":null,\"telephone\":\"+33 5 59 33 62 25\",\"detail_url\":\"https:\\\/\\\/www.bearnmadiran-tourisme.fr\\\/es\\\/rutas\\\/lucgarier\\\/ITIAQU064V5C4N5Y-ruisseau-de-garue-a-vtt\\\/\",\"excerpt\":\"\\u00a1Un recorrido ideal para los d\\u00edas calurosos! En efecto, protegido por la sombra de los robles y las b\\u00f3vedas vegetales, la frescura se mantiene en este sendero muy agradable. \\u00a1La humedad de&hellip;\",\"display_excerpt\":\"1\",\"photo\":\"https:\\\/\\\/www.bearnmadiran-tourisme.fr\\\/wp-content\\\/uploads\\\/tis\\\/PLR-Ousse-Gabas-Peio-Gaillard-Cecile-Munsch--8-.png\",\"clas\":null,\"btn_label\":\"Ver m\\u00e1s\",\"btn_class\":null,\"durable\":false,\"charte\":\"\",\"durable_label\":\"Desarrollo sostenible\",\"online_bookable\":false,\"price_from\":false,\"event_category\":\"Itineraire\",\"type\":\"vtt\",\"ititempsdif\":[\"Bicicleta de monta\\u00f1a|45 mn|F\\u00e1cil\"],\"itidistance\":\"7.8\",\"itidistance_label\":\"Distancia\",\"denivele\":\"173\",\"denivele_label\":\"Elevaci\\u00f3n\"}},{\"geometry\":{\"type\":\"Point\",\"coordinates\":[-0.192094,43.2368]},\"type\":\"Feature\",\"id\":\"ITIAQU064V5C4N6C\",\"properties\":{\"objectTypeCode\":\"ITI\",\"name\":\"Houn de Moussu \\u00e0 VTT\",\"marker_id\":\"ITIAQU064V5C4N6C\",\"commune\":\"LUCGARIER\",\"display_city\":\"1\",\"cp\":\"\",\"ad1\":\"\",\"gmapLongitude\":-0.192094,\"gmapLatitude\":43.2368,\"zone1\":null,\"telephone\":\"+33 5 59 33 62 25\",\"detail_url\":\"https:\\\/\\\/www.bearnmadiran-tourisme.fr\\\/es\\\/rutas\\\/lucgarier\\\/ITIAQU064V5C4N6C-houn-de-moussu-a-vtt\\\/\",\"excerpt\":\"Este f\\u00e1cil circuito alterna caminos comunales y pistas agr\\u00edcolas. Entre campos cultivados y una zona boscosa, el pico del Midi de Bigorre ofrece su elegante silueta. Una ruta agradable para hacer en&hellip;\",\"display_excerpt\":\"1\",\"photo\":\"https:\\\/\\\/www.bearnmadiran-tourisme.fr\\\/wp-content\\\/uploads\\\/tis\\\/PLR-Ousse-Gabas-Peio-Gaillard-Cecile-Munsch--1-.png\",\"clas\":null,\"btn_label\":\"Ver m\\u00e1s\",\"btn_class\":null,\"durable\":false,\"charte\":\"\",\"durable_label\":\"Desarrollo sostenible\",\"online_bookable\":false,\"price_from\":false,\"event_category\":\"Itineraire\",\"type\":\"vtt\",\"ititempsdif\":[\"Bicicleta de monta\\u00f1a|40 mn|F\\u00e1cil\"],\"itidistance\":\"7.8\",\"itidistance_label\":\"Distancia\",\"denivele\":\"120\",\"denivele_label\":\"Elevaci\\u00f3n\"}},{\"geometry\":{\"type\":\"Point\",\"coordinates\":[-0.16683,43.2285]},\"type\":\"Feature\",\"id\":\"ITIAQU064V5C4N6N\",\"properties\":{\"objectTypeCode\":\"ITI\",\"name\":\"Plaine de l'Ourrou \\u00e0 VTT\",\"marker_id\":\"ITIAQU064V5C4N6N\",\"commune\":\"HOURS\",\"display_city\":\"1\",\"cp\":\"64420\",\"ad1\":\"1 place de l'\\u00e9glise\",\"gmapLongitude\":-0.16683,\"gmapLatitude\":43.2285,\"zone1\":null,\"telephone\":\"+33 5 59 33 62 25\",\"detail_url\":\"https:\\\/\\\/www.bearnmadiran-tourisme.fr\\\/es\\\/rutas\\\/hours\\\/ITIAQU064V5C4N6N-plaine-de-lourrou-a-vtt\\\/\",\"excerpt\":\"Con un suave comienzo por una carretera tranquila, la llanura de Ourrou revela su tranquilidad a lo largo de los kil\\u00f3metros. Las c\\u00f3modas pistas agr\\u00edcolas, entre trigo y ma\\u00edz, est\\u00e1n bordeadas de&hellip;\",\"display_excerpt\":\"1\",\"photo\":\"https:\\\/\\\/www.bearnmadiran-tourisme.fr\\\/wp-content\\\/uploads\\\/tis\\\/PLR-Ousse-Gabas-Peio-Gaillard-Cecile-Munsch--1--2.png\",\"clas\":null,\"btn_label\":\"Ver m\\u00e1s\",\"btn_class\":null,\"durable\":false,\"charte\":\"\",\"durable_label\":\"Desarrollo sostenible\",\"online_bookable\":false,\"price_from\":false,\"event_category\":\"Itineraire\",\"type\":\"vtt\",\"ititempsdif\":[\"Bicicleta de monta\\u00f1a|1h|F\\u00e1cil\"],\"itidistance\":\"12.8\",\"itidistance_label\":\"Distancia\",\"denivele\":\"200\",\"denivele_label\":\"Elevaci\\u00f3n\"}},{\"geometry\":{\"type\":\"Point\",\"coordinates\":[-0.04713,43.2737]},\"type\":\"Feature\",\"id\":\"ITIAQU064V5C4N6T\",\"properties\":{\"objectTypeCode\":\"ITI\",\"name\":\"Bois de Poey \\u00e0 VTT\",\"marker_id\":\"ITIAQU064V5C4N6T\",\"commune\":\"GER\",\"display_city\":\"1\",\"cp\":\"\",\"ad1\":\"\",\"gmapLongitude\":-0.04713,\"gmapLatitude\":43.2737,\"zone1\":null,\"telephone\":\"+33 5 59 33 62 25\",\"detail_url\":\"https:\\\/\\\/www.bearnmadiran-tourisme.fr\\\/es\\\/rutas\\\/ger\\\/ITIAQU064V5C4N6T-bois-de-poey-a-vtt\\\/\",\"excerpt\":\"\\u00a1Este paseo de casi 10 kil\\u00f3metros ofrece una bonita inmersi\\u00f3n en el bosque! El valle del Manas, zona rehabilitada para preservar su fauna y flora particulares, est\\u00e1 atravesado por el arroyo del&hellip;\",\"display_excerpt\":\"1\",\"photo\":\"https:\\\/\\\/www.bearnmadiran-tourisme.fr\\\/wp-content\\\/uploads\\\/tis\\\/PLR-Ousse-Gabas-Peio-Gaillard-Cecile-Munsch--7--3.png\",\"clas\":null,\"btn_label\":\"Ver m\\u00e1s\",\"btn_class\":null,\"durable\":false,\"charte\":\"\",\"durable_label\":\"Desarrollo sostenible\",\"online_bookable\":false,\"price_from\":false,\"event_category\":\"Itineraire\",\"type\":\"vtt\",\"ititempsdif\":[\"Bicicleta de monta\\u00f1a|45 mn|F\\u00e1cil\"],\"itidistance\":\"9.3\",\"itidistance_label\":\"Distancia\",\"denivele\":\"150\",\"denivele_label\":\"Elevaci\\u00f3n\"}},{\"geometry\":{\"type\":\"Point\",\"coordinates\":[-0.191968,43.2619]},\"type\":\"Feature\",\"id\":\"ITIAQU064V5C4N7C\",\"properties\":{\"objectTypeCode\":\"ITI\",\"name\":\"Le grand tour d'Ousse Gabas \\u00e0 VTT\",\"marker_id\":\"ITIAQU064V5C4N7C\",\"commune\":\"SOUMOULOU\",\"display_city\":\"1\",\"cp\":\"\",\"ad1\":\"\",\"gmapLongitude\":-0.191968,\"gmapLatitude\":43.2619,\"zone1\":null,\"telephone\":\"+33 5 59 33 62 25\",\"detail_url\":\"https:\\\/\\\/www.bearnmadiran-tourisme.fr\\\/es\\\/rutas\\\/soumoulou\\\/ITIAQU064V5C4N7C-le-grand-tour-dousse-gabas-a-vtt\\\/\",\"excerpt\":\"Se necesita un buen entrenamiento para recorrer los casi 80 km de este recorrido. Principalmente por pista, atraviesa bosques, pueblos y sigue senderos y caminos cubiertos de hierba. La gran vuelta oscila&hellip;\",\"display_excerpt\":\"1\",\"photo\":\"https:\\\/\\\/www.bearnmadiran-tourisme.fr\\\/wp-content\\\/uploads\\\/tis\\\/22-eslourenties-daban-randonnee-lacs-vtt-3---peio-Gaillard-Montamigo.jpg\",\"clas\":null,\"btn_label\":\"Ver m\\u00e1s\",\"btn_class\":null,\"durable\":false,\"charte\":\"\",\"durable_label\":\"Desarrollo sostenible\",\"online_bookable\":false,\"price_from\":false,\"event_category\":\"Itineraire\",\"type\":\"vtt\",\"ititempsdif\":[\"Bicicleta de monta\\u00f1a|5h|\"],\"itidistance\":\"79.5\",\"itidistance_label\":\"Distancia\",\"denivele\":\"1180\",\"denivele_label\":\"Elevaci\\u00f3n\"}},{\"geometry\":{\"type\":\"Point\",\"coordinates\":[-0.052485,43.2525]},\"type\":\"Feature\",\"id\":\"ITIAQU064V5C4N7S\",\"properties\":{\"objectTypeCode\":\"ITI\",\"name\":\"Le plateau du Gabas \\u00e0 VTT\",\"marker_id\":\"ITIAQU064V5C4N7S\",\"commune\":\"GER\",\"display_city\":\"1\",\"cp\":\"\",\"ad1\":\"\",\"gmapLongitude\":-0.052485,\"gmapLatitude\":43.2525,\"zone1\":null,\"telephone\":\"+33 5 59 33 62 25\",\"detail_url\":\"https:\\\/\\\/www.bearnmadiran-tourisme.fr\\\/es\\\/rutas\\\/ger\\\/ITIAQU064V5C4N7S-le-plateau-du-gabas-a-vtt\\\/\",\"excerpt\":\"Recorre la meseta de Gabas en bicicleta de monta\\u00f1a Con casi 50 km, \\u00a1este circuito empieza a ser serio! El terreno llano es ideal para intentar batir un r\\u00e9cord, \\u00a1pero tambi\\u00e9n es&hellip;\",\"display_excerpt\":\"1\",\"photo\":\"https:\\\/\\\/www.bearnmadiran-tourisme.fr\\\/wp-content\\\/uploads\\\/tis\\\/14-pont-long-aux-coteaux-maucor-randonnee-vtt-3--peio-Gaillard-Montamigo-2.jpg\",\"clas\":null,\"btn_label\":\"Ver m\\u00e1s\",\"btn_class\":null,\"durable\":false,\"charte\":\"\",\"durable_label\":\"Desarrollo sostenible\",\"online_bookable\":false,\"price_from\":false,\"event_category\":\"Itineraire\",\"type\":\"vtt\",\"ititempsdif\":[\"Bicicleta de monta\\u00f1a|3h15|\"],\"itidistance\":\"48\",\"itidistance_label\":\"Distancia\",\"denivele\":\"620\",\"denivele_label\":\"Elevaci\\u00f3n\"}},{\"geometry\":{\"type\":\"Point\",\"coordinates\":[-0.141749,43.2842]},\"type\":\"Feature\",\"id\":\"ITIAQU064V5C4N88\",\"properties\":{\"objectTypeCode\":\"ITI\",\"name\":\"Le plateau du Louet \\u00e0 VTT\",\"marker_id\":\"ITIAQU064V5C4N88\",\"commune\":\"LOURENTIES\",\"display_city\":\"1\",\"cp\":\"\",\"ad1\":\"\",\"gmapLongitude\":-0.141749,\"gmapLatitude\":43.2842,\"zone1\":null,\"telephone\":\"+33 5 59 33 62 25\",\"detail_url\":\"https:\\\/\\\/www.bearnmadiran-tourisme.fr\\\/es\\\/rutas\\\/lourenties\\\/ITIAQU064V5C4N88-le-plateau-du-louet-a-vtt\\\/\",\"excerpt\":\"La salida desde el lago de Gabas le da un toque especial a este circuito, \\u00a1y eso es solo el principio! Las grandes pistas agr\\u00edcolas se ven interrumpidas por senderos y bosques&hellip;\",\"display_excerpt\":\"1\",\"photo\":\"https:\\\/\\\/www.bearnmadiran-tourisme.fr\\\/wp-content\\\/uploads\\\/tis\\\/14-pont-long-aux-coteaux-maucor-randonnee-vtt-3--peio-Gaillard-Montamigo-3.jpg\",\"clas\":null,\"btn_label\":\"Ver m\\u00e1s\",\"btn_class\":null,\"durable\":false,\"charte\":\"\",\"durable_label\":\"Desarrollo sostenible\",\"online_bookable\":false,\"price_from\":false,\"event_category\":\"Itineraire\",\"type\":\"vtt\",\"ititempsdif\":[\"Bicicleta de monta\\u00f1a|3h|\"],\"itidistance\":\"43\",\"itidistance_label\":\"Distancia\",\"denivele\":\"600\",\"denivele_label\":\"Elevaci\\u00f3n\"}},{\"geometry\":{\"type\":\"Point\",\"coordinates\":[-0.052542,43.2527]},\"type\":\"Feature\",\"id\":\"ITIAQU064V5C547M\",\"properties\":{\"objectTypeCode\":\"ITI\",\"name\":\"La boucle du menhir \\u00e0 VTT\",\"marker_id\":\"ITIAQU064V5C547M\",\"commune\":\"GER\",\"display_city\":\"1\",\"cp\":\"\",\"ad1\":\"\",\"gmapLongitude\":-0.052542,\"gmapLatitude\":43.2527,\"zone1\":null,\"telephone\":\"+33 5 59 33 62 25\",\"detail_url\":\"https:\\\/\\\/www.bearnmadiran-tourisme.fr\\\/es\\\/rutas\\\/ger\\\/ITIAQU064V5C547M-la-boucle-du-menhir-a-vtt\\\/\",\"excerpt\":\"12 km de caminos f\\u00e1ciles, con poco desnivel y bonitas vistas. Ideal para una excursi\\u00f3n en familia, una reanudaci\\u00f3n o una cronometrada. Sin olvidar el famoso menhir de Ger y las vistas&hellip;\",\"display_excerpt\":\"1\",\"photo\":\"https:\\\/\\\/www.bearnmadiran-tourisme.fr\\\/wp-content\\\/uploads\\\/tis\\\/2-portes-vic-bilh-lespourcy-randonnee-VTT---credit-peio-Gaillard-Montamigo-2.jpg\",\"clas\":null,\"btn_label\":\"Ver m\\u00e1s\",\"btn_class\":null,\"durable\":false,\"charte\":\"\",\"durable_label\":\"Desarrollo sostenible\",\"online_bookable\":false,\"price_from\":false,\"event_category\":\"Itineraire\",\"type\":\"pedestre\",\"ititempsdif\":[\"Bicicleta de monta\\u00f1a|1h|F\\u00e1cil\"],\"itidistance\":\"12.8\",\"itidistance_label\":\"Distancia\",\"denivele\":\"120\",\"denivele_label\":\"Elevaci\\u00f3n\"}},{\"geometry\":{\"type\":\"Point\",\"coordinates\":[-0.169383,43.5447]},\"type\":\"Feature\",\"id\":\"ITIAQU064V5C67HV\",\"properties\":{\"objectTypeCode\":\"ITI\",\"name\":\"Conchez-de-B\\u00e9arn : escapade du Vic-Bilh\",\"marker_id\":\"ITIAQU064V5C67HV\",\"commune\":\"CONCHEZ-DE-BEARN\",\"display_city\":\"1\",\"cp\":\"\",\"ad1\":\"\",\"gmapLongitude\":-0.169383,\"gmapLatitude\":43.5447,\"zone1\":null,\"telephone\":\"+33 5 59 68 28 78\",\"detail_url\":\"https:\\\/\\\/www.bearnmadiran-tourisme.fr\\\/es\\\/rutas\\\/conchez-de-bearn\\\/ITIAQU064V5C67HV-conchez-de-bearn-escapade-du-vic-bilh\\\/\",\"excerpt\":\"Partiendo de Conchez-de-B\\u00e9arn, bonito pueblo de la regi\\u00f3n de B\\u00e9arn, esta ruta en bicicleta de monta\\u00f1a, m\\u00e1s f\\u00edsica que t\\u00e9cnica, atraviesa los vi\\u00f1edos de Madiran y Pacherenc du Vic-Bilh. Aproveche el lago&hellip;\",\"display_excerpt\":\"1\",\"photo\":\"https:\\\/\\\/www.bearnmadiran-tourisme.fr\\\/wp-content\\\/uploads\\\/tis\\\/randonnee-vtt-coteaux-vic-bilh-simacourbe-lalongue-3.jpg\",\"clas\":null,\"btn_label\":\"Ver m\\u00e1s\",\"btn_class\":null,\"durable\":false,\"charte\":\"\",\"durable_label\":\"Desarrollo sostenible\",\"online_bookable\":false,\"price_from\":false,\"event_category\":\"Itineraire\",\"type\":\"vae\",\"ititempsdif\":[\"Bicicleta de monta\\u00f1a|2h|Dif\\u00edcil\",\"|1h45|Dif\\u00edcil\"],\"itidistance\":\"24\",\"itidistance_label\":\"Distancia\",\"denivele\":\"600\",\"denivele_label\":\"Elevaci\\u00f3n\"}},{\"geometry\":{\"type\":\"Point\",\"coordinates\":[-0.311236,43.5031]},\"type\":\"Feature\",\"id\":\"ITIAQU064V5C67L2\",\"properties\":{\"objectTypeCode\":\"ITI\",\"name\":\"Les balcons du temps : de la villa gallo-romaine \\u00e0 la bastide de Garlin\",\"marker_id\":\"ITIAQU064V5C67L2\",\"commune\":\"LALONQUETTE\",\"display_city\":\"1\",\"cp\":\"\",\"ad1\":\"\",\"gmapLongitude\":-0.311236,\"gmapLatitude\":43.5031,\"zone1\":null,\"telephone\":\"+33 5 59 68 28 78\",\"detail_url\":\"https:\\\/\\\/www.bearnmadiran-tourisme.fr\\\/es\\\/rutas\\\/lalonquette\\\/ITIAQU064V5C67L2-les-balcons-du-temps-de-la-villa-gallo-romaine-a-la-bastide-de-garlin\\\/\",\"excerpt\":\"Este itinerario comienza en la antigua villa de Lalonquette, con una salida ligeramente empinada por el sendero de interpretaci\\u00f3n del museo galo-romano de Claracq. Contin\\u00faa hacia la bastida de Garlin, pasando por&hellip;\",\"display_excerpt\":\"1\",\"photo\":\"https:\\\/\\\/www.bearnmadiran-tourisme.fr\\\/wp-content\\\/uploads\\\/tis\\\/Lalonquette-villa-antique-Tourisme-Bearn-Madiran---Courte-Echelle-2025---M29A0315-web-3.jpg\",\"clas\":null,\"btn_label\":\"Ver m\\u00e1s\",\"btn_class\":null,\"durable\":false,\"charte\":\"\",\"durable_label\":\"Desarrollo sostenible\",\"online_bookable\":false,\"price_from\":false,\"event_category\":\"Itineraire\",\"type\":\"vae\",\"ititempsdif\":[\"Bicicleta de monta\\u00f1a|2h30|Dif\\u00edcil\",\"|2h15|Dif\\u00edcil\"],\"itidistance\":\"32\",\"itidistance_label\":\"Distancia\",\"denivele\":\"547\",\"denivele_label\":\"Elevaci\\u00f3n\"}},{\"geometry\":{\"type\":\"Point\",\"coordinates\":[-0.373476,43.4251]},\"type\":\"Feature\",\"id\":\"ITIAQU064V5C67UD\",\"properties\":{\"objectTypeCode\":\"ITI\",\"name\":\"Doumy : boucle des lacs\",\"marker_id\":\"ITIAQU064V5C67UD\",\"commune\":\"DOUMY\",\"display_city\":\"1\",\"cp\":\"\",\"ad1\":\"\",\"gmapLongitude\":-0.373476,\"gmapLatitude\":43.4251,\"zone1\":null,\"telephone\":\"+33 5 59 68 28 78\",\"detail_url\":\"https:\\\/\\\/www.bearnmadiran-tourisme.fr\\\/es\\\/rutas\\\/doumy\\\/ITIAQU064V5C67UD-doumy-boucle-des-lacs\\\/\",\"excerpt\":\"Con salida de Sainte-Quitterie en Bournos, este sendero deportivo y exigente es ideal para una bicicleta de monta\\u00f1a con asistencia el\\u00e9ctrica. Del lago de Balaing al lago de Ayguelongue, descubra la variedad&hellip;\",\"display_excerpt\":\"1\",\"photo\":\"https:\\\/\\\/www.bearnmadiran-tourisme.fr\\\/wp-content\\\/uploads\\\/tis\\\/randonnee-vtt-pacheras-garlin-vic-bilh---cph-Peio-Montamigo.jpg\",\"clas\":null,\"btn_label\":\"Ver m\\u00e1s\",\"btn_class\":null,\"durable\":false,\"charte\":\"\",\"durable_label\":\"Desarrollo sostenible\",\"online_bookable\":false,\"price_from\":false,\"event_category\":\"Itineraire\",\"type\":\"vae\",\"ititempsdif\":[\"Bicicleta de monta\\u00f1a|3h30|Dif\\u00edcil\",\"|3h15|Dif\\u00edcil\"],\"itidistance\":\"42\",\"itidistance_label\":\"Distancia\",\"denivele\":\"910\",\"denivele_label\":\"Elevaci\\u00f3n\"}},{\"geometry\":{\"type\":\"Point\",\"coordinates\":[-0.413045,43.5363]},\"type\":\"Feature\",\"id\":\"ITIAQU064V5C68WE\",\"properties\":{\"objectTypeCode\":\"ITI\",\"name\":\"Arzacq-Arraziguet : les tourn\\u00e9es du Soubestre\",\"marker_id\":\"ITIAQU064V5C68WE\",\"commune\":\"ARZACQ-ARRAZIGUET\",\"display_city\":\"1\",\"cp\":\"\",\"ad1\":\"\",\"gmapLongitude\":-0.413045,\"gmapLatitude\":43.5363,\"zone1\":null,\"telephone\":\"+33 5 59 04 59 24\",\"detail_url\":\"https:\\\/\\\/www.bearnmadiran-tourisme.fr\\\/es\\\/rutas\\\/arzacq-arraziguet\\\/ITIAQU064V5C68WE-arzacq-arraziguet-les-tournees-du-soubestre\\\/\",\"excerpt\":\"Desde la bastida, esta ruta deportiva en bicicleta de monta\\u00f1a le llevar\\u00e1 al coraz\\u00f3n de las laderas del B\\u00e9arn. Sigue un tramo del lago de Arzacq, retoma el camino de Le Puy-en-Velay&hellip;\",\"display_excerpt\":\"1\",\"photo\":\"https:\\\/\\\/www.bearnmadiran-tourisme.fr\\\/wp-content\\\/uploads\\\/tis\\\/randonnee-vtt-pacheras-garlin-vic-bilh---cph-Peio-Montamigo.jpg\",\"clas\":null,\"btn_label\":\"Ver m\\u00e1s\",\"btn_class\":null,\"durable\":false,\"charte\":\"\",\"durable_label\":\"Desarrollo sostenible\",\"online_bookable\":false,\"price_from\":false,\"event_category\":\"Itineraire\",\"type\":\"vae\",\"ititempsdif\":[\"Bicicleta de monta\\u00f1a|2h|Dif\\u00edcil\",\"|1h45|Dif\\u00edcil\"],\"itidistance\":\"26.2\",\"itidistance_label\":\"Distancia\",\"denivele\":\"620\",\"denivele_label\":\"Elevaci\\u00f3n\"}},{\"geometry\":{\"type\":\"Point\",\"coordinates\":[-0.413045,43.5363]},\"type\":\"Feature\",\"id\":\"ITIAQU064V5C68WW\",\"properties\":{\"objectTypeCode\":\"ITI\",\"name\":\"Arzacq-Arraziguet : les tourn\\u00e9es du Soubestre (grande boucle)\",\"marker_id\":\"ITIAQU064V5C68WW\",\"commune\":\"ARZACQ-ARRAZIGUET\",\"display_city\":\"1\",\"cp\":\"\",\"ad1\":\"\",\"gmapLongitude\":-0.413045,\"gmapLatitude\":43.5363,\"zone1\":null,\"telephone\":\"+33 5 59 04 59 24\",\"detail_url\":\"https:\\\/\\\/www.bearnmadiran-tourisme.fr\\\/es\\\/rutas\\\/arzacq-arraziguet\\\/ITIAQU064V5C68WW-arzacq-arraziguet-les-tournees-du-soubestre-grande-boucle\\\/\",\"excerpt\":\"Partiendo de la ciudad bastide de Arzacq, esta ruta deportiva en bicicleta de monta\\u00f1a le llevar\\u00e1 al coraz\\u00f3n de la ondulada campi\\u00f1a bearnesa. Entre vi\\u00f1edos, bosques y llanuras, bordear\\u00e1 el lago de&hellip;\",\"display_excerpt\":\"1\",\"photo\":\"https:\\\/\\\/www.bearnmadiran-tourisme.fr\\\/wp-content\\\/uploads\\\/tis\\\/ARZACQ-3-14.JPG\",\"clas\":null,\"btn_label\":\"Ver m\\u00e1s\",\"btn_class\":null,\"durable\":false,\"charte\":\"\",\"durable_label\":\"Desarrollo sostenible\",\"online_bookable\":false,\"price_from\":false,\"event_category\":\"Itineraire\",\"type\":\"vae\",\"ititempsdif\":[\"Bicicleta de monta\\u00f1a|3h15|Dif\\u00edcil\",\"|3h|Dif\\u00edcil\"],\"itidistance\":\"43\",\"itidistance_label\":\"Distancia\",\"denivele\":\"1130\",\"denivele_label\":\"Elevaci\\u00f3n\"}},{\"geometry\":{\"type\":\"Point\",\"coordinates\":[-0.546488,43.5097]},\"type\":\"Feature\",\"id\":\"ITIAQU064V5C69E8\",\"properties\":{\"objectTypeCode\":\"ITI\",\"name\":\"Morlanne : les tourn\\u00e9es du Soubestre \\u00e0 VTT\",\"marker_id\":\"ITIAQU064V5C69E8\",\"commune\":\"MORLANNE\",\"display_city\":\"1\",\"cp\":\"\",\"ad1\":\"\",\"gmapLongitude\":-0.546488,\"gmapLatitude\":43.5097,\"zone1\":null,\"telephone\":\"+33 5 59 04 59 24\",\"detail_url\":\"https:\\\/\\\/www.bearnmadiran-tourisme.fr\\\/es\\\/rutas\\\/morlanne\\\/ITIAQU064V5C69E8-morlanne-les-tournees-du-soubestre-a-vtt\\\/\",\"excerpt\":\"Desde el encantador pueblo bearnes de Morlanne, esta ruta deportiva en bicicleta de monta\\u00f1a te lleva por las laderas de las monta\\u00f1as bearnesas. Atraviesa paisajes v\\u00edrgenes, vi\\u00f1edos en Cabidos, zonas boscosas y&hellip;\",\"display_excerpt\":\"1\",\"photo\":\"https:\\\/\\\/www.bearnmadiran-tourisme.fr\\\/wp-content\\\/uploads\\\/tis\\\/2-portes-vic-bilh-lespourcy-randonnee-VTT---credit-peio-Gaillard-Montamigo.jpg\",\"clas\":null,\"btn_label\":\"Ver m\\u00e1s\",\"btn_class\":null,\"durable\":false,\"charte\":\"\",\"durable_label\":\"Desarrollo sostenible\",\"online_bookable\":false,\"price_from\":false,\"event_category\":\"Itineraire\",\"type\":\"vae\",\"ititempsdif\":[\"Bicicleta de monta\\u00f1a|1h30|Dif\\u00edcil\",\"|1h15|Dif\\u00edcil\"],\"itidistance\":\"19.9\",\"itidistance_label\":\"Distancia\",\"denivele\":\"615\",\"denivele_label\":\"Elevaci\\u00f3n\"}},{\"geometry\":{\"type\":\"Point\",\"coordinates\":[-0.546488,43.5097]},\"type\":\"Feature\",\"id\":\"ITIAQU064V5C69HA\",\"properties\":{\"objectTypeCode\":\"ITI\",\"name\":\"Morlanne : les tourn\\u00e9es du Soubestre \\u00e0 VTT (grande boucle) \",\"marker_id\":\"ITIAQU064V5C69HA\",\"commune\":\"MORLANNE\",\"display_city\":\"1\",\"cp\":\"\",\"ad1\":\"\",\"gmapLongitude\":-0.546488,\"gmapLatitude\":43.5097,\"zone1\":null,\"telephone\":\"+33 5 59 04 59 24\",\"detail_url\":\"https:\\\/\\\/www.bearnmadiran-tourisme.fr\\\/es\\\/rutas\\\/morlanne\\\/ITIAQU064V5C69HA-morlanne-les-tournees-du-soubestre-a-vtt-grande-boucle\\\/\",\"excerpt\":\"Partiendo del encantador pueblo bearnes de Morlanne, esta ruta deportiva en bicicleta de monta\\u00f1a le llevar\\u00e1 al coraz\\u00f3n de la ondulada campi\\u00f1a bearnesa. Entre vi\\u00f1edos, bosques y llanuras, bordear\\u00e1 el lago de&hellip;\",\"display_excerpt\":\"1\",\"photo\":\"https:\\\/\\\/www.bearnmadiran-tourisme.fr\\\/wp-content\\\/uploads\\\/tis\\\/2-portes-vic-bilh-lespourcy-randonnee-VTT---credit-peio-Gaillard-Montamigo.jpg\",\"clas\":null,\"btn_label\":\"Ver m\\u00e1s\",\"btn_class\":null,\"durable\":false,\"charte\":\"\",\"durable_label\":\"Desarrollo sostenible\",\"online_bookable\":false,\"price_from\":false,\"event_category\":\"Itineraire\",\"type\":\"vae\",\"ititempsdif\":[\"Bicicleta de monta\\u00f1a|3h15|Dif\\u00edcil\",\"|3h|Dif\\u00edcil\"],\"itidistance\":\"43\",\"itidistance_label\":\"Distancia\",\"denivele\":\"1130\",\"denivele_label\":\"Elevaci\\u00f3n\"}},{\"geometry\":{\"type\":\"Point\",\"coordinates\":[-0.169469,43.2292]},\"type\":\"Feature\",\"id\":\"ITIAQU064V5C99JC\",\"properties\":{\"objectTypeCode\":\"ITI\",\"name\":\"Entre plaine et coteaux \\u00e0 VTT\",\"marker_id\":\"ITIAQU064V5C99JC\",\"commune\":\"HOURS\",\"display_city\":\"1\",\"cp\":\"\",\"ad1\":\"\",\"gmapLongitude\":-0.169469,\"gmapLatitude\":43.2292,\"zone1\":null,\"telephone\":\"+33 5 59 33 62 25\",\"detail_url\":\"https:\\\/\\\/www.bearnmadiran-tourisme.fr\\\/es\\\/rutas\\\/hours\\\/ITIAQU064V5C99JC-entre-plaine-et-coteaux-a-vtt\\\/\",\"excerpt\":\"Incursi\\u00f3n por el camino Henri-IV partiendo de la llanura, a trav\\u00e9s de los cultivos. La subida por la ladera es ardua, todo un reto, y sigue siendo la \\u00fanica dificultad f\\u00edsica. El&hellip;\",\"display_excerpt\":\"1\",\"photo\":\"https:\\\/\\\/www.bearnmadiran-tourisme.fr\\\/wp-content\\\/uploads\\\/tis\\\/PLR-Ousse-Gabas-Peio-Gaillard-Cecile-Munsch--1--4.png\",\"clas\":null,\"btn_label\":\"Ver m\\u00e1s\",\"btn_class\":null,\"durable\":false,\"charte\":\"\",\"durable_label\":\"Desarrollo sostenible\",\"online_bookable\":false,\"price_from\":false,\"event_category\":\"Itineraire\",\"type\":\"vtt\",\"ititempsdif\":[\"Bicicleta de monta\\u00f1a|1H15|Dif\\u00edcil\"],\"itidistance\":\"21.6\",\"itidistance_label\":\"Distancia\",\"denivele\":\"290\",\"denivele_label\":\"Elevaci\\u00f3n\"}},{\"geometry\":{\"type\":\"Point\",\"coordinates\":[-0.187848,43.266]},\"type\":\"Feature\",\"id\":\"ITIAQU064V5C99N0\",\"properties\":{\"objectTypeCode\":\"ITI\",\"name\":\"La vall\\u00e9e de l'Ousse \\u00e0 VTT\",\"marker_id\":\"ITIAQU064V5C99N0\",\"commune\":\"SOUMOULOU\",\"display_city\":\"1\",\"cp\":\"\",\"ad1\":\"\",\"gmapLongitude\":-0.187848,\"gmapLatitude\":43.266,\"zone1\":null,\"telephone\":\"+33 5 59 33 62 25\",\"detail_url\":\"https:\\\/\\\/www.bearnmadiran-tourisme.fr\\\/es\\\/rutas\\\/soumoulou\\\/ITIAQU064V5C99N0-la-vallee-de-lousse-a-vtt\\\/\",\"excerpt\":\"Los amantes del cross-country disfrutar\\u00e1n de esta ruta por su distancia y su nivel t\\u00e9cnico accesible. Solo la subida por el camino Henri-IV es \\u00abbastante empinada\\u00bb, el resto es suave. Las diferentes&hellip;\",\"display_excerpt\":\"1\",\"photo\":\"https:\\\/\\\/www.bearnmadiran-tourisme.fr\\\/wp-content\\\/uploads\\\/tis\\\/PLR-Ousse-Gabas-Peio-Gaillard-Cecile-Munsch--8--2.png\",\"clas\":null,\"btn_label\":\"Ver m\\u00e1s\",\"btn_class\":null,\"durable\":false,\"charte\":\"\",\"durable_label\":\"Desarrollo sostenible\",\"online_bookable\":false,\"price_from\":false,\"event_category\":\"Itineraire\",\"type\":\"vtt\",\"ititempsdif\":[\"Bicicleta de monta\\u00f1a|2h30|Dif\\u00edcil\"],\"itidistance\":\"34\",\"itidistance_label\":\"Distancia\",\"denivele\":\"500\",\"denivele_label\":\"Elevaci\\u00f3n\"}}]};\n\t<\/script>\n\n\t\t\n\n<div id=\"tourinsoft-loader\">\n\t<div class=\"outer\">\n\t\t<div class=\"inner\">\n\t\t\t<div class=\"small\"><\/div>\n\t\t\t<div class=\"small\"><\/div>\n\t\t\t<div class=\"small\"><\/div>\n\t\t\t<div class=\"small\"><\/div>\n\t\t<\/div>\n\t\t<div class=\"big\">\n\t\t\t<div class=\"small\"><\/div>\n\t\t<\/div>\n\t\t<div class=\"big\">\n\t\t\t<div class=\"small\"><\/div>\n\t\t<\/div>\n\t<\/div>\n<\/div>\n\n\n<div style=\"height:50px\" aria-hidden=\"true\" class=\"wp-block-spacer\" id=\"form-results\"><\/div>\n\n\t<div class=\"py wp-block-group alignfull has-white-color has-dark-background-color has-text-color has-background\" id=\"tourisoft-search-form-container\">\n\t\t<div class=\"wp-block-group__inner-container aligncenter\">\n\t\t\t<div id=\"tourisoft-search-form\" data-elloha=\"0\">\n\t<div class=\"h3 has-white-color\" id=\"tourinsoft-nb-results\"><span id=\"nb_results\">157<\/span> <span id=\"type_results\">resultado(s)<\/span> coinciden con esta b\u00fasqueda<\/div>\n\t<form id=\"list-searchform\" action=\"\" method=\"get\" data-action=\"https:\/\/www.bearnmadiran-tourisme.fr\/es\/rutas\/\">\n\t\t<div id=\"visible-form-fields\">\n\t\t\t<input type=\"hidden\" id=\"bor_code\" value=\"ITI\" \/>\n\t\t\t<input type=\"hidden\" id=\"page_id\" value=\"11044\" \/>\n\t\t\t<input type=\"hidden\" name=\"search\" value=\"1\" \/>\n\t\t\t\n\t\t\t\t\t\t\t\n\t\t\t\t\t\t\n\t\t\t\t\t\t\t\t\t<input type=\"hidden\" id=\"tis_tagqualification\" name=\"tag_qualification\" value=\"\" \/>\n\t\t\t\t\t\t\t\t\t\t\t\t\t\t\t\t\n\t\t\t \n\t\t\t\t\t\t\t\t\t\t\n\t\t\t\t\t\t\t\t\t\t\t\t<div class=\"form-input\">\n\t\t\t\t\t\t\t\t\t\t\t\t<select class=\"update_search\" id=\"tis_loc\" data-loc=\"\" data-default_page=\"1\">\n\t\t\t\t\t\t\t<option value=\"\">Locomotion<\/option>\t\t\t\t\t\t\n\t\t\t\t\t\t\t\t\t\t\t\t\t\t\t<option value=\"a-cheval\" >\u00e0 cheval<\/option>\n\t\t\t\t\t\t\t\t\t\t\t\t\t\t\t<option value=\"a-pied\" >\u00e0 pied<\/option>\n\t\t\t\t\t\t\t\t\t\t\t\t\t\t\t<option value=\"a-velo\" >\u00e0 v\u00e9lo<\/option>\n\t\t\t\t\t\t\t\t\t\t\t\t\t\t\t<option value=\"a-vtt\" >\u00e0 VTT<\/option>\n\t\t\t\t\t\t\t\t\t\t\t\t\t\t\t<option value=\"a-vae\" >\u00e0 VAE<\/option>\n\t\t\t\t\t\t\t\t\t\t\t\t\t\t\t<option value=\"avec-des-roulettes\" >avec des roulettes<\/option>\n\t\t\t\t\t\t\t\t\t\t\t\t\t<\/select>\n\t\t\t\t\t\t\t\t\t\t\t<\/div>\n\t\t\t\t\t\t\t\t\n\t\t\t\t\t\t\t\t\t<div class=\"form-input\">\n\t\t\t\t\t\t<select name=\"tis_dif\" class=\"update_search\" id=\"tis_dif\" data-dif=\"\">\n\t\t\t\t\t\t\t<option value=\"\">Niveau<\/option>\t\t\t\t\t\t\n\t\t\t\t\t\t\t\t\t\t\t\t\t\t\t<option value=\"Difficile\" >Difficile<\/option>\n\t\t\t\t\t\t\t\t\t\t\t\t\t\t\t<option value=\"Facile\" >Facile<\/option>\n\t\t\t\t\t\t\t\t\t\t\t\t\t\t\t<option value=\"Moyenne\" >Moyenne<\/option>\n\t\t\t\t\t\t\t\t\t\t\t\t\t\t\t<option value=\"Tr\u00e8s difficile\" >Tr\u00e8s difficile<\/option>\n\t\t\t\t\t\t\t\t\t\t\t\t\t\t\t<option value=\"Tr\u00e8s facile\" >Tr\u00e8s facile<\/option>\n\t\t\t\t\t\t\t\t\t\t\t\t\t<\/select>\n\t\t\t\t\t<\/div>\n\t\t\t\t\t\t\t\t\n\t\t\t\t\t\t\t\t\t<div class=\"form-input\">\n\t\t\t\t\t\t<select name=\"tis_tps\" class=\"update_search\" id=\"tis_tps\" data-tps=\"\">\n\t\t\t\t\t\t\t<option value=\"\">Dur\u00e9e<\/option>\t\t\t\t\t\t\n\t\t\t\t\t\t\t\t\t\t\t\t\t\t\t<option value=\"0-3\" >0-3h<\/option>\n\t\t\t\t\t\t\t\t\t\t\t\t\t\t\t<option value=\"3-5\" >3h-5h<\/option>\n\t\t\t\t\t\t\t\t\t\t\t\t\t\t\t<option value=\"5-7\" >5h-7h<\/option>\n\t\t\t\t\t\t\t\t\t\t\t\t\t\t\t<option value=\"7-999\" >+ de 7h<\/option>\n\t\t\t\t\t\t\t\t\t\t\t\t\t<\/select>\n\t\t\t\t\t<\/div>\t\t\n\t\t\t\t\t\n\t\t\t\t\n\t\t\t\t\t\t\n\t\t\t\n\t\t\t\t\t\t\t\t\t\t\t\t\t\t<input type=\"hidden\" value=\"\" id=\"city_name\" \/>\n\t\t\t\t\t\t\t\t\t\t\n\t\t\t\t\t<!-- City -- begin -->\n\t\t\t\t\t<div class=\"form-input autocomplete sc6-position-relative select-auto js-select-auto js-autocomplete\" data-autocomplete-dropdown-visible-class=\"autocomplete--results-visible\">\n\t\t\t\t\t\t<input type=\"hidden\" class=\"user_geoloc\" \/>\n\t\t\t\t\t\t<!-- select -->\n\t\t\t\t\t\t<select id=\"tis_city\" class=\"js-select-auto__select hide\" data-current_city=\"\" data-default_page=\"1\">\n\t\t\t\t\t\t\t<optgroup label=\"Ciudad\">\n\t\t\t\t\t\t\t\t<option value=\"\">Ciudad<\/option>\n\t\t\t\t\t\t\t\t<option value=\"aast\">AAST<\/option><option value=\"abere\">ABERE<\/option><option value=\"andoins\">ANDOINS<\/option><option value=\"anos\">ANOS<\/option><option value=\"anoye\">ANOYE<\/option><option value=\"argelos\">ARGELOS<\/option><option value=\"arget\">ARGET<\/option><option value=\"arricau-bordes\">ARRICAU-BORDES<\/option><option value=\"arrien\">ARRIEN<\/option><option value=\"arroses\">ARROSES<\/option><option value=\"arzacq-arraziguet\">ARZACQ-ARRAZIGUET<\/option><option value=\"astis\">ASTIS<\/option><option value=\"aubin\">AUBIN<\/option><option value=\"aubous\">AUBOUS<\/option><option value=\"auga\">AUGA<\/option><option value=\"auriac\">AURIAC<\/option><option value=\"aurions-idernes\">AURIONS-IDERNES<\/option><option value=\"aydie\">AYDIE<\/option><option value=\"baleix\">BALEIX<\/option><option value=\"baliracq-maumusson\">BALIRACQ-MAUMUSSON<\/option><option value=\"barinque\">BARINQUE<\/option><option value=\"barzun\">BARZUN<\/option><option value=\"bassillon-vauze\">BASSILLON-VAUZE<\/option><option value=\"bedeille\">BEDEILLE<\/option><option value=\"bernadets\">BERNADETS<\/option><option value=\"betracq\">BETRACQ<\/option><option value=\"boueilh-boueilho-lasque\">BOUEILH-BOUEILHO-LASQUE<\/option><option value=\"bouillon\">BOUILLON<\/option><option value=\"bournos\">BOURNOS<\/option><option value=\"buros\">BUROS<\/option><option value=\"burosse-mendousse\">BUROSSE-MENDOUSSE<\/option><option value=\"cabidos\">CABIDOS<\/option><option value=\"cadillon\">CADILLON<\/option><option value=\"carrere\">CARRERE<\/option><option value=\"castetpugon\">CASTETPUGON<\/option><option value=\"castillon-de-lembeye\">CASTILLON-DE-LEMBEYE<\/option><option value=\"caubios-loos\">CAUBIOS-LOOS<\/option><option value=\"claracq\">CLARACQ<\/option><option value=\"conchez-de-bearn\">CONCHEZ-DE-BEARN<\/option><option value=\"corbere-aberes\">CORBERE-ABERES<\/option><option value=\"cosledaa-lube-boast\">COSLEDAA-LUBE-BOAST<\/option><option value=\"coublucq\">COUBLUCQ<\/option><option value=\"crouseilles\">CROUSEILLES<\/option><option value=\"diusse\">DIUSSE<\/option><option value=\"doumy\">DOUMY<\/option><option value=\"escoubes\">ESCOUBES<\/option><option value=\"escures\">ESCURES<\/option><option value=\"eslourenties-daban\">ESLOURENTIES-DABAN<\/option><option value=\"espechede\">ESPECHEDE<\/option><option value=\"espoey\">ESPOEY<\/option><option value=\"fichous-riumayon\">FICHOUS-RIUMAYOU<\/option><option value=\"gabaston\">GABASTON<\/option><option value=\"garlede-mondebat\">GARLEDE-MONDEBAT<\/option><option value=\"garlin\">GARLIN<\/option><option value=\"garos\">GAROS<\/option><option value=\"gayon\">GAYON<\/option><option value=\"ger\">GER<\/option><option value=\"gerderest\">GERDEREST<\/option><option value=\"geus-d-arzacq\">GEUS-D&#039;ARZACQ<\/option><option value=\"gomer\">GOMER<\/option><option value=\"higueres-souye\">HIGUERES-SOUYE<\/option><option value=\"hours\">HOURS<\/option><option value=\"lalongue\">LALONGUE<\/option><option value=\"lalonquette\">LALONQUETTE<\/option><option value=\"lannecaube\">LANNECAUBE<\/option><option value=\"larreule\">LARREULE<\/option><option value=\"lascazeres\">LASCAZERES<\/option><option value=\"lasclaveries\">LASCLAVERIES<\/option><option value=\"lasserre\">LASSERRE<\/option><option value=\"lembeye\">LEMBEYE<\/option><option value=\"leme\">LEME<\/option><option value=\"lespielle\">LESPIELLE<\/option><option value=\"lespourcy\">LESPOURCY<\/option><option value=\"limendous\">LIMENDOUS<\/option><option value=\"livron\">LIVRON<\/option><option value=\"lombia\">LOMBIA<\/option><option value=\"loncon\">LONCON<\/option><option value=\"lourenties\">LOURENTIES<\/option><option value=\"louvigny\">LOUVIGNY<\/option><option value=\"luc-armau\">LUC-ARMAU<\/option><option value=\"lucarre\">LUCARRE<\/option><option value=\"lucgarier\">LUCGARIER<\/option><option value=\"lussagnet-lusson\">LUSSAGNET-LUSSON<\/option><option value=\"malaussanne\">MALAUSSANNE<\/option><option value=\"mascaraas-haron\">MASCARAAS-HARON<\/option><option value=\"maspie-lalouquere-juillacq\">MASPIE-LALONQUERE-JUILLACQ<\/option><option value=\"maucor\">MAUCOR<\/option><option value=\"mazerolles\">MAZEROLLES<\/option><option value=\"meracq\">MERACQ<\/option><option value=\"mialos\">MIALOS<\/option><option value=\"miossens-lanusse\">MIOSSENS-LANUSSE<\/option><option value=\"momas\">MOMAS<\/option><option value=\"momy\">MOMY<\/option><option value=\"monassut-audiracq\">MONASSUT-AUDIRACQ<\/option><option value=\"moncaup\">MONCAUP<\/option><option value=\"moncla\">MONCLA<\/option><option value=\"monpezat\">MONPEZAT<\/option><option value=\"mont-disse\">MONT-DISSE<\/option><option value=\"montagut\">MONTAGUT<\/option><option value=\"montardon\">MONTARDON<\/option><option value=\"morlaas\">MORLAAS<\/option><option value=\"morlanne\">MORLANNE<\/option><option value=\"mouhous\">MOUHOUS<\/option><option value=\"navailles-angos\">NAVAILLES-ANGOS<\/option><option value=\"nousty\">NOUSTY<\/option><option value=\"ouillon\">OUILLON<\/option><option value=\"peyrelongue-abos\">PEYRELONGUE-ABOS<\/option><option value=\"piets-plasence-moustrou\">PIETS-PLASENCE-MOUSTROU<\/option><option value=\"pomps\">POMPS<\/option><option value=\"ponson-dessus\">PONSON-DESSUS<\/option><option value=\"pontacq\">PONTACQ<\/option><option value=\"portet\">PORTET<\/option><option value=\"pouliacq\">POULIACQ<\/option><option value=\"poursiugues-boucoue\">POURSIUGUES-BOUCOUE<\/option><option value=\"ribarrouy\">RIBARROUY<\/option><option value=\"riupeyrous\">RIUPEYROUS<\/option><option value=\"saint-armou\">SAINT-ARMOU<\/option><option value=\"saint-castin\">SAINT-CASTIN<\/option><option value=\"saint-jammes\">SAINT-JAMMES<\/option><option value=\"saint-jean-poudge\">SAINT-JEAN-POUDGE<\/option><option value=\"saint-laurent-bretagne\">SAINT-LAURENT-BRETAGNE<\/option><option value=\"samsons-lion\">SAMSONS-LION<\/option><option value=\"saubole\">SAUBOLE<\/option><option value=\"sauvagnon\">SAUVAGNON<\/option><option value=\"seby\">SEBY<\/option><option value=\"sedze-maubecq\">SEDZE-MAUBECQ<\/option><option value=\"sedzere\">SEDZERE<\/option><option value=\"semeacq-blachon\">SEMEACQ-BLACHON<\/option><option value=\"serres-castet\">SERRES-CASTET<\/option><option value=\"serres-morlaas\">SERRES-MORLAAS<\/option><option value=\"sevignacq\">SEVIGNACQ<\/option><option value=\"simacourbe\">SIMACOURBE<\/option><option value=\"soumoulou\">SOUMOULOU<\/option><option value=\"tadousse-ussau\">TADOUSSE-USSAU<\/option><option value=\"taron-sadirac-viellenave\">TARON-SADIRAC-VIELLENAVE<\/option><option value=\"theze\">THEZE<\/option><option value=\"urost\">UROST<\/option><option value=\"uzan\">UZAN<\/option><option value=\"vialer\">VIALER<\/option><option value=\"vignes\">VIGNES<\/option><option value=\"viven\">VIVEN<\/option>\t\t\t\t\t\t\t<\/optgroup>\n\t\t\t\t\t\t\t\t\t\t\t\t\t<\/select>\n\n\t\t\t\t\t  <!-- input -->\n\t\t\t\t\t  <div class=\"select-auto__input-wrapper\">\n\t\t\t\t\t\t<input class=\"sc6-form-control js-autocomplete__input js-select-auto__input\" type=\"text\" id=\"autocomplete-input-id\" placeholder=\"Destino\" autocomplete=\"off\">\n\n\t\t\t\t\t\t<div class=\"select-auto__input-icon-wrapper\">\n\t\t\t\t\t\t  <!-- arrow sc6-icon -->\n\t\t\t\t\t\t  <svg class=\"sc6-icon\" viewBox=\"0 0 16 16\">\n\t\t\t\t\t\t\t<title>Open selection<\/title>\n\t\t\t\t\t\t\t<polyline points=\"1 5 8 12 15 5\" fill=\"none\" stroke=\"currentColor\" stroke-linecap=\"round\" stroke-linejoin=\"round\" stroke-width=\"2\" \/>\n\t\t\t\t\t\t  <\/svg>\n\n\t\t\t\t\t\t  <!-- close X sc6-icon -->\n\t\t\t\t\t\t  <button class=\"select-auto__input-btn js-select-auto__input-btn js-tab-focus\">\n\t\t\t\t\t\t\t<svg class=\"sc6-icon\" viewBox=\"0 0 16 16\">\n\t\t\t\t\t\t\t  <title>Reset selection<\/title>\n\t\t\t\t\t\t\t  <path d=\"M8,0a8,8,0,1,0,8,8A8,8,0,0,0,8,0Zm3.707,10.293a1,1,0,1,1-1.414,1.414L8,9.414,5.707,11.707a1,1,0,0,1-1.414-1.414L6.586,8,4.293,5.707A1,1,0,0,1,5.707,4.293L8,6.586l2.293-2.293a1,1,0,1,1,1.414,1.414L9.414,8Z\" \/>\n\t\t\t\t\t\t\t<\/svg>\n\t\t\t\t\t\t  <\/button>\n\t\t\t\t\t\t<\/div>\n\t\t\t\t\t  <\/div>\n\n\t\t\t\t\t  <!-- dropdown -->\n\t\t\t\t\t  <div class=\"autocomplete__results select-auto__results js-autocomplete__results\">\n\t\t\t\t\t\t<ul id=\"autocomplete1\" class=\"autocomplete__list js-autocomplete__list\">\n\t\t\t\t\t\t  <li class=\"select-auto__group-title sc6-padding-y-xs sc6-padding-x-sm sc6-color-contrast-medium autocomplete__item--is-hidden js-autocomplete__result\" data-autocomplete-template=\"optgroup\" role=\"presentation\">\n\t\t\t\t\t\t\t<span class=\"sc6-text-truncate\" data-autocomplete-label><\/span>\n\t\t\t\t\t\t  <\/li>\n\n\t\t\t\t\t\t  <li class=\"select-auto__option sc6-padding-y-xs sc6-padding-x-sm autocomplete__item--is-hidden js-autocomplete__result\" data-autocomplete-template=\"option\">\n\t\t\t\t\t\t\t<span class=\"sc6-hide\" data-autocomplete-value><\/span>\n\t\t\t\t\t\t\t<div class=\"sc6-text-truncate\" data-autocomplete-label><\/div>\n\t\t\t\t\t\t  <\/li>\n\n\t\t\t\t\t\t  <li class=\"select-auto__no-results-msg sc6-padding-y-xs sc6-padding-x-sm sc6-text-truncate autocomplete__item--is-hidden js-autocomplete__result\" data-autocomplete-template=\"no-results\" role=\"presentation\"><\/li>\n\t\t\t\t\t\t<\/ul>\n\t\t\t\t\t  <\/div>\n\t\t\t\t\t<\/div>\n\t\t\t\t\t\n\t\t\t\t\t<span class=\"userGeo\" data-form=\"list-searchform\"><\/span>\n\t\t\t\t\t\n\t\t\t\t\t<!-- City -- end -->\n\t\t\t\t\t\n\t\t\t\t\t\n\t\t\t\t\t\t\t\t\t\t\n\t\t\t\n\t\t\t\n\t\t\t<input type=\"hidden\" id=\"tis_date_from\" name=\"date_from\" value=\"\" \/>\n\t\t\t<input type=\"hidden\" id=\"tis_date_to\" name=\"date_to\" value=\"\" \/>\n\t\t\t\n\t\t\t\t\n\t\t\t\n\t\t\t\n\t\t\t\t\t\n\t\t\t\n\t\t\t\n\t\t\t<button role=\"button\" aria-pressed=\"false\" type=\"sumbit\" class=\"wp-block-button__link\" id=\"validate_form\">Buscar en<\/button>\n\t\t\t<!--<a href=\"#\" id=\"display-filters\" onclick=\"gtag('event','clic_filtre_listing',{'event_category':'Prospect','event_label':''});\">Filtros<\/a>-->\n\t\t\t\n\t\t\t\t\t\t\t<a href=\"#\" id=\"display-map\">Ver en el mapa<\/a>\n\t\t\t\t\t\t\n\t\t<\/div>\n\t\t\n\t\t<div id=\"form-filters\">\n\t\t\t<div id=\"form-filters-overlay\"><\/div>\n\t\t\t<div id=\"hidden-form-filters\">\n\t\t\t\t<div class=\"form-filters-content has-text-align-left\">\n\t\t\t\t\t<span class=\"dashicons dashicons-no-alt\" id=\"close-form-filters\"><\/span>\n\t\t\t\t\t<div class=\"h3 aligncenter\">Filtros<\/div>\n\t\t\t\t\t<hr \/>\n\t\t\t\t\t\n\t\t\t\t\t<!--<div class=\"h4\">Buscar por nombre<\/div>\n\t\t\t\t\t<div class=\"form-group\">\n\t\t\t\t\t\t<div class=\"form-input\">\n\t\t\t\t\t\t\t<input type=\"text\" name=\"tis_title\" value=\"\" placeholder=\"Nom de l'\u00e9tablissement\" \/>\n\t\t\t\t\t\t<\/div>\n\t\t\t\t\t\t<div class=\"form-input\">\n\t\t\t\t\t\t\t<button class=\"btn update_search\">Buscar en<\/button>\n\t\t\t\t\t\t<\/div>\n\t\t\t\t\t<\/div>-->\n\t\t\t\t\t\n\t\t\t\t\t\t\t\t\t\t\n\t\t\t\t\t\n\t\t\t\t\t\t\t\t\t\t\n\t\t\t\t\t\t\t\t\t\t\n\t\t\t\t\t\t\t\t\t\t\t\t\t<div class=\"h4\">Labels<\/div>\n\t\t\t\t\t\t\t<div class=\"form-group\">\n\t\t\t\t\t\t\t\t\t\t\t\t\t\t\t\t\t\t\t\t\t\t\t\t\t<div class=\"form-input \">\n\t\t\t\t\t\t\t\t\t\t<label class=\"checkbox-container\">\n\t\t\t\t\t\t\t\t\t\t\tBalade \u00e0 roulettes (BR\u00ae)\t\t\t\t\t\t\t\t\t\t\t<input type=\"checkbox\" class=\"update_search\" name=\"tis_label[]\" value=\"Balade \u00e0 roulettes (BR\u00ae)\"  \/> \n\t\t\t\t\t\t\t\t\t\t\t<span class=\"checkmark\"><\/span>\n\t\t\t\t\t\t\t\t\t\t<\/label>\n\t\t\t\t\t\t\t\t\t<\/div>\n\t\t\t\t\t\t\t\t\t\t\t\t\t\t\t\t\t\t\t\t\t\t\t\t\t\t\t\t\t\t\t\t\t\t\t<div class=\"form-input \">\n\t\t\t\t\t\t\t\t\t\t<label class=\"checkbox-container\">\n\t\t\t\t\t\t\t\t\t\t\tGR\u00ae homologu\u00e9 FFRandonn\u00e9e\t\t\t\t\t\t\t\t\t\t\t<input type=\"checkbox\" class=\"update_search\" name=\"tis_label[]\" value=\"GR\u00ae homologu\u00e9 FFRandonn\u00e9e\"  \/> \n\t\t\t\t\t\t\t\t\t\t\t<span class=\"checkmark\"><\/span>\n\t\t\t\t\t\t\t\t\t\t<\/label>\n\t\t\t\t\t\t\t\t\t<\/div>\n\t\t\t\t\t\t\t\t\t\t\t\t\t\t\t\t\t\t\t\t\t\t\t\t\t\t\t\t\t\t\t\t\t\t\t<div class=\"form-input \">\n\t\t\t\t\t\t\t\t\t\t<label class=\"checkbox-container\">\n\t\t\t\t\t\t\t\t\t\t\tFFCT\t\t\t\t\t\t\t\t\t\t\t<input type=\"checkbox\" class=\"update_search\" name=\"tis_label[]\" value=\"FFCT\"  \/> \n\t\t\t\t\t\t\t\t\t\t\t<span class=\"checkmark\"><\/span>\n\t\t\t\t\t\t\t\t\t\t<\/label>\n\t\t\t\t\t\t\t\t\t<\/div>\n\t\t\t\t\t\t\t\t\t\t\t\t\t\t\t\t\t\t\t\t\t\t\t\t\t\t\t\t\t\t\t\t\t\t\t<div class=\"form-input \">\n\t\t\t\t\t\t\t\t\t\t<label class=\"checkbox-container\">\n\t\t\t\t\t\t\t\t\t\t\tPR labellis\u00e9 FFRandonn\u00e9e\t\t\t\t\t\t\t\t\t\t\t<input type=\"checkbox\" class=\"update_search\" name=\"tis_label[]\" value=\"PR labellis\u00e9 FFRandonn\u00e9e\"  \/> \n\t\t\t\t\t\t\t\t\t\t\t<span class=\"checkmark\"><\/span>\n\t\t\t\t\t\t\t\t\t\t<\/label>\n\t\t\t\t\t\t\t\t\t<\/div>\n\t\t\t\t\t\t\t\t\t\t\t\t\t\t\t\t\t\t\t\t\t\t\t\t\t\t<span class=\"display-more\">Mostrar m\u00e1s<\/span>\n\t\t\t\t\t\t\t<\/div>\n\t\t\t\t\t\t\t\n\n\t\t\t\t\t\t<div class=\"h4\">Servicios<\/div>\n\t\t\t\t\t\t<div class=\"form-group\" id=\"services\">\n\t\t\t\t\t\t\t\t\t\t\t\t\t\t<div class=\"form-input\" id=\"checkbox-animaux\">\n\t\t\t\t\t\t\t\t<label class=\"checkbox-container\" for=\"tis_animaux\">\n\t\t\t\t\t\t\t\t\tSe admiten mascotas\t\t\t\t\t\t\t\t\t<input type=\"checkbox\" class=\"update_search\" name=\"tis_animaux\" id=\"tis_animaux\" value=\"1\"  \/>\n\t\t\t\t\t\t\t\t\t<span class=\"checkmark\"><\/span>\n\t\t\t\t\t\t\t\t<\/label>\n\t\t\t\t\t\t\t<\/div>\n\t\t\t\t\t\t\t\t\t\t\t\t\t\t<div class=\"form-input\" id=\"checkbox-handi\">\n\t\t\t\t\t\t\t\t<label class=\"checkbox-container\" for=\"tis_acceshandi\">\n\t\t\t\t\t\t\t\t\tAccesible en silla de ruedas\t\t\t\t\t\t\t\t\t<input type=\"checkbox\" class=\"update_search\" name=\"tis_acceshandi\" id=\"tis_acceshandi\"  value=\"1\" \/> \n\t\t\t\t\t\t\t\t\t<span class=\"checkmark\"><\/span>\n\t\t\t\t\t\t\t\t<\/label>\n\t\t\t\t\t\t\t<\/div>\n\t\t\t\t\t\t\t\t\t\t\t\t\t\t\t\t\t\t\t\t\t\n\t\t\t\t\t\t\t\t\t\t\t\t\t\t\t\t\t\t\t\t\t\n\t\t\t\t\t\t\t\t\t\t\t\t\t<\/div>\n\t\t\t\t\t\t\n\t\t\t\t\t\t\t\n\t\t\t\t\t\t\n\t\t\t\t\t\t\t\t\t\t\t\t\t\t\t\t\t\t\t\t\t<div class=\"h4\">Distancia<\/div>\n\t\t\t\t\t\t\t\t<div class=\"form-group\">\n\t\t\t\t\t\t\t\t\t<div class=\"form-input\">\n\t\t\t\t\t\t\t\t\t\t<select name=\"tis_itidistance\" class=\"update_search\" id=\"tis_itidistance\">\n\t\t\t\t\t\t\t\t\t\t\t<option value=\"\">Distancia<\/option>\t\t\t\t\t\t\n\t\t\t\t\t\t\t\t\t\t\t\t\t\t\t\t\t\t\t\t\t\t\t<option value=\"0-10\" >0-10km<\/option>\n\t\t\t\t\t\t\t\t\t\t\t\t\t\t\t\t\t\t\t\t\t\t\t<option value=\"10-20\" >10-20km<\/option>\n\t\t\t\t\t\t\t\t\t\t\t\t\t\t\t\t\t\t\t\t\t\t\t<option value=\"20-30\" >20-30km<\/option>\n\t\t\t\t\t\t\t\t\t\t\t\t\t\t\t\t\t\t\t\t\t\t\t<option value=\"30-999\" >+ de 30km<\/option>\n\t\t\t\t\t\t\t\t\t\t\t\t\t\t\t\t\t\t\t\t\t<\/select>\n\t\t\t\t\t\t\t\t\t<\/div>\t\t\n\t\t\t\t\t\t\t\t<\/div>\t\t\n\t\t\t\t\t\t\t\t\n\t\t\t\t\t\t\t\n\t\t\t\t\t\t\t\t\t\t\t\t\t\t\t<div class=\"h4\">Tema<\/div>\n\t\t\t\t\t\t\t\t<div class=\"form-group\">\n\t\t\t\t\t\t\t\t\t\t\t\t\t\t\t\t\t\t\t\t\t\t\t\t\t\t<div class=\"form-input \">\n\t\t\t\t\t\t\t\t\t\t<label class=\"checkbox-container\">\n\t\t\t\t\t\t\t\t\t\t\tNature (faune, flore)\t\t\t\t\t\t\t\t\t\t\t<input type=\"checkbox\" class=\"update_search\" name=\"tis_theme[]\" value=\"Nature (faune, flore)\"  \/> \n\t\t\t\t\t\t\t\t\t\t\t<span class=\"checkmark\"><\/span>\n\t\t\t\t\t\t\t\t\t\t<\/label>\n\t\t\t\t\t\t\t\t\t<\/div>\n\t\t\t\t\t\t\t\t\t\t\t\t\t\t\t\t\t\t\t\t\t\t\t\t\t\t\t\t\t\t\t\t\t\t\t<div class=\"form-input \">\n\t\t\t\t\t\t\t\t\t\t<label class=\"checkbox-container\">\n\t\t\t\t\t\t\t\t\t\t\tCulturel\t\t\t\t\t\t\t\t\t\t\t<input type=\"checkbox\" class=\"update_search\" name=\"tis_theme[]\" value=\"Culturel\"  \/> \n\t\t\t\t\t\t\t\t\t\t\t<span class=\"checkmark\"><\/span>\n\t\t\t\t\t\t\t\t\t\t<\/label>\n\t\t\t\t\t\t\t\t\t<\/div>\n\t\t\t\t\t\t\t\t\t\t\t\t\t\t\t\t\t\t\t\t\t\t\t\t\t\t\t\t\t\t\t\t\t\t\t<div class=\"form-input \">\n\t\t\t\t\t\t\t\t\t\t<label class=\"checkbox-container\">\n\t\t\t\t\t\t\t\t\t\t\tCompostelle\t\t\t\t\t\t\t\t\t\t\t<input type=\"checkbox\" class=\"update_search\" name=\"tis_theme[]\" value=\"Compostelle\"  \/> \n\t\t\t\t\t\t\t\t\t\t\t<span class=\"checkmark\"><\/span>\n\t\t\t\t\t\t\t\t\t\t<\/label>\n\t\t\t\t\t\t\t\t\t<\/div>\n\t\t\t\t\t\t\t\t\t\t\t\t\t\t\t\t\t\t\t\t\t\t\t\t\t\t\t\t\t\t\t\t\t\t\t<div class=\"form-input \">\n\t\t\t\t\t\t\t\t\t\t<label class=\"checkbox-container\">\n\t\t\t\t\t\t\t\t\t\t\tOenologique\t\t\t\t\t\t\t\t\t\t\t<input type=\"checkbox\" class=\"update_search\" name=\"tis_theme[]\" value=\"Oenologique\"  \/> \n\t\t\t\t\t\t\t\t\t\t\t<span class=\"checkmark\"><\/span>\n\t\t\t\t\t\t\t\t\t\t<\/label>\n\t\t\t\t\t\t\t\t\t<\/div>\n\t\t\t\t\t\t\t\t\t\t\t\t\t\t\t\t\t\t\t\t\t\t\t\t\t\t\t\t\t\t\t\t\t\t\t<div class=\"form-input \">\n\t\t\t\t\t\t\t\t\t\t<label class=\"checkbox-container\">\n\t\t\t\t\t\t\t\t\t\t\tHistorique\t\t\t\t\t\t\t\t\t\t\t<input type=\"checkbox\" class=\"update_search\" name=\"tis_theme[]\" value=\"Historique\"  \/> \n\t\t\t\t\t\t\t\t\t\t\t<span class=\"checkmark\"><\/span>\n\t\t\t\t\t\t\t\t\t\t<\/label>\n\t\t\t\t\t\t\t\t\t<\/div>\n\t\t\t\t\t\t\t\t\t\t\t\t\t\t\t\t\t\t\t\t\t\t\t\t\t\t\t\t\t\t\t\t\t\t\t<div class=\"form-input \">\n\t\t\t\t\t\t\t\t\t\t<label class=\"checkbox-container\">\n\t\t\t\t\t\t\t\t\t\t\tInsolite\t\t\t\t\t\t\t\t\t\t\t<input type=\"checkbox\" class=\"update_search\" name=\"tis_theme[]\" value=\"Insolite\"  \/> \n\t\t\t\t\t\t\t\t\t\t\t<span class=\"checkmark\"><\/span>\n\t\t\t\t\t\t\t\t\t\t<\/label>\n\t\t\t\t\t\t\t\t\t<\/div>\n\t\t\t\t\t\t\t\t\t\t\t\t\t\t\t\t\t\t\t\t\t\t\t\t\t\t\t\t\t\t\t\t\t\t\t<div class=\"form-input \">\n\t\t\t\t\t\t\t\t\t\t<label class=\"checkbox-container\">\n\t\t\t\t\t\t\t\t\t\t\tReligieux\t\t\t\t\t\t\t\t\t\t\t<input type=\"checkbox\" class=\"update_search\" name=\"tis_theme[]\" value=\"Religieux\"  \/> \n\t\t\t\t\t\t\t\t\t\t\t<span class=\"checkmark\"><\/span>\n\t\t\t\t\t\t\t\t\t\t<\/label>\n\t\t\t\t\t\t\t\t\t<\/div>\n\t\t\t\t\t\t\t\t\t\t\t\t\t\t\t\t\t\t\t\t\t\t\t\t\t\t\t\t\t\t\t\t\t\t\t<div class=\"form-input \">\n\t\t\t\t\t\t\t\t\t\t<label class=\"checkbox-container\">\n\t\t\t\t\t\t\t\t\t\t\tGastronomique\t\t\t\t\t\t\t\t\t\t\t<input type=\"checkbox\" class=\"update_search\" name=\"tis_theme[]\" value=\"Gastronomique\"  \/> \n\t\t\t\t\t\t\t\t\t\t\t<span class=\"checkmark\"><\/span>\n\t\t\t\t\t\t\t\t\t\t<\/label>\n\t\t\t\t\t\t\t\t\t<\/div>\n\t\t\t\t\t\t\t\t\t\t\t\t\t\t\t\t\t\t\t\t\t\t\t\t\t\t<span class=\"display-more\">Mostrar m\u00e1s<\/span>\n\t\t\t\t\t\t\t\t<\/div>\n\t\t\t\t\t\t\t\t\n\t\t\t\t\t\t\t\n\t\t\t\t\t\t\t\t\t\t\t\t\t\t\t<div class=\"h4\">Tipolog\u00eda de rutas<\/div>\n\t\t\t\t\t\t\t\t<div class=\"form-group\">\n\t\t\t\t\t\t\t\t\t\t\t\t\t\t\t\t\t\t\t\t\t\t\t\t\t\t<div class=\"form-input \">\n\t\t\t\t\t\t\t\t\t\t<label class=\"checkbox-container\">\n\t\t\t\t\t\t\t\t\t\t\tBoucle\t\t\t\t\t\t\t\t\t\t\t<input type=\"checkbox\" class=\"update_search\" name=\"tis_typoiti[]\" value=\"Boucle\"  \/>\n\t\t\t\t\t\t\t\t\t\t\t<span class=\"checkmark\"><\/span>\n\t\t\t\t\t\t\t\t\t\t<\/label>\n\t\t\t\t\t\t\t\t\t<\/div>\n\t\t\t\t\t\t\t\t\t\t\t\t\t\t\t\t\t\t\t\t\t\t\t\t\t\t\t\t\t\t\t\t\t\t\t<div class=\"form-input \">\n\t\t\t\t\t\t\t\t\t\t<label class=\"checkbox-container\">\n\t\t\t\t\t\t\t\t\t\t\tAller (itin\u00e9raire lin\u00e9aire)\t\t\t\t\t\t\t\t\t\t\t<input type=\"checkbox\" class=\"update_search\" name=\"tis_typoiti[]\" value=\"Aller (itin\u00e9raire lin\u00e9aire)\"  \/>\n\t\t\t\t\t\t\t\t\t\t\t<span class=\"checkmark\"><\/span>\n\t\t\t\t\t\t\t\t\t\t<\/label>\n\t\t\t\t\t\t\t\t\t<\/div>\n\t\t\t\t\t\t\t\t\t\t\t\t\t\t\t\t\t\t\t\t\t\t\t\t\t\t\t\t\t\t\t\t\t\t\t<div class=\"form-input \">\n\t\t\t\t\t\t\t\t\t\t<label class=\"checkbox-container\">\n\t\t\t\t\t\t\t\t\t\t\tItin\u00e9raire empruntant un GR\u00ae\t\t\t\t\t\t\t\t\t\t\t<input type=\"checkbox\" class=\"update_search\" name=\"tis_typoiti[]\" value=\"Itin\u00e9raire empruntant un GR\u00ae\"  \/>\n\t\t\t\t\t\t\t\t\t\t\t<span class=\"checkmark\"><\/span>\n\t\t\t\t\t\t\t\t\t\t<\/label>\n\t\t\t\t\t\t\t\t\t<\/div>\n\t\t\t\t\t\t\t\t\t\t\t\t\t\t\t\t\t\t\t\t\t\t\t\t\t\t\t\t\t\t\t\t\t\t\t<div class=\"form-input \">\n\t\t\t\t\t\t\t\t\t\t<label class=\"checkbox-container\">\n\t\t\t\t\t\t\t\t\t\t\tItin\u00e9raire empruntant une V\u00e9loroute\t\t\t\t\t\t\t\t\t\t\t<input type=\"checkbox\" class=\"update_search\" name=\"tis_typoiti[]\" value=\"Itin\u00e9raire empruntant une V\u00e9loroute\"  \/>\n\t\t\t\t\t\t\t\t\t\t\t<span class=\"checkmark\"><\/span>\n\t\t\t\t\t\t\t\t\t\t<\/label>\n\t\t\t\t\t\t\t\t\t<\/div>\n\t\t\t\t\t\t\t\t\t\t\t\t\t\t\t\t\t\t\t\t\t\t\t\t\t\t\t\t\t\t\t\t\t\t\t<div class=\"form-input \">\n\t\t\t\t\t\t\t\t\t\t<label class=\"checkbox-container\">\n\t\t\t\t\t\t\t\t\t\t\tSentier d&#8217;interpr\u00e9tation\t\t\t\t\t\t\t\t\t\t\t<input type=\"checkbox\" class=\"update_search\" name=\"tis_typoiti[]\" value=\"Sentier d'interpr\u00e9tation\"  \/>\n\t\t\t\t\t\t\t\t\t\t\t<span class=\"checkmark\"><\/span>\n\t\t\t\t\t\t\t\t\t\t<\/label>\n\t\t\t\t\t\t\t\t\t<\/div>\n\t\t\t\t\t\t\t\t\t\t\t\t\t\t\t\t\t\t\t\t\t\t\t\t\t\t\t\t\t\t\t\t\t\t\t<div class=\"form-input \">\n\t\t\t\t\t\t\t\t\t\t<label class=\"checkbox-container\">\n\t\t\t\t\t\t\t\t\t\t\tAller-retour\t\t\t\t\t\t\t\t\t\t\t<input type=\"checkbox\" class=\"update_search\" name=\"tis_typoiti[]\" value=\"Aller-retour\"  \/>\n\t\t\t\t\t\t\t\t\t\t\t<span class=\"checkmark\"><\/span>\n\t\t\t\t\t\t\t\t\t\t<\/label>\n\t\t\t\t\t\t\t\t\t<\/div>\n\t\t\t\t\t\t\t\t\t\t\t\t\t\t\t\t\t\t\t\t\t\t\t\t\t\t\t\t\t\t\t\t\t\t\t<div class=\"form-input \">\n\t\t\t\t\t\t\t\t\t\t<label class=\"checkbox-container\">\n\t\t\t\t\t\t\t\t\t\t\tItin\u00e9raire empruntant une Route \u00e9questre\t\t\t\t\t\t\t\t\t\t\t<input type=\"checkbox\" class=\"update_search\" name=\"tis_typoiti[]\" value=\"Itin\u00e9raire empruntant une Route \u00e9questre\"  \/>\n\t\t\t\t\t\t\t\t\t\t\t<span class=\"checkmark\"><\/span>\n\t\t\t\t\t\t\t\t\t\t<\/label>\n\t\t\t\t\t\t\t\t\t<\/div>\n\t\t\t\t\t\t\t\t\t\t\t\t\t\t\t\t\t\t\t\t\t\t\t\t\t\t<span class=\"display-more\">Mostrar m\u00e1s<\/span>\n\t\t\t\t\t\t\t\t<\/div>\n\t\t\t\t\t\t\t\t\n\t\t\t\t\t\t\t\n\t\t\t\t\t\t\t\t\t\t\t\t\t\t\t<div class=\"h4\">P\u00fablico<\/div>\n\t\t\t\t\t\t\t\t<div class=\"form-group\">\n\t\t\t\t\t\t\t\t\t\t\t\t\t\t\t\t\t\t\t\t\t\t\t\t\t\t<div class=\"form-input \">\n\t\t\t\t\t\t\t\t\t\t<label class=\"checkbox-container\">\n\t\t\t\t\t\t\t\t\t\t\tFamille\t\t\t\t\t\t\t\t\t\t\t<input type=\"checkbox\" class=\"update_search\" name=\"tis_publiciti[]\" value=\"Famille\"  \/>\n\t\t\t\t\t\t\t\t\t\t\t<span class=\"checkmark\"><\/span>\n\t\t\t\t\t\t\t\t\t\t<\/label>\n\t\t\t\t\t\t\t\t\t<\/div>\n\t\t\t\t\t\t\t\t\t\t\t\t\t\t\t\t\t\t\t\t\t\t\t\t\t\t\t\t\t\t\t\t\t\t\t<div class=\"form-input \">\n\t\t\t\t\t\t\t\t\t\t<label class=\"checkbox-container\">\n\t\t\t\t\t\t\t\t\t\t\tPersonnes \u00e0 mobilit\u00e9 r\u00e9duite\t\t\t\t\t\t\t\t\t\t\t<input type=\"checkbox\" class=\"update_search\" name=\"tis_publiciti[]\" value=\"Personnes \u00e0 mobilit\u00e9 r\u00e9duite\"  \/>\n\t\t\t\t\t\t\t\t\t\t\t<span class=\"checkmark\"><\/span>\n\t\t\t\t\t\t\t\t\t\t<\/label>\n\t\t\t\t\t\t\t\t\t<\/div>\n\t\t\t\t\t\t\t\t\t\t\t\t\t\t\t\t\t\t\t\t\t\t\t\t\t\t\t\t\t\t\t\t\t\t\t<div class=\"form-input \">\n\t\t\t\t\t\t\t\t\t\t<label class=\"checkbox-container\">\n\t\t\t\t\t\t\t\t\t\t\tTous publics\t\t\t\t\t\t\t\t\t\t\t<input type=\"checkbox\" class=\"update_search\" name=\"tis_publiciti[]\" value=\"Tous publics\"  \/>\n\t\t\t\t\t\t\t\t\t\t\t<span class=\"checkmark\"><\/span>\n\t\t\t\t\t\t\t\t\t\t<\/label>\n\t\t\t\t\t\t\t\t\t<\/div>\n\t\t\t\t\t\t\t\t\t\t\t\t\t\t\t\t\t\t\t\t\t\t\t\t\t\t\t\t\t\t\t\t\t\t\t<div class=\"form-input \">\n\t\t\t\t\t\t\t\t\t\t<label class=\"checkbox-container\">\n\t\t\t\t\t\t\t\t\t\t\tSportifs\t\t\t\t\t\t\t\t\t\t\t<input type=\"checkbox\" class=\"update_search\" name=\"tis_publiciti[]\" value=\"Sportifs\"  \/>\n\t\t\t\t\t\t\t\t\t\t\t<span class=\"checkmark\"><\/span>\n\t\t\t\t\t\t\t\t\t\t<\/label>\n\t\t\t\t\t\t\t\t\t<\/div>\n\t\t\t\t\t\t\t\t\t\t\t\t\t\t\t\t\t\t\t\t\t\t\t\t\t\t\t\t\t\t\t\t\t\t\t<div class=\"form-input \">\n\t\t\t\t\t\t\t\t\t\t<label class=\"checkbox-container\">\n\t\t\t\t\t\t\t\t\t\t\tFamille avec poussette\t\t\t\t\t\t\t\t\t\t\t<input type=\"checkbox\" class=\"update_search\" name=\"tis_publiciti[]\" value=\"Famille avec poussette\"  \/>\n\t\t\t\t\t\t\t\t\t\t\t<span class=\"checkmark\"><\/span>\n\t\t\t\t\t\t\t\t\t\t<\/label>\n\t\t\t\t\t\t\t\t\t<\/div>\n\t\t\t\t\t\t\t\t\t\t\t\t\t\t\t\t\t\t\t\t\t\t\t\t\t\t<span class=\"display-more\">Mostrar m\u00e1s<\/span>\n\t\t\t\t\t\t\t\t<\/div>\n\t\t\t\t\t\t\t\t\t\t\t\t\t\t\n\t\t\t\t\t\t<!--\t<div class=\"h4\">Tipo<\/div>\n\t\t\t\t\t\t\t<div class=\"form-group\">\n\t\t\t\t\t\t\t\t<div class=\"form-input\">\n\t\t\t\t\t\t\t\t\t<select name=\"tis_type\" class=\"update_search\" id=\"tis_type\" data-type=\"\">\n\t\t\t\t\t\t\t\t\t\t<option value=\"\">Type<\/option>\t\t\t\t\t\t\n\t\t\t\t\t\t\t\t\t\t\t\t\t\t\t\t\t\t\t\t\t<option value=\"Equestre\" >Equestre<\/option>\n\t\t\t\t\t\t\t\t\t\t\t\t\t\t\t\t\t\t\t\t\t<option value=\"Itin\u00e9raire adapt\u00e9\" >Itin\u00e9raire adapt\u00e9<\/option>\n\t\t\t\t\t\t\t\t\t\t\t\t\t\t\t\t\t\t\t\t\t<option value=\"P\u00e9destre\" >P\u00e9destre<\/option>\n\t\t\t\t\t\t\t\t\t\t\t\t\t\t\t\t\t\t\t\t\t<option value=\"VTT\" >VTT<\/option>\n\t\t\t\t\t\t\t\t\t\t\t\t\t\t\t\t\t\t\t\t\t<option value=\"VAE\" >VAE<\/option>\n\t\t\t\t\t\t\t\t\t\t\t\t\t\t\t\t\t\t\t\t\t<option value=\"V\u00e9lo\" >V\u00e9lo<\/option>\n\t\t\t\t\t\t\t\t\t\t\t\t\t\t\t\t\t\t\t<\/select>\n\t\t\t\t\t\t\t\t<\/div>\n\t\t\t\t\t\t\t<\/div>-->\n\t\t\t\t\t\t\t\n\t\t\t\t\t\t\n\t\t\t\t\t\t\t\t\t\t\t\n\t\t\t\t\t\t\t\t\t\t\n\t\t\t\t\t\n\t\t\t\t\n\t\t\t\t\t\t\n\t\t\t\t\t\t\t\t\t\t\n\t\t\t\t\t<div class=\"wp-block-buttons\">\n\t\t\t\t\t\t\t\t\t\t\t\t\t<button role=\"button\" aria-pressed=\"false\" type=\"sumbit\" class=\"wp-block-button__link\">Mostrar resultados<\/button>\n\t\t\t\t\t\t\t\t\t\t\t<\/div>\n\t\t\t\t<\/div>\n\t\t\t<\/div>\n\t\t<\/div>\n\t\t\n\t<\/form>\n<\/div>\t\t\t<\/div>\n\t<\/div>\n\n<div id=\"tourinsoft-list\" class=\"py wp-block-group alignfull has-light-grey-background-color has-background\">\n\t<div class=\"tourinsoft-map-container\">\n\t\t<div id=\"tourinsoft-result-list\">\n\t\t\t\t\t\t<div id=\"tourinsoft-result-header\">\n\t\t\t\t<div id=\"tourinsoft-result-title\">\n\t\t\t\t\t\t\t\t\t\t\t<h3>Itin\u00e9raires<\/h3>\n\t\t\t\t\t\t\t\t\t\t \/ <span id=\"tourinsoft-nb-results\"><span id=\"nb_results\">157<\/span> resultado(s)<\/span>\t\t\t\t<\/div>\n\t\t\t\t\n\t\t\t\t\n\t\t\t\t\t\t\t\t\n\t\t\t\t<!--<a href=\"#\" id=\"display-filters\" onclick=\"gtag('event','clic_filtre_listing',{'event_category':'Prospect','event_label':''});\">-->\n\t\t\t\t\t\t\t\t<div class=\"filters-container\">\n\t\t\t\t\t<a href=\"#\" id=\"display-filters\">\n\t\t\t\t\t\tFiltros\t\t\t\t\t\t<span id=\"nb_filters\">0<\/span>\n\t\t\t\t\t<\/a>\n\t\t\t\t\t\t\t\t\t\t\t<div id=\"filter-title\">\n\t\t\t\t\t\t\t<input type=\"search\" form=\"list-searchform\" name=\"tis_title\" value=\"\" placeholder=\"Denominaci\u00f3n de la oferta\" \/>\n\t\t\t\t\t\t\t<button type=\"submit\" form=\"list-searchform\"><img decoding=\"async\" src=\"https:\/\/www.bearnmadiran-tourisme.fr\/wp-content\/plugins\/tourinsoft-syndication\/assets\/images\/icon-search.svg\" alt=\"Buscar en\" title=\"Buscar en\" \/><\/button>\n\t\t\t\t\t\t<\/div>\n\t\t\t\t\t\t\t\t\t\t\t\n\t\t\t\t\t<div class=\"wp-block-buttons wp-block-buttons-is-layout-flex filters-list\">\n\t\t\t\t\t\t\t\t\t\t<\/div>\n\t\t\t\t<\/div>\t\n\t\t\t\t\t\t\t<\/div>\n\t\t\t\t\t\t<div id=\"tourinsoft-result-container\" data-nb_results=\"6\">\n\t\t\t\n\t\t\t\t\t\t\t\t<div id=\"js-marker-result\" class=\"grid-mode\" >\n\t\t\t\t\t\n\t\t\t\t\t\t\t\t\t<\/div>\n\t\t\t<\/div>\n\t\t<\/div>\n\t\t<div id=\"tourinsoft-map\"  data-marker=\"https:\/\/www.bearnmadiran-tourisme.fr\/wp-content\/plugins\/tourinsoft-syndication\/assets\/images\/map-marker.png\" data-lat=\"43.29510117\" data-lng=\"-0.37079701\" data-zoom=\"10\"><\/div>\n\t<\/div>\n<\/div>\n\n\n<div style=\"height:50px\" aria-hidden=\"true\" class=\"wp-block-spacer\"><\/div>\n\n<\/div>\n","protected":false},"excerpt":{"rendered":"","protected":false},"author":1,"featured_media":0,"parent":0,"menu_order":0,"comment_status":"closed","ping_status":"closed","template":"","meta":{"_acf_changed":false,"_seopress_titles_title":"","_seopress_titles_desc":"","_seopress_robots_index":"","_seopress_robots_follow":"","_seopress_robots_imageindex":"","_seopress_robots_snippet":"","_seopress_robots_primary_cat":"","_seopress_robots_breadcrumbs":"","_seopress_robots_freeze_modified_date":"","_seopress_robots_custom_modified_date":"","_seopress_robots_canonical":"","_seopress_social_fb_title":"","_seopress_social_fb_desc":"","_seopress_social_fb_img":"","_seopress_social_fb_img_attachment_id":0,"_seopress_social_fb_img_width":0,"_seopress_social_fb_img_height":0,"_seopress_social_twitter_title":"","_seopress_social_twitter_desc":"","_seopress_social_twitter_img":"","_seopress_social_twitter_img_attachment_id":0,"_seopress_social_twitter_img_width":0,"_seopress_social_twitter_img_height":0,"_seopress_redirections_value":"","_seopress_redirections_enabled":"","_seopress_redirections_enabled_regex":"","_seopress_redirections_logged_status":"ambos","_seopress_redirections_param":"","_seopress_redirections_type":301,"_seopress_analysis_target_kw":"","_seopress_news_disabled":"","_seopress_video_disabled":"","_seopress_video":[],"_seopress_pro_schemas_manual":[],"_seopress_pro_rich_snippets_disable_all":"","_seopress_pro_rich_snippets_disable":[],"_seopress_pro_schemas":[],"pgc_sgb_lightbox_settings":"","footnotes":""},"class_list":["post-11044","page","type-page","status-publish","hentry"],"acf":[],"_links":{"self":[{"href":"https:\/\/www.bearnmadiran-tourisme.fr\/es\/wp-json\/wp\/v2\/pages\/11044","targetHints":{"allow":["GET"]}}],"collection":[{"href":"https:\/\/www.bearnmadiran-tourisme.fr\/es\/wp-json\/wp\/v2\/pages"}],"about":[{"href":"https:\/\/www.bearnmadiran-tourisme.fr\/es\/wp-json\/wp\/v2\/types\/page"}],"author":[{"embeddable":true,"href":"https:\/\/www.bearnmadiran-tourisme.fr\/es\/wp-json\/wp\/v2\/users\/1"}],"replies":[{"embeddable":true,"href":"https:\/\/www.bearnmadiran-tourisme.fr\/es\/wp-json\/wp\/v2\/comments?post=11044"}],"version-history":[{"count":1,"href":"https:\/\/www.bearnmadiran-tourisme.fr\/es\/wp-json\/wp\/v2\/pages\/11044\/revisions"}],"predecessor-version":[{"id":11045,"href":"https:\/\/www.bearnmadiran-tourisme.fr\/es\/wp-json\/wp\/v2\/pages\/11044\/revisions\/11045"}],"wp:attachment":[{"href":"https:\/\/www.bearnmadiran-tourisme.fr\/es\/wp-json\/wp\/v2\/media?parent=11044"}],"curies":[{"name":"wp","href":"https:\/\/api.w.org\/{rel}","templated":true}]}}